{"id":1554,"date":"2021-08-16T12:54:48","date_gmt":"2021-08-16T10:54:48","guid":{"rendered":"https:\/\/tourismus-grossregion.eu\/fr\/gutenbergstadt-mainz\/"},"modified":"2021-11-26T13:34:16","modified_gmt":"2021-11-26T12:34:16","slug":"mayence-ville-de-gutenberg","status":"publish","type":"page","link":"https:\/\/tourismus-grossregion.eu\/fr\/mayence-ville-de-gutenberg\/","title":{"rendered":"Story: Rh\u00e9nanie-Palatinat: Mayence \u2013 Ville de Gutenberg"},"content":{"rendered":"","protected":false},"excerpt":{"rendered":"","protected":false},"author":17,"featured_media":1527,"parent":0,"menu_order":0,"comment_status":"closed","ping_status":"closed","template":"","meta":[],"yoast_head":"<!-- This site is optimized with the Yoast SEO plugin v16.9 - https:\/\/yoast.com\/wordpress\/plugins\/seo\/ -->\n<meta name=\"description\" content=\"2000 Jahre voller Geschichte pr\u00e4gen das Bild von Mainz, doch kein anderer B\u00fcrger hat das Verm\u00e4chtnis der Stadt so sehr gepr\u00e4gt wie Johannes Gutenberg.\" \/>\n<meta name=\"robots\" content=\"index, follow, max-snippet:-1, max-image-preview:large, max-video-preview:-1\" \/>\n<link rel=\"canonical\" href=\"https:\/\/tourismus-grossregion.eu\/fr\/mayence-ville-de-gutenberg\/\" \/>\n<meta property=\"og:locale\" content=\"fr_FR\" \/>\n<meta property=\"og:type\" content=\"article\" \/>\n<meta property=\"og:title\" content=\"Story: Rh\u00e9nanie-Palatinat: Mayence \u2013 Ville de Gutenberg - Tourisme Grande R\u00e9gion\" \/>\n<meta property=\"og:description\" content=\"2000 Jahre voller Geschichte pr\u00e4gen das Bild von Mainz, doch kein anderer B\u00fcrger hat das Verm\u00e4chtnis der Stadt so sehr gepr\u00e4gt wie Johannes Gutenberg.\" \/>\n<meta property=\"og:url\" content=\"https:\/\/tourismus-grossregion.eu\/fr\/mayence-ville-de-gutenberg\/\" \/>\n<meta property=\"og:site_name\" content=\"Tourisme Grande R\u00e9gion\" \/>\n<meta property=\"article:modified_time\" content=\"2021-11-26T12:34:16+00:00\" \/>\n<meta property=\"og:image\" content=\"https:\/\/tourismus-grossregion.eu\/fr\/wp-content\/uploads\/sites\/3\/2021\/08\/RLP_Rheinhessen_Gutenberg_1516026698_Ketz_Header.jpg\" \/>\n\t<meta property=\"og:image:width\" content=\"1920\" \/>\n\t<meta property=\"og:image:height\" content=\"1280\" \/>\n<meta name=\"twitter:card\" content=\"summary_large_image\" \/>\n<script type=\"application\/ld+json\" class=\"yoast-schema-graph\">{\"@context\":\"https:\/\/schema.org\",\"@graph\":[{\"@type\":\"WebSite\",\"@id\":\"https:\/\/tourismus-grossregion.eu\/fr\/#website\",\"url\":\"https:\/\/tourismus-grossregion.eu\/fr\/\",\"name\":\"Tourisme Grande R\\u00e9gion\",\"description\":\"Tourisme Grande R\\u00e9gion\",\"potentialAction\":[{\"@type\":\"SearchAction\",\"target\":{\"@type\":\"EntryPoint\",\"urlTemplate\":\"https:\/\/tourismus-grossregion.eu\/fr\/?s={search_term_string}\"},\"query-input\":\"required name=search_term_string\"}],\"inLanguage\":\"fr-FR\"},{\"@type\":\"ImageObject\",\"@id\":\"https:\/\/tourismus-grossregion.eu\/fr\/mayence-ville-de-gutenberg\/#primaryimage\",\"inLanguage\":\"fr-FR\",\"url\":\"https:\/\/tourismus-grossregion.eu\/fr\/wp-content\/uploads\/sites\/3\/2021\/08\/RLP_Rheinhessen_Gutenberg_1516026698_Ketz_Header.jpg\",\"contentUrl\":\"https:\/\/tourismus-grossregion.eu\/fr\/wp-content\/uploads\/sites\/3\/2021\/08\/RLP_Rheinhessen_Gutenberg_1516026698_Ketz_Header.jpg\",\"width\":1920,\"height\":1280,\"caption\":\"Le mus\\u00e9e Gutenberg est l'un des plus anciens mus\\u00e9es de l'imprimerie et de la typographie au monde. Les \\u00e9ditions de la Bible de Gutenberg font partie des principales attractions du mus\\u00e9e, Rheinhessen\"},{\"@type\":\"WebPage\",\"@id\":\"https:\/\/tourismus-grossregion.eu\/fr\/mayence-ville-de-gutenberg\/#webpage\",\"url\":\"https:\/\/tourismus-grossregion.eu\/fr\/mayence-ville-de-gutenberg\/\",\"name\":\"Story: Rh\\u00e9nanie-Palatinat: Mayence \\u2013 Ville de Gutenberg - Tourisme Grande R\\u00e9gion\",\"isPartOf\":{\"@id\":\"https:\/\/tourismus-grossregion.eu\/fr\/#website\"},\"primaryImageOfPage\":{\"@id\":\"https:\/\/tourismus-grossregion.eu\/fr\/mayence-ville-de-gutenberg\/#primaryimage\"},\"datePublished\":\"2021-08-16T10:54:48+00:00\",\"dateModified\":\"2021-11-26T12:34:16+00:00\",\"description\":\"2000 Jahre voller Geschichte pr\\u00e4gen das Bild von Mainz, doch kein anderer B\\u00fcrger hat das Verm\\u00e4chtnis der Stadt so sehr gepr\\u00e4gt wie Johannes Gutenberg.\",\"breadcrumb\":{\"@id\":\"https:\/\/tourismus-grossregion.eu\/fr\/mayence-ville-de-gutenberg\/#breadcrumb\"},\"inLanguage\":\"fr-FR\",\"potentialAction\":[{\"@type\":\"ReadAction\",\"target\":[\"https:\/\/tourismus-grossregion.eu\/fr\/mayence-ville-de-gutenberg\/\"]}]},{\"@type\":\"BreadcrumbList\",\"@id\":\"https:\/\/tourismus-grossregion.eu\/fr\/mayence-ville-de-gutenberg\/#breadcrumb\",\"itemListElement\":[{\"@type\":\"ListItem\",\"position\":1,\"name\":\"Story: Rh\\u00e9nanie-Palatinat: Mayence \\u2013 Ville de Gutenberg\"}]}]}<\/script>\n<!-- \/ Yoast SEO plugin. -->","yoast_head_json":{"description":"2000 Jahre voller Geschichte pr\u00e4gen das Bild von Mainz, doch kein anderer B\u00fcrger hat das Verm\u00e4chtnis der Stadt so sehr gepr\u00e4gt wie Johannes Gutenberg.","robots":{"index":"index","follow":"follow","max-snippet":"max-snippet:-1","max-image-preview":"max-image-preview:large","max-video-preview":"max-video-preview:-1"},"canonical":"https:\/\/tourismus-grossregion.eu\/fr\/mayence-ville-de-gutenberg\/","og_locale":"fr_FR","og_type":"article","og_title":"Story: Rh\u00e9nanie-Palatinat: Mayence \u2013 Ville de Gutenberg - Tourisme Grande R\u00e9gion","og_description":"2000 Jahre voller Geschichte pr\u00e4gen das Bild von Mainz, doch kein anderer B\u00fcrger hat das Verm\u00e4chtnis der Stadt so sehr gepr\u00e4gt wie Johannes Gutenberg.","og_url":"https:\/\/tourismus-grossregion.eu\/fr\/mayence-ville-de-gutenberg\/","og_site_name":"Tourisme Grande R\u00e9gion","article_modified_time":"2021-11-26T12:34:16+00:00","og_image":[{"width":1920,"height":1280,"url":"https:\/\/tourismus-grossregion.eu\/fr\/wp-content\/uploads\/sites\/3\/2021\/08\/RLP_Rheinhessen_Gutenberg_1516026698_Ketz_Header.jpg","path":"\/var\/www\/html\/wp-content\/uploads\/sites\/3\/2021\/08\/RLP_Rheinhessen_Gutenberg_1516026698_Ketz_Header.jpg","size":"full","id":1527,"alt":"Un jeune homme regarde une exposition au Mus\u00e9e Gutenberg.","pixels":2457600,"type":"image\/jpeg"}],"twitter_card":"summary_large_image","schema":{"@context":"https:\/\/schema.org","@graph":[{"@type":"WebSite","@id":"https:\/\/tourismus-grossregion.eu\/fr\/#website","url":"https:\/\/tourismus-grossregion.eu\/fr\/","name":"Tourisme Grande R\u00e9gion","description":"Tourisme Grande R\u00e9gion","potentialAction":[{"@type":"SearchAction","target":{"@type":"EntryPoint","urlTemplate":"https:\/\/tourismus-grossregion.eu\/fr\/?s={search_term_string}"},"query-input":"required name=search_term_string"}],"inLanguage":"fr-FR"},{"@type":"ImageObject","@id":"https:\/\/tourismus-grossregion.eu\/fr\/mayence-ville-de-gutenberg\/#primaryimage","inLanguage":"fr-FR","url":"https:\/\/tourismus-grossregion.eu\/fr\/wp-content\/uploads\/sites\/3\/2021\/08\/RLP_Rheinhessen_Gutenberg_1516026698_Ketz_Header.jpg","contentUrl":"https:\/\/tourismus-grossregion.eu\/fr\/wp-content\/uploads\/sites\/3\/2021\/08\/RLP_Rheinhessen_Gutenberg_1516026698_Ketz_Header.jpg","width":1920,"height":1280,"caption":"Le mus\u00e9e Gutenberg est l'un des plus anciens mus\u00e9es de l'imprimerie et de la typographie au monde. Les \u00e9ditions de la Bible de Gutenberg font partie des principales attractions du mus\u00e9e, Rheinhessen"},{"@type":"WebPage","@id":"https:\/\/tourismus-grossregion.eu\/fr\/mayence-ville-de-gutenberg\/#webpage","url":"https:\/\/tourismus-grossregion.eu\/fr\/mayence-ville-de-gutenberg\/","name":"Story: Rh\u00e9nanie-Palatinat: Mayence \u2013 Ville de Gutenberg - Tourisme Grande R\u00e9gion","isPartOf":{"@id":"https:\/\/tourismus-grossregion.eu\/fr\/#website"},"primaryImageOfPage":{"@id":"https:\/\/tourismus-grossregion.eu\/fr\/mayence-ville-de-gutenberg\/#primaryimage"},"datePublished":"2021-08-16T10:54:48+00:00","dateModified":"2021-11-26T12:34:16+00:00","description":"2000 Jahre voller Geschichte pr\u00e4gen das Bild von Mainz, doch kein anderer B\u00fcrger hat das Verm\u00e4chtnis der Stadt so sehr gepr\u00e4gt wie Johannes Gutenberg.","breadcrumb":{"@id":"https:\/\/tourismus-grossregion.eu\/fr\/mayence-ville-de-gutenberg\/#breadcrumb"},"inLanguage":"fr-FR","potentialAction":[{"@type":"ReadAction","target":["https:\/\/tourismus-grossregion.eu\/fr\/mayence-ville-de-gutenberg\/"]}]},{"@type":"BreadcrumbList","@id":"https:\/\/tourismus-grossregion.eu\/fr\/mayence-ville-de-gutenberg\/#breadcrumb","itemListElement":[{"@type":"ListItem","position":1,"name":"Story: Rh\u00e9nanie-Palatinat: Mayence \u2013 Ville de Gutenberg"}]}]}},"acf":{"pb_acf_widgets":[{"acf_fc_layout":"widget_hero_static","widget_hero_static_background":{"widget_hero_static_background_type":false,"widget_hero_static_image":{"ID":1527,"id":1527,"title":"RLP_Rheinhessen_Gutenberg_1516026698_Ketz_Header","filename":"RLP_Rheinhessen_Gutenberg_1516026698_Ketz_Header.jpg","filesize":1826529,"url":"https:\/\/tourismus-grossregion.eu\/fr\/wp-content\/uploads\/sites\/3\/2021\/08\/RLP_Rheinhessen_Gutenberg_1516026698_Ketz_Header.jpg","link":"https:\/\/tourismus-grossregion.eu\/fr\/mayence-ville-de-gutenberg\/rlp_rheinhessen_gutenberg_1516026698_ketz_header\/","alt":"Un jeune homme regarde une exposition au Mus\u00e9e Gutenberg.","author":"2","description":"Le mus\u00e9e Gutenberg est l'un des plus anciens mus\u00e9es de l'imprimerie et de la typographie au monde. Les \u00e9ditions de la Bible de Gutenberg font partie des principales attractions du mus\u00e9e, Rheinhessen","caption":"Le mus\u00e9e Gutenberg est l'un des plus anciens mus\u00e9es de l'imprimerie et de la typographie au monde. Les \u00e9ditions de la Bible de Gutenberg font partie des principales attractions du mus\u00e9e, Rheinhessen","name":"rlp_rheinhessen_gutenberg_1516026698_ketz_header","status":"inherit","uploaded_to":1554,"date":"2021-08-16 10:54:49","modified":"2021-08-16 11:47:44","menu_order":0,"mime_type":"image\/jpeg","type":"image","subtype":"jpeg","icon":"https:\/\/tourismus-grossregion.eu\/fr\/wp-includes\/images\/media\/default.png","width":1920,"height":1280,"sizes":{"thumbnail":"https:\/\/tourismus-grossregion.eu\/fr\/wp-content\/uploads\/sites\/3\/2021\/08\/RLP_Rheinhessen_Gutenberg_1516026698_Ketz_Header-150x150.jpg","thumbnail-width":150,"thumbnail-height":150,"medium":"https:\/\/tourismus-grossregion.eu\/fr\/wp-content\/uploads\/sites\/3\/2021\/08\/RLP_Rheinhessen_Gutenberg_1516026698_Ketz_Header-300x200.jpg","medium-width":300,"medium-height":200,"medium_large":"https:\/\/tourismus-grossregion.eu\/fr\/wp-content\/uploads\/sites\/3\/2021\/08\/RLP_Rheinhessen_Gutenberg_1516026698_Ketz_Header-768x512.jpg","medium_large-width":768,"medium_large-height":512,"large":"https:\/\/tourismus-grossregion.eu\/fr\/wp-content\/uploads\/sites\/3\/2021\/08\/RLP_Rheinhessen_Gutenberg_1516026698_Ketz_Header-1024x683.jpg","large-width":1024,"large-height":683,"1536x1536":"https:\/\/tourismus-grossregion.eu\/fr\/wp-content\/uploads\/sites\/3\/2021\/08\/RLP_Rheinhessen_Gutenberg_1516026698_Ketz_Header-1536x1024.jpg","1536x1536-width":1536,"1536x1536-height":1024,"2048x2048":"https:\/\/tourismus-grossregion.eu\/fr\/wp-content\/uploads\/sites\/3\/2021\/08\/RLP_Rheinhessen_Gutenberg_1516026698_Ketz_Header.jpg","2048x2048-width":1920,"2048x2048-height":1280,"download-thumbnail":"https:\/\/tourismus-grossregion.eu\/fr\/wp-content\/uploads\/sites\/3\/2021\/08\/RLP_Rheinhessen_Gutenberg_1516026698_Ketz_Header-345x230.jpg","download-thumbnail-width":345,"download-thumbnail-height":230,"paragraphimage":"https:\/\/tourismus-grossregion.eu\/fr\/wp-content\/uploads\/sites\/3\/2021\/08\/RLP_Rheinhessen_Gutenberg_1516026698_Ketz_Header-468x312.jpg","paragraphimage-width":468,"paragraphimage-height":312,"slider-image":"https:\/\/tourismus-grossregion.eu\/fr\/wp-content\/uploads\/sites\/3\/2021\/08\/RLP_Rheinhessen_Gutenberg_1516026698_Ketz_Header-901x715.jpg","slider-image-width":901,"slider-image-height":715,"quote-image":"https:\/\/tourismus-grossregion.eu\/fr\/wp-content\/uploads\/sites\/3\/2021\/08\/RLP_Rheinhessen_Gutenberg_1516026698_Ketz_Header-683x455.jpg","quote-image-width":683,"quote-image-height":455,"productcard-image":"https:\/\/tourismus-grossregion.eu\/fr\/wp-content\/uploads\/sites\/3\/2021\/08\/RLP_Rheinhessen_Gutenberg_1516026698_Ketz_Header-710x473.jpg","productcard-image-width":710,"productcard-image-height":473}},"widget_hero_static_video_type":false,"widget_hero_static_video_upload":false,"widget_hero_static_youtube_embed":"","widget_hero_static_filter":false},"widget_hero_static_content":{"widget_hero_static_headline":"Mayence, la ville de Gutenberg","widget_hero_static_copy":"","widget_hero_static_link":""},"widget_hero_static_margin":"small"},{"acf_fc_layout":"widget_paragraph_headlines_image","widget_paragraph_headlines_image_orientation":false,"widget_paragraph_headlines_image_decoration":true,"widget_paragraph_headlines_image_content":{"widget_paragraph_headlines_image_preline":"","widget_paragraph_headlines_image_headline":"","widget_paragraph_headlines_image_subline":"Sur les traces de Johannes Gutenberg","widget_paragraph_headlines_image_editor_justify":true,"widget_paragraph_headlines_image_editor":"<p>2\u2009000\u00a0ans d\u2019histoire jalonnent la ville rh\u00e9nane de Mayence, mais aucun autre de ses citoyens n\u2019a autant marqu\u00e9 son histoire que Johannes Gutenberg. Marchez dans les pas de l\u2019inventeur de l\u2019imprimerie moderne et revivez son histoire.<\/p>\n","widget_paragraph_headlines_image_link":""},"widget_paragraph_headlines_image_image":false,"widget_paragraph_headlines_image_image_option":false,"widget_paragraph_headlines_image_margin":"small"},{"acf_fc_layout":"widget_paragraph_headlines_image","widget_paragraph_headlines_image_orientation":true,"widget_paragraph_headlines_image_decoration":false,"widget_paragraph_headlines_image_content":{"widget_paragraph_headlines_image_preline":"","widget_paragraph_headlines_image_headline":"","widget_paragraph_headlines_image_subline":"Un nouvel \u00e9lan pour l\u2019\u00e9ducation en Europe et dans le monde","widget_paragraph_headlines_image_editor_justify":true,"widget_paragraph_headlines_image_editor":"<p>Soigneusement, le Dr Elmar Rettinger s\u2019habille de ses v\u00eatements historiques, enfile son beau couvre-chef bleu et sa cape de velours assortie. D\u00e8s qu\u2019il entame cette escapade \u00e0 travers les rues charg\u00e9es d\u2019histoire de sa ville natale, il n\u2019est plus historien, mais l\u2019incarnation du citoyen le plus c\u00e9l\u00e8bre de Mayence\u00a0: Johannes Gensfleisch, plus connu sous le nom de Johannes Gutenberg. L\u2019inventeur de l\u2019impression \u00e0 caract\u00e8res mobiles est n\u00e9 dans cette ville situ\u00e9e sur la rive du Rhin, y a grandi et y a r\u00e9volutionn\u00e9 la lecture et l\u2019apprentissage du monde entier.<\/p>\n<p>D\u00e8s le XV<sup>e<\/sup>\u00a0si\u00e8cle, avec l\u2019aide de sa presse, ce citoyen de Mayence encouragea de nouvelles m\u00e9thodes d\u2019\u00e9ducation en Europe. Gr\u00e2ce \u00e0 son invention, les livres et les textes n\u2019avaient plus \u00e0 \u00eatre laborieusement \u00e9crits \u00e0 la main dans les monast\u00e8res, mais pouvaient \u00eatre reproduits plusieurs fois gr\u00e2ce \u00e0 un proc\u00e9d\u00e9 de production efficace. Ils sont ainsi devenus moins chers, et le savoir qu\u2019ils contenaient a pu \u00eatre distribu\u00e9 plus rapidement et \u00e0 un plus grand nombre de personnes. Ainsi, le \u00ab\u2009<em>ma\u00eetre des lettres<\/em>\u2009\u00bb fit avancer la Renaissance en Europe et r\u00e9volutionna le monde entier.<\/p>\n","widget_paragraph_headlines_image_link":""},"widget_paragraph_headlines_image_image":{"ID":1528,"id":1528,"title":"RLP_Rheinhessen_Gutenberg_1516026686_Ketz-scaled","filename":"RLP_Rheinhessen_Gutenberg_1516026686_Ketz-scaled.jpg","filesize":628132,"url":"https:\/\/tourismus-grossregion.eu\/fr\/wp-content\/uploads\/sites\/3\/2021\/08\/RLP_Rheinhessen_Gutenberg_1516026686_Ketz-scaled.jpg","link":"https:\/\/tourismus-grossregion.eu\/fr\/mayence-ville-de-gutenberg\/rlp_rheinhessen_gutenberg_1516026686_ketz-scaled\/","alt":"Un jeune couple regarde une exposition au Mus\u00e9e Gutenberg.","author":"17","description":"Le mus\u00e9e Gutenberg est l'un des plus anciens mus\u00e9es de l'imprimerie et de la typographie au monde. Les \u00e9ditions de la Bible de Gutenberg font partie des principales attractions du mus\u00e9e, Rheinhessen","caption":"Le mus\u00e9e Gutenberg est l'un des plus anciens mus\u00e9es de l'imprimerie et de la typographie au monde. Les \u00e9ditions de la Bible de Gutenberg font partie des principales attractions du mus\u00e9e, Rheinhessen","name":"rlp_rheinhessen_gutenberg_1516026686_ketz-scaled","status":"inherit","uploaded_to":1554,"date":"2021-08-16 06:49:39","modified":"2021-11-23 12:49:48","menu_order":0,"mime_type":"image\/jpeg","type":"image","subtype":"jpeg","icon":"https:\/\/tourismus-grossregion.eu\/fr\/wp-includes\/images\/media\/default.png","width":2560,"height":1708,"sizes":{"thumbnail":"https:\/\/tourismus-grossregion.eu\/fr\/wp-content\/uploads\/sites\/3\/2021\/08\/RLP_Rheinhessen_Gutenberg_1516026686_Ketz-scaled-150x150.jpg","thumbnail-width":150,"thumbnail-height":150,"medium":"https:\/\/tourismus-grossregion.eu\/fr\/wp-content\/uploads\/sites\/3\/2021\/08\/RLP_Rheinhessen_Gutenberg_1516026686_Ketz-scaled-300x200.jpg","medium-width":300,"medium-height":200,"medium_large":"https:\/\/tourismus-grossregion.eu\/fr\/wp-content\/uploads\/sites\/3\/2021\/08\/RLP_Rheinhessen_Gutenberg_1516026686_Ketz-scaled-768x512.jpg","medium_large-width":768,"medium_large-height":512,"large":"https:\/\/tourismus-grossregion.eu\/fr\/wp-content\/uploads\/sites\/3\/2021\/08\/RLP_Rheinhessen_Gutenberg_1516026686_Ketz-scaled-1024x683.jpg","large-width":1024,"large-height":683,"1536x1536":"https:\/\/tourismus-grossregion.eu\/fr\/wp-content\/uploads\/sites\/3\/2021\/08\/RLP_Rheinhessen_Gutenberg_1516026686_Ketz-scaled-1536x1025.jpg","1536x1536-width":1536,"1536x1536-height":1025,"2048x2048":"https:\/\/tourismus-grossregion.eu\/fr\/wp-content\/uploads\/sites\/3\/2021\/08\/RLP_Rheinhessen_Gutenberg_1516026686_Ketz-scaled-2048x1366.jpg","2048x2048-width":2048,"2048x2048-height":1366,"download-thumbnail":"https:\/\/tourismus-grossregion.eu\/fr\/wp-content\/uploads\/sites\/3\/2021\/08\/RLP_Rheinhessen_Gutenberg_1516026686_Ketz-scaled-345x230.jpg","download-thumbnail-width":345,"download-thumbnail-height":230,"paragraphimage":"https:\/\/tourismus-grossregion.eu\/fr\/wp-content\/uploads\/sites\/3\/2021\/08\/RLP_Rheinhessen_Gutenberg_1516026686_Ketz-scaled-468x312.jpg","paragraphimage-width":468,"paragraphimage-height":312,"slider-image":"https:\/\/tourismus-grossregion.eu\/fr\/wp-content\/uploads\/sites\/3\/2021\/08\/RLP_Rheinhessen_Gutenberg_1516026686_Ketz-scaled-901x715.jpg","slider-image-width":901,"slider-image-height":715,"quote-image":"https:\/\/tourismus-grossregion.eu\/fr\/wp-content\/uploads\/sites\/3\/2021\/08\/RLP_Rheinhessen_Gutenberg_1516026686_Ketz-scaled-683x456.jpg","quote-image-width":683,"quote-image-height":456,"productcard-image":"https:\/\/tourismus-grossregion.eu\/fr\/wp-content\/uploads\/sites\/3\/2021\/08\/RLP_Rheinhessen_Gutenberg_1516026686_Ketz-scaled-710x474.jpg","productcard-image-width":710,"productcard-image-height":474}},"widget_paragraph_headlines_image_image_option":false,"widget_paragraph_headlines_image_margin":"small"},{"acf_fc_layout":"widget_editor","widget_editor_justify":true,"widget_editor_editor":"<p>Lors de leur visite, les curieux qui souhaitent d\u00e9couvrir toute l\u2019histoire de Gutenberg peuvent \u00eatre accompagn\u00e9s de l\u2019un des sympathiques guides de la ville. Le paysage de la ville est ponctu\u00e9 de grandes \u00e9glises, de mus\u00e9es passionnants et d\u2019\u00e9difices majestueux des princes-\u00e9lecteurs, et les rues de la vieille ville t\u00e9moignent de l\u2019histoire mill\u00e9naire du ch\u00e2teau fort romain. Les r\u00e9cits authentiques des guides de Mayence comme le Dr Elmar Rettinger \u00e0 propos des \u00e9difices historiques comme la cath\u00e9drale de Mayence, l\u2019\u00e9glise St Stephan ou la Haus zum Aschaffenberg sont un v\u00e9ritable voyage dans le pass\u00e9.<\/p>\n<p>&nbsp;<\/p>\n","widget_editor_margin":"small"},{"acf_fc_layout":"widget_gallery","widget_gallery_entries":[{"widget_gallery_image":{"ID":1529,"id":1529,"title":"RLP_Rheinhessen_Gutenberg_1516024095_Ketz_1920-e1628845738237","filename":"RLP_Rheinhessen_Gutenberg_1516024095_Ketz_1920-e1628845738237.jpg","filesize":431802,"url":"https:\/\/tourismus-grossregion.eu\/fr\/wp-content\/uploads\/sites\/3\/2021\/08\/RLP_Rheinhessen_Gutenberg_1516024095_Ketz_1920-e1628845738237.jpg","link":"https:\/\/tourismus-grossregion.eu\/fr\/mayence-ville-de-gutenberg\/rlp_rheinhessen_gutenberg_1516024095_ketz_1920-e1628845738237\/","alt":"Devant le Mus\u00e9e Gutenberg, une jeune femme se d\u00e9tend en prenant un bain de pieds dans la fontaine du carnaval.","author":"17","description":"La fontaine du carnaval, avec ses plus de 200 personnages, est consid\u00e9r\u00e9e comme un symbole de la joie de vivre typique de Mayence, Rheinhessen.","caption":"La fontaine du carnaval, avec ses plus de 200 personnages, est consid\u00e9r\u00e9e comme un symbole de la joie de vivre typique de Mayence, Rheinhessen.","name":"rlp_rheinhessen_gutenberg_1516024095_ketz_1920-e1628845738237","status":"inherit","uploaded_to":1554,"date":"2021-08-16 06:49:40","modified":"2021-11-23 12:49:48","menu_order":0,"mime_type":"image\/jpeg","type":"image","subtype":"jpeg","icon":"https:\/\/tourismus-grossregion.eu\/fr\/wp-includes\/images\/media\/default.png","width":1867,"height":1243,"sizes":{"thumbnail":"https:\/\/tourismus-grossregion.eu\/fr\/wp-content\/uploads\/sites\/3\/2021\/08\/RLP_Rheinhessen_Gutenberg_1516024095_Ketz_1920-e1628845738237-150x150.jpg","thumbnail-width":150,"thumbnail-height":150,"medium":"https:\/\/tourismus-grossregion.eu\/fr\/wp-content\/uploads\/sites\/3\/2021\/08\/RLP_Rheinhessen_Gutenberg_1516024095_Ketz_1920-e1628845738237-300x200.jpg","medium-width":300,"medium-height":200,"medium_large":"https:\/\/tourismus-grossregion.eu\/fr\/wp-content\/uploads\/sites\/3\/2021\/08\/RLP_Rheinhessen_Gutenberg_1516024095_Ketz_1920-e1628845738237-768x511.jpg","medium_large-width":768,"medium_large-height":511,"large":"https:\/\/tourismus-grossregion.eu\/fr\/wp-content\/uploads\/sites\/3\/2021\/08\/RLP_Rheinhessen_Gutenberg_1516024095_Ketz_1920-e1628845738237-1024x682.jpg","large-width":1024,"large-height":682,"1536x1536":"https:\/\/tourismus-grossregion.eu\/fr\/wp-content\/uploads\/sites\/3\/2021\/08\/RLP_Rheinhessen_Gutenberg_1516024095_Ketz_1920-e1628845738237-1536x1023.jpg","1536x1536-width":1536,"1536x1536-height":1023,"2048x2048":"https:\/\/tourismus-grossregion.eu\/fr\/wp-content\/uploads\/sites\/3\/2021\/08\/RLP_Rheinhessen_Gutenberg_1516024095_Ketz_1920-e1628845738237.jpg","2048x2048-width":1867,"2048x2048-height":1243,"download-thumbnail":"https:\/\/tourismus-grossregion.eu\/fr\/wp-content\/uploads\/sites\/3\/2021\/08\/RLP_Rheinhessen_Gutenberg_1516024095_Ketz_1920-e1628845738237-345x230.jpg","download-thumbnail-width":345,"download-thumbnail-height":230,"paragraphimage":"https:\/\/tourismus-grossregion.eu\/fr\/wp-content\/uploads\/sites\/3\/2021\/08\/RLP_Rheinhessen_Gutenberg_1516024095_Ketz_1920-e1628845738237-468x312.jpg","paragraphimage-width":468,"paragraphimage-height":312,"slider-image":"https:\/\/tourismus-grossregion.eu\/fr\/wp-content\/uploads\/sites\/3\/2021\/08\/RLP_Rheinhessen_Gutenberg_1516024095_Ketz_1920-e1628845738237-901x715.jpg","slider-image-width":901,"slider-image-height":715,"quote-image":"https:\/\/tourismus-grossregion.eu\/fr\/wp-content\/uploads\/sites\/3\/2021\/08\/RLP_Rheinhessen_Gutenberg_1516024095_Ketz_1920-e1628845738237-683x455.jpg","quote-image-width":683,"quote-image-height":455,"productcard-image":"https:\/\/tourismus-grossregion.eu\/fr\/wp-content\/uploads\/sites\/3\/2021\/08\/RLP_Rheinhessen_Gutenberg_1516024095_Ketz_1920-e1628845738237-710x473.jpg","productcard-image-width":710,"productcard-image-height":473}},"widget_gallery_caption":"La fontaine de carnaval et ses plus de 200 personnages, symbole de la joie de vivre des habitants de Mayence, Hesse rh\u00e9nane"},{"widget_gallery_image":{"ID":1530,"id":1530,"title":"RLP_Rheinhessen_Gutenberg_1516026682_Ketz_1920-e1628845721257","filename":"RLP_Rheinhessen_Gutenberg_1516026682_Ketz_1920-e1628845721257.jpg","filesize":406266,"url":"https:\/\/tourismus-grossregion.eu\/fr\/wp-content\/uploads\/sites\/3\/2021\/08\/RLP_Rheinhessen_Gutenberg_1516026682_Ketz_1920-e1628845721257.jpg","link":"https:\/\/tourismus-grossregion.eu\/fr\/mayence-ville-de-gutenberg\/rlp_rheinhessen_gutenberg_1516026682_ketz_1920-e1628845721257\/","alt":"Un jeune couple et un jeune homme d\u00e9couvrent les objets expos\u00e9s sur la fa\u00e7ade du Mus\u00e9e Gutenberg.","author":"17","description":"Le mus\u00e9e Gutenberg est l'un des plus anciens mus\u00e9es de l'imprimerie et de la typographie au monde. Les \u00e9ditions de la Bible de Gutenberg font partie des principales attractions du mus\u00e9e, Rheinhessen","caption":"Le mus\u00e9e Gutenberg est l'un des plus anciens mus\u00e9es de l'imprimerie et de la typographie au monde. Les \u00e9ditions de la Bible de Gutenberg font partie des principales attractions du mus\u00e9e, Rheinhessen","name":"rlp_rheinhessen_gutenberg_1516026682_ketz_1920-e1628845721257","status":"inherit","uploaded_to":1554,"date":"2021-08-16 06:49:41","modified":"2021-11-23 12:49:48","menu_order":0,"mime_type":"image\/jpeg","type":"image","subtype":"jpeg","icon":"https:\/\/tourismus-grossregion.eu\/fr\/wp-includes\/images\/media\/default.png","width":1920,"height":1281,"sizes":{"thumbnail":"https:\/\/tourismus-grossregion.eu\/fr\/wp-content\/uploads\/sites\/3\/2021\/08\/RLP_Rheinhessen_Gutenberg_1516026682_Ketz_1920-e1628845721257-150x150.jpg","thumbnail-width":150,"thumbnail-height":150,"medium":"https:\/\/tourismus-grossregion.eu\/fr\/wp-content\/uploads\/sites\/3\/2021\/08\/RLP_Rheinhessen_Gutenberg_1516026682_Ketz_1920-e1628845721257-300x200.jpg","medium-width":300,"medium-height":200,"medium_large":"https:\/\/tourismus-grossregion.eu\/fr\/wp-content\/uploads\/sites\/3\/2021\/08\/RLP_Rheinhessen_Gutenberg_1516026682_Ketz_1920-e1628845721257-768x512.jpg","medium_large-width":768,"medium_large-height":512,"large":"https:\/\/tourismus-grossregion.eu\/fr\/wp-content\/uploads\/sites\/3\/2021\/08\/RLP_Rheinhessen_Gutenberg_1516026682_Ketz_1920-e1628845721257-1024x683.jpg","large-width":1024,"large-height":683,"1536x1536":"https:\/\/tourismus-grossregion.eu\/fr\/wp-content\/uploads\/sites\/3\/2021\/08\/RLP_Rheinhessen_Gutenberg_1516026682_Ketz_1920-e1628845721257-1536x1025.jpg","1536x1536-width":1536,"1536x1536-height":1025,"2048x2048":"https:\/\/tourismus-grossregion.eu\/fr\/wp-content\/uploads\/sites\/3\/2021\/08\/RLP_Rheinhessen_Gutenberg_1516026682_Ketz_1920-e1628845721257.jpg","2048x2048-width":1920,"2048x2048-height":1281,"download-thumbnail":"https:\/\/tourismus-grossregion.eu\/fr\/wp-content\/uploads\/sites\/3\/2021\/08\/RLP_Rheinhessen_Gutenberg_1516026682_Ketz_1920-e1628845721257-345x230.jpg","download-thumbnail-width":345,"download-thumbnail-height":230,"paragraphimage":"https:\/\/tourismus-grossregion.eu\/fr\/wp-content\/uploads\/sites\/3\/2021\/08\/RLP_Rheinhessen_Gutenberg_1516026682_Ketz_1920-e1628845721257-468x312.jpg","paragraphimage-width":468,"paragraphimage-height":312,"slider-image":"https:\/\/tourismus-grossregion.eu\/fr\/wp-content\/uploads\/sites\/3\/2021\/08\/RLP_Rheinhessen_Gutenberg_1516026682_Ketz_1920-e1628845721257-901x715.jpg","slider-image-width":901,"slider-image-height":715,"quote-image":"https:\/\/tourismus-grossregion.eu\/fr\/wp-content\/uploads\/sites\/3\/2021\/08\/RLP_Rheinhessen_Gutenberg_1516026682_Ketz_1920-e1628845721257-683x456.jpg","quote-image-width":683,"quote-image-height":456,"productcard-image":"https:\/\/tourismus-grossregion.eu\/fr\/wp-content\/uploads\/sites\/3\/2021\/08\/RLP_Rheinhessen_Gutenberg_1516026682_Ketz_1920-e1628845721257-710x474.jpg","productcard-image-width":710,"productcard-image-height":474}},"widget_gallery_caption":"Le Mus\u00e9e Gutenberg, l\u2019un des plus anciens mus\u00e9es sur l\u2019impression et l\u2019\u00e9criture dans le monde. Les \u00e9ditions de la Bible de Gutenberg font partie des principales pi\u00e8ces du mus\u00e9e, Hesse rh\u00e9nane"},{"widget_gallery_image":{"ID":1531,"id":1531,"title":"RLP_Rheinhessen_Gutenberg_1516026663_Ketz_1920","filename":"RLP_Rheinhessen_Gutenberg_1516026663_Ketz_1920.jpg","filesize":2131745,"url":"https:\/\/tourismus-grossregion.eu\/fr\/wp-content\/uploads\/sites\/3\/2021\/08\/RLP_Rheinhessen_Gutenberg_1516026663_Ketz_1920.jpg","link":"https:\/\/tourismus-grossregion.eu\/fr\/beispiel-seite-3\/rlp_rheinhessen_gutenberg_1516026663_ketz_1920\/","alt":"Une vue du Leichhof, l'un des monuments culturels de Mayence, dans la vieille ville de Mayence.","author":"17","description":"Le Leichhof est la place situ\u00e9e au sud, devant la cath\u00e9drale de Mayence. Les maisons de la cath\u00e9drale sont toujours l'un des monuments culturels de Mayence, Rheinhessen","caption":"Le Leichhof est la place situ\u00e9e au sud, devant la cath\u00e9drale de Mayence. Les maisons de la cath\u00e9drale sont toujours l'un des monuments culturels de Mayence, Rheinhessen","name":"rlp_rheinhessen_gutenberg_1516026663_ketz_1920","status":"inherit","uploaded_to":1631,"date":"2021-08-16 06:49:41","modified":"2021-09-30 11:18:24","menu_order":0,"mime_type":"image\/jpeg","type":"image","subtype":"jpeg","icon":"https:\/\/tourismus-grossregion.eu\/fr\/wp-includes\/images\/media\/default.png","width":1920,"height":1280,"sizes":{"thumbnail":"https:\/\/tourismus-grossregion.eu\/fr\/wp-content\/uploads\/sites\/3\/2021\/08\/RLP_Rheinhessen_Gutenberg_1516026663_Ketz_1920-150x150.jpg","thumbnail-width":150,"thumbnail-height":150,"medium":"https:\/\/tourismus-grossregion.eu\/fr\/wp-content\/uploads\/sites\/3\/2021\/08\/RLP_Rheinhessen_Gutenberg_1516026663_Ketz_1920-300x200.jpg","medium-width":300,"medium-height":200,"medium_large":"https:\/\/tourismus-grossregion.eu\/fr\/wp-content\/uploads\/sites\/3\/2021\/08\/RLP_Rheinhessen_Gutenberg_1516026663_Ketz_1920-768x512.jpg","medium_large-width":768,"medium_large-height":512,"large":"https:\/\/tourismus-grossregion.eu\/fr\/wp-content\/uploads\/sites\/3\/2021\/08\/RLP_Rheinhessen_Gutenberg_1516026663_Ketz_1920-1024x683.jpg","large-width":1024,"large-height":683,"1536x1536":"https:\/\/tourismus-grossregion.eu\/fr\/wp-content\/uploads\/sites\/3\/2021\/08\/RLP_Rheinhessen_Gutenberg_1516026663_Ketz_1920-1536x1024.jpg","1536x1536-width":1536,"1536x1536-height":1024,"2048x2048":"https:\/\/tourismus-grossregion.eu\/fr\/wp-content\/uploads\/sites\/3\/2021\/08\/RLP_Rheinhessen_Gutenberg_1516026663_Ketz_1920.jpg","2048x2048-width":1920,"2048x2048-height":1280,"download-thumbnail":"https:\/\/tourismus-grossregion.eu\/fr\/wp-content\/uploads\/sites\/3\/2021\/08\/RLP_Rheinhessen_Gutenberg_1516026663_Ketz_1920-345x230.jpg","download-thumbnail-width":345,"download-thumbnail-height":230,"paragraphimage":"https:\/\/tourismus-grossregion.eu\/fr\/wp-content\/uploads\/sites\/3\/2021\/08\/RLP_Rheinhessen_Gutenberg_1516026663_Ketz_1920-468x312.jpg","paragraphimage-width":468,"paragraphimage-height":312,"slider-image":"https:\/\/tourismus-grossregion.eu\/fr\/wp-content\/uploads\/sites\/3\/2021\/08\/RLP_Rheinhessen_Gutenberg_1516026663_Ketz_1920-901x715.jpg","slider-image-width":901,"slider-image-height":715,"quote-image":"https:\/\/tourismus-grossregion.eu\/fr\/wp-content\/uploads\/sites\/3\/2021\/08\/RLP_Rheinhessen_Gutenberg_1516026663_Ketz_1920-683x455.jpg","quote-image-width":683,"quote-image-height":455,"productcard-image":"https:\/\/tourismus-grossregion.eu\/fr\/wp-content\/uploads\/sites\/3\/2021\/08\/RLP_Rheinhessen_Gutenberg_1516026663_Ketz_1920-710x473.jpg","productcard-image-width":710,"productcard-image-height":473}},"widget_gallery_caption":"Le Leichhof est la place situ\u00e9e au sud, devant la cath\u00e9drale de Mayence. Les maisons de la cath\u00e9drale font toujours partie des monuments culturels de Mayence, Rheinhessen"}],"widget_gallery_margin":"small"},{"acf_fc_layout":"widget_paragraph_headlines_image","widget_paragraph_headlines_image_orientation":true,"widget_paragraph_headlines_image_decoration":false,"widget_paragraph_headlines_image_content":{"widget_paragraph_headlines_image_preline":"","widget_paragraph_headlines_image_headline":"","widget_paragraph_headlines_image_subline":"Ce mus\u00e9e international offre une vue d\u2019ensemble sur l\u2019histoire de l\u2019art de l\u2019imprimerie","widget_paragraph_headlines_image_editor_justify":true,"widget_paragraph_headlines_image_editor":"<p>Le point d\u2019orgue de chaque visite guid\u00e9e est toutefois la d\u00e9couverte de l\u2019impressionnant Mus\u00e9e Gutenberg. Ce \u00ab\u2009<em>mus\u00e9e international de l\u2019art de l\u2019imprimerie<\/em>\u2009\u00bb y expose des pi\u00e8ces historiques et contemporaines sur l\u2019impression, la typographie et l\u2019histoire de l\u2019\u00e9criture de diff\u00e9rentes cultures. Vous y aurez \u00e9galement la possibilit\u00e9 d\u2019admirer deux des Bibles de Gutenberg, dat\u00e9es du XV<sup>e<\/sup>\u00a0si\u00e8cle. Ces Bibles ont \u00e9t\u00e9 imprim\u00e9es avec les caract\u00e8res mobiles de la presse de Johannes Gutenberg et sont aujourd\u2019hui expos\u00e9es \u00e0 Mayence.<\/p>\n<p>Dans l\u2019atelier d\u2019impression, vous pourrez aussi d\u00e9couvrir une r\u00e9plique fonctionnelle de la presse de Gutenberg, qui ressemble \u00e0 un pressoir vinicole, ce qui n\u2019a rien d\u2019\u00e9tonnant dans la r\u00e9gion viticole de la Hesse rh\u00e9nane. Un panel d\u2019offres vari\u00e9es pour toute la famille est propos\u00e9\u00a0: pour les visites guid\u00e9es individuelles et les ateliers, il est possible d\u2019utiliser la presse et d\u2019imprimer votre propre document, comme au bon vieux temps. Une exp\u00e9rience inoubliable pour les petits comme pour les grands\u2009!<\/p>\n","widget_paragraph_headlines_image_link":""},"widget_paragraph_headlines_image_image":{"ID":1532,"id":1532,"title":"RLP_Rheinhessen_Gutenberg_1477910333_Ketz-scaled","filename":"RLP_Rheinhessen_Gutenberg_1477910333_Ketz-scaled.jpg","filesize":487714,"url":"https:\/\/tourismus-grossregion.eu\/fr\/wp-content\/uploads\/sites\/3\/2021\/08\/RLP_Rheinhessen_Gutenberg_1477910333_Ketz-scaled.jpg","link":"https:\/\/tourismus-grossregion.eu\/fr\/mayence-ville-de-gutenberg\/rlp_rheinhessen_gutenberg_1477910333_ketz-scaled\/","alt":"Rouleaux d'impression noirs, rouges et bleus expos\u00e9s au Mus\u00e9e Gutenberg.","author":"17","description":"Le mus\u00e9e Gutenberg \u00e0 Mayence est l'un des plus anciens mus\u00e9es du livre et de l'imprimerie au monde, Rheinhessen","caption":"Le mus\u00e9e Gutenberg \u00e0 Mayence est l'un des plus anciens mus\u00e9es du livre et de l'imprimerie au monde, Rheinhessen","name":"rlp_rheinhessen_gutenberg_1477910333_ketz-scaled","status":"inherit","uploaded_to":1554,"date":"2021-08-16 06:49:42","modified":"2021-11-23 12:49:48","menu_order":0,"mime_type":"image\/jpeg","type":"image","subtype":"jpeg","icon":"https:\/\/tourismus-grossregion.eu\/fr\/wp-includes\/images\/media\/default.png","width":2560,"height":1708,"sizes":{"thumbnail":"https:\/\/tourismus-grossregion.eu\/fr\/wp-content\/uploads\/sites\/3\/2021\/08\/RLP_Rheinhessen_Gutenberg_1477910333_Ketz-scaled-150x150.jpg","thumbnail-width":150,"thumbnail-height":150,"medium":"https:\/\/tourismus-grossregion.eu\/fr\/wp-content\/uploads\/sites\/3\/2021\/08\/RLP_Rheinhessen_Gutenberg_1477910333_Ketz-scaled-300x200.jpg","medium-width":300,"medium-height":200,"medium_large":"https:\/\/tourismus-grossregion.eu\/fr\/wp-content\/uploads\/sites\/3\/2021\/08\/RLP_Rheinhessen_Gutenberg_1477910333_Ketz-scaled-768x512.jpg","medium_large-width":768,"medium_large-height":512,"large":"https:\/\/tourismus-grossregion.eu\/fr\/wp-content\/uploads\/sites\/3\/2021\/08\/RLP_Rheinhessen_Gutenberg_1477910333_Ketz-scaled-1024x683.jpg","large-width":1024,"large-height":683,"1536x1536":"https:\/\/tourismus-grossregion.eu\/fr\/wp-content\/uploads\/sites\/3\/2021\/08\/RLP_Rheinhessen_Gutenberg_1477910333_Ketz-scaled-1536x1025.jpg","1536x1536-width":1536,"1536x1536-height":1025,"2048x2048":"https:\/\/tourismus-grossregion.eu\/fr\/wp-content\/uploads\/sites\/3\/2021\/08\/RLP_Rheinhessen_Gutenberg_1477910333_Ketz-scaled-2048x1366.jpg","2048x2048-width":2048,"2048x2048-height":1366,"download-thumbnail":"https:\/\/tourismus-grossregion.eu\/fr\/wp-content\/uploads\/sites\/3\/2021\/08\/RLP_Rheinhessen_Gutenberg_1477910333_Ketz-scaled-345x230.jpg","download-thumbnail-width":345,"download-thumbnail-height":230,"paragraphimage":"https:\/\/tourismus-grossregion.eu\/fr\/wp-content\/uploads\/sites\/3\/2021\/08\/RLP_Rheinhessen_Gutenberg_1477910333_Ketz-scaled-468x312.jpg","paragraphimage-width":468,"paragraphimage-height":312,"slider-image":"https:\/\/tourismus-grossregion.eu\/fr\/wp-content\/uploads\/sites\/3\/2021\/08\/RLP_Rheinhessen_Gutenberg_1477910333_Ketz-scaled-901x715.jpg","slider-image-width":901,"slider-image-height":715,"quote-image":"https:\/\/tourismus-grossregion.eu\/fr\/wp-content\/uploads\/sites\/3\/2021\/08\/RLP_Rheinhessen_Gutenberg_1477910333_Ketz-scaled-683x456.jpg","quote-image-width":683,"quote-image-height":456,"productcard-image":"https:\/\/tourismus-grossregion.eu\/fr\/wp-content\/uploads\/sites\/3\/2021\/08\/RLP_Rheinhessen_Gutenberg_1477910333_Ketz-scaled-710x474.jpg","productcard-image-width":710,"productcard-image-height":474}},"widget_paragraph_headlines_image_image_option":false,"widget_paragraph_headlines_image_margin":"small"},{"acf_fc_layout":"widget_testimonial","widget_testimonial_color":false,"widget_testimonial_content":{"widget_testimonial_name":"Dr. Elmar Rettinger","widget_testimonial_position":"Historien et guide de la ville","widget_testimonial_quote_size":true,"widget_testimonial_quote":"\u00ab\u2009Quand on se prom\u00e8ne \u00e0 Mayence, le pass\u00e9 reprend vie, vous marchez sur les traces de 2\u2009000 ans d\u2019histoire.\u2009\u00bb"},"widget_testimonial_image":{"ID":1533,"id":1533,"title":"RLP_Mainz_Gutenberg_Kostuemfuehrung_1516024165_Frijio-1-scaled","filename":"RLP_Mainz_Gutenberg_Kostuemfuehrung_1516024165_Frijio-1-scaled.jpg","filesize":481630,"url":"https:\/\/tourismus-grossregion.eu\/fr\/wp-content\/uploads\/sites\/3\/2021\/08\/RLP_Mainz_Gutenberg_Kostuemfuehrung_1516024165_Frijio-1-scaled.jpg","link":"https:\/\/tourismus-grossregion.eu\/fr\/mayence-ville-de-gutenberg\/rlp_mainz_gutenberg_kostuemfuehrung_1516024165_frijio-1-scaled\/","alt":"Le Dr Elmar Rettinger, d\u00e9guis\u00e9 en Johannes Gutenberg, se tient \u00e0 c\u00f4t\u00e9 d'une presse \u00e0 imprimer au Mus\u00e9e Gutenberg.","author":"17","description":"L'\u0153uvre de Johannes Gutenberg prend vie lors d'une visite costum\u00e9e de Mayence et de Rheinhessen.","caption":"L'\u0153uvre de Johannes Gutenberg prend vie lors d'une visite costum\u00e9e de Mayence et de Rheinhessen.","name":"rlp_mainz_gutenberg_kostuemfuehrung_1516024165_frijio-1-scaled","status":"inherit","uploaded_to":1554,"date":"2021-08-16 06:49:43","modified":"2021-11-23 12:49:48","menu_order":0,"mime_type":"image\/jpeg","type":"image","subtype":"jpeg","icon":"https:\/\/tourismus-grossregion.eu\/fr\/wp-includes\/images\/media\/default.png","width":2560,"height":1920,"sizes":{"thumbnail":"https:\/\/tourismus-grossregion.eu\/fr\/wp-content\/uploads\/sites\/3\/2021\/08\/RLP_Mainz_Gutenberg_Kostuemfuehrung_1516024165_Frijio-1-scaled-150x150.jpg","thumbnail-width":150,"thumbnail-height":150,"medium":"https:\/\/tourismus-grossregion.eu\/fr\/wp-content\/uploads\/sites\/3\/2021\/08\/RLP_Mainz_Gutenberg_Kostuemfuehrung_1516024165_Frijio-1-scaled-300x225.jpg","medium-width":300,"medium-height":225,"medium_large":"https:\/\/tourismus-grossregion.eu\/fr\/wp-content\/uploads\/sites\/3\/2021\/08\/RLP_Mainz_Gutenberg_Kostuemfuehrung_1516024165_Frijio-1-scaled-768x576.jpg","medium_large-width":768,"medium_large-height":576,"large":"https:\/\/tourismus-grossregion.eu\/fr\/wp-content\/uploads\/sites\/3\/2021\/08\/RLP_Mainz_Gutenberg_Kostuemfuehrung_1516024165_Frijio-1-scaled-1024x768.jpg","large-width":1024,"large-height":768,"1536x1536":"https:\/\/tourismus-grossregion.eu\/fr\/wp-content\/uploads\/sites\/3\/2021\/08\/RLP_Mainz_Gutenberg_Kostuemfuehrung_1516024165_Frijio-1-scaled-1536x1152.jpg","1536x1536-width":1536,"1536x1536-height":1152,"2048x2048":"https:\/\/tourismus-grossregion.eu\/fr\/wp-content\/uploads\/sites\/3\/2021\/08\/RLP_Mainz_Gutenberg_Kostuemfuehrung_1516024165_Frijio-1-scaled-2048x1536.jpg","2048x2048-width":2048,"2048x2048-height":1536,"download-thumbnail":"https:\/\/tourismus-grossregion.eu\/fr\/wp-content\/uploads\/sites\/3\/2021\/08\/RLP_Mainz_Gutenberg_Kostuemfuehrung_1516024165_Frijio-1-scaled-345x259.jpg","download-thumbnail-width":345,"download-thumbnail-height":259,"paragraphimage":"https:\/\/tourismus-grossregion.eu\/fr\/wp-content\/uploads\/sites\/3\/2021\/08\/RLP_Mainz_Gutenberg_Kostuemfuehrung_1516024165_Frijio-1-scaled-468x351.jpg","paragraphimage-width":468,"paragraphimage-height":351,"slider-image":"https:\/\/tourismus-grossregion.eu\/fr\/wp-content\/uploads\/sites\/3\/2021\/08\/RLP_Mainz_Gutenberg_Kostuemfuehrung_1516024165_Frijio-1-scaled-901x715.jpg","slider-image-width":901,"slider-image-height":715,"quote-image":"https:\/\/tourismus-grossregion.eu\/fr\/wp-content\/uploads\/sites\/3\/2021\/08\/RLP_Mainz_Gutenberg_Kostuemfuehrung_1516024165_Frijio-1-scaled-683x512.jpg","quote-image-width":683,"quote-image-height":512,"productcard-image":"https:\/\/tourismus-grossregion.eu\/fr\/wp-content\/uploads\/sites\/3\/2021\/08\/RLP_Mainz_Gutenberg_Kostuemfuehrung_1516024165_Frijio-1-scaled-710x533.jpg","productcard-image-width":710,"productcard-image-height":533}},"widget_testimonial_margin":"small"},{"acf_fc_layout":"widget_editor","widget_editor_justify":true,"widget_editor_editor":"<p>Dans l\u2019atelier d\u2019impression, vous pourrez aussi d\u00e9couvrir une r\u00e9plique fonctionnelle de la presse de Gutenberg, qui ressemble \u00e0 un pressoir vinicole, ce qui n\u2019a rien d\u2019\u00e9tonnant dans la r\u00e9gion viticole de la Hesse rh\u00e9nane. Un panel d\u2019offres vari\u00e9es pour toute la famille est propos\u00e9\u00a0: pour les visites guid\u00e9es individuelles et les ateliers, il est possible d\u2019utiliser la presse et d\u2019imprimer votre propre document, comme au bon vieux temps. Une exp\u00e9rience inoubliable pour les petits comme pour les grands\u2009!<\/p>\n","widget_editor_margin":"small"},{"acf_fc_layout":"widget_video","widget_video_type":false,"widget_video_youtube":"6Gqv2r_m_Cc","widget_video_youtube_poster_bool":true,"widget_video_youtube_poster":{"ID":1592,"id":1592,"title":"YouTube-Thumbnail-Gutenberg-FR.jpg","filename":"YouTube-Thumbnail-Gutenberg-FR.jpg.png","filesize":537172,"url":"https:\/\/tourismus-grossregion.eu\/fr\/wp-content\/uploads\/sites\/3\/2021\/08\/YouTube-Thumbnail-Gutenberg-FR.jpg.png","link":"https:\/\/tourismus-grossregion.eu\/fr\/mayence-ville-de-gutenberg\/youtube-thumbnail-gutenberg-fr-jpg\/","alt":"Elmar Rettinger, historien et guide de la ville, d\u00e9guis\u00e9 en Johannes Gutenberg, devant une presse \u00e0 imprimer.","author":"17","description":"L'historien Elmar Rettinger se fait passer pour le fils le plus c\u00e9l\u00e8bre de la ville de Mayence lors de visites guid\u00e9es : Johannes Gutenberg, Rheinhessen.","caption":"L'historien Elmar Rettinger se fait passer pour le fils le plus c\u00e9l\u00e8bre de la ville de Mayence lors de visites guid\u00e9es : Johannes Gutenberg, Rheinhessen.","name":"youtube-thumbnail-gutenberg-fr-jpg","status":"inherit","uploaded_to":1554,"date":"2021-08-16 13:32:40","modified":"2021-08-16 13:33:41","menu_order":0,"mime_type":"image\/png","type":"image","subtype":"png","icon":"https:\/\/tourismus-grossregion.eu\/fr\/wp-includes\/images\/media\/default.png","width":1280,"height":720,"sizes":{"thumbnail":"https:\/\/tourismus-grossregion.eu\/fr\/wp-content\/uploads\/sites\/3\/2021\/08\/YouTube-Thumbnail-Gutenberg-FR.jpg-150x150.png","thumbnail-width":150,"thumbnail-height":150,"medium":"https:\/\/tourismus-grossregion.eu\/fr\/wp-content\/uploads\/sites\/3\/2021\/08\/YouTube-Thumbnail-Gutenberg-FR.jpg-300x169.png","medium-width":300,"medium-height":169,"medium_large":"https:\/\/tourismus-grossregion.eu\/fr\/wp-content\/uploads\/sites\/3\/2021\/08\/YouTube-Thumbnail-Gutenberg-FR.jpg-768x432.png","medium_large-width":768,"medium_large-height":432,"large":"https:\/\/tourismus-grossregion.eu\/fr\/wp-content\/uploads\/sites\/3\/2021\/08\/YouTube-Thumbnail-Gutenberg-FR.jpg-1024x576.png","large-width":1024,"large-height":576,"1536x1536":"https:\/\/tourismus-grossregion.eu\/fr\/wp-content\/uploads\/sites\/3\/2021\/08\/YouTube-Thumbnail-Gutenberg-FR.jpg.png","1536x1536-width":1280,"1536x1536-height":720,"2048x2048":"https:\/\/tourismus-grossregion.eu\/fr\/wp-content\/uploads\/sites\/3\/2021\/08\/YouTube-Thumbnail-Gutenberg-FR.jpg.png","2048x2048-width":1280,"2048x2048-height":720,"download-thumbnail":"https:\/\/tourismus-grossregion.eu\/fr\/wp-content\/uploads\/sites\/3\/2021\/08\/YouTube-Thumbnail-Gutenberg-FR.jpg-345x194.png","download-thumbnail-width":345,"download-thumbnail-height":194,"paragraphimage":"https:\/\/tourismus-grossregion.eu\/fr\/wp-content\/uploads\/sites\/3\/2021\/08\/YouTube-Thumbnail-Gutenberg-FR.jpg-468x263.png","paragraphimage-width":468,"paragraphimage-height":263,"slider-image":"https:\/\/tourismus-grossregion.eu\/fr\/wp-content\/uploads\/sites\/3\/2021\/08\/YouTube-Thumbnail-Gutenberg-FR.jpg-901x715.png","slider-image-width":901,"slider-image-height":715,"quote-image":"https:\/\/tourismus-grossregion.eu\/fr\/wp-content\/uploads\/sites\/3\/2021\/08\/YouTube-Thumbnail-Gutenberg-FR.jpg-683x384.png","quote-image-width":683,"quote-image-height":384,"productcard-image":"https:\/\/tourismus-grossregion.eu\/fr\/wp-content\/uploads\/sites\/3\/2021\/08\/YouTube-Thumbnail-Gutenberg-FR.jpg-710x399.png","productcard-image-width":710,"productcard-image-height":399}},"widget_video_youtube_poster_filter":false,"widget_video_upload":false,"widget_video_headline":"","widget_video_duration":"02:27","widget_video_margin":"small"},{"acf_fc_layout":"widget_paragraph_headlines_image","widget_paragraph_headlines_image_orientation":false,"widget_paragraph_headlines_image_decoration":true,"widget_paragraph_headlines_image_content":{"widget_paragraph_headlines_image_preline":"","widget_paragraph_headlines_image_headline":"","widget_paragraph_headlines_image_subline":"Vous aimez ce que vous voyez ? ","widget_paragraph_headlines_image_editor_justify":true,"widget_paragraph_headlines_image_editor":"<p>La Grande R\u00e9gion a beaucoup plus \u00e0 offrir ! Jetez un coup d\u2019\u0153il aux histoires suivantes de la r\u00e9gion et laissez-vous inspirer.<\/p>\n","widget_paragraph_headlines_image_link":""},"widget_paragraph_headlines_image_image":false,"widget_paragraph_headlines_image_image_option":false,"widget_paragraph_headlines_image_margin":"small"},{"acf_fc_layout":"widget_content_carousel","widget_content_carousel_preline":"","widget_content_carousel_headline":"","widget_content_carousel_description_justify":false,"widget_content_carousel_entries":[{"widget_content_carousel_entries_thumbnail":{"ID":1540,"id":1540,"title":"RLP_Hambacher_Schloss_Weinreben_3585_Ketz_1920","filename":"RLP_Hambacher_Schloss_Weinreben_3585_Ketz_1920.jpg","filesize":2032711,"url":"https:\/\/tourismus-grossregion.eu\/fr\/wp-content\/uploads\/sites\/3\/2021\/08\/RLP_Hambacher_Schloss_Weinreben_3585_Ketz_1920.jpg","link":"https:\/\/tourismus-grossregion.eu\/fr\/beispiel-seite-3\/rlp_hambacher_schloss_weinreben_3585_ketz_1920\/","alt":"Vue du ch\u00e2teau de Hambach depuis les vignobles","author":"17","description":"Le ch\u00e2teau de Hambach domine les vignobles et la ville de Neustadt an der Weinstra\u00dfe, dans le sud du Palatinat.","caption":"Le ch\u00e2teau de Hambach domine les vignobles et la ville de Neustadt an der Weinstra\u00dfe, dans le sud du Palatinat.","name":"rlp_hambacher_schloss_weinreben_3585_ketz_1920","status":"inherit","uploaded_to":1631,"date":"2021-08-16 06:51:09","modified":"2021-09-30 11:18:24","menu_order":0,"mime_type":"image\/jpeg","type":"image","subtype":"jpeg","icon":"https:\/\/tourismus-grossregion.eu\/fr\/wp-includes\/images\/media\/default.png","width":1920,"height":1278,"sizes":{"thumbnail":"https:\/\/tourismus-grossregion.eu\/fr\/wp-content\/uploads\/sites\/3\/2021\/08\/RLP_Hambacher_Schloss_Weinreben_3585_Ketz_1920-150x150.jpg","thumbnail-width":150,"thumbnail-height":150,"medium":"https:\/\/tourismus-grossregion.eu\/fr\/wp-content\/uploads\/sites\/3\/2021\/08\/RLP_Hambacher_Schloss_Weinreben_3585_Ketz_1920-300x200.jpg","medium-width":300,"medium-height":200,"medium_large":"https:\/\/tourismus-grossregion.eu\/fr\/wp-content\/uploads\/sites\/3\/2021\/08\/RLP_Hambacher_Schloss_Weinreben_3585_Ketz_1920-768x511.jpg","medium_large-width":768,"medium_large-height":511,"large":"https:\/\/tourismus-grossregion.eu\/fr\/wp-content\/uploads\/sites\/3\/2021\/08\/RLP_Hambacher_Schloss_Weinreben_3585_Ketz_1920-1024x682.jpg","large-width":1024,"large-height":682,"1536x1536":"https:\/\/tourismus-grossregion.eu\/fr\/wp-content\/uploads\/sites\/3\/2021\/08\/RLP_Hambacher_Schloss_Weinreben_3585_Ketz_1920-1536x1022.jpg","1536x1536-width":1536,"1536x1536-height":1022,"2048x2048":"https:\/\/tourismus-grossregion.eu\/fr\/wp-content\/uploads\/sites\/3\/2021\/08\/RLP_Hambacher_Schloss_Weinreben_3585_Ketz_1920.jpg","2048x2048-width":1920,"2048x2048-height":1278,"download-thumbnail":"https:\/\/tourismus-grossregion.eu\/fr\/wp-content\/uploads\/sites\/3\/2021\/08\/RLP_Hambacher_Schloss_Weinreben_3585_Ketz_1920-345x230.jpg","download-thumbnail-width":345,"download-thumbnail-height":230,"paragraphimage":"https:\/\/tourismus-grossregion.eu\/fr\/wp-content\/uploads\/sites\/3\/2021\/08\/RLP_Hambacher_Schloss_Weinreben_3585_Ketz_1920-468x312.jpg","paragraphimage-width":468,"paragraphimage-height":312,"slider-image":"https:\/\/tourismus-grossregion.eu\/fr\/wp-content\/uploads\/sites\/3\/2021\/08\/RLP_Hambacher_Schloss_Weinreben_3585_Ketz_1920-901x715.jpg","slider-image-width":901,"slider-image-height":715,"quote-image":"https:\/\/tourismus-grossregion.eu\/fr\/wp-content\/uploads\/sites\/3\/2021\/08\/RLP_Hambacher_Schloss_Weinreben_3585_Ketz_1920-683x455.jpg","quote-image-width":683,"quote-image-height":455,"productcard-image":"https:\/\/tourismus-grossregion.eu\/fr\/wp-content\/uploads\/sites\/3\/2021\/08\/RLP_Hambacher_Schloss_Weinreben_3585_Ketz_1920-710x473.jpg","productcard-image-width":710,"productcard-image-height":473}},"widget_content_carousel_entries_title":"Le Ch\u00e2teau de Hambach","widget_content_carousel_entries_description":"<p>Berceau de la d\u00e9mocratie<\/p>\n","widget_content_carousel_entries__link":"https:\/\/tourismus-grossregion.eu\/fr\/chateau-de-hambach\/"},{"widget_content_carousel_entries_thumbnail":{"ID":584,"id":584,"title":"DJI_0548","filename":"DJI_0548.jpg","filesize":1134999,"url":"https:\/\/tourismus-grossregion.eu\/fr\/wp-content\/uploads\/sites\/3\/2021\/07\/DJI_0548.jpg","link":"https:\/\/tourismus-grossregion.eu\/fr\/saarlouis\/dji_0548\/","alt":"Une vue \u00e0 vol d'oiseau de la ville de Saarlouis avec le Saarpolygon en arri\u00e8re-plan.","author":"2","description":"Une vue \u00e0 vol d'oiseau de la ville de Saarlouis avec le Saarpolygon en arri\u00e8re-plan.","caption":"","name":"dji_0548","status":"inherit","uploaded_to":583,"date":"2021-07-26 14:08:31","modified":"2021-08-04 06:55:32","menu_order":0,"mime_type":"image\/jpeg","type":"image","subtype":"jpeg","icon":"https:\/\/tourismus-grossregion.eu\/fr\/wp-includes\/images\/media\/default.png","width":1920,"height":1279,"sizes":{"thumbnail":"https:\/\/tourismus-grossregion.eu\/fr\/wp-content\/uploads\/sites\/3\/2021\/07\/DJI_0548-150x150.jpg","thumbnail-width":150,"thumbnail-height":150,"medium":"https:\/\/tourismus-grossregion.eu\/fr\/wp-content\/uploads\/sites\/3\/2021\/07\/DJI_0548-300x200.jpg","medium-width":300,"medium-height":200,"medium_large":"https:\/\/tourismus-grossregion.eu\/fr\/wp-content\/uploads\/sites\/3\/2021\/07\/DJI_0548-768x512.jpg","medium_large-width":768,"medium_large-height":512,"large":"https:\/\/tourismus-grossregion.eu\/fr\/wp-content\/uploads\/sites\/3\/2021\/07\/DJI_0548-1024x682.jpg","large-width":1024,"large-height":682,"1536x1536":"https:\/\/tourismus-grossregion.eu\/fr\/wp-content\/uploads\/sites\/3\/2021\/07\/DJI_0548-1536x1023.jpg","1536x1536-width":1536,"1536x1536-height":1023,"2048x2048":"https:\/\/tourismus-grossregion.eu\/fr\/wp-content\/uploads\/sites\/3\/2021\/07\/DJI_0548.jpg","2048x2048-width":1920,"2048x2048-height":1279,"download-thumbnail":"https:\/\/tourismus-grossregion.eu\/fr\/wp-content\/uploads\/sites\/3\/2021\/07\/DJI_0548-345x230.jpg","download-thumbnail-width":345,"download-thumbnail-height":230,"paragraphimage":"https:\/\/tourismus-grossregion.eu\/fr\/wp-content\/uploads\/sites\/3\/2021\/07\/DJI_0548-468x312.jpg","paragraphimage-width":468,"paragraphimage-height":312,"slider-image":"https:\/\/tourismus-grossregion.eu\/fr\/wp-content\/uploads\/sites\/3\/2021\/07\/DJI_0548-901x715.jpg","slider-image-width":901,"slider-image-height":715,"quote-image":"https:\/\/tourismus-grossregion.eu\/fr\/wp-content\/uploads\/sites\/3\/2021\/07\/DJI_0548-683x455.jpg","quote-image-width":683,"quote-image-height":455,"productcard-image":"https:\/\/tourismus-grossregion.eu\/fr\/wp-content\/uploads\/sites\/3\/2021\/07\/DJI_0548-710x473.jpg","productcard-image-width":710,"productcard-image-height":473}},"widget_content_carousel_entries_title":"Saarlouis","widget_content_carousel_entries_description":"<p>Le meilleur de deux mondes<\/p>\n","widget_content_carousel_entries__link":"https:\/\/tourismus-grossregion.eu\/fr\/saarlouis\/"},{"widget_content_carousel_entries_thumbnail":{"ID":504,"id":504,"title":"DSC0386","filename":"DSC0386.jpg","filesize":1531436,"url":"https:\/\/tourismus-grossregion.eu\/fr\/wp-content\/uploads\/sites\/3\/2021\/07\/DSC0386.jpg","link":"https:\/\/tourismus-grossregion.eu\/fr\/?attachment_id=504","alt":"L'ascenseur panoramique du Luxembourg photographi\u00e9 du bas vers le ciel. Le ciel est bleu avec des nuages blancs. L'ascenseur est entour\u00e9 de hautes fa\u00e7ades de maisons.","author":"2","description":"L'ascenseur panoramique du Luxembourg photographi\u00e9 du bas vers le ciel. Le ciel est bleu avec des nuages blancs. L'ascenseur est entour\u00e9 de hautes fa\u00e7ades de maisons.","caption":"","name":"dsc0386","status":"inherit","uploaded_to":582,"date":"2021-07-26 12:28:31","modified":"2021-08-05 11:19:23","menu_order":0,"mime_type":"image\/jpeg","type":"image","subtype":"jpeg","icon":"https:\/\/tourismus-grossregion.eu\/fr\/wp-includes\/images\/media\/default.png","width":1920,"height":1277,"sizes":{"thumbnail":"https:\/\/tourismus-grossregion.eu\/fr\/wp-content\/uploads\/sites\/3\/2021\/07\/DSC0386-150x150.jpg","thumbnail-width":150,"thumbnail-height":150,"medium":"https:\/\/tourismus-grossregion.eu\/fr\/wp-content\/uploads\/sites\/3\/2021\/07\/DSC0386-300x200.jpg","medium-width":300,"medium-height":200,"medium_large":"https:\/\/tourismus-grossregion.eu\/fr\/wp-content\/uploads\/sites\/3\/2021\/07\/DSC0386-768x511.jpg","medium_large-width":768,"medium_large-height":511,"large":"https:\/\/tourismus-grossregion.eu\/fr\/wp-content\/uploads\/sites\/3\/2021\/07\/DSC0386-1024x681.jpg","large-width":1024,"large-height":681,"1536x1536":"https:\/\/tourismus-grossregion.eu\/fr\/wp-content\/uploads\/sites\/3\/2021\/07\/DSC0386-1536x1022.jpg","1536x1536-width":1536,"1536x1536-height":1022,"2048x2048":"https:\/\/tourismus-grossregion.eu\/fr\/wp-content\/uploads\/sites\/3\/2021\/07\/DSC0386.jpg","2048x2048-width":1920,"2048x2048-height":1277,"download-thumbnail":"https:\/\/tourismus-grossregion.eu\/fr\/wp-content\/uploads\/sites\/3\/2021\/07\/DSC0386-345x229.jpg","download-thumbnail-width":345,"download-thumbnail-height":229,"paragraphimage":"https:\/\/tourismus-grossregion.eu\/fr\/wp-content\/uploads\/sites\/3\/2021\/07\/DSC0386-468x311.jpg","paragraphimage-width":468,"paragraphimage-height":311,"slider-image":"https:\/\/tourismus-grossregion.eu\/fr\/wp-content\/uploads\/sites\/3\/2021\/07\/DSC0386-901x715.jpg","slider-image-width":901,"slider-image-height":715,"quote-image":"https:\/\/tourismus-grossregion.eu\/fr\/wp-content\/uploads\/sites\/3\/2021\/07\/DSC0386-683x454.jpg","quote-image-width":683,"quote-image-height":454,"productcard-image":"https:\/\/tourismus-grossregion.eu\/fr\/wp-content\/uploads\/sites\/3\/2021\/07\/DSC0386-710x472.jpg","productcard-image-width":710,"productcard-image-height":472}},"widget_content_carousel_entries_title":"Visite architecturale du Luxembourg","widget_content_carousel_entries_description":"<p>Une ville qui rassemble<\/p>\n","widget_content_carousel_entries__link":"https:\/\/tourismus-grossregion.eu\/fr\/visite-architecturale-luxembourg\/"}],"widget_content_carousel_margin":"small"}],"page_fields_alternative_title":"Mayence \u2013 Ville de Gutenberg"},"_links":{"self":[{"href":"https:\/\/tourismus-grossregion.eu\/fr\/wp-json\/wp\/v2\/pages\/1554"}],"collection":[{"href":"https:\/\/tourismus-grossregion.eu\/fr\/wp-json\/wp\/v2\/pages"}],"about":[{"href":"https:\/\/tourismus-grossregion.eu\/fr\/wp-json\/wp\/v2\/types\/page"}],"author":[{"embeddable":true,"href":"https:\/\/tourismus-grossregion.eu\/fr\/wp-json\/wp\/v2\/users\/17"}],"replies":[{"embeddable":true,"href":"https:\/\/tourismus-grossregion.eu\/fr\/wp-json\/wp\/v2\/comments?post=1554"}],"version-history":[{"count":11,"href":"https:\/\/tourismus-grossregion.eu\/fr\/wp-json\/wp\/v2\/pages\/1554\/revisions"}],"predecessor-version":[{"id":2189,"href":"https:\/\/tourismus-grossregion.eu\/fr\/wp-json\/wp\/v2\/pages\/1554\/revisions\/2189"}],"wp:featuredmedia":[{"embeddable":true,"href":"https:\/\/tourismus-grossregion.eu\/fr\/wp-json\/wp\/v2\/media\/1527"}],"wp:attachment":[{"href":"https:\/\/tourismus-grossregion.eu\/fr\/wp-json\/wp\/v2\/media?parent=1554"}],"curies":[{"name":"wp","href":"https:\/\/api.w.org\/{rel}","templated":true}]}}