{"id":1555,"date":"2021-08-16T12:55:09","date_gmt":"2021-08-16T10:55:09","guid":{"rendered":"https:\/\/tourismus-grossregion.eu\/fr\/story-rheinland-pfalz-hambacher-schloss\/"},"modified":"2021-11-26T13:32:22","modified_gmt":"2021-11-26T12:32:22","slug":"chateau-de-hambach","status":"publish","type":"page","link":"https:\/\/tourismus-grossregion.eu\/fr\/chateau-de-hambach\/","title":{"rendered":"Story: Rh\u00e9nanie-Palatinat: Ch\u00e2teau de Hambach"},"content":{"rendered":"","protected":false},"excerpt":{"rendered":"","protected":false},"author":17,"featured_media":1537,"parent":0,"menu_order":0,"comment_status":"closed","ping_status":"closed","template":"","meta":[],"yoast_head":"<!-- This site is optimized with the Yoast SEO plugin v16.9 - https:\/\/yoast.com\/wordpress\/plugins\/seo\/ -->\n<meta name=\"description\" content=\"????\" \/>\n<meta name=\"robots\" content=\"index, follow, max-snippet:-1, max-image-preview:large, max-video-preview:-1\" \/>\n<link rel=\"canonical\" href=\"https:\/\/tourismus-grossregion.eu\/fr\/chateau-de-hambach\/\" \/>\n<meta property=\"og:locale\" content=\"fr_FR\" \/>\n<meta property=\"og:type\" content=\"article\" \/>\n<meta property=\"og:title\" content=\"Story: Rh\u00e9nanie-Palatinat: Ch\u00e2teau de Hambach - Tourisme Grande R\u00e9gion\" \/>\n<meta property=\"og:description\" content=\"????\" \/>\n<meta property=\"og:url\" content=\"https:\/\/tourismus-grossregion.eu\/fr\/chateau-de-hambach\/\" \/>\n<meta property=\"og:site_name\" content=\"Tourisme Grande R\u00e9gion\" \/>\n<meta property=\"article:modified_time\" content=\"2021-11-26T12:32:22+00:00\" \/>\n<meta property=\"og:image\" content=\"https:\/\/tourismus-grossregion.eu\/fr\/wp-content\/uploads\/sites\/3\/2021\/08\/RLP_Pfalz_Hambacher_Schloss_Luftaufnahme_1516023854_Ketz_1920-e1628846930925.jpg\" \/>\n\t<meta property=\"og:image:width\" content=\"1915\" \/>\n\t<meta property=\"og:image:height\" content=\"1276\" \/>\n<meta name=\"twitter:card\" content=\"summary_large_image\" \/>\n<script type=\"application\/ld+json\" class=\"yoast-schema-graph\">{\"@context\":\"https:\/\/schema.org\",\"@graph\":[{\"@type\":\"WebSite\",\"@id\":\"https:\/\/tourismus-grossregion.eu\/fr\/#website\",\"url\":\"https:\/\/tourismus-grossregion.eu\/fr\/\",\"name\":\"Tourisme Grande R\\u00e9gion\",\"description\":\"Tourisme Grande R\\u00e9gion\",\"potentialAction\":[{\"@type\":\"SearchAction\",\"target\":{\"@type\":\"EntryPoint\",\"urlTemplate\":\"https:\/\/tourismus-grossregion.eu\/fr\/?s={search_term_string}\"},\"query-input\":\"required name=search_term_string\"}],\"inLanguage\":\"fr-FR\"},{\"@type\":\"ImageObject\",\"@id\":\"https:\/\/tourismus-grossregion.eu\/fr\/chateau-de-hambach\/#primaryimage\",\"inLanguage\":\"fr-FR\",\"url\":\"https:\/\/tourismus-grossregion.eu\/fr\/wp-content\/uploads\/sites\/3\/2021\/08\/RLP_Pfalz_Hambacher_Schloss_Luftaufnahme_1516023854_Ketz_1920-e1628846930925.jpg\",\"contentUrl\":\"https:\/\/tourismus-grossregion.eu\/fr\/wp-content\/uploads\/sites\/3\/2021\/08\/RLP_Pfalz_Hambacher_Schloss_Luftaufnahme_1516023854_Ketz_1920-e1628846930925.jpg\",\"width\":1915,\"height\":1276,\"caption\":\"Le ch\\u00e2teau de Hambach domine les vignobles et la ville de Neustadt an der Weinstrasse, dans le sud du Palatinat.\"},{\"@type\":\"WebPage\",\"@id\":\"https:\/\/tourismus-grossregion.eu\/fr\/chateau-de-hambach\/#webpage\",\"url\":\"https:\/\/tourismus-grossregion.eu\/fr\/chateau-de-hambach\/\",\"name\":\"Story: Rh\\u00e9nanie-Palatinat: Ch\\u00e2teau de Hambach - Tourisme Grande R\\u00e9gion\",\"isPartOf\":{\"@id\":\"https:\/\/tourismus-grossregion.eu\/fr\/#website\"},\"primaryImageOfPage\":{\"@id\":\"https:\/\/tourismus-grossregion.eu\/fr\/chateau-de-hambach\/#primaryimage\"},\"datePublished\":\"2021-08-16T10:55:09+00:00\",\"dateModified\":\"2021-11-26T12:32:22+00:00\",\"description\":\"????\",\"breadcrumb\":{\"@id\":\"https:\/\/tourismus-grossregion.eu\/fr\/chateau-de-hambach\/#breadcrumb\"},\"inLanguage\":\"fr-FR\",\"potentialAction\":[{\"@type\":\"ReadAction\",\"target\":[\"https:\/\/tourismus-grossregion.eu\/fr\/chateau-de-hambach\/\"]}]},{\"@type\":\"BreadcrumbList\",\"@id\":\"https:\/\/tourismus-grossregion.eu\/fr\/chateau-de-hambach\/#breadcrumb\",\"itemListElement\":[{\"@type\":\"ListItem\",\"position\":1,\"name\":\"Story: Rh\\u00e9nanie-Palatinat: Ch\\u00e2teau de Hambach\"}]}]}<\/script>\n<!-- \/ Yoast SEO plugin. -->","yoast_head_json":{"description":"????","robots":{"index":"index","follow":"follow","max-snippet":"max-snippet:-1","max-image-preview":"max-image-preview:large","max-video-preview":"max-video-preview:-1"},"canonical":"https:\/\/tourismus-grossregion.eu\/fr\/chateau-de-hambach\/","og_locale":"fr_FR","og_type":"article","og_title":"Story: Rh\u00e9nanie-Palatinat: Ch\u00e2teau de Hambach - Tourisme Grande R\u00e9gion","og_description":"????","og_url":"https:\/\/tourismus-grossregion.eu\/fr\/chateau-de-hambach\/","og_site_name":"Tourisme Grande R\u00e9gion","article_modified_time":"2021-11-26T12:32:22+00:00","og_image":[{"width":1915,"height":1276,"url":"https:\/\/tourismus-grossregion.eu\/fr\/wp-content\/uploads\/sites\/3\/2021\/08\/RLP_Pfalz_Hambacher_Schloss_Luftaufnahme_1516023854_Ketz_1920-e1628846930925.jpg","path":"\/var\/www\/html\/wp-content\/uploads\/sites\/3\/2021\/08\/RLP_Pfalz_Hambacher_Schloss_Luftaufnahme_1516023854_Ketz_1920-e1628846930925.jpg","size":"full","id":1537,"alt":"Vue a\u00e9rienne du ch\u00e2teau de Hambach","pixels":2443540,"type":"image\/jpeg"}],"twitter_card":"summary_large_image","schema":{"@context":"https:\/\/schema.org","@graph":[{"@type":"WebSite","@id":"https:\/\/tourismus-grossregion.eu\/fr\/#website","url":"https:\/\/tourismus-grossregion.eu\/fr\/","name":"Tourisme Grande R\u00e9gion","description":"Tourisme Grande R\u00e9gion","potentialAction":[{"@type":"SearchAction","target":{"@type":"EntryPoint","urlTemplate":"https:\/\/tourismus-grossregion.eu\/fr\/?s={search_term_string}"},"query-input":"required name=search_term_string"}],"inLanguage":"fr-FR"},{"@type":"ImageObject","@id":"https:\/\/tourismus-grossregion.eu\/fr\/chateau-de-hambach\/#primaryimage","inLanguage":"fr-FR","url":"https:\/\/tourismus-grossregion.eu\/fr\/wp-content\/uploads\/sites\/3\/2021\/08\/RLP_Pfalz_Hambacher_Schloss_Luftaufnahme_1516023854_Ketz_1920-e1628846930925.jpg","contentUrl":"https:\/\/tourismus-grossregion.eu\/fr\/wp-content\/uploads\/sites\/3\/2021\/08\/RLP_Pfalz_Hambacher_Schloss_Luftaufnahme_1516023854_Ketz_1920-e1628846930925.jpg","width":1915,"height":1276,"caption":"Le ch\u00e2teau de Hambach domine les vignobles et la ville de Neustadt an der Weinstrasse, dans le sud du Palatinat."},{"@type":"WebPage","@id":"https:\/\/tourismus-grossregion.eu\/fr\/chateau-de-hambach\/#webpage","url":"https:\/\/tourismus-grossregion.eu\/fr\/chateau-de-hambach\/","name":"Story: Rh\u00e9nanie-Palatinat: Ch\u00e2teau de Hambach - Tourisme Grande R\u00e9gion","isPartOf":{"@id":"https:\/\/tourismus-grossregion.eu\/fr\/#website"},"primaryImageOfPage":{"@id":"https:\/\/tourismus-grossregion.eu\/fr\/chateau-de-hambach\/#primaryimage"},"datePublished":"2021-08-16T10:55:09+00:00","dateModified":"2021-11-26T12:32:22+00:00","description":"????","breadcrumb":{"@id":"https:\/\/tourismus-grossregion.eu\/fr\/chateau-de-hambach\/#breadcrumb"},"inLanguage":"fr-FR","potentialAction":[{"@type":"ReadAction","target":["https:\/\/tourismus-grossregion.eu\/fr\/chateau-de-hambach\/"]}]},{"@type":"BreadcrumbList","@id":"https:\/\/tourismus-grossregion.eu\/fr\/chateau-de-hambach\/#breadcrumb","itemListElement":[{"@type":"ListItem","position":1,"name":"Story: Rh\u00e9nanie-Palatinat: Ch\u00e2teau de Hambach"}]}]}},"acf":{"pb_acf_widgets":[{"acf_fc_layout":"widget_hero_static","widget_hero_static_background":{"widget_hero_static_background_type":false,"widget_hero_static_image":{"ID":1538,"id":1538,"title":"RLP_Pfalz_Hambacher_Schloss_1516023856_Ketz_1920","filename":"RLP_Pfalz_Hambacher_Schloss_1516023856_Ketz_1920.jpg","filesize":2311216,"url":"https:\/\/tourismus-grossregion.eu\/fr\/wp-content\/uploads\/sites\/3\/2021\/08\/RLP_Pfalz_Hambacher_Schloss_1516023856_Ketz_1920.jpg","link":"https:\/\/tourismus-grossregion.eu\/fr\/story-rhenanie-palatinat-les-maars-de-leifel\/rlp_pfalz_hambacher_schloss_1516023856_ketz_1920\/","alt":"Vue a\u00e9rienne du ch\u00e2teau de Hambach","author":"17","description":"Le ch\u00e2teau de Hambach domine les vignobles et la ville de Neustadt an der Weinstrasse, dans le sud du Palatinat.","caption":"Le ch\u00e2teau de Hambach domine les vignobles et la ville de Neustadt an der Weinstrasse, dans le sud du Palatinat.","name":"rlp_pfalz_hambacher_schloss_1516023856_ketz_1920","status":"inherit","uploaded_to":1686,"date":"2021-08-16 06:51:07","modified":"2021-09-27 14:55:10","menu_order":0,"mime_type":"image\/jpeg","type":"image","subtype":"jpeg","icon":"https:\/\/tourismus-grossregion.eu\/fr\/wp-includes\/images\/media\/default.png","width":1920,"height":1279,"sizes":{"thumbnail":"https:\/\/tourismus-grossregion.eu\/fr\/wp-content\/uploads\/sites\/3\/2021\/08\/RLP_Pfalz_Hambacher_Schloss_1516023856_Ketz_1920-150x150.jpg","thumbnail-width":150,"thumbnail-height":150,"medium":"https:\/\/tourismus-grossregion.eu\/fr\/wp-content\/uploads\/sites\/3\/2021\/08\/RLP_Pfalz_Hambacher_Schloss_1516023856_Ketz_1920-300x200.jpg","medium-width":300,"medium-height":200,"medium_large":"https:\/\/tourismus-grossregion.eu\/fr\/wp-content\/uploads\/sites\/3\/2021\/08\/RLP_Pfalz_Hambacher_Schloss_1516023856_Ketz_1920-768x512.jpg","medium_large-width":768,"medium_large-height":512,"large":"https:\/\/tourismus-grossregion.eu\/fr\/wp-content\/uploads\/sites\/3\/2021\/08\/RLP_Pfalz_Hambacher_Schloss_1516023856_Ketz_1920-1024x682.jpg","large-width":1024,"large-height":682,"1536x1536":"https:\/\/tourismus-grossregion.eu\/fr\/wp-content\/uploads\/sites\/3\/2021\/08\/RLP_Pfalz_Hambacher_Schloss_1516023856_Ketz_1920-1536x1023.jpg","1536x1536-width":1536,"1536x1536-height":1023,"2048x2048":"https:\/\/tourismus-grossregion.eu\/fr\/wp-content\/uploads\/sites\/3\/2021\/08\/RLP_Pfalz_Hambacher_Schloss_1516023856_Ketz_1920.jpg","2048x2048-width":1920,"2048x2048-height":1279,"download-thumbnail":"https:\/\/tourismus-grossregion.eu\/fr\/wp-content\/uploads\/sites\/3\/2021\/08\/RLP_Pfalz_Hambacher_Schloss_1516023856_Ketz_1920-345x230.jpg","download-thumbnail-width":345,"download-thumbnail-height":230,"paragraphimage":"https:\/\/tourismus-grossregion.eu\/fr\/wp-content\/uploads\/sites\/3\/2021\/08\/RLP_Pfalz_Hambacher_Schloss_1516023856_Ketz_1920-468x312.jpg","paragraphimage-width":468,"paragraphimage-height":312,"slider-image":"https:\/\/tourismus-grossregion.eu\/fr\/wp-content\/uploads\/sites\/3\/2021\/08\/RLP_Pfalz_Hambacher_Schloss_1516023856_Ketz_1920-901x715.jpg","slider-image-width":901,"slider-image-height":715,"quote-image":"https:\/\/tourismus-grossregion.eu\/fr\/wp-content\/uploads\/sites\/3\/2021\/08\/RLP_Pfalz_Hambacher_Schloss_1516023856_Ketz_1920-683x455.jpg","quote-image-width":683,"quote-image-height":455,"productcard-image":"https:\/\/tourismus-grossregion.eu\/fr\/wp-content\/uploads\/sites\/3\/2021\/08\/RLP_Pfalz_Hambacher_Schloss_1516023856_Ketz_1920-710x473.jpg","productcard-image-width":710,"productcard-image-height":473}},"widget_hero_static_video_type":false,"widget_hero_static_video_upload":false,"widget_hero_static_youtube_embed":"","widget_hero_static_filter":false},"widget_hero_static_content":{"widget_hero_static_headline":"Le Ch\u00e2teau de Hambach","widget_hero_static_copy":"","widget_hero_static_link":""},"widget_hero_static_margin":"small"},{"acf_fc_layout":"widget_paragraph_headlines_image","widget_paragraph_headlines_image_orientation":false,"widget_paragraph_headlines_image_decoration":true,"widget_paragraph_headlines_image_content":{"widget_paragraph_headlines_image_preline":"","widget_paragraph_headlines_image_headline":"","widget_paragraph_headlines_image_subline":"Berceau de la d\u00e9mocratie","widget_paragraph_headlines_image_editor_justify":true,"widget_paragraph_headlines_image_editor":"<p>Au sud de la Rh\u00e9nanie-Palatinat, d\u00e9couvrez le berceau de la d\u00e9mocratie allemande\u00a0: le ch\u00e2teau de Hambach. C\u2019est en 1832 que les valeurs de la libert\u00e9, de l\u2019unit\u00e9 et de l\u2019\u00e9galit\u00e9 y furent proclam\u00e9es pour la premi\u00e8re fois sur le sol allemand, au c\u0153ur de ce paysage naturel et culturel tr\u00e8s particulier.<\/p>\n","widget_paragraph_headlines_image_link":""},"widget_paragraph_headlines_image_image":false,"widget_paragraph_headlines_image_image_option":false,"widget_paragraph_headlines_image_margin":"small"},{"acf_fc_layout":"widget_editor","widget_editor_justify":true,"widget_editor_editor":"<p>D\u00e8s votre arriv\u00e9e sur le lieu, vous pouvez profiter d\u2019une vue magnifique\u00a0: alors que vous traversez l\u2019\u00e9tendue de vignobles du sud du Palatinat, le majestueux ch\u00e2teau de Hambach tr\u00f4ne sur sa cr\u00eate montagneuse, au milieu de la for\u00eat palatine. Ce paysage unique est tr\u00e8s accessible, notamment par de nombreux itin\u00e9raires de randonn\u00e9e et pistes cyclables. Dans les villages aux alentours, vous pourrez aller \u00e0 la rencontre des viticulteurs accueillants et d\u00e9guster leurs d\u00e9licieux vins locaux, ainsi que des plats savoureux typiques du Palatinat. Une conclusion parfaite apr\u00e8s une journ\u00e9e riche en exp\u00e9riences\u2009!<\/p>\n","widget_editor_margin":"small"},{"acf_fc_layout":"widget_image","widget_image_image":{"ID":1540,"id":1540,"title":"RLP_Hambacher_Schloss_Weinreben_3585_Ketz_1920","filename":"RLP_Hambacher_Schloss_Weinreben_3585_Ketz_1920.jpg","filesize":2032711,"url":"https:\/\/tourismus-grossregion.eu\/fr\/wp-content\/uploads\/sites\/3\/2021\/08\/RLP_Hambacher_Schloss_Weinreben_3585_Ketz_1920.jpg","link":"https:\/\/tourismus-grossregion.eu\/fr\/beispiel-seite-3\/rlp_hambacher_schloss_weinreben_3585_ketz_1920\/","alt":"Vue du ch\u00e2teau de Hambach depuis les vignobles","author":"17","description":"Le ch\u00e2teau de Hambach domine les vignobles et la ville de Neustadt an der Weinstra\u00dfe, dans le sud du Palatinat.","caption":"Le ch\u00e2teau de Hambach domine les vignobles et la ville de Neustadt an der Weinstra\u00dfe, dans le sud du Palatinat.","name":"rlp_hambacher_schloss_weinreben_3585_ketz_1920","status":"inherit","uploaded_to":1631,"date":"2021-08-16 06:51:09","modified":"2021-09-30 11:18:24","menu_order":0,"mime_type":"image\/jpeg","type":"image","subtype":"jpeg","icon":"https:\/\/tourismus-grossregion.eu\/fr\/wp-includes\/images\/media\/default.png","width":1920,"height":1278,"sizes":{"thumbnail":"https:\/\/tourismus-grossregion.eu\/fr\/wp-content\/uploads\/sites\/3\/2021\/08\/RLP_Hambacher_Schloss_Weinreben_3585_Ketz_1920-150x150.jpg","thumbnail-width":150,"thumbnail-height":150,"medium":"https:\/\/tourismus-grossregion.eu\/fr\/wp-content\/uploads\/sites\/3\/2021\/08\/RLP_Hambacher_Schloss_Weinreben_3585_Ketz_1920-300x200.jpg","medium-width":300,"medium-height":200,"medium_large":"https:\/\/tourismus-grossregion.eu\/fr\/wp-content\/uploads\/sites\/3\/2021\/08\/RLP_Hambacher_Schloss_Weinreben_3585_Ketz_1920-768x511.jpg","medium_large-width":768,"medium_large-height":511,"large":"https:\/\/tourismus-grossregion.eu\/fr\/wp-content\/uploads\/sites\/3\/2021\/08\/RLP_Hambacher_Schloss_Weinreben_3585_Ketz_1920-1024x682.jpg","large-width":1024,"large-height":682,"1536x1536":"https:\/\/tourismus-grossregion.eu\/fr\/wp-content\/uploads\/sites\/3\/2021\/08\/RLP_Hambacher_Schloss_Weinreben_3585_Ketz_1920-1536x1022.jpg","1536x1536-width":1536,"1536x1536-height":1022,"2048x2048":"https:\/\/tourismus-grossregion.eu\/fr\/wp-content\/uploads\/sites\/3\/2021\/08\/RLP_Hambacher_Schloss_Weinreben_3585_Ketz_1920.jpg","2048x2048-width":1920,"2048x2048-height":1278,"download-thumbnail":"https:\/\/tourismus-grossregion.eu\/fr\/wp-content\/uploads\/sites\/3\/2021\/08\/RLP_Hambacher_Schloss_Weinreben_3585_Ketz_1920-345x230.jpg","download-thumbnail-width":345,"download-thumbnail-height":230,"paragraphimage":"https:\/\/tourismus-grossregion.eu\/fr\/wp-content\/uploads\/sites\/3\/2021\/08\/RLP_Hambacher_Schloss_Weinreben_3585_Ketz_1920-468x312.jpg","paragraphimage-width":468,"paragraphimage-height":312,"slider-image":"https:\/\/tourismus-grossregion.eu\/fr\/wp-content\/uploads\/sites\/3\/2021\/08\/RLP_Hambacher_Schloss_Weinreben_3585_Ketz_1920-901x715.jpg","slider-image-width":901,"slider-image-height":715,"quote-image":"https:\/\/tourismus-grossregion.eu\/fr\/wp-content\/uploads\/sites\/3\/2021\/08\/RLP_Hambacher_Schloss_Weinreben_3585_Ketz_1920-683x455.jpg","quote-image-width":683,"quote-image-height":455,"productcard-image":"https:\/\/tourismus-grossregion.eu\/fr\/wp-content\/uploads\/sites\/3\/2021\/08\/RLP_Hambacher_Schloss_Weinreben_3585_Ketz_1920-710x473.jpg","productcard-image-width":710,"productcard-image-height":473}},"widget_image_caption":"Le ch\u00e2teau de Hambach, surplombant les vignobles et la ville de Neustadt an der Weinstra\u00dfe, dans le sud du Palatinat, Palatinat","widget_image_margin":"small"},{"acf_fc_layout":"widget_paragraph_headlines_image","widget_paragraph_headlines_image_orientation":true,"widget_paragraph_headlines_image_decoration":false,"widget_paragraph_headlines_image_content":{"widget_paragraph_headlines_image_preline":"","widget_paragraph_headlines_image_headline":"","widget_paragraph_headlines_image_subline":"Un mus\u00e9e fascinant entre des murs charg\u00e9s d\u2019histoire","widget_paragraph_headlines_image_editor_justify":true,"widget_paragraph_headlines_image_editor":"<p>En plus du tableau qui se d\u00e9voile \u00e0 vous \u00e0 votre arriv\u00e9e au ch\u00e2teau, le panorama depuis la tour du ch\u00e2teau de Hambach est tout aussi magnifique. De l\u00e0-haut, la vue semble s\u2019\u00e9tendre bien au-del\u00e0 des vignobles et des villages, jusqu\u2019en Alsace. Pour ce qui est du ch\u00e2teau lui-m\u00eame, entre ses murs historiques, vous d\u00e9couvrirez un mus\u00e9e passionnant qui vous r\u00e9v\u00e8lera l\u2019histoire curieuse de la f\u00eate de Hambach. Dans l\u2019exposition permanente ou lors d\u2019une visite guid\u00e9e du ch\u00e2teau, cet \u00e9v\u00e9nement cl\u00e9 de l\u2019histoire de la d\u00e9mocratie semble reprendre vie.<\/p>\n<p>L\u2019enjeu de cet \u00e9v\u00e9nement du 27\u00a0mai 1832 r\u00e9side dans son objectif\u00a0: les manifestations politiques et assembl\u00e9es lib\u00e9rales \u00e9tant interdites au sein de la Conf\u00e9d\u00e9ration germanique, l\u2019\u00e9v\u00e9nement fut d\u00e9clar\u00e9 comme une f\u00eate populaire. Pr\u00e8s de 30\u2009000\u00a0personnes de diff\u00e9rents pays purent ainsi se r\u00e9unir au ch\u00e2teau de Hambach pour d\u00e9fendre les valeurs de la libert\u00e9, de l\u2019unit\u00e9 et de l\u2019\u00e9galit\u00e9, pour la premi\u00e8re fois sur le sol allemand. Un cort\u00e8ge fut organis\u00e9, des chansons chant\u00e9es et des discours de libert\u00e9 prononc\u00e9s.<\/p>\n","widget_paragraph_headlines_image_link":""},"widget_paragraph_headlines_image_image":{"ID":1539,"id":1539,"title":"RLP_Pfalz_Hambacher_Schloss_Paar_1516023879_Ketz-scaled","filename":"RLP_Pfalz_Hambacher_Schloss_Paar_1516023879_Ketz-scaled.jpg","filesize":490673,"url":"https:\/\/tourismus-grossregion.eu\/fr\/wp-content\/uploads\/sites\/3\/2021\/08\/RLP_Pfalz_Hambacher_Schloss_Paar_1516023879_Ketz-scaled.jpg","link":"https:\/\/tourismus-grossregion.eu\/fr\/chateau-de-hambach\/rlp_pfalz_hambacher_schloss_paar_1516023879_ketz-scaled\/","alt":"Un couple profite de la vue sur la ville de Neustadt an der Weinstra\u00dfe depuis le ch\u00e2teau de Hambach.","author":"17","description":"Le ch\u00e2teau de Hambach domine Neustadt an der Weinstra\u00dfe. Une grande terrasse panoramique autour du ch\u00e2teau offre une vue unique, Pfalz","caption":"Le ch\u00e2teau de Hambach domine Neustadt an der Weinstra\u00dfe. Une grande terrasse panoramique autour du ch\u00e2teau offre une vue unique, Pfalz","name":"rlp_pfalz_hambacher_schloss_paar_1516023879_ketz-scaled","status":"inherit","uploaded_to":1555,"date":"2021-08-16 06:51:08","modified":"2021-11-23 11:41:54","menu_order":0,"mime_type":"image\/jpeg","type":"image","subtype":"jpeg","icon":"https:\/\/tourismus-grossregion.eu\/fr\/wp-includes\/images\/media\/default.png","width":2560,"height":1708,"sizes":{"thumbnail":"https:\/\/tourismus-grossregion.eu\/fr\/wp-content\/uploads\/sites\/3\/2021\/08\/RLP_Pfalz_Hambacher_Schloss_Paar_1516023879_Ketz-scaled-150x150.jpg","thumbnail-width":150,"thumbnail-height":150,"medium":"https:\/\/tourismus-grossregion.eu\/fr\/wp-content\/uploads\/sites\/3\/2021\/08\/RLP_Pfalz_Hambacher_Schloss_Paar_1516023879_Ketz-scaled-300x200.jpg","medium-width":300,"medium-height":200,"medium_large":"https:\/\/tourismus-grossregion.eu\/fr\/wp-content\/uploads\/sites\/3\/2021\/08\/RLP_Pfalz_Hambacher_Schloss_Paar_1516023879_Ketz-scaled-768x512.jpg","medium_large-width":768,"medium_large-height":512,"large":"https:\/\/tourismus-grossregion.eu\/fr\/wp-content\/uploads\/sites\/3\/2021\/08\/RLP_Pfalz_Hambacher_Schloss_Paar_1516023879_Ketz-scaled-1024x683.jpg","large-width":1024,"large-height":683,"1536x1536":"https:\/\/tourismus-grossregion.eu\/fr\/wp-content\/uploads\/sites\/3\/2021\/08\/RLP_Pfalz_Hambacher_Schloss_Paar_1516023879_Ketz-scaled-1536x1025.jpg","1536x1536-width":1536,"1536x1536-height":1025,"2048x2048":"https:\/\/tourismus-grossregion.eu\/fr\/wp-content\/uploads\/sites\/3\/2021\/08\/RLP_Pfalz_Hambacher_Schloss_Paar_1516023879_Ketz-scaled-2048x1366.jpg","2048x2048-width":2048,"2048x2048-height":1366,"download-thumbnail":"https:\/\/tourismus-grossregion.eu\/fr\/wp-content\/uploads\/sites\/3\/2021\/08\/RLP_Pfalz_Hambacher_Schloss_Paar_1516023879_Ketz-scaled-345x230.jpg","download-thumbnail-width":345,"download-thumbnail-height":230,"paragraphimage":"https:\/\/tourismus-grossregion.eu\/fr\/wp-content\/uploads\/sites\/3\/2021\/08\/RLP_Pfalz_Hambacher_Schloss_Paar_1516023879_Ketz-scaled-468x312.jpg","paragraphimage-width":468,"paragraphimage-height":312,"slider-image":"https:\/\/tourismus-grossregion.eu\/fr\/wp-content\/uploads\/sites\/3\/2021\/08\/RLP_Pfalz_Hambacher_Schloss_Paar_1516023879_Ketz-scaled-901x715.jpg","slider-image-width":901,"slider-image-height":715,"quote-image":"https:\/\/tourismus-grossregion.eu\/fr\/wp-content\/uploads\/sites\/3\/2021\/08\/RLP_Pfalz_Hambacher_Schloss_Paar_1516023879_Ketz-scaled-683x456.jpg","quote-image-width":683,"quote-image-height":456,"productcard-image":"https:\/\/tourismus-grossregion.eu\/fr\/wp-content\/uploads\/sites\/3\/2021\/08\/RLP_Pfalz_Hambacher_Schloss_Paar_1516023879_Ketz-scaled-710x474.jpg","productcard-image-width":710,"productcard-image-height":474}},"widget_paragraph_headlines_image_image_option":false,"widget_paragraph_headlines_image_margin":"small"},{"acf_fc_layout":"widget_testimonial","widget_testimonial_color":false,"widget_testimonial_content":{"widget_testimonial_name":"Ulrike Dittrich","widget_testimonial_position":"Directrice ex\u00e9cutive de la Fondation du ch\u00e2teau de Hambach","widget_testimonial_quote_size":false,"widget_testimonial_quote":"\u00ab\u2009Cet \u00e9v\u00e9nement, cach\u00e9 sous des airs de f\u00eate, a permis de r\u00e9pandre l\u2019id\u00e9ologie lib\u00e9rale.\u2009\u00bb"},"widget_testimonial_image":{"ID":1543,"id":1543,"title":"Ulrike_Dittrich_Hambacher_Schloss_Pfalz-e1628777144389","filename":"Ulrike_Dittrich_Hambacher_Schloss_Pfalz-e1628777144389.jpg","filesize":104649,"url":"https:\/\/tourismus-grossregion.eu\/fr\/wp-content\/uploads\/sites\/3\/2021\/08\/Ulrike_Dittrich_Hambacher_Schloss_Pfalz-e1628777144389.jpg","link":"https:\/\/tourismus-grossregion.eu\/fr\/chateau-de-hambach\/ulrike_dittrich_hambacher_schloss_pfalz-e1628777144389\/","alt":"Portrait d'Ulrike Dittrich, directrice g\u00e9n\u00e9rale de la Fondation du ch\u00e2teau de Hambach","author":"17","description":"Ulrike Dittrich, directrice g\u00e9n\u00e9rale de la Fondation du ch\u00e2teau de Hambach","caption":"Ulrike Dittrich, directrice g\u00e9n\u00e9rale de la Fondation du ch\u00e2teau de Hambach","name":"ulrike_dittrich_hambacher_schloss_pfalz-e1628777144389","status":"inherit","uploaded_to":1555,"date":"2021-08-16 06:51:12","modified":"2021-11-23 11:41:54","menu_order":0,"mime_type":"image\/jpeg","type":"image","subtype":"jpeg","icon":"https:\/\/tourismus-grossregion.eu\/fr\/wp-includes\/images\/media\/default.png","width":1008,"height":672,"sizes":{"thumbnail":"https:\/\/tourismus-grossregion.eu\/fr\/wp-content\/uploads\/sites\/3\/2021\/08\/Ulrike_Dittrich_Hambacher_Schloss_Pfalz-e1628777144389-150x150.jpg","thumbnail-width":150,"thumbnail-height":150,"medium":"https:\/\/tourismus-grossregion.eu\/fr\/wp-content\/uploads\/sites\/3\/2021\/08\/Ulrike_Dittrich_Hambacher_Schloss_Pfalz-e1628777144389-300x200.jpg","medium-width":300,"medium-height":200,"medium_large":"https:\/\/tourismus-grossregion.eu\/fr\/wp-content\/uploads\/sites\/3\/2021\/08\/Ulrike_Dittrich_Hambacher_Schloss_Pfalz-e1628777144389-768x512.jpg","medium_large-width":768,"medium_large-height":512,"large":"https:\/\/tourismus-grossregion.eu\/fr\/wp-content\/uploads\/sites\/3\/2021\/08\/Ulrike_Dittrich_Hambacher_Schloss_Pfalz-e1628777144389.jpg","large-width":1008,"large-height":672,"1536x1536":"https:\/\/tourismus-grossregion.eu\/fr\/wp-content\/uploads\/sites\/3\/2021\/08\/Ulrike_Dittrich_Hambacher_Schloss_Pfalz-e1628777144389.jpg","1536x1536-width":1008,"1536x1536-height":672,"2048x2048":"https:\/\/tourismus-grossregion.eu\/fr\/wp-content\/uploads\/sites\/3\/2021\/08\/Ulrike_Dittrich_Hambacher_Schloss_Pfalz-e1628777144389.jpg","2048x2048-width":1008,"2048x2048-height":672,"download-thumbnail":"https:\/\/tourismus-grossregion.eu\/fr\/wp-content\/uploads\/sites\/3\/2021\/08\/Ulrike_Dittrich_Hambacher_Schloss_Pfalz-e1628777144389-345x230.jpg","download-thumbnail-width":345,"download-thumbnail-height":230,"paragraphimage":"https:\/\/tourismus-grossregion.eu\/fr\/wp-content\/uploads\/sites\/3\/2021\/08\/Ulrike_Dittrich_Hambacher_Schloss_Pfalz-e1628777144389-468x312.jpg","paragraphimage-width":468,"paragraphimage-height":312,"slider-image":"https:\/\/tourismus-grossregion.eu\/fr\/wp-content\/uploads\/sites\/3\/2021\/08\/Ulrike_Dittrich_Hambacher_Schloss_Pfalz-e1628777144389-901x672.jpg","slider-image-width":901,"slider-image-height":672,"quote-image":"https:\/\/tourismus-grossregion.eu\/fr\/wp-content\/uploads\/sites\/3\/2021\/08\/Ulrike_Dittrich_Hambacher_Schloss_Pfalz-e1628777144389-683x455.jpg","quote-image-width":683,"quote-image-height":455,"productcard-image":"https:\/\/tourismus-grossregion.eu\/fr\/wp-content\/uploads\/sites\/3\/2021\/08\/Ulrike_Dittrich_Hambacher_Schloss_Pfalz-e1628777144389-710x473.jpg","productcard-image-width":710,"productcard-image-height":473}},"widget_testimonial_margin":"small"},{"acf_fc_layout":"widget_editor","widget_editor_justify":true,"widget_editor_editor":"<p>Certains de ces discours, qui appelaient notamment \u00e0 la libert\u00e9 d\u2019expression et \u00e0 l\u2019amiti\u00e9 entre voisinages, sont repris dans leur texte original et peuvent \u00eatre \u00e9cout\u00e9s au mus\u00e9e. \u00c0 l\u2019aide de petits personnages, l\u2019atmosph\u00e8re color\u00e9e du cort\u00e8ge de la f\u00eate de Hambach a \u00e9t\u00e9 reproduite et donne une id\u00e9e de l\u2019ambiance du rassemblement. Au fil de l\u2019exposition, cinq personnages fictifs vous partagent de nombreuses informations passionnantes et vous accompagnent \u00e0 travers les murs du berceau de la d\u00e9mocratie allemande.<\/p>\n","widget_editor_margin":"small"},{"acf_fc_layout":"widget_gallery","widget_gallery_entries":[{"widget_gallery_image":{"ID":1537,"id":1537,"title":"RLP_Pfalz_Hambacher_Schloss_Luftaufnahme_1516023854_Ketz_1920","filename":"RLP_Pfalz_Hambacher_Schloss_Luftaufnahme_1516023854_Ketz_1920-e1628846930925.jpg","filesize":596453,"url":"https:\/\/tourismus-grossregion.eu\/fr\/wp-content\/uploads\/sites\/3\/2021\/08\/RLP_Pfalz_Hambacher_Schloss_Luftaufnahme_1516023854_Ketz_1920-e1628846930925.jpg","link":"https:\/\/tourismus-grossregion.eu\/fr\/chateau-de-hambach\/rlp_pfalz_hambacher_schloss_luftaufnahme_1516023854_ketz_1920\/","alt":"Vue a\u00e9rienne du ch\u00e2teau de Hambach","author":"2","description":"Le ch\u00e2teau de Hambach domine les vignobles et la ville de Neustadt an der Weinstrasse, dans le sud du Palatinat.","caption":"Le ch\u00e2teau de Hambach domine les vignobles et la ville de Neustadt an der Weinstrasse, dans le sud du Palatinat.","name":"rlp_pfalz_hambacher_schloss_luftaufnahme_1516023854_ketz_1920","status":"inherit","uploaded_to":1555,"date":"2021-08-16 10:55:10","modified":"2021-08-16 11:42:28","menu_order":0,"mime_type":"image\/jpeg","type":"image","subtype":"jpeg","icon":"https:\/\/tourismus-grossregion.eu\/fr\/wp-includes\/images\/media\/default.png","width":1915,"height":1276,"sizes":{"thumbnail":"https:\/\/tourismus-grossregion.eu\/fr\/wp-content\/uploads\/sites\/3\/2021\/08\/RLP_Pfalz_Hambacher_Schloss_Luftaufnahme_1516023854_Ketz_1920-e1628846930925-150x150.jpg","thumbnail-width":150,"thumbnail-height":150,"medium":"https:\/\/tourismus-grossregion.eu\/fr\/wp-content\/uploads\/sites\/3\/2021\/08\/RLP_Pfalz_Hambacher_Schloss_Luftaufnahme_1516023854_Ketz_1920-e1628846930925-300x200.jpg","medium-width":300,"medium-height":200,"medium_large":"https:\/\/tourismus-grossregion.eu\/fr\/wp-content\/uploads\/sites\/3\/2021\/08\/RLP_Pfalz_Hambacher_Schloss_Luftaufnahme_1516023854_Ketz_1920-e1628846930925-768x512.jpg","medium_large-width":768,"medium_large-height":512,"large":"https:\/\/tourismus-grossregion.eu\/fr\/wp-content\/uploads\/sites\/3\/2021\/08\/RLP_Pfalz_Hambacher_Schloss_Luftaufnahme_1516023854_Ketz_1920-e1628846930925-1024x682.jpg","large-width":1024,"large-height":682,"1536x1536":"https:\/\/tourismus-grossregion.eu\/fr\/wp-content\/uploads\/sites\/3\/2021\/08\/RLP_Pfalz_Hambacher_Schloss_Luftaufnahme_1516023854_Ketz_1920-e1628846930925-1536x1023.jpg","1536x1536-width":1536,"1536x1536-height":1023,"2048x2048":"https:\/\/tourismus-grossregion.eu\/fr\/wp-content\/uploads\/sites\/3\/2021\/08\/RLP_Pfalz_Hambacher_Schloss_Luftaufnahme_1516023854_Ketz_1920-e1628846930925.jpg","2048x2048-width":1915,"2048x2048-height":1276,"download-thumbnail":"https:\/\/tourismus-grossregion.eu\/fr\/wp-content\/uploads\/sites\/3\/2021\/08\/RLP_Pfalz_Hambacher_Schloss_Luftaufnahme_1516023854_Ketz_1920-e1628846930925-345x230.jpg","download-thumbnail-width":345,"download-thumbnail-height":230,"paragraphimage":"https:\/\/tourismus-grossregion.eu\/fr\/wp-content\/uploads\/sites\/3\/2021\/08\/RLP_Pfalz_Hambacher_Schloss_Luftaufnahme_1516023854_Ketz_1920-e1628846930925-468x312.jpg","paragraphimage-width":468,"paragraphimage-height":312,"slider-image":"https:\/\/tourismus-grossregion.eu\/fr\/wp-content\/uploads\/sites\/3\/2021\/08\/RLP_Pfalz_Hambacher_Schloss_Luftaufnahme_1516023854_Ketz_1920-e1628846930925-901x715.jpg","slider-image-width":901,"slider-image-height":715,"quote-image":"https:\/\/tourismus-grossregion.eu\/fr\/wp-content\/uploads\/sites\/3\/2021\/08\/RLP_Pfalz_Hambacher_Schloss_Luftaufnahme_1516023854_Ketz_1920-e1628846930925-683x455.jpg","quote-image-width":683,"quote-image-height":455,"productcard-image":"https:\/\/tourismus-grossregion.eu\/fr\/wp-content\/uploads\/sites\/3\/2021\/08\/RLP_Pfalz_Hambacher_Schloss_Luftaufnahme_1516023854_Ketz_1920-e1628846930925-710x473.jpg","productcard-image-width":710,"productcard-image-height":473}},"widget_gallery_caption":"Le ch\u00e2teau de Hambach, surplombant les vignobles et la ville de Neustadt an der Weinstra\u00dfe, dans le sud du Palatinat, Palatinat"},{"widget_gallery_image":{"ID":1541,"id":1541,"title":"RLP_Pfalz_Hambacher_Schloss_1516026860_Schaedler_1920-e1628846946184","filename":"RLP_Pfalz_Hambacher_Schloss_1516026860_Schaedler_1920-e1628846946184.jpg","filesize":459394,"url":"https:\/\/tourismus-grossregion.eu\/fr\/wp-content\/uploads\/sites\/3\/2021\/08\/RLP_Pfalz_Hambacher_Schloss_1516026860_Schaedler_1920-e1628846946184.jpg","link":"https:\/\/tourismus-grossregion.eu\/fr\/beispiel-seite-3\/rlp_pfalz_hambacher_schloss_1516026860_schaedler_1920-e1628846946184\/","alt":"Vue ext\u00e9rieure du ch\u00e2teau de Hambach","author":"17","description":"Le ch\u00e2teau de Hambach est consid\u00e9r\u00e9 comme le berceau de la d\u00e9mocratie allemande. Le m\u00e9morial national pr\u00e8s de Neustadt an der Weinstra\u00dfe a \u00e9t\u00e9 reconstruit selon les plans de l'architecte Max Dudler, Pfalz","caption":"Le ch\u00e2teau de Hambach est consid\u00e9r\u00e9 comme le berceau de la d\u00e9mocratie allemande. Le m\u00e9morial national pr\u00e8s de Neustadt an der Weinstra\u00dfe a \u00e9t\u00e9 reconstruit selon les plans de l'architecte Max Dudler, Pfalz","name":"rlp_pfalz_hambacher_schloss_1516026860_schaedler_1920-e1628846946184","status":"inherit","uploaded_to":1631,"date":"2021-08-16 06:51:10","modified":"2021-09-30 11:18:24","menu_order":0,"mime_type":"image\/jpeg","type":"image","subtype":"jpeg","icon":"https:\/\/tourismus-grossregion.eu\/fr\/wp-includes\/images\/media\/default.png","width":1920,"height":1281,"sizes":{"thumbnail":"https:\/\/tourismus-grossregion.eu\/fr\/wp-content\/uploads\/sites\/3\/2021\/08\/RLP_Pfalz_Hambacher_Schloss_1516026860_Schaedler_1920-e1628846946184-150x150.jpg","thumbnail-width":150,"thumbnail-height":150,"medium":"https:\/\/tourismus-grossregion.eu\/fr\/wp-content\/uploads\/sites\/3\/2021\/08\/RLP_Pfalz_Hambacher_Schloss_1516026860_Schaedler_1920-e1628846946184-300x200.jpg","medium-width":300,"medium-height":200,"medium_large":"https:\/\/tourismus-grossregion.eu\/fr\/wp-content\/uploads\/sites\/3\/2021\/08\/RLP_Pfalz_Hambacher_Schloss_1516026860_Schaedler_1920-e1628846946184-768x512.jpg","medium_large-width":768,"medium_large-height":512,"large":"https:\/\/tourismus-grossregion.eu\/fr\/wp-content\/uploads\/sites\/3\/2021\/08\/RLP_Pfalz_Hambacher_Schloss_1516026860_Schaedler_1920-e1628846946184-1024x683.jpg","large-width":1024,"large-height":683,"1536x1536":"https:\/\/tourismus-grossregion.eu\/fr\/wp-content\/uploads\/sites\/3\/2021\/08\/RLP_Pfalz_Hambacher_Schloss_1516026860_Schaedler_1920-e1628846946184-1536x1025.jpg","1536x1536-width":1536,"1536x1536-height":1025,"2048x2048":"https:\/\/tourismus-grossregion.eu\/fr\/wp-content\/uploads\/sites\/3\/2021\/08\/RLP_Pfalz_Hambacher_Schloss_1516026860_Schaedler_1920-e1628846946184.jpg","2048x2048-width":1920,"2048x2048-height":1281,"download-thumbnail":"https:\/\/tourismus-grossregion.eu\/fr\/wp-content\/uploads\/sites\/3\/2021\/08\/RLP_Pfalz_Hambacher_Schloss_1516026860_Schaedler_1920-e1628846946184-345x230.jpg","download-thumbnail-width":345,"download-thumbnail-height":230,"paragraphimage":"https:\/\/tourismus-grossregion.eu\/fr\/wp-content\/uploads\/sites\/3\/2021\/08\/RLP_Pfalz_Hambacher_Schloss_1516026860_Schaedler_1920-e1628846946184-468x312.jpg","paragraphimage-width":468,"paragraphimage-height":312,"slider-image":"https:\/\/tourismus-grossregion.eu\/fr\/wp-content\/uploads\/sites\/3\/2021\/08\/RLP_Pfalz_Hambacher_Schloss_1516026860_Schaedler_1920-e1628846946184-901x715.jpg","slider-image-width":901,"slider-image-height":715,"quote-image":"https:\/\/tourismus-grossregion.eu\/fr\/wp-content\/uploads\/sites\/3\/2021\/08\/RLP_Pfalz_Hambacher_Schloss_1516026860_Schaedler_1920-e1628846946184-683x456.jpg","quote-image-width":683,"quote-image-height":456,"productcard-image":"https:\/\/tourismus-grossregion.eu\/fr\/wp-content\/uploads\/sites\/3\/2021\/08\/RLP_Pfalz_Hambacher_Schloss_1516026860_Schaedler_1920-e1628846946184-710x474.jpg","productcard-image-width":710,"productcard-image-height":474}},"widget_gallery_caption":"Le ch\u00e2teau de Hambach est consid\u00e9r\u00e9 comme le berceau de la d\u00e9mocratie allemande. Le m\u00e9morial national de Neustadt an der Weinstra\u00dfe fut transform\u00e9 selon les plans de l\u2019architecte Max Dudler, Palatinat"},{"widget_gallery_image":{"ID":1542,"id":1542,"title":"RLP_Pflz_Hambacher_Schloss_Ausstellung_Paar_1516023863_Ketz_1920","filename":"RLP_Pflz_Hambacher_Schloss_Ausstellung_Paar_1516023863_Ketz_1920.jpg","filesize":1659344,"url":"https:\/\/tourismus-grossregion.eu\/fr\/wp-content\/uploads\/sites\/3\/2021\/08\/RLP_Pflz_Hambacher_Schloss_Ausstellung_Paar_1516023863_Ketz_1920.jpg","link":"https:\/\/tourismus-grossregion.eu\/fr\/chateau-de-hambach\/rlp_pflz_hambacher_schloss_ausstellung_paar_1516023863_ketz_1920\/","alt":"Participation \u00e0 l'exposition \"Up, up to the castle\" au ch\u00e2teau de Hambach","author":"17","description":"L'exposition \"En haut, jusqu'au ch\u00e2teau\" informe en cinq \u00eelots th\u00e9matiques passionnants sur l'\u00e9volution de la d\u00e9mocratie jusqu'\u00e0 nos jours, Palatinat","caption":"L'exposition \"En haut, jusqu'au ch\u00e2teau\" informe en cinq \u00eelots th\u00e9matiques passionnants sur l'\u00e9volution de la d\u00e9mocratie jusqu'\u00e0 nos jours, Palatinat","name":"rlp_pflz_hambacher_schloss_ausstellung_paar_1516023863_ketz_1920","status":"inherit","uploaded_to":1555,"date":"2021-08-16 06:51:11","modified":"2021-11-23 11:41:54","menu_order":0,"mime_type":"image\/jpeg","type":"image","subtype":"jpeg","icon":"https:\/\/tourismus-grossregion.eu\/fr\/wp-includes\/images\/media\/default.png","width":1920,"height":1280,"sizes":{"thumbnail":"https:\/\/tourismus-grossregion.eu\/fr\/wp-content\/uploads\/sites\/3\/2021\/08\/RLP_Pflz_Hambacher_Schloss_Ausstellung_Paar_1516023863_Ketz_1920-150x150.jpg","thumbnail-width":150,"thumbnail-height":150,"medium":"https:\/\/tourismus-grossregion.eu\/fr\/wp-content\/uploads\/sites\/3\/2021\/08\/RLP_Pflz_Hambacher_Schloss_Ausstellung_Paar_1516023863_Ketz_1920-300x200.jpg","medium-width":300,"medium-height":200,"medium_large":"https:\/\/tourismus-grossregion.eu\/fr\/wp-content\/uploads\/sites\/3\/2021\/08\/RLP_Pflz_Hambacher_Schloss_Ausstellung_Paar_1516023863_Ketz_1920-768x512.jpg","medium_large-width":768,"medium_large-height":512,"large":"https:\/\/tourismus-grossregion.eu\/fr\/wp-content\/uploads\/sites\/3\/2021\/08\/RLP_Pflz_Hambacher_Schloss_Ausstellung_Paar_1516023863_Ketz_1920-1024x683.jpg","large-width":1024,"large-height":683,"1536x1536":"https:\/\/tourismus-grossregion.eu\/fr\/wp-content\/uploads\/sites\/3\/2021\/08\/RLP_Pflz_Hambacher_Schloss_Ausstellung_Paar_1516023863_Ketz_1920-1536x1024.jpg","1536x1536-width":1536,"1536x1536-height":1024,"2048x2048":"https:\/\/tourismus-grossregion.eu\/fr\/wp-content\/uploads\/sites\/3\/2021\/08\/RLP_Pflz_Hambacher_Schloss_Ausstellung_Paar_1516023863_Ketz_1920.jpg","2048x2048-width":1920,"2048x2048-height":1280,"download-thumbnail":"https:\/\/tourismus-grossregion.eu\/fr\/wp-content\/uploads\/sites\/3\/2021\/08\/RLP_Pflz_Hambacher_Schloss_Ausstellung_Paar_1516023863_Ketz_1920-345x230.jpg","download-thumbnail-width":345,"download-thumbnail-height":230,"paragraphimage":"https:\/\/tourismus-grossregion.eu\/fr\/wp-content\/uploads\/sites\/3\/2021\/08\/RLP_Pflz_Hambacher_Schloss_Ausstellung_Paar_1516023863_Ketz_1920-468x312.jpg","paragraphimage-width":468,"paragraphimage-height":312,"slider-image":"https:\/\/tourismus-grossregion.eu\/fr\/wp-content\/uploads\/sites\/3\/2021\/08\/RLP_Pflz_Hambacher_Schloss_Ausstellung_Paar_1516023863_Ketz_1920-901x715.jpg","slider-image-width":901,"slider-image-height":715,"quote-image":"https:\/\/tourismus-grossregion.eu\/fr\/wp-content\/uploads\/sites\/3\/2021\/08\/RLP_Pflz_Hambacher_Schloss_Ausstellung_Paar_1516023863_Ketz_1920-683x455.jpg","quote-image-width":683,"quote-image-height":455,"productcard-image":"https:\/\/tourismus-grossregion.eu\/fr\/wp-content\/uploads\/sites\/3\/2021\/08\/RLP_Pflz_Hambacher_Schloss_Ausstellung_Paar_1516023863_Ketz_1920-710x473.jpg","productcard-image-width":710,"productcard-image-height":473}},"widget_gallery_caption":"L\u2019exposition \u00ab\u2009Hinauf, hinauf zum Schloss\u2009\u00bb (\u00ab\u2009Rendez-vous au ch\u00e2teau\u2009\u00bb), retra\u00e7ant l\u2019\u00e9volution de la d\u00e9mocratie jusqu\u2019\u00e0 aujourd\u2019hui au fil de cinq \u00eeles th\u00e9matiques, Palatinat"},{"widget_gallery_image":{"ID":1544,"id":1544,"title":"RLP_Pfalz_Hambacher_Schloss_Speisesaal_1516023860_Ketz_1920","filename":"RLP_Pfalz_Hambacher_Schloss_Speisesaal_1516023860_Ketz_1920.jpg","filesize":2026099,"url":"https:\/\/tourismus-grossregion.eu\/fr\/wp-content\/uploads\/sites\/3\/2021\/08\/RLP_Pfalz_Hambacher_Schloss_Speisesaal_1516023860_Ketz_1920.jpg","link":"https:\/\/tourismus-grossregion.eu\/fr\/chateau-de-hambach\/rlp_pfalz_hambacher_schloss_speisesaal_1516023860_ketz_1920\/","alt":"Vue sur la salle \u00e0 manger du ch\u00e2teau de Hambach, d\u00e9cor\u00e9e de fa\u00e7on festive.","author":"17","description":"Le ch\u00e2teau de Hambach est situ\u00e9 sur le Kastanienberg, au-dessus de Neustadt an der Weinstra\u00dfe, dans la r\u00e9gion du Palatinat en Allemagne.","caption":"Le ch\u00e2teau de Hambach est situ\u00e9 sur le Kastanienberg, au-dessus de Neustadt an der Weinstra\u00dfe, dans la r\u00e9gion du Palatinat en Allemagne.","name":"rlp_pfalz_hambacher_schloss_speisesaal_1516023860_ketz_1920","status":"inherit","uploaded_to":1555,"date":"2021-08-16 06:51:12","modified":"2021-11-23 11:41:54","menu_order":0,"mime_type":"image\/jpeg","type":"image","subtype":"jpeg","icon":"https:\/\/tourismus-grossregion.eu\/fr\/wp-includes\/images\/media\/default.png","width":1920,"height":1280,"sizes":{"thumbnail":"https:\/\/tourismus-grossregion.eu\/fr\/wp-content\/uploads\/sites\/3\/2021\/08\/RLP_Pfalz_Hambacher_Schloss_Speisesaal_1516023860_Ketz_1920-150x150.jpg","thumbnail-width":150,"thumbnail-height":150,"medium":"https:\/\/tourismus-grossregion.eu\/fr\/wp-content\/uploads\/sites\/3\/2021\/08\/RLP_Pfalz_Hambacher_Schloss_Speisesaal_1516023860_Ketz_1920-300x200.jpg","medium-width":300,"medium-height":200,"medium_large":"https:\/\/tourismus-grossregion.eu\/fr\/wp-content\/uploads\/sites\/3\/2021\/08\/RLP_Pfalz_Hambacher_Schloss_Speisesaal_1516023860_Ketz_1920-768x512.jpg","medium_large-width":768,"medium_large-height":512,"large":"https:\/\/tourismus-grossregion.eu\/fr\/wp-content\/uploads\/sites\/3\/2021\/08\/RLP_Pfalz_Hambacher_Schloss_Speisesaal_1516023860_Ketz_1920-1024x683.jpg","large-width":1024,"large-height":683,"1536x1536":"https:\/\/tourismus-grossregion.eu\/fr\/wp-content\/uploads\/sites\/3\/2021\/08\/RLP_Pfalz_Hambacher_Schloss_Speisesaal_1516023860_Ketz_1920-1536x1024.jpg","1536x1536-width":1536,"1536x1536-height":1024,"2048x2048":"https:\/\/tourismus-grossregion.eu\/fr\/wp-content\/uploads\/sites\/3\/2021\/08\/RLP_Pfalz_Hambacher_Schloss_Speisesaal_1516023860_Ketz_1920.jpg","2048x2048-width":1920,"2048x2048-height":1280,"download-thumbnail":"https:\/\/tourismus-grossregion.eu\/fr\/wp-content\/uploads\/sites\/3\/2021\/08\/RLP_Pfalz_Hambacher_Schloss_Speisesaal_1516023860_Ketz_1920-345x230.jpg","download-thumbnail-width":345,"download-thumbnail-height":230,"paragraphimage":"https:\/\/tourismus-grossregion.eu\/fr\/wp-content\/uploads\/sites\/3\/2021\/08\/RLP_Pfalz_Hambacher_Schloss_Speisesaal_1516023860_Ketz_1920-468x312.jpg","paragraphimage-width":468,"paragraphimage-height":312,"slider-image":"https:\/\/tourismus-grossregion.eu\/fr\/wp-content\/uploads\/sites\/3\/2021\/08\/RLP_Pfalz_Hambacher_Schloss_Speisesaal_1516023860_Ketz_1920-901x715.jpg","slider-image-width":901,"slider-image-height":715,"quote-image":"https:\/\/tourismus-grossregion.eu\/fr\/wp-content\/uploads\/sites\/3\/2021\/08\/RLP_Pfalz_Hambacher_Schloss_Speisesaal_1516023860_Ketz_1920-683x455.jpg","quote-image-width":683,"quote-image-height":455,"productcard-image":"https:\/\/tourismus-grossregion.eu\/fr\/wp-content\/uploads\/sites\/3\/2021\/08\/RLP_Pfalz_Hambacher_Schloss_Speisesaal_1516023860_Ketz_1920-710x473.jpg","productcard-image-width":710,"productcard-image-height":473}},"widget_gallery_caption":"Le ch\u00e2teau de Hambach, un cadre id\u00e9al pour les \u00e9v\u00e9nements et manifestations, Palatinat"},{"widget_gallery_image":{"ID":1545,"id":1545,"title":"RLP_Pfalz_Mandelbluete_5826_Ketz_1920-e1628846984304","filename":"RLP_Pfalz_Mandelbluete_5826_Ketz_1920-e1628846984304.jpg","filesize":494568,"url":"https:\/\/tourismus-grossregion.eu\/fr\/wp-content\/uploads\/sites\/3\/2021\/08\/RLP_Pfalz_Mandelbluete_5826_Ketz_1920-e1628846984304.jpg","link":"https:\/\/tourismus-grossregion.eu\/fr\/chateau-de-hambach\/rlp_pfalz_mandelbluete_5826_ketz_1920-e1628846984304\/","alt":"Une promenade en d\u00e9capotable le long d'un vignoble sur la route des vins allemands avec des amandiers en fleurs.","author":"17","description":"La fleur d'amandier dans le Palatinat baigne chaque ann\u00e9e les vignobles de la Route allemande du vin dans une mer rose de fleurs, Palatinat","caption":"La fleur d'amandier dans le Palatinat baigne chaque ann\u00e9e les vignobles de la Route allemande du vin dans une mer rose de fleurs, Palatinat","name":"rlp_pfalz_mandelbluete_5826_ketz_1920-e1628846984304","status":"inherit","uploaded_to":1555,"date":"2021-08-16 06:51:13","modified":"2021-11-23 11:41:54","menu_order":0,"mime_type":"image\/jpeg","type":"image","subtype":"jpeg","icon":"https:\/\/tourismus-grossregion.eu\/fr\/wp-includes\/images\/media\/default.png","width":1915,"height":1276,"sizes":{"thumbnail":"https:\/\/tourismus-grossregion.eu\/fr\/wp-content\/uploads\/sites\/3\/2021\/08\/RLP_Pfalz_Mandelbluete_5826_Ketz_1920-e1628846984304-150x150.jpg","thumbnail-width":150,"thumbnail-height":150,"medium":"https:\/\/tourismus-grossregion.eu\/fr\/wp-content\/uploads\/sites\/3\/2021\/08\/RLP_Pfalz_Mandelbluete_5826_Ketz_1920-e1628846984304-300x200.jpg","medium-width":300,"medium-height":200,"medium_large":"https:\/\/tourismus-grossregion.eu\/fr\/wp-content\/uploads\/sites\/3\/2021\/08\/RLP_Pfalz_Mandelbluete_5826_Ketz_1920-e1628846984304-768x512.jpg","medium_large-width":768,"medium_large-height":512,"large":"https:\/\/tourismus-grossregion.eu\/fr\/wp-content\/uploads\/sites\/3\/2021\/08\/RLP_Pfalz_Mandelbluete_5826_Ketz_1920-e1628846984304-1024x682.jpg","large-width":1024,"large-height":682,"1536x1536":"https:\/\/tourismus-grossregion.eu\/fr\/wp-content\/uploads\/sites\/3\/2021\/08\/RLP_Pfalz_Mandelbluete_5826_Ketz_1920-e1628846984304-1536x1023.jpg","1536x1536-width":1536,"1536x1536-height":1023,"2048x2048":"https:\/\/tourismus-grossregion.eu\/fr\/wp-content\/uploads\/sites\/3\/2021\/08\/RLP_Pfalz_Mandelbluete_5826_Ketz_1920-e1628846984304.jpg","2048x2048-width":1915,"2048x2048-height":1276,"download-thumbnail":"https:\/\/tourismus-grossregion.eu\/fr\/wp-content\/uploads\/sites\/3\/2021\/08\/RLP_Pfalz_Mandelbluete_5826_Ketz_1920-e1628846984304-345x230.jpg","download-thumbnail-width":345,"download-thumbnail-height":230,"paragraphimage":"https:\/\/tourismus-grossregion.eu\/fr\/wp-content\/uploads\/sites\/3\/2021\/08\/RLP_Pfalz_Mandelbluete_5826_Ketz_1920-e1628846984304-468x312.jpg","paragraphimage-width":468,"paragraphimage-height":312,"slider-image":"https:\/\/tourismus-grossregion.eu\/fr\/wp-content\/uploads\/sites\/3\/2021\/08\/RLP_Pfalz_Mandelbluete_5826_Ketz_1920-e1628846984304-901x715.jpg","slider-image-width":901,"slider-image-height":715,"quote-image":"https:\/\/tourismus-grossregion.eu\/fr\/wp-content\/uploads\/sites\/3\/2021\/08\/RLP_Pfalz_Mandelbluete_5826_Ketz_1920-e1628846984304-683x455.jpg","quote-image-width":683,"quote-image-height":455,"productcard-image":"https:\/\/tourismus-grossregion.eu\/fr\/wp-content\/uploads\/sites\/3\/2021\/08\/RLP_Pfalz_Mandelbluete_5826_Ketz_1920-e1628846984304-710x473.jpg","productcard-image-width":710,"productcard-image-height":473}},"widget_gallery_caption":"Chaque ann\u00e9e, la fleur d\u2019amandier du Palatinat plonge les vignobles de la route allemande des vins dans une mer de fleurs roses, Palatinat"}],"widget_gallery_margin":"small"},{"acf_fc_layout":"widget_editor","widget_editor_justify":true,"widget_editor_editor":"<p>La pi\u00e8ce la plus importante de l\u2019exposition est sans aucun doute le drapeau d\u2019origine de la f\u00eate de Hambach, portant la mention \u00ab\u2009<em>Deutschlands Wiedergeburt\u2009<\/em>\u00bb (\u00ab\u2009<em>Renaissance de l\u2019Allemagne\u2009<\/em>\u00bb) et arborant d\u00e9j\u00e0 les couleurs noir, rouge et or. Lors de la f\u00eate, il fut apport\u00e9 par le commer\u00e7ant Johann Philipp Abresch et est l\u2019un des premiers drapeaux affichant les couleurs de l\u2019Allemagne d\u2019aujourd\u2019hui. Un vestige majeur de l\u2019histoire allemande. Le ch\u00e2teau de Hambach est un site culturel passionnant situ\u00e9 au c\u0153ur d\u2019un paysage naturel impressionnant du sud de la Rh\u00e9nanie-Palatinat.<\/p>\n","widget_editor_margin":"small"},{"acf_fc_layout":"widget_video","widget_video_type":false,"widget_video_youtube":"k9Pem07Fx3c","widget_video_youtube_poster_bool":true,"widget_video_youtube_poster":{"ID":1591,"id":1591,"title":"YouTube-Thumbnail-Hambacher-Schloss-FR.jpg","filename":"YouTube-Thumbnail-Hambacher-Schloss-FR.jpg.png","filesize":926494,"url":"https:\/\/tourismus-grossregion.eu\/fr\/wp-content\/uploads\/sites\/3\/2021\/08\/YouTube-Thumbnail-Hambacher-Schloss-FR.jpg.png","link":"https:\/\/tourismus-grossregion.eu\/fr\/chateau-de-hambach\/youtube-thumbnail-hambacher-schloss-fr-jpg\/","alt":"Vue a\u00e9rienne du ch\u00e2teau de Hambach","author":"17","description":"Le ch\u00e2teau de Hambach domine les vignobles et la ville de Neustadt an der Weinstrasse, dans le sud du Palatinat.","caption":"Le ch\u00e2teau de Hambach domine les vignobles et la ville de Neustadt an der Weinstrasse, dans le sud du Palatinat.","name":"youtube-thumbnail-hambacher-schloss-fr-jpg","status":"inherit","uploaded_to":1555,"date":"2021-08-16 13:32:19","modified":"2021-08-16 13:34:03","menu_order":0,"mime_type":"image\/png","type":"image","subtype":"png","icon":"https:\/\/tourismus-grossregion.eu\/fr\/wp-includes\/images\/media\/default.png","width":1280,"height":720,"sizes":{"thumbnail":"https:\/\/tourismus-grossregion.eu\/fr\/wp-content\/uploads\/sites\/3\/2021\/08\/YouTube-Thumbnail-Hambacher-Schloss-FR.jpg-150x150.png","thumbnail-width":150,"thumbnail-height":150,"medium":"https:\/\/tourismus-grossregion.eu\/fr\/wp-content\/uploads\/sites\/3\/2021\/08\/YouTube-Thumbnail-Hambacher-Schloss-FR.jpg-300x169.png","medium-width":300,"medium-height":169,"medium_large":"https:\/\/tourismus-grossregion.eu\/fr\/wp-content\/uploads\/sites\/3\/2021\/08\/YouTube-Thumbnail-Hambacher-Schloss-FR.jpg-768x432.png","medium_large-width":768,"medium_large-height":432,"large":"https:\/\/tourismus-grossregion.eu\/fr\/wp-content\/uploads\/sites\/3\/2021\/08\/YouTube-Thumbnail-Hambacher-Schloss-FR.jpg-1024x576.png","large-width":1024,"large-height":576,"1536x1536":"https:\/\/tourismus-grossregion.eu\/fr\/wp-content\/uploads\/sites\/3\/2021\/08\/YouTube-Thumbnail-Hambacher-Schloss-FR.jpg.png","1536x1536-width":1280,"1536x1536-height":720,"2048x2048":"https:\/\/tourismus-grossregion.eu\/fr\/wp-content\/uploads\/sites\/3\/2021\/08\/YouTube-Thumbnail-Hambacher-Schloss-FR.jpg.png","2048x2048-width":1280,"2048x2048-height":720,"download-thumbnail":"https:\/\/tourismus-grossregion.eu\/fr\/wp-content\/uploads\/sites\/3\/2021\/08\/YouTube-Thumbnail-Hambacher-Schloss-FR.jpg-345x194.png","download-thumbnail-width":345,"download-thumbnail-height":194,"paragraphimage":"https:\/\/tourismus-grossregion.eu\/fr\/wp-content\/uploads\/sites\/3\/2021\/08\/YouTube-Thumbnail-Hambacher-Schloss-FR.jpg-468x263.png","paragraphimage-width":468,"paragraphimage-height":263,"slider-image":"https:\/\/tourismus-grossregion.eu\/fr\/wp-content\/uploads\/sites\/3\/2021\/08\/YouTube-Thumbnail-Hambacher-Schloss-FR.jpg-901x715.png","slider-image-width":901,"slider-image-height":715,"quote-image":"https:\/\/tourismus-grossregion.eu\/fr\/wp-content\/uploads\/sites\/3\/2021\/08\/YouTube-Thumbnail-Hambacher-Schloss-FR.jpg-683x384.png","quote-image-width":683,"quote-image-height":384,"productcard-image":"https:\/\/tourismus-grossregion.eu\/fr\/wp-content\/uploads\/sites\/3\/2021\/08\/YouTube-Thumbnail-Hambacher-Schloss-FR.jpg-710x399.png","productcard-image-width":710,"productcard-image-height":399}},"widget_video_youtube_poster_filter":false,"widget_video_upload":false,"widget_video_headline":"","widget_video_duration":"03:01","widget_video_margin":"small"},{"acf_fc_layout":"widget_paragraph_headlines_image","widget_paragraph_headlines_image_orientation":false,"widget_paragraph_headlines_image_decoration":true,"widget_paragraph_headlines_image_content":{"widget_paragraph_headlines_image_preline":"","widget_paragraph_headlines_image_headline":"","widget_paragraph_headlines_image_subline":"Vous aimez ce que vous voyez ? ","widget_paragraph_headlines_image_editor_justify":false,"widget_paragraph_headlines_image_editor":"<p>La Grande R\u00e9gion a beaucoup plus \u00e0 offrir ! Jetez un coup d\u2019\u0153il aux histoires suivantes de la r\u00e9gion et laissez-vous inspirer.<\/p>\n","widget_paragraph_headlines_image_link":""},"widget_paragraph_headlines_image_image":false,"widget_paragraph_headlines_image_image_option":false,"widget_paragraph_headlines_image_margin":"small"},{"acf_fc_layout":"widget_content_carousel","widget_content_carousel_preline":"","widget_content_carousel_headline":"","widget_content_carousel_description_justify":false,"widget_content_carousel_entries":[{"widget_content_carousel_entries_thumbnail":{"ID":1527,"id":1527,"title":"RLP_Rheinhessen_Gutenberg_1516026698_Ketz_Header","filename":"RLP_Rheinhessen_Gutenberg_1516026698_Ketz_Header.jpg","filesize":1826529,"url":"https:\/\/tourismus-grossregion.eu\/fr\/wp-content\/uploads\/sites\/3\/2021\/08\/RLP_Rheinhessen_Gutenberg_1516026698_Ketz_Header.jpg","link":"https:\/\/tourismus-grossregion.eu\/fr\/mayence-ville-de-gutenberg\/rlp_rheinhessen_gutenberg_1516026698_ketz_header\/","alt":"Un jeune homme regarde une exposition au Mus\u00e9e Gutenberg.","author":"2","description":"Le mus\u00e9e Gutenberg est l'un des plus anciens mus\u00e9es de l'imprimerie et de la typographie au monde. Les \u00e9ditions de la Bible de Gutenberg font partie des principales attractions du mus\u00e9e, Rheinhessen","caption":"Le mus\u00e9e Gutenberg est l'un des plus anciens mus\u00e9es de l'imprimerie et de la typographie au monde. Les \u00e9ditions de la Bible de Gutenberg font partie des principales attractions du mus\u00e9e, Rheinhessen","name":"rlp_rheinhessen_gutenberg_1516026698_ketz_header","status":"inherit","uploaded_to":1554,"date":"2021-08-16 10:54:49","modified":"2021-08-16 11:47:44","menu_order":0,"mime_type":"image\/jpeg","type":"image","subtype":"jpeg","icon":"https:\/\/tourismus-grossregion.eu\/fr\/wp-includes\/images\/media\/default.png","width":1920,"height":1280,"sizes":{"thumbnail":"https:\/\/tourismus-grossregion.eu\/fr\/wp-content\/uploads\/sites\/3\/2021\/08\/RLP_Rheinhessen_Gutenberg_1516026698_Ketz_Header-150x150.jpg","thumbnail-width":150,"thumbnail-height":150,"medium":"https:\/\/tourismus-grossregion.eu\/fr\/wp-content\/uploads\/sites\/3\/2021\/08\/RLP_Rheinhessen_Gutenberg_1516026698_Ketz_Header-300x200.jpg","medium-width":300,"medium-height":200,"medium_large":"https:\/\/tourismus-grossregion.eu\/fr\/wp-content\/uploads\/sites\/3\/2021\/08\/RLP_Rheinhessen_Gutenberg_1516026698_Ketz_Header-768x512.jpg","medium_large-width":768,"medium_large-height":512,"large":"https:\/\/tourismus-grossregion.eu\/fr\/wp-content\/uploads\/sites\/3\/2021\/08\/RLP_Rheinhessen_Gutenberg_1516026698_Ketz_Header-1024x683.jpg","large-width":1024,"large-height":683,"1536x1536":"https:\/\/tourismus-grossregion.eu\/fr\/wp-content\/uploads\/sites\/3\/2021\/08\/RLP_Rheinhessen_Gutenberg_1516026698_Ketz_Header-1536x1024.jpg","1536x1536-width":1536,"1536x1536-height":1024,"2048x2048":"https:\/\/tourismus-grossregion.eu\/fr\/wp-content\/uploads\/sites\/3\/2021\/08\/RLP_Rheinhessen_Gutenberg_1516026698_Ketz_Header.jpg","2048x2048-width":1920,"2048x2048-height":1280,"download-thumbnail":"https:\/\/tourismus-grossregion.eu\/fr\/wp-content\/uploads\/sites\/3\/2021\/08\/RLP_Rheinhessen_Gutenberg_1516026698_Ketz_Header-345x230.jpg","download-thumbnail-width":345,"download-thumbnail-height":230,"paragraphimage":"https:\/\/tourismus-grossregion.eu\/fr\/wp-content\/uploads\/sites\/3\/2021\/08\/RLP_Rheinhessen_Gutenberg_1516026698_Ketz_Header-468x312.jpg","paragraphimage-width":468,"paragraphimage-height":312,"slider-image":"https:\/\/tourismus-grossregion.eu\/fr\/wp-content\/uploads\/sites\/3\/2021\/08\/RLP_Rheinhessen_Gutenberg_1516026698_Ketz_Header-901x715.jpg","slider-image-width":901,"slider-image-height":715,"quote-image":"https:\/\/tourismus-grossregion.eu\/fr\/wp-content\/uploads\/sites\/3\/2021\/08\/RLP_Rheinhessen_Gutenberg_1516026698_Ketz_Header-683x455.jpg","quote-image-width":683,"quote-image-height":455,"productcard-image":"https:\/\/tourismus-grossregion.eu\/fr\/wp-content\/uploads\/sites\/3\/2021\/08\/RLP_Rheinhessen_Gutenberg_1516026698_Ketz_Header-710x473.jpg","productcard-image-width":710,"productcard-image-height":473}},"widget_content_carousel_entries_title":"Mayence \u2013 Ville de Gutenberg","widget_content_carousel_entries_description":"<p>Sur les traces de Johannes Gutenberg<\/p>\n","widget_content_carousel_entries__link":"https:\/\/tourismus-grossregion.eu\/fr\/mayence-ville-de-gutenberg\/"},{"widget_content_carousel_entries_thumbnail":{"ID":768,"id":768,"title":"DSC2134_1","filename":"DSC2134_1.jpg","filesize":376987,"url":"https:\/\/tourismus-grossregion.eu\/fr\/wp-content\/uploads\/sites\/3\/2021\/07\/DSC2134_1.jpg","link":"https:\/\/tourismus-grossregion.eu\/fr\/skateboarding-is-not-a-crime\/dsc2134_1\/","alt":"Une grande installation artistique en plein air o\u00f9 l'on peut lire le mot \"Luxembourg\" montre deux skateurs visibles en arri\u00e8re-plan, film\u00e9s \u00e0 travers l'une des lettres.","author":"2","description":"Une grande installation artistique en plein air o\u00f9 l'on peut lire le mot \"Luxembourg\" montre deux skateurs visibles en arri\u00e8re-plan, film\u00e9s \u00e0 travers l'une des lettres.","caption":"","name":"dsc2134_1","status":"inherit","uploaded_to":767,"date":"2021-07-27 12:01:18","modified":"2021-07-27 12:11:39","menu_order":0,"mime_type":"image\/jpeg","type":"image","subtype":"jpeg","icon":"https:\/\/tourismus-grossregion.eu\/fr\/wp-includes\/images\/media\/default.png","width":1920,"height":1277,"sizes":{"thumbnail":"https:\/\/tourismus-grossregion.eu\/fr\/wp-content\/uploads\/sites\/3\/2021\/07\/DSC2134_1-150x150.jpg","thumbnail-width":150,"thumbnail-height":150,"medium":"https:\/\/tourismus-grossregion.eu\/fr\/wp-content\/uploads\/sites\/3\/2021\/07\/DSC2134_1-300x200.jpg","medium-width":300,"medium-height":200,"medium_large":"https:\/\/tourismus-grossregion.eu\/fr\/wp-content\/uploads\/sites\/3\/2021\/07\/DSC2134_1-768x511.jpg","medium_large-width":768,"medium_large-height":511,"large":"https:\/\/tourismus-grossregion.eu\/fr\/wp-content\/uploads\/sites\/3\/2021\/07\/DSC2134_1-1024x681.jpg","large-width":1024,"large-height":681,"1536x1536":"https:\/\/tourismus-grossregion.eu\/fr\/wp-content\/uploads\/sites\/3\/2021\/07\/DSC2134_1-1536x1022.jpg","1536x1536-width":1536,"1536x1536-height":1022,"2048x2048":"https:\/\/tourismus-grossregion.eu\/fr\/wp-content\/uploads\/sites\/3\/2021\/07\/DSC2134_1.jpg","2048x2048-width":1920,"2048x2048-height":1277,"download-thumbnail":"https:\/\/tourismus-grossregion.eu\/fr\/wp-content\/uploads\/sites\/3\/2021\/07\/DSC2134_1-345x229.jpg","download-thumbnail-width":345,"download-thumbnail-height":229,"paragraphimage":"https:\/\/tourismus-grossregion.eu\/fr\/wp-content\/uploads\/sites\/3\/2021\/07\/DSC2134_1-468x311.jpg","paragraphimage-width":468,"paragraphimage-height":311,"slider-image":"https:\/\/tourismus-grossregion.eu\/fr\/wp-content\/uploads\/sites\/3\/2021\/07\/DSC2134_1-901x715.jpg","slider-image-width":901,"slider-image-height":715,"quote-image":"https:\/\/tourismus-grossregion.eu\/fr\/wp-content\/uploads\/sites\/3\/2021\/07\/DSC2134_1-683x454.jpg","quote-image-width":683,"quote-image-height":454,"productcard-image":"https:\/\/tourismus-grossregion.eu\/fr\/wp-content\/uploads\/sites\/3\/2021\/07\/DSC2134_1-710x472.jpg","productcard-image-width":710,"productcard-image-height":472}},"widget_content_carousel_entries_title":"Skateboarding \u00e0 Luxemburg","widget_content_carousel_entries_description":"<p>Skateboarding is not a crime<\/p>\n","widget_content_carousel_entries__link":"https:\/\/tourismus-grossregion.eu\/fr\/skateboarding-is-not-a-crime\/"},{"widget_content_carousel_entries_thumbnail":{"ID":566,"id":566,"title":"Huette1_1","filename":"Huette1_1.jpeg","filesize":750889,"url":"https:\/\/tourismus-grossregion.eu\/fr\/wp-content\/uploads\/sites\/3\/2021\/07\/Huette1_1.jpeg","link":"https:\/\/tourismus-grossregion.eu\/fr\/pour-les-vacanciers-de-courte-duree\/huette1_1\/","alt":"Une vue \u00e0 vol d'oiseau du site industriel de l'usine sid\u00e9rurgique de V\u00f6lklingen montre des tuyaux de couleur rouille, de grands b\u00e2timents et une petite zone verte en arri\u00e8re-plan.","author":"2","description":"Une vue \u00e0 vol d'oiseau du site industriel de l'usine sid\u00e9rurgique de V\u00f6lklingen montre des tuyaux de couleur rouille, de grands b\u00e2timents et une petite zone verte en arri\u00e8re-plan.","caption":"","name":"huette1_1","status":"inherit","uploaded_to":851,"date":"2021-07-26 14:03:29","modified":"2021-08-27 07:31:36","menu_order":0,"mime_type":"image\/jpeg","type":"image","subtype":"jpeg","icon":"https:\/\/tourismus-grossregion.eu\/fr\/wp-includes\/images\/media\/default.png","width":1920,"height":1280,"sizes":{"thumbnail":"https:\/\/tourismus-grossregion.eu\/fr\/wp-content\/uploads\/sites\/3\/2021\/07\/Huette1_1-150x150.jpeg","thumbnail-width":150,"thumbnail-height":150,"medium":"https:\/\/tourismus-grossregion.eu\/fr\/wp-content\/uploads\/sites\/3\/2021\/07\/Huette1_1-300x200.jpeg","medium-width":300,"medium-height":200,"medium_large":"https:\/\/tourismus-grossregion.eu\/fr\/wp-content\/uploads\/sites\/3\/2021\/07\/Huette1_1-768x512.jpeg","medium_large-width":768,"medium_large-height":512,"large":"https:\/\/tourismus-grossregion.eu\/fr\/wp-content\/uploads\/sites\/3\/2021\/07\/Huette1_1-1024x683.jpeg","large-width":1024,"large-height":683,"1536x1536":"https:\/\/tourismus-grossregion.eu\/fr\/wp-content\/uploads\/sites\/3\/2021\/07\/Huette1_1-1536x1024.jpeg","1536x1536-width":1536,"1536x1536-height":1024,"2048x2048":"https:\/\/tourismus-grossregion.eu\/fr\/wp-content\/uploads\/sites\/3\/2021\/07\/Huette1_1.jpeg","2048x2048-width":1920,"2048x2048-height":1280,"download-thumbnail":"https:\/\/tourismus-grossregion.eu\/fr\/wp-content\/uploads\/sites\/3\/2021\/07\/Huette1_1-345x230.jpeg","download-thumbnail-width":345,"download-thumbnail-height":230,"paragraphimage":"https:\/\/tourismus-grossregion.eu\/fr\/wp-content\/uploads\/sites\/3\/2021\/07\/Huette1_1-468x312.jpeg","paragraphimage-width":468,"paragraphimage-height":312,"slider-image":"https:\/\/tourismus-grossregion.eu\/fr\/wp-content\/uploads\/sites\/3\/2021\/07\/Huette1_1-901x715.jpeg","slider-image-width":901,"slider-image-height":715,"quote-image":"https:\/\/tourismus-grossregion.eu\/fr\/wp-content\/uploads\/sites\/3\/2021\/07\/Huette1_1-683x455.jpeg","quote-image-width":683,"quote-image-height":455,"productcard-image":"https:\/\/tourismus-grossregion.eu\/fr\/wp-content\/uploads\/sites\/3\/2021\/07\/Huette1_1-710x473.jpeg","productcard-image-width":710,"productcard-image-height":473}},"widget_content_carousel_entries_title":"V\u00f6lklinger H\u00fctte","widget_content_carousel_entries_description":"<p>Je suis l\u00e0 &#8211; le Patrimoine Culturel Mondial de l&rsquo;UNESCO V\u00f6lklinger H\u00fctte<\/p>\n","widget_content_carousel_entries__link":"https:\/\/tourismus-grossregion.eu\/fr\/volklinger-huette\/"}],"widget_content_carousel_margin":"small"}],"page_fields_alternative_title":"Ch\u00e2teau de Hambach"},"_links":{"self":[{"href":"https:\/\/tourismus-grossregion.eu\/fr\/wp-json\/wp\/v2\/pages\/1555"}],"collection":[{"href":"https:\/\/tourismus-grossregion.eu\/fr\/wp-json\/wp\/v2\/pages"}],"about":[{"href":"https:\/\/tourismus-grossregion.eu\/fr\/wp-json\/wp\/v2\/types\/page"}],"author":[{"embeddable":true,"href":"https:\/\/tourismus-grossregion.eu\/fr\/wp-json\/wp\/v2\/users\/17"}],"replies":[{"embeddable":true,"href":"https:\/\/tourismus-grossregion.eu\/fr\/wp-json\/wp\/v2\/comments?post=1555"}],"version-history":[{"count":9,"href":"https:\/\/tourismus-grossregion.eu\/fr\/wp-json\/wp\/v2\/pages\/1555\/revisions"}],"predecessor-version":[{"id":2188,"href":"https:\/\/tourismus-grossregion.eu\/fr\/wp-json\/wp\/v2\/pages\/1555\/revisions\/2188"}],"wp:featuredmedia":[{"embeddable":true,"href":"https:\/\/tourismus-grossregion.eu\/fr\/wp-json\/wp\/v2\/media\/1537"}],"wp:attachment":[{"href":"https:\/\/tourismus-grossregion.eu\/fr\/wp-json\/wp\/v2\/media?parent=1555"}],"curies":[{"name":"wp","href":"https:\/\/api.w.org\/{rel}","templated":true}]}}