{"id":1798,"date":"2021-09-07T15:34:28","date_gmt":"2021-09-07T13:34:28","guid":{"rendered":"https:\/\/tourismus-grossregion.eu\/fr\/?page_id=1798"},"modified":"2021-09-07T16:19:11","modified_gmt":"2021-09-07T14:19:11","slug":"art-nouveau-in-nancy","status":"publish","type":"page","link":"https:\/\/tourismus-grossregion.eu\/fr\/art-nouveau-in-nancy\/","title":{"rendered":"Story: Lorraine: Nancy et l&rsquo;Art Nouveau"},"content":{"rendered":"","protected":false},"excerpt":{"rendered":"","protected":false},"author":2,"featured_media":1799,"parent":0,"menu_order":0,"comment_status":"closed","ping_status":"closed","template":"","meta":[],"yoast_head":"<!-- This site is optimized with the Yoast SEO plugin v16.9 - https:\/\/yoast.com\/wordpress\/plugins\/seo\/ -->\n<meta name=\"robots\" content=\"index, follow, max-snippet:-1, max-image-preview:large, max-video-preview:-1\" \/>\n<link rel=\"canonical\" href=\"https:\/\/tourismus-grossregion.eu\/fr\/art-nouveau-in-nancy\/\" \/>\n<meta property=\"og:locale\" content=\"fr_FR\" \/>\n<meta property=\"og:type\" content=\"article\" \/>\n<meta property=\"og:title\" content=\"Story: Lorraine: Nancy et l&#039;Art Nouveau - Tourisme Grande R\u00e9gion\" \/>\n<meta property=\"og:url\" content=\"https:\/\/tourismus-grossregion.eu\/fr\/art-nouveau-in-nancy\/\" \/>\n<meta property=\"og:site_name\" content=\"Tourisme Grande R\u00e9gion\" \/>\n<meta property=\"article:modified_time\" content=\"2021-09-07T14:19:11+00:00\" \/>\n<meta property=\"og:image\" content=\"https:\/\/tourismus-grossregion.eu\/fr\/wp-content\/uploads\/sites\/3\/2021\/09\/15-L1010713_1.jpg\" \/>\n\t<meta property=\"og:image:width\" content=\"1920\" \/>\n\t<meta property=\"og:image:height\" content=\"1282\" \/>\n<meta name=\"twitter:card\" content=\"summary_large_image\" \/>\n<script type=\"application\/ld+json\" class=\"yoast-schema-graph\">{\"@context\":\"https:\/\/schema.org\",\"@graph\":[{\"@type\":\"WebSite\",\"@id\":\"https:\/\/tourismus-grossregion.eu\/fr\/#website\",\"url\":\"https:\/\/tourismus-grossregion.eu\/fr\/\",\"name\":\"Tourisme Grande R\\u00e9gion\",\"description\":\"Tourisme Grande R\\u00e9gion\",\"potentialAction\":[{\"@type\":\"SearchAction\",\"target\":{\"@type\":\"EntryPoint\",\"urlTemplate\":\"https:\/\/tourismus-grossregion.eu\/fr\/?s={search_term_string}\"},\"query-input\":\"required name=search_term_string\"}],\"inLanguage\":\"fr-FR\"},{\"@type\":\"ImageObject\",\"@id\":\"https:\/\/tourismus-grossregion.eu\/fr\/art-nouveau-in-nancy\/#primaryimage\",\"inLanguage\":\"fr-FR\",\"url\":\"https:\/\/tourismus-grossregion.eu\/fr\/wp-content\/uploads\/sites\/3\/2021\/09\/15-L1010713_1.jpg\",\"contentUrl\":\"https:\/\/tourismus-grossregion.eu\/fr\/wp-content\/uploads\/sites\/3\/2021\/09\/15-L1010713_1.jpg\",\"width\":1920,\"height\":1282,\"caption\":\"\\u00c0 l'ext\\u00e9rieur, la guide touristique explique quelque chose \\u00e0 ses invit\\u00e9s devant un b\\u00e2timent historique.\"},{\"@type\":\"WebPage\",\"@id\":\"https:\/\/tourismus-grossregion.eu\/fr\/art-nouveau-in-nancy\/#webpage\",\"url\":\"https:\/\/tourismus-grossregion.eu\/fr\/art-nouveau-in-nancy\/\",\"name\":\"Story: Lorraine: Nancy et l'Art Nouveau - Tourisme Grande R\\u00e9gion\",\"isPartOf\":{\"@id\":\"https:\/\/tourismus-grossregion.eu\/fr\/#website\"},\"primaryImageOfPage\":{\"@id\":\"https:\/\/tourismus-grossregion.eu\/fr\/art-nouveau-in-nancy\/#primaryimage\"},\"datePublished\":\"2021-09-07T13:34:28+00:00\",\"dateModified\":\"2021-09-07T14:19:11+00:00\",\"breadcrumb\":{\"@id\":\"https:\/\/tourismus-grossregion.eu\/fr\/art-nouveau-in-nancy\/#breadcrumb\"},\"inLanguage\":\"fr-FR\",\"potentialAction\":[{\"@type\":\"ReadAction\",\"target\":[\"https:\/\/tourismus-grossregion.eu\/fr\/art-nouveau-in-nancy\/\"]}]},{\"@type\":\"BreadcrumbList\",\"@id\":\"https:\/\/tourismus-grossregion.eu\/fr\/art-nouveau-in-nancy\/#breadcrumb\",\"itemListElement\":[{\"@type\":\"ListItem\",\"position\":1,\"name\":\"Story: Lorraine: Nancy et l&#8217;Art Nouveau\"}]}]}<\/script>\n<!-- \/ Yoast SEO plugin. -->","yoast_head_json":{"robots":{"index":"index","follow":"follow","max-snippet":"max-snippet:-1","max-image-preview":"max-image-preview:large","max-video-preview":"max-video-preview:-1"},"canonical":"https:\/\/tourismus-grossregion.eu\/fr\/art-nouveau-in-nancy\/","og_locale":"fr_FR","og_type":"article","og_title":"Story: Lorraine: Nancy et l'Art Nouveau - Tourisme Grande R\u00e9gion","og_url":"https:\/\/tourismus-grossregion.eu\/fr\/art-nouveau-in-nancy\/","og_site_name":"Tourisme Grande R\u00e9gion","article_modified_time":"2021-09-07T14:19:11+00:00","og_image":[{"width":1920,"height":1282,"url":"https:\/\/tourismus-grossregion.eu\/fr\/wp-content\/uploads\/sites\/3\/2021\/09\/15-L1010713_1.jpg","path":"\/var\/www\/html\/wp-content\/uploads\/sites\/3\/2021\/09\/15-L1010713_1.jpg","size":"full","id":1799,"alt":"\u00c0 l'ext\u00e9rieur, la guide touristique explique quelque chose \u00e0 ses invit\u00e9s devant un b\u00e2timent historique.","pixels":2461440,"type":"image\/jpeg"}],"twitter_card":"summary_large_image","schema":{"@context":"https:\/\/schema.org","@graph":[{"@type":"WebSite","@id":"https:\/\/tourismus-grossregion.eu\/fr\/#website","url":"https:\/\/tourismus-grossregion.eu\/fr\/","name":"Tourisme Grande R\u00e9gion","description":"Tourisme Grande R\u00e9gion","potentialAction":[{"@type":"SearchAction","target":{"@type":"EntryPoint","urlTemplate":"https:\/\/tourismus-grossregion.eu\/fr\/?s={search_term_string}"},"query-input":"required name=search_term_string"}],"inLanguage":"fr-FR"},{"@type":"ImageObject","@id":"https:\/\/tourismus-grossregion.eu\/fr\/art-nouveau-in-nancy\/#primaryimage","inLanguage":"fr-FR","url":"https:\/\/tourismus-grossregion.eu\/fr\/wp-content\/uploads\/sites\/3\/2021\/09\/15-L1010713_1.jpg","contentUrl":"https:\/\/tourismus-grossregion.eu\/fr\/wp-content\/uploads\/sites\/3\/2021\/09\/15-L1010713_1.jpg","width":1920,"height":1282,"caption":"\u00c0 l'ext\u00e9rieur, la guide touristique explique quelque chose \u00e0 ses invit\u00e9s devant un b\u00e2timent historique."},{"@type":"WebPage","@id":"https:\/\/tourismus-grossregion.eu\/fr\/art-nouveau-in-nancy\/#webpage","url":"https:\/\/tourismus-grossregion.eu\/fr\/art-nouveau-in-nancy\/","name":"Story: Lorraine: Nancy et l'Art Nouveau - Tourisme Grande R\u00e9gion","isPartOf":{"@id":"https:\/\/tourismus-grossregion.eu\/fr\/#website"},"primaryImageOfPage":{"@id":"https:\/\/tourismus-grossregion.eu\/fr\/art-nouveau-in-nancy\/#primaryimage"},"datePublished":"2021-09-07T13:34:28+00:00","dateModified":"2021-09-07T14:19:11+00:00","breadcrumb":{"@id":"https:\/\/tourismus-grossregion.eu\/fr\/art-nouveau-in-nancy\/#breadcrumb"},"inLanguage":"fr-FR","potentialAction":[{"@type":"ReadAction","target":["https:\/\/tourismus-grossregion.eu\/fr\/art-nouveau-in-nancy\/"]}]},{"@type":"BreadcrumbList","@id":"https:\/\/tourismus-grossregion.eu\/fr\/art-nouveau-in-nancy\/#breadcrumb","itemListElement":[{"@type":"ListItem","position":1,"name":"Story: Lorraine: Nancy et l&#8217;Art Nouveau"}]}]}},"acf":{"page_fields_alternative_title":"Nancy et l'Art Nouveau","pb_acf_widgets":[{"acf_fc_layout":"widget_hero_static","widget_hero_static_background":{"widget_hero_static_background_type":false,"widget_hero_static_image":{"ID":1799,"id":1799,"title":"15-L1010713_1","filename":"15-L1010713_1.jpg","filesize":251114,"url":"https:\/\/tourismus-grossregion.eu\/fr\/wp-content\/uploads\/sites\/3\/2021\/09\/15-L1010713_1.jpg","link":"https:\/\/tourismus-grossregion.eu\/fr\/art-nouveau-in-nancy\/15-l1010713_1\/","alt":"\u00c0 l'ext\u00e9rieur, la guide touristique explique quelque chose \u00e0 ses invit\u00e9s devant un b\u00e2timent historique.","author":"2","description":"Drau\u00dfen erkl\u00e4rt die Reiseleiterin ihren G\u00e4sten vor einem historischen Geb\u00e4ude etwas. ","caption":"","name":"15-l1010713_1","status":"inherit","uploaded_to":1798,"date":"2021-09-07 13:22:15","modified":"2021-09-07 13:41:45","menu_order":0,"mime_type":"image\/jpeg","type":"image","subtype":"jpeg","icon":"https:\/\/tourismus-grossregion.eu\/fr\/wp-includes\/images\/media\/default.png","width":1920,"height":1282,"sizes":{"thumbnail":"https:\/\/tourismus-grossregion.eu\/fr\/wp-content\/uploads\/sites\/3\/2021\/09\/15-L1010713_1-150x150.jpg","thumbnail-width":150,"thumbnail-height":150,"medium":"https:\/\/tourismus-grossregion.eu\/fr\/wp-content\/uploads\/sites\/3\/2021\/09\/15-L1010713_1-300x200.jpg","medium-width":300,"medium-height":200,"medium_large":"https:\/\/tourismus-grossregion.eu\/fr\/wp-content\/uploads\/sites\/3\/2021\/09\/15-L1010713_1-768x513.jpg","medium_large-width":768,"medium_large-height":513,"large":"https:\/\/tourismus-grossregion.eu\/fr\/wp-content\/uploads\/sites\/3\/2021\/09\/15-L1010713_1-1024x684.jpg","large-width":1024,"large-height":684,"1536x1536":"https:\/\/tourismus-grossregion.eu\/fr\/wp-content\/uploads\/sites\/3\/2021\/09\/15-L1010713_1-1536x1026.jpg","1536x1536-width":1536,"1536x1536-height":1026,"2048x2048":"https:\/\/tourismus-grossregion.eu\/fr\/wp-content\/uploads\/sites\/3\/2021\/09\/15-L1010713_1.jpg","2048x2048-width":1920,"2048x2048-height":1282,"download-thumbnail":"https:\/\/tourismus-grossregion.eu\/fr\/wp-content\/uploads\/sites\/3\/2021\/09\/15-L1010713_1-345x230.jpg","download-thumbnail-width":345,"download-thumbnail-height":230,"paragraphimage":"https:\/\/tourismus-grossregion.eu\/fr\/wp-content\/uploads\/sites\/3\/2021\/09\/15-L1010713_1-468x312.jpg","paragraphimage-width":468,"paragraphimage-height":312,"slider-image":"https:\/\/tourismus-grossregion.eu\/fr\/wp-content\/uploads\/sites\/3\/2021\/09\/15-L1010713_1-901x715.jpg","slider-image-width":901,"slider-image-height":715,"quote-image":"https:\/\/tourismus-grossregion.eu\/fr\/wp-content\/uploads\/sites\/3\/2021\/09\/15-L1010713_1-683x456.jpg","quote-image-width":683,"quote-image-height":456,"productcard-image":"https:\/\/tourismus-grossregion.eu\/fr\/wp-content\/uploads\/sites\/3\/2021\/09\/15-L1010713_1-710x474.jpg","productcard-image-width":710,"productcard-image-height":474}},"widget_hero_static_video_type":false,"widget_hero_static_video_upload":false,"widget_hero_static_youtube_embed":"","widget_hero_static_filter":false},"widget_hero_static_content":{"widget_hero_static_headline":"Nancy et l'Art Nouveau","widget_hero_static_copy":"","widget_hero_static_link":""},"widget_hero_static_margin":"small"},{"acf_fc_layout":"widget_paragraph_headlines_image","widget_paragraph_headlines_image_orientation":false,"widget_paragraph_headlines_image_decoration":true,"widget_paragraph_headlines_image_content":{"widget_paragraph_headlines_image_preline":"","widget_paragraph_headlines_image_headline":"","widget_paragraph_headlines_image_subline":"","widget_paragraph_headlines_image_editor_justify":true,"widget_paragraph_headlines_image_editor":"<p>Vers 1900, des artistes et architectes fran\u00e7ais puisent leur inspiration dans le monde floral pour cr\u00e9er un tout nouvel art. Circuits d\u00e9couverte \u00e0 travers la ville abondante d\u2019Art Nouveau.<\/p>\n","widget_paragraph_headlines_image_link":""},"widget_paragraph_headlines_image_image":false,"widget_paragraph_headlines_image_image_option":false,"widget_paragraph_headlines_image_margin":"small"},{"acf_fc_layout":"widget_paragraph_headlines_image","widget_paragraph_headlines_image_orientation":false,"widget_paragraph_headlines_image_decoration":false,"widget_paragraph_headlines_image_content":{"widget_paragraph_headlines_image_preline":"","widget_paragraph_headlines_image_headline":"","widget_paragraph_headlines_image_subline":"","widget_paragraph_headlines_image_editor_justify":true,"widget_paragraph_headlines_image_editor":"<p>Les contours int\u00e9rieurs et ext\u00e9rieurs ont tendance \u00e0 se confondre. Quand le feuillage des arbres filtre la lumi\u00e8re au travers des fen\u00eatres de la Villa et que leur ombre danse sur les murs. Lorsque les rayons du soleil caressent le mobilier en bois et que les vrilles peintes se tordent comme le lierre. On comprend ensuite que la principale source d&rsquo;inspiration de l\u2019Art Nouveau provient de l\u2019univers v\u00e9g\u00e9tal.<\/p>\n<p>Architectes, \u00e9b\u00e9nistes et peintres s\u2019accordent sur le principe que la nature doit \u00eatre absolument pr\u00e9sente partout. La nature doit se refl\u00e9ter dans les fen\u00eatres et les couleurs. Elle doit \u00eatre ressentie lorsque l\u2019on passe la main sur du mobilier. Elle doit \u00eatre per\u00e7ue dans les rampes en fer forg\u00e9, lorsque l\u2019on admire ses feuilles d\u2019argent. Louis Majorelle avait grav\u00e9 sur la porte de l\u2019atelier d&rsquo;\u00c9mile Gall\u00e9 :\u00ab Ma racine est au fond des bois. \u00bb<\/p>\n","widget_paragraph_headlines_image_link":""},"widget_paragraph_headlines_image_image":{"ID":1800,"id":1800,"title":"35-A7_09814_1","filename":"35-A7_09814_1.jpg","filesize":335271,"url":"https:\/\/tourismus-grossregion.eu\/fr\/wp-content\/uploads\/sites\/3\/2021\/09\/35-A7_09814_1.jpg","link":"https:\/\/tourismus-grossregion.eu\/fr\/art-nouveau-in-nancy\/35-a7_09814_1\/","alt":"En bas, on aper\u00e7oit un escalier en bois qui s'inspire des courbes de la nature. Une lampe en verre teint\u00e9 est suspendue au milieu de l'image.","author":"2","description":"","caption":"","name":"35-a7_09814_1","status":"inherit","uploaded_to":1798,"date":"2021-09-07 13:22:16","modified":"2021-09-07 13:42:14","menu_order":0,"mime_type":"image\/jpeg","type":"image","subtype":"jpeg","icon":"https:\/\/tourismus-grossregion.eu\/fr\/wp-includes\/images\/media\/default.png","width":1920,"height":1280,"sizes":{"thumbnail":"https:\/\/tourismus-grossregion.eu\/fr\/wp-content\/uploads\/sites\/3\/2021\/09\/35-A7_09814_1-150x150.jpg","thumbnail-width":150,"thumbnail-height":150,"medium":"https:\/\/tourismus-grossregion.eu\/fr\/wp-content\/uploads\/sites\/3\/2021\/09\/35-A7_09814_1-300x200.jpg","medium-width":300,"medium-height":200,"medium_large":"https:\/\/tourismus-grossregion.eu\/fr\/wp-content\/uploads\/sites\/3\/2021\/09\/35-A7_09814_1-768x512.jpg","medium_large-width":768,"medium_large-height":512,"large":"https:\/\/tourismus-grossregion.eu\/fr\/wp-content\/uploads\/sites\/3\/2021\/09\/35-A7_09814_1-1024x683.jpg","large-width":1024,"large-height":683,"1536x1536":"https:\/\/tourismus-grossregion.eu\/fr\/wp-content\/uploads\/sites\/3\/2021\/09\/35-A7_09814_1-1536x1024.jpg","1536x1536-width":1536,"1536x1536-height":1024,"2048x2048":"https:\/\/tourismus-grossregion.eu\/fr\/wp-content\/uploads\/sites\/3\/2021\/09\/35-A7_09814_1.jpg","2048x2048-width":1920,"2048x2048-height":1280,"download-thumbnail":"https:\/\/tourismus-grossregion.eu\/fr\/wp-content\/uploads\/sites\/3\/2021\/09\/35-A7_09814_1-345x230.jpg","download-thumbnail-width":345,"download-thumbnail-height":230,"paragraphimage":"https:\/\/tourismus-grossregion.eu\/fr\/wp-content\/uploads\/sites\/3\/2021\/09\/35-A7_09814_1-468x312.jpg","paragraphimage-width":468,"paragraphimage-height":312,"slider-image":"https:\/\/tourismus-grossregion.eu\/fr\/wp-content\/uploads\/sites\/3\/2021\/09\/35-A7_09814_1-901x715.jpg","slider-image-width":901,"slider-image-height":715,"quote-image":"https:\/\/tourismus-grossregion.eu\/fr\/wp-content\/uploads\/sites\/3\/2021\/09\/35-A7_09814_1-683x455.jpg","quote-image-width":683,"quote-image-height":455,"productcard-image":"https:\/\/tourismus-grossregion.eu\/fr\/wp-content\/uploads\/sites\/3\/2021\/09\/35-A7_09814_1-710x473.jpg","productcard-image-width":710,"productcard-image-height":473}},"widget_paragraph_headlines_image_image_option":false,"widget_paragraph_headlines_image_margin":"small"},{"acf_fc_layout":"widget_paragraph_headlines_image","widget_paragraph_headlines_image_orientation":true,"widget_paragraph_headlines_image_decoration":false,"widget_paragraph_headlines_image_content":{"widget_paragraph_headlines_image_preline":"","widget_paragraph_headlines_image_headline":"","widget_paragraph_headlines_image_subline":"La Villa Majorelle","widget_paragraph_headlines_image_editor_justify":true,"widget_paragraph_headlines_image_editor":"<p>Lorsque l\u2019on parle du Patrimoine de l\u2019Art Nouveau de Nancy, on ne peut que faire r\u00e9f\u00e9rence aux deux principales figures du mouvement. En 1901, \u00c9mile Gall\u00e9, botaniste de formation et artiste c\u00e9ramique et verrier de talent, fonde avec ses amis artistes \u00ab L\u2019Alliance provinciale des industries d\u2019art \u00bb connue aujourd\u2019hui sous le nom de \u00ab L&rsquo;Ecole de Nancy \u00bb.<\/p>\n<p>Louis Majorelle, \u00e9b\u00e9niste, \u00e9tait convaincu comme Gall\u00e9 que toutes les formes et couleurs de l\u2019art trouvaient leur origine dans la nature. Majorelle fait construire, dans un immense jardin, une des plus belles villas de Nancy \u00e0 laquelle il donne son nom. Pour se rendre compte du m\u00e9lange d\u2019audace et de l\u2019esprit r\u00e9volutionnaire des constructions en Lorraine \u00e0 l\u2019\u00e9poque, la Villa Majorelle en est le parfait symbole.<\/p>\n<p>\u00ab Une visite au jardin vaut largement le d\u00e9tour \u00bb, dit Anne Bouigeon. Elle est guide touristique \u00e0 Nancy et assiste toujours \u00e0 cet instant o\u00f9 les visiteurs saisissent l\u2019esprit de l\u2019Art Nouveau, en d\u00e9couvrant les r\u00e9f\u00e9rences \u00e0 la nature.<\/p>\n","widget_paragraph_headlines_image_link":""},"widget_paragraph_headlines_image_image":{"ID":1801,"id":1801,"title":"40-A6604035_1","filename":"40-A6604035_1.jpg","filesize":400346,"url":"https:\/\/tourismus-grossregion.eu\/fr\/wp-content\/uploads\/sites\/3\/2021\/09\/40-A6604035_1.jpg","link":"https:\/\/tourismus-grossregion.eu\/fr\/art-nouveau-in-nancy\/40-a6604035_1\/","alt":"Un panneau sur une \u00e9cole historique de Nancy indique \"Mus\u00e9e de l'\u00e9cole de Nancy\" en fran\u00e7ais.","author":"2","description":"","caption":"","name":"40-a6604035_1","status":"inherit","uploaded_to":1798,"date":"2021-09-07 13:22:16","modified":"2021-09-07 13:42:45","menu_order":0,"mime_type":"image\/jpeg","type":"image","subtype":"jpeg","icon":"https:\/\/tourismus-grossregion.eu\/fr\/wp-includes\/images\/media\/default.png","width":1920,"height":1280,"sizes":{"thumbnail":"https:\/\/tourismus-grossregion.eu\/fr\/wp-content\/uploads\/sites\/3\/2021\/09\/40-A6604035_1-150x150.jpg","thumbnail-width":150,"thumbnail-height":150,"medium":"https:\/\/tourismus-grossregion.eu\/fr\/wp-content\/uploads\/sites\/3\/2021\/09\/40-A6604035_1-300x200.jpg","medium-width":300,"medium-height":200,"medium_large":"https:\/\/tourismus-grossregion.eu\/fr\/wp-content\/uploads\/sites\/3\/2021\/09\/40-A6604035_1-768x512.jpg","medium_large-width":768,"medium_large-height":512,"large":"https:\/\/tourismus-grossregion.eu\/fr\/wp-content\/uploads\/sites\/3\/2021\/09\/40-A6604035_1-1024x683.jpg","large-width":1024,"large-height":683,"1536x1536":"https:\/\/tourismus-grossregion.eu\/fr\/wp-content\/uploads\/sites\/3\/2021\/09\/40-A6604035_1-1536x1024.jpg","1536x1536-width":1536,"1536x1536-height":1024,"2048x2048":"https:\/\/tourismus-grossregion.eu\/fr\/wp-content\/uploads\/sites\/3\/2021\/09\/40-A6604035_1.jpg","2048x2048-width":1920,"2048x2048-height":1280,"download-thumbnail":"https:\/\/tourismus-grossregion.eu\/fr\/wp-content\/uploads\/sites\/3\/2021\/09\/40-A6604035_1-345x230.jpg","download-thumbnail-width":345,"download-thumbnail-height":230,"paragraphimage":"https:\/\/tourismus-grossregion.eu\/fr\/wp-content\/uploads\/sites\/3\/2021\/09\/40-A6604035_1-468x312.jpg","paragraphimage-width":468,"paragraphimage-height":312,"slider-image":"https:\/\/tourismus-grossregion.eu\/fr\/wp-content\/uploads\/sites\/3\/2021\/09\/40-A6604035_1-901x715.jpg","slider-image-width":901,"slider-image-height":715,"quote-image":"https:\/\/tourismus-grossregion.eu\/fr\/wp-content\/uploads\/sites\/3\/2021\/09\/40-A6604035_1-683x455.jpg","quote-image-width":683,"quote-image-height":455,"productcard-image":"https:\/\/tourismus-grossregion.eu\/fr\/wp-content\/uploads\/sites\/3\/2021\/09\/40-A6604035_1-710x473.jpg","productcard-image-width":710,"productcard-image-height":473}},"widget_paragraph_headlines_image_image_option":false,"widget_paragraph_headlines_image_margin":"small"},{"acf_fc_layout":"widget_editor","widget_editor_justify":true,"widget_editor_editor":"<p>C\u2019est pourquoi elle inclut toujours les parcs et jardins \u00e0 ses visites de la ville. \u00ab Le mus\u00e9e de l\u2019\u00c9cole de Nancy est bien s\u00fbr essentiel, lorsque l\u2019on veut comprendre l\u2019influence du mouvement dans l\u2019architecture et l\u2019art. Le jardin du mus\u00e9e en fait bien \u00e9videmment partie. C\u2019est justement l\u00e0 que les artistes puisent leur inspiration. \u00bb<\/p>\n<p>&nbsp;<\/p>\n","widget_editor_margin":"small"},{"acf_fc_layout":"widget_image","widget_image_image":{"ID":1802,"id":1802,"title":"46-L1010738_1","filename":"46-L1010738_1.jpg","filesize":405479,"url":"https:\/\/tourismus-grossregion.eu\/fr\/wp-content\/uploads\/sites\/3\/2021\/09\/46-L1010738_1.jpg","link":"https:\/\/tourismus-grossregion.eu\/fr\/art-nouveau-in-nancy\/46-l1010738_1\/","alt":"Dans un jardin, la guide montre \u00e0 son invit\u00e9 l'une des sources d'inspiration pour le travail complexe du m\u00e9tal dans l'architecture qu'ils ont vue. L'invit\u00e9 tient une fleur blanche dans sa main.","author":"2","description":"","caption":"","name":"46-l1010738_1","status":"inherit","uploaded_to":1798,"date":"2021-09-07 13:22:17","modified":"2021-09-07 13:43:17","menu_order":0,"mime_type":"image\/jpeg","type":"image","subtype":"jpeg","icon":"https:\/\/tourismus-grossregion.eu\/fr\/wp-includes\/images\/media\/default.png","width":1920,"height":1281,"sizes":{"thumbnail":"https:\/\/tourismus-grossregion.eu\/fr\/wp-content\/uploads\/sites\/3\/2021\/09\/46-L1010738_1-150x150.jpg","thumbnail-width":150,"thumbnail-height":150,"medium":"https:\/\/tourismus-grossregion.eu\/fr\/wp-content\/uploads\/sites\/3\/2021\/09\/46-L1010738_1-300x200.jpg","medium-width":300,"medium-height":200,"medium_large":"https:\/\/tourismus-grossregion.eu\/fr\/wp-content\/uploads\/sites\/3\/2021\/09\/46-L1010738_1-768x512.jpg","medium_large-width":768,"medium_large-height":512,"large":"https:\/\/tourismus-grossregion.eu\/fr\/wp-content\/uploads\/sites\/3\/2021\/09\/46-L1010738_1-1024x683.jpg","large-width":1024,"large-height":683,"1536x1536":"https:\/\/tourismus-grossregion.eu\/fr\/wp-content\/uploads\/sites\/3\/2021\/09\/46-L1010738_1-1536x1025.jpg","1536x1536-width":1536,"1536x1536-height":1025,"2048x2048":"https:\/\/tourismus-grossregion.eu\/fr\/wp-content\/uploads\/sites\/3\/2021\/09\/46-L1010738_1.jpg","2048x2048-width":1920,"2048x2048-height":1281,"download-thumbnail":"https:\/\/tourismus-grossregion.eu\/fr\/wp-content\/uploads\/sites\/3\/2021\/09\/46-L1010738_1-345x230.jpg","download-thumbnail-width":345,"download-thumbnail-height":230,"paragraphimage":"https:\/\/tourismus-grossregion.eu\/fr\/wp-content\/uploads\/sites\/3\/2021\/09\/46-L1010738_1-468x312.jpg","paragraphimage-width":468,"paragraphimage-height":312,"slider-image":"https:\/\/tourismus-grossregion.eu\/fr\/wp-content\/uploads\/sites\/3\/2021\/09\/46-L1010738_1-901x715.jpg","slider-image-width":901,"slider-image-height":715,"quote-image":"https:\/\/tourismus-grossregion.eu\/fr\/wp-content\/uploads\/sites\/3\/2021\/09\/46-L1010738_1-683x456.jpg","quote-image-width":683,"quote-image-height":456,"productcard-image":"https:\/\/tourismus-grossregion.eu\/fr\/wp-content\/uploads\/sites\/3\/2021\/09\/46-L1010738_1-710x474.jpg","productcard-image-width":710,"productcard-image-height":474}},"widget_image_caption":"","widget_image_margin":"small"},{"acf_fc_layout":"widget_paragraph_headlines","widget_paragraph_headlines_width":"100","widget_paragraph_headlines_preline":"","widget_paragraph_headlines_headline":"","widget_paragraph_headlines_subline":"\u00ab L\u2019art pour tous \u00bb","widget_paragraph_headlines_editor_justify":true,"widget_paragraph_headlines_editor":"<p>Ce sont des hommes comme Gall\u00e9 et Majorelle avec des confr\u00e8res, comme le peintre Victor Prouv\u00e9, l\u2019architecte Lucien Weissenburger ou encore les fr\u00e8res Auguste et Antonin Daum avec leur manufacture de verre, qui aux alentours de 1880 ont plac\u00e9 Nancy au m\u00eame niveau que Paris en tant que Centre de l\u2019Art Nouveau. Ils ont r\u00e9alis\u00e9 des pi\u00e8ces uniques exceptionnelles, dont l\u2019accueil a permis par la suite de les adapter pour une production plus large et moins co\u00fbteuse.<\/p>\n","widget_paragraph_headlines_margin":"small"},{"acf_fc_layout":"widget_paragraph_headlines_image","widget_paragraph_headlines_image_orientation":false,"widget_paragraph_headlines_image_decoration":false,"widget_paragraph_headlines_image_content":{"widget_paragraph_headlines_image_preline":"","widget_paragraph_headlines_image_headline":"","widget_paragraph_headlines_image_subline":"","widget_paragraph_headlines_image_editor_justify":true,"widget_paragraph_headlines_image_editor":"<p>\u00ab L\u2019art dans tout, l\u2019art pour tous. \u00bb \u00e9tait la devise du mouvement. Nancy y a contribu\u00e9. Les int\u00e9rieurs s\u2019\u00e9quipaient soudainement de mobilier, de verres et d\u2019objets de d\u00e9coration Art Nouveau.<\/p>\n<p>De magnifiques architectures allaient bient\u00f4t appara\u00eetre dans les rues. Les courbes \u00e9l\u00e9gantes de l\u2019Art Nouveau d\u00e9finissent encore aujourd\u2019hui l\u2019identit\u00e9 de la ville. Ceux qui pouvaient se le permettre et qui \u00e9taient passionn\u00e9s d\u2019art ont fait construire des villas. Certains industriels ont m\u00eame volontairement construit leur villa le long des voies ferr\u00e9es, pour que leurs maisons puissent \u00eatre admir\u00e9es par le plus grand nombre de personnes possible. Au d\u00e9but du XXe si\u00e8cle, tout le quartier entre la gare et la Place Stanislas \u00e9tait un seul et unique chantier. La plupart des immeubles appartenant \u00e0 des banquiers ou \u00e0 des pharmaciens bien situ\u00e9s existent toujours.<\/p>\n<p>Dans l\u2019ensemble, on r\u00e9pertorie environ 350 b\u00e2timents de style Art Nouveau \u00e0 Nancy.<br \/>\n\u00ab Le plus grand projet n\u2019a pas encore \u00e9t\u00e9 r\u00e9alis\u00e9. En tous cas, pas de la fa\u00e7on dont il avait \u00e9t\u00e9 pens\u00e9 \u00e0 l\u2019origine. \u00bb Anne Bouigeon indique aux visiteurs les rues en question malgr\u00e9 tout. Un tout nouveau jardin de ville dans l\u2019esprit Art Nouveau devait \u00eatre am\u00e9nag\u00e9 en 1901 au Parc du Saurupt, cl\u00f4tur\u00e9, surveill\u00e9 et non ouvert au public.<\/p>\n","widget_paragraph_headlines_image_link":""},"widget_paragraph_headlines_image_image":{"ID":1803,"id":1803,"title":"57-A6604106_1","filename":"57-A6604106_1.jpg","filesize":501590,"url":"https:\/\/tourismus-grossregion.eu\/fr\/wp-content\/uploads\/sites\/3\/2021\/09\/57-A6604106_1.jpg","link":"https:\/\/tourismus-grossregion.eu\/fr\/art-nouveau-in-nancy\/57-a6604106_1\/","alt":"Dans la rue, la guide montre \u00e0 ses invit\u00e9s les d\u00e9tails complexes de l'ext\u00e9rieur du b\u00e2timent.","author":"2","description":"","caption":"","name":"57-a6604106_1","status":"inherit","uploaded_to":1798,"date":"2021-09-07 13:22:18","modified":"2021-09-07 13:43:56","menu_order":0,"mime_type":"image\/jpeg","type":"image","subtype":"jpeg","icon":"https:\/\/tourismus-grossregion.eu\/fr\/wp-includes\/images\/media\/default.png","width":1920,"height":1276,"sizes":{"thumbnail":"https:\/\/tourismus-grossregion.eu\/fr\/wp-content\/uploads\/sites\/3\/2021\/09\/57-A6604106_1-150x150.jpg","thumbnail-width":150,"thumbnail-height":150,"medium":"https:\/\/tourismus-grossregion.eu\/fr\/wp-content\/uploads\/sites\/3\/2021\/09\/57-A6604106_1-300x199.jpg","medium-width":300,"medium-height":199,"medium_large":"https:\/\/tourismus-grossregion.eu\/fr\/wp-content\/uploads\/sites\/3\/2021\/09\/57-A6604106_1-768x510.jpg","medium_large-width":768,"medium_large-height":510,"large":"https:\/\/tourismus-grossregion.eu\/fr\/wp-content\/uploads\/sites\/3\/2021\/09\/57-A6604106_1-1024x681.jpg","large-width":1024,"large-height":681,"1536x1536":"https:\/\/tourismus-grossregion.eu\/fr\/wp-content\/uploads\/sites\/3\/2021\/09\/57-A6604106_1-1536x1021.jpg","1536x1536-width":1536,"1536x1536-height":1021,"2048x2048":"https:\/\/tourismus-grossregion.eu\/fr\/wp-content\/uploads\/sites\/3\/2021\/09\/57-A6604106_1.jpg","2048x2048-width":1920,"2048x2048-height":1276,"download-thumbnail":"https:\/\/tourismus-grossregion.eu\/fr\/wp-content\/uploads\/sites\/3\/2021\/09\/57-A6604106_1-345x229.jpg","download-thumbnail-width":345,"download-thumbnail-height":229,"paragraphimage":"https:\/\/tourismus-grossregion.eu\/fr\/wp-content\/uploads\/sites\/3\/2021\/09\/57-A6604106_1-468x311.jpg","paragraphimage-width":468,"paragraphimage-height":311,"slider-image":"https:\/\/tourismus-grossregion.eu\/fr\/wp-content\/uploads\/sites\/3\/2021\/09\/57-A6604106_1-901x715.jpg","slider-image-width":901,"slider-image-height":715,"quote-image":"https:\/\/tourismus-grossregion.eu\/fr\/wp-content\/uploads\/sites\/3\/2021\/09\/57-A6604106_1-683x454.jpg","quote-image-width":683,"quote-image-height":454,"productcard-image":"https:\/\/tourismus-grossregion.eu\/fr\/wp-content\/uploads\/sites\/3\/2021\/09\/57-A6604106_1-710x472.jpg","productcard-image-width":710,"productcard-image-height":472}},"widget_paragraph_headlines_image_image_option":false,"widget_paragraph_headlines_image_margin":"small"},{"acf_fc_layout":"widget_editor","widget_editor_justify":true,"widget_editor_editor":"<p>Il se peut que le concept n\u2019ait pas convaincu. Sur la centaine de villas initialement envisag\u00e9e, seulement six ont finalement \u00e9t\u00e9 construites. L&rsquo;int\u00e9r\u00eat a \u00e9t\u00e9 suscit\u00e9 uniquement apr\u00e8s la premi\u00e8re guerre mondiale, avec la construction de maisons mitoyennes et l\u2019ouverture du parc au public. Les constructions \u00e9taient en cours, mais d\u00e9j\u00e0 dans le nouveau style Art d\u00e9co, d\u00e9j\u00e0 en vogue \u00e0 l&rsquo;\u00e9poque et qui devait rapidement faire sa place dans le milieu artistique depuis Paris. Par contre, l\u2019Art Nouveau conservera pour toujours ses racines \u00e0 Nancy.<\/p>\n","widget_editor_margin":"small"},{"acf_fc_layout":"widget_slider","widget_slider_slides":[{"widget_slider_image":{"ID":1639,"id":1639,"title":"31-A6604009_1","filename":"31-A6604009_1.jpg","filesize":435998,"url":"https:\/\/tourismus-grossregion.eu\/fr\/wp-content\/uploads\/sites\/3\/2021\/08\/31-A6604009_1.jpg","link":"https:\/\/tourismus-grossregion.eu\/fr\/beispiel-seite-3\/31-a6604009_1\/","alt":"De pr\u00e8s, on peut voir un bel objet en vitrail complexe. Les couleurs sont principalement le violet, le bleu fonc\u00e9, le jaune et l'orange.","author":"2","description":"De pr\u00e8s, on peut voir un bel objet en vitrail complexe. Les couleurs sont principalement le violet, le bleu fonc\u00e9, le jaune et l'orange.","caption":"","name":"31-a6604009_1","status":"inherit","uploaded_to":1631,"date":"2021-08-17 10:40:02","modified":"2021-08-17 11:42:37","menu_order":0,"mime_type":"image\/jpeg","type":"image","subtype":"jpeg","icon":"https:\/\/tourismus-grossregion.eu\/fr\/wp-includes\/images\/media\/default.png","width":1920,"height":1280,"sizes":{"thumbnail":"https:\/\/tourismus-grossregion.eu\/fr\/wp-content\/uploads\/sites\/3\/2021\/08\/31-A6604009_1-150x150.jpg","thumbnail-width":150,"thumbnail-height":150,"medium":"https:\/\/tourismus-grossregion.eu\/fr\/wp-content\/uploads\/sites\/3\/2021\/08\/31-A6604009_1-300x200.jpg","medium-width":300,"medium-height":200,"medium_large":"https:\/\/tourismus-grossregion.eu\/fr\/wp-content\/uploads\/sites\/3\/2021\/08\/31-A6604009_1-768x512.jpg","medium_large-width":768,"medium_large-height":512,"large":"https:\/\/tourismus-grossregion.eu\/fr\/wp-content\/uploads\/sites\/3\/2021\/08\/31-A6604009_1-1024x683.jpg","large-width":1024,"large-height":683,"1536x1536":"https:\/\/tourismus-grossregion.eu\/fr\/wp-content\/uploads\/sites\/3\/2021\/08\/31-A6604009_1-1536x1024.jpg","1536x1536-width":1536,"1536x1536-height":1024,"2048x2048":"https:\/\/tourismus-grossregion.eu\/fr\/wp-content\/uploads\/sites\/3\/2021\/08\/31-A6604009_1.jpg","2048x2048-width":1920,"2048x2048-height":1280,"download-thumbnail":"https:\/\/tourismus-grossregion.eu\/fr\/wp-content\/uploads\/sites\/3\/2021\/08\/31-A6604009_1-345x230.jpg","download-thumbnail-width":345,"download-thumbnail-height":230,"paragraphimage":"https:\/\/tourismus-grossregion.eu\/fr\/wp-content\/uploads\/sites\/3\/2021\/08\/31-A6604009_1-468x312.jpg","paragraphimage-width":468,"paragraphimage-height":312,"slider-image":"https:\/\/tourismus-grossregion.eu\/fr\/wp-content\/uploads\/sites\/3\/2021\/08\/31-A6604009_1-901x715.jpg","slider-image-width":901,"slider-image-height":715,"quote-image":"https:\/\/tourismus-grossregion.eu\/fr\/wp-content\/uploads\/sites\/3\/2021\/08\/31-A6604009_1-683x455.jpg","quote-image-width":683,"quote-image-height":455,"productcard-image":"https:\/\/tourismus-grossregion.eu\/fr\/wp-content\/uploads\/sites\/3\/2021\/08\/31-A6604009_1-710x473.jpg","productcard-image-width":710,"productcard-image-height":473}},"widget_slider_image_vertical_position":"center","widget_slider_image_filter":false,"widget_slider_headline":""},{"widget_slider_image":{"ID":1804,"id":1804,"title":"27-A7_09831_1","filename":"27-A7_09831_1.jpg","filesize":429229,"url":"https:\/\/tourismus-grossregion.eu\/fr\/wp-content\/uploads\/sites\/3\/2021\/09\/27-A7_09831_1.jpg","link":"https:\/\/tourismus-grossregion.eu\/fr\/art-nouveau-in-nancy\/27-a7_09831_1\/","alt":"\u00c0 l'int\u00e9rieur du b\u00e2timent, la guide montre \u00e0 ses invit\u00e9s l'influence de la nature sur l'architecte. Une chemin\u00e9e ancienne est construite dans des formes naturellement courbes.","author":"2","description":"","caption":"","name":"27-a7_09831_1","status":"inherit","uploaded_to":1798,"date":"2021-09-07 13:22:19","modified":"2021-09-07 13:44:41","menu_order":0,"mime_type":"image\/jpeg","type":"image","subtype":"jpeg","icon":"https:\/\/tourismus-grossregion.eu\/fr\/wp-includes\/images\/media\/default.png","width":1920,"height":1280,"sizes":{"thumbnail":"https:\/\/tourismus-grossregion.eu\/fr\/wp-content\/uploads\/sites\/3\/2021\/09\/27-A7_09831_1-150x150.jpg","thumbnail-width":150,"thumbnail-height":150,"medium":"https:\/\/tourismus-grossregion.eu\/fr\/wp-content\/uploads\/sites\/3\/2021\/09\/27-A7_09831_1-300x200.jpg","medium-width":300,"medium-height":200,"medium_large":"https:\/\/tourismus-grossregion.eu\/fr\/wp-content\/uploads\/sites\/3\/2021\/09\/27-A7_09831_1-768x512.jpg","medium_large-width":768,"medium_large-height":512,"large":"https:\/\/tourismus-grossregion.eu\/fr\/wp-content\/uploads\/sites\/3\/2021\/09\/27-A7_09831_1-1024x683.jpg","large-width":1024,"large-height":683,"1536x1536":"https:\/\/tourismus-grossregion.eu\/fr\/wp-content\/uploads\/sites\/3\/2021\/09\/27-A7_09831_1-1536x1024.jpg","1536x1536-width":1536,"1536x1536-height":1024,"2048x2048":"https:\/\/tourismus-grossregion.eu\/fr\/wp-content\/uploads\/sites\/3\/2021\/09\/27-A7_09831_1.jpg","2048x2048-width":1920,"2048x2048-height":1280,"download-thumbnail":"https:\/\/tourismus-grossregion.eu\/fr\/wp-content\/uploads\/sites\/3\/2021\/09\/27-A7_09831_1-345x230.jpg","download-thumbnail-width":345,"download-thumbnail-height":230,"paragraphimage":"https:\/\/tourismus-grossregion.eu\/fr\/wp-content\/uploads\/sites\/3\/2021\/09\/27-A7_09831_1-468x312.jpg","paragraphimage-width":468,"paragraphimage-height":312,"slider-image":"https:\/\/tourismus-grossregion.eu\/fr\/wp-content\/uploads\/sites\/3\/2021\/09\/27-A7_09831_1-901x715.jpg","slider-image-width":901,"slider-image-height":715,"quote-image":"https:\/\/tourismus-grossregion.eu\/fr\/wp-content\/uploads\/sites\/3\/2021\/09\/27-A7_09831_1-683x455.jpg","quote-image-width":683,"quote-image-height":455,"productcard-image":"https:\/\/tourismus-grossregion.eu\/fr\/wp-content\/uploads\/sites\/3\/2021\/09\/27-A7_09831_1-710x473.jpg","productcard-image-width":710,"productcard-image-height":473}},"widget_slider_image_vertical_position":"center","widget_slider_image_filter":false,"widget_slider_headline":""},{"widget_slider_image":{"ID":1805,"id":1805,"title":"54-A6604093_1","filename":"54-A6604093_1.jpg","filesize":308497,"url":"https:\/\/tourismus-grossregion.eu\/fr\/wp-content\/uploads\/sites\/3\/2021\/09\/54-A6604093_1.jpg","link":"https:\/\/tourismus-grossregion.eu\/fr\/art-nouveau-in-nancy\/54-a6604093_1\/","alt":"La guide tient une carte dans ses mains tandis que deux invit\u00e9s regardent et \u00e9coutent dans les rues de Nancy.","author":"2","description":"","caption":"","name":"54-a6604093_1","status":"inherit","uploaded_to":1798,"date":"2021-09-07 13:22:19","modified":"2021-09-07 13:45:03","menu_order":0,"mime_type":"image\/jpeg","type":"image","subtype":"jpeg","icon":"https:\/\/tourismus-grossregion.eu\/fr\/wp-includes\/images\/media\/default.png","width":1920,"height":1280,"sizes":{"thumbnail":"https:\/\/tourismus-grossregion.eu\/fr\/wp-content\/uploads\/sites\/3\/2021\/09\/54-A6604093_1-150x150.jpg","thumbnail-width":150,"thumbnail-height":150,"medium":"https:\/\/tourismus-grossregion.eu\/fr\/wp-content\/uploads\/sites\/3\/2021\/09\/54-A6604093_1-300x200.jpg","medium-width":300,"medium-height":200,"medium_large":"https:\/\/tourismus-grossregion.eu\/fr\/wp-content\/uploads\/sites\/3\/2021\/09\/54-A6604093_1-768x512.jpg","medium_large-width":768,"medium_large-height":512,"large":"https:\/\/tourismus-grossregion.eu\/fr\/wp-content\/uploads\/sites\/3\/2021\/09\/54-A6604093_1-1024x683.jpg","large-width":1024,"large-height":683,"1536x1536":"https:\/\/tourismus-grossregion.eu\/fr\/wp-content\/uploads\/sites\/3\/2021\/09\/54-A6604093_1-1536x1024.jpg","1536x1536-width":1536,"1536x1536-height":1024,"2048x2048":"https:\/\/tourismus-grossregion.eu\/fr\/wp-content\/uploads\/sites\/3\/2021\/09\/54-A6604093_1.jpg","2048x2048-width":1920,"2048x2048-height":1280,"download-thumbnail":"https:\/\/tourismus-grossregion.eu\/fr\/wp-content\/uploads\/sites\/3\/2021\/09\/54-A6604093_1-345x230.jpg","download-thumbnail-width":345,"download-thumbnail-height":230,"paragraphimage":"https:\/\/tourismus-grossregion.eu\/fr\/wp-content\/uploads\/sites\/3\/2021\/09\/54-A6604093_1-468x312.jpg","paragraphimage-width":468,"paragraphimage-height":312,"slider-image":"https:\/\/tourismus-grossregion.eu\/fr\/wp-content\/uploads\/sites\/3\/2021\/09\/54-A6604093_1-901x715.jpg","slider-image-width":901,"slider-image-height":715,"quote-image":"https:\/\/tourismus-grossregion.eu\/fr\/wp-content\/uploads\/sites\/3\/2021\/09\/54-A6604093_1-683x455.jpg","quote-image-width":683,"quote-image-height":455,"productcard-image":"https:\/\/tourismus-grossregion.eu\/fr\/wp-content\/uploads\/sites\/3\/2021\/09\/54-A6604093_1-710x473.jpg","productcard-image-width":710,"productcard-image-height":473}},"widget_slider_image_vertical_position":"center","widget_slider_image_filter":false,"widget_slider_headline":""},{"widget_slider_image":{"ID":1806,"id":1806,"title":"29-A6604013_1","filename":"29-A6604013_1.jpg","filesize":383914,"url":"https:\/\/tourismus-grossregion.eu\/fr\/wp-content\/uploads\/sites\/3\/2021\/09\/29-A6604013_1.jpg","link":"https:\/\/tourismus-grossregion.eu\/fr\/art-nouveau-in-nancy\/29-a6604013_1\/","alt":"\u00c0 l'int\u00e9rieur du b\u00e2timent, l'influence de la nature se fait clairement sentir. Un vieux tableau montre une vol\u00e9e d'oiseaux sauvages, et le tableau est entour\u00e9 de formes naturelles en bois.","author":"2","description":"","caption":"","name":"29-a6604013_1","status":"inherit","uploaded_to":1798,"date":"2021-09-07 13:22:20","modified":"2021-09-07 13:45:26","menu_order":0,"mime_type":"image\/jpeg","type":"image","subtype":"jpeg","icon":"https:\/\/tourismus-grossregion.eu\/fr\/wp-includes\/images\/media\/default.png","width":1920,"height":1280,"sizes":{"thumbnail":"https:\/\/tourismus-grossregion.eu\/fr\/wp-content\/uploads\/sites\/3\/2021\/09\/29-A6604013_1-150x150.jpg","thumbnail-width":150,"thumbnail-height":150,"medium":"https:\/\/tourismus-grossregion.eu\/fr\/wp-content\/uploads\/sites\/3\/2021\/09\/29-A6604013_1-300x200.jpg","medium-width":300,"medium-height":200,"medium_large":"https:\/\/tourismus-grossregion.eu\/fr\/wp-content\/uploads\/sites\/3\/2021\/09\/29-A6604013_1-768x512.jpg","medium_large-width":768,"medium_large-height":512,"large":"https:\/\/tourismus-grossregion.eu\/fr\/wp-content\/uploads\/sites\/3\/2021\/09\/29-A6604013_1-1024x683.jpg","large-width":1024,"large-height":683,"1536x1536":"https:\/\/tourismus-grossregion.eu\/fr\/wp-content\/uploads\/sites\/3\/2021\/09\/29-A6604013_1-1536x1024.jpg","1536x1536-width":1536,"1536x1536-height":1024,"2048x2048":"https:\/\/tourismus-grossregion.eu\/fr\/wp-content\/uploads\/sites\/3\/2021\/09\/29-A6604013_1.jpg","2048x2048-width":1920,"2048x2048-height":1280,"download-thumbnail":"https:\/\/tourismus-grossregion.eu\/fr\/wp-content\/uploads\/sites\/3\/2021\/09\/29-A6604013_1-345x230.jpg","download-thumbnail-width":345,"download-thumbnail-height":230,"paragraphimage":"https:\/\/tourismus-grossregion.eu\/fr\/wp-content\/uploads\/sites\/3\/2021\/09\/29-A6604013_1-468x312.jpg","paragraphimage-width":468,"paragraphimage-height":312,"slider-image":"https:\/\/tourismus-grossregion.eu\/fr\/wp-content\/uploads\/sites\/3\/2021\/09\/29-A6604013_1-901x715.jpg","slider-image-width":901,"slider-image-height":715,"quote-image":"https:\/\/tourismus-grossregion.eu\/fr\/wp-content\/uploads\/sites\/3\/2021\/09\/29-A6604013_1-683x455.jpg","quote-image-width":683,"quote-image-height":455,"productcard-image":"https:\/\/tourismus-grossregion.eu\/fr\/wp-content\/uploads\/sites\/3\/2021\/09\/29-A6604013_1-710x473.jpg","productcard-image-width":710,"productcard-image-height":473}},"widget_slider_image_vertical_position":"center","widget_slider_image_filter":false,"widget_slider_headline":""}],"widget_slider_margin":"small"},{"acf_fc_layout":"widget_editor","widget_editor_justify":true,"widget_editor_editor":"<p><b>Pour en savoir plus sur l\u2019Art Nouveau \u00e0 Nancy\u00a0:<\/b><\/p>\n<p><a href=\"https:\/\/www.nancy-tourisme.fr\/decouvrir-nancy\/capitale-francaise-de-lart-nouveau\/ecole-de-nancy\/\">https:\/\/www.nancy-tourisme.fr\/decouvrir-nancy\/capitale-francaise-de-lart-nouveau\/ecole-de-nancy\/<\/a><\/p>\n<p><b>Et d\u00e9couvrir les circuits Art Nouveau\u00a0:<\/b><\/p>\n<p><a href=\"https:\/\/www.nancy-tourisme.fr\/decouvrir-nancy\/capitale-francaise-de-lart-nouveau\/autres-edifices-et-circuits\/\">https:\/\/www.nancy-tourisme.fr\/decouvrir-nancy\/capitale-francaise-de-lart-nouveau\/autres-edifices-et-circuits\/<\/a><\/p>\n","widget_editor_margin":"small"},{"acf_fc_layout":"widget_paragraph_headlines_image","widget_paragraph_headlines_image_orientation":false,"widget_paragraph_headlines_image_decoration":true,"widget_paragraph_headlines_image_content":{"widget_paragraph_headlines_image_preline":"","widget_paragraph_headlines_image_headline":"","widget_paragraph_headlines_image_subline":"Vous aimez ce que vous voyez ?","widget_paragraph_headlines_image_editor_justify":true,"widget_paragraph_headlines_image_editor":"<p>La Grande R\u00e9gion a beaucoup plus \u00e0 offrir ! Jetez un coup d&rsquo;\u0153il aux histoires suivantes de la r\u00e9gion et laissez-vous inspirer.<\/p>\n","widget_paragraph_headlines_image_link":""},"widget_paragraph_headlines_image_image":false,"widget_paragraph_headlines_image_image_option":false,"widget_paragraph_headlines_image_margin":"small"},{"acf_fc_layout":"widget_content_carousel","widget_content_carousel_preline":"","widget_content_carousel_headline":"","widget_content_carousel_description_justify":false,"widget_content_carousel_entries":[{"widget_content_carousel_entries_thumbnail":{"ID":1620,"id":1620,"title":"19-A6603788_1","filename":"19-A6603788_1.jpg","filesize":198454,"url":"https:\/\/tourismus-grossregion.eu\/fr\/wp-content\/uploads\/sites\/3\/2021\/08\/19-A6603788_1.jpg","link":"https:\/\/tourismus-grossregion.eu\/fr\/nancy-street-art\/19-a6603788_1\/","alt":"Deux panneaux routiers indiquent le chemin vers Nancy et d'autres directions. Derri\u00e8re les panneaux se trouve un b\u00e2timent peint en bleu fonc\u00e9 avec un mur color\u00e9.","author":"2","description":"Zwei Stra\u00dfenschilder zeigen den Weg zu Nancy und andere Richtungen. Hinter den Schildern steht ein dunkelblau gestrichenes Geb\u00e4ude mit einer bunten Wand. ","caption":"","name":"19-a6603788_1","status":"inherit","uploaded_to":1813,"date":"2021-09-07 13:54:55","modified":"2021-09-07 13:54:55","menu_order":0,"mime_type":"image\/jpeg","type":"image","subtype":"jpeg","icon":"https:\/\/tourismus-grossregion.eu\/fr\/wp-includes\/images\/media\/default.png","width":0,"height":0,"sizes":{"thumbnail":"https:\/\/tourismus-grossregion.eu\/fr\/wp-content\/uploads\/sites\/3\/2021\/08\/19-A6603788_1.jpg","thumbnail-width":1,"thumbnail-height":1,"medium":"https:\/\/tourismus-grossregion.eu\/fr\/wp-content\/uploads\/sites\/3\/2021\/08\/19-A6603788_1.jpg","medium-width":1,"medium-height":1,"medium_large":"https:\/\/tourismus-grossregion.eu\/fr\/wp-content\/uploads\/sites\/3\/2021\/08\/19-A6603788_1.jpg","medium_large-width":1,"medium_large-height":1,"large":"https:\/\/tourismus-grossregion.eu\/fr\/wp-content\/uploads\/sites\/3\/2021\/08\/19-A6603788_1.jpg","large-width":1,"large-height":1,"1536x1536":"https:\/\/tourismus-grossregion.eu\/fr\/wp-content\/uploads\/sites\/3\/2021\/08\/19-A6603788_1.jpg","1536x1536-width":1,"1536x1536-height":1,"2048x2048":"https:\/\/tourismus-grossregion.eu\/fr\/wp-content\/uploads\/sites\/3\/2021\/08\/19-A6603788_1.jpg","2048x2048-width":1,"2048x2048-height":1,"download-thumbnail":"https:\/\/tourismus-grossregion.eu\/fr\/wp-content\/uploads\/sites\/3\/2021\/08\/19-A6603788_1.jpg","download-thumbnail-width":1,"download-thumbnail-height":1,"paragraphimage":"https:\/\/tourismus-grossregion.eu\/fr\/wp-content\/uploads\/sites\/3\/2021\/08\/19-A6603788_1.jpg","paragraphimage-width":1,"paragraphimage-height":1,"slider-image":"https:\/\/tourismus-grossregion.eu\/fr\/wp-content\/uploads\/sites\/3\/2021\/08\/19-A6603788_1.jpg","slider-image-width":1,"slider-image-height":1,"quote-image":"https:\/\/tourismus-grossregion.eu\/fr\/wp-content\/uploads\/sites\/3\/2021\/08\/19-A6603788_1.jpg","quote-image-width":1,"quote-image-height":1,"productcard-image":"https:\/\/tourismus-grossregion.eu\/fr\/wp-content\/uploads\/sites\/3\/2021\/08\/19-A6603788_1.jpg","productcard-image-width":1,"productcard-image-height":1}},"widget_content_carousel_entries_title":"Nancy Street Art","widget_content_carousel_entries_description":"<p>Jeune, dynamique et impertinente<\/p>\n","widget_content_carousel_entries__link":"https:\/\/tourismus-grossregion.eu\/fr\/nancy-street-art\/"},{"widget_content_carousel_entries_thumbnail":{"ID":584,"id":584,"title":"DJI_0548","filename":"DJI_0548.jpg","filesize":1134999,"url":"https:\/\/tourismus-grossregion.eu\/fr\/wp-content\/uploads\/sites\/3\/2021\/07\/DJI_0548.jpg","link":"https:\/\/tourismus-grossregion.eu\/fr\/saarlouis\/dji_0548\/","alt":"Une vue \u00e0 vol d'oiseau de la ville de Saarlouis avec le Saarpolygon en arri\u00e8re-plan.","author":"2","description":"Une vue \u00e0 vol d'oiseau de la ville de Saarlouis avec le Saarpolygon en arri\u00e8re-plan.","caption":"","name":"dji_0548","status":"inherit","uploaded_to":583,"date":"2021-07-26 14:08:31","modified":"2021-08-04 06:55:32","menu_order":0,"mime_type":"image\/jpeg","type":"image","subtype":"jpeg","icon":"https:\/\/tourismus-grossregion.eu\/fr\/wp-includes\/images\/media\/default.png","width":1920,"height":1279,"sizes":{"thumbnail":"https:\/\/tourismus-grossregion.eu\/fr\/wp-content\/uploads\/sites\/3\/2021\/07\/DJI_0548-150x150.jpg","thumbnail-width":150,"thumbnail-height":150,"medium":"https:\/\/tourismus-grossregion.eu\/fr\/wp-content\/uploads\/sites\/3\/2021\/07\/DJI_0548-300x200.jpg","medium-width":300,"medium-height":200,"medium_large":"https:\/\/tourismus-grossregion.eu\/fr\/wp-content\/uploads\/sites\/3\/2021\/07\/DJI_0548-768x512.jpg","medium_large-width":768,"medium_large-height":512,"large":"https:\/\/tourismus-grossregion.eu\/fr\/wp-content\/uploads\/sites\/3\/2021\/07\/DJI_0548-1024x682.jpg","large-width":1024,"large-height":682,"1536x1536":"https:\/\/tourismus-grossregion.eu\/fr\/wp-content\/uploads\/sites\/3\/2021\/07\/DJI_0548-1536x1023.jpg","1536x1536-width":1536,"1536x1536-height":1023,"2048x2048":"https:\/\/tourismus-grossregion.eu\/fr\/wp-content\/uploads\/sites\/3\/2021\/07\/DJI_0548.jpg","2048x2048-width":1920,"2048x2048-height":1279,"download-thumbnail":"https:\/\/tourismus-grossregion.eu\/fr\/wp-content\/uploads\/sites\/3\/2021\/07\/DJI_0548-345x230.jpg","download-thumbnail-width":345,"download-thumbnail-height":230,"paragraphimage":"https:\/\/tourismus-grossregion.eu\/fr\/wp-content\/uploads\/sites\/3\/2021\/07\/DJI_0548-468x312.jpg","paragraphimage-width":468,"paragraphimage-height":312,"slider-image":"https:\/\/tourismus-grossregion.eu\/fr\/wp-content\/uploads\/sites\/3\/2021\/07\/DJI_0548-901x715.jpg","slider-image-width":901,"slider-image-height":715,"quote-image":"https:\/\/tourismus-grossregion.eu\/fr\/wp-content\/uploads\/sites\/3\/2021\/07\/DJI_0548-683x455.jpg","quote-image-width":683,"quote-image-height":455,"productcard-image":"https:\/\/tourismus-grossregion.eu\/fr\/wp-content\/uploads\/sites\/3\/2021\/07\/DJI_0548-710x473.jpg","productcard-image-width":710,"productcard-image-height":473}},"widget_content_carousel_entries_title":"Saarlouis","widget_content_carousel_entries_description":"<p>Le meilleur de deux mondes<\/p>\n","widget_content_carousel_entries__link":"https:\/\/tourismus-grossregion.eu\/fr\/saarlouis\/"},{"widget_content_carousel_entries_thumbnail":{"ID":504,"id":504,"title":"DSC0386","filename":"DSC0386.jpg","filesize":1531436,"url":"https:\/\/tourismus-grossregion.eu\/fr\/wp-content\/uploads\/sites\/3\/2021\/07\/DSC0386.jpg","link":"https:\/\/tourismus-grossregion.eu\/fr\/?attachment_id=504","alt":"L'ascenseur panoramique du Luxembourg photographi\u00e9 du bas vers le ciel. Le ciel est bleu avec des nuages blancs. L'ascenseur est entour\u00e9 de hautes fa\u00e7ades de maisons.","author":"2","description":"L'ascenseur panoramique du Luxembourg photographi\u00e9 du bas vers le ciel. Le ciel est bleu avec des nuages blancs. L'ascenseur est entour\u00e9 de hautes fa\u00e7ades de maisons.","caption":"","name":"dsc0386","status":"inherit","uploaded_to":582,"date":"2021-07-26 12:28:31","modified":"2021-08-05 11:19:23","menu_order":0,"mime_type":"image\/jpeg","type":"image","subtype":"jpeg","icon":"https:\/\/tourismus-grossregion.eu\/fr\/wp-includes\/images\/media\/default.png","width":1920,"height":1277,"sizes":{"thumbnail":"https:\/\/tourismus-grossregion.eu\/fr\/wp-content\/uploads\/sites\/3\/2021\/07\/DSC0386-150x150.jpg","thumbnail-width":150,"thumbnail-height":150,"medium":"https:\/\/tourismus-grossregion.eu\/fr\/wp-content\/uploads\/sites\/3\/2021\/07\/DSC0386-300x200.jpg","medium-width":300,"medium-height":200,"medium_large":"https:\/\/tourismus-grossregion.eu\/fr\/wp-content\/uploads\/sites\/3\/2021\/07\/DSC0386-768x511.jpg","medium_large-width":768,"medium_large-height":511,"large":"https:\/\/tourismus-grossregion.eu\/fr\/wp-content\/uploads\/sites\/3\/2021\/07\/DSC0386-1024x681.jpg","large-width":1024,"large-height":681,"1536x1536":"https:\/\/tourismus-grossregion.eu\/fr\/wp-content\/uploads\/sites\/3\/2021\/07\/DSC0386-1536x1022.jpg","1536x1536-width":1536,"1536x1536-height":1022,"2048x2048":"https:\/\/tourismus-grossregion.eu\/fr\/wp-content\/uploads\/sites\/3\/2021\/07\/DSC0386.jpg","2048x2048-width":1920,"2048x2048-height":1277,"download-thumbnail":"https:\/\/tourismus-grossregion.eu\/fr\/wp-content\/uploads\/sites\/3\/2021\/07\/DSC0386-345x229.jpg","download-thumbnail-width":345,"download-thumbnail-height":229,"paragraphimage":"https:\/\/tourismus-grossregion.eu\/fr\/wp-content\/uploads\/sites\/3\/2021\/07\/DSC0386-468x311.jpg","paragraphimage-width":468,"paragraphimage-height":311,"slider-image":"https:\/\/tourismus-grossregion.eu\/fr\/wp-content\/uploads\/sites\/3\/2021\/07\/DSC0386-901x715.jpg","slider-image-width":901,"slider-image-height":715,"quote-image":"https:\/\/tourismus-grossregion.eu\/fr\/wp-content\/uploads\/sites\/3\/2021\/07\/DSC0386-683x454.jpg","quote-image-width":683,"quote-image-height":454,"productcard-image":"https:\/\/tourismus-grossregion.eu\/fr\/wp-content\/uploads\/sites\/3\/2021\/07\/DSC0386-710x472.jpg","productcard-image-width":710,"productcard-image-height":472}},"widget_content_carousel_entries_title":"Visite architecturale du Luxembourg","widget_content_carousel_entries_description":"<p>Une ville qui rassemble<\/p>\n","widget_content_carousel_entries__link":"https:\/\/tourismus-grossregion.eu\/fr\/visite-architecturale-luxembourg\/"}],"widget_content_carousel_margin":"small"}]},"_links":{"self":[{"href":"https:\/\/tourismus-grossregion.eu\/fr\/wp-json\/wp\/v2\/pages\/1798"}],"collection":[{"href":"https:\/\/tourismus-grossregion.eu\/fr\/wp-json\/wp\/v2\/pages"}],"about":[{"href":"https:\/\/tourismus-grossregion.eu\/fr\/wp-json\/wp\/v2\/types\/page"}],"author":[{"embeddable":true,"href":"https:\/\/tourismus-grossregion.eu\/fr\/wp-json\/wp\/v2\/users\/2"}],"replies":[{"embeddable":true,"href":"https:\/\/tourismus-grossregion.eu\/fr\/wp-json\/wp\/v2\/comments?post=1798"}],"version-history":[{"count":6,"href":"https:\/\/tourismus-grossregion.eu\/fr\/wp-json\/wp\/v2\/pages\/1798\/revisions"}],"predecessor-version":[{"id":1824,"href":"https:\/\/tourismus-grossregion.eu\/fr\/wp-json\/wp\/v2\/pages\/1798\/revisions\/1824"}],"wp:featuredmedia":[{"embeddable":true,"href":"https:\/\/tourismus-grossregion.eu\/fr\/wp-json\/wp\/v2\/media\/1799"}],"wp:attachment":[{"href":"https:\/\/tourismus-grossregion.eu\/fr\/wp-json\/wp\/v2\/media?parent=1798"}],"curies":[{"name":"wp","href":"https:\/\/api.w.org\/{rel}","templated":true}]}}