{"id":474,"date":"2021-07-26T14:21:10","date_gmt":"2021-07-26T12:21:10","guid":{"rendered":"https:\/\/tgr.zeitraum.com\/fr\/?page_id=474"},"modified":"2021-08-27T14:07:03","modified_gmt":"2021-08-27T12:07:03","slug":"la-vennbahn","status":"publish","type":"page","link":"https:\/\/tourismus-grossregion.eu\/fr\/la-vennbahn\/","title":{"rendered":"Story: Ostbelgien: La Vennbahn"},"content":{"rendered":"","protected":false},"excerpt":{"rendered":"","protected":false},"author":2,"featured_media":403,"parent":0,"menu_order":0,"comment_status":"closed","ping_status":"closed","template":"","meta":[],"yoast_head":"<!-- This site is optimized with the Yoast SEO plugin v16.9 - https:\/\/yoast.com\/wordpress\/plugins\/seo\/ -->\n<meta name=\"robots\" content=\"index, follow, max-snippet:-1, max-image-preview:large, max-video-preview:-1\" \/>\n<link rel=\"canonical\" href=\"https:\/\/tourismus-grossregion.eu\/fr\/la-vennbahn\/\" \/>\n<meta property=\"og:locale\" content=\"fr_FR\" \/>\n<meta property=\"og:type\" content=\"article\" \/>\n<meta property=\"og:title\" content=\"Story: Ostbelgien: La Vennbahn - Tourisme Grande R\u00e9gion\" \/>\n<meta property=\"og:url\" content=\"https:\/\/tourismus-grossregion.eu\/fr\/la-vennbahn\/\" \/>\n<meta property=\"og:site_name\" content=\"Tourisme Grande R\u00e9gion\" \/>\n<meta property=\"article:modified_time\" content=\"2021-08-27T12:07:03+00:00\" \/>\n<meta property=\"og:image\" content=\"https:\/\/tourismus-grossregion.eu\/fr\/wp-content\/uploads\/sites\/3\/2021\/07\/DJI_0794_1.jpg\" \/>\n\t<meta property=\"og:image:width\" content=\"1920\" \/>\n\t<meta property=\"og:image:height\" content=\"1280\" \/>\n<meta name=\"twitter:card\" content=\"summary_large_image\" \/>\n<script type=\"application\/ld+json\" class=\"yoast-schema-graph\">{\"@context\":\"https:\/\/schema.org\",\"@graph\":[{\"@type\":\"WebSite\",\"@id\":\"https:\/\/tourismus-grossregion.eu\/fr\/#website\",\"url\":\"https:\/\/tourismus-grossregion.eu\/fr\/\",\"name\":\"Tourisme Grande R\\u00e9gion\",\"description\":\"Tourisme Grande R\\u00e9gion\",\"potentialAction\":[{\"@type\":\"SearchAction\",\"target\":{\"@type\":\"EntryPoint\",\"urlTemplate\":\"https:\/\/tourismus-grossregion.eu\/fr\/?s={search_term_string}\"},\"query-input\":\"required name=search_term_string\"}],\"inLanguage\":\"fr-FR\"},{\"@type\":\"ImageObject\",\"@id\":\"https:\/\/tourismus-grossregion.eu\/fr\/la-vennbahn\/#primaryimage\",\"inLanguage\":\"fr-FR\",\"url\":\"https:\/\/tourismus-grossregion.eu\/fr\/wp-content\/uploads\/sites\/3\/2021\/07\/DJI_0794_1.jpg\",\"contentUrl\":\"https:\/\/tourismus-grossregion.eu\/fr\/wp-content\/uploads\/sites\/3\/2021\/07\/DJI_0794_1.jpg\",\"width\":1920,\"height\":1280,\"caption\":\"Une partie de la Vennbahn est visible depuis les airs : la piste cyclable de couleur turquoise traverse les voies ferr\\u00e9es.\"},{\"@type\":\"WebPage\",\"@id\":\"https:\/\/tourismus-grossregion.eu\/fr\/la-vennbahn\/#webpage\",\"url\":\"https:\/\/tourismus-grossregion.eu\/fr\/la-vennbahn\/\",\"name\":\"Story: Ostbelgien: La Vennbahn - Tourisme Grande R\\u00e9gion\",\"isPartOf\":{\"@id\":\"https:\/\/tourismus-grossregion.eu\/fr\/#website\"},\"primaryImageOfPage\":{\"@id\":\"https:\/\/tourismus-grossregion.eu\/fr\/la-vennbahn\/#primaryimage\"},\"datePublished\":\"2021-07-26T12:21:10+00:00\",\"dateModified\":\"2021-08-27T12:07:03+00:00\",\"breadcrumb\":{\"@id\":\"https:\/\/tourismus-grossregion.eu\/fr\/la-vennbahn\/#breadcrumb\"},\"inLanguage\":\"fr-FR\",\"potentialAction\":[{\"@type\":\"ReadAction\",\"target\":[\"https:\/\/tourismus-grossregion.eu\/fr\/la-vennbahn\/\"]}]},{\"@type\":\"BreadcrumbList\",\"@id\":\"https:\/\/tourismus-grossregion.eu\/fr\/la-vennbahn\/#breadcrumb\",\"itemListElement\":[{\"@type\":\"ListItem\",\"position\":1,\"name\":\"Story: Ostbelgien: La Vennbahn\"}]}]}<\/script>\n<!-- \/ Yoast SEO plugin. -->","yoast_head_json":{"robots":{"index":"index","follow":"follow","max-snippet":"max-snippet:-1","max-image-preview":"max-image-preview:large","max-video-preview":"max-video-preview:-1"},"canonical":"https:\/\/tourismus-grossregion.eu\/fr\/la-vennbahn\/","og_locale":"fr_FR","og_type":"article","og_title":"Story: Ostbelgien: La Vennbahn - Tourisme Grande R\u00e9gion","og_url":"https:\/\/tourismus-grossregion.eu\/fr\/la-vennbahn\/","og_site_name":"Tourisme Grande R\u00e9gion","article_modified_time":"2021-08-27T12:07:03+00:00","og_image":[{"width":1920,"height":1280,"url":"https:\/\/tourismus-grossregion.eu\/fr\/wp-content\/uploads\/sites\/3\/2021\/07\/DJI_0794_1.jpg","path":"\/var\/www\/html\/wp-content\/uploads\/sites\/3\/2021\/07\/DJI_0794_1.jpg","size":"full","id":403,"alt":"Une partie de la Vennbahn est visible depuis les airs : la piste cyclable de couleur turquoise traverse les voies ferr\u00e9es.","pixels":2457600,"type":"image\/jpeg"}],"twitter_card":"summary_large_image","schema":{"@context":"https:\/\/schema.org","@graph":[{"@type":"WebSite","@id":"https:\/\/tourismus-grossregion.eu\/fr\/#website","url":"https:\/\/tourismus-grossregion.eu\/fr\/","name":"Tourisme Grande R\u00e9gion","description":"Tourisme Grande R\u00e9gion","potentialAction":[{"@type":"SearchAction","target":{"@type":"EntryPoint","urlTemplate":"https:\/\/tourismus-grossregion.eu\/fr\/?s={search_term_string}"},"query-input":"required name=search_term_string"}],"inLanguage":"fr-FR"},{"@type":"ImageObject","@id":"https:\/\/tourismus-grossregion.eu\/fr\/la-vennbahn\/#primaryimage","inLanguage":"fr-FR","url":"https:\/\/tourismus-grossregion.eu\/fr\/wp-content\/uploads\/sites\/3\/2021\/07\/DJI_0794_1.jpg","contentUrl":"https:\/\/tourismus-grossregion.eu\/fr\/wp-content\/uploads\/sites\/3\/2021\/07\/DJI_0794_1.jpg","width":1920,"height":1280,"caption":"Une partie de la Vennbahn est visible depuis les airs : la piste cyclable de couleur turquoise traverse les voies ferr\u00e9es."},{"@type":"WebPage","@id":"https:\/\/tourismus-grossregion.eu\/fr\/la-vennbahn\/#webpage","url":"https:\/\/tourismus-grossregion.eu\/fr\/la-vennbahn\/","name":"Story: Ostbelgien: La Vennbahn - Tourisme Grande R\u00e9gion","isPartOf":{"@id":"https:\/\/tourismus-grossregion.eu\/fr\/#website"},"primaryImageOfPage":{"@id":"https:\/\/tourismus-grossregion.eu\/fr\/la-vennbahn\/#primaryimage"},"datePublished":"2021-07-26T12:21:10+00:00","dateModified":"2021-08-27T12:07:03+00:00","breadcrumb":{"@id":"https:\/\/tourismus-grossregion.eu\/fr\/la-vennbahn\/#breadcrumb"},"inLanguage":"fr-FR","potentialAction":[{"@type":"ReadAction","target":["https:\/\/tourismus-grossregion.eu\/fr\/la-vennbahn\/"]}]},{"@type":"BreadcrumbList","@id":"https:\/\/tourismus-grossregion.eu\/fr\/la-vennbahn\/#breadcrumb","itemListElement":[{"@type":"ListItem","position":1,"name":"Story: Ostbelgien: La Vennbahn"}]}]}},"acf":{"pb_acf_widgets":[{"acf_fc_layout":"widget_hero_static","widget_hero_static_background":{"widget_hero_static_background_type":false,"widget_hero_static_image":{"ID":403,"id":403,"title":"DJI_0794_1","filename":"DJI_0794_1.jpg","filesize":692663,"url":"https:\/\/tourismus-grossregion.eu\/fr\/wp-content\/uploads\/sites\/3\/2021\/07\/DJI_0794_1.jpg","link":"https:\/\/tourismus-grossregion.eu\/fr\/la-vennbahn\/dji_0794_1\/","alt":"Une partie de la Vennbahn est visible depuis les airs : la piste cyclable de couleur turquoise traverse les voies ferr\u00e9es.","author":"2","description":"Une partie de la Vennbahn est visible depuis les airs : la piste cyclable de couleur turquoise traverse les voies ferr\u00e9es.","caption":"","name":"dji_0794_1","status":"inherit","uploaded_to":474,"date":"2021-07-26 09:41:11","modified":"2021-07-26 15:45:30","menu_order":0,"mime_type":"image\/jpeg","type":"image","subtype":"jpeg","icon":"https:\/\/tourismus-grossregion.eu\/fr\/wp-includes\/images\/media\/default.png","width":1920,"height":1280,"sizes":{"thumbnail":"https:\/\/tourismus-grossregion.eu\/fr\/wp-content\/uploads\/sites\/3\/2021\/07\/DJI_0794_1-150x150.jpg","thumbnail-width":150,"thumbnail-height":150,"medium":"https:\/\/tourismus-grossregion.eu\/fr\/wp-content\/uploads\/sites\/3\/2021\/07\/DJI_0794_1-300x200.jpg","medium-width":300,"medium-height":200,"medium_large":"https:\/\/tourismus-grossregion.eu\/fr\/wp-content\/uploads\/sites\/3\/2021\/07\/DJI_0794_1-768x512.jpg","medium_large-width":768,"medium_large-height":512,"large":"https:\/\/tourismus-grossregion.eu\/fr\/wp-content\/uploads\/sites\/3\/2021\/07\/DJI_0794_1-1024x683.jpg","large-width":1024,"large-height":683,"1536x1536":"https:\/\/tourismus-grossregion.eu\/fr\/wp-content\/uploads\/sites\/3\/2021\/07\/DJI_0794_1-1536x1024.jpg","1536x1536-width":1536,"1536x1536-height":1024,"2048x2048":"https:\/\/tourismus-grossregion.eu\/fr\/wp-content\/uploads\/sites\/3\/2021\/07\/DJI_0794_1.jpg","2048x2048-width":1920,"2048x2048-height":1280,"download-thumbnail":"https:\/\/tourismus-grossregion.eu\/fr\/wp-content\/uploads\/sites\/3\/2021\/07\/DJI_0794_1-345x230.jpg","download-thumbnail-width":345,"download-thumbnail-height":230,"paragraphimage":"https:\/\/tourismus-grossregion.eu\/fr\/wp-content\/uploads\/sites\/3\/2021\/07\/DJI_0794_1-468x312.jpg","paragraphimage-width":468,"paragraphimage-height":312,"slider-image":"https:\/\/tourismus-grossregion.eu\/fr\/wp-content\/uploads\/sites\/3\/2021\/07\/DJI_0794_1-901x715.jpg","slider-image-width":901,"slider-image-height":715,"quote-image":"https:\/\/tourismus-grossregion.eu\/fr\/wp-content\/uploads\/sites\/3\/2021\/07\/DJI_0794_1-683x455.jpg","quote-image-width":683,"quote-image-height":455,"productcard-image":"https:\/\/tourismus-grossregion.eu\/fr\/wp-content\/uploads\/sites\/3\/2021\/07\/DJI_0794_1-710x473.jpg","productcard-image-width":710,"productcard-image-height":473}},"widget_hero_static_video_type":false,"widget_hero_static_video_upload":false,"widget_hero_static_youtube_embed":"","widget_hero_static_filter":false},"widget_hero_static_content":{"widget_hero_static_headline":"La Vennbahn","widget_hero_static_copy":"","widget_hero_static_link":""},"widget_hero_static_margin":"small"},{"acf_fc_layout":"widget_paragraph_headlines_image","widget_paragraph_headlines_image_orientation":false,"widget_paragraph_headlines_image_decoration":true,"widget_paragraph_headlines_image_content":{"widget_paragraph_headlines_image_preline":"","widget_paragraph_headlines_image_headline":"","widget_paragraph_headlines_image_subline":"Excursion transfrontali\u00e8re : en route sur la Vennbahn ","widget_paragraph_headlines_image_editor_justify":true,"widget_paragraph_headlines_image_editor":"<p>125 kilom\u00e8tres, trois pays et 17 passages de fronti\u00e8re : la Vennbahn est une v\u00e9loroute am\u00e9nag\u00e9e sur une ancienne voie de chemin de fer. Elle traverse les Cantons de l\u2019Est et relie les villes d&rsquo;Aix-la-Chapelle en Allemagne et de Troisvierges au Luxembourg.<\/p>\n","widget_paragraph_headlines_image_link":""},"widget_paragraph_headlines_image_image":false,"widget_paragraph_headlines_image_image_option":false,"widget_paragraph_headlines_image_margin":"small"},{"acf_fc_layout":"widget_paragraph_headlines_image","widget_paragraph_headlines_image_orientation":false,"widget_paragraph_headlines_image_decoration":false,"widget_paragraph_headlines_image_content":{"widget_paragraph_headlines_image_preline":"","widget_paragraph_headlines_image_headline":"","widget_paragraph_headlines_image_subline":"","widget_paragraph_headlines_image_editor_justify":true,"widget_paragraph_headlines_image_editor":"<p>Une dame en tenue cycliste pose avec son v\u00e9lo, perch\u00e9e sur un large tronc d&rsquo;arbre. Sourire aux l\u00e8vres, elle l\u00e8ve les bras au ciel. En contrebas, son compagnon cycliste la prend en photo, hilare. Le troisi\u00e8me larron du groupe est d\u00e9j\u00e0 impatient de se hisser, v\u00e9lo \u00e0 la main, sur le tronc. Christoph et son p\u00e8re Karl-Heinz ont d\u00e9j\u00e0 crois\u00e9 le trio \u00e0 plusieurs reprises aujourd&rsquo;hui. Les coureurs les ont d&rsquo;abord d\u00e9pass\u00e9s. \u00c0 pr\u00e9sent, confortablement attabl\u00e9s au bar en plein air du poste d&rsquo;aiguillage de Raeren, p\u00e8re et fils regardent passer les sportifs en plein effort. Peu de temps apr\u00e8s, les athl\u00e8tes font leur entr\u00e9e dans le caf\u00e9. La conversation s\u2019engage avec Christoph et son paternel. D&rsquo;un air satisfait, les cyclistes expliquent qu\u2019ils ont quitt\u00e9 Troisvierges t\u00f4t ce matin. Ils veulent \u00eatre \u00e0 Aix-la-Chapelle avant le coucher du soleil.<\/p>\n<p>Alors que les trois athl\u00e8tes quittent la terrasse, Christoph et Karl-Heinz boivent \u00e0 leur sant\u00e9. Eux ont d\u00e9j\u00e0 atteint leur \u00e9tape du jour. Le trajet de Leykaul \u00e0 Raeren est long de 33 kilom\u00e8tres. Cette ann\u00e9e, le duo compte boucler en quatre jours le parcours cycliste de 125 kilom\u00e8tres de Troisvierges \u00e0 Aix-la-Chapelle. L&rsquo;ann\u00e9e derni\u00e8re, ils l\u2019avaient fait en cinq jours. L&rsquo;objectif \u00e0 atteindre l&rsquo;ann\u00e9e prochaine ? Peu importe.<\/p>\n","widget_paragraph_headlines_image_link":""},"widget_paragraph_headlines_image_image":{"ID":405,"id":405,"title":"GROB_1014_1","filename":"GROB_1014_1.jpg","filesize":613855,"url":"https:\/\/tourismus-grossregion.eu\/fr\/wp-content\/uploads\/sites\/3\/2021\/07\/GROB_1014_1.jpg","link":"https:\/\/tourismus-grossregion.eu\/fr\/la-vennbahn\/grob_1014_1\/","alt":"Un cycliste se tient fi\u00e8rement debout sur une vieille souche d'arbre \u00e9norme, tenant son v\u00e9lo \u00e0 c\u00f4t\u00e9 de lui.","author":"2","description":"Un cycliste se tient fi\u00e8rement debout sur une vieille souche d'arbre \u00e9norme, tenant son v\u00e9lo \u00e0 c\u00f4t\u00e9 de lui.","caption":"","name":"grob_1014_1","status":"inherit","uploaded_to":474,"date":"2021-07-26 09:41:33","modified":"2021-07-26 15:45:30","menu_order":0,"mime_type":"image\/jpeg","type":"image","subtype":"jpeg","icon":"https:\/\/tourismus-grossregion.eu\/fr\/wp-includes\/images\/media\/default.png","width":1920,"height":1282,"sizes":{"thumbnail":"https:\/\/tourismus-grossregion.eu\/fr\/wp-content\/uploads\/sites\/3\/2021\/07\/GROB_1014_1-150x150.jpg","thumbnail-width":150,"thumbnail-height":150,"medium":"https:\/\/tourismus-grossregion.eu\/fr\/wp-content\/uploads\/sites\/3\/2021\/07\/GROB_1014_1-300x200.jpg","medium-width":300,"medium-height":200,"medium_large":"https:\/\/tourismus-grossregion.eu\/fr\/wp-content\/uploads\/sites\/3\/2021\/07\/GROB_1014_1-768x513.jpg","medium_large-width":768,"medium_large-height":513,"large":"https:\/\/tourismus-grossregion.eu\/fr\/wp-content\/uploads\/sites\/3\/2021\/07\/GROB_1014_1-1024x684.jpg","large-width":1024,"large-height":684,"1536x1536":"https:\/\/tourismus-grossregion.eu\/fr\/wp-content\/uploads\/sites\/3\/2021\/07\/GROB_1014_1-1536x1026.jpg","1536x1536-width":1536,"1536x1536-height":1026,"2048x2048":"https:\/\/tourismus-grossregion.eu\/fr\/wp-content\/uploads\/sites\/3\/2021\/07\/GROB_1014_1.jpg","2048x2048-width":1920,"2048x2048-height":1282,"download-thumbnail":"https:\/\/tourismus-grossregion.eu\/fr\/wp-content\/uploads\/sites\/3\/2021\/07\/GROB_1014_1-345x230.jpg","download-thumbnail-width":345,"download-thumbnail-height":230,"paragraphimage":"https:\/\/tourismus-grossregion.eu\/fr\/wp-content\/uploads\/sites\/3\/2021\/07\/GROB_1014_1-468x312.jpg","paragraphimage-width":468,"paragraphimage-height":312,"slider-image":"https:\/\/tourismus-grossregion.eu\/fr\/wp-content\/uploads\/sites\/3\/2021\/07\/GROB_1014_1-901x715.jpg","slider-image-width":901,"slider-image-height":715,"quote-image":"https:\/\/tourismus-grossregion.eu\/fr\/wp-content\/uploads\/sites\/3\/2021\/07\/GROB_1014_1-683x456.jpg","quote-image-width":683,"quote-image-height":456,"productcard-image":"https:\/\/tourismus-grossregion.eu\/fr\/wp-content\/uploads\/sites\/3\/2021\/07\/GROB_1014_1-710x474.jpg","productcard-image-width":710,"productcard-image-height":474}},"widget_paragraph_headlines_image_image_option":false,"widget_paragraph_headlines_image_margin":"small"},{"acf_fc_layout":"widget_editor","widget_editor_justify":true,"widget_editor_editor":"<p>Pour Karl-Heinz, ce sont les moments pass\u00e9s en pleine nature qui comptent. Quant \u00e0 Christoph, historien \u00e0 l&rsquo;universit\u00e9 de Luxembourg, c\u2019est l&rsquo;histoire passionnante de la Vennbahn qui l\u2019int\u00e9resse. Tous deux appr\u00e9cient la convivialit\u00e9 de la gent cycliste. \u00ab Bonjour \u00bb, \u00ab Hello \u00bb, \u00ab Hallo \u00bb : on se salue dans toutes les langues ou on se fait un signe de t\u00eate. On propose son aide en cas de crevaison ou de saut de cha\u00eene, et on se dit merci quand on se range lors d&rsquo;une man\u0153uvre de d\u00e9passement. Sur la Vennbahn, c\u2019est un pour tous et tous pour un.<\/p>\n","widget_editor_margin":"small"},{"acf_fc_layout":"widget_paragraph_headlines_image","widget_paragraph_headlines_image_orientation":true,"widget_paragraph_headlines_image_decoration":false,"widget_paragraph_headlines_image_content":{"widget_paragraph_headlines_image_preline":"","widget_paragraph_headlines_image_headline":"","widget_paragraph_headlines_image_subline":"Une longue histoire","widget_paragraph_headlines_image_editor_justify":true,"widget_paragraph_headlines_image_editor":"<p>La Vennbahn est une v\u00e9loroute de 125 kilom\u00e8tres qui relie les villes de Troisvierges au Luxembourg et d&rsquo;Aix-la-Chapelle en Allemagne, en passant par les Cantons de l\u2019Est. Elle a \u00e9t\u00e9 am\u00e9nag\u00e9e en 2012 sur le trac\u00e9 sinueux d&rsquo;une ligne de chemin de fer qui, pendant pr\u00e8s de cent ans, assura la liaison entre le creuset sid\u00e9rurgique luxembourgeois-lorrain et le bassin industriel rh\u00e9nan. L&rsquo;itin\u00e9raire tire son nom de l&rsquo;immense parc naturel germano-belge Hohes Venn (Hautes Fagnes) qu&rsquo;il traverse. C&rsquo;est un beau parcours qui serpente entre zones rurales, vertes for\u00eats et vastes cultures c\u00e9r\u00e9ali\u00e8res. Il est ponctu\u00e9 de villages et de petites villes, dont Monschau en Allemagne ou Saint-Vith en Belgique. Les grandes m\u00e9tropoles en sont absentes.<\/p>\n<p>Si la Vennbahn \u00e9tait une v\u00e9loroute classique, elle ne traverserait que deux fronti\u00e8res sur son trajet entre le Luxembourg et l&rsquo;Allemagne via la Belgique. Mais la Vennbahn est une route pas comme les autres. Entre les localit\u00e9s belges de Raeren et Leykaul, distantes de 25 kilom\u00e8tres seulement, la piste cyclable traverse 14 fois la fronti\u00e8re germano-belge, et ce sans m\u00eame quitter le sol belge, paradoxalement.<\/p>\n","widget_paragraph_headlines_image_link":""},"widget_paragraph_headlines_image_image":{"ID":404,"id":404,"title":"GROB_1096_1","filename":"GROB_1096_1.jpg","filesize":590051,"url":"https:\/\/tourismus-grossregion.eu\/fr\/wp-content\/uploads\/sites\/3\/2021\/07\/GROB_1096_1.jpg","link":"https:\/\/tourismus-grossregion.eu\/fr\/la-vennbahn\/grob_1096_1\/","alt":"On peut voir trois v\u00e9t\u00e9tistes sur une piste cyclable qui traverse un champ vert rempli de fleurs sauvages blanches.","author":"2","description":"On peut voir trois v\u00e9t\u00e9tistes sur une piste cyclable qui traverse un champ vert rempli de fleurs sauvages blanches.","caption":"","name":"grob_1096_1","status":"inherit","uploaded_to":474,"date":"2021-07-26 09:41:22","modified":"2021-07-26 15:45:30","menu_order":0,"mime_type":"image\/jpeg","type":"image","subtype":"jpeg","icon":"https:\/\/tourismus-grossregion.eu\/fr\/wp-includes\/images\/media\/default.png","width":1920,"height":1282,"sizes":{"thumbnail":"https:\/\/tourismus-grossregion.eu\/fr\/wp-content\/uploads\/sites\/3\/2021\/07\/GROB_1096_1-150x150.jpg","thumbnail-width":150,"thumbnail-height":150,"medium":"https:\/\/tourismus-grossregion.eu\/fr\/wp-content\/uploads\/sites\/3\/2021\/07\/GROB_1096_1-300x200.jpg","medium-width":300,"medium-height":200,"medium_large":"https:\/\/tourismus-grossregion.eu\/fr\/wp-content\/uploads\/sites\/3\/2021\/07\/GROB_1096_1-768x513.jpg","medium_large-width":768,"medium_large-height":513,"large":"https:\/\/tourismus-grossregion.eu\/fr\/wp-content\/uploads\/sites\/3\/2021\/07\/GROB_1096_1-1024x684.jpg","large-width":1024,"large-height":684,"1536x1536":"https:\/\/tourismus-grossregion.eu\/fr\/wp-content\/uploads\/sites\/3\/2021\/07\/GROB_1096_1-1536x1026.jpg","1536x1536-width":1536,"1536x1536-height":1026,"2048x2048":"https:\/\/tourismus-grossregion.eu\/fr\/wp-content\/uploads\/sites\/3\/2021\/07\/GROB_1096_1.jpg","2048x2048-width":1920,"2048x2048-height":1282,"download-thumbnail":"https:\/\/tourismus-grossregion.eu\/fr\/wp-content\/uploads\/sites\/3\/2021\/07\/GROB_1096_1-345x230.jpg","download-thumbnail-width":345,"download-thumbnail-height":230,"paragraphimage":"https:\/\/tourismus-grossregion.eu\/fr\/wp-content\/uploads\/sites\/3\/2021\/07\/GROB_1096_1-468x312.jpg","paragraphimage-width":468,"paragraphimage-height":312,"slider-image":"https:\/\/tourismus-grossregion.eu\/fr\/wp-content\/uploads\/sites\/3\/2021\/07\/GROB_1096_1-901x715.jpg","slider-image-width":901,"slider-image-height":715,"quote-image":"https:\/\/tourismus-grossregion.eu\/fr\/wp-content\/uploads\/sites\/3\/2021\/07\/GROB_1096_1-683x456.jpg","quote-image-width":683,"quote-image-height":456,"productcard-image":"https:\/\/tourismus-grossregion.eu\/fr\/wp-content\/uploads\/sites\/3\/2021\/07\/GROB_1096_1-710x474.jpg","productcard-image-width":710,"productcard-image-height":474}},"widget_paragraph_headlines_image_image_option":false,"widget_paragraph_headlines_image_margin":"small"},{"acf_fc_layout":"widget_editor","widget_editor_justify":true,"widget_editor_editor":"<p>Christoph sait pourquoi il en est ainsi. \u00ab Jusqu&rsquo;\u00e0 la Premi\u00e8re Guerre mondiale, la Vennbahn passait en territoire allemand, raconte l&rsquo;historien. En effet, la Lorraine et le Luxembourg appartenaient \u00e0 l&rsquo;\u00e9poque au Zollverein, une union entre \u00c9tats de la Conf\u00e9d\u00e9ration allemande. Apr\u00e8s la Grande Guerre, le trait\u00e9 de Versailles annexe les cantons prussiens de Malmedy et d&rsquo;Eupen \u00e0 la Belgique. La Belgique demande (et obtient) le chemin de fer des Fagnes, d\u2019une grande importance \u00e9conomique pour les deux villes. \u00bb<\/p>\n","widget_editor_margin":"small"},{"acf_fc_layout":"widget_slider","widget_slider_slides":[{"widget_slider_image":{"ID":406,"id":406,"title":"DJI_0834_1","filename":"DJI_0834_1.jpg","filesize":645467,"url":"https:\/\/tourismus-grossregion.eu\/fr\/wp-content\/uploads\/sites\/3\/2021\/07\/DJI_0834_1.jpg","link":"https:\/\/tourismus-grossregion.eu\/fr\/la-vennbahn\/dji_0834_1\/","alt":"Une vue \u00e0 vol d'oiseau de la Vennbahn.","author":"2","description":"Une vue \u00e0 vol d'oiseau de la Vennbahn.","caption":"","name":"dji_0834_1","status":"inherit","uploaded_to":474,"date":"2021-07-26 09:41:45","modified":"2021-07-26 15:45:30","menu_order":0,"mime_type":"image\/jpeg","type":"image","subtype":"jpeg","icon":"https:\/\/tourismus-grossregion.eu\/fr\/wp-includes\/images\/media\/default.png","width":1920,"height":1280,"sizes":{"thumbnail":"https:\/\/tourismus-grossregion.eu\/fr\/wp-content\/uploads\/sites\/3\/2021\/07\/DJI_0834_1-150x150.jpg","thumbnail-width":150,"thumbnail-height":150,"medium":"https:\/\/tourismus-grossregion.eu\/fr\/wp-content\/uploads\/sites\/3\/2021\/07\/DJI_0834_1-300x200.jpg","medium-width":300,"medium-height":200,"medium_large":"https:\/\/tourismus-grossregion.eu\/fr\/wp-content\/uploads\/sites\/3\/2021\/07\/DJI_0834_1-768x512.jpg","medium_large-width":768,"medium_large-height":512,"large":"https:\/\/tourismus-grossregion.eu\/fr\/wp-content\/uploads\/sites\/3\/2021\/07\/DJI_0834_1-1024x683.jpg","large-width":1024,"large-height":683,"1536x1536":"https:\/\/tourismus-grossregion.eu\/fr\/wp-content\/uploads\/sites\/3\/2021\/07\/DJI_0834_1-1536x1024.jpg","1536x1536-width":1536,"1536x1536-height":1024,"2048x2048":"https:\/\/tourismus-grossregion.eu\/fr\/wp-content\/uploads\/sites\/3\/2021\/07\/DJI_0834_1.jpg","2048x2048-width":1920,"2048x2048-height":1280,"download-thumbnail":"https:\/\/tourismus-grossregion.eu\/fr\/wp-content\/uploads\/sites\/3\/2021\/07\/DJI_0834_1-345x230.jpg","download-thumbnail-width":345,"download-thumbnail-height":230,"paragraphimage":"https:\/\/tourismus-grossregion.eu\/fr\/wp-content\/uploads\/sites\/3\/2021\/07\/DJI_0834_1-468x312.jpg","paragraphimage-width":468,"paragraphimage-height":312,"slider-image":"https:\/\/tourismus-grossregion.eu\/fr\/wp-content\/uploads\/sites\/3\/2021\/07\/DJI_0834_1-901x715.jpg","slider-image-width":901,"slider-image-height":715,"quote-image":"https:\/\/tourismus-grossregion.eu\/fr\/wp-content\/uploads\/sites\/3\/2021\/07\/DJI_0834_1-683x455.jpg","quote-image-width":683,"quote-image-height":455,"productcard-image":"https:\/\/tourismus-grossregion.eu\/fr\/wp-content\/uploads\/sites\/3\/2021\/07\/DJI_0834_1-710x473.jpg","productcard-image-width":710,"productcard-image-height":473}},"widget_slider_image_vertical_position":"center","widget_slider_image_filter":false,"widget_slider_headline":""},{"widget_slider_image":{"ID":407,"id":407,"title":"GROB_0723_1","filename":"GROB_0723_1.jpg","filesize":528876,"url":"https:\/\/tourismus-grossregion.eu\/fr\/wp-content\/uploads\/sites\/3\/2021\/07\/GROB_0723_1.jpg","link":"https:\/\/tourismus-grossregion.eu\/fr\/la-vennbahn\/grob_0723_1\/","alt":"Trois v\u00e9t\u00e9tistes se tiennent devant un train peint \u00e0 la bombe de couleurs vives. Les rails sont visibles au premier plan.","author":"2","description":"Trois v\u00e9t\u00e9tistes se tiennent devant un train peint \u00e0 la bombe de couleurs vives. Les rails sont visibles au premier plan.","caption":"","name":"grob_0723_1","status":"inherit","uploaded_to":474,"date":"2021-07-26 09:41:56","modified":"2021-07-26 15:45:30","menu_order":0,"mime_type":"image\/jpeg","type":"image","subtype":"jpeg","icon":"https:\/\/tourismus-grossregion.eu\/fr\/wp-includes\/images\/media\/default.png","width":1920,"height":1282,"sizes":{"thumbnail":"https:\/\/tourismus-grossregion.eu\/fr\/wp-content\/uploads\/sites\/3\/2021\/07\/GROB_0723_1-150x150.jpg","thumbnail-width":150,"thumbnail-height":150,"medium":"https:\/\/tourismus-grossregion.eu\/fr\/wp-content\/uploads\/sites\/3\/2021\/07\/GROB_0723_1-300x200.jpg","medium-width":300,"medium-height":200,"medium_large":"https:\/\/tourismus-grossregion.eu\/fr\/wp-content\/uploads\/sites\/3\/2021\/07\/GROB_0723_1-768x513.jpg","medium_large-width":768,"medium_large-height":513,"large":"https:\/\/tourismus-grossregion.eu\/fr\/wp-content\/uploads\/sites\/3\/2021\/07\/GROB_0723_1-1024x684.jpg","large-width":1024,"large-height":684,"1536x1536":"https:\/\/tourismus-grossregion.eu\/fr\/wp-content\/uploads\/sites\/3\/2021\/07\/GROB_0723_1-1536x1026.jpg","1536x1536-width":1536,"1536x1536-height":1026,"2048x2048":"https:\/\/tourismus-grossregion.eu\/fr\/wp-content\/uploads\/sites\/3\/2021\/07\/GROB_0723_1.jpg","2048x2048-width":1920,"2048x2048-height":1282,"download-thumbnail":"https:\/\/tourismus-grossregion.eu\/fr\/wp-content\/uploads\/sites\/3\/2021\/07\/GROB_0723_1-345x230.jpg","download-thumbnail-width":345,"download-thumbnail-height":230,"paragraphimage":"https:\/\/tourismus-grossregion.eu\/fr\/wp-content\/uploads\/sites\/3\/2021\/07\/GROB_0723_1-468x312.jpg","paragraphimage-width":468,"paragraphimage-height":312,"slider-image":"https:\/\/tourismus-grossregion.eu\/fr\/wp-content\/uploads\/sites\/3\/2021\/07\/GROB_0723_1-901x715.jpg","slider-image-width":901,"slider-image-height":715,"quote-image":"https:\/\/tourismus-grossregion.eu\/fr\/wp-content\/uploads\/sites\/3\/2021\/07\/GROB_0723_1-683x456.jpg","quote-image-width":683,"quote-image-height":456,"productcard-image":"https:\/\/tourismus-grossregion.eu\/fr\/wp-content\/uploads\/sites\/3\/2021\/07\/GROB_0723_1-710x474.jpg","productcard-image-width":710,"productcard-image-height":474}},"widget_slider_image_vertical_position":"center","widget_slider_image_filter":false,"widget_slider_headline":""},{"widget_slider_image":{"ID":475,"id":475,"title":"GROB_1222_1","filename":"GROB_1222_1.jpg","filesize":605562,"url":"https:\/\/tourismus-grossregion.eu\/fr\/wp-content\/uploads\/sites\/3\/2021\/07\/GROB_1222_1.jpg","link":"https:\/\/tourismus-grossregion.eu\/fr\/la-vennbahn\/grob_1222_1-2\/","alt":"Deux v\u00e9t\u00e9tistes font du v\u00e9lo \u00e0 c\u00f4t\u00e9 d'un restaurant sur la Vennbahn.","author":"2","description":"Deux v\u00e9t\u00e9tistes font du v\u00e9lo \u00e0 c\u00f4t\u00e9 d'un restaurant sur la Vennbahn.","caption":"","name":"grob_1222_1-2","status":"inherit","uploaded_to":474,"date":"2021-07-26 12:19:21","modified":"2021-07-26 15:43:01","menu_order":0,"mime_type":"image\/jpeg","type":"image","subtype":"jpeg","icon":"https:\/\/tourismus-grossregion.eu\/fr\/wp-includes\/images\/media\/default.png","width":1920,"height":1280,"sizes":{"thumbnail":"https:\/\/tourismus-grossregion.eu\/fr\/wp-content\/uploads\/sites\/3\/2021\/07\/GROB_1222_1-150x150.jpg","thumbnail-width":150,"thumbnail-height":150,"medium":"https:\/\/tourismus-grossregion.eu\/fr\/wp-content\/uploads\/sites\/3\/2021\/07\/GROB_1222_1-300x200.jpg","medium-width":300,"medium-height":200,"medium_large":"https:\/\/tourismus-grossregion.eu\/fr\/wp-content\/uploads\/sites\/3\/2021\/07\/GROB_1222_1-768x512.jpg","medium_large-width":768,"medium_large-height":512,"large":"https:\/\/tourismus-grossregion.eu\/fr\/wp-content\/uploads\/sites\/3\/2021\/07\/GROB_1222_1-1024x683.jpg","large-width":1024,"large-height":683,"1536x1536":"https:\/\/tourismus-grossregion.eu\/fr\/wp-content\/uploads\/sites\/3\/2021\/07\/GROB_1222_1-1536x1024.jpg","1536x1536-width":1536,"1536x1536-height":1024,"2048x2048":"https:\/\/tourismus-grossregion.eu\/fr\/wp-content\/uploads\/sites\/3\/2021\/07\/GROB_1222_1.jpg","2048x2048-width":1920,"2048x2048-height":1280,"download-thumbnail":"https:\/\/tourismus-grossregion.eu\/fr\/wp-content\/uploads\/sites\/3\/2021\/07\/GROB_1222_1-345x230.jpg","download-thumbnail-width":345,"download-thumbnail-height":230,"paragraphimage":"https:\/\/tourismus-grossregion.eu\/fr\/wp-content\/uploads\/sites\/3\/2021\/07\/GROB_1222_1-468x312.jpg","paragraphimage-width":468,"paragraphimage-height":312,"slider-image":"https:\/\/tourismus-grossregion.eu\/fr\/wp-content\/uploads\/sites\/3\/2021\/07\/GROB_1222_1-901x715.jpg","slider-image-width":901,"slider-image-height":715,"quote-image":"https:\/\/tourismus-grossregion.eu\/fr\/wp-content\/uploads\/sites\/3\/2021\/07\/GROB_1222_1-683x455.jpg","quote-image-width":683,"quote-image-height":455,"productcard-image":"https:\/\/tourismus-grossregion.eu\/fr\/wp-content\/uploads\/sites\/3\/2021\/07\/GROB_1222_1-710x473.jpg","productcard-image-width":710,"productcard-image-height":473}},"widget_slider_image_vertical_position":"center","widget_slider_image_filter":false,"widget_slider_headline":""},{"widget_slider_image":{"ID":476,"id":476,"title":"GROB_0941_1","filename":"GROB_0941_1.jpg","filesize":593956,"url":"https:\/\/tourismus-grossregion.eu\/fr\/wp-content\/uploads\/sites\/3\/2021\/07\/GROB_0941_1.jpg","link":"https:\/\/tourismus-grossregion.eu\/fr\/la-vennbahn\/grob_0941_1\/","alt":"Deux hommes et une femme font une pause en faisant du v\u00e9lo dans la for\u00eat. Le ciel est bleu et le vert forme le fond sur lequel ils sont assis sur une grande souche d'arbre.","author":"2","description":"Deux hommes et une femme font une pause en faisant du v\u00e9lo dans la for\u00eat. Le ciel est bleu et le vert forme le fond sur lequel ils sont assis sur une grande souche d'arbre.","caption":"","name":"grob_0941_1","status":"inherit","uploaded_to":474,"date":"2021-07-26 12:19:33","modified":"2021-07-26 15:43:20","menu_order":0,"mime_type":"image\/jpeg","type":"image","subtype":"jpeg","icon":"https:\/\/tourismus-grossregion.eu\/fr\/wp-includes\/images\/media\/default.png","width":1920,"height":1282,"sizes":{"thumbnail":"https:\/\/tourismus-grossregion.eu\/fr\/wp-content\/uploads\/sites\/3\/2021\/07\/GROB_0941_1-150x150.jpg","thumbnail-width":150,"thumbnail-height":150,"medium":"https:\/\/tourismus-grossregion.eu\/fr\/wp-content\/uploads\/sites\/3\/2021\/07\/GROB_0941_1-300x200.jpg","medium-width":300,"medium-height":200,"medium_large":"https:\/\/tourismus-grossregion.eu\/fr\/wp-content\/uploads\/sites\/3\/2021\/07\/GROB_0941_1-768x513.jpg","medium_large-width":768,"medium_large-height":513,"large":"https:\/\/tourismus-grossregion.eu\/fr\/wp-content\/uploads\/sites\/3\/2021\/07\/GROB_0941_1-1024x684.jpg","large-width":1024,"large-height":684,"1536x1536":"https:\/\/tourismus-grossregion.eu\/fr\/wp-content\/uploads\/sites\/3\/2021\/07\/GROB_0941_1-1536x1026.jpg","1536x1536-width":1536,"1536x1536-height":1026,"2048x2048":"https:\/\/tourismus-grossregion.eu\/fr\/wp-content\/uploads\/sites\/3\/2021\/07\/GROB_0941_1.jpg","2048x2048-width":1920,"2048x2048-height":1282,"download-thumbnail":"https:\/\/tourismus-grossregion.eu\/fr\/wp-content\/uploads\/sites\/3\/2021\/07\/GROB_0941_1-345x230.jpg","download-thumbnail-width":345,"download-thumbnail-height":230,"paragraphimage":"https:\/\/tourismus-grossregion.eu\/fr\/wp-content\/uploads\/sites\/3\/2021\/07\/GROB_0941_1-468x312.jpg","paragraphimage-width":468,"paragraphimage-height":312,"slider-image":"https:\/\/tourismus-grossregion.eu\/fr\/wp-content\/uploads\/sites\/3\/2021\/07\/GROB_0941_1-901x715.jpg","slider-image-width":901,"slider-image-height":715,"quote-image":"https:\/\/tourismus-grossregion.eu\/fr\/wp-content\/uploads\/sites\/3\/2021\/07\/GROB_0941_1-683x456.jpg","quote-image-width":683,"quote-image-height":456,"productcard-image":"https:\/\/tourismus-grossregion.eu\/fr\/wp-content\/uploads\/sites\/3\/2021\/07\/GROB_0941_1-710x474.jpg","productcard-image-width":710,"productcard-image-height":474}},"widget_slider_image_vertical_position":"center","widget_slider_image_filter":false,"widget_slider_headline":""}],"widget_slider_margin":"small"},{"acf_fc_layout":"widget_paragraph_headlines_image","widget_paragraph_headlines_image_orientation":false,"widget_paragraph_headlines_image_decoration":false,"widget_paragraph_headlines_image_content":{"widget_paragraph_headlines_image_preline":"","widget_paragraph_headlines_image_headline":"","widget_paragraph_headlines_image_subline":"","widget_paragraph_headlines_image_editor_justify":true,"widget_paragraph_headlines_image_editor":"<p>Cependant, malgr\u00e9 le glissement des fronti\u00e8res, certains tron\u00e7ons de la ligne de chemin de fer traversent encore l&rsquo;Allemagne. Une solution simple est trouv\u00e9e. La voie ferr\u00e9e et ses gares seront simplement plac\u00e9es sous la souverainet\u00e9 de la Belgique. Entre Raeren et Leykaul, une esp\u00e8ce de ruban belge s\u2019insinue \u00e0 plusieurs reprises en Allemagne, formant cinq enclaves belges en territoire allemand. Il existe encore aujourd&rsquo;hui.<\/p>\n","widget_paragraph_headlines_image_link":""},"widget_paragraph_headlines_image_image":{"ID":477,"id":477,"title":"GROB_0818_1","filename":"GROB_0818_1.jpg","filesize":519325,"url":"https:\/\/tourismus-grossregion.eu\/fr\/wp-content\/uploads\/sites\/3\/2021\/07\/GROB_0818_1.jpg","link":"https:\/\/tourismus-grossregion.eu\/fr\/la-vennbahn\/grob_0818_1\/","alt":"Trois cyclistes roulent sur un chemin en direction de la cam\u00e9ra. Le ciel bleu et la nature verte les entourent.","author":"2","description":"Trois cyclistes roulent sur un chemin en direction de la cam\u00e9ra. Le ciel bleu et la nature verte les entourent.","caption":"","name":"grob_0818_1","status":"inherit","uploaded_to":474,"date":"2021-07-26 12:19:45","modified":"2021-07-26 15:43:49","menu_order":0,"mime_type":"image\/jpeg","type":"image","subtype":"jpeg","icon":"https:\/\/tourismus-grossregion.eu\/fr\/wp-includes\/images\/media\/default.png","width":1920,"height":1282,"sizes":{"thumbnail":"https:\/\/tourismus-grossregion.eu\/fr\/wp-content\/uploads\/sites\/3\/2021\/07\/GROB_0818_1-150x150.jpg","thumbnail-width":150,"thumbnail-height":150,"medium":"https:\/\/tourismus-grossregion.eu\/fr\/wp-content\/uploads\/sites\/3\/2021\/07\/GROB_0818_1-300x200.jpg","medium-width":300,"medium-height":200,"medium_large":"https:\/\/tourismus-grossregion.eu\/fr\/wp-content\/uploads\/sites\/3\/2021\/07\/GROB_0818_1-768x513.jpg","medium_large-width":768,"medium_large-height":513,"large":"https:\/\/tourismus-grossregion.eu\/fr\/wp-content\/uploads\/sites\/3\/2021\/07\/GROB_0818_1-1024x684.jpg","large-width":1024,"large-height":684,"1536x1536":"https:\/\/tourismus-grossregion.eu\/fr\/wp-content\/uploads\/sites\/3\/2021\/07\/GROB_0818_1-1536x1026.jpg","1536x1536-width":1536,"1536x1536-height":1026,"2048x2048":"https:\/\/tourismus-grossregion.eu\/fr\/wp-content\/uploads\/sites\/3\/2021\/07\/GROB_0818_1.jpg","2048x2048-width":1920,"2048x2048-height":1282,"download-thumbnail":"https:\/\/tourismus-grossregion.eu\/fr\/wp-content\/uploads\/sites\/3\/2021\/07\/GROB_0818_1-345x230.jpg","download-thumbnail-width":345,"download-thumbnail-height":230,"paragraphimage":"https:\/\/tourismus-grossregion.eu\/fr\/wp-content\/uploads\/sites\/3\/2021\/07\/GROB_0818_1-468x312.jpg","paragraphimage-width":468,"paragraphimage-height":312,"slider-image":"https:\/\/tourismus-grossregion.eu\/fr\/wp-content\/uploads\/sites\/3\/2021\/07\/GROB_0818_1-901x715.jpg","slider-image-width":901,"slider-image-height":715,"quote-image":"https:\/\/tourismus-grossregion.eu\/fr\/wp-content\/uploads\/sites\/3\/2021\/07\/GROB_0818_1-683x456.jpg","quote-image-width":683,"quote-image-height":456,"productcard-image":"https:\/\/tourismus-grossregion.eu\/fr\/wp-content\/uploads\/sites\/3\/2021\/07\/GROB_0818_1-710x474.jpg","productcard-image-width":710,"productcard-image-height":474}},"widget_paragraph_headlines_image_image_option":false,"widget_paragraph_headlines_image_margin":"small"},{"acf_fc_layout":"widget_paragraph_headlines_image","widget_paragraph_headlines_image_orientation":true,"widget_paragraph_headlines_image_decoration":false,"widget_paragraph_headlines_image_content":{"widget_paragraph_headlines_image_preline":"","widget_paragraph_headlines_image_headline":"","widget_paragraph_headlines_image_subline":"V\u00e9los sans fronti\u00e8res","widget_paragraph_headlines_image_editor_justify":true,"widget_paragraph_headlines_image_editor":"<p>Contrairement \u00e0 l&rsquo;\u00e9poque, de nos jours, les passages de fronti\u00e8res ne se remarquent pas. Aucun panneau ne souhaite la bienvenue aux cyclistes, ni en Allemagne ni en Belgique. Aucun drapeau national n&rsquo;est hiss\u00e9 en bord de route. D\u2019anciennes gares et postes frontaliers ont parfois \u00e9t\u00e9 transform\u00e9s en snack-bars ou en aires de repos couvertes. En beaucoup d\u2019endroits, des panneaux didactiques relatent l&rsquo;histoire de la Vennbahn et de la r\u00e9gion.<\/p>\n<p>\u00c0 la question de savoir quel est le plus beau des tron\u00e7ons, p\u00e8re et fils ne sont pas sur la m\u00eame longueur d&rsquo;onde. Pour Christoph, c\u2019est le tron\u00e7on de Saint-Vith \u00e0 la fronti\u00e8re luxembourgeoise qui est le plus beau, car la nature y est encore sauvage et rude. Karl-Heinz pr\u00e9f\u00e8re le parcours de Leykaul \u00e0 Monschau, qui traverse la vall\u00e9e de la Roer. Christoph acquiesce. Du viaduc, on peut apercevoir le couvent de Reichenstein, tr\u00e8s int\u00e9ressant d&rsquo;un point de vue historique. Karl-Heinz opine du chef en esquissant un sourire sans mot dire. Lui pense aux beaux paysages et aux vaches Highland \u00e0 la robe auburn, broutant paisiblement dans les p\u00e2turages en pente douce.<\/p>\n","widget_paragraph_headlines_image_link":""},"widget_paragraph_headlines_image_image":{"ID":476,"id":476,"title":"GROB_0941_1","filename":"GROB_0941_1.jpg","filesize":593956,"url":"https:\/\/tourismus-grossregion.eu\/fr\/wp-content\/uploads\/sites\/3\/2021\/07\/GROB_0941_1.jpg","link":"https:\/\/tourismus-grossregion.eu\/fr\/la-vennbahn\/grob_0941_1\/","alt":"Deux hommes et une femme font une pause en faisant du v\u00e9lo dans la for\u00eat. Le ciel est bleu et le vert forme le fond sur lequel ils sont assis sur une grande souche d'arbre.","author":"2","description":"Deux hommes et une femme font une pause en faisant du v\u00e9lo dans la for\u00eat. Le ciel est bleu et le vert forme le fond sur lequel ils sont assis sur une grande souche d'arbre.","caption":"","name":"grob_0941_1","status":"inherit","uploaded_to":474,"date":"2021-07-26 12:19:33","modified":"2021-07-26 15:43:20","menu_order":0,"mime_type":"image\/jpeg","type":"image","subtype":"jpeg","icon":"https:\/\/tourismus-grossregion.eu\/fr\/wp-includes\/images\/media\/default.png","width":1920,"height":1282,"sizes":{"thumbnail":"https:\/\/tourismus-grossregion.eu\/fr\/wp-content\/uploads\/sites\/3\/2021\/07\/GROB_0941_1-150x150.jpg","thumbnail-width":150,"thumbnail-height":150,"medium":"https:\/\/tourismus-grossregion.eu\/fr\/wp-content\/uploads\/sites\/3\/2021\/07\/GROB_0941_1-300x200.jpg","medium-width":300,"medium-height":200,"medium_large":"https:\/\/tourismus-grossregion.eu\/fr\/wp-content\/uploads\/sites\/3\/2021\/07\/GROB_0941_1-768x513.jpg","medium_large-width":768,"medium_large-height":513,"large":"https:\/\/tourismus-grossregion.eu\/fr\/wp-content\/uploads\/sites\/3\/2021\/07\/GROB_0941_1-1024x684.jpg","large-width":1024,"large-height":684,"1536x1536":"https:\/\/tourismus-grossregion.eu\/fr\/wp-content\/uploads\/sites\/3\/2021\/07\/GROB_0941_1-1536x1026.jpg","1536x1536-width":1536,"1536x1536-height":1026,"2048x2048":"https:\/\/tourismus-grossregion.eu\/fr\/wp-content\/uploads\/sites\/3\/2021\/07\/GROB_0941_1.jpg","2048x2048-width":1920,"2048x2048-height":1282,"download-thumbnail":"https:\/\/tourismus-grossregion.eu\/fr\/wp-content\/uploads\/sites\/3\/2021\/07\/GROB_0941_1-345x230.jpg","download-thumbnail-width":345,"download-thumbnail-height":230,"paragraphimage":"https:\/\/tourismus-grossregion.eu\/fr\/wp-content\/uploads\/sites\/3\/2021\/07\/GROB_0941_1-468x312.jpg","paragraphimage-width":468,"paragraphimage-height":312,"slider-image":"https:\/\/tourismus-grossregion.eu\/fr\/wp-content\/uploads\/sites\/3\/2021\/07\/GROB_0941_1-901x715.jpg","slider-image-width":901,"slider-image-height":715,"quote-image":"https:\/\/tourismus-grossregion.eu\/fr\/wp-content\/uploads\/sites\/3\/2021\/07\/GROB_0941_1-683x456.jpg","quote-image-width":683,"quote-image-height":456,"productcard-image":"https:\/\/tourismus-grossregion.eu\/fr\/wp-content\/uploads\/sites\/3\/2021\/07\/GROB_0941_1-710x474.jpg","productcard-image-width":710,"productcard-image-height":474}},"widget_paragraph_headlines_image_image_option":false,"widget_paragraph_headlines_image_margin":"small"},{"acf_fc_layout":"widget_editor","widget_editor_justify":true,"widget_editor_editor":"<p>Il y a un point sur lequel le tandem est unanime : la conversion de la Vennbahn, une ligne de chemin de fer d\u00e9saffect\u00e9e, en v\u00e9loroute \u00e9tait une riche id\u00e9e. Christoph y roule souvent avec ses gar\u00e7ons et Karl-Heinz aime aussi beaucoup les sorties \u00e0 v\u00e9lo avec son fils. Une v\u00e9loroute qui fait vraiment le bonheur de toutes g\u00e9n\u00e9rations.<\/p>\n<p><a href=\"http:\/\/www.vennbahn.eu\" target=\"_blank\" rel=\"noopener\"><strong>https:\/\/www.vennbahn.eu<\/strong><\/a><\/p>\n","widget_editor_margin":"small"},{"acf_fc_layout":"widget_video","widget_video_type":false,"widget_video_youtube":"https:\/\/youtu.be\/FKI13fqVxsQ","widget_video_youtube_poster_bool":true,"widget_video_youtube_poster":{"ID":407,"id":407,"title":"GROB_0723_1","filename":"GROB_0723_1.jpg","filesize":528876,"url":"https:\/\/tourismus-grossregion.eu\/fr\/wp-content\/uploads\/sites\/3\/2021\/07\/GROB_0723_1.jpg","link":"https:\/\/tourismus-grossregion.eu\/fr\/la-vennbahn\/grob_0723_1\/","alt":"Trois v\u00e9t\u00e9tistes se tiennent devant un train peint \u00e0 la bombe de couleurs vives. Les rails sont visibles au premier plan.","author":"2","description":"Trois v\u00e9t\u00e9tistes se tiennent devant un train peint \u00e0 la bombe de couleurs vives. Les rails sont visibles au premier plan.","caption":"","name":"grob_0723_1","status":"inherit","uploaded_to":474,"date":"2021-07-26 09:41:56","modified":"2021-07-26 15:45:30","menu_order":0,"mime_type":"image\/jpeg","type":"image","subtype":"jpeg","icon":"https:\/\/tourismus-grossregion.eu\/fr\/wp-includes\/images\/media\/default.png","width":1920,"height":1282,"sizes":{"thumbnail":"https:\/\/tourismus-grossregion.eu\/fr\/wp-content\/uploads\/sites\/3\/2021\/07\/GROB_0723_1-150x150.jpg","thumbnail-width":150,"thumbnail-height":150,"medium":"https:\/\/tourismus-grossregion.eu\/fr\/wp-content\/uploads\/sites\/3\/2021\/07\/GROB_0723_1-300x200.jpg","medium-width":300,"medium-height":200,"medium_large":"https:\/\/tourismus-grossregion.eu\/fr\/wp-content\/uploads\/sites\/3\/2021\/07\/GROB_0723_1-768x513.jpg","medium_large-width":768,"medium_large-height":513,"large":"https:\/\/tourismus-grossregion.eu\/fr\/wp-content\/uploads\/sites\/3\/2021\/07\/GROB_0723_1-1024x684.jpg","large-width":1024,"large-height":684,"1536x1536":"https:\/\/tourismus-grossregion.eu\/fr\/wp-content\/uploads\/sites\/3\/2021\/07\/GROB_0723_1-1536x1026.jpg","1536x1536-width":1536,"1536x1536-height":1026,"2048x2048":"https:\/\/tourismus-grossregion.eu\/fr\/wp-content\/uploads\/sites\/3\/2021\/07\/GROB_0723_1.jpg","2048x2048-width":1920,"2048x2048-height":1282,"download-thumbnail":"https:\/\/tourismus-grossregion.eu\/fr\/wp-content\/uploads\/sites\/3\/2021\/07\/GROB_0723_1-345x230.jpg","download-thumbnail-width":345,"download-thumbnail-height":230,"paragraphimage":"https:\/\/tourismus-grossregion.eu\/fr\/wp-content\/uploads\/sites\/3\/2021\/07\/GROB_0723_1-468x312.jpg","paragraphimage-width":468,"paragraphimage-height":312,"slider-image":"https:\/\/tourismus-grossregion.eu\/fr\/wp-content\/uploads\/sites\/3\/2021\/07\/GROB_0723_1-901x715.jpg","slider-image-width":901,"slider-image-height":715,"quote-image":"https:\/\/tourismus-grossregion.eu\/fr\/wp-content\/uploads\/sites\/3\/2021\/07\/GROB_0723_1-683x456.jpg","quote-image-width":683,"quote-image-height":456,"productcard-image":"https:\/\/tourismus-grossregion.eu\/fr\/wp-content\/uploads\/sites\/3\/2021\/07\/GROB_0723_1-710x474.jpg","productcard-image-width":710,"productcard-image-height":474}},"widget_video_youtube_poster_filter":false,"widget_video_upload":false,"widget_video_headline":"","widget_video_duration":"03:33","widget_video_margin":"small"},{"acf_fc_layout":"widget_paragraph_headlines_image","widget_paragraph_headlines_image_orientation":false,"widget_paragraph_headlines_image_decoration":true,"widget_paragraph_headlines_image_content":{"widget_paragraph_headlines_image_preline":"","widget_paragraph_headlines_image_headline":"","widget_paragraph_headlines_image_subline":"Vous aimez ce que vous voyez ? ","widget_paragraph_headlines_image_editor_justify":true,"widget_paragraph_headlines_image_editor":"<p>La Grande R\u00e9gion a beaucoup plus \u00e0 offrir ! Jetez un coup d&rsquo;\u0153il aux histoires suivantes de la r\u00e9gion et laissez-vous inspirer.<\/p>\n","widget_paragraph_headlines_image_link":""},"widget_paragraph_headlines_image_image":false,"widget_paragraph_headlines_image_image_option":false,"widget_paragraph_headlines_image_margin":"small"},{"acf_fc_layout":"widget_content_carousel","widget_content_carousel_preline":"","widget_content_carousel_headline":"","widget_content_carousel_description_justify":false,"widget_content_carousel_entries":[{"widget_content_carousel_entries_thumbnail":{"ID":696,"id":696,"title":"DJI_0775_1","filename":"DJI_0775_1.jpg","filesize":856121,"url":"https:\/\/tourismus-grossregion.eu\/fr\/wp-content\/uploads\/sites\/3\/2021\/07\/DJI_0775_1.jpg","link":"https:\/\/tourismus-grossregion.eu\/fr\/dans-le-wolfsbusch\/dji_0775_1\/","alt":"Une vue \u00e0 vol d'oiseau d'une partie d'un sentier de randonn\u00e9e dans le Wolfsbusch. Un champ et une for\u00eat sont s\u00e9par\u00e9s par une route.","author":"2","description":"Une vue \u00e0 vol d'oiseau d'une partie d'un sentier de randonn\u00e9e dans le Wolfsbusch. Un champ et une for\u00eat sont s\u00e9par\u00e9s par une route.","caption":"","name":"dji_0775_1","status":"inherit","uploaded_to":695,"date":"2021-07-27 10:24:42","modified":"2021-08-13 09:09:25","menu_order":0,"mime_type":"image\/jpeg","type":"image","subtype":"jpeg","icon":"https:\/\/tourismus-grossregion.eu\/fr\/wp-includes\/images\/media\/default.png","width":1920,"height":1280,"sizes":{"thumbnail":"https:\/\/tourismus-grossregion.eu\/fr\/wp-content\/uploads\/sites\/3\/2021\/07\/DJI_0775_1-150x150.jpg","thumbnail-width":150,"thumbnail-height":150,"medium":"https:\/\/tourismus-grossregion.eu\/fr\/wp-content\/uploads\/sites\/3\/2021\/07\/DJI_0775_1-300x200.jpg","medium-width":300,"medium-height":200,"medium_large":"https:\/\/tourismus-grossregion.eu\/fr\/wp-content\/uploads\/sites\/3\/2021\/07\/DJI_0775_1-768x512.jpg","medium_large-width":768,"medium_large-height":512,"large":"https:\/\/tourismus-grossregion.eu\/fr\/wp-content\/uploads\/sites\/3\/2021\/07\/DJI_0775_1-1024x683.jpg","large-width":1024,"large-height":683,"1536x1536":"https:\/\/tourismus-grossregion.eu\/fr\/wp-content\/uploads\/sites\/3\/2021\/07\/DJI_0775_1-1536x1024.jpg","1536x1536-width":1536,"1536x1536-height":1024,"2048x2048":"https:\/\/tourismus-grossregion.eu\/fr\/wp-content\/uploads\/sites\/3\/2021\/07\/DJI_0775_1.jpg","2048x2048-width":1920,"2048x2048-height":1280,"download-thumbnail":"https:\/\/tourismus-grossregion.eu\/fr\/wp-content\/uploads\/sites\/3\/2021\/07\/DJI_0775_1-345x230.jpg","download-thumbnail-width":345,"download-thumbnail-height":230,"paragraphimage":"https:\/\/tourismus-grossregion.eu\/fr\/wp-content\/uploads\/sites\/3\/2021\/07\/DJI_0775_1-468x312.jpg","paragraphimage-width":468,"paragraphimage-height":312,"slider-image":"https:\/\/tourismus-grossregion.eu\/fr\/wp-content\/uploads\/sites\/3\/2021\/07\/DJI_0775_1-901x715.jpg","slider-image-width":901,"slider-image-height":715,"quote-image":"https:\/\/tourismus-grossregion.eu\/fr\/wp-content\/uploads\/sites\/3\/2021\/07\/DJI_0775_1-683x455.jpg","quote-image-width":683,"quote-image-height":455,"productcard-image":"https:\/\/tourismus-grossregion.eu\/fr\/wp-content\/uploads\/sites\/3\/2021\/07\/DJI_0775_1-710x473.jpg","productcard-image-width":710,"productcard-image-height":473}},"widget_content_carousel_entries_title":"Dans le Wolfsbusch","widget_content_carousel_entries_description":"<p>Des Celtes aux chercheurs d\u2019or : randonn\u00e9e dans la for\u00eat du loup<\/p>\n","widget_content_carousel_entries__link":"https:\/\/tourismus-grossregion.eu\/fr\/?page_id=695&preview=true"},{"widget_content_carousel_entries_thumbnail":{"ID":462,"id":462,"title":"DJI_0005_1_1","filename":"DJI_0005_1_1.jpg","filesize":979168,"url":"https:\/\/tourismus-grossregion.eu\/fr\/wp-content\/uploads\/sites\/3\/2021\/07\/DJI_0005_1_1.jpg","link":"https:\/\/tourismus-grossregion.eu\/fr\/vallee-de-la-holzwarche\/dji_0005_1_1\/","alt":"La vall\u00e9e de Holzwarche est repr\u00e9sent\u00e9e depuis une perspective de drone. Un ruisseau serpente \u00e0 travers une prairie verte.","author":"2","description":"La vall\u00e9e de Holzwarche est repr\u00e9sent\u00e9e depuis une perspective de drone. Un ruisseau serpente \u00e0 travers une prairie verte.","caption":"","name":"dji_0005_1_1","status":"inherit","uploaded_to":484,"date":"2021-07-26 11:15:00","modified":"2021-07-26 15:56:23","menu_order":0,"mime_type":"image\/jpeg","type":"image","subtype":"jpeg","icon":"https:\/\/tourismus-grossregion.eu\/fr\/wp-includes\/images\/media\/default.png","width":1920,"height":1440,"sizes":{"thumbnail":"https:\/\/tourismus-grossregion.eu\/fr\/wp-content\/uploads\/sites\/3\/2021\/07\/DJI_0005_1_1-150x150.jpg","thumbnail-width":150,"thumbnail-height":150,"medium":"https:\/\/tourismus-grossregion.eu\/fr\/wp-content\/uploads\/sites\/3\/2021\/07\/DJI_0005_1_1-300x225.jpg","medium-width":300,"medium-height":225,"medium_large":"https:\/\/tourismus-grossregion.eu\/fr\/wp-content\/uploads\/sites\/3\/2021\/07\/DJI_0005_1_1-768x576.jpg","medium_large-width":768,"medium_large-height":576,"large":"https:\/\/tourismus-grossregion.eu\/fr\/wp-content\/uploads\/sites\/3\/2021\/07\/DJI_0005_1_1-1024x768.jpg","large-width":1024,"large-height":768,"1536x1536":"https:\/\/tourismus-grossregion.eu\/fr\/wp-content\/uploads\/sites\/3\/2021\/07\/DJI_0005_1_1-1536x1152.jpg","1536x1536-width":1536,"1536x1536-height":1152,"2048x2048":"https:\/\/tourismus-grossregion.eu\/fr\/wp-content\/uploads\/sites\/3\/2021\/07\/DJI_0005_1_1.jpg","2048x2048-width":1920,"2048x2048-height":1440,"download-thumbnail":"https:\/\/tourismus-grossregion.eu\/fr\/wp-content\/uploads\/sites\/3\/2021\/07\/DJI_0005_1_1-345x259.jpg","download-thumbnail-width":345,"download-thumbnail-height":259,"paragraphimage":"https:\/\/tourismus-grossregion.eu\/fr\/wp-content\/uploads\/sites\/3\/2021\/07\/DJI_0005_1_1-468x351.jpg","paragraphimage-width":468,"paragraphimage-height":351,"slider-image":"https:\/\/tourismus-grossregion.eu\/fr\/wp-content\/uploads\/sites\/3\/2021\/07\/DJI_0005_1_1-901x715.jpg","slider-image-width":901,"slider-image-height":715,"quote-image":"https:\/\/tourismus-grossregion.eu\/fr\/wp-content\/uploads\/sites\/3\/2021\/07\/DJI_0005_1_1-683x512.jpg","quote-image-width":683,"quote-image-height":512,"productcard-image":"https:\/\/tourismus-grossregion.eu\/fr\/wp-content\/uploads\/sites\/3\/2021\/07\/DJI_0005_1_1-710x533.jpg","productcard-image-width":710,"productcard-image-height":533}},"widget_content_carousel_entries_title":"La vall\u00e9e de la Holzwarche","widget_content_carousel_entries_description":"<p>Balade dans la vall\u00e9e de la Holzwarche<\/p>\n","widget_content_carousel_entries__link":"https:\/\/tourismus-grossregion.eu\/fr\/?page_id=484&preview=true"},{"widget_content_carousel_entries_thumbnail":{"ID":682,"id":682,"title":"Headerbild","filename":"Headerbild.jpg","filesize":911728,"url":"https:\/\/tourismus-grossregion.eu\/fr\/wp-content\/uploads\/sites\/3\/2021\/07\/Headerbild.jpg","link":"https:\/\/tourismus-grossregion.eu\/fr\/triathlon-eupen\/headerbild\/","alt":"Paysage de la Weserthalsperre aux couleurs vives","author":"2","description":"Paysage de la Weserthalsperre aux couleurs vives","caption":"","name":"headerbild","status":"inherit","uploaded_to":681,"date":"2021-07-27 10:14:15","modified":"2021-07-27 10:30:19","menu_order":0,"mime_type":"image\/jpeg","type":"image","subtype":"jpeg","icon":"https:\/\/tourismus-grossregion.eu\/fr\/wp-includes\/images\/media\/default.png","width":1700,"height":1131,"sizes":{"thumbnail":"https:\/\/tourismus-grossregion.eu\/fr\/wp-content\/uploads\/sites\/3\/2021\/07\/Headerbild-150x150.jpg","thumbnail-width":150,"thumbnail-height":150,"medium":"https:\/\/tourismus-grossregion.eu\/fr\/wp-content\/uploads\/sites\/3\/2021\/07\/Headerbild-300x200.jpg","medium-width":300,"medium-height":200,"medium_large":"https:\/\/tourismus-grossregion.eu\/fr\/wp-content\/uploads\/sites\/3\/2021\/07\/Headerbild-768x511.jpg","medium_large-width":768,"medium_large-height":511,"large":"https:\/\/tourismus-grossregion.eu\/fr\/wp-content\/uploads\/sites\/3\/2021\/07\/Headerbild-1024x681.jpg","large-width":1024,"large-height":681,"1536x1536":"https:\/\/tourismus-grossregion.eu\/fr\/wp-content\/uploads\/sites\/3\/2021\/07\/Headerbild-1536x1022.jpg","1536x1536-width":1536,"1536x1536-height":1022,"2048x2048":"https:\/\/tourismus-grossregion.eu\/fr\/wp-content\/uploads\/sites\/3\/2021\/07\/Headerbild.jpg","2048x2048-width":1700,"2048x2048-height":1131,"download-thumbnail":"https:\/\/tourismus-grossregion.eu\/fr\/wp-content\/uploads\/sites\/3\/2021\/07\/Headerbild-345x230.jpg","download-thumbnail-width":345,"download-thumbnail-height":230,"paragraphimage":"https:\/\/tourismus-grossregion.eu\/fr\/wp-content\/uploads\/sites\/3\/2021\/07\/Headerbild-468x311.jpg","paragraphimage-width":468,"paragraphimage-height":311,"slider-image":"https:\/\/tourismus-grossregion.eu\/fr\/wp-content\/uploads\/sites\/3\/2021\/07\/Headerbild-901x715.jpg","slider-image-width":901,"slider-image-height":715,"quote-image":"https:\/\/tourismus-grossregion.eu\/fr\/wp-content\/uploads\/sites\/3\/2021\/07\/Headerbild-683x454.jpg","quote-image-width":683,"quote-image-height":454,"productcard-image":"https:\/\/tourismus-grossregion.eu\/fr\/wp-content\/uploads\/sites\/3\/2021\/07\/Headerbild-710x472.jpg","productcard-image-width":710,"productcard-image-height":472}},"widget_content_carousel_entries_title":"Triathlon au pays d'Eupen","widget_content_carousel_entries_description":"<p>Sport et plaisir en communion avec la nature<\/p>\n","widget_content_carousel_entries__link":"https:\/\/tourismus-grossregion.eu\/fr\/triathlon-eupen\/"}],"widget_content_carousel_margin":"small"}],"page_fields_alternative_title":"La Vennbahn"},"_links":{"self":[{"href":"https:\/\/tourismus-grossregion.eu\/fr\/wp-json\/wp\/v2\/pages\/474"}],"collection":[{"href":"https:\/\/tourismus-grossregion.eu\/fr\/wp-json\/wp\/v2\/pages"}],"about":[{"href":"https:\/\/tourismus-grossregion.eu\/fr\/wp-json\/wp\/v2\/types\/page"}],"author":[{"embeddable":true,"href":"https:\/\/tourismus-grossregion.eu\/fr\/wp-json\/wp\/v2\/users\/2"}],"replies":[{"embeddable":true,"href":"https:\/\/tourismus-grossregion.eu\/fr\/wp-json\/wp\/v2\/comments?post=474"}],"version-history":[{"count":15,"href":"https:\/\/tourismus-grossregion.eu\/fr\/wp-json\/wp\/v2\/pages\/474\/revisions"}],"predecessor-version":[{"id":1758,"href":"https:\/\/tourismus-grossregion.eu\/fr\/wp-json\/wp\/v2\/pages\/474\/revisions\/1758"}],"wp:featuredmedia":[{"embeddable":true,"href":"https:\/\/tourismus-grossregion.eu\/fr\/wp-json\/wp\/v2\/media\/403"}],"wp:attachment":[{"href":"https:\/\/tourismus-grossregion.eu\/fr\/wp-json\/wp\/v2\/media?parent=474"}],"curies":[{"name":"wp","href":"https:\/\/api.w.org\/{rel}","templated":true}]}}