{"id":484,"date":"2021-07-29T14:51:31","date_gmt":"2021-07-29T12:51:31","guid":{"rendered":"https:\/\/tgr.zeitraum.com\/fr\/?page_id=484"},"modified":"2021-08-27T14:06:30","modified_gmt":"2021-08-27T12:06:30","slug":"vallee-de-la-holzwarche","status":"publish","type":"page","link":"https:\/\/tourismus-grossregion.eu\/fr\/vallee-de-la-holzwarche\/","title":{"rendered":"Story: Ostbelgien: La vall\u00e9e de la Holzwarche"},"content":{"rendered":"","protected":false},"excerpt":{"rendered":"","protected":false},"author":2,"featured_media":462,"parent":0,"menu_order":0,"comment_status":"closed","ping_status":"closed","template":"","meta":[],"yoast_head":"<!-- This site is optimized with the Yoast SEO plugin v16.9 - https:\/\/yoast.com\/wordpress\/plugins\/seo\/ -->\n<meta name=\"robots\" content=\"index, follow, max-snippet:-1, max-image-preview:large, max-video-preview:-1\" \/>\n<link rel=\"canonical\" href=\"https:\/\/tourismus-grossregion.eu\/fr\/vallee-de-la-holzwarche\/\" \/>\n<meta property=\"og:locale\" content=\"fr_FR\" \/>\n<meta property=\"og:type\" content=\"article\" \/>\n<meta property=\"og:title\" content=\"Story: Ostbelgien: La vall\u00e9e de la Holzwarche - Tourisme Grande R\u00e9gion\" \/>\n<meta property=\"og:url\" content=\"https:\/\/tourismus-grossregion.eu\/fr\/vallee-de-la-holzwarche\/\" \/>\n<meta property=\"og:site_name\" content=\"Tourisme Grande R\u00e9gion\" \/>\n<meta property=\"article:modified_time\" content=\"2021-08-27T12:06:30+00:00\" \/>\n<meta property=\"og:image\" content=\"https:\/\/tourismus-grossregion.eu\/fr\/wp-content\/uploads\/sites\/3\/2021\/07\/DJI_0005_1_1.jpg\" \/>\n\t<meta property=\"og:image:width\" content=\"1920\" \/>\n\t<meta property=\"og:image:height\" content=\"1440\" \/>\n<meta name=\"twitter:card\" content=\"summary_large_image\" \/>\n<script type=\"application\/ld+json\" class=\"yoast-schema-graph\">{\"@context\":\"https:\/\/schema.org\",\"@graph\":[{\"@type\":\"WebSite\",\"@id\":\"https:\/\/tourismus-grossregion.eu\/fr\/#website\",\"url\":\"https:\/\/tourismus-grossregion.eu\/fr\/\",\"name\":\"Tourisme Grande R\\u00e9gion\",\"description\":\"Tourisme Grande R\\u00e9gion\",\"potentialAction\":[{\"@type\":\"SearchAction\",\"target\":{\"@type\":\"EntryPoint\",\"urlTemplate\":\"https:\/\/tourismus-grossregion.eu\/fr\/?s={search_term_string}\"},\"query-input\":\"required name=search_term_string\"}],\"inLanguage\":\"fr-FR\"},{\"@type\":\"ImageObject\",\"@id\":\"https:\/\/tourismus-grossregion.eu\/fr\/vallee-de-la-holzwarche\/#primaryimage\",\"inLanguage\":\"fr-FR\",\"url\":\"https:\/\/tourismus-grossregion.eu\/fr\/wp-content\/uploads\/sites\/3\/2021\/07\/DJI_0005_1_1.jpg\",\"contentUrl\":\"https:\/\/tourismus-grossregion.eu\/fr\/wp-content\/uploads\/sites\/3\/2021\/07\/DJI_0005_1_1.jpg\",\"width\":1920,\"height\":1440,\"caption\":\"La vall\\u00e9e de Holzwarche est repr\\u00e9sent\\u00e9e depuis une perspective de drone. Un ruisseau serpente \\u00e0 travers une prairie verte.\"},{\"@type\":\"WebPage\",\"@id\":\"https:\/\/tourismus-grossregion.eu\/fr\/vallee-de-la-holzwarche\/#webpage\",\"url\":\"https:\/\/tourismus-grossregion.eu\/fr\/vallee-de-la-holzwarche\/\",\"name\":\"Story: Ostbelgien: La vall\\u00e9e de la Holzwarche - Tourisme Grande R\\u00e9gion\",\"isPartOf\":{\"@id\":\"https:\/\/tourismus-grossregion.eu\/fr\/#website\"},\"primaryImageOfPage\":{\"@id\":\"https:\/\/tourismus-grossregion.eu\/fr\/vallee-de-la-holzwarche\/#primaryimage\"},\"datePublished\":\"2021-07-29T12:51:31+00:00\",\"dateModified\":\"2021-08-27T12:06:30+00:00\",\"breadcrumb\":{\"@id\":\"https:\/\/tourismus-grossregion.eu\/fr\/vallee-de-la-holzwarche\/#breadcrumb\"},\"inLanguage\":\"fr-FR\",\"potentialAction\":[{\"@type\":\"ReadAction\",\"target\":[\"https:\/\/tourismus-grossregion.eu\/fr\/vallee-de-la-holzwarche\/\"]}]},{\"@type\":\"BreadcrumbList\",\"@id\":\"https:\/\/tourismus-grossregion.eu\/fr\/vallee-de-la-holzwarche\/#breadcrumb\",\"itemListElement\":[{\"@type\":\"ListItem\",\"position\":1,\"name\":\"Story: Ostbelgien: La vall\\u00e9e de la Holzwarche\"}]}]}<\/script>\n<!-- \/ Yoast SEO plugin. -->","yoast_head_json":{"robots":{"index":"index","follow":"follow","max-snippet":"max-snippet:-1","max-image-preview":"max-image-preview:large","max-video-preview":"max-video-preview:-1"},"canonical":"https:\/\/tourismus-grossregion.eu\/fr\/vallee-de-la-holzwarche\/","og_locale":"fr_FR","og_type":"article","og_title":"Story: Ostbelgien: La vall\u00e9e de la Holzwarche - Tourisme Grande R\u00e9gion","og_url":"https:\/\/tourismus-grossregion.eu\/fr\/vallee-de-la-holzwarche\/","og_site_name":"Tourisme Grande R\u00e9gion","article_modified_time":"2021-08-27T12:06:30+00:00","og_image":[{"width":1920,"height":1440,"url":"https:\/\/tourismus-grossregion.eu\/fr\/wp-content\/uploads\/sites\/3\/2021\/07\/DJI_0005_1_1.jpg","path":"\/var\/www\/html\/wp-content\/uploads\/sites\/3\/2021\/07\/DJI_0005_1_1.jpg","size":"full","id":462,"alt":"La vall\u00e9e de Holzwarche est repr\u00e9sent\u00e9e depuis une perspective de drone. Un ruisseau serpente \u00e0 travers une prairie verte.","pixels":2764800,"type":"image\/jpeg"}],"twitter_card":"summary_large_image","schema":{"@context":"https:\/\/schema.org","@graph":[{"@type":"WebSite","@id":"https:\/\/tourismus-grossregion.eu\/fr\/#website","url":"https:\/\/tourismus-grossregion.eu\/fr\/","name":"Tourisme Grande R\u00e9gion","description":"Tourisme Grande R\u00e9gion","potentialAction":[{"@type":"SearchAction","target":{"@type":"EntryPoint","urlTemplate":"https:\/\/tourismus-grossregion.eu\/fr\/?s={search_term_string}"},"query-input":"required name=search_term_string"}],"inLanguage":"fr-FR"},{"@type":"ImageObject","@id":"https:\/\/tourismus-grossregion.eu\/fr\/vallee-de-la-holzwarche\/#primaryimage","inLanguage":"fr-FR","url":"https:\/\/tourismus-grossregion.eu\/fr\/wp-content\/uploads\/sites\/3\/2021\/07\/DJI_0005_1_1.jpg","contentUrl":"https:\/\/tourismus-grossregion.eu\/fr\/wp-content\/uploads\/sites\/3\/2021\/07\/DJI_0005_1_1.jpg","width":1920,"height":1440,"caption":"La vall\u00e9e de Holzwarche est repr\u00e9sent\u00e9e depuis une perspective de drone. Un ruisseau serpente \u00e0 travers une prairie verte."},{"@type":"WebPage","@id":"https:\/\/tourismus-grossregion.eu\/fr\/vallee-de-la-holzwarche\/#webpage","url":"https:\/\/tourismus-grossregion.eu\/fr\/vallee-de-la-holzwarche\/","name":"Story: Ostbelgien: La vall\u00e9e de la Holzwarche - Tourisme Grande R\u00e9gion","isPartOf":{"@id":"https:\/\/tourismus-grossregion.eu\/fr\/#website"},"primaryImageOfPage":{"@id":"https:\/\/tourismus-grossregion.eu\/fr\/vallee-de-la-holzwarche\/#primaryimage"},"datePublished":"2021-07-29T12:51:31+00:00","dateModified":"2021-08-27T12:06:30+00:00","breadcrumb":{"@id":"https:\/\/tourismus-grossregion.eu\/fr\/vallee-de-la-holzwarche\/#breadcrumb"},"inLanguage":"fr-FR","potentialAction":[{"@type":"ReadAction","target":["https:\/\/tourismus-grossregion.eu\/fr\/vallee-de-la-holzwarche\/"]}]},{"@type":"BreadcrumbList","@id":"https:\/\/tourismus-grossregion.eu\/fr\/vallee-de-la-holzwarche\/#breadcrumb","itemListElement":[{"@type":"ListItem","position":1,"name":"Story: Ostbelgien: La vall\u00e9e de la Holzwarche"}]}]}},"acf":{"pb_acf_widgets":[{"acf_fc_layout":"widget_hero_static","widget_hero_static_background":{"widget_hero_static_background_type":false,"widget_hero_static_image":{"ID":462,"id":462,"title":"DJI_0005_1_1","filename":"DJI_0005_1_1.jpg","filesize":979168,"url":"https:\/\/tourismus-grossregion.eu\/fr\/wp-content\/uploads\/sites\/3\/2021\/07\/DJI_0005_1_1.jpg","link":"https:\/\/tourismus-grossregion.eu\/fr\/vallee-de-la-holzwarche\/dji_0005_1_1\/","alt":"La vall\u00e9e de Holzwarche est repr\u00e9sent\u00e9e depuis une perspective de drone. Un ruisseau serpente \u00e0 travers une prairie verte.","author":"2","description":"La vall\u00e9e de Holzwarche est repr\u00e9sent\u00e9e depuis une perspective de drone. Un ruisseau serpente \u00e0 travers une prairie verte.","caption":"","name":"dji_0005_1_1","status":"inherit","uploaded_to":484,"date":"2021-07-26 11:15:00","modified":"2021-07-26 15:56:23","menu_order":0,"mime_type":"image\/jpeg","type":"image","subtype":"jpeg","icon":"https:\/\/tourismus-grossregion.eu\/fr\/wp-includes\/images\/media\/default.png","width":1920,"height":1440,"sizes":{"thumbnail":"https:\/\/tourismus-grossregion.eu\/fr\/wp-content\/uploads\/sites\/3\/2021\/07\/DJI_0005_1_1-150x150.jpg","thumbnail-width":150,"thumbnail-height":150,"medium":"https:\/\/tourismus-grossregion.eu\/fr\/wp-content\/uploads\/sites\/3\/2021\/07\/DJI_0005_1_1-300x225.jpg","medium-width":300,"medium-height":225,"medium_large":"https:\/\/tourismus-grossregion.eu\/fr\/wp-content\/uploads\/sites\/3\/2021\/07\/DJI_0005_1_1-768x576.jpg","medium_large-width":768,"medium_large-height":576,"large":"https:\/\/tourismus-grossregion.eu\/fr\/wp-content\/uploads\/sites\/3\/2021\/07\/DJI_0005_1_1-1024x768.jpg","large-width":1024,"large-height":768,"1536x1536":"https:\/\/tourismus-grossregion.eu\/fr\/wp-content\/uploads\/sites\/3\/2021\/07\/DJI_0005_1_1-1536x1152.jpg","1536x1536-width":1536,"1536x1536-height":1152,"2048x2048":"https:\/\/tourismus-grossregion.eu\/fr\/wp-content\/uploads\/sites\/3\/2021\/07\/DJI_0005_1_1.jpg","2048x2048-width":1920,"2048x2048-height":1440,"download-thumbnail":"https:\/\/tourismus-grossregion.eu\/fr\/wp-content\/uploads\/sites\/3\/2021\/07\/DJI_0005_1_1-345x259.jpg","download-thumbnail-width":345,"download-thumbnail-height":259,"paragraphimage":"https:\/\/tourismus-grossregion.eu\/fr\/wp-content\/uploads\/sites\/3\/2021\/07\/DJI_0005_1_1-468x351.jpg","paragraphimage-width":468,"paragraphimage-height":351,"slider-image":"https:\/\/tourismus-grossregion.eu\/fr\/wp-content\/uploads\/sites\/3\/2021\/07\/DJI_0005_1_1-901x715.jpg","slider-image-width":901,"slider-image-height":715,"quote-image":"https:\/\/tourismus-grossregion.eu\/fr\/wp-content\/uploads\/sites\/3\/2021\/07\/DJI_0005_1_1-683x512.jpg","quote-image-width":683,"quote-image-height":512,"productcard-image":"https:\/\/tourismus-grossregion.eu\/fr\/wp-content\/uploads\/sites\/3\/2021\/07\/DJI_0005_1_1-710x533.jpg","productcard-image-width":710,"productcard-image-height":533}},"widget_hero_static_video_type":false,"widget_hero_static_video_upload":false,"widget_hero_static_youtube_embed":"","widget_hero_static_filter":true},"widget_hero_static_content":{"widget_hero_static_headline":"La vall\u00e9e de la Holzwarche","widget_hero_static_copy":"","widget_hero_static_link":""},"widget_hero_static_margin":"small"},{"acf_fc_layout":"widget_paragraph_headlines_image","widget_paragraph_headlines_image_orientation":false,"widget_paragraph_headlines_image_decoration":true,"widget_paragraph_headlines_image_content":{"widget_paragraph_headlines_image_preline":"","widget_paragraph_headlines_image_headline":"","widget_paragraph_headlines_image_subline":"Balade dans la vall\u00e9e de la Holzwarche","widget_paragraph_headlines_image_editor_justify":true,"widget_paragraph_headlines_image_editor":"<p>Dans les Cantons de l\u2019Est, la vall\u00e9e de la Holzwarche abrite une superbe r\u00e9serve naturelle, terre de pr\u00e9dilection des randonneurs, jeunes et moins jeunes. N\u2019h\u00e9sitez pas \u00e0 faire appel aux services d\u2019un.e guide de l&rsquo;association locale de protection de la nature. Il ou elle se fera un plaisir d&rsquo;\u00e9clairer les touristes sur le pr\u00e9sent et le devenir de la r\u00e9gion.<\/p>\n","widget_paragraph_headlines_image_link":""},"widget_paragraph_headlines_image_image":false,"widget_paragraph_headlines_image_image_option":false,"widget_paragraph_headlines_image_margin":"small"},{"acf_fc_layout":"widget_editor","widget_editor_justify":true,"widget_editor_editor":"<p>Du sentier de randonn\u00e9e en surplomb, on domine toute la vall\u00e9e. Un petit troupeau de buffles campe au bord de la rivi\u00e8re Holzwarche. L\u2019un de ces puissants bovid\u00e9s est vautr\u00e9 dans la terre humide de la berge, d&rsquo;autres broutent, sont assoupis et nous toisent paisiblement. \u00ab Les buffles participent \u00e0 la pr\u00e9servation des sites naturels. Ils broutent les buissons qui auraient sinon le dessus \u00bb, explique Alexander Rauw de la section Cantons de l\u2019Est de Natagora\/BNVS, l&rsquo;association de protection de la nature.<\/p>\n","widget_editor_margin":"small"},{"acf_fc_layout":"widget_image","widget_image_image":{"ID":463,"id":463,"title":"JT-200813-102_1","filename":"JT-200813-102_1.jpg","filesize":764593,"url":"https:\/\/tourismus-grossregion.eu\/fr\/wp-content\/uploads\/sites\/3\/2021\/07\/JT-200813-102_1.jpg","link":"https:\/\/tourismus-grossregion.eu\/fr\/vallee-de-la-holzwarche\/jt-200813-102_1\/","alt":"Un groupe de quatre buffles d'eau sauvages est allong\u00e9 sur une rive herbeuse pr\u00e8s d'un ruisseau o\u00f9 ils aiment se nourrir.","author":"2","description":"Un groupe de quatre buffles d'eau sauvages est allong\u00e9 sur une rive herbeuse pr\u00e8s d'un ruisseau o\u00f9 ils aiment se nourrir.","caption":"","name":"jt-200813-102_1","status":"inherit","uploaded_to":484,"date":"2021-07-26 11:15:12","modified":"2021-07-26 15:56:23","menu_order":0,"mime_type":"image\/jpeg","type":"image","subtype":"jpeg","icon":"https:\/\/tourismus-grossregion.eu\/fr\/wp-includes\/images\/media\/default.png","width":1920,"height":1281,"sizes":{"thumbnail":"https:\/\/tourismus-grossregion.eu\/fr\/wp-content\/uploads\/sites\/3\/2021\/07\/JT-200813-102_1-150x150.jpg","thumbnail-width":150,"thumbnail-height":150,"medium":"https:\/\/tourismus-grossregion.eu\/fr\/wp-content\/uploads\/sites\/3\/2021\/07\/JT-200813-102_1-300x200.jpg","medium-width":300,"medium-height":200,"medium_large":"https:\/\/tourismus-grossregion.eu\/fr\/wp-content\/uploads\/sites\/3\/2021\/07\/JT-200813-102_1-768x512.jpg","medium_large-width":768,"medium_large-height":512,"large":"https:\/\/tourismus-grossregion.eu\/fr\/wp-content\/uploads\/sites\/3\/2021\/07\/JT-200813-102_1-1024x683.jpg","large-width":1024,"large-height":683,"1536x1536":"https:\/\/tourismus-grossregion.eu\/fr\/wp-content\/uploads\/sites\/3\/2021\/07\/JT-200813-102_1-1536x1025.jpg","1536x1536-width":1536,"1536x1536-height":1025,"2048x2048":"https:\/\/tourismus-grossregion.eu\/fr\/wp-content\/uploads\/sites\/3\/2021\/07\/JT-200813-102_1.jpg","2048x2048-width":1920,"2048x2048-height":1281,"download-thumbnail":"https:\/\/tourismus-grossregion.eu\/fr\/wp-content\/uploads\/sites\/3\/2021\/07\/JT-200813-102_1-345x230.jpg","download-thumbnail-width":345,"download-thumbnail-height":230,"paragraphimage":"https:\/\/tourismus-grossregion.eu\/fr\/wp-content\/uploads\/sites\/3\/2021\/07\/JT-200813-102_1-468x312.jpg","paragraphimage-width":468,"paragraphimage-height":312,"slider-image":"https:\/\/tourismus-grossregion.eu\/fr\/wp-content\/uploads\/sites\/3\/2021\/07\/JT-200813-102_1-901x715.jpg","slider-image-width":901,"slider-image-height":715,"quote-image":"https:\/\/tourismus-grossregion.eu\/fr\/wp-content\/uploads\/sites\/3\/2021\/07\/JT-200813-102_1-683x456.jpg","quote-image-width":683,"quote-image-height":456,"productcard-image":"https:\/\/tourismus-grossregion.eu\/fr\/wp-content\/uploads\/sites\/3\/2021\/07\/JT-200813-102_1-710x474.jpg","productcard-image-width":710,"productcard-image-height":474}},"widget_image_caption":"","widget_image_margin":"small"},{"acf_fc_layout":"widget_editor","widget_editor_justify":true,"widget_editor_editor":"<p>Alexander, qui a \u00e9tudi\u00e9 l&rsquo;architecture paysag\u00e8re en Allemagne avant de revenir dans sa patrie des Cantons de l\u2019Est, est d\u00e9sormais guide nature. Aujourd\u2019hui, il accompagne en randonn\u00e9e un p\u00e8re, J\u00f6rg, et ses deux filles, Claire et Olivia. Les enfants n&rsquo;ont que trois et cinq ans, mais sont fascin\u00e9es par les gros buffles. La famille est sous le charme de la nature. Ils reniflent les plantes odorantes, chassent les papillons bigarr\u00e9s, aveugl\u00e9s par les rayons du soleil qui filtrent \u00e0 travers le feuillage.<\/p>\n","widget_editor_margin":"small"},{"acf_fc_layout":"widget_paragraph_headlines_image","widget_paragraph_headlines_image_orientation":true,"widget_paragraph_headlines_image_decoration":false,"widget_paragraph_headlines_image_content":{"widget_paragraph_headlines_image_preline":"","widget_paragraph_headlines_image_headline":"","widget_paragraph_headlines_image_subline":"","widget_paragraph_headlines_image_editor_justify":true,"widget_paragraph_headlines_image_editor":"<p>La Holzwarche prend sa source \u00e0 660 m\u00e8tres d&rsquo;altitude, dans le petit village de Losheimergraben, pile \u00e0 la fronti\u00e8re germano-belge. Le petit ru file ensuite vers le nord-ouest avant de se jeter dans le lac de retenue de B\u00fctgenbach. Son parcours est rest\u00e9 dans un \u00e9tat relativement naturel. Une r\u00e9serve naturelle y a vu le jour en 1978 gr\u00e2ce aux fonds europ\u00e9ens et \u00e0 des dons priv\u00e9s, ainsi qu&rsquo;\u00e0 l&rsquo;achat de terrains. La zone couvre aujourd&rsquo;hui quelque 80 hectares. C&rsquo;est le fleuron de l&rsquo;association de protection de la nature Natagora\/RNOB (R\u00e9serves naturelles et ornithologiques de Belgique). Sa flore et sa faune sont extr\u00eamement diversifi\u00e9es.<\/p>\n<p>Le travail r\u00e9alis\u00e9 par l\u2019association fait aujourd\u2019hui le bonheur du guide nature Alexander Rauw et de la petite famille. L&rsquo;agr\u00e9able sentier fait une boucle d&rsquo;environ cinq kilom\u00e8tres entre Rocherath et M\u00fcrringen, au d\u00e9part du moulin d\u2019Enkelberger \u00e0 B\u00fcllingen. La grande partie du trac\u00e9 longe la rivi\u00e8re, qui joue parfois \u00e0 cache-cache entre les grands arbres et les v\u00e9g\u00e9taux. Alexander, un passionn\u00e9, ne s\u2019en soucie gu\u00e8re, absorb\u00e9 qu&rsquo;il est dans ses explications sur la flore et la faune. Les enfants et leur papa l\u2019\u00e9coutent religieusement.<\/p>\n","widget_paragraph_headlines_image_link":""},"widget_paragraph_headlines_image_image":{"ID":464,"id":464,"title":"JT-200813-078_1","filename":"JT-200813-078_1.jpg","filesize":491843,"url":"https:\/\/tourismus-grossregion.eu\/fr\/wp-content\/uploads\/sites\/3\/2021\/07\/JT-200813-078_1.jpg","link":"https:\/\/tourismus-grossregion.eu\/fr\/vallee-de-la-holzwarche\/jt-200813-078_1\/","alt":"Le guide nature marche \u00e0 c\u00f4t\u00e9 d'un p\u00e8re qui tient la main de ses deux filles. Ils regardent tous la nature environnante et parlent entre eux.","author":"2","description":"Le guide nature marche \u00e0 c\u00f4t\u00e9 d'un p\u00e8re qui tient la main de ses deux filles. Ils regardent tous la nature environnante et parlent entre eux.","caption":"","name":"jt-200813-078_1","status":"inherit","uploaded_to":484,"date":"2021-07-26 11:15:24","modified":"2021-07-26 15:56:23","menu_order":0,"mime_type":"image\/jpeg","type":"image","subtype":"jpeg","icon":"https:\/\/tourismus-grossregion.eu\/fr\/wp-includes\/images\/media\/default.png","width":1920,"height":1281,"sizes":{"thumbnail":"https:\/\/tourismus-grossregion.eu\/fr\/wp-content\/uploads\/sites\/3\/2021\/07\/JT-200813-078_1-150x150.jpg","thumbnail-width":150,"thumbnail-height":150,"medium":"https:\/\/tourismus-grossregion.eu\/fr\/wp-content\/uploads\/sites\/3\/2021\/07\/JT-200813-078_1-300x200.jpg","medium-width":300,"medium-height":200,"medium_large":"https:\/\/tourismus-grossregion.eu\/fr\/wp-content\/uploads\/sites\/3\/2021\/07\/JT-200813-078_1-768x512.jpg","medium_large-width":768,"medium_large-height":512,"large":"https:\/\/tourismus-grossregion.eu\/fr\/wp-content\/uploads\/sites\/3\/2021\/07\/JT-200813-078_1-1024x683.jpg","large-width":1024,"large-height":683,"1536x1536":"https:\/\/tourismus-grossregion.eu\/fr\/wp-content\/uploads\/sites\/3\/2021\/07\/JT-200813-078_1-1536x1025.jpg","1536x1536-width":1536,"1536x1536-height":1025,"2048x2048":"https:\/\/tourismus-grossregion.eu\/fr\/wp-content\/uploads\/sites\/3\/2021\/07\/JT-200813-078_1.jpg","2048x2048-width":1920,"2048x2048-height":1281,"download-thumbnail":"https:\/\/tourismus-grossregion.eu\/fr\/wp-content\/uploads\/sites\/3\/2021\/07\/JT-200813-078_1-345x230.jpg","download-thumbnail-width":345,"download-thumbnail-height":230,"paragraphimage":"https:\/\/tourismus-grossregion.eu\/fr\/wp-content\/uploads\/sites\/3\/2021\/07\/JT-200813-078_1-468x312.jpg","paragraphimage-width":468,"paragraphimage-height":312,"slider-image":"https:\/\/tourismus-grossregion.eu\/fr\/wp-content\/uploads\/sites\/3\/2021\/07\/JT-200813-078_1-901x715.jpg","slider-image-width":901,"slider-image-height":715,"quote-image":"https:\/\/tourismus-grossregion.eu\/fr\/wp-content\/uploads\/sites\/3\/2021\/07\/JT-200813-078_1-683x456.jpg","quote-image-width":683,"quote-image-height":456,"productcard-image":"https:\/\/tourismus-grossregion.eu\/fr\/wp-content\/uploads\/sites\/3\/2021\/07\/JT-200813-078_1-710x474.jpg","productcard-image-width":710,"productcard-image-height":474}},"widget_paragraph_headlines_image_image_option":false,"widget_paragraph_headlines_image_margin":"small"},{"acf_fc_layout":"widget_paragraph_headlines_image","widget_paragraph_headlines_image_orientation":false,"widget_paragraph_headlines_image_decoration":false,"widget_paragraph_headlines_image_content":{"widget_paragraph_headlines_image_preline":"","widget_paragraph_headlines_image_headline":"","widget_paragraph_headlines_image_subline":"","widget_paragraph_headlines_image_editor_justify":true,"widget_paragraph_headlines_image_editor":"<p>Ils n\u2019en reviennent pas de tout ce qu\u2019on peut croiser en route. Comme le fenouil des Alpes au parfum aromatique ou la grande pimprenelle, qui rappelle un peu la framboise et peut atteindre un m\u00e8tre de haut (une plante chouchou d&rsquo;Alexander). Ou encore l&rsquo;\u00e9pilobe \u00e0 feuilles \u00e9troites (rose) et la campanule \u00e0 feuilles rondes (bleue). La reine-des-pr\u00e9s, la centaur\u00e9e noire, la renou\u00e9e bistorte, la potentille des marais et d&rsquo;autres esp\u00e8ces assurent une profusion de couleurs au fil des saisons. Certains sp\u00e9cimens ont leurs particularit\u00e9s : \u00ab Le petit rhinanthe, par exemple, s&rsquo;accroche aux racines d&rsquo;autres herbes pour les d\u00e9lester de leurs nutriments. On parle d\u2019h\u00e9miparasitisme \u00bb, explique Alexander. \u00ab C&rsquo;est pas gentil \u00bb, d\u00e9plore Olivia. \u00ab Mais c&rsquo;est aussi une bonne chose, parce que d&rsquo;autres fleurs peuvent alors mieux pousser \u00bb, temp\u00e8re le guide nature.<\/p>\n","widget_paragraph_headlines_image_link":""},"widget_paragraph_headlines_image_image":{"ID":465,"id":465,"title":"JT-200813-014_1","filename":"JT-200813-014_1.jpg","filesize":824248,"url":"https:\/\/tourismus-grossregion.eu\/fr\/wp-content\/uploads\/sites\/3\/2021\/07\/JT-200813-014_1.jpg","link":"https:\/\/tourismus-grossregion.eu\/fr\/vallee-de-la-holzwarche\/jt-200813-014_1\/","alt":"Une petite fille portant un chapeau et une chemise roses et une jupe blanche s'arr\u00eate sur le sentier de la nature pour examiner les fleurs sauvages roses qui poussent sur un banc.","author":"2","description":"Une petite fille portant un chapeau et une chemise roses et une jupe blanche s'arr\u00eate sur le sentier de la nature pour examiner les fleurs sauvages roses qui poussent sur un banc.","caption":"","name":"jt-200813-014_1","status":"inherit","uploaded_to":484,"date":"2021-07-26 11:15:36","modified":"2021-07-26 15:56:23","menu_order":0,"mime_type":"image\/jpeg","type":"image","subtype":"jpeg","icon":"https:\/\/tourismus-grossregion.eu\/fr\/wp-includes\/images\/media\/default.png","width":1920,"height":1281,"sizes":{"thumbnail":"https:\/\/tourismus-grossregion.eu\/fr\/wp-content\/uploads\/sites\/3\/2021\/07\/JT-200813-014_1-150x150.jpg","thumbnail-width":150,"thumbnail-height":150,"medium":"https:\/\/tourismus-grossregion.eu\/fr\/wp-content\/uploads\/sites\/3\/2021\/07\/JT-200813-014_1-300x200.jpg","medium-width":300,"medium-height":200,"medium_large":"https:\/\/tourismus-grossregion.eu\/fr\/wp-content\/uploads\/sites\/3\/2021\/07\/JT-200813-014_1-768x512.jpg","medium_large-width":768,"medium_large-height":512,"large":"https:\/\/tourismus-grossregion.eu\/fr\/wp-content\/uploads\/sites\/3\/2021\/07\/JT-200813-014_1-1024x683.jpg","large-width":1024,"large-height":683,"1536x1536":"https:\/\/tourismus-grossregion.eu\/fr\/wp-content\/uploads\/sites\/3\/2021\/07\/JT-200813-014_1-1536x1025.jpg","1536x1536-width":1536,"1536x1536-height":1025,"2048x2048":"https:\/\/tourismus-grossregion.eu\/fr\/wp-content\/uploads\/sites\/3\/2021\/07\/JT-200813-014_1.jpg","2048x2048-width":1920,"2048x2048-height":1281,"download-thumbnail":"https:\/\/tourismus-grossregion.eu\/fr\/wp-content\/uploads\/sites\/3\/2021\/07\/JT-200813-014_1-345x230.jpg","download-thumbnail-width":345,"download-thumbnail-height":230,"paragraphimage":"https:\/\/tourismus-grossregion.eu\/fr\/wp-content\/uploads\/sites\/3\/2021\/07\/JT-200813-014_1-468x312.jpg","paragraphimage-width":468,"paragraphimage-height":312,"slider-image":"https:\/\/tourismus-grossregion.eu\/fr\/wp-content\/uploads\/sites\/3\/2021\/07\/JT-200813-014_1-901x715.jpg","slider-image-width":901,"slider-image-height":715,"quote-image":"https:\/\/tourismus-grossregion.eu\/fr\/wp-content\/uploads\/sites\/3\/2021\/07\/JT-200813-014_1-683x456.jpg","quote-image-width":683,"quote-image-height":456,"productcard-image":"https:\/\/tourismus-grossregion.eu\/fr\/wp-content\/uploads\/sites\/3\/2021\/07\/JT-200813-014_1-710x474.jpg","productcard-image-width":710,"productcard-image-height":474}},"widget_paragraph_headlines_image_image_option":false,"widget_paragraph_headlines_image_margin":"small"},{"acf_fc_layout":"widget_editor","widget_editor_justify":true,"widget_editor_editor":"<p>Le cours sup\u00e9rieur de la Holzwarche fait ici office de r\u00e9servoir d&rsquo;eau naturel. M\u00eame au plus fort de l&rsquo;\u00e9t\u00e9, la zone reste humide en raison des nombreuses dolines. Le sol des tourbi\u00e8res est comme une \u00e9ponge qui absorbe de grandes quantit\u00e9s d&rsquo;eau. C\u2019est un pays de landes et de prairies humides, de boulaies (for\u00eats de bouleaux), de bas-marais peupl\u00e9s de linaigrettes et de narth\u00e9cie des marais ainsi que de nardaies. Sur certains versants des vall\u00e9es, la biodiversit\u00e9 est extr\u00eamement riche. On recense plus de 190 esp\u00e8ces v\u00e9g\u00e9tales sur moins de deux hectares de prairies, dont plusieurs esp\u00e8ces menac\u00e9es.<\/p>\n","widget_editor_margin":"small"},{"acf_fc_layout":"widget_image","widget_image_image":{"ID":466,"id":466,"title":"JT-200813-153_1","filename":"JT-200813-153_1.jpg","filesize":482421,"url":"https:\/\/tourismus-grossregion.eu\/fr\/wp-content\/uploads\/sites\/3\/2021\/07\/JT-200813-153_1.jpg","link":"https:\/\/tourismus-grossregion.eu\/fr\/vallee-de-la-holzwarche\/jt-200813-153_1\/","alt":"Sur cette photo, les fleurs sauvages s'\u00e9panouissent en rose, violet et jaune.","author":"2","description":"Sur cette photo, les fleurs sauvages s'\u00e9panouissent en rose, violet et jaune.","caption":"","name":"jt-200813-153_1","status":"inherit","uploaded_to":484,"date":"2021-07-26 11:15:48","modified":"2021-07-26 15:56:23","menu_order":0,"mime_type":"image\/jpeg","type":"image","subtype":"jpeg","icon":"https:\/\/tourismus-grossregion.eu\/fr\/wp-includes\/images\/media\/default.png","width":1920,"height":1281,"sizes":{"thumbnail":"https:\/\/tourismus-grossregion.eu\/fr\/wp-content\/uploads\/sites\/3\/2021\/07\/JT-200813-153_1-150x150.jpg","thumbnail-width":150,"thumbnail-height":150,"medium":"https:\/\/tourismus-grossregion.eu\/fr\/wp-content\/uploads\/sites\/3\/2021\/07\/JT-200813-153_1-300x200.jpg","medium-width":300,"medium-height":200,"medium_large":"https:\/\/tourismus-grossregion.eu\/fr\/wp-content\/uploads\/sites\/3\/2021\/07\/JT-200813-153_1-768x512.jpg","medium_large-width":768,"medium_large-height":512,"large":"https:\/\/tourismus-grossregion.eu\/fr\/wp-content\/uploads\/sites\/3\/2021\/07\/JT-200813-153_1-1024x683.jpg","large-width":1024,"large-height":683,"1536x1536":"https:\/\/tourismus-grossregion.eu\/fr\/wp-content\/uploads\/sites\/3\/2021\/07\/JT-200813-153_1-1536x1025.jpg","1536x1536-width":1536,"1536x1536-height":1025,"2048x2048":"https:\/\/tourismus-grossregion.eu\/fr\/wp-content\/uploads\/sites\/3\/2021\/07\/JT-200813-153_1.jpg","2048x2048-width":1920,"2048x2048-height":1281,"download-thumbnail":"https:\/\/tourismus-grossregion.eu\/fr\/wp-content\/uploads\/sites\/3\/2021\/07\/JT-200813-153_1-345x230.jpg","download-thumbnail-width":345,"download-thumbnail-height":230,"paragraphimage":"https:\/\/tourismus-grossregion.eu\/fr\/wp-content\/uploads\/sites\/3\/2021\/07\/JT-200813-153_1-468x312.jpg","paragraphimage-width":468,"paragraphimage-height":312,"slider-image":"https:\/\/tourismus-grossregion.eu\/fr\/wp-content\/uploads\/sites\/3\/2021\/07\/JT-200813-153_1-901x715.jpg","slider-image-width":901,"slider-image-height":715,"quote-image":"https:\/\/tourismus-grossregion.eu\/fr\/wp-content\/uploads\/sites\/3\/2021\/07\/JT-200813-153_1-683x456.jpg","quote-image-width":683,"quote-image-height":456,"productcard-image":"https:\/\/tourismus-grossregion.eu\/fr\/wp-content\/uploads\/sites\/3\/2021\/07\/JT-200813-153_1-710x474.jpg","productcard-image-width":710,"productcard-image-height":474}},"widget_image_caption":"","widget_image_margin":"small"},{"acf_fc_layout":"widget_editor","widget_editor_justify":true,"widget_editor_editor":"<p>Les magnifiques champs de jonquilles \u00e9gaient le printemps sur les rives de la Holzwarche pr\u00e8s de Rocherath. Les nombreux hectares de prairies se couvrent alors d&rsquo;un tapis de fleurs jaunes. Cette attraction en soi attire les amoureux de la nature d\u2019ici et d&rsquo;ailleurs. \u00c0 la mi-avril, Natagora organise m\u00eame un festival de la jonquille avec une bourse aux plantes au moulin de l\u2019Enkelberger. Le reste de l&rsquo;ann\u00e9e, cependant, la vall\u00e9e est plut\u00f4t calme, comme le confirme Alexander, \u00ab mais ce sera notre petit secret&#8230; \u00bb<\/p>\n","widget_editor_margin":"small"},{"acf_fc_layout":"widget_paragraph_headlines_image","widget_paragraph_headlines_image_orientation":false,"widget_paragraph_headlines_image_decoration":false,"widget_paragraph_headlines_image_content":{"widget_paragraph_headlines_image_preline":"","widget_paragraph_headlines_image_headline":"","widget_paragraph_headlines_image_subline":"","widget_paragraph_headlines_image_editor_justify":true,"widget_paragraph_headlines_image_editor":"<p>Cette qui\u00e9tude fait le bonheur d\u2019une faune vari\u00e9e. Dans les vastes p\u00e2turages, les vaches tiennent compagnie aux buffles. Geai, bec-crois\u00e9 des sapins et chouette de Tengmalm : de nombreuses esp\u00e8ces rares d&rsquo;oiseaux ont \u00e9lu domicile dans la vall\u00e9e de la Holzwarche. Ils nidifient dans les grandes pessi\u00e8res de la r\u00e9gion. La bergeronnette des ruisseaux traque les insectes sur la rivi\u00e8re ; les martins-p\u00eacheurs chassent le menu fretin.<\/p>\n<p>Alexander a toujours un filet \u00e0 papillons \u00e0 port\u00e9e de main en randonn\u00e9e. Tout \u00e0 coup, il acc\u00e9l\u00e8re le pas, agitant son filet comme un sabre de chevalier Jedi. Un papillon rare est pris au pi\u00e8ge. Un bocal \u00e0 conserves vide fait un parfait oculaire. Le papillon se laisse observer tranquillement sans \u00eatre bless\u00e9. Le petit captif sera ensuite rel\u00e2ch\u00e9. \u00ab Les papillons sont un excellent indicateur de l&rsquo;\u00e9tat de sant\u00e9 de la nature, ajoute notre guide nature. La vall\u00e9e abrite des esp\u00e8ces tr\u00e8s rares. \u00bb Les enfants sont ravis. C&rsquo;est un moment particulier pour eux.<\/p>\n","widget_paragraph_headlines_image_link":""},"widget_paragraph_headlines_image_image":{"ID":485,"id":485,"title":"JT-200813-049_1_1","filename":"JT-200813-049_1_1.jpg","filesize":170470,"url":"https:\/\/tourismus-grossregion.eu\/fr\/wp-content\/uploads\/sites\/3\/2021\/07\/JT-200813-049_1_1.jpg","link":"https:\/\/tourismus-grossregion.eu\/fr\/vallee-de-la-holzwarche\/jt-200813-049_1_1-2\/","alt":"\u00c0 l'arri\u00e8re-plan, on peut voir une petite fille contempler avec r\u00e9v\u00e9rence un papillon pi\u00e9g\u00e9 dans un bocal en verre pour l'observer au premier plan.","author":"2","description":"\u00c0 l'arri\u00e8re-plan, on peut voir une petite fille contempler avec r\u00e9v\u00e9rence un papillon pi\u00e9g\u00e9 dans un bocal en verre pour l'observer au premier plan.","caption":"","name":"jt-200813-049_1_1-2","status":"inherit","uploaded_to":484,"date":"2021-07-26 12:23:13","modified":"2021-07-26 15:52:13","menu_order":0,"mime_type":"image\/jpeg","type":"image","subtype":"jpeg","icon":"https:\/\/tourismus-grossregion.eu\/fr\/wp-includes\/images\/media\/default.png","width":1920,"height":1281,"sizes":{"thumbnail":"https:\/\/tourismus-grossregion.eu\/fr\/wp-content\/uploads\/sites\/3\/2021\/07\/JT-200813-049_1_1-150x150.jpg","thumbnail-width":150,"thumbnail-height":150,"medium":"https:\/\/tourismus-grossregion.eu\/fr\/wp-content\/uploads\/sites\/3\/2021\/07\/JT-200813-049_1_1-300x200.jpg","medium-width":300,"medium-height":200,"medium_large":"https:\/\/tourismus-grossregion.eu\/fr\/wp-content\/uploads\/sites\/3\/2021\/07\/JT-200813-049_1_1-768x512.jpg","medium_large-width":768,"medium_large-height":512,"large":"https:\/\/tourismus-grossregion.eu\/fr\/wp-content\/uploads\/sites\/3\/2021\/07\/JT-200813-049_1_1-1024x683.jpg","large-width":1024,"large-height":683,"1536x1536":"https:\/\/tourismus-grossregion.eu\/fr\/wp-content\/uploads\/sites\/3\/2021\/07\/JT-200813-049_1_1-1536x1025.jpg","1536x1536-width":1536,"1536x1536-height":1025,"2048x2048":"https:\/\/tourismus-grossregion.eu\/fr\/wp-content\/uploads\/sites\/3\/2021\/07\/JT-200813-049_1_1.jpg","2048x2048-width":1920,"2048x2048-height":1281,"download-thumbnail":"https:\/\/tourismus-grossregion.eu\/fr\/wp-content\/uploads\/sites\/3\/2021\/07\/JT-200813-049_1_1-345x230.jpg","download-thumbnail-width":345,"download-thumbnail-height":230,"paragraphimage":"https:\/\/tourismus-grossregion.eu\/fr\/wp-content\/uploads\/sites\/3\/2021\/07\/JT-200813-049_1_1-468x312.jpg","paragraphimage-width":468,"paragraphimage-height":312,"slider-image":"https:\/\/tourismus-grossregion.eu\/fr\/wp-content\/uploads\/sites\/3\/2021\/07\/JT-200813-049_1_1-901x715.jpg","slider-image-width":901,"slider-image-height":715,"quote-image":"https:\/\/tourismus-grossregion.eu\/fr\/wp-content\/uploads\/sites\/3\/2021\/07\/JT-200813-049_1_1-683x456.jpg","quote-image-width":683,"quote-image-height":456,"productcard-image":"https:\/\/tourismus-grossregion.eu\/fr\/wp-content\/uploads\/sites\/3\/2021\/07\/JT-200813-049_1_1-710x474.jpg","productcard-image-width":710,"productcard-image-height":474}},"widget_paragraph_headlines_image_image_option":false,"widget_paragraph_headlines_image_margin":"small"},{"acf_fc_layout":"widget_editor","widget_editor_justify":true,"widget_editor_editor":"<p>La petite troupe fait une petite pause au refuge au point le plus bas de la vall\u00e9e. Du pont qui enjambe l&rsquo;\u00e9troite rivi\u00e8re, on distingue bien les poissons qui font des ronds dans l&rsquo;eau. Il est temps de rentrer. Le petit groupe remonte un sentier en gravillons jusqu&rsquo;\u00e0 un promontoire d&rsquo;o\u00f9 se d\u00e9gage un beau panorama sur la vall\u00e9e, les arbres noueux et les p\u00e2turages o\u00f9 paissent tranquillement les vaches. Olivia veut se tirer le portrait avec l&rsquo;un de ces paisibles ruminants, mais renonce finalement \u00e0 son projet. Courageuse, mais pas t\u00e9m\u00e9raire&#8230; Le dernier tron\u00e7on s\u2019insinue dans les sous-bois, passe devant quelques chalets de vacances et traverse une derni\u00e8re fois la Holzwarche, avant de rallier le point de d\u00e9part. Le papa et les enfants sont un peu fatigu\u00e9s, mais heureux.<\/p>\n","widget_editor_margin":"small"},{"acf_fc_layout":"widget_testimonial","widget_testimonial_color":false,"widget_testimonial_content":{"widget_testimonial_name":"Alexander Rauw","widget_testimonial_position":"Natagora\/BNVS","widget_testimonial_quote_size":false,"widget_testimonial_quote":"\u00ab Mais simplement rouler \u00e0 v\u00e9lo, profiter du calme et du paysage, c\u2019est aussi un grand bonheur ... \u00bb"},"widget_testimonial_image":{"ID":486,"id":486,"title":"JT-200813-005_1","filename":"JT-200813-005_1.jpg","filesize":358687,"url":"https:\/\/tourismus-grossregion.eu\/fr\/wp-content\/uploads\/sites\/3\/2021\/07\/JT-200813-005_1.jpg","link":"https:\/\/tourismus-grossregion.eu\/fr\/vallee-de-la-holzwarche\/jt-200813-005_1\/","alt":"Un homme portant une casquette marron et une chemise avec les mots \"J'aime la nature\" fait des gestes en parlant de la nature sauvage de la r\u00e9gion. Un appareil photo est suspendu \u00e0 son cou.","author":"2","description":"Un homme portant une casquette marron et une chemise avec les mots \"J'aime la nature\" fait des gestes en parlant de la nature sauvage de la r\u00e9gion. Un appareil photo est suspendu \u00e0 son cou.","caption":"","name":"jt-200813-005_1","status":"inherit","uploaded_to":484,"date":"2021-07-26 12:23:23","modified":"2021-08-13 09:01:30","menu_order":0,"mime_type":"image\/jpeg","type":"image","subtype":"jpeg","icon":"https:\/\/tourismus-grossregion.eu\/fr\/wp-includes\/images\/media\/default.png","width":1500,"height":1403,"sizes":{"thumbnail":"https:\/\/tourismus-grossregion.eu\/fr\/wp-content\/uploads\/sites\/3\/2021\/07\/JT-200813-005_1-150x150.jpg","thumbnail-width":150,"thumbnail-height":150,"medium":"https:\/\/tourismus-grossregion.eu\/fr\/wp-content\/uploads\/sites\/3\/2021\/07\/JT-200813-005_1-300x281.jpg","medium-width":300,"medium-height":281,"medium_large":"https:\/\/tourismus-grossregion.eu\/fr\/wp-content\/uploads\/sites\/3\/2021\/07\/JT-200813-005_1-768x718.jpg","medium_large-width":768,"medium_large-height":718,"large":"https:\/\/tourismus-grossregion.eu\/fr\/wp-content\/uploads\/sites\/3\/2021\/07\/JT-200813-005_1-1024x958.jpg","large-width":1024,"large-height":958,"1536x1536":"https:\/\/tourismus-grossregion.eu\/fr\/wp-content\/uploads\/sites\/3\/2021\/07\/JT-200813-005_1.jpg","1536x1536-width":1500,"1536x1536-height":1403,"2048x2048":"https:\/\/tourismus-grossregion.eu\/fr\/wp-content\/uploads\/sites\/3\/2021\/07\/JT-200813-005_1.jpg","2048x2048-width":1500,"2048x2048-height":1403,"download-thumbnail":"https:\/\/tourismus-grossregion.eu\/fr\/wp-content\/uploads\/sites\/3\/2021\/07\/JT-200813-005_1-345x323.jpg","download-thumbnail-width":345,"download-thumbnail-height":323,"paragraphimage":"https:\/\/tourismus-grossregion.eu\/fr\/wp-content\/uploads\/sites\/3\/2021\/07\/JT-200813-005_1-468x438.jpg","paragraphimage-width":468,"paragraphimage-height":438,"slider-image":"https:\/\/tourismus-grossregion.eu\/fr\/wp-content\/uploads\/sites\/3\/2021\/07\/JT-200813-005_1-901x715.jpg","slider-image-width":901,"slider-image-height":715,"quote-image":"https:\/\/tourismus-grossregion.eu\/fr\/wp-content\/uploads\/sites\/3\/2021\/07\/JT-200813-005_1-683x639.jpg","quote-image-width":683,"quote-image-height":639,"productcard-image":"https:\/\/tourismus-grossregion.eu\/fr\/wp-content\/uploads\/sites\/3\/2021\/07\/JT-200813-005_1-710x664.jpg","productcard-image-width":710,"productcard-image-height":664}},"widget_testimonial_margin":"small"},{"acf_fc_layout":"widget_editor","widget_editor_justify":true,"widget_editor_editor":"<p>\u00ab J&rsquo;aime le changement, le contact avec les gens, confie Alexander, guide passionn\u00e9 et passionnant. Mais simplement rouler \u00e0 v\u00e9lo, profiter du calme et du paysage, c\u2019est aussi un grand bonheur, en toutes saisons, qui sont encore ici tr\u00e8s contrast\u00e9es. \u00bb En \u00e9t\u00e9, on vient chercher un peu de fra\u00eecheur dans la vall\u00e9e. En automne, m\u00eame si c\u2019est rarement l\u2019\u00e9t\u00e9 indien, le paysage rev\u00eat ses habitats flamboyants. En hiver, il y a facilement 50 centim\u00e8tres de neige, et des cong\u00e8res. \u00ab Le printemps est des plus spectaculaires, conclut Alexander. C\u2019est le r\u00e9veil des petites b\u00eates. Alors la vall\u00e9e de la Holzwarche, avec son tapis de jonquilles, est un paradis. \u00bb<\/p>\n","widget_editor_margin":"small"},{"acf_fc_layout":"widget_image","widget_image_image":{"ID":488,"id":488,"title":"JT-200813-083_1","filename":"JT-200813-083_1.jpg","filesize":458167,"url":"https:\/\/tourismus-grossregion.eu\/fr\/wp-content\/uploads\/sites\/3\/2021\/07\/JT-200813-083_1.jpg","link":"https:\/\/tourismus-grossregion.eu\/fr\/vallee-de-la-holzwarche\/jt-200813-083_1\/","alt":"Un homme tient les mains de ses deux petites filles alors qu'elles marchent \u00e0 c\u00f4t\u00e9 d'un guide de la nature. Le chemin est large et caillouteux, la nature environnante et les arbres sont verts.","author":"2","description":"Un homme tient les mains de ses deux petites filles alors qu'elles marchent \u00e0 c\u00f4t\u00e9 d'un guide de la nature. Le chemin est large et caillouteux, la nature environnante et les arbres sont verts.","caption":"","name":"jt-200813-083_1","status":"inherit","uploaded_to":484,"date":"2021-07-26 12:23:33","modified":"2021-07-26 15:56:08","menu_order":0,"mime_type":"image\/jpeg","type":"image","subtype":"jpeg","icon":"https:\/\/tourismus-grossregion.eu\/fr\/wp-includes\/images\/media\/default.png","width":1920,"height":1281,"sizes":{"thumbnail":"https:\/\/tourismus-grossregion.eu\/fr\/wp-content\/uploads\/sites\/3\/2021\/07\/JT-200813-083_1-150x150.jpg","thumbnail-width":150,"thumbnail-height":150,"medium":"https:\/\/tourismus-grossregion.eu\/fr\/wp-content\/uploads\/sites\/3\/2021\/07\/JT-200813-083_1-300x200.jpg","medium-width":300,"medium-height":200,"medium_large":"https:\/\/tourismus-grossregion.eu\/fr\/wp-content\/uploads\/sites\/3\/2021\/07\/JT-200813-083_1-768x512.jpg","medium_large-width":768,"medium_large-height":512,"large":"https:\/\/tourismus-grossregion.eu\/fr\/wp-content\/uploads\/sites\/3\/2021\/07\/JT-200813-083_1-1024x683.jpg","large-width":1024,"large-height":683,"1536x1536":"https:\/\/tourismus-grossregion.eu\/fr\/wp-content\/uploads\/sites\/3\/2021\/07\/JT-200813-083_1-1536x1025.jpg","1536x1536-width":1536,"1536x1536-height":1025,"2048x2048":"https:\/\/tourismus-grossregion.eu\/fr\/wp-content\/uploads\/sites\/3\/2021\/07\/JT-200813-083_1.jpg","2048x2048-width":1920,"2048x2048-height":1281,"download-thumbnail":"https:\/\/tourismus-grossregion.eu\/fr\/wp-content\/uploads\/sites\/3\/2021\/07\/JT-200813-083_1-345x230.jpg","download-thumbnail-width":345,"download-thumbnail-height":230,"paragraphimage":"https:\/\/tourismus-grossregion.eu\/fr\/wp-content\/uploads\/sites\/3\/2021\/07\/JT-200813-083_1-468x312.jpg","paragraphimage-width":468,"paragraphimage-height":312,"slider-image":"https:\/\/tourismus-grossregion.eu\/fr\/wp-content\/uploads\/sites\/3\/2021\/07\/JT-200813-083_1-901x715.jpg","slider-image-width":901,"slider-image-height":715,"quote-image":"https:\/\/tourismus-grossregion.eu\/fr\/wp-content\/uploads\/sites\/3\/2021\/07\/JT-200813-083_1-683x456.jpg","quote-image-width":683,"quote-image-height":456,"productcard-image":"https:\/\/tourismus-grossregion.eu\/fr\/wp-content\/uploads\/sites\/3\/2021\/07\/JT-200813-083_1-710x474.jpg","productcard-image-width":710,"productcard-image-height":474}},"widget_image_caption":"","widget_image_margin":"small"},{"acf_fc_layout":"widget_editor","widget_editor_justify":true,"widget_editor_editor":"<p>Pour de plus amples informations,<br \/>\ncontactez l\u2019association de protection de la nature Natagora:<strong>\u00a0<\/strong><\/p>\n<p><strong><a href=\"http:\/\/www.natagora-bnvs.be\/\" target=\"_blank\" rel=\"noopener\">https:\/\/www.natagora-bnvs.be\/<\/a><\/strong><\/p>\n<p>Le printemps dans les Cantons de l\u2019Est:<\/p>\n<p><strong> <a href=\"https:\/\/www.ostbelgien.eu\/de\/erleben\/entdecken\/typisch-ostbelgien\/narzissenbluete\" target=\"_blank\" rel=\"noopener\">https:\/\/www.ostbelgien.eu\/de\/erleben\/entdecken\/typisch-ostbelgien\/narzissenbluete<\/a><\/strong><\/p>\n","widget_editor_margin":"small"},{"acf_fc_layout":"widget_video","widget_video_type":false,"widget_video_youtube":"","widget_video_youtube_poster_bool":true,"widget_video_youtube_poster":{"ID":465,"id":465,"title":"JT-200813-014_1","filename":"JT-200813-014_1.jpg","filesize":824248,"url":"https:\/\/tourismus-grossregion.eu\/fr\/wp-content\/uploads\/sites\/3\/2021\/07\/JT-200813-014_1.jpg","link":"https:\/\/tourismus-grossregion.eu\/fr\/vallee-de-la-holzwarche\/jt-200813-014_1\/","alt":"Une petite fille portant un chapeau et une chemise roses et une jupe blanche s'arr\u00eate sur le sentier de la nature pour examiner les fleurs sauvages roses qui poussent sur un banc.","author":"2","description":"Une petite fille portant un chapeau et une chemise roses et une jupe blanche s'arr\u00eate sur le sentier de la nature pour examiner les fleurs sauvages roses qui poussent sur un banc.","caption":"","name":"jt-200813-014_1","status":"inherit","uploaded_to":484,"date":"2021-07-26 11:15:36","modified":"2021-07-26 15:56:23","menu_order":0,"mime_type":"image\/jpeg","type":"image","subtype":"jpeg","icon":"https:\/\/tourismus-grossregion.eu\/fr\/wp-includes\/images\/media\/default.png","width":1920,"height":1281,"sizes":{"thumbnail":"https:\/\/tourismus-grossregion.eu\/fr\/wp-content\/uploads\/sites\/3\/2021\/07\/JT-200813-014_1-150x150.jpg","thumbnail-width":150,"thumbnail-height":150,"medium":"https:\/\/tourismus-grossregion.eu\/fr\/wp-content\/uploads\/sites\/3\/2021\/07\/JT-200813-014_1-300x200.jpg","medium-width":300,"medium-height":200,"medium_large":"https:\/\/tourismus-grossregion.eu\/fr\/wp-content\/uploads\/sites\/3\/2021\/07\/JT-200813-014_1-768x512.jpg","medium_large-width":768,"medium_large-height":512,"large":"https:\/\/tourismus-grossregion.eu\/fr\/wp-content\/uploads\/sites\/3\/2021\/07\/JT-200813-014_1-1024x683.jpg","large-width":1024,"large-height":683,"1536x1536":"https:\/\/tourismus-grossregion.eu\/fr\/wp-content\/uploads\/sites\/3\/2021\/07\/JT-200813-014_1-1536x1025.jpg","1536x1536-width":1536,"1536x1536-height":1025,"2048x2048":"https:\/\/tourismus-grossregion.eu\/fr\/wp-content\/uploads\/sites\/3\/2021\/07\/JT-200813-014_1.jpg","2048x2048-width":1920,"2048x2048-height":1281,"download-thumbnail":"https:\/\/tourismus-grossregion.eu\/fr\/wp-content\/uploads\/sites\/3\/2021\/07\/JT-200813-014_1-345x230.jpg","download-thumbnail-width":345,"download-thumbnail-height":230,"paragraphimage":"https:\/\/tourismus-grossregion.eu\/fr\/wp-content\/uploads\/sites\/3\/2021\/07\/JT-200813-014_1-468x312.jpg","paragraphimage-width":468,"paragraphimage-height":312,"slider-image":"https:\/\/tourismus-grossregion.eu\/fr\/wp-content\/uploads\/sites\/3\/2021\/07\/JT-200813-014_1-901x715.jpg","slider-image-width":901,"slider-image-height":715,"quote-image":"https:\/\/tourismus-grossregion.eu\/fr\/wp-content\/uploads\/sites\/3\/2021\/07\/JT-200813-014_1-683x456.jpg","quote-image-width":683,"quote-image-height":456,"productcard-image":"https:\/\/tourismus-grossregion.eu\/fr\/wp-content\/uploads\/sites\/3\/2021\/07\/JT-200813-014_1-710x474.jpg","productcard-image-width":710,"productcard-image-height":474}},"widget_video_youtube_poster_filter":false,"widget_video_upload":false,"widget_video_headline":"","widget_video_duration":"","widget_video_margin":"small"},{"acf_fc_layout":"widget_paragraph_headlines_image","widget_paragraph_headlines_image_orientation":false,"widget_paragraph_headlines_image_decoration":true,"widget_paragraph_headlines_image_content":{"widget_paragraph_headlines_image_preline":"","widget_paragraph_headlines_image_headline":"","widget_paragraph_headlines_image_subline":"Vous aimez ce que vous voyez ? ","widget_paragraph_headlines_image_editor_justify":true,"widget_paragraph_headlines_image_editor":"<p>La Grande R\u00e9gion a beaucoup plus \u00e0 offrir ! Jetez un coup d&rsquo;\u0153il aux histoires suivantes de la r\u00e9gion et laissez-vous inspirer.<\/p>\n","widget_paragraph_headlines_image_link":""},"widget_paragraph_headlines_image_image":false,"widget_paragraph_headlines_image_image_option":false,"widget_paragraph_headlines_image_margin":"small"},{"acf_fc_layout":"widget_content_carousel","widget_content_carousel_preline":"","widget_content_carousel_headline":"","widget_content_carousel_description_justify":false,"widget_content_carousel_entries":[{"widget_content_carousel_entries_thumbnail":{"ID":411,"id":411,"title":"DJI_0852_1","filename":"DJI_0852_1.jpg","filesize":503198,"url":"https:\/\/tourismus-grossregion.eu\/fr\/wp-content\/uploads\/sites\/3\/2021\/07\/DJI_0852_1.jpg","link":"https:\/\/tourismus-grossregion.eu\/fr\/?attachment_id=411","alt":"Une vue dans la for\u00eat se concentre sur le dessous des arbres \u00e0 plusieurs m\u00e8tres de la cam\u00e9ra. Des herbes et de la verdure entourent les grands arbres.","author":"2","description":"Une vue dans la for\u00eat se concentre sur le dessous des arbres \u00e0 plusieurs m\u00e8tres de la cam\u00e9ra. Des herbes et de la verdure entourent les grands arbres.","caption":"","name":"dji_0852_1","status":"inherit","uploaded_to":516,"date":"2021-07-26 09:46:50","modified":"2021-07-26 12:39:14","menu_order":0,"mime_type":"image\/jpeg","type":"image","subtype":"jpeg","icon":"https:\/\/tourismus-grossregion.eu\/fr\/wp-includes\/images\/media\/default.png","width":1920,"height":1280,"sizes":{"thumbnail":"https:\/\/tourismus-grossregion.eu\/fr\/wp-content\/uploads\/sites\/3\/2021\/07\/DJI_0852_1-150x150.jpg","thumbnail-width":150,"thumbnail-height":150,"medium":"https:\/\/tourismus-grossregion.eu\/fr\/wp-content\/uploads\/sites\/3\/2021\/07\/DJI_0852_1-300x200.jpg","medium-width":300,"medium-height":200,"medium_large":"https:\/\/tourismus-grossregion.eu\/fr\/wp-content\/uploads\/sites\/3\/2021\/07\/DJI_0852_1-768x512.jpg","medium_large-width":768,"medium_large-height":512,"large":"https:\/\/tourismus-grossregion.eu\/fr\/wp-content\/uploads\/sites\/3\/2021\/07\/DJI_0852_1-1024x683.jpg","large-width":1024,"large-height":683,"1536x1536":"https:\/\/tourismus-grossregion.eu\/fr\/wp-content\/uploads\/sites\/3\/2021\/07\/DJI_0852_1-1536x1024.jpg","1536x1536-width":1536,"1536x1536-height":1024,"2048x2048":"https:\/\/tourismus-grossregion.eu\/fr\/wp-content\/uploads\/sites\/3\/2021\/07\/DJI_0852_1.jpg","2048x2048-width":1920,"2048x2048-height":1280,"download-thumbnail":"https:\/\/tourismus-grossregion.eu\/fr\/wp-content\/uploads\/sites\/3\/2021\/07\/DJI_0852_1-345x230.jpg","download-thumbnail-width":345,"download-thumbnail-height":230,"paragraphimage":"https:\/\/tourismus-grossregion.eu\/fr\/wp-content\/uploads\/sites\/3\/2021\/07\/DJI_0852_1-468x312.jpg","paragraphimage-width":468,"paragraphimage-height":312,"slider-image":"https:\/\/tourismus-grossregion.eu\/fr\/wp-content\/uploads\/sites\/3\/2021\/07\/DJI_0852_1-901x715.jpg","slider-image-width":901,"slider-image-height":715,"quote-image":"https:\/\/tourismus-grossregion.eu\/fr\/wp-content\/uploads\/sites\/3\/2021\/07\/DJI_0852_1-683x455.jpg","quote-image-width":683,"quote-image-height":455,"productcard-image":"https:\/\/tourismus-grossregion.eu\/fr\/wp-content\/uploads\/sites\/3\/2021\/07\/DJI_0852_1-710x473.jpg","productcard-image-width":710,"productcard-image-height":473}},"widget_content_carousel_entries_title":"Les Hautes Fagnes","widget_content_carousel_entries_description":"<p>Focus sur les Hautes Fagnes \u2013 Suivez le guide !<\/p>\n","widget_content_carousel_entries__link":"https:\/\/tourismus-grossregion.eu\/fr\/?page_id=490&preview=true"},{"widget_content_carousel_entries_thumbnail":{"ID":682,"id":682,"title":"Headerbild","filename":"Headerbild.jpg","filesize":911728,"url":"https:\/\/tourismus-grossregion.eu\/fr\/wp-content\/uploads\/sites\/3\/2021\/07\/Headerbild.jpg","link":"https:\/\/tourismus-grossregion.eu\/fr\/triathlon-eupen\/headerbild\/","alt":"Paysage de la Weserthalsperre aux couleurs vives","author":"2","description":"Paysage de la Weserthalsperre aux couleurs vives","caption":"","name":"headerbild","status":"inherit","uploaded_to":681,"date":"2021-07-27 10:14:15","modified":"2021-07-27 10:30:19","menu_order":0,"mime_type":"image\/jpeg","type":"image","subtype":"jpeg","icon":"https:\/\/tourismus-grossregion.eu\/fr\/wp-includes\/images\/media\/default.png","width":1700,"height":1131,"sizes":{"thumbnail":"https:\/\/tourismus-grossregion.eu\/fr\/wp-content\/uploads\/sites\/3\/2021\/07\/Headerbild-150x150.jpg","thumbnail-width":150,"thumbnail-height":150,"medium":"https:\/\/tourismus-grossregion.eu\/fr\/wp-content\/uploads\/sites\/3\/2021\/07\/Headerbild-300x200.jpg","medium-width":300,"medium-height":200,"medium_large":"https:\/\/tourismus-grossregion.eu\/fr\/wp-content\/uploads\/sites\/3\/2021\/07\/Headerbild-768x511.jpg","medium_large-width":768,"medium_large-height":511,"large":"https:\/\/tourismus-grossregion.eu\/fr\/wp-content\/uploads\/sites\/3\/2021\/07\/Headerbild-1024x681.jpg","large-width":1024,"large-height":681,"1536x1536":"https:\/\/tourismus-grossregion.eu\/fr\/wp-content\/uploads\/sites\/3\/2021\/07\/Headerbild-1536x1022.jpg","1536x1536-width":1536,"1536x1536-height":1022,"2048x2048":"https:\/\/tourismus-grossregion.eu\/fr\/wp-content\/uploads\/sites\/3\/2021\/07\/Headerbild.jpg","2048x2048-width":1700,"2048x2048-height":1131,"download-thumbnail":"https:\/\/tourismus-grossregion.eu\/fr\/wp-content\/uploads\/sites\/3\/2021\/07\/Headerbild-345x230.jpg","download-thumbnail-width":345,"download-thumbnail-height":230,"paragraphimage":"https:\/\/tourismus-grossregion.eu\/fr\/wp-content\/uploads\/sites\/3\/2021\/07\/Headerbild-468x311.jpg","paragraphimage-width":468,"paragraphimage-height":311,"slider-image":"https:\/\/tourismus-grossregion.eu\/fr\/wp-content\/uploads\/sites\/3\/2021\/07\/Headerbild-901x715.jpg","slider-image-width":901,"slider-image-height":715,"quote-image":"https:\/\/tourismus-grossregion.eu\/fr\/wp-content\/uploads\/sites\/3\/2021\/07\/Headerbild-683x454.jpg","quote-image-width":683,"quote-image-height":454,"productcard-image":"https:\/\/tourismus-grossregion.eu\/fr\/wp-content\/uploads\/sites\/3\/2021\/07\/Headerbild-710x472.jpg","productcard-image-width":710,"productcard-image-height":472}},"widget_content_carousel_entries_title":"Triathlon au pays d'Eupen","widget_content_carousel_entries_description":"<p>Sport et plaisir en communion avec la nature<\/p>\n","widget_content_carousel_entries__link":"https:\/\/tourismus-grossregion.eu\/fr\/?page_id=681&preview=true"},{"widget_content_carousel_entries_thumbnail":{"ID":759,"id":759,"title":"Z7L1037_1","filename":"Z7L1037_1.jpg","filesize":553069,"url":"https:\/\/tourismus-grossregion.eu\/fr\/wp-content\/uploads\/sites\/3\/2021\/07\/Z7L1037_1.jpg","link":"https:\/\/tourismus-grossregion.eu\/fr\/fatbetty-run\/z7l1037_1\/","alt":"Un plan d'action des coureurs pendant leur course. Les coureurs sont repr\u00e9sent\u00e9s au premier plan, avec des vues de la ville et les murs de la forteresse de Luxembourg en arri\u00e8re-plan.","author":"2","description":"Un plan d'action des coureurs pendant leur course. Les coureurs sont repr\u00e9sent\u00e9s au premier plan, avec des vues de la ville et les murs de la forteresse de Luxembourg en arri\u00e8re-plan.","caption":"","name":"z7l1037_1","status":"inherit","uploaded_to":758,"date":"2021-07-27 12:00:52","modified":"2021-07-27 12:07:37","menu_order":0,"mime_type":"image\/jpeg","type":"image","subtype":"jpeg","icon":"https:\/\/tourismus-grossregion.eu\/fr\/wp-includes\/images\/media\/default.png","width":1920,"height":1280,"sizes":{"thumbnail":"https:\/\/tourismus-grossregion.eu\/fr\/wp-content\/uploads\/sites\/3\/2021\/07\/Z7L1037_1-150x150.jpg","thumbnail-width":150,"thumbnail-height":150,"medium":"https:\/\/tourismus-grossregion.eu\/fr\/wp-content\/uploads\/sites\/3\/2021\/07\/Z7L1037_1-300x200.jpg","medium-width":300,"medium-height":200,"medium_large":"https:\/\/tourismus-grossregion.eu\/fr\/wp-content\/uploads\/sites\/3\/2021\/07\/Z7L1037_1-768x512.jpg","medium_large-width":768,"medium_large-height":512,"large":"https:\/\/tourismus-grossregion.eu\/fr\/wp-content\/uploads\/sites\/3\/2021\/07\/Z7L1037_1-1024x683.jpg","large-width":1024,"large-height":683,"1536x1536":"https:\/\/tourismus-grossregion.eu\/fr\/wp-content\/uploads\/sites\/3\/2021\/07\/Z7L1037_1-1536x1024.jpg","1536x1536-width":1536,"1536x1536-height":1024,"2048x2048":"https:\/\/tourismus-grossregion.eu\/fr\/wp-content\/uploads\/sites\/3\/2021\/07\/Z7L1037_1.jpg","2048x2048-width":1920,"2048x2048-height":1280,"download-thumbnail":"https:\/\/tourismus-grossregion.eu\/fr\/wp-content\/uploads\/sites\/3\/2021\/07\/Z7L1037_1-345x230.jpg","download-thumbnail-width":345,"download-thumbnail-height":230,"paragraphimage":"https:\/\/tourismus-grossregion.eu\/fr\/wp-content\/uploads\/sites\/3\/2021\/07\/Z7L1037_1-468x312.jpg","paragraphimage-width":468,"paragraphimage-height":312,"slider-image":"https:\/\/tourismus-grossregion.eu\/fr\/wp-content\/uploads\/sites\/3\/2021\/07\/Z7L1037_1-901x715.jpg","slider-image-width":901,"slider-image-height":715,"quote-image":"https:\/\/tourismus-grossregion.eu\/fr\/wp-content\/uploads\/sites\/3\/2021\/07\/Z7L1037_1-683x455.jpg","quote-image-width":683,"quote-image-height":455,"productcard-image":"https:\/\/tourismus-grossregion.eu\/fr\/wp-content\/uploads\/sites\/3\/2021\/07\/Z7L1037_1-710x473.jpg","productcard-image-width":710,"productcard-image-height":473}},"widget_content_carousel_entries_title":"FatBetty.Run","widget_content_carousel_entries_description":"<p>25 ans de patrimoine mondial dans la vieille ville de Luxembourg &#8230;<\/p>\n","widget_content_carousel_entries__link":"https:\/\/tourismus-grossregion.eu\/fr\/fatbetty-run\/"}],"widget_content_carousel_margin":"small"}],"page_fields_alternative_title":"La vall\u00e9e de la Holzwarche"},"_links":{"self":[{"href":"https:\/\/tourismus-grossregion.eu\/fr\/wp-json\/wp\/v2\/pages\/484"}],"collection":[{"href":"https:\/\/tourismus-grossregion.eu\/fr\/wp-json\/wp\/v2\/pages"}],"about":[{"href":"https:\/\/tourismus-grossregion.eu\/fr\/wp-json\/wp\/v2\/types\/page"}],"author":[{"embeddable":true,"href":"https:\/\/tourismus-grossregion.eu\/fr\/wp-json\/wp\/v2\/users\/2"}],"replies":[{"embeddable":true,"href":"https:\/\/tourismus-grossregion.eu\/fr\/wp-json\/wp\/v2\/comments?post=484"}],"version-history":[{"count":12,"href":"https:\/\/tourismus-grossregion.eu\/fr\/wp-json\/wp\/v2\/pages\/484\/revisions"}],"predecessor-version":[{"id":1757,"href":"https:\/\/tourismus-grossregion.eu\/fr\/wp-json\/wp\/v2\/pages\/484\/revisions\/1757"}],"wp:featuredmedia":[{"embeddable":true,"href":"https:\/\/tourismus-grossregion.eu\/fr\/wp-json\/wp\/v2\/media\/462"}],"wp:attachment":[{"href":"https:\/\/tourismus-grossregion.eu\/fr\/wp-json\/wp\/v2\/media?parent=484"}],"curies":[{"name":"wp","href":"https:\/\/api.w.org\/{rel}","templated":true}]}}