{"id":490,"date":"2021-07-29T14:53:41","date_gmt":"2021-07-29T12:53:41","guid":{"rendered":"https:\/\/tgr.zeitraum.com\/fr\/?page_id=490"},"modified":"2021-08-27T14:08:32","modified_gmt":"2021-08-27T12:08:32","slug":"les-hautes-fagnes","status":"publish","type":"page","link":"https:\/\/tourismus-grossregion.eu\/fr\/les-hautes-fagnes\/","title":{"rendered":"Story: Ostbelgien: Les Hautes Fagnes"},"content":{"rendered":"","protected":false},"excerpt":{"rendered":"","protected":false},"author":2,"featured_media":411,"parent":0,"menu_order":0,"comment_status":"closed","ping_status":"closed","template":"","meta":[],"yoast_head":"<!-- This site is optimized with the Yoast SEO plugin v16.9 - https:\/\/yoast.com\/wordpress\/plugins\/seo\/ -->\n<meta name=\"robots\" content=\"index, follow, max-snippet:-1, max-image-preview:large, max-video-preview:-1\" \/>\n<link rel=\"canonical\" href=\"https:\/\/tourismus-grossregion.eu\/fr\/les-hautes-fagnes\/\" \/>\n<meta property=\"og:locale\" content=\"fr_FR\" \/>\n<meta property=\"og:type\" content=\"article\" \/>\n<meta property=\"og:title\" content=\"Story: Ostbelgien: Les Hautes Fagnes - Tourisme Grande R\u00e9gion\" \/>\n<meta property=\"og:url\" content=\"https:\/\/tourismus-grossregion.eu\/fr\/les-hautes-fagnes\/\" \/>\n<meta property=\"og:site_name\" content=\"Tourisme Grande R\u00e9gion\" \/>\n<meta property=\"article:modified_time\" content=\"2021-08-27T12:08:32+00:00\" \/>\n<meta property=\"og:image\" content=\"https:\/\/tourismus-grossregion.eu\/fr\/wp-content\/uploads\/sites\/3\/2021\/07\/DJI_0852_1.jpg\" \/>\n\t<meta property=\"og:image:width\" content=\"1920\" \/>\n\t<meta property=\"og:image:height\" content=\"1280\" \/>\n<meta name=\"twitter:card\" content=\"summary_large_image\" \/>\n<script type=\"application\/ld+json\" class=\"yoast-schema-graph\">{\"@context\":\"https:\/\/schema.org\",\"@graph\":[{\"@type\":\"WebSite\",\"@id\":\"https:\/\/tourismus-grossregion.eu\/fr\/#website\",\"url\":\"https:\/\/tourismus-grossregion.eu\/fr\/\",\"name\":\"Tourisme Grande R\\u00e9gion\",\"description\":\"Tourisme Grande R\\u00e9gion\",\"potentialAction\":[{\"@type\":\"SearchAction\",\"target\":{\"@type\":\"EntryPoint\",\"urlTemplate\":\"https:\/\/tourismus-grossregion.eu\/fr\/?s={search_term_string}\"},\"query-input\":\"required name=search_term_string\"}],\"inLanguage\":\"fr-FR\"},{\"@type\":\"ImageObject\",\"@id\":\"https:\/\/tourismus-grossregion.eu\/fr\/les-hautes-fagnes\/#primaryimage\",\"inLanguage\":\"fr-FR\",\"url\":\"https:\/\/tourismus-grossregion.eu\/fr\/wp-content\/uploads\/sites\/3\/2021\/07\/DJI_0852_1.jpg\",\"contentUrl\":\"https:\/\/tourismus-grossregion.eu\/fr\/wp-content\/uploads\/sites\/3\/2021\/07\/DJI_0852_1.jpg\",\"width\":1920,\"height\":1280,\"caption\":\"Une vue dans la for\\u00eat se concentre sur le dessous des arbres \\u00e0 plusieurs m\\u00e8tres de la cam\\u00e9ra. Des herbes et de la verdure entourent les grands arbres.\"},{\"@type\":\"WebPage\",\"@id\":\"https:\/\/tourismus-grossregion.eu\/fr\/les-hautes-fagnes\/#webpage\",\"url\":\"https:\/\/tourismus-grossregion.eu\/fr\/les-hautes-fagnes\/\",\"name\":\"Story: Ostbelgien: Les Hautes Fagnes - Tourisme Grande R\\u00e9gion\",\"isPartOf\":{\"@id\":\"https:\/\/tourismus-grossregion.eu\/fr\/#website\"},\"primaryImageOfPage\":{\"@id\":\"https:\/\/tourismus-grossregion.eu\/fr\/les-hautes-fagnes\/#primaryimage\"},\"datePublished\":\"2021-07-29T12:53:41+00:00\",\"dateModified\":\"2021-08-27T12:08:32+00:00\",\"breadcrumb\":{\"@id\":\"https:\/\/tourismus-grossregion.eu\/fr\/les-hautes-fagnes\/#breadcrumb\"},\"inLanguage\":\"fr-FR\",\"potentialAction\":[{\"@type\":\"ReadAction\",\"target\":[\"https:\/\/tourismus-grossregion.eu\/fr\/les-hautes-fagnes\/\"]}]},{\"@type\":\"BreadcrumbList\",\"@id\":\"https:\/\/tourismus-grossregion.eu\/fr\/les-hautes-fagnes\/#breadcrumb\",\"itemListElement\":[{\"@type\":\"ListItem\",\"position\":1,\"name\":\"Story: Ostbelgien: Les Hautes Fagnes\"}]}]}<\/script>\n<!-- \/ Yoast SEO plugin. -->","yoast_head_json":{"robots":{"index":"index","follow":"follow","max-snippet":"max-snippet:-1","max-image-preview":"max-image-preview:large","max-video-preview":"max-video-preview:-1"},"canonical":"https:\/\/tourismus-grossregion.eu\/fr\/les-hautes-fagnes\/","og_locale":"fr_FR","og_type":"article","og_title":"Story: Ostbelgien: Les Hautes Fagnes - Tourisme Grande R\u00e9gion","og_url":"https:\/\/tourismus-grossregion.eu\/fr\/les-hautes-fagnes\/","og_site_name":"Tourisme Grande R\u00e9gion","article_modified_time":"2021-08-27T12:08:32+00:00","og_image":[{"width":1920,"height":1280,"url":"https:\/\/tourismus-grossregion.eu\/fr\/wp-content\/uploads\/sites\/3\/2021\/07\/DJI_0852_1.jpg","path":"\/var\/www\/html\/wp-content\/uploads\/sites\/3\/2021\/07\/DJI_0852_1.jpg","size":"full","id":411,"alt":"Une vue dans la for\u00eat se concentre sur le dessous des arbres \u00e0 plusieurs m\u00e8tres de la cam\u00e9ra. Des herbes et de la verdure entourent les grands arbres.","pixels":2457600,"type":"image\/jpeg"}],"twitter_card":"summary_large_image","schema":{"@context":"https:\/\/schema.org","@graph":[{"@type":"WebSite","@id":"https:\/\/tourismus-grossregion.eu\/fr\/#website","url":"https:\/\/tourismus-grossregion.eu\/fr\/","name":"Tourisme Grande R\u00e9gion","description":"Tourisme Grande R\u00e9gion","potentialAction":[{"@type":"SearchAction","target":{"@type":"EntryPoint","urlTemplate":"https:\/\/tourismus-grossregion.eu\/fr\/?s={search_term_string}"},"query-input":"required name=search_term_string"}],"inLanguage":"fr-FR"},{"@type":"ImageObject","@id":"https:\/\/tourismus-grossregion.eu\/fr\/les-hautes-fagnes\/#primaryimage","inLanguage":"fr-FR","url":"https:\/\/tourismus-grossregion.eu\/fr\/wp-content\/uploads\/sites\/3\/2021\/07\/DJI_0852_1.jpg","contentUrl":"https:\/\/tourismus-grossregion.eu\/fr\/wp-content\/uploads\/sites\/3\/2021\/07\/DJI_0852_1.jpg","width":1920,"height":1280,"caption":"Une vue dans la for\u00eat se concentre sur le dessous des arbres \u00e0 plusieurs m\u00e8tres de la cam\u00e9ra. Des herbes et de la verdure entourent les grands arbres."},{"@type":"WebPage","@id":"https:\/\/tourismus-grossregion.eu\/fr\/les-hautes-fagnes\/#webpage","url":"https:\/\/tourismus-grossregion.eu\/fr\/les-hautes-fagnes\/","name":"Story: Ostbelgien: Les Hautes Fagnes - Tourisme Grande R\u00e9gion","isPartOf":{"@id":"https:\/\/tourismus-grossregion.eu\/fr\/#website"},"primaryImageOfPage":{"@id":"https:\/\/tourismus-grossregion.eu\/fr\/les-hautes-fagnes\/#primaryimage"},"datePublished":"2021-07-29T12:53:41+00:00","dateModified":"2021-08-27T12:08:32+00:00","breadcrumb":{"@id":"https:\/\/tourismus-grossregion.eu\/fr\/les-hautes-fagnes\/#breadcrumb"},"inLanguage":"fr-FR","potentialAction":[{"@type":"ReadAction","target":["https:\/\/tourismus-grossregion.eu\/fr\/les-hautes-fagnes\/"]}]},{"@type":"BreadcrumbList","@id":"https:\/\/tourismus-grossregion.eu\/fr\/les-hautes-fagnes\/#breadcrumb","itemListElement":[{"@type":"ListItem","position":1,"name":"Story: Ostbelgien: Les Hautes Fagnes"}]}]}},"acf":{"pb_acf_widgets":[{"acf_fc_layout":"widget_hero_static","widget_hero_static_background":{"widget_hero_static_background_type":false,"widget_hero_static_image":{"ID":411,"id":411,"title":"DJI_0852_1","filename":"DJI_0852_1.jpg","filesize":503198,"url":"https:\/\/tourismus-grossregion.eu\/fr\/wp-content\/uploads\/sites\/3\/2021\/07\/DJI_0852_1.jpg","link":"https:\/\/tourismus-grossregion.eu\/fr\/?attachment_id=411","alt":"Une vue dans la for\u00eat se concentre sur le dessous des arbres \u00e0 plusieurs m\u00e8tres de la cam\u00e9ra. Des herbes et de la verdure entourent les grands arbres.","author":"2","description":"Une vue dans la for\u00eat se concentre sur le dessous des arbres \u00e0 plusieurs m\u00e8tres de la cam\u00e9ra. Des herbes et de la verdure entourent les grands arbres.","caption":"","name":"dji_0852_1","status":"inherit","uploaded_to":516,"date":"2021-07-26 09:46:50","modified":"2021-07-26 12:39:14","menu_order":0,"mime_type":"image\/jpeg","type":"image","subtype":"jpeg","icon":"https:\/\/tourismus-grossregion.eu\/fr\/wp-includes\/images\/media\/default.png","width":1920,"height":1280,"sizes":{"thumbnail":"https:\/\/tourismus-grossregion.eu\/fr\/wp-content\/uploads\/sites\/3\/2021\/07\/DJI_0852_1-150x150.jpg","thumbnail-width":150,"thumbnail-height":150,"medium":"https:\/\/tourismus-grossregion.eu\/fr\/wp-content\/uploads\/sites\/3\/2021\/07\/DJI_0852_1-300x200.jpg","medium-width":300,"medium-height":200,"medium_large":"https:\/\/tourismus-grossregion.eu\/fr\/wp-content\/uploads\/sites\/3\/2021\/07\/DJI_0852_1-768x512.jpg","medium_large-width":768,"medium_large-height":512,"large":"https:\/\/tourismus-grossregion.eu\/fr\/wp-content\/uploads\/sites\/3\/2021\/07\/DJI_0852_1-1024x683.jpg","large-width":1024,"large-height":683,"1536x1536":"https:\/\/tourismus-grossregion.eu\/fr\/wp-content\/uploads\/sites\/3\/2021\/07\/DJI_0852_1-1536x1024.jpg","1536x1536-width":1536,"1536x1536-height":1024,"2048x2048":"https:\/\/tourismus-grossregion.eu\/fr\/wp-content\/uploads\/sites\/3\/2021\/07\/DJI_0852_1.jpg","2048x2048-width":1920,"2048x2048-height":1280,"download-thumbnail":"https:\/\/tourismus-grossregion.eu\/fr\/wp-content\/uploads\/sites\/3\/2021\/07\/DJI_0852_1-345x230.jpg","download-thumbnail-width":345,"download-thumbnail-height":230,"paragraphimage":"https:\/\/tourismus-grossregion.eu\/fr\/wp-content\/uploads\/sites\/3\/2021\/07\/DJI_0852_1-468x312.jpg","paragraphimage-width":468,"paragraphimage-height":312,"slider-image":"https:\/\/tourismus-grossregion.eu\/fr\/wp-content\/uploads\/sites\/3\/2021\/07\/DJI_0852_1-901x715.jpg","slider-image-width":901,"slider-image-height":715,"quote-image":"https:\/\/tourismus-grossregion.eu\/fr\/wp-content\/uploads\/sites\/3\/2021\/07\/DJI_0852_1-683x455.jpg","quote-image-width":683,"quote-image-height":455,"productcard-image":"https:\/\/tourismus-grossregion.eu\/fr\/wp-content\/uploads\/sites\/3\/2021\/07\/DJI_0852_1-710x473.jpg","productcard-image-width":710,"productcard-image-height":473}},"widget_hero_static_video_type":false,"widget_hero_static_video_upload":false,"widget_hero_static_youtube_embed":"","widget_hero_static_filter":false},"widget_hero_static_content":{"widget_hero_static_headline":"Les Hautes Fagnes","widget_hero_static_copy":"","widget_hero_static_link":""},"widget_hero_static_margin":"small"},{"acf_fc_layout":"widget_paragraph_headlines_image","widget_paragraph_headlines_image_orientation":false,"widget_paragraph_headlines_image_decoration":true,"widget_paragraph_headlines_image_content":{"widget_paragraph_headlines_image_preline":"","widget_paragraph_headlines_image_headline":"","widget_paragraph_headlines_image_subline":"Focus sur les Hautes Fagnes \u2013 Suivez le guide ! ","widget_paragraph_headlines_image_editor_justify":true,"widget_paragraph_headlines_image_editor":"<p>Des arbres d\u00e9charn\u00e9s, une nature sauvage, un d\u00e9dale de caillebotis et une l\u00e9g\u00e8re brume&#8230; M\u00e9lancolie, r\u00eaverie et d\u00e9tente sont toujours au rendez-vous des randonn\u00e9es dans les Hautes Fagnes. Photographe amateur, Guido Bertemes aime s\u2019y balader et nous parle des petits coins secrets qu&rsquo;il affectionne.<\/p>\n","widget_paragraph_headlines_image_link":""},"widget_paragraph_headlines_image_image":false,"widget_paragraph_headlines_image_image_option":false,"widget_paragraph_headlines_image_margin":"small"},{"acf_fc_layout":"widget_editor","widget_editor_justify":true,"widget_editor_editor":"<p>\u00ab Normalement, le paysage est tout autre. \u00bb Guido Bertemes scrute les environs en se prot\u00e9geant les yeux du soleil radieux. Perplexe, il rit, regarde dans le viseur de son appareil photo, fait la mise au point et prend une photo. \u00ab Souvent, si on a de la chance, la visibilit\u00e9 ne d\u00e9passe pas deux rang\u00e9es d&rsquo;arbres. \u00bb Guido est photographe amateur. Ce passionn\u00e9 a d\u00e9j\u00e0 collabor\u00e9 \u00e0 plusieurs livres illustr\u00e9s sur les Hautes Fagnes. Ce natif d&rsquo;Eupen arpente souvent les tourbi\u00e8res hautes. Mais ce sont presque invariablement les m\u00eames endroits qui l\u2019attirent.<\/p>\n","widget_editor_margin":"small"},{"acf_fc_layout":"widget_paragraph_headlines_image","widget_paragraph_headlines_image_orientation":true,"widget_paragraph_headlines_image_decoration":false,"widget_paragraph_headlines_image_content":{"widget_paragraph_headlines_image_preline":"","widget_paragraph_headlines_image_headline":"","widget_paragraph_headlines_image_subline":"","widget_paragraph_headlines_image_editor_justify":true,"widget_paragraph_headlines_image_editor":"<p>Les Six H\u00eatres, par exemple, six vieux arbres sous lesquels les bergers des Fagnes venaient faire la sieste au si\u00e8cle dernier. Aucun panneau pour signaler l&rsquo;endroit, aucune explication quant \u00e0 leur particularit\u00e9. Ici, il y a six h\u00eatres. Un point c\u2019est tout. \u00ab Quand il y a du brouillard, cet endroit est assez magique \u00bb, ajoute Guido. Mais m\u00eame sous un grand soleil, les puissantes branches de ces arbres ressemblent \u00e0 des mains griffues \u00e9mergeant d\u2019une mer de hautes herbes. \u00ab C\u2019est une belle composition \u00bb, constate Guido avant de d\u00e9clencher.<\/p>\n<p>Des cohortes d\u2019arbres d\u00e9charn\u00e9s hantent ce plateau de 5 000 hectares. Les tourbi\u00e8res de sphaignes multicolores gorg\u00e9es d\u2019eau dominent le paysage. La survie y est difficile. Elles ont commenc\u00e9 \u00e0 se former apr\u00e8s la derni\u00e8re p\u00e9riode glaciaire. \u00c0 certains endroits, elles s\u2019enfoncent \u00e0 dix m\u00e8tres de profondeur. Toutefois, le randonneur ne finit pas forc\u00e9ment les pieds mouill\u00e9s. Un vaste r\u00e9seau de sentiers s&rsquo;\u00e9tend sur toute cette zone, des Cantons de l\u2019Est \u00e0 la Rh\u00e9nanie-du-Nord-Westphalie en passant par la Wallonie voisine. Cependant, tous les chemins ne sont pas accessibles librement. Les Fagnes sont divis\u00e9es en zones (B, C et D). Les zones B sont ouvertes \u00e0 tous les visiteurs. Les zones C ne sont accessibles qu&rsquo;avec un guide de randonn\u00e9e et les zones D sont ferm\u00e9es au public.<\/p>\n","widget_paragraph_headlines_image_link":""},"widget_paragraph_headlines_image_image":{"ID":412,"id":412,"title":"GROB_1462_1","filename":"GROB_1462_1.jpg","filesize":630875,"url":"https:\/\/tourismus-grossregion.eu\/fr\/wp-content\/uploads\/sites\/3\/2021\/07\/GROB_1462_1.jpg","link":"https:\/\/tourismus-grossregion.eu\/fr\/?attachment_id=412","alt":"Une vue dans la for\u00eat se concentre sur le dessous des arbres \u00e0 plusieurs m\u00e8tres de la cam\u00e9ra. Des herbes et de la verdure entourent les grands arbres.","author":"2","description":"Une vue dans la for\u00eat se concentre sur le dessous des arbres \u00e0 plusieurs m\u00e8tres de la cam\u00e9ra. Des herbes et de la verdure entourent les grands arbres.","caption":"","name":"grob_1462_1","status":"inherit","uploaded_to":516,"date":"2021-07-26 09:47:02","modified":"2021-07-26 15:25:02","menu_order":0,"mime_type":"image\/jpeg","type":"image","subtype":"jpeg","icon":"https:\/\/tourismus-grossregion.eu\/fr\/wp-includes\/images\/media\/default.png","width":1920,"height":1282,"sizes":{"thumbnail":"https:\/\/tourismus-grossregion.eu\/fr\/wp-content\/uploads\/sites\/3\/2021\/07\/GROB_1462_1-150x150.jpg","thumbnail-width":150,"thumbnail-height":150,"medium":"https:\/\/tourismus-grossregion.eu\/fr\/wp-content\/uploads\/sites\/3\/2021\/07\/GROB_1462_1-300x200.jpg","medium-width":300,"medium-height":200,"medium_large":"https:\/\/tourismus-grossregion.eu\/fr\/wp-content\/uploads\/sites\/3\/2021\/07\/GROB_1462_1-768x513.jpg","medium_large-width":768,"medium_large-height":513,"large":"https:\/\/tourismus-grossregion.eu\/fr\/wp-content\/uploads\/sites\/3\/2021\/07\/GROB_1462_1-1024x684.jpg","large-width":1024,"large-height":684,"1536x1536":"https:\/\/tourismus-grossregion.eu\/fr\/wp-content\/uploads\/sites\/3\/2021\/07\/GROB_1462_1-1536x1026.jpg","1536x1536-width":1536,"1536x1536-height":1026,"2048x2048":"https:\/\/tourismus-grossregion.eu\/fr\/wp-content\/uploads\/sites\/3\/2021\/07\/GROB_1462_1.jpg","2048x2048-width":1920,"2048x2048-height":1282,"download-thumbnail":"https:\/\/tourismus-grossregion.eu\/fr\/wp-content\/uploads\/sites\/3\/2021\/07\/GROB_1462_1-345x230.jpg","download-thumbnail-width":345,"download-thumbnail-height":230,"paragraphimage":"https:\/\/tourismus-grossregion.eu\/fr\/wp-content\/uploads\/sites\/3\/2021\/07\/GROB_1462_1-468x312.jpg","paragraphimage-width":468,"paragraphimage-height":312,"slider-image":"https:\/\/tourismus-grossregion.eu\/fr\/wp-content\/uploads\/sites\/3\/2021\/07\/GROB_1462_1-901x715.jpg","slider-image-width":901,"slider-image-height":715,"quote-image":"https:\/\/tourismus-grossregion.eu\/fr\/wp-content\/uploads\/sites\/3\/2021\/07\/GROB_1462_1-683x456.jpg","quote-image-width":683,"quote-image-height":456,"productcard-image":"https:\/\/tourismus-grossregion.eu\/fr\/wp-content\/uploads\/sites\/3\/2021\/07\/GROB_1462_1-710x474.jpg","productcard-image-width":710,"productcard-image-height":474}},"widget_paragraph_headlines_image_image_option":false,"widget_paragraph_headlines_image_margin":"small"},{"acf_fc_layout":"widget_paragraph_headlines_image","widget_paragraph_headlines_image_orientation":false,"widget_paragraph_headlines_image_decoration":false,"widget_paragraph_headlines_image_content":{"widget_paragraph_headlines_image_preline":"","widget_paragraph_headlines_image_headline":"","widget_paragraph_headlines_image_subline":"Un point culminant discret","widget_paragraph_headlines_image_editor_justify":true,"widget_paragraph_headlines_image_editor":"<p>Au sommet d&rsquo;une petite colline herbeuse, il faut encore gravir un escalier de pierre pour parvenir au point culminant de la Belgique. Jadis, un homme d&rsquo;\u00c9tat ambitieux avait r\u00eav\u00e9 d&rsquo;une Belgique culminant \u00e0 sept cents m\u00e8tres d&rsquo;altitude. Il avait simplement fait \u00e9riger un escalier \u00e0 Botrange, dans les Hautes Fagnes, point culminant de la Belgique (694 m\u00e8tres au-dessus du niveau de la mer), pour compenser les six derniers m\u00e8tres jusqu&rsquo;au rep\u00e8re des 700 m\u00e8tres. M\u00eame avec cet escalier, la Belgique n\u2019atteint pas la marque fatidique. Une malencontreuse erreur de calcul en est la cause, mais cela ne d\u00e9range plus personne.<\/p>\n<p>Guido d\u00e9signe de la main l\u2019escalier de ce modeste point culminant et marmonne : \u00ab Au sommet, on est g\u00e9n\u00e9ralement d\u00e9\u00e7u, parce qu&rsquo;il n\u2019y a vraiment pas grand-chose \u00e0 voir \u00bb. Pourtant, il ne manque jamais de gravir ces marches \u00e0 chacun de ses passages. Car si on se d\u00e9tourne de la cime des arbres pour regarder vers la route, on peut apercevoir la Fagne wallonne. Pour se rapprocher de la nature, mieux vaut rejoindre la plate-forme panoramique en bois de l&rsquo;autre c\u00f4t\u00e9 de la route. Sur cette grande \u00e9tendue en friche, le vent s\u2019emballe et \u00e9bouriffe les cheveux des visiteurs. Cette brise est la bienvenue par cette chaleur qui p\u00e8se sur le paysage comme une chape de plomb.<\/p>\n","widget_paragraph_headlines_image_link":""},"widget_paragraph_headlines_image_image":{"ID":413,"id":413,"title":"GROB_1547_1","filename":"GROB_1547_1.jpg","filesize":967881,"url":"https:\/\/tourismus-grossregion.eu\/fr\/wp-content\/uploads\/sites\/3\/2021\/07\/GROB_1547_1.jpg","link":"https:\/\/tourismus-grossregion.eu\/fr\/?attachment_id=413","alt":"Le point culminant de la Belgique est repr\u00e9sent\u00e9 par une petite colline surmont\u00e9e d'un escalier. Une for\u00eat entoure la colline.","author":"2","description":"Le point culminant de la Belgique est repr\u00e9sent\u00e9 par une petite colline surmont\u00e9e d'un escalier. Une for\u00eat entoure la colline.","caption":"","name":"grob_1547_1","status":"inherit","uploaded_to":516,"date":"2021-07-26 09:47:13","modified":"2021-07-26 15:26:27","menu_order":0,"mime_type":"image\/jpeg","type":"image","subtype":"jpeg","icon":"https:\/\/tourismus-grossregion.eu\/fr\/wp-includes\/images\/media\/default.png","width":1920,"height":1282,"sizes":{"thumbnail":"https:\/\/tourismus-grossregion.eu\/fr\/wp-content\/uploads\/sites\/3\/2021\/07\/GROB_1547_1-150x150.jpg","thumbnail-width":150,"thumbnail-height":150,"medium":"https:\/\/tourismus-grossregion.eu\/fr\/wp-content\/uploads\/sites\/3\/2021\/07\/GROB_1547_1-300x200.jpg","medium-width":300,"medium-height":200,"medium_large":"https:\/\/tourismus-grossregion.eu\/fr\/wp-content\/uploads\/sites\/3\/2021\/07\/GROB_1547_1-768x513.jpg","medium_large-width":768,"medium_large-height":513,"large":"https:\/\/tourismus-grossregion.eu\/fr\/wp-content\/uploads\/sites\/3\/2021\/07\/GROB_1547_1-1024x684.jpg","large-width":1024,"large-height":684,"1536x1536":"https:\/\/tourismus-grossregion.eu\/fr\/wp-content\/uploads\/sites\/3\/2021\/07\/GROB_1547_1-1536x1026.jpg","1536x1536-width":1536,"1536x1536-height":1026,"2048x2048":"https:\/\/tourismus-grossregion.eu\/fr\/wp-content\/uploads\/sites\/3\/2021\/07\/GROB_1547_1.jpg","2048x2048-width":1920,"2048x2048-height":1282,"download-thumbnail":"https:\/\/tourismus-grossregion.eu\/fr\/wp-content\/uploads\/sites\/3\/2021\/07\/GROB_1547_1-345x230.jpg","download-thumbnail-width":345,"download-thumbnail-height":230,"paragraphimage":"https:\/\/tourismus-grossregion.eu\/fr\/wp-content\/uploads\/sites\/3\/2021\/07\/GROB_1547_1-468x312.jpg","paragraphimage-width":468,"paragraphimage-height":312,"slider-image":"https:\/\/tourismus-grossregion.eu\/fr\/wp-content\/uploads\/sites\/3\/2021\/07\/GROB_1547_1-901x715.jpg","slider-image-width":901,"slider-image-height":715,"quote-image":"https:\/\/tourismus-grossregion.eu\/fr\/wp-content\/uploads\/sites\/3\/2021\/07\/GROB_1547_1-683x456.jpg","quote-image-width":683,"quote-image-height":456,"productcard-image":"https:\/\/tourismus-grossregion.eu\/fr\/wp-content\/uploads\/sites\/3\/2021\/07\/GROB_1547_1-710x474.jpg","productcard-image-width":710,"productcard-image-height":474}},"widget_paragraph_headlines_image_image_option":false,"widget_paragraph_headlines_image_margin":"small"},{"acf_fc_layout":"widget_editor","widget_editor_justify":true,"widget_editor_editor":"<p>Au fil des saisons, les Fagnes se r\u00e9v\u00e8lent sous des atours diff\u00e9rents. Au printemps, les tapis de sphaignes sont tachet\u00e9s du blanc des fleurs de linaigrettes. En \u00e9t\u00e9, de grandes nappes de narth\u00e9cies des marais ondulent sur la lande et les herbes se parent d&rsquo;un habit vert anormalement luxuriant. Mais la saison pr\u00e9f\u00e9r\u00e9e de Guido, c\u2019est l&rsquo;automne, quand la brume s&rsquo;accroche aux pieds des arbres mordor\u00e9s. C&rsquo;est merveilleusement mystique et m\u00e9lancolique, avoue le photographe.<\/p>\n","widget_editor_margin":"small"},{"acf_fc_layout":"widget_image","widget_image_image":{"ID":414,"id":414,"title":"GROB_1715_1","filename":"GROB_1715_1.jpg","filesize":577015,"url":"https:\/\/tourismus-grossregion.eu\/fr\/wp-content\/uploads\/sites\/3\/2021\/07\/GROB_1715_1.jpg","link":"https:\/\/tourismus-grossregion.eu\/fr\/?attachment_id=414","alt":"Le guide touristique se tient sur une promenade qui m\u00e8ne les randonneurs \u00e0 travers le paysage vert. Les petits arbres sont peu visibles.","author":"2","description":"Le guide touristique se tient sur une promenade qui m\u00e8ne les randonneurs \u00e0 travers le paysage vert. Les petits arbres sont peu visibles.","caption":"","name":"grob_1715_1","status":"inherit","uploaded_to":516,"date":"2021-07-26 09:47:25","modified":"2021-07-26 15:27:43","menu_order":0,"mime_type":"image\/jpeg","type":"image","subtype":"jpeg","icon":"https:\/\/tourismus-grossregion.eu\/fr\/wp-includes\/images\/media\/default.png","width":1920,"height":1282,"sizes":{"thumbnail":"https:\/\/tourismus-grossregion.eu\/fr\/wp-content\/uploads\/sites\/3\/2021\/07\/GROB_1715_1-150x150.jpg","thumbnail-width":150,"thumbnail-height":150,"medium":"https:\/\/tourismus-grossregion.eu\/fr\/wp-content\/uploads\/sites\/3\/2021\/07\/GROB_1715_1-300x200.jpg","medium-width":300,"medium-height":200,"medium_large":"https:\/\/tourismus-grossregion.eu\/fr\/wp-content\/uploads\/sites\/3\/2021\/07\/GROB_1715_1-768x513.jpg","medium_large-width":768,"medium_large-height":513,"large":"https:\/\/tourismus-grossregion.eu\/fr\/wp-content\/uploads\/sites\/3\/2021\/07\/GROB_1715_1-1024x684.jpg","large-width":1024,"large-height":684,"1536x1536":"https:\/\/tourismus-grossregion.eu\/fr\/wp-content\/uploads\/sites\/3\/2021\/07\/GROB_1715_1-1536x1026.jpg","1536x1536-width":1536,"1536x1536-height":1026,"2048x2048":"https:\/\/tourismus-grossregion.eu\/fr\/wp-content\/uploads\/sites\/3\/2021\/07\/GROB_1715_1.jpg","2048x2048-width":1920,"2048x2048-height":1282,"download-thumbnail":"https:\/\/tourismus-grossregion.eu\/fr\/wp-content\/uploads\/sites\/3\/2021\/07\/GROB_1715_1-345x230.jpg","download-thumbnail-width":345,"download-thumbnail-height":230,"paragraphimage":"https:\/\/tourismus-grossregion.eu\/fr\/wp-content\/uploads\/sites\/3\/2021\/07\/GROB_1715_1-468x312.jpg","paragraphimage-width":468,"paragraphimage-height":312,"slider-image":"https:\/\/tourismus-grossregion.eu\/fr\/wp-content\/uploads\/sites\/3\/2021\/07\/GROB_1715_1-901x715.jpg","slider-image-width":901,"slider-image-height":715,"quote-image":"https:\/\/tourismus-grossregion.eu\/fr\/wp-content\/uploads\/sites\/3\/2021\/07\/GROB_1715_1-683x456.jpg","quote-image-width":683,"quote-image-height":456,"productcard-image":"https:\/\/tourismus-grossregion.eu\/fr\/wp-content\/uploads\/sites\/3\/2021\/07\/GROB_1715_1-710x474.jpg","productcard-image-width":710,"productcard-image-height":474}},"widget_image_caption":"","widget_image_margin":"small"},{"acf_fc_layout":"widget_paragraph_headlines","widget_paragraph_headlines_width":"100","widget_paragraph_headlines_preline":"","widget_paragraph_headlines_headline":"","widget_paragraph_headlines_subline":"Quand sonne la cloche ","widget_paragraph_headlines_editor_justify":true,"widget_paragraph_headlines_editor":"<p>\u00c0 la tomb\u00e9e de la nuit ou quand le brouillard envahit la lande, il devient difficile de trouver son chemin. Heureusement, une tour peut servir de point de rep\u00e8re aux randonneurs. Autrefois, une cloche et une balise lumineuse servaient \u00e0 s&rsquo;orienter. Jusqu&rsquo;en 1867, la cloche, accroch\u00e9e \u00e0 la pittoresque auberge La Baraque Michel, \u00e9tait sonn\u00e9e tous les soirs et par temps brumeux.<\/p>\n","widget_paragraph_headlines_margin":"small"},{"acf_fc_layout":"widget_paragraph_headlines_image","widget_paragraph_headlines_image_orientation":false,"widget_paragraph_headlines_image_decoration":false,"widget_paragraph_headlines_image_content":{"widget_paragraph_headlines_image_preline":"","widget_paragraph_headlines_image_headline":"","widget_paragraph_headlines_image_subline":"","widget_paragraph_headlines_image_editor_justify":true,"widget_paragraph_headlines_image_editor":"<p>L&rsquo;\u00e9tablissement jouxte le parking des randonneurs, d&rsquo;o\u00f9 partent de nombreux circuits dans les Fagnes. \u00ab Sur le chemin du retour, une halte au restaurant s\u2019impose \u00bb, ajoute Guido avec force enthousiasme. Et de nous conseiller le \u00ab bon pain fait main \u00bb et les boulettes de marcassin au chou rouge. Mais aujourd&rsquo;hui, le photographe n&rsquo;est pas l\u00e0 pour se r\u00e9galer de cuisine du terroir. L&rsquo;auberge est d&rsquo;ailleurs ferm\u00e9e le mercredi. Il est venu pour Marie et Fran\u00e7ois, le couple tragique des Fagnes. La boucle commence \u00e0 la chapelle Fischbach, dont la tour abritait encore au si\u00e8cle dernier une balise cens\u00e9e aider les \u00e9gar\u00e9s \u00e0 rentrer \u00e0 bon port.<\/p>\n<p>Le sentier est bien am\u00e9nag\u00e9, mais Guido semble marcher d&rsquo;un pas plus lourd. Il suit avec attention le chemin empierr\u00e9 d\u2019o\u00f9 \u00e9mergent \u00e7\u00e0 et l\u00e0 des pav\u00e9s carr\u00e9s. Les lettres P et B sont grav\u00e9es sur certaines faces. \u00ab Le chemin longe l&rsquo;ancienne fronti\u00e8re du dioc\u00e8se entre la Prusse et la Belgique \u00bb, explique Guido. Il traversait jadis un territoire inhospitalier et dangereux.<\/p>\n","widget_paragraph_headlines_image_link":""},"widget_paragraph_headlines_image_image":{"ID":415,"id":415,"title":"GROB_1620_1","filename":"GROB_1620_1.jpg","filesize":748260,"url":"https:\/\/tourismus-grossregion.eu\/fr\/wp-content\/uploads\/sites\/3\/2021\/07\/GROB_1620_1.jpg","link":"https:\/\/tourismus-grossregion.eu\/fr\/?attachment_id=415","alt":"Une for\u00eat avec de grands arbres est repr\u00e9sent\u00e9e. Les arbres ont de grands espaces entre eux et on peut voir un ciel bleu entre les arbres.","author":"2","description":"Une for\u00eat avec de grands arbres est repr\u00e9sent\u00e9e. Les arbres ont de grands espaces entre eux et on peut voir un ciel bleu entre les arbres.","caption":"","name":"grob_1620_1","status":"inherit","uploaded_to":516,"date":"2021-07-26 09:47:36","modified":"2021-07-26 15:28:32","menu_order":0,"mime_type":"image\/jpeg","type":"image","subtype":"jpeg","icon":"https:\/\/tourismus-grossregion.eu\/fr\/wp-includes\/images\/media\/default.png","width":1920,"height":1282,"sizes":{"thumbnail":"https:\/\/tourismus-grossregion.eu\/fr\/wp-content\/uploads\/sites\/3\/2021\/07\/GROB_1620_1-150x150.jpg","thumbnail-width":150,"thumbnail-height":150,"medium":"https:\/\/tourismus-grossregion.eu\/fr\/wp-content\/uploads\/sites\/3\/2021\/07\/GROB_1620_1-300x200.jpg","medium-width":300,"medium-height":200,"medium_large":"https:\/\/tourismus-grossregion.eu\/fr\/wp-content\/uploads\/sites\/3\/2021\/07\/GROB_1620_1-768x513.jpg","medium_large-width":768,"medium_large-height":513,"large":"https:\/\/tourismus-grossregion.eu\/fr\/wp-content\/uploads\/sites\/3\/2021\/07\/GROB_1620_1-1024x684.jpg","large-width":1024,"large-height":684,"1536x1536":"https:\/\/tourismus-grossregion.eu\/fr\/wp-content\/uploads\/sites\/3\/2021\/07\/GROB_1620_1-1536x1026.jpg","1536x1536-width":1536,"1536x1536-height":1026,"2048x2048":"https:\/\/tourismus-grossregion.eu\/fr\/wp-content\/uploads\/sites\/3\/2021\/07\/GROB_1620_1.jpg","2048x2048-width":1920,"2048x2048-height":1282,"download-thumbnail":"https:\/\/tourismus-grossregion.eu\/fr\/wp-content\/uploads\/sites\/3\/2021\/07\/GROB_1620_1-345x230.jpg","download-thumbnail-width":345,"download-thumbnail-height":230,"paragraphimage":"https:\/\/tourismus-grossregion.eu\/fr\/wp-content\/uploads\/sites\/3\/2021\/07\/GROB_1620_1-468x312.jpg","paragraphimage-width":468,"paragraphimage-height":312,"slider-image":"https:\/\/tourismus-grossregion.eu\/fr\/wp-content\/uploads\/sites\/3\/2021\/07\/GROB_1620_1-901x715.jpg","slider-image-width":901,"slider-image-height":715,"quote-image":"https:\/\/tourismus-grossregion.eu\/fr\/wp-content\/uploads\/sites\/3\/2021\/07\/GROB_1620_1-683x456.jpg","quote-image-width":683,"quote-image-height":456,"productcard-image":"https:\/\/tourismus-grossregion.eu\/fr\/wp-content\/uploads\/sites\/3\/2021\/07\/GROB_1620_1-710x474.jpg","productcard-image-width":710,"productcard-image-height":474}},"widget_paragraph_headlines_image_image_option":false,"widget_paragraph_headlines_image_margin":"small"},{"acf_fc_layout":"widget_paragraph_headlines_image","widget_paragraph_headlines_image_orientation":true,"widget_paragraph_headlines_image_decoration":false,"widget_paragraph_headlines_image_content":{"widget_paragraph_headlines_image_preline":"","widget_paragraph_headlines_image_headline":"","widget_paragraph_headlines_image_subline":"","widget_paragraph_headlines_image_editor_justify":true,"widget_paragraph_headlines_image_editor":"<p>\u00ab Le r\u00e9cit de Fran\u00e7ois et Marie est une histoire d&rsquo;amour qui finit mal \u00bb, nous confie Guido tout en rejoignant une borne \u00e0 c\u00f4t\u00e9 de laquelle s&rsquo;\u00e9l\u00e8ve une grande croix de bois. Le jeune couple voulait traverser les Hautes Fagnes par une nuit glaciale de janvier 1871 pour aller chercher ses papiers de mariage. Faisant fi des mises en garde, ils s\u2019en all\u00e8rent dans le blizzard, se perdirent en chemin et moururent de froid. La \u00ab Croix des Fianc\u00e9s \u00bb marquerait le lieu o\u00f9 Marie rendit l\u2019\u00e2me. Fran\u00e7ois serait parti chercher de l&rsquo;aide. Il gisait \u00e0 une centaine de m\u00e8tres de l\u00e0. \u00ab On n&rsquo;a retrouv\u00e9 les corps que deux mois plus tard, apr\u00e8s la fonte des neiges \u00bb murmure Guido, en saisissant le c\u0153ur nou\u00e9 rouge \u00e0 un ruban \u00e9carlate et enroul\u00e9 autour de la croix comme un collier. \u00ab C&rsquo;est aussi une histoire d&rsquo;espoir et d&rsquo;amour. \u00bb C&rsquo;est peut-\u00eatre pour cela que la Croix des Fianc\u00e9s est devenue un petit lieu de p\u00e8lerinage dans les Fagnes.<\/p>\n","widget_paragraph_headlines_image_link":""},"widget_paragraph_headlines_image_image":{"ID":418,"id":418,"title":"GROB_1467_1","filename":"GROB_1467_1.jpg","filesize":474604,"url":"https:\/\/tourismus-grossregion.eu\/fr\/wp-content\/uploads\/sites\/3\/2021\/07\/GROB_1467_1.jpg","link":"https:\/\/tourismus-grossregion.eu\/fr\/les-hautes-fagnes\/grob_1467_1-2\/","alt":"Au centre se trouve une croix portant les noms du c\u00e9l\u00e8bre personnage historique Fran\u00e7ois Reiff. Il est situ\u00e9 entre les arbres.","author":"2","description":"Au centre se trouve une croix portant les noms du c\u00e9l\u00e8bre personnage historique Fran\u00e7ois Reiff. Il est situ\u00e9 entre les arbres.","caption":"","name":"grob_1467_1-2","status":"inherit","uploaded_to":490,"date":"2021-07-26 09:47:57","modified":"2021-07-26 15:32:51","menu_order":0,"mime_type":"image\/jpeg","type":"image","subtype":"jpeg","icon":"https:\/\/tourismus-grossregion.eu\/fr\/wp-includes\/images\/media\/default.png","width":1920,"height":1282,"sizes":{"thumbnail":"https:\/\/tourismus-grossregion.eu\/fr\/wp-content\/uploads\/sites\/3\/2021\/07\/GROB_1467_1-150x150.jpg","thumbnail-width":150,"thumbnail-height":150,"medium":"https:\/\/tourismus-grossregion.eu\/fr\/wp-content\/uploads\/sites\/3\/2021\/07\/GROB_1467_1-300x200.jpg","medium-width":300,"medium-height":200,"medium_large":"https:\/\/tourismus-grossregion.eu\/fr\/wp-content\/uploads\/sites\/3\/2021\/07\/GROB_1467_1-768x513.jpg","medium_large-width":768,"medium_large-height":513,"large":"https:\/\/tourismus-grossregion.eu\/fr\/wp-content\/uploads\/sites\/3\/2021\/07\/GROB_1467_1-1024x684.jpg","large-width":1024,"large-height":684,"1536x1536":"https:\/\/tourismus-grossregion.eu\/fr\/wp-content\/uploads\/sites\/3\/2021\/07\/GROB_1467_1-1536x1026.jpg","1536x1536-width":1536,"1536x1536-height":1026,"2048x2048":"https:\/\/tourismus-grossregion.eu\/fr\/wp-content\/uploads\/sites\/3\/2021\/07\/GROB_1467_1.jpg","2048x2048-width":1920,"2048x2048-height":1282,"download-thumbnail":"https:\/\/tourismus-grossregion.eu\/fr\/wp-content\/uploads\/sites\/3\/2021\/07\/GROB_1467_1-345x230.jpg","download-thumbnail-width":345,"download-thumbnail-height":230,"paragraphimage":"https:\/\/tourismus-grossregion.eu\/fr\/wp-content\/uploads\/sites\/3\/2021\/07\/GROB_1467_1-468x312.jpg","paragraphimage-width":468,"paragraphimage-height":312,"slider-image":"https:\/\/tourismus-grossregion.eu\/fr\/wp-content\/uploads\/sites\/3\/2021\/07\/GROB_1467_1-901x715.jpg","slider-image-width":901,"slider-image-height":715,"quote-image":"https:\/\/tourismus-grossregion.eu\/fr\/wp-content\/uploads\/sites\/3\/2021\/07\/GROB_1467_1-683x456.jpg","quote-image-width":683,"quote-image-height":456,"productcard-image":"https:\/\/tourismus-grossregion.eu\/fr\/wp-content\/uploads\/sites\/3\/2021\/07\/GROB_1467_1-710x474.jpg","productcard-image-width":710,"productcard-image-height":474}},"widget_paragraph_headlines_image_image_option":false,"widget_paragraph_headlines_image_margin":"small"},{"acf_fc_layout":"widget_editor","widget_editor_justify":true,"widget_editor_editor":"<p>Elle est mentionn\u00e9e dans tous les guides de voyage, mais l&rsquo;endroit est assez sobre. Si l\u2019on ignore l\u2019anecdote, c&rsquo;est une croix parmi tant d&rsquo;autres \u00e9rig\u00e9es dans les Hautes Fagnes. Encore un lieu qui, en temps normal, donnerait la chair de poule. Mais cette journ\u00e9e est l\u2019exception qui confirme la r\u00e8gle. Il n&rsquo;y a aucun brouillard pour submerger les buissons et les arbres environnants, et couvrir les branches et les croix d&rsquo;un voile d&rsquo;invisibilit\u00e9.<\/p>\n<p><a href=\"https:\/\/www.ostbelgien.eu\/fr\/que-faire\/ou-aller\/hautes-fagnes\/tout-savoir-sur-les-hautes-fagnes\" target=\"_blank\" rel=\"noopener\"><strong>https:\/\/www.ostbelgien.eu\/fr\/que-faire\/ou-aller\/hautes-fagnes\/tout-savoir-sur-les-hautes-fagnes<\/strong><\/a><\/p>\n","widget_editor_margin":"small"},{"acf_fc_layout":"widget_testimonial","widget_testimonial_color":false,"widget_testimonial_content":{"widget_testimonial_name":"Guido Bertemes","widget_testimonial_position":"Photographe amateur","widget_testimonial_quote_size":false,"widget_testimonial_quote":"\u00ab Quand il y a du brouillard, cet endroit est assez magique \u00bb"},"widget_testimonial_image":{"ID":419,"id":419,"title":"GROB_1452_1","filename":"GROB_1452_1.jpg","filesize":409606,"url":"https:\/\/tourismus-grossregion.eu\/fr\/wp-content\/uploads\/sites\/3\/2021\/07\/GROB_1452_1.jpg","link":"https:\/\/tourismus-grossregion.eu\/fr\/les-hautes-fagnes\/grob_1452_1\/","alt":"Le guide touristique est photographi\u00e9 regardant l'appareil photo et souriant. Il porte sa cam\u00e9ra dans ses mains et la dirige vers le spectateur.","author":"2","description":"Le guide touristique est photographi\u00e9 regardant l'appareil photo et souriant. Il porte sa cam\u00e9ra dans ses mains et la dirige vers le spectateur.","caption":"","name":"grob_1452_1","status":"inherit","uploaded_to":490,"date":"2021-07-26 09:48:09","modified":"2021-07-26 15:32:52","menu_order":0,"mime_type":"image\/jpeg","type":"image","subtype":"jpeg","icon":"https:\/\/tourismus-grossregion.eu\/fr\/wp-includes\/images\/media\/default.png","width":1920,"height":1282,"sizes":{"thumbnail":"https:\/\/tourismus-grossregion.eu\/fr\/wp-content\/uploads\/sites\/3\/2021\/07\/GROB_1452_1-150x150.jpg","thumbnail-width":150,"thumbnail-height":150,"medium":"https:\/\/tourismus-grossregion.eu\/fr\/wp-content\/uploads\/sites\/3\/2021\/07\/GROB_1452_1-300x200.jpg","medium-width":300,"medium-height":200,"medium_large":"https:\/\/tourismus-grossregion.eu\/fr\/wp-content\/uploads\/sites\/3\/2021\/07\/GROB_1452_1-768x513.jpg","medium_large-width":768,"medium_large-height":513,"large":"https:\/\/tourismus-grossregion.eu\/fr\/wp-content\/uploads\/sites\/3\/2021\/07\/GROB_1452_1-1024x684.jpg","large-width":1024,"large-height":684,"1536x1536":"https:\/\/tourismus-grossregion.eu\/fr\/wp-content\/uploads\/sites\/3\/2021\/07\/GROB_1452_1-1536x1026.jpg","1536x1536-width":1536,"1536x1536-height":1026,"2048x2048":"https:\/\/tourismus-grossregion.eu\/fr\/wp-content\/uploads\/sites\/3\/2021\/07\/GROB_1452_1.jpg","2048x2048-width":1920,"2048x2048-height":1282,"download-thumbnail":"https:\/\/tourismus-grossregion.eu\/fr\/wp-content\/uploads\/sites\/3\/2021\/07\/GROB_1452_1-345x230.jpg","download-thumbnail-width":345,"download-thumbnail-height":230,"paragraphimage":"https:\/\/tourismus-grossregion.eu\/fr\/wp-content\/uploads\/sites\/3\/2021\/07\/GROB_1452_1-468x312.jpg","paragraphimage-width":468,"paragraphimage-height":312,"slider-image":"https:\/\/tourismus-grossregion.eu\/fr\/wp-content\/uploads\/sites\/3\/2021\/07\/GROB_1452_1-901x715.jpg","slider-image-width":901,"slider-image-height":715,"quote-image":"https:\/\/tourismus-grossregion.eu\/fr\/wp-content\/uploads\/sites\/3\/2021\/07\/GROB_1452_1-683x456.jpg","quote-image-width":683,"quote-image-height":456,"productcard-image":"https:\/\/tourismus-grossregion.eu\/fr\/wp-content\/uploads\/sites\/3\/2021\/07\/GROB_1452_1-710x474.jpg","productcard-image-width":710,"productcard-image-height":474}},"widget_testimonial_margin":"small"},{"acf_fc_layout":"widget_gallery","widget_gallery_entries":[{"widget_gallery_image":{"ID":420,"id":420,"title":"GROB_4151_1","filename":"GROB_4151_1.jpg","filesize":647776,"url":"https:\/\/tourismus-grossregion.eu\/fr\/wp-content\/uploads\/sites\/3\/2021\/07\/GROB_4151_1.jpg","link":"https:\/\/tourismus-grossregion.eu\/fr\/nature\/grob_4151_1\/","alt":"Le ciel bleu se refl\u00e8te dans un petit \u00e9tang. Un arbre et de nombreuses herbes sauvages l'entourent.","author":"2","description":"In einem kleinen Teich spiegelt sich der blaue Himmel. Ein Baum und viele wilde Gr\u00e4ser umgeben ihn. ","caption":"","name":"grob_4151_1","status":"inherit","uploaded_to":858,"date":"2021-07-28 15:36:34","modified":"2021-07-28 15:36:34","menu_order":0,"mime_type":"image\/jpeg","type":"image","subtype":"jpeg","icon":"https:\/\/tourismus-grossregion.eu\/fr\/wp-includes\/images\/media\/default.png","width":1920,"height":1277,"sizes":{"thumbnail":"https:\/\/tourismus-grossregion.eu\/fr\/wp-content\/uploads\/sites\/3\/2021\/07\/GROB_4151_1-150x150.jpg","thumbnail-width":150,"thumbnail-height":150,"medium":"https:\/\/tourismus-grossregion.eu\/fr\/wp-content\/uploads\/sites\/3\/2021\/07\/GROB_4151_1-300x200.jpg","medium-width":300,"medium-height":200,"medium_large":"https:\/\/tourismus-grossregion.eu\/fr\/wp-content\/uploads\/sites\/3\/2021\/07\/GROB_4151_1-768x511.jpg","medium_large-width":768,"medium_large-height":511,"large":"https:\/\/tourismus-grossregion.eu\/fr\/wp-content\/uploads\/sites\/3\/2021\/07\/GROB_4151_1-1024x681.jpg","large-width":1024,"large-height":681,"1536x1536":"https:\/\/tourismus-grossregion.eu\/fr\/wp-content\/uploads\/sites\/3\/2021\/07\/GROB_4151_1-1536x1022.jpg","1536x1536-width":1536,"1536x1536-height":1022,"2048x2048":"https:\/\/tourismus-grossregion.eu\/fr\/wp-content\/uploads\/sites\/3\/2021\/07\/GROB_4151_1.jpg","2048x2048-width":1920,"2048x2048-height":1277,"download-thumbnail":"https:\/\/tourismus-grossregion.eu\/fr\/wp-content\/uploads\/sites\/3\/2021\/07\/GROB_4151_1-345x229.jpg","download-thumbnail-width":345,"download-thumbnail-height":229,"paragraphimage":"https:\/\/tourismus-grossregion.eu\/fr\/wp-content\/uploads\/sites\/3\/2021\/07\/GROB_4151_1-468x311.jpg","paragraphimage-width":468,"paragraphimage-height":311,"slider-image":"https:\/\/tourismus-grossregion.eu\/fr\/wp-content\/uploads\/sites\/3\/2021\/07\/GROB_4151_1-901x715.jpg","slider-image-width":901,"slider-image-height":715,"quote-image":"https:\/\/tourismus-grossregion.eu\/fr\/wp-content\/uploads\/sites\/3\/2021\/07\/GROB_4151_1-683x454.jpg","quote-image-width":683,"quote-image-height":454,"productcard-image":"https:\/\/tourismus-grossregion.eu\/fr\/wp-content\/uploads\/sites\/3\/2021\/07\/GROB_4151_1-710x472.jpg","productcard-image-width":710,"productcard-image-height":472}},"widget_gallery_caption":""},{"widget_gallery_image":{"ID":421,"id":421,"title":"GROB_1761_1","filename":"GROB_1761_1.jpg","filesize":360868,"url":"https:\/\/tourismus-grossregion.eu\/fr\/wp-content\/uploads\/sites\/3\/2021\/07\/GROB_1761_1.jpg","link":"https:\/\/tourismus-grossregion.eu\/fr\/les-hautes-fagnes\/grob_1761_1\/","alt":"Des fleurs violettes et blanches s'\u00e9panouissent au premier plan, sur un fond bleu et vert flou.","author":"2","description":"Des fleurs violettes et blanches s'\u00e9panouissent au premier plan, sur un fond bleu et vert flou.","caption":"","name":"grob_1761_1","status":"inherit","uploaded_to":490,"date":"2021-07-26 09:48:32","modified":"2021-07-26 15:32:52","menu_order":0,"mime_type":"image\/jpeg","type":"image","subtype":"jpeg","icon":"https:\/\/tourismus-grossregion.eu\/fr\/wp-includes\/images\/media\/default.png","width":1920,"height":1282,"sizes":{"thumbnail":"https:\/\/tourismus-grossregion.eu\/fr\/wp-content\/uploads\/sites\/3\/2021\/07\/GROB_1761_1-150x150.jpg","thumbnail-width":150,"thumbnail-height":150,"medium":"https:\/\/tourismus-grossregion.eu\/fr\/wp-content\/uploads\/sites\/3\/2021\/07\/GROB_1761_1-300x200.jpg","medium-width":300,"medium-height":200,"medium_large":"https:\/\/tourismus-grossregion.eu\/fr\/wp-content\/uploads\/sites\/3\/2021\/07\/GROB_1761_1-768x513.jpg","medium_large-width":768,"medium_large-height":513,"large":"https:\/\/tourismus-grossregion.eu\/fr\/wp-content\/uploads\/sites\/3\/2021\/07\/GROB_1761_1-1024x684.jpg","large-width":1024,"large-height":684,"1536x1536":"https:\/\/tourismus-grossregion.eu\/fr\/wp-content\/uploads\/sites\/3\/2021\/07\/GROB_1761_1-1536x1026.jpg","1536x1536-width":1536,"1536x1536-height":1026,"2048x2048":"https:\/\/tourismus-grossregion.eu\/fr\/wp-content\/uploads\/sites\/3\/2021\/07\/GROB_1761_1.jpg","2048x2048-width":1920,"2048x2048-height":1282,"download-thumbnail":"https:\/\/tourismus-grossregion.eu\/fr\/wp-content\/uploads\/sites\/3\/2021\/07\/GROB_1761_1-345x230.jpg","download-thumbnail-width":345,"download-thumbnail-height":230,"paragraphimage":"https:\/\/tourismus-grossregion.eu\/fr\/wp-content\/uploads\/sites\/3\/2021\/07\/GROB_1761_1-468x312.jpg","paragraphimage-width":468,"paragraphimage-height":312,"slider-image":"https:\/\/tourismus-grossregion.eu\/fr\/wp-content\/uploads\/sites\/3\/2021\/07\/GROB_1761_1-901x715.jpg","slider-image-width":901,"slider-image-height":715,"quote-image":"https:\/\/tourismus-grossregion.eu\/fr\/wp-content\/uploads\/sites\/3\/2021\/07\/GROB_1761_1-683x456.jpg","quote-image-width":683,"quote-image-height":456,"productcard-image":"https:\/\/tourismus-grossregion.eu\/fr\/wp-content\/uploads\/sites\/3\/2021\/07\/GROB_1761_1-710x474.jpg","productcard-image-width":710,"productcard-image-height":474}},"widget_gallery_caption":""},{"widget_gallery_image":{"ID":422,"id":422,"title":"GROB_1625_1","filename":"GROB_1625_1.jpg","filesize":720513,"url":"https:\/\/tourismus-grossregion.eu\/fr\/wp-content\/uploads\/sites\/3\/2021\/07\/GROB_1625_1.jpg","link":"https:\/\/tourismus-grossregion.eu\/fr\/les-hautes-fagnes\/grob_1625_1\/","alt":"Un petit ruisseau est le point central de cette peinture, refl\u00e9tant les couleurs de la nature qui l'entoure.","author":"2","description":"Un petit ruisseau est le point central de cette peinture, refl\u00e9tant les couleurs de la nature qui l'entoure.","caption":"","name":"grob_1625_1","status":"inherit","uploaded_to":490,"date":"2021-07-26 09:48:43","modified":"2021-07-26 15:32:52","menu_order":0,"mime_type":"image\/jpeg","type":"image","subtype":"jpeg","icon":"https:\/\/tourismus-grossregion.eu\/fr\/wp-includes\/images\/media\/default.png","width":1920,"height":1282,"sizes":{"thumbnail":"https:\/\/tourismus-grossregion.eu\/fr\/wp-content\/uploads\/sites\/3\/2021\/07\/GROB_1625_1-150x150.jpg","thumbnail-width":150,"thumbnail-height":150,"medium":"https:\/\/tourismus-grossregion.eu\/fr\/wp-content\/uploads\/sites\/3\/2021\/07\/GROB_1625_1-300x200.jpg","medium-width":300,"medium-height":200,"medium_large":"https:\/\/tourismus-grossregion.eu\/fr\/wp-content\/uploads\/sites\/3\/2021\/07\/GROB_1625_1-768x513.jpg","medium_large-width":768,"medium_large-height":513,"large":"https:\/\/tourismus-grossregion.eu\/fr\/wp-content\/uploads\/sites\/3\/2021\/07\/GROB_1625_1-1024x684.jpg","large-width":1024,"large-height":684,"1536x1536":"https:\/\/tourismus-grossregion.eu\/fr\/wp-content\/uploads\/sites\/3\/2021\/07\/GROB_1625_1-1536x1026.jpg","1536x1536-width":1536,"1536x1536-height":1026,"2048x2048":"https:\/\/tourismus-grossregion.eu\/fr\/wp-content\/uploads\/sites\/3\/2021\/07\/GROB_1625_1.jpg","2048x2048-width":1920,"2048x2048-height":1282,"download-thumbnail":"https:\/\/tourismus-grossregion.eu\/fr\/wp-content\/uploads\/sites\/3\/2021\/07\/GROB_1625_1-345x230.jpg","download-thumbnail-width":345,"download-thumbnail-height":230,"paragraphimage":"https:\/\/tourismus-grossregion.eu\/fr\/wp-content\/uploads\/sites\/3\/2021\/07\/GROB_1625_1-468x312.jpg","paragraphimage-width":468,"paragraphimage-height":312,"slider-image":"https:\/\/tourismus-grossregion.eu\/fr\/wp-content\/uploads\/sites\/3\/2021\/07\/GROB_1625_1-901x715.jpg","slider-image-width":901,"slider-image-height":715,"quote-image":"https:\/\/tourismus-grossregion.eu\/fr\/wp-content\/uploads\/sites\/3\/2021\/07\/GROB_1625_1-683x456.jpg","quote-image-width":683,"quote-image-height":456,"productcard-image":"https:\/\/tourismus-grossregion.eu\/fr\/wp-content\/uploads\/sites\/3\/2021\/07\/GROB_1625_1-710x474.jpg","productcard-image-width":710,"productcard-image-height":474}},"widget_gallery_caption":""},{"widget_gallery_image":{"ID":491,"id":491,"title":"GROB_4208_1","filename":"GROB_4208_1.jpg","filesize":421979,"url":"https:\/\/tourismus-grossregion.eu\/fr\/wp-content\/uploads\/sites\/3\/2021\/07\/GROB_4208_1.jpg","link":"https:\/\/tourismus-grossregion.eu\/fr\/les-hautes-fagnes\/grob_4208_1-2\/","alt":"\u00c0 l'int\u00e9rieur d'un restaurant confortable mais moderne, les murs, les tables et les chaises sont en bois. \u00c0 l'arri\u00e8re du restaurant, des fen\u00eatres allant du sol au plafond offrent une belle lumi\u00e8re naturelle.","author":"2","description":"\u00c0 l'int\u00e9rieur d'un restaurant confortable mais moderne, les murs, les tables et les chaises sont en bois. \u00c0 l'arri\u00e8re du restaurant, des fen\u00eatres allant du sol au plafond offrent une belle lumi\u00e8re naturelle.","caption":"","name":"grob_4208_1-2","status":"inherit","uploaded_to":490,"date":"2021-07-26 12:24:34","modified":"2021-07-26 15:32:20","menu_order":0,"mime_type":"image\/jpeg","type":"image","subtype":"jpeg","icon":"https:\/\/tourismus-grossregion.eu\/fr\/wp-includes\/images\/media\/default.png","width":1920,"height":1278,"sizes":{"thumbnail":"https:\/\/tourismus-grossregion.eu\/fr\/wp-content\/uploads\/sites\/3\/2021\/07\/GROB_4208_1-150x150.jpg","thumbnail-width":150,"thumbnail-height":150,"medium":"https:\/\/tourismus-grossregion.eu\/fr\/wp-content\/uploads\/sites\/3\/2021\/07\/GROB_4208_1-300x200.jpg","medium-width":300,"medium-height":200,"medium_large":"https:\/\/tourismus-grossregion.eu\/fr\/wp-content\/uploads\/sites\/3\/2021\/07\/GROB_4208_1-768x511.jpg","medium_large-width":768,"medium_large-height":511,"large":"https:\/\/tourismus-grossregion.eu\/fr\/wp-content\/uploads\/sites\/3\/2021\/07\/GROB_4208_1-1024x682.jpg","large-width":1024,"large-height":682,"1536x1536":"https:\/\/tourismus-grossregion.eu\/fr\/wp-content\/uploads\/sites\/3\/2021\/07\/GROB_4208_1-1536x1022.jpg","1536x1536-width":1536,"1536x1536-height":1022,"2048x2048":"https:\/\/tourismus-grossregion.eu\/fr\/wp-content\/uploads\/sites\/3\/2021\/07\/GROB_4208_1.jpg","2048x2048-width":1920,"2048x2048-height":1278,"download-thumbnail":"https:\/\/tourismus-grossregion.eu\/fr\/wp-content\/uploads\/sites\/3\/2021\/07\/GROB_4208_1-345x230.jpg","download-thumbnail-width":345,"download-thumbnail-height":230,"paragraphimage":"https:\/\/tourismus-grossregion.eu\/fr\/wp-content\/uploads\/sites\/3\/2021\/07\/GROB_4208_1-468x312.jpg","paragraphimage-width":468,"paragraphimage-height":312,"slider-image":"https:\/\/tourismus-grossregion.eu\/fr\/wp-content\/uploads\/sites\/3\/2021\/07\/GROB_4208_1-901x715.jpg","slider-image-width":901,"slider-image-height":715,"quote-image":"https:\/\/tourismus-grossregion.eu\/fr\/wp-content\/uploads\/sites\/3\/2021\/07\/GROB_4208_1-683x455.jpg","quote-image-width":683,"quote-image-height":455,"productcard-image":"https:\/\/tourismus-grossregion.eu\/fr\/wp-content\/uploads\/sites\/3\/2021\/07\/GROB_4208_1-710x473.jpg","productcard-image-width":710,"productcard-image-height":473}},"widget_gallery_caption":""},{"widget_gallery_image":{"ID":492,"id":492,"title":"GROB_1746_1","filename":"GROB_1746_1.jpg","filesize":474940,"url":"https:\/\/tourismus-grossregion.eu\/fr\/wp-content\/uploads\/sites\/3\/2021\/07\/GROB_1746_1.jpg","link":"https:\/\/tourismus-grossregion.eu\/fr\/les-hautes-fagnes\/grob_1746_1\/","alt":"Un arbre solitaire se dresse au milieu de l'image. Le ciel bleu et la nature verte entourent l'arbre, avec la for\u00eat en arri\u00e8re-plan.","author":"2","description":"Un arbre solitaire se dresse au milieu de l'image. Le ciel bleu et la nature verte entourent l'arbre, avec la for\u00eat en arri\u00e8re-plan.","caption":"","name":"grob_1746_1","status":"inherit","uploaded_to":490,"date":"2021-07-26 12:24:45","modified":"2021-07-26 15:32:38","menu_order":0,"mime_type":"image\/jpeg","type":"image","subtype":"jpeg","icon":"https:\/\/tourismus-grossregion.eu\/fr\/wp-includes\/images\/media\/default.png","width":1920,"height":1282,"sizes":{"thumbnail":"https:\/\/tourismus-grossregion.eu\/fr\/wp-content\/uploads\/sites\/3\/2021\/07\/GROB_1746_1-150x150.jpg","thumbnail-width":150,"thumbnail-height":150,"medium":"https:\/\/tourismus-grossregion.eu\/fr\/wp-content\/uploads\/sites\/3\/2021\/07\/GROB_1746_1-300x200.jpg","medium-width":300,"medium-height":200,"medium_large":"https:\/\/tourismus-grossregion.eu\/fr\/wp-content\/uploads\/sites\/3\/2021\/07\/GROB_1746_1-768x513.jpg","medium_large-width":768,"medium_large-height":513,"large":"https:\/\/tourismus-grossregion.eu\/fr\/wp-content\/uploads\/sites\/3\/2021\/07\/GROB_1746_1-1024x684.jpg","large-width":1024,"large-height":684,"1536x1536":"https:\/\/tourismus-grossregion.eu\/fr\/wp-content\/uploads\/sites\/3\/2021\/07\/GROB_1746_1-1536x1026.jpg","1536x1536-width":1536,"1536x1536-height":1026,"2048x2048":"https:\/\/tourismus-grossregion.eu\/fr\/wp-content\/uploads\/sites\/3\/2021\/07\/GROB_1746_1.jpg","2048x2048-width":1920,"2048x2048-height":1282,"download-thumbnail":"https:\/\/tourismus-grossregion.eu\/fr\/wp-content\/uploads\/sites\/3\/2021\/07\/GROB_1746_1-345x230.jpg","download-thumbnail-width":345,"download-thumbnail-height":230,"paragraphimage":"https:\/\/tourismus-grossregion.eu\/fr\/wp-content\/uploads\/sites\/3\/2021\/07\/GROB_1746_1-468x312.jpg","paragraphimage-width":468,"paragraphimage-height":312,"slider-image":"https:\/\/tourismus-grossregion.eu\/fr\/wp-content\/uploads\/sites\/3\/2021\/07\/GROB_1746_1-901x715.jpg","slider-image-width":901,"slider-image-height":715,"quote-image":"https:\/\/tourismus-grossregion.eu\/fr\/wp-content\/uploads\/sites\/3\/2021\/07\/GROB_1746_1-683x456.jpg","quote-image-width":683,"quote-image-height":456,"productcard-image":"https:\/\/tourismus-grossregion.eu\/fr\/wp-content\/uploads\/sites\/3\/2021\/07\/GROB_1746_1-710x474.jpg","productcard-image-width":710,"productcard-image-height":474}},"widget_gallery_caption":""}],"widget_gallery_margin":"small"},{"acf_fc_layout":"widget_video","widget_video_type":false,"widget_video_youtube":"https:\/\/youtu.be\/HFpGMbj-jKA","widget_video_youtube_poster_bool":true,"widget_video_youtube_poster":{"ID":422,"id":422,"title":"GROB_1625_1","filename":"GROB_1625_1.jpg","filesize":720513,"url":"https:\/\/tourismus-grossregion.eu\/fr\/wp-content\/uploads\/sites\/3\/2021\/07\/GROB_1625_1.jpg","link":"https:\/\/tourismus-grossregion.eu\/fr\/les-hautes-fagnes\/grob_1625_1\/","alt":"Un petit ruisseau est le point central de cette peinture, refl\u00e9tant les couleurs de la nature qui l'entoure.","author":"2","description":"Un petit ruisseau est le point central de cette peinture, refl\u00e9tant les couleurs de la nature qui l'entoure.","caption":"","name":"grob_1625_1","status":"inherit","uploaded_to":490,"date":"2021-07-26 09:48:43","modified":"2021-07-26 15:32:52","menu_order":0,"mime_type":"image\/jpeg","type":"image","subtype":"jpeg","icon":"https:\/\/tourismus-grossregion.eu\/fr\/wp-includes\/images\/media\/default.png","width":1920,"height":1282,"sizes":{"thumbnail":"https:\/\/tourismus-grossregion.eu\/fr\/wp-content\/uploads\/sites\/3\/2021\/07\/GROB_1625_1-150x150.jpg","thumbnail-width":150,"thumbnail-height":150,"medium":"https:\/\/tourismus-grossregion.eu\/fr\/wp-content\/uploads\/sites\/3\/2021\/07\/GROB_1625_1-300x200.jpg","medium-width":300,"medium-height":200,"medium_large":"https:\/\/tourismus-grossregion.eu\/fr\/wp-content\/uploads\/sites\/3\/2021\/07\/GROB_1625_1-768x513.jpg","medium_large-width":768,"medium_large-height":513,"large":"https:\/\/tourismus-grossregion.eu\/fr\/wp-content\/uploads\/sites\/3\/2021\/07\/GROB_1625_1-1024x684.jpg","large-width":1024,"large-height":684,"1536x1536":"https:\/\/tourismus-grossregion.eu\/fr\/wp-content\/uploads\/sites\/3\/2021\/07\/GROB_1625_1-1536x1026.jpg","1536x1536-width":1536,"1536x1536-height":1026,"2048x2048":"https:\/\/tourismus-grossregion.eu\/fr\/wp-content\/uploads\/sites\/3\/2021\/07\/GROB_1625_1.jpg","2048x2048-width":1920,"2048x2048-height":1282,"download-thumbnail":"https:\/\/tourismus-grossregion.eu\/fr\/wp-content\/uploads\/sites\/3\/2021\/07\/GROB_1625_1-345x230.jpg","download-thumbnail-width":345,"download-thumbnail-height":230,"paragraphimage":"https:\/\/tourismus-grossregion.eu\/fr\/wp-content\/uploads\/sites\/3\/2021\/07\/GROB_1625_1-468x312.jpg","paragraphimage-width":468,"paragraphimage-height":312,"slider-image":"https:\/\/tourismus-grossregion.eu\/fr\/wp-content\/uploads\/sites\/3\/2021\/07\/GROB_1625_1-901x715.jpg","slider-image-width":901,"slider-image-height":715,"quote-image":"https:\/\/tourismus-grossregion.eu\/fr\/wp-content\/uploads\/sites\/3\/2021\/07\/GROB_1625_1-683x456.jpg","quote-image-width":683,"quote-image-height":456,"productcard-image":"https:\/\/tourismus-grossregion.eu\/fr\/wp-content\/uploads\/sites\/3\/2021\/07\/GROB_1625_1-710x474.jpg","productcard-image-width":710,"productcard-image-height":474}},"widget_video_youtube_poster_filter":false,"widget_video_upload":false,"widget_video_headline":"","widget_video_duration":"02:15","widget_video_margin":"small"},{"acf_fc_layout":"widget_paragraph_headlines_image","widget_paragraph_headlines_image_orientation":false,"widget_paragraph_headlines_image_decoration":true,"widget_paragraph_headlines_image_content":{"widget_paragraph_headlines_image_preline":"","widget_paragraph_headlines_image_headline":"","widget_paragraph_headlines_image_subline":"Vous aimez ce que vous voyez ?","widget_paragraph_headlines_image_editor_justify":true,"widget_paragraph_headlines_image_editor":"<p>La Grande R\u00e9gion a beaucoup plus \u00e0 offrir ! Jetez un coup d&rsquo;\u0153il aux histoires suivantes de la r\u00e9gion et laissez-vous inspirer.<\/p>\n","widget_paragraph_headlines_image_link":""},"widget_paragraph_headlines_image_image":false,"widget_paragraph_headlines_image_image_option":false,"widget_paragraph_headlines_image_margin":"small"},{"acf_fc_layout":"widget_content_carousel","widget_content_carousel_preline":"","widget_content_carousel_headline":"","widget_content_carousel_description_justify":false,"widget_content_carousel_entries":[{"widget_content_carousel_entries_thumbnail":{"ID":682,"id":682,"title":"Headerbild","filename":"Headerbild.jpg","filesize":911728,"url":"https:\/\/tourismus-grossregion.eu\/fr\/wp-content\/uploads\/sites\/3\/2021\/07\/Headerbild.jpg","link":"https:\/\/tourismus-grossregion.eu\/fr\/triathlon-eupen\/headerbild\/","alt":"Paysage de la Weserthalsperre aux couleurs vives","author":"2","description":"Paysage de la Weserthalsperre aux couleurs vives","caption":"","name":"headerbild","status":"inherit","uploaded_to":681,"date":"2021-07-27 10:14:15","modified":"2021-07-27 10:30:19","menu_order":0,"mime_type":"image\/jpeg","type":"image","subtype":"jpeg","icon":"https:\/\/tourismus-grossregion.eu\/fr\/wp-includes\/images\/media\/default.png","width":1700,"height":1131,"sizes":{"thumbnail":"https:\/\/tourismus-grossregion.eu\/fr\/wp-content\/uploads\/sites\/3\/2021\/07\/Headerbild-150x150.jpg","thumbnail-width":150,"thumbnail-height":150,"medium":"https:\/\/tourismus-grossregion.eu\/fr\/wp-content\/uploads\/sites\/3\/2021\/07\/Headerbild-300x200.jpg","medium-width":300,"medium-height":200,"medium_large":"https:\/\/tourismus-grossregion.eu\/fr\/wp-content\/uploads\/sites\/3\/2021\/07\/Headerbild-768x511.jpg","medium_large-width":768,"medium_large-height":511,"large":"https:\/\/tourismus-grossregion.eu\/fr\/wp-content\/uploads\/sites\/3\/2021\/07\/Headerbild-1024x681.jpg","large-width":1024,"large-height":681,"1536x1536":"https:\/\/tourismus-grossregion.eu\/fr\/wp-content\/uploads\/sites\/3\/2021\/07\/Headerbild-1536x1022.jpg","1536x1536-width":1536,"1536x1536-height":1022,"2048x2048":"https:\/\/tourismus-grossregion.eu\/fr\/wp-content\/uploads\/sites\/3\/2021\/07\/Headerbild.jpg","2048x2048-width":1700,"2048x2048-height":1131,"download-thumbnail":"https:\/\/tourismus-grossregion.eu\/fr\/wp-content\/uploads\/sites\/3\/2021\/07\/Headerbild-345x230.jpg","download-thumbnail-width":345,"download-thumbnail-height":230,"paragraphimage":"https:\/\/tourismus-grossregion.eu\/fr\/wp-content\/uploads\/sites\/3\/2021\/07\/Headerbild-468x311.jpg","paragraphimage-width":468,"paragraphimage-height":311,"slider-image":"https:\/\/tourismus-grossregion.eu\/fr\/wp-content\/uploads\/sites\/3\/2021\/07\/Headerbild-901x715.jpg","slider-image-width":901,"slider-image-height":715,"quote-image":"https:\/\/tourismus-grossregion.eu\/fr\/wp-content\/uploads\/sites\/3\/2021\/07\/Headerbild-683x454.jpg","quote-image-width":683,"quote-image-height":454,"productcard-image":"https:\/\/tourismus-grossregion.eu\/fr\/wp-content\/uploads\/sites\/3\/2021\/07\/Headerbild-710x472.jpg","productcard-image-width":710,"productcard-image-height":472}},"widget_content_carousel_entries_title":"Triathlon au pays d'Eupen","widget_content_carousel_entries_description":"<p>Sport et plaisir en communion avec la nature<\/p>\n","widget_content_carousel_entries__link":"https:\/\/tourismus-grossregion.eu\/fr\/?page_id=681&preview=true"},{"widget_content_carousel_entries_thumbnail":{"ID":550,"id":550,"title":"shs_1","filename":"shs_1.jpg","filesize":590380,"url":"https:\/\/tourismus-grossregion.eu\/fr\/wp-content\/uploads\/sites\/3\/2021\/07\/shs_1.jpg","link":"https:\/\/tourismus-grossregion.eu\/fr\/story-rhenanie-palatinat-les-maars-de-leifel\/shs_1\/","alt":"Un homme portant une chemise jaune et un \u00e9quipement de randonn\u00e9e marche le long d'une partie du sentier de randonn\u00e9e. De chaque c\u00f4t\u00e9 de lui se trouvent de petites cl\u00f4tures, puis des champs jaunes. Derri\u00e8re lui, il y a plusieurs arbres.","author":"2","description":"Un homme portant une chemise jaune et un \u00e9quipement de randonn\u00e9e marche le long d'une partie du sentier de randonn\u00e9e. De chaque c\u00f4t\u00e9 de lui se trouvent de petites cl\u00f4tures, puis des champs jaunes. Derri\u00e8re lui, il y a plusieurs arbres.","caption":"","name":"shs_1","status":"inherit","uploaded_to":1686,"date":"2021-07-26 13:58:26","modified":"2021-08-27 11:29:08","menu_order":0,"mime_type":"image\/jpeg","type":"image","subtype":"jpeg","icon":"https:\/\/tourismus-grossregion.eu\/fr\/wp-includes\/images\/media\/default.png","width":1920,"height":1277,"sizes":{"thumbnail":"https:\/\/tourismus-grossregion.eu\/fr\/wp-content\/uploads\/sites\/3\/2021\/07\/shs_1-150x150.jpg","thumbnail-width":150,"thumbnail-height":150,"medium":"https:\/\/tourismus-grossregion.eu\/fr\/wp-content\/uploads\/sites\/3\/2021\/07\/shs_1-300x200.jpg","medium-width":300,"medium-height":200,"medium_large":"https:\/\/tourismus-grossregion.eu\/fr\/wp-content\/uploads\/sites\/3\/2021\/07\/shs_1-768x511.jpg","medium_large-width":768,"medium_large-height":511,"large":"https:\/\/tourismus-grossregion.eu\/fr\/wp-content\/uploads\/sites\/3\/2021\/07\/shs_1-1024x681.jpg","large-width":1024,"large-height":681,"1536x1536":"https:\/\/tourismus-grossregion.eu\/fr\/wp-content\/uploads\/sites\/3\/2021\/07\/shs_1-1536x1022.jpg","1536x1536-width":1536,"1536x1536-height":1022,"2048x2048":"https:\/\/tourismus-grossregion.eu\/fr\/wp-content\/uploads\/sites\/3\/2021\/07\/shs_1.jpg","2048x2048-width":1920,"2048x2048-height":1277,"download-thumbnail":"https:\/\/tourismus-grossregion.eu\/fr\/wp-content\/uploads\/sites\/3\/2021\/07\/shs_1-345x229.jpg","download-thumbnail-width":345,"download-thumbnail-height":229,"paragraphimage":"https:\/\/tourismus-grossregion.eu\/fr\/wp-content\/uploads\/sites\/3\/2021\/07\/shs_1-468x311.jpg","paragraphimage-width":468,"paragraphimage-height":311,"slider-image":"https:\/\/tourismus-grossregion.eu\/fr\/wp-content\/uploads\/sites\/3\/2021\/07\/shs_1-901x715.jpg","slider-image-width":901,"slider-image-height":715,"quote-image":"https:\/\/tourismus-grossregion.eu\/fr\/wp-content\/uploads\/sites\/3\/2021\/07\/shs_1-683x454.jpg","quote-image-width":683,"quote-image-height":454,"productcard-image":"https:\/\/tourismus-grossregion.eu\/fr\/wp-content\/uploads\/sites\/3\/2021\/07\/shs_1-710x472.jpg","productcard-image-width":710,"productcard-image-height":472}},"widget_content_carousel_entries_title":"Saar-Hunsr\u00fcck-Steig","widget_content_carousel_entries_description":"<p>D\u2019une boucle \u00e0 l\u2019autre \u2013 en balade le long du Saar-Hunsr\u00fcck-Steig<\/p>\n","widget_content_carousel_entries__link":"https:\/\/tourismus-grossregion.eu\/fr\/saar-hunsruck-steig\/"},{"widget_content_carousel_entries_thumbnail":{"ID":537,"id":537,"title":"GROB_3028_2","filename":"GROB_3028_2.jpg","filesize":514682,"url":"https:\/\/tourismus-grossregion.eu\/fr\/wp-content\/uploads\/sites\/3\/2021\/07\/GROB_3028_2.jpg","link":"https:\/\/tourismus-grossregion.eu\/fr\/brasserie-de-bellevaux\/grob_3028_2\/","alt":"Deux des Sarroamers prennent des photos depuis un point d'observation au-dessus du coude de la Sarre, o\u00f9 l'eau de la Sarre fait un virage \u00e0 180 degr\u00e9s.","author":"2","description":"Deux des Sarroamers prennent des photos depuis un point d'observation au-dessus du coude de la Sarre, o\u00f9 l'eau de la Sarre fait un virage \u00e0 180 degr\u00e9s.","caption":"","name":"grob_3028_2","status":"inherit","uploaded_to":625,"date":"2021-07-26 13:38:26","modified":"2021-08-27 12:05:45","menu_order":0,"mime_type":"image\/jpeg","type":"image","subtype":"jpeg","icon":"https:\/\/tourismus-grossregion.eu\/fr\/wp-includes\/images\/media\/default.png","width":1920,"height":1282,"sizes":{"thumbnail":"https:\/\/tourismus-grossregion.eu\/fr\/wp-content\/uploads\/sites\/3\/2021\/07\/GROB_3028_2-150x150.jpg","thumbnail-width":150,"thumbnail-height":150,"medium":"https:\/\/tourismus-grossregion.eu\/fr\/wp-content\/uploads\/sites\/3\/2021\/07\/GROB_3028_2-300x200.jpg","medium-width":300,"medium-height":200,"medium_large":"https:\/\/tourismus-grossregion.eu\/fr\/wp-content\/uploads\/sites\/3\/2021\/07\/GROB_3028_2-768x513.jpg","medium_large-width":768,"medium_large-height":513,"large":"https:\/\/tourismus-grossregion.eu\/fr\/wp-content\/uploads\/sites\/3\/2021\/07\/GROB_3028_2-1024x684.jpg","large-width":1024,"large-height":684,"1536x1536":"https:\/\/tourismus-grossregion.eu\/fr\/wp-content\/uploads\/sites\/3\/2021\/07\/GROB_3028_2-1536x1026.jpg","1536x1536-width":1536,"1536x1536-height":1026,"2048x2048":"https:\/\/tourismus-grossregion.eu\/fr\/wp-content\/uploads\/sites\/3\/2021\/07\/GROB_3028_2.jpg","2048x2048-width":1920,"2048x2048-height":1282,"download-thumbnail":"https:\/\/tourismus-grossregion.eu\/fr\/wp-content\/uploads\/sites\/3\/2021\/07\/GROB_3028_2-345x230.jpg","download-thumbnail-width":345,"download-thumbnail-height":230,"paragraphimage":"https:\/\/tourismus-grossregion.eu\/fr\/wp-content\/uploads\/sites\/3\/2021\/07\/GROB_3028_2-468x312.jpg","paragraphimage-width":468,"paragraphimage-height":312,"slider-image":"https:\/\/tourismus-grossregion.eu\/fr\/wp-content\/uploads\/sites\/3\/2021\/07\/GROB_3028_2-901x715.jpg","slider-image-width":901,"slider-image-height":715,"quote-image":"https:\/\/tourismus-grossregion.eu\/fr\/wp-content\/uploads\/sites\/3\/2021\/07\/GROB_3028_2-683x456.jpg","quote-image-width":683,"quote-image-height":456,"productcard-image":"https:\/\/tourismus-grossregion.eu\/fr\/wp-content\/uploads\/sites\/3\/2021\/07\/GROB_3028_2-710x474.jpg","productcard-image-width":710,"productcard-image-height":474}},"widget_content_carousel_entries_title":"Les Saarroamers","widget_content_carousel_entries_description":"<p>En mission dans la r\u00e9gion \u2013 \u00e0 la d\u00e9couverte de la Sarre en compagnie des Saarroamers<\/p>\n","widget_content_carousel_entries__link":"https:\/\/tourismus-grossregion.eu\/fr\/les-saarroamers\/"}],"widget_content_carousel_margin":"small"}],"page_fields_alternative_title":"Les Hautes Fagnes"},"_links":{"self":[{"href":"https:\/\/tourismus-grossregion.eu\/fr\/wp-json\/wp\/v2\/pages\/490"}],"collection":[{"href":"https:\/\/tourismus-grossregion.eu\/fr\/wp-json\/wp\/v2\/pages"}],"about":[{"href":"https:\/\/tourismus-grossregion.eu\/fr\/wp-json\/wp\/v2\/types\/page"}],"author":[{"embeddable":true,"href":"https:\/\/tourismus-grossregion.eu\/fr\/wp-json\/wp\/v2\/users\/2"}],"replies":[{"embeddable":true,"href":"https:\/\/tourismus-grossregion.eu\/fr\/wp-json\/wp\/v2\/comments?post=490"}],"version-history":[{"count":14,"href":"https:\/\/tourismus-grossregion.eu\/fr\/wp-json\/wp\/v2\/pages\/490\/revisions"}],"predecessor-version":[{"id":1760,"href":"https:\/\/tourismus-grossregion.eu\/fr\/wp-json\/wp\/v2\/pages\/490\/revisions\/1760"}],"wp:featuredmedia":[{"embeddable":true,"href":"https:\/\/tourismus-grossregion.eu\/fr\/wp-json\/wp\/v2\/media\/411"}],"wp:attachment":[{"href":"https:\/\/tourismus-grossregion.eu\/fr\/wp-json\/wp\/v2\/media?parent=490"}],"curies":[{"name":"wp","href":"https:\/\/api.w.org\/{rel}","templated":true}]}}