{"id":493,"date":"2021-07-29T14:42:25","date_gmt":"2021-07-29T12:42:25","guid":{"rendered":"https:\/\/tgr.zeitraum.com\/fr\/?page_id=493"},"modified":"2021-08-27T14:14:22","modified_gmt":"2021-08-27T12:14:22","slug":"vtt-perl","status":"publish","type":"page","link":"https:\/\/tourismus-grossregion.eu\/fr\/vtt-perl\/","title":{"rendered":"Story: Saarland: En VTT sur les traces des pros"},"content":{"rendered":"","protected":false},"excerpt":{"rendered":"","protected":false},"author":2,"featured_media":494,"parent":0,"menu_order":0,"comment_status":"closed","ping_status":"closed","template":"","meta":[],"yoast_head":"<!-- This site is optimized with the Yoast SEO plugin v16.9 - https:\/\/yoast.com\/wordpress\/plugins\/seo\/ -->\n<meta name=\"robots\" content=\"index, follow, max-snippet:-1, max-image-preview:large, max-video-preview:-1\" \/>\n<link rel=\"canonical\" href=\"https:\/\/tourismus-grossregion.eu\/fr\/vtt-perl\/\" \/>\n<meta property=\"og:locale\" content=\"fr_FR\" \/>\n<meta property=\"og:type\" content=\"article\" \/>\n<meta property=\"og:title\" content=\"Story: Saarland: En VTT sur les traces des pros - Tourisme Grande R\u00e9gion\" \/>\n<meta property=\"og:url\" content=\"https:\/\/tourismus-grossregion.eu\/fr\/vtt-perl\/\" \/>\n<meta property=\"og:site_name\" content=\"Tourisme Grande R\u00e9gion\" \/>\n<meta property=\"article:modified_time\" content=\"2021-08-27T12:14:22+00:00\" \/>\n<meta property=\"og:image\" content=\"https:\/\/tourismus-grossregion.eu\/fr\/wp-content\/uploads\/sites\/3\/2021\/07\/CMR-0995-2.jpg\" \/>\n\t<meta property=\"og:image:width\" content=\"1280\" \/>\n\t<meta property=\"og:image:height\" content=\"852\" \/>\n<meta name=\"twitter:card\" content=\"summary_large_image\" \/>\n<script type=\"application\/ld+json\" class=\"yoast-schema-graph\">{\"@context\":\"https:\/\/schema.org\",\"@graph\":[{\"@type\":\"WebSite\",\"@id\":\"https:\/\/tourismus-grossregion.eu\/fr\/#website\",\"url\":\"https:\/\/tourismus-grossregion.eu\/fr\/\",\"name\":\"Tourisme Grande R\\u00e9gion\",\"description\":\"Tourisme Grande R\\u00e9gion\",\"potentialAction\":[{\"@type\":\"SearchAction\",\"target\":{\"@type\":\"EntryPoint\",\"urlTemplate\":\"https:\/\/tourismus-grossregion.eu\/fr\/?s={search_term_string}\"},\"query-input\":\"required name=search_term_string\"}],\"inLanguage\":\"fr-FR\"},{\"@type\":\"ImageObject\",\"@id\":\"https:\/\/tourismus-grossregion.eu\/fr\/vtt-perl\/#primaryimage\",\"inLanguage\":\"fr-FR\",\"url\":\"https:\/\/tourismus-grossregion.eu\/fr\/wp-content\/uploads\/sites\/3\/2021\/07\/CMR-0995-2.jpg\",\"contentUrl\":\"https:\/\/tourismus-grossregion.eu\/fr\/wp-content\/uploads\/sites\/3\/2021\/07\/CMR-0995-2.jpg\",\"width\":1280,\"height\":852,\"caption\":\"Sur un chemin de terre, deux adultes v\\u00e9t\\u00e9tistes et deux enfants sont debout sur leurs v\\u00e9los. On peut voir deux arbres et une vieille cabane \\u00e0 c\\u00f4t\\u00e9 du chemin de terre. L'image est une vue a\\u00e9rienne.\"},{\"@type\":\"WebPage\",\"@id\":\"https:\/\/tourismus-grossregion.eu\/fr\/vtt-perl\/#webpage\",\"url\":\"https:\/\/tourismus-grossregion.eu\/fr\/vtt-perl\/\",\"name\":\"Story: Saarland: En VTT sur les traces des pros - Tourisme Grande R\\u00e9gion\",\"isPartOf\":{\"@id\":\"https:\/\/tourismus-grossregion.eu\/fr\/#website\"},\"primaryImageOfPage\":{\"@id\":\"https:\/\/tourismus-grossregion.eu\/fr\/vtt-perl\/#primaryimage\"},\"datePublished\":\"2021-07-29T12:42:25+00:00\",\"dateModified\":\"2021-08-27T12:14:22+00:00\",\"breadcrumb\":{\"@id\":\"https:\/\/tourismus-grossregion.eu\/fr\/vtt-perl\/#breadcrumb\"},\"inLanguage\":\"fr-FR\",\"potentialAction\":[{\"@type\":\"ReadAction\",\"target\":[\"https:\/\/tourismus-grossregion.eu\/fr\/vtt-perl\/\"]}]},{\"@type\":\"BreadcrumbList\",\"@id\":\"https:\/\/tourismus-grossregion.eu\/fr\/vtt-perl\/#breadcrumb\",\"itemListElement\":[{\"@type\":\"ListItem\",\"position\":1,\"name\":\"Story: Saarland: En VTT sur les traces des pros\"}]}]}<\/script>\n<!-- \/ Yoast SEO plugin. -->","yoast_head_json":{"robots":{"index":"index","follow":"follow","max-snippet":"max-snippet:-1","max-image-preview":"max-image-preview:large","max-video-preview":"max-video-preview:-1"},"canonical":"https:\/\/tourismus-grossregion.eu\/fr\/vtt-perl\/","og_locale":"fr_FR","og_type":"article","og_title":"Story: Saarland: En VTT sur les traces des pros - Tourisme Grande R\u00e9gion","og_url":"https:\/\/tourismus-grossregion.eu\/fr\/vtt-perl\/","og_site_name":"Tourisme Grande R\u00e9gion","article_modified_time":"2021-08-27T12:14:22+00:00","og_image":[{"width":1280,"height":852,"url":"https:\/\/tourismus-grossregion.eu\/fr\/wp-content\/uploads\/sites\/3\/2021\/07\/CMR-0995-2.jpg","path":"\/var\/www\/html\/wp-content\/uploads\/sites\/3\/2021\/07\/CMR-0995-2.jpg","size":"full","id":494,"alt":"Sur un chemin de terre, deux adultes v\u00e9t\u00e9tistes et deux enfants sont debout sur leurs v\u00e9los. On peut voir deux arbres et une vieille cabane \u00e0 c\u00f4t\u00e9 du chemin de terre. L'image est une vue a\u00e9rienne.","pixels":1090560,"type":"image\/jpeg"}],"twitter_card":"summary_large_image","schema":{"@context":"https:\/\/schema.org","@graph":[{"@type":"WebSite","@id":"https:\/\/tourismus-grossregion.eu\/fr\/#website","url":"https:\/\/tourismus-grossregion.eu\/fr\/","name":"Tourisme Grande R\u00e9gion","description":"Tourisme Grande R\u00e9gion","potentialAction":[{"@type":"SearchAction","target":{"@type":"EntryPoint","urlTemplate":"https:\/\/tourismus-grossregion.eu\/fr\/?s={search_term_string}"},"query-input":"required name=search_term_string"}],"inLanguage":"fr-FR"},{"@type":"ImageObject","@id":"https:\/\/tourismus-grossregion.eu\/fr\/vtt-perl\/#primaryimage","inLanguage":"fr-FR","url":"https:\/\/tourismus-grossregion.eu\/fr\/wp-content\/uploads\/sites\/3\/2021\/07\/CMR-0995-2.jpg","contentUrl":"https:\/\/tourismus-grossregion.eu\/fr\/wp-content\/uploads\/sites\/3\/2021\/07\/CMR-0995-2.jpg","width":1280,"height":852,"caption":"Sur un chemin de terre, deux adultes v\u00e9t\u00e9tistes et deux enfants sont debout sur leurs v\u00e9los. On peut voir deux arbres et une vieille cabane \u00e0 c\u00f4t\u00e9 du chemin de terre. L'image est une vue a\u00e9rienne."},{"@type":"WebPage","@id":"https:\/\/tourismus-grossregion.eu\/fr\/vtt-perl\/#webpage","url":"https:\/\/tourismus-grossregion.eu\/fr\/vtt-perl\/","name":"Story: Saarland: En VTT sur les traces des pros - Tourisme Grande R\u00e9gion","isPartOf":{"@id":"https:\/\/tourismus-grossregion.eu\/fr\/#website"},"primaryImageOfPage":{"@id":"https:\/\/tourismus-grossregion.eu\/fr\/vtt-perl\/#primaryimage"},"datePublished":"2021-07-29T12:42:25+00:00","dateModified":"2021-08-27T12:14:22+00:00","breadcrumb":{"@id":"https:\/\/tourismus-grossregion.eu\/fr\/vtt-perl\/#breadcrumb"},"inLanguage":"fr-FR","potentialAction":[{"@type":"ReadAction","target":["https:\/\/tourismus-grossregion.eu\/fr\/vtt-perl\/"]}]},{"@type":"BreadcrumbList","@id":"https:\/\/tourismus-grossregion.eu\/fr\/vtt-perl\/#breadcrumb","itemListElement":[{"@type":"ListItem","position":1,"name":"Story: Saarland: En VTT sur les traces des pros"}]}]}},"acf":{"pb_acf_widgets":[{"acf_fc_layout":"widget_hero_static","widget_hero_static_background":{"widget_hero_static_background_type":false,"widget_hero_static_image":{"ID":494,"id":494,"title":"CMR-0995-2","filename":"CMR-0995-2.jpg","filesize":838873,"url":"https:\/\/tourismus-grossregion.eu\/fr\/wp-content\/uploads\/sites\/3\/2021\/07\/CMR-0995-2.jpg","link":"https:\/\/tourismus-grossregion.eu\/fr\/vtt-perl\/cmr-0995-2\/","alt":"Sur un chemin de terre, deux adultes v\u00e9t\u00e9tistes et deux enfants sont debout sur leurs v\u00e9los. On peut voir deux arbres et une vieille cabane \u00e0 c\u00f4t\u00e9 du chemin de terre. L'image est une vue a\u00e9rienne.","author":"2","description":"Sur un chemin de terre, deux adultes v\u00e9t\u00e9tistes et deux enfants sont debout sur leurs v\u00e9los. On peut voir deux arbres et une vieille cabane \u00e0 c\u00f4t\u00e9 du chemin de terre. L'image est une vue a\u00e9rienne.","caption":"","name":"cmr-0995-2","status":"inherit","uploaded_to":493,"date":"2021-07-26 12:26:19","modified":"2021-07-26 15:01:08","menu_order":0,"mime_type":"image\/jpeg","type":"image","subtype":"jpeg","icon":"https:\/\/tourismus-grossregion.eu\/fr\/wp-includes\/images\/media\/default.png","width":1280,"height":852,"sizes":{"thumbnail":"https:\/\/tourismus-grossregion.eu\/fr\/wp-content\/uploads\/sites\/3\/2021\/07\/CMR-0995-2-150x150.jpg","thumbnail-width":150,"thumbnail-height":150,"medium":"https:\/\/tourismus-grossregion.eu\/fr\/wp-content\/uploads\/sites\/3\/2021\/07\/CMR-0995-2-300x200.jpg","medium-width":300,"medium-height":200,"medium_large":"https:\/\/tourismus-grossregion.eu\/fr\/wp-content\/uploads\/sites\/3\/2021\/07\/CMR-0995-2-768x511.jpg","medium_large-width":768,"medium_large-height":511,"large":"https:\/\/tourismus-grossregion.eu\/fr\/wp-content\/uploads\/sites\/3\/2021\/07\/CMR-0995-2-1024x682.jpg","large-width":1024,"large-height":682,"1536x1536":"https:\/\/tourismus-grossregion.eu\/fr\/wp-content\/uploads\/sites\/3\/2021\/07\/CMR-0995-2.jpg","1536x1536-width":1280,"1536x1536-height":852,"2048x2048":"https:\/\/tourismus-grossregion.eu\/fr\/wp-content\/uploads\/sites\/3\/2021\/07\/CMR-0995-2.jpg","2048x2048-width":1280,"2048x2048-height":852,"download-thumbnail":"https:\/\/tourismus-grossregion.eu\/fr\/wp-content\/uploads\/sites\/3\/2021\/07\/CMR-0995-2-345x230.jpg","download-thumbnail-width":345,"download-thumbnail-height":230,"paragraphimage":"https:\/\/tourismus-grossregion.eu\/fr\/wp-content\/uploads\/sites\/3\/2021\/07\/CMR-0995-2-468x312.jpg","paragraphimage-width":468,"paragraphimage-height":312,"slider-image":"https:\/\/tourismus-grossregion.eu\/fr\/wp-content\/uploads\/sites\/3\/2021\/07\/CMR-0995-2-901x715.jpg","slider-image-width":901,"slider-image-height":715,"quote-image":"https:\/\/tourismus-grossregion.eu\/fr\/wp-content\/uploads\/sites\/3\/2021\/07\/CMR-0995-2-683x455.jpg","quote-image-width":683,"quote-image-height":455,"productcard-image":"https:\/\/tourismus-grossregion.eu\/fr\/wp-content\/uploads\/sites\/3\/2021\/07\/CMR-0995-2-710x473.jpg","productcard-image-width":710,"productcard-image-height":473}},"widget_hero_static_video_type":false,"widget_hero_static_video_upload":false,"widget_hero_static_youtube_embed":"","widget_hero_static_filter":true},"widget_hero_static_content":{"widget_hero_static_headline":"En VTT sur les traces des pros","widget_hero_static_copy":"","widget_hero_static_link":""},"widget_hero_static_margin":"small"},{"acf_fc_layout":"widget_paragraph_headlines_image","widget_paragraph_headlines_image_orientation":false,"widget_paragraph_headlines_image_decoration":true,"widget_paragraph_headlines_image_content":{"widget_paragraph_headlines_image_preline":"","widget_paragraph_headlines_image_headline":"","widget_paragraph_headlines_image_subline":"En VTT sur les traces des pros - \u00e0 deux roues au c\u0153ur du pays des trois fronti\u00e8res","widget_paragraph_headlines_image_editor_justify":true,"widget_paragraph_headlines_image_editor":"<p>Des sentiers infinis, des virages serr\u00e9s, des sauts vertigineux et une piste de VTT hors du commun : la commune de Perl, situ\u00e9e au c\u0153ur du triangle frontalier entre la Sarre, le Luxembourg et la France, est en train de devenir une v\u00e9ritable attraction pour les amateurs de VTT.<\/p>\n","widget_paragraph_headlines_image_link":""},"widget_paragraph_headlines_image_image":false,"widget_paragraph_headlines_image_image_option":false,"widget_paragraph_headlines_image_margin":"small"},{"acf_fc_layout":"widget_paragraph_headlines_image","widget_paragraph_headlines_image_orientation":true,"widget_paragraph_headlines_image_decoration":false,"widget_paragraph_headlines_image_content":{"widget_paragraph_headlines_image_preline":"","widget_paragraph_headlines_image_headline":"","widget_paragraph_headlines_image_subline":"","widget_paragraph_headlines_image_editor_justify":true,"widget_paragraph_headlines_image_editor":"<p>\u00ab C&rsquo;est parti ! \u00bb Genevi\u00e8ve donne une tape sur le bras de Tobias en lui lan\u00e7ant un d\u00e9fi : \u00ab Le premier en bas ! \u00bb. Avec un large sourire, elle donne un coup de p\u00e9dale et est la premi\u00e8re \u00e0 s&rsquo;engager sur la piste \u00e9troite qui d\u00e9vale la montagne en virages serr\u00e9s. Tobias s\u2019\u00e9lance et la suit de pr\u00e8s. Patrick ne participe pas \u00e0 cette \u00ab course \u00bb. Il a appuy\u00e9 son v\u00e9lo contre un arbre et s&rsquo;est allong\u00e9 sur un banc en bois. Malgr\u00e9 le vent qui \u00e9bouriffe les hautes herbes, c&rsquo;est merveilleux de se trouver ici, sur le chemin panoramique. Il laisse son regard vagabonder vers les vignobles du c\u00f4t\u00e9 luxembourgeois de la Moselle et les collines bois\u00e9es o\u00f9 la France commence quelque part au milieu des arbres. Il vit ici depuis bien longtemps, et pourtant il ne se lasse pas de sa r\u00e9gion.<\/p>\n<p>\u00ab Perl est la seule communaut\u00e9 viticole de Sarre \u00bb, d\u00e9clare Patrick, qui conna\u00eet si bien sa r\u00e9gion non seulement gr\u00e2ce au VTT mais aussi gr\u00e2ce \u00e0 son travail dans le secteur du tourisme. Il trouve que la petite ville a un c\u00f4t\u00e9 m\u00e9diterran\u00e9en, et que les gens aussi sont d\u00e9tendus.<\/p>\n","widget_paragraph_headlines_image_link":""},"widget_paragraph_headlines_image_image":{"ID":495,"id":495,"title":"Bild-1","filename":"Bild-1.jpg","filesize":880824,"url":"https:\/\/tourismus-grossregion.eu\/fr\/wp-content\/uploads\/sites\/3\/2021\/07\/Bild-1.jpg","link":"https:\/\/tourismus-grossregion.eu\/fr\/vtt-perl\/bild-1\/","alt":"Vue a\u00e9rienne d'un groupe de personnes sur une colline. Autour d'eux, de petits sentiers descendent la montagne. Une partie du groupe est assise sur un banc en bois tandis que d'autres descendent la colline.","author":"2","description":"Vue a\u00e9rienne d'un groupe de personnes sur une colline. Autour d'eux, de petits sentiers descendent la montagne. Une partie du groupe est assise sur un banc en bois tandis que d'autres descendent la colline.","caption":"","name":"bild-1","status":"inherit","uploaded_to":493,"date":"2021-07-26 12:26:25","modified":"2021-07-26 15:02:32","menu_order":0,"mime_type":"image\/jpeg","type":"image","subtype":"jpeg","icon":"https:\/\/tourismus-grossregion.eu\/fr\/wp-includes\/images\/media\/default.png","width":1280,"height":852,"sizes":{"thumbnail":"https:\/\/tourismus-grossregion.eu\/fr\/wp-content\/uploads\/sites\/3\/2021\/07\/Bild-1-150x150.jpg","thumbnail-width":150,"thumbnail-height":150,"medium":"https:\/\/tourismus-grossregion.eu\/fr\/wp-content\/uploads\/sites\/3\/2021\/07\/Bild-1-300x200.jpg","medium-width":300,"medium-height":200,"medium_large":"https:\/\/tourismus-grossregion.eu\/fr\/wp-content\/uploads\/sites\/3\/2021\/07\/Bild-1-768x511.jpg","medium_large-width":768,"medium_large-height":511,"large":"https:\/\/tourismus-grossregion.eu\/fr\/wp-content\/uploads\/sites\/3\/2021\/07\/Bild-1-1024x682.jpg","large-width":1024,"large-height":682,"1536x1536":"https:\/\/tourismus-grossregion.eu\/fr\/wp-content\/uploads\/sites\/3\/2021\/07\/Bild-1.jpg","1536x1536-width":1280,"1536x1536-height":852,"2048x2048":"https:\/\/tourismus-grossregion.eu\/fr\/wp-content\/uploads\/sites\/3\/2021\/07\/Bild-1.jpg","2048x2048-width":1280,"2048x2048-height":852,"download-thumbnail":"https:\/\/tourismus-grossregion.eu\/fr\/wp-content\/uploads\/sites\/3\/2021\/07\/Bild-1-345x230.jpg","download-thumbnail-width":345,"download-thumbnail-height":230,"paragraphimage":"https:\/\/tourismus-grossregion.eu\/fr\/wp-content\/uploads\/sites\/3\/2021\/07\/Bild-1-468x312.jpg","paragraphimage-width":468,"paragraphimage-height":312,"slider-image":"https:\/\/tourismus-grossregion.eu\/fr\/wp-content\/uploads\/sites\/3\/2021\/07\/Bild-1-901x715.jpg","slider-image-width":901,"slider-image-height":715,"quote-image":"https:\/\/tourismus-grossregion.eu\/fr\/wp-content\/uploads\/sites\/3\/2021\/07\/Bild-1-683x455.jpg","quote-image-width":683,"quote-image-height":455,"productcard-image":"https:\/\/tourismus-grossregion.eu\/fr\/wp-content\/uploads\/sites\/3\/2021\/07\/Bild-1-710x473.jpg","productcard-image-width":710,"productcard-image-height":473}},"widget_paragraph_headlines_image_image_option":false,"widget_paragraph_headlines_image_margin":"small"},{"acf_fc_layout":"widget_editor","widget_editor_justify":true,"widget_editor_editor":"<p>Perl est une communaut\u00e9 situ\u00e9e au c\u0153ur du pays des trois fronti\u00e8res entre la Sarre, le Luxembourg et la France. Directement de l&rsquo;autre c\u00f4t\u00e9 de la Moselle se trouve Schengen, l&rsquo;endroit o\u00f9 l&rsquo;accord du m\u00eame nom a \u00e9t\u00e9 sign\u00e9 en 1985. Est-ce une co\u00efncidence qu&rsquo;il y ait ici un sentiment d&rsquo;absence de fronti\u00e8res, notamment ici \u00e0 Perl ? Les gens travaillent au Luxembourg ou en France, les voitures arborant des plaques d&rsquo;immatriculation fran\u00e7aises et luxembourgeoises sont gar\u00e9es devant les supermarch\u00e9s de Perl. Patrick pr\u00e9f\u00e8re faire du VTT du c\u00f4t\u00e9 sarrois de la Moselle. \u00ab Il y a ici de belles pistes, de tous les niveaux de difficult\u00e9 et de toutes les longueurs \u00bb, s&rsquo;enthousiasme-t-il.<\/p>\n","widget_editor_margin":"small"},{"acf_fc_layout":"widget_gallery","widget_gallery_entries":[{"widget_gallery_image":{"ID":496,"id":496,"title":"Galerie-Bilder","filename":"Galerie-Bilder.jpg","filesize":967130,"url":"https:\/\/tourismus-grossregion.eu\/fr\/wp-content\/uploads\/sites\/3\/2021\/07\/Galerie-Bilder.jpg","link":"https:\/\/tourismus-grossregion.eu\/fr\/vtt-perl\/galerie-bilder\/","alt":"Photographie de paysage de la r\u00e9gion de la Moselle. On peut voir des villages individuels dans la vall\u00e9e. La rivi\u00e8re Moselle serpente en arri\u00e8re-plan.","author":"2","description":"Photographie de paysage de la r\u00e9gion de la Moselle. On peut voir des villages individuels dans la vall\u00e9e. La rivi\u00e8re Moselle serpente en arri\u00e8re-plan.","caption":"","name":"galerie-bilder","status":"inherit","uploaded_to":493,"date":"2021-07-26 12:26:31","modified":"2021-07-26 15:03:37","menu_order":0,"mime_type":"image\/jpeg","type":"image","subtype":"jpeg","icon":"https:\/\/tourismus-grossregion.eu\/fr\/wp-includes\/images\/media\/default.png","width":1700,"height":1132,"sizes":{"thumbnail":"https:\/\/tourismus-grossregion.eu\/fr\/wp-content\/uploads\/sites\/3\/2021\/07\/Galerie-Bilder-150x150.jpg","thumbnail-width":150,"thumbnail-height":150,"medium":"https:\/\/tourismus-grossregion.eu\/fr\/wp-content\/uploads\/sites\/3\/2021\/07\/Galerie-Bilder-300x200.jpg","medium-width":300,"medium-height":200,"medium_large":"https:\/\/tourismus-grossregion.eu\/fr\/wp-content\/uploads\/sites\/3\/2021\/07\/Galerie-Bilder-768x511.jpg","medium_large-width":768,"medium_large-height":511,"large":"https:\/\/tourismus-grossregion.eu\/fr\/wp-content\/uploads\/sites\/3\/2021\/07\/Galerie-Bilder-1024x682.jpg","large-width":1024,"large-height":682,"1536x1536":"https:\/\/tourismus-grossregion.eu\/fr\/wp-content\/uploads\/sites\/3\/2021\/07\/Galerie-Bilder-1536x1023.jpg","1536x1536-width":1536,"1536x1536-height":1023,"2048x2048":"https:\/\/tourismus-grossregion.eu\/fr\/wp-content\/uploads\/sites\/3\/2021\/07\/Galerie-Bilder.jpg","2048x2048-width":1700,"2048x2048-height":1132,"download-thumbnail":"https:\/\/tourismus-grossregion.eu\/fr\/wp-content\/uploads\/sites\/3\/2021\/07\/Galerie-Bilder-345x230.jpg","download-thumbnail-width":345,"download-thumbnail-height":230,"paragraphimage":"https:\/\/tourismus-grossregion.eu\/fr\/wp-content\/uploads\/sites\/3\/2021\/07\/Galerie-Bilder-468x312.jpg","paragraphimage-width":468,"paragraphimage-height":312,"slider-image":"https:\/\/tourismus-grossregion.eu\/fr\/wp-content\/uploads\/sites\/3\/2021\/07\/Galerie-Bilder-901x715.jpg","slider-image-width":901,"slider-image-height":715,"quote-image":"https:\/\/tourismus-grossregion.eu\/fr\/wp-content\/uploads\/sites\/3\/2021\/07\/Galerie-Bilder-683x455.jpg","quote-image-width":683,"quote-image-height":455,"productcard-image":"https:\/\/tourismus-grossregion.eu\/fr\/wp-content\/uploads\/sites\/3\/2021\/07\/Galerie-Bilder-710x473.jpg","productcard-image-width":710,"productcard-image-height":473}},"widget_gallery_caption":""},{"widget_gallery_image":{"ID":497,"id":497,"title":"Galerie-2","filename":"Galerie-2.jpg","filesize":994448,"url":"https:\/\/tourismus-grossregion.eu\/fr\/wp-content\/uploads\/sites\/3\/2021\/07\/Galerie-2.jpg","link":"https:\/\/tourismus-grossregion.eu\/fr\/vtt-perl\/galerie-2\/","alt":"Vue a\u00e9rienne de trois personnes sur une piste de VTT dans les vignobles.","author":"2","description":"Vue a\u00e9rienne de trois personnes sur une piste de VTT dans les vignobles.","caption":"","name":"galerie-2","status":"inherit","uploaded_to":493,"date":"2021-07-26 12:26:42","modified":"2021-07-26 15:04:18","menu_order":0,"mime_type":"image\/jpeg","type":"image","subtype":"jpeg","icon":"https:\/\/tourismus-grossregion.eu\/fr\/wp-includes\/images\/media\/default.png","width":1280,"height":852,"sizes":{"thumbnail":"https:\/\/tourismus-grossregion.eu\/fr\/wp-content\/uploads\/sites\/3\/2021\/07\/Galerie-2-150x150.jpg","thumbnail-width":150,"thumbnail-height":150,"medium":"https:\/\/tourismus-grossregion.eu\/fr\/wp-content\/uploads\/sites\/3\/2021\/07\/Galerie-2-300x200.jpg","medium-width":300,"medium-height":200,"medium_large":"https:\/\/tourismus-grossregion.eu\/fr\/wp-content\/uploads\/sites\/3\/2021\/07\/Galerie-2-768x511.jpg","medium_large-width":768,"medium_large-height":511,"large":"https:\/\/tourismus-grossregion.eu\/fr\/wp-content\/uploads\/sites\/3\/2021\/07\/Galerie-2-1024x682.jpg","large-width":1024,"large-height":682,"1536x1536":"https:\/\/tourismus-grossregion.eu\/fr\/wp-content\/uploads\/sites\/3\/2021\/07\/Galerie-2.jpg","1536x1536-width":1280,"1536x1536-height":852,"2048x2048":"https:\/\/tourismus-grossregion.eu\/fr\/wp-content\/uploads\/sites\/3\/2021\/07\/Galerie-2.jpg","2048x2048-width":1280,"2048x2048-height":852,"download-thumbnail":"https:\/\/tourismus-grossregion.eu\/fr\/wp-content\/uploads\/sites\/3\/2021\/07\/Galerie-2-345x230.jpg","download-thumbnail-width":345,"download-thumbnail-height":230,"paragraphimage":"https:\/\/tourismus-grossregion.eu\/fr\/wp-content\/uploads\/sites\/3\/2021\/07\/Galerie-2-468x312.jpg","paragraphimage-width":468,"paragraphimage-height":312,"slider-image":"https:\/\/tourismus-grossregion.eu\/fr\/wp-content\/uploads\/sites\/3\/2021\/07\/Galerie-2-901x715.jpg","slider-image-width":901,"slider-image-height":715,"quote-image":"https:\/\/tourismus-grossregion.eu\/fr\/wp-content\/uploads\/sites\/3\/2021\/07\/Galerie-2-683x455.jpg","quote-image-width":683,"quote-image-height":455,"productcard-image":"https:\/\/tourismus-grossregion.eu\/fr\/wp-content\/uploads\/sites\/3\/2021\/07\/Galerie-2-710x473.jpg","productcard-image-width":710,"productcard-image-height":473}},"widget_gallery_caption":""},{"widget_gallery_image":{"ID":498,"id":498,"title":"GROB_4040","filename":"GROB_4040.jpg","filesize":371522,"url":"https:\/\/tourismus-grossregion.eu\/fr\/wp-content\/uploads\/sites\/3\/2021\/07\/GROB_4040.jpg","link":"https:\/\/tourismus-grossregion.eu\/fr\/vtt-perl\/grob_4040\/","alt":"Au premier plan, un arbre auquel sont attach\u00e9s trois panneaux de signalisation. En arri\u00e8re-plan, deux v\u00e9t\u00e9tistes sont l\u00e9g\u00e8rement flous.","author":"2","description":"Au premier plan, un arbre auquel sont attach\u00e9s trois panneaux de signalisation. En arri\u00e8re-plan, deux v\u00e9t\u00e9tistes sont l\u00e9g\u00e8rement flous.","caption":"","name":"grob_4040","status":"inherit","uploaded_to":493,"date":"2021-07-26 12:26:48","modified":"2021-07-26 15:04:43","menu_order":0,"mime_type":"image\/jpeg","type":"image","subtype":"jpeg","icon":"https:\/\/tourismus-grossregion.eu\/fr\/wp-includes\/images\/media\/default.png","width":1280,"height":854,"sizes":{"thumbnail":"https:\/\/tourismus-grossregion.eu\/fr\/wp-content\/uploads\/sites\/3\/2021\/07\/GROB_4040-150x150.jpg","thumbnail-width":150,"thumbnail-height":150,"medium":"https:\/\/tourismus-grossregion.eu\/fr\/wp-content\/uploads\/sites\/3\/2021\/07\/GROB_4040-300x200.jpg","medium-width":300,"medium-height":200,"medium_large":"https:\/\/tourismus-grossregion.eu\/fr\/wp-content\/uploads\/sites\/3\/2021\/07\/GROB_4040-768x512.jpg","medium_large-width":768,"medium_large-height":512,"large":"https:\/\/tourismus-grossregion.eu\/fr\/wp-content\/uploads\/sites\/3\/2021\/07\/GROB_4040-1024x683.jpg","large-width":1024,"large-height":683,"1536x1536":"https:\/\/tourismus-grossregion.eu\/fr\/wp-content\/uploads\/sites\/3\/2021\/07\/GROB_4040.jpg","1536x1536-width":1280,"1536x1536-height":854,"2048x2048":"https:\/\/tourismus-grossregion.eu\/fr\/wp-content\/uploads\/sites\/3\/2021\/07\/GROB_4040.jpg","2048x2048-width":1280,"2048x2048-height":854,"download-thumbnail":"https:\/\/tourismus-grossregion.eu\/fr\/wp-content\/uploads\/sites\/3\/2021\/07\/GROB_4040-345x230.jpg","download-thumbnail-width":345,"download-thumbnail-height":230,"paragraphimage":"https:\/\/tourismus-grossregion.eu\/fr\/wp-content\/uploads\/sites\/3\/2021\/07\/GROB_4040-468x312.jpg","paragraphimage-width":468,"paragraphimage-height":312,"slider-image":"https:\/\/tourismus-grossregion.eu\/fr\/wp-content\/uploads\/sites\/3\/2021\/07\/GROB_4040-901x715.jpg","slider-image-width":901,"slider-image-height":715,"quote-image":"https:\/\/tourismus-grossregion.eu\/fr\/wp-content\/uploads\/sites\/3\/2021\/07\/GROB_4040-683x456.jpg","quote-image-width":683,"quote-image-height":456,"productcard-image":"https:\/\/tourismus-grossregion.eu\/fr\/wp-content\/uploads\/sites\/3\/2021\/07\/GROB_4040-710x474.jpg","productcard-image-width":710,"productcard-image-height":474}},"widget_gallery_caption":""},{"widget_gallery_image":{"ID":499,"id":499,"title":"Galerie-4","filename":"Galerie-4.jpg","filesize":1201546,"url":"https:\/\/tourismus-grossregion.eu\/fr\/wp-content\/uploads\/sites\/3\/2021\/07\/Galerie-4.jpg","link":"https:\/\/tourismus-grossregion.eu\/fr\/vtt-perl\/galerie-4\/","alt":"Trois v\u00e9t\u00e9tistes roulant l'un derri\u00e8re l'autre sur un sentier. En arri\u00e8re-plan, vous pouvez voir la vall\u00e9e de la Moselle.","author":"2","description":"Trois v\u00e9t\u00e9tistes roulant l'un derri\u00e8re l'autre sur un sentier. En arri\u00e8re-plan, vous pouvez voir la vall\u00e9e de la Moselle.","caption":"","name":"galerie-4","status":"inherit","uploaded_to":493,"date":"2021-07-26 12:26:55","modified":"2021-07-26 15:05:05","menu_order":0,"mime_type":"image\/jpeg","type":"image","subtype":"jpeg","icon":"https:\/\/tourismus-grossregion.eu\/fr\/wp-includes\/images\/media\/default.png","width":1700,"height":1134,"sizes":{"thumbnail":"https:\/\/tourismus-grossregion.eu\/fr\/wp-content\/uploads\/sites\/3\/2021\/07\/Galerie-4-150x150.jpg","thumbnail-width":150,"thumbnail-height":150,"medium":"https:\/\/tourismus-grossregion.eu\/fr\/wp-content\/uploads\/sites\/3\/2021\/07\/Galerie-4-300x200.jpg","medium-width":300,"medium-height":200,"medium_large":"https:\/\/tourismus-grossregion.eu\/fr\/wp-content\/uploads\/sites\/3\/2021\/07\/Galerie-4-768x512.jpg","medium_large-width":768,"medium_large-height":512,"large":"https:\/\/tourismus-grossregion.eu\/fr\/wp-content\/uploads\/sites\/3\/2021\/07\/Galerie-4-1024x683.jpg","large-width":1024,"large-height":683,"1536x1536":"https:\/\/tourismus-grossregion.eu\/fr\/wp-content\/uploads\/sites\/3\/2021\/07\/Galerie-4-1536x1025.jpg","1536x1536-width":1536,"1536x1536-height":1025,"2048x2048":"https:\/\/tourismus-grossregion.eu\/fr\/wp-content\/uploads\/sites\/3\/2021\/07\/Galerie-4.jpg","2048x2048-width":1700,"2048x2048-height":1134,"download-thumbnail":"https:\/\/tourismus-grossregion.eu\/fr\/wp-content\/uploads\/sites\/3\/2021\/07\/Galerie-4-345x230.jpg","download-thumbnail-width":345,"download-thumbnail-height":230,"paragraphimage":"https:\/\/tourismus-grossregion.eu\/fr\/wp-content\/uploads\/sites\/3\/2021\/07\/Galerie-4-468x312.jpg","paragraphimage-width":468,"paragraphimage-height":312,"slider-image":"https:\/\/tourismus-grossregion.eu\/fr\/wp-content\/uploads\/sites\/3\/2021\/07\/Galerie-4-901x715.jpg","slider-image-width":901,"slider-image-height":715,"quote-image":"https:\/\/tourismus-grossregion.eu\/fr\/wp-content\/uploads\/sites\/3\/2021\/07\/Galerie-4-683x456.jpg","quote-image-width":683,"quote-image-height":456,"productcard-image":"https:\/\/tourismus-grossregion.eu\/fr\/wp-content\/uploads\/sites\/3\/2021\/07\/Galerie-4-710x474.jpg","productcard-image-width":710,"productcard-image-height":474}},"widget_gallery_caption":""},{"widget_gallery_image":{"ID":602,"id":602,"title":"admin-ajax.php","filename":"admin-ajax.php_.jpg","filesize":34432,"url":"https:\/\/tourismus-grossregion.eu\/fr\/wp-content\/uploads\/sites\/3\/2021\/07\/admin-ajax.php_.jpg","link":"https:\/\/tourismus-grossregion.eu\/fr\/vtt-perl\/admin-ajax-php\/","alt":"deux jeunes gens sur leurs VTT. Ils montent une colline \u00e0 v\u00e9lo. On peut voir des vignes \u00e0 leur gauche.","author":"2","description":"deux jeunes gens sur leurs VTT. Ils montent une colline \u00e0 v\u00e9lo. On peut voir des vignes \u00e0 leur gauche.","caption":"","name":"admin-ajax-php","status":"inherit","uploaded_to":493,"date":"2021-07-26 15:05:51","modified":"2021-07-26 15:06:14","menu_order":0,"mime_type":"image\/jpeg","type":"image","subtype":"jpeg","icon":"https:\/\/tourismus-grossregion.eu\/fr\/wp-includes\/images\/media\/default.png","width":400,"height":267,"sizes":{"thumbnail":"https:\/\/tourismus-grossregion.eu\/fr\/wp-content\/uploads\/sites\/3\/2021\/07\/admin-ajax.php_-150x150.jpg","thumbnail-width":150,"thumbnail-height":150,"medium":"https:\/\/tourismus-grossregion.eu\/fr\/wp-content\/uploads\/sites\/3\/2021\/07\/admin-ajax.php_-300x200.jpg","medium-width":300,"medium-height":200,"medium_large":"https:\/\/tourismus-grossregion.eu\/fr\/wp-content\/uploads\/sites\/3\/2021\/07\/admin-ajax.php_.jpg","medium_large-width":400,"medium_large-height":267,"large":"https:\/\/tourismus-grossregion.eu\/fr\/wp-content\/uploads\/sites\/3\/2021\/07\/admin-ajax.php_.jpg","large-width":400,"large-height":267,"1536x1536":"https:\/\/tourismus-grossregion.eu\/fr\/wp-content\/uploads\/sites\/3\/2021\/07\/admin-ajax.php_.jpg","1536x1536-width":400,"1536x1536-height":267,"2048x2048":"https:\/\/tourismus-grossregion.eu\/fr\/wp-content\/uploads\/sites\/3\/2021\/07\/admin-ajax.php_.jpg","2048x2048-width":400,"2048x2048-height":267,"download-thumbnail":"https:\/\/tourismus-grossregion.eu\/fr\/wp-content\/uploads\/sites\/3\/2021\/07\/admin-ajax.php_-345x230.jpg","download-thumbnail-width":345,"download-thumbnail-height":230,"paragraphimage":"https:\/\/tourismus-grossregion.eu\/fr\/wp-content\/uploads\/sites\/3\/2021\/07\/admin-ajax.php_.jpg","paragraphimage-width":400,"paragraphimage-height":267,"slider-image":"https:\/\/tourismus-grossregion.eu\/fr\/wp-content\/uploads\/sites\/3\/2021\/07\/admin-ajax.php_.jpg","slider-image-width":400,"slider-image-height":267,"quote-image":"https:\/\/tourismus-grossregion.eu\/fr\/wp-content\/uploads\/sites\/3\/2021\/07\/admin-ajax.php_.jpg","quote-image-width":400,"quote-image-height":267,"productcard-image":"https:\/\/tourismus-grossregion.eu\/fr\/wp-content\/uploads\/sites\/3\/2021\/07\/admin-ajax.php_.jpg","productcard-image-width":400,"productcard-image-height":267}},"widget_gallery_caption":""}],"widget_gallery_margin":"small"},{"acf_fc_layout":"widget_editor","widget_editor_justify":true,"widget_editor_editor":"<p>Un doux ronronnement accompagne les trois cyclistes \u00e0 travers la for\u00eat tranquille. Dans certains virages, ils vont si vite que les plantes environnantes se plient au vent.<\/p>\n","widget_editor_margin":"small"},{"acf_fc_layout":"widget_paragraph_headlines_image","widget_paragraph_headlines_image_orientation":false,"widget_paragraph_headlines_image_decoration":false,"widget_paragraph_headlines_image_content":{"widget_paragraph_headlines_image_preline":"","widget_paragraph_headlines_image_headline":"","widget_paragraph_headlines_image_subline":"","widget_paragraph_headlines_image_editor_justify":true,"widget_paragraph_headlines_image_editor":"<p>Le Gladiator-Trail a bien m\u00e9rit\u00e9 son nom : il comporte de nombreux virages et d\u00e9pressions pouvant atteindre cinq m\u00e8tres de profondeur, ainsi que des drops (comme on appelle les sauts en VTT) de 60 \u00e0 70 centim\u00e8tres, un chiffre qui ne semble \u00e9lev\u00e9 que lorsque vous le survolez vous-m\u00eame \u00e0 v\u00e9lo.<\/p>\n<p>Les trois v\u00e9t\u00e9tistes adorent se balader \u00e0 Perl-Borg. Patrick et Genevi\u00e8ve font du VTT depuis de nombreuses ann\u00e9es et Tobias lui-aussi survole sans peur tout monticule qui ose se mettre en travers de son chemin. \u00ab Le VTT est de plus en plus populaire dans notre r\u00e9gion \u00bb, nous explique Patrick, \u00ab c&rsquo;est pourquoi nous nous effor\u00e7ons d&rsquo;offrir aux athl\u00e8tes de nombreux d\u00e9fis. Nous cr\u00e9ons de nouvelles pistes, r\u00e9activons les anciennes et les maintenons en bon \u00e9tat \u00bb.<\/p>\n<p>La nouveaut\u00e9 en 2020, dont Patrick est particuli\u00e8rement fier, est le petit parc VTT. Il s&rsquo;agit d&rsquo;un site d\u2019entra\u00eenement compos\u00e9 de trois modules sur lesquels l&rsquo;\u00e9quilibre, la technique de conduite et l&rsquo;habilet\u00e9 peuvent \u00eatre pratiqu\u00e9s. \u00ab Le parcours de pump track, que vous traversez uniquement en d\u00e9pla\u00e7ant le poids du corps, est unique en Sarre \u00bb, explique Patrick. Ce sont surtout les jeunes cyclistes qui viennent ici presque tous les jours pour s&rsquo;entra\u00eener.<\/p>\n","widget_paragraph_headlines_image_link":""},"widget_paragraph_headlines_image_image":{"ID":500,"id":500,"title":"CMR-0995-2-1","filename":"CMR-0995-2-1.jpg","filesize":901436,"url":"https:\/\/tourismus-grossregion.eu\/fr\/wp-content\/uploads\/sites\/3\/2021\/07\/CMR-0995-2-1.jpg","link":"https:\/\/tourismus-grossregion.eu\/fr\/vtt-perl\/cmr-0995-2-1\/","alt":"Un v\u00e9t\u00e9tiste sur un sentier qui vient de terminer un saut. On peut voir les arbres de la for\u00eat tout autour.","author":"2","description":"Un v\u00e9t\u00e9tiste sur un sentier qui vient de terminer un saut. On peut voir les arbres de la for\u00eat tout autour.","caption":"","name":"cmr-0995-2-1","status":"inherit","uploaded_to":493,"date":"2021-07-26 12:27:05","modified":"2021-07-26 15:06:53","menu_order":0,"mime_type":"image\/jpeg","type":"image","subtype":"jpeg","icon":"https:\/\/tourismus-grossregion.eu\/fr\/wp-includes\/images\/media\/default.png","width":1280,"height":850,"sizes":{"thumbnail":"https:\/\/tourismus-grossregion.eu\/fr\/wp-content\/uploads\/sites\/3\/2021\/07\/CMR-0995-2-1-150x150.jpg","thumbnail-width":150,"thumbnail-height":150,"medium":"https:\/\/tourismus-grossregion.eu\/fr\/wp-content\/uploads\/sites\/3\/2021\/07\/CMR-0995-2-1-300x199.jpg","medium-width":300,"medium-height":199,"medium_large":"https:\/\/tourismus-grossregion.eu\/fr\/wp-content\/uploads\/sites\/3\/2021\/07\/CMR-0995-2-1-768x510.jpg","medium_large-width":768,"medium_large-height":510,"large":"https:\/\/tourismus-grossregion.eu\/fr\/wp-content\/uploads\/sites\/3\/2021\/07\/CMR-0995-2-1-1024x680.jpg","large-width":1024,"large-height":680,"1536x1536":"https:\/\/tourismus-grossregion.eu\/fr\/wp-content\/uploads\/sites\/3\/2021\/07\/CMR-0995-2-1.jpg","1536x1536-width":1280,"1536x1536-height":850,"2048x2048":"https:\/\/tourismus-grossregion.eu\/fr\/wp-content\/uploads\/sites\/3\/2021\/07\/CMR-0995-2-1.jpg","2048x2048-width":1280,"2048x2048-height":850,"download-thumbnail":"https:\/\/tourismus-grossregion.eu\/fr\/wp-content\/uploads\/sites\/3\/2021\/07\/CMR-0995-2-1-345x229.jpg","download-thumbnail-width":345,"download-thumbnail-height":229,"paragraphimage":"https:\/\/tourismus-grossregion.eu\/fr\/wp-content\/uploads\/sites\/3\/2021\/07\/CMR-0995-2-1-468x311.jpg","paragraphimage-width":468,"paragraphimage-height":311,"slider-image":"https:\/\/tourismus-grossregion.eu\/fr\/wp-content\/uploads\/sites\/3\/2021\/07\/CMR-0995-2-1-901x715.jpg","slider-image-width":901,"slider-image-height":715,"quote-image":"https:\/\/tourismus-grossregion.eu\/fr\/wp-content\/uploads\/sites\/3\/2021\/07\/CMR-0995-2-1-683x454.jpg","quote-image-width":683,"quote-image-height":454,"productcard-image":"https:\/\/tourismus-grossregion.eu\/fr\/wp-content\/uploads\/sites\/3\/2021\/07\/CMR-0995-2-1-710x471.jpg","productcard-image-width":710,"productcard-image-height":471}},"widget_paragraph_headlines_image_image_option":false,"widget_paragraph_headlines_image_margin":"small"},{"acf_fc_layout":"widget_paragraph_headlines_image","widget_paragraph_headlines_image_orientation":true,"widget_paragraph_headlines_image_decoration":false,"widget_paragraph_headlines_image_content":{"widget_paragraph_headlines_image_preline":"","widget_paragraph_headlines_image_headline":"","widget_paragraph_headlines_image_subline":"M\u00eame les grands-parents font du v\u00e9lo","widget_paragraph_headlines_image_editor_justify":true,"widget_paragraph_headlines_image_editor":"<p>Tr\u00e8s concentr\u00e9, il observe la pente devant lui. Avec ses mains, il tient fermement les deux leviers de frein. Il ajuste sa jambe droite sur la p\u00e9dale. Sur sa cuisse, une \u00e9norme contusion lui rappelle sa derni\u00e8re descente. \u00ab Laisse venir lentement et penche-toi ensuite en arri\u00e8re \u00bb, dit Patrick, en faisant un signe de t\u00eate confiant \u00e0 Elias. Monja, la m\u00e8re d&rsquo;Elias, se tient \u00e0 c\u00f4t\u00e9 de Patrick et regarde fi\u00e8rement son fils.<\/p>\n<p>Et c&rsquo;est parti : Elias d\u00e9marre lentement, roule sur l&rsquo;ar\u00eate, d\u00e9place son poids sur la selle en descendant la pente, se redresse et p\u00e9dale rapidement trois ou quatre fois afin de pouvoir remonter de l&rsquo;autre c\u00f4t\u00e9 de la bosse. Mais juste avant le sommet, il ralenti trop, ne prend pas bien le virage et bascule sur le c\u00f4t\u00e9 droit en m\u00eame temps que le v\u00e9lo.<br \/>\n\u00ab Heureusement, il est encore \u00e0 un \u00e2ge o\u00f9 l&rsquo;on se rel\u00e8ve facilement \u00bb, murmure Monja \u00e0 Patrick. L&rsquo;enfant de huit ans se rel\u00e8ve, leur fait un clin d&rsquo;\u0153il malicieux, se d\u00e9barrasse de la salet\u00e9 sur ses jambes d\u2019un revers de main et se remet en selle.<\/p>\n<p>\u00ab Le VTT est un v\u00e9ritable sport familial \u00bb, dit Patrick. \u00ab Dans mon cercle de connaissances, m\u00eame les grands-m\u00e8res et les grands-p\u00e8res font encore souvent du VTT, et pas seulement le long des sentiers familiaux essentiellement plats. \u00bb<\/p>\n","widget_paragraph_headlines_image_link":""},"widget_paragraph_headlines_image_image":{"ID":501,"id":501,"title":"GROB_3611","filename":"GROB_3611.jpg","filesize":709004,"url":"https:\/\/tourismus-grossregion.eu\/fr\/wp-content\/uploads\/sites\/3\/2021\/07\/GROB_3611.jpg","link":"https:\/\/tourismus-grossregion.eu\/fr\/vtt-perl\/grob_3611\/","alt":"Une famille \u00e0 v\u00e9lo sur un chemin de campagne. Deux jeunes gar\u00e7ons devant, les parents derri\u00e8re.","author":"2","description":"","caption":"","name":"grob_3611","status":"inherit","uploaded_to":493,"date":"2021-07-26 12:27:12","modified":"2021-07-26 15:13:10","menu_order":0,"mime_type":"image\/jpeg","type":"image","subtype":"jpeg","icon":"https:\/\/tourismus-grossregion.eu\/fr\/wp-includes\/images\/media\/default.png","width":1280,"height":854,"sizes":{"thumbnail":"https:\/\/tourismus-grossregion.eu\/fr\/wp-content\/uploads\/sites\/3\/2021\/07\/GROB_3611-150x150.jpg","thumbnail-width":150,"thumbnail-height":150,"medium":"https:\/\/tourismus-grossregion.eu\/fr\/wp-content\/uploads\/sites\/3\/2021\/07\/GROB_3611-300x200.jpg","medium-width":300,"medium-height":200,"medium_large":"https:\/\/tourismus-grossregion.eu\/fr\/wp-content\/uploads\/sites\/3\/2021\/07\/GROB_3611-768x512.jpg","medium_large-width":768,"medium_large-height":512,"large":"https:\/\/tourismus-grossregion.eu\/fr\/wp-content\/uploads\/sites\/3\/2021\/07\/GROB_3611-1024x683.jpg","large-width":1024,"large-height":683,"1536x1536":"https:\/\/tourismus-grossregion.eu\/fr\/wp-content\/uploads\/sites\/3\/2021\/07\/GROB_3611.jpg","1536x1536-width":1280,"1536x1536-height":854,"2048x2048":"https:\/\/tourismus-grossregion.eu\/fr\/wp-content\/uploads\/sites\/3\/2021\/07\/GROB_3611.jpg","2048x2048-width":1280,"2048x2048-height":854,"download-thumbnail":"https:\/\/tourismus-grossregion.eu\/fr\/wp-content\/uploads\/sites\/3\/2021\/07\/GROB_3611-345x230.jpg","download-thumbnail-width":345,"download-thumbnail-height":230,"paragraphimage":"https:\/\/tourismus-grossregion.eu\/fr\/wp-content\/uploads\/sites\/3\/2021\/07\/GROB_3611-468x312.jpg","paragraphimage-width":468,"paragraphimage-height":312,"slider-image":"https:\/\/tourismus-grossregion.eu\/fr\/wp-content\/uploads\/sites\/3\/2021\/07\/GROB_3611-901x715.jpg","slider-image-width":901,"slider-image-height":715,"quote-image":"https:\/\/tourismus-grossregion.eu\/fr\/wp-content\/uploads\/sites\/3\/2021\/07\/GROB_3611-683x456.jpg","quote-image-width":683,"quote-image-height":456,"productcard-image":"https:\/\/tourismus-grossregion.eu\/fr\/wp-content\/uploads\/sites\/3\/2021\/07\/GROB_3611-710x474.jpg","productcard-image-width":710,"productcard-image-height":474}},"widget_paragraph_headlines_image_image_option":false,"widget_paragraph_headlines_image_margin":"small"},{"acf_fc_layout":"widget_testimonial","widget_testimonial_color":false,"widget_testimonial_content":{"widget_testimonial_name":"Patrick M\u00fcller","widget_testimonial_position":"Entra\u00eeneur de v\u00e9lo de montagne","widget_testimonial_quote_size":false,"widget_testimonial_quote":"\u00ab Dans mon cercle de connaissances, m\u00eame les grands-m\u00e8res et les grands-p\u00e8res font encore souvent du VTT. \u00bb"},"widget_testimonial_image":{"ID":502,"id":502,"title":"Patrick","filename":"Patrick.jpg","filesize":812003,"url":"https:\/\/tourismus-grossregion.eu\/fr\/wp-content\/uploads\/sites\/3\/2021\/07\/Patrick.jpg","link":"https:\/\/tourismus-grossregion.eu\/fr\/vtt-perl\/patrick\/","alt":"L'entra\u00eeneur de v\u00e9lo de montagne qui termine une descente de sentier.","author":"2","description":"L'entra\u00eeneur de v\u00e9lo de montagne qui termine une descente de sentier.","caption":"","name":"patrick","status":"inherit","uploaded_to":493,"date":"2021-07-26 12:27:18","modified":"2021-07-26 15:13:35","menu_order":0,"mime_type":"image\/jpeg","type":"image","subtype":"jpeg","icon":"https:\/\/tourismus-grossregion.eu\/fr\/wp-includes\/images\/media\/default.png","width":1280,"height":854,"sizes":{"thumbnail":"https:\/\/tourismus-grossregion.eu\/fr\/wp-content\/uploads\/sites\/3\/2021\/07\/Patrick.jpg","thumbnail-width":150,"thumbnail-height":100,"medium":"https:\/\/tourismus-grossregion.eu\/fr\/wp-content\/uploads\/sites\/3\/2021\/07\/Patrick-300x200.jpg","medium-width":300,"medium-height":200,"medium_large":"https:\/\/tourismus-grossregion.eu\/fr\/wp-content\/uploads\/sites\/3\/2021\/07\/Patrick.jpg","medium_large-width":768,"medium_large-height":512,"large":"https:\/\/tourismus-grossregion.eu\/fr\/wp-content\/uploads\/sites\/3\/2021\/07\/Patrick.jpg","large-width":1024,"large-height":683,"1536x1536":"https:\/\/tourismus-grossregion.eu\/fr\/wp-content\/uploads\/sites\/3\/2021\/07\/Patrick.jpg","1536x1536-width":1280,"1536x1536-height":854,"2048x2048":"https:\/\/tourismus-grossregion.eu\/fr\/wp-content\/uploads\/sites\/3\/2021\/07\/Patrick.jpg","2048x2048-width":1280,"2048x2048-height":854,"download-thumbnail":"https:\/\/tourismus-grossregion.eu\/fr\/wp-content\/uploads\/sites\/3\/2021\/07\/Patrick.jpg","download-thumbnail-width":345,"download-thumbnail-height":230,"paragraphimage":"https:\/\/tourismus-grossregion.eu\/fr\/wp-content\/uploads\/sites\/3\/2021\/07\/Patrick.jpg","paragraphimage-width":468,"paragraphimage-height":312,"slider-image":"https:\/\/tourismus-grossregion.eu\/fr\/wp-content\/uploads\/sites\/3\/2021\/07\/Patrick.jpg","slider-image-width":901,"slider-image-height":601,"quote-image":"https:\/\/tourismus-grossregion.eu\/fr\/wp-content\/uploads\/sites\/3\/2021\/07\/Patrick.jpg","quote-image-width":683,"quote-image-height":456,"productcard-image":"https:\/\/tourismus-grossregion.eu\/fr\/wp-content\/uploads\/sites\/3\/2021\/07\/Patrick.jpg","productcard-image-width":710,"productcard-image-height":474}},"widget_testimonial_margin":"small"},{"acf_fc_layout":"widget_editor","widget_editor_justify":true,"widget_editor_editor":"<p>Il estime qu\u2019on peut vraiment s&rsquo;exercer dans la for\u00eat. Parfois, il y va avec les \u00e9l\u00e8ves de l&rsquo;\u00e9cole de VTT de Saar-Obermosel. Il pratique de petits sauts avec eux, les dirige dans les creux et les laisse acc\u00e9l\u00e9rer sur les pistes de VTT bien entretenues. Le week-end, Patrick et les autres instructeurs se d\u00e9placent avec jusqu&rsquo;\u00e0 60 enfants. C&rsquo;est assez fatigant, mais tr\u00e8s amusant. Surtout quand de grands talents comme Elias se r\u00e9v\u00e8lent. Peut-\u00eatre que la prochaine fois, ils emm\u00e8neront le jeune gar\u00e7on avec eux sur la piste panoramique.<\/p>\n<p><a href=\"http:\/\/www.mtb-saarobermosel.de\/willkommen.html\" target=\"_blank\" rel=\"noopener\"><strong>https:\/\/www.mtb-saarobermosel.de\/willkommen.html<\/strong><\/a><br \/>\n<a href=\"http:\/\/perl.saarland\/mountainbike-infrastructure.html\" target=\"_blank\" rel=\"noopener\"><strong>https:\/\/perl.saarland\/mountainbike-infrastructure.html<\/strong><\/a><\/p>\n","widget_editor_margin":"small"},{"acf_fc_layout":"widget_video","widget_video_type":false,"widget_video_youtube":"https:\/\/youtu.be\/cfcJ78SQf1Y","widget_video_youtube_poster_bool":true,"widget_video_youtube_poster":{"ID":498,"id":498,"title":"GROB_4040","filename":"GROB_4040.jpg","filesize":371522,"url":"https:\/\/tourismus-grossregion.eu\/fr\/wp-content\/uploads\/sites\/3\/2021\/07\/GROB_4040.jpg","link":"https:\/\/tourismus-grossregion.eu\/fr\/vtt-perl\/grob_4040\/","alt":"Au premier plan, un arbre auquel sont attach\u00e9s trois panneaux de signalisation. En arri\u00e8re-plan, deux v\u00e9t\u00e9tistes sont l\u00e9g\u00e8rement flous.","author":"2","description":"Au premier plan, un arbre auquel sont attach\u00e9s trois panneaux de signalisation. En arri\u00e8re-plan, deux v\u00e9t\u00e9tistes sont l\u00e9g\u00e8rement flous.","caption":"","name":"grob_4040","status":"inherit","uploaded_to":493,"date":"2021-07-26 12:26:48","modified":"2021-07-26 15:04:43","menu_order":0,"mime_type":"image\/jpeg","type":"image","subtype":"jpeg","icon":"https:\/\/tourismus-grossregion.eu\/fr\/wp-includes\/images\/media\/default.png","width":1280,"height":854,"sizes":{"thumbnail":"https:\/\/tourismus-grossregion.eu\/fr\/wp-content\/uploads\/sites\/3\/2021\/07\/GROB_4040-150x150.jpg","thumbnail-width":150,"thumbnail-height":150,"medium":"https:\/\/tourismus-grossregion.eu\/fr\/wp-content\/uploads\/sites\/3\/2021\/07\/GROB_4040-300x200.jpg","medium-width":300,"medium-height":200,"medium_large":"https:\/\/tourismus-grossregion.eu\/fr\/wp-content\/uploads\/sites\/3\/2021\/07\/GROB_4040-768x512.jpg","medium_large-width":768,"medium_large-height":512,"large":"https:\/\/tourismus-grossregion.eu\/fr\/wp-content\/uploads\/sites\/3\/2021\/07\/GROB_4040-1024x683.jpg","large-width":1024,"large-height":683,"1536x1536":"https:\/\/tourismus-grossregion.eu\/fr\/wp-content\/uploads\/sites\/3\/2021\/07\/GROB_4040.jpg","1536x1536-width":1280,"1536x1536-height":854,"2048x2048":"https:\/\/tourismus-grossregion.eu\/fr\/wp-content\/uploads\/sites\/3\/2021\/07\/GROB_4040.jpg","2048x2048-width":1280,"2048x2048-height":854,"download-thumbnail":"https:\/\/tourismus-grossregion.eu\/fr\/wp-content\/uploads\/sites\/3\/2021\/07\/GROB_4040-345x230.jpg","download-thumbnail-width":345,"download-thumbnail-height":230,"paragraphimage":"https:\/\/tourismus-grossregion.eu\/fr\/wp-content\/uploads\/sites\/3\/2021\/07\/GROB_4040-468x312.jpg","paragraphimage-width":468,"paragraphimage-height":312,"slider-image":"https:\/\/tourismus-grossregion.eu\/fr\/wp-content\/uploads\/sites\/3\/2021\/07\/GROB_4040-901x715.jpg","slider-image-width":901,"slider-image-height":715,"quote-image":"https:\/\/tourismus-grossregion.eu\/fr\/wp-content\/uploads\/sites\/3\/2021\/07\/GROB_4040-683x456.jpg","quote-image-width":683,"quote-image-height":456,"productcard-image":"https:\/\/tourismus-grossregion.eu\/fr\/wp-content\/uploads\/sites\/3\/2021\/07\/GROB_4040-710x474.jpg","productcard-image-width":710,"productcard-image-height":474}},"widget_video_youtube_poster_filter":false,"widget_video_upload":false,"widget_video_headline":"","widget_video_duration":"02:37","widget_video_margin":"small"},{"acf_fc_layout":"widget_paragraph_headlines_image","widget_paragraph_headlines_image_orientation":false,"widget_paragraph_headlines_image_decoration":true,"widget_paragraph_headlines_image_content":{"widget_paragraph_headlines_image_preline":"","widget_paragraph_headlines_image_headline":"","widget_paragraph_headlines_image_subline":"Vous aimez ce que vous voyez ? ","widget_paragraph_headlines_image_editor_justify":true,"widget_paragraph_headlines_image_editor":"<p>La Grande R\u00e9gion a beaucoup plus \u00e0 offrir ! Jetez un coup d&rsquo;\u0153il aux histoires suivantes de la r\u00e9gion et laissez-vous inspirer.<\/p>\n","widget_paragraph_headlines_image_link":""},"widget_paragraph_headlines_image_image":false,"widget_paragraph_headlines_image_image_option":false,"widget_paragraph_headlines_image_margin":"small"},{"acf_fc_layout":"widget_content_carousel","widget_content_carousel_preline":"","widget_content_carousel_headline":"","widget_content_carousel_description_justify":false,"widget_content_carousel_entries":[{"widget_content_carousel_entries_thumbnail":{"ID":403,"id":403,"title":"DJI_0794_1","filename":"DJI_0794_1.jpg","filesize":692663,"url":"https:\/\/tourismus-grossregion.eu\/fr\/wp-content\/uploads\/sites\/3\/2021\/07\/DJI_0794_1.jpg","link":"https:\/\/tourismus-grossregion.eu\/fr\/la-vennbahn\/dji_0794_1\/","alt":"Une partie de la Vennbahn est visible depuis les airs : la piste cyclable de couleur turquoise traverse les voies ferr\u00e9es.","author":"2","description":"Une partie de la Vennbahn est visible depuis les airs : la piste cyclable de couleur turquoise traverse les voies ferr\u00e9es.","caption":"","name":"dji_0794_1","status":"inherit","uploaded_to":474,"date":"2021-07-26 09:41:11","modified":"2021-07-26 15:45:30","menu_order":0,"mime_type":"image\/jpeg","type":"image","subtype":"jpeg","icon":"https:\/\/tourismus-grossregion.eu\/fr\/wp-includes\/images\/media\/default.png","width":1920,"height":1280,"sizes":{"thumbnail":"https:\/\/tourismus-grossregion.eu\/fr\/wp-content\/uploads\/sites\/3\/2021\/07\/DJI_0794_1-150x150.jpg","thumbnail-width":150,"thumbnail-height":150,"medium":"https:\/\/tourismus-grossregion.eu\/fr\/wp-content\/uploads\/sites\/3\/2021\/07\/DJI_0794_1-300x200.jpg","medium-width":300,"medium-height":200,"medium_large":"https:\/\/tourismus-grossregion.eu\/fr\/wp-content\/uploads\/sites\/3\/2021\/07\/DJI_0794_1-768x512.jpg","medium_large-width":768,"medium_large-height":512,"large":"https:\/\/tourismus-grossregion.eu\/fr\/wp-content\/uploads\/sites\/3\/2021\/07\/DJI_0794_1-1024x683.jpg","large-width":1024,"large-height":683,"1536x1536":"https:\/\/tourismus-grossregion.eu\/fr\/wp-content\/uploads\/sites\/3\/2021\/07\/DJI_0794_1-1536x1024.jpg","1536x1536-width":1536,"1536x1536-height":1024,"2048x2048":"https:\/\/tourismus-grossregion.eu\/fr\/wp-content\/uploads\/sites\/3\/2021\/07\/DJI_0794_1.jpg","2048x2048-width":1920,"2048x2048-height":1280,"download-thumbnail":"https:\/\/tourismus-grossregion.eu\/fr\/wp-content\/uploads\/sites\/3\/2021\/07\/DJI_0794_1-345x230.jpg","download-thumbnail-width":345,"download-thumbnail-height":230,"paragraphimage":"https:\/\/tourismus-grossregion.eu\/fr\/wp-content\/uploads\/sites\/3\/2021\/07\/DJI_0794_1-468x312.jpg","paragraphimage-width":468,"paragraphimage-height":312,"slider-image":"https:\/\/tourismus-grossregion.eu\/fr\/wp-content\/uploads\/sites\/3\/2021\/07\/DJI_0794_1-901x715.jpg","slider-image-width":901,"slider-image-height":715,"quote-image":"https:\/\/tourismus-grossregion.eu\/fr\/wp-content\/uploads\/sites\/3\/2021\/07\/DJI_0794_1-683x455.jpg","quote-image-width":683,"quote-image-height":455,"productcard-image":"https:\/\/tourismus-grossregion.eu\/fr\/wp-content\/uploads\/sites\/3\/2021\/07\/DJI_0794_1-710x473.jpg","productcard-image-width":710,"productcard-image-height":473}},"widget_content_carousel_entries_title":"La Vennbahn","widget_content_carousel_entries_description":"<p>Excursion transfrontali\u00e8re : en route sur la Vennbahn<\/p>\n","widget_content_carousel_entries__link":"https:\/\/tourismus-grossregion.eu\/fr\/?page_id=474&preview=true"},{"widget_content_carousel_entries_thumbnail":{"ID":696,"id":696,"title":"DJI_0775_1","filename":"DJI_0775_1.jpg","filesize":856121,"url":"https:\/\/tourismus-grossregion.eu\/fr\/wp-content\/uploads\/sites\/3\/2021\/07\/DJI_0775_1.jpg","link":"https:\/\/tourismus-grossregion.eu\/fr\/dans-le-wolfsbusch\/dji_0775_1\/","alt":"Une vue \u00e0 vol d'oiseau d'une partie d'un sentier de randonn\u00e9e dans le Wolfsbusch. Un champ et une for\u00eat sont s\u00e9par\u00e9s par une route.","author":"2","description":"Une vue \u00e0 vol d'oiseau d'une partie d'un sentier de randonn\u00e9e dans le Wolfsbusch. Un champ et une for\u00eat sont s\u00e9par\u00e9s par une route.","caption":"","name":"dji_0775_1","status":"inherit","uploaded_to":695,"date":"2021-07-27 10:24:42","modified":"2021-08-13 09:09:25","menu_order":0,"mime_type":"image\/jpeg","type":"image","subtype":"jpeg","icon":"https:\/\/tourismus-grossregion.eu\/fr\/wp-includes\/images\/media\/default.png","width":1920,"height":1280,"sizes":{"thumbnail":"https:\/\/tourismus-grossregion.eu\/fr\/wp-content\/uploads\/sites\/3\/2021\/07\/DJI_0775_1-150x150.jpg","thumbnail-width":150,"thumbnail-height":150,"medium":"https:\/\/tourismus-grossregion.eu\/fr\/wp-content\/uploads\/sites\/3\/2021\/07\/DJI_0775_1-300x200.jpg","medium-width":300,"medium-height":200,"medium_large":"https:\/\/tourismus-grossregion.eu\/fr\/wp-content\/uploads\/sites\/3\/2021\/07\/DJI_0775_1-768x512.jpg","medium_large-width":768,"medium_large-height":512,"large":"https:\/\/tourismus-grossregion.eu\/fr\/wp-content\/uploads\/sites\/3\/2021\/07\/DJI_0775_1-1024x683.jpg","large-width":1024,"large-height":683,"1536x1536":"https:\/\/tourismus-grossregion.eu\/fr\/wp-content\/uploads\/sites\/3\/2021\/07\/DJI_0775_1-1536x1024.jpg","1536x1536-width":1536,"1536x1536-height":1024,"2048x2048":"https:\/\/tourismus-grossregion.eu\/fr\/wp-content\/uploads\/sites\/3\/2021\/07\/DJI_0775_1.jpg","2048x2048-width":1920,"2048x2048-height":1280,"download-thumbnail":"https:\/\/tourismus-grossregion.eu\/fr\/wp-content\/uploads\/sites\/3\/2021\/07\/DJI_0775_1-345x230.jpg","download-thumbnail-width":345,"download-thumbnail-height":230,"paragraphimage":"https:\/\/tourismus-grossregion.eu\/fr\/wp-content\/uploads\/sites\/3\/2021\/07\/DJI_0775_1-468x312.jpg","paragraphimage-width":468,"paragraphimage-height":312,"slider-image":"https:\/\/tourismus-grossregion.eu\/fr\/wp-content\/uploads\/sites\/3\/2021\/07\/DJI_0775_1-901x715.jpg","slider-image-width":901,"slider-image-height":715,"quote-image":"https:\/\/tourismus-grossregion.eu\/fr\/wp-content\/uploads\/sites\/3\/2021\/07\/DJI_0775_1-683x455.jpg","quote-image-width":683,"quote-image-height":455,"productcard-image":"https:\/\/tourismus-grossregion.eu\/fr\/wp-content\/uploads\/sites\/3\/2021\/07\/DJI_0775_1-710x473.jpg","productcard-image-width":710,"productcard-image-height":473}},"widget_content_carousel_entries_title":"Dans le Wolfsbusch","widget_content_carousel_entries_description":"<p>Des Celtes aux chercheurs d\u2019or : randonn\u00e9e dans la for\u00eat du loup<\/p>\n","widget_content_carousel_entries__link":"https:\/\/tourismus-grossregion.eu\/fr\/?page_id=695&preview=true"},{"widget_content_carousel_entries_thumbnail":{"ID":721,"id":721,"title":"Header","filename":"Header.jpg","filesize":931483,"url":"https:\/\/tourismus-grossregion.eu\/fr\/wp-content\/uploads\/sites\/3\/2021\/07\/Header.jpg","link":"https:\/\/tourismus-grossregion.eu\/fr\/randonnee-manternacher-fiels\/header\/","alt":"Gros plan d'un chien guid\u00e9 par le lei le long du sentier du CFL. On peut voir plusieurs randonneurs \u00e0 l'arri\u00e8re-plan, dans un flou.","author":"2","description":"Gros plan d'un chien guid\u00e9 par le lei le long du sentier du CFL. On peut voir plusieurs randonneurs \u00e0 l'arri\u00e8re-plan, dans un flou.","caption":"","name":"header","status":"inherit","uploaded_to":720,"date":"2021-07-27 10:45:49","modified":"2021-08-13 09:00:02","menu_order":0,"mime_type":"image\/jpeg","type":"image","subtype":"jpeg","icon":"https:\/\/tourismus-grossregion.eu\/fr\/wp-includes\/images\/media\/default.png","width":2150,"height":1432,"sizes":{"thumbnail":"https:\/\/tourismus-grossregion.eu\/fr\/wp-content\/uploads\/sites\/3\/2021\/07\/Header-150x150.jpg","thumbnail-width":150,"thumbnail-height":150,"medium":"https:\/\/tourismus-grossregion.eu\/fr\/wp-content\/uploads\/sites\/3\/2021\/07\/Header-300x200.jpg","medium-width":300,"medium-height":200,"medium_large":"https:\/\/tourismus-grossregion.eu\/fr\/wp-content\/uploads\/sites\/3\/2021\/07\/Header-768x512.jpg","medium_large-width":768,"medium_large-height":512,"large":"https:\/\/tourismus-grossregion.eu\/fr\/wp-content\/uploads\/sites\/3\/2021\/07\/Header-1024x682.jpg","large-width":1024,"large-height":682,"1536x1536":"https:\/\/tourismus-grossregion.eu\/fr\/wp-content\/uploads\/sites\/3\/2021\/07\/Header-1536x1023.jpg","1536x1536-width":1536,"1536x1536-height":1023,"2048x2048":"https:\/\/tourismus-grossregion.eu\/fr\/wp-content\/uploads\/sites\/3\/2021\/07\/Header-2048x1364.jpg","2048x2048-width":2048,"2048x2048-height":1364,"download-thumbnail":"https:\/\/tourismus-grossregion.eu\/fr\/wp-content\/uploads\/sites\/3\/2021\/07\/Header-345x230.jpg","download-thumbnail-width":345,"download-thumbnail-height":230,"paragraphimage":"https:\/\/tourismus-grossregion.eu\/fr\/wp-content\/uploads\/sites\/3\/2021\/07\/Header-468x312.jpg","paragraphimage-width":468,"paragraphimage-height":312,"slider-image":"https:\/\/tourismus-grossregion.eu\/fr\/wp-content\/uploads\/sites\/3\/2021\/07\/Header-901x715.jpg","slider-image-width":901,"slider-image-height":715,"quote-image":"https:\/\/tourismus-grossregion.eu\/fr\/wp-content\/uploads\/sites\/3\/2021\/07\/Header-683x455.jpg","quote-image-width":683,"quote-image-height":455,"productcard-image":"https:\/\/tourismus-grossregion.eu\/fr\/wp-content\/uploads\/sites\/3\/2021\/07\/Header-710x473.jpg","productcard-image-width":710,"productcard-image-height":473}},"widget_content_carousel_entries_title":"La \u00ab Manternacher Fiels \u00bb - Chemins de Fer Luxembourgeois (CFL)","widget_content_carousel_entries_description":"<p>\u00c0 travers la for\u00eat de ravin sauvage<\/p>\n","widget_content_carousel_entries__link":"https:\/\/tourismus-grossregion.eu\/fr\/randonnee-manternacher-fiels\/"}],"widget_content_carousel_margin":"small"}],"page_fields_alternative_title":"En VTT sur les traces des pros"},"_links":{"self":[{"href":"https:\/\/tourismus-grossregion.eu\/fr\/wp-json\/wp\/v2\/pages\/493"}],"collection":[{"href":"https:\/\/tourismus-grossregion.eu\/fr\/wp-json\/wp\/v2\/pages"}],"about":[{"href":"https:\/\/tourismus-grossregion.eu\/fr\/wp-json\/wp\/v2\/types\/page"}],"author":[{"embeddable":true,"href":"https:\/\/tourismus-grossregion.eu\/fr\/wp-json\/wp\/v2\/users\/2"}],"replies":[{"embeddable":true,"href":"https:\/\/tourismus-grossregion.eu\/fr\/wp-json\/wp\/v2\/comments?post=493"}],"version-history":[{"count":22,"href":"https:\/\/tourismus-grossregion.eu\/fr\/wp-json\/wp\/v2\/pages\/493\/revisions"}],"predecessor-version":[{"id":1764,"href":"https:\/\/tourismus-grossregion.eu\/fr\/wp-json\/wp\/v2\/pages\/493\/revisions\/1764"}],"wp:featuredmedia":[{"embeddable":true,"href":"https:\/\/tourismus-grossregion.eu\/fr\/wp-json\/wp\/v2\/media\/494"}],"wp:attachment":[{"href":"https:\/\/tourismus-grossregion.eu\/fr\/wp-json\/wp\/v2\/media?parent=493"}],"curies":[{"name":"wp","href":"https:\/\/api.w.org\/{rel}","templated":true}]}}