{"id":511,"date":"2021-07-28T10:17:50","date_gmt":"2021-07-28T08:17:50","guid":{"rendered":"https:\/\/tgr.zeitraum.com\/fr\/?page_id=511"},"modified":"2021-08-27T13:46:06","modified_gmt":"2021-08-27T11:46:06","slug":"visite-architecturale-luxembourg","status":"publish","type":"page","link":"https:\/\/tourismus-grossregion.eu\/fr\/visite-architecturale-luxembourg\/","title":{"rendered":"Story: Luxemburg: Visite architecturale du Luxembourg"},"content":{"rendered":"","protected":false},"excerpt":{"rendered":"","protected":false},"author":2,"featured_media":504,"parent":0,"menu_order":0,"comment_status":"closed","ping_status":"closed","template":"","meta":[],"yoast_head":"<!-- This site is optimized with the Yoast SEO plugin v16.9 - https:\/\/yoast.com\/wordpress\/plugins\/seo\/ -->\n<meta name=\"robots\" content=\"index, follow, max-snippet:-1, max-image-preview:large, max-video-preview:-1\" \/>\n<link rel=\"canonical\" href=\"https:\/\/tourismus-grossregion.eu\/fr\/visite-architecturale-luxembourg\/\" \/>\n<meta property=\"og:locale\" content=\"fr_FR\" \/>\n<meta property=\"og:type\" content=\"article\" \/>\n<meta property=\"og:title\" content=\"Story: Luxemburg: Visite architecturale du Luxembourg - Tourisme Grande R\u00e9gion\" \/>\n<meta property=\"og:url\" content=\"https:\/\/tourismus-grossregion.eu\/fr\/visite-architecturale-luxembourg\/\" \/>\n<meta property=\"og:site_name\" content=\"Tourisme Grande R\u00e9gion\" \/>\n<meta property=\"article:modified_time\" content=\"2021-08-27T11:46:06+00:00\" \/>\n<meta property=\"og:image\" content=\"https:\/\/tourismus-grossregion.eu\/fr\/wp-content\/uploads\/sites\/3\/2021\/07\/DSC0386.jpg\" \/>\n\t<meta property=\"og:image:width\" content=\"1920\" \/>\n\t<meta property=\"og:image:height\" content=\"1277\" \/>\n<meta name=\"twitter:card\" content=\"summary_large_image\" \/>\n<script type=\"application\/ld+json\" class=\"yoast-schema-graph\">{\"@context\":\"https:\/\/schema.org\",\"@graph\":[{\"@type\":\"WebSite\",\"@id\":\"https:\/\/tourismus-grossregion.eu\/fr\/#website\",\"url\":\"https:\/\/tourismus-grossregion.eu\/fr\/\",\"name\":\"Tourisme Grande R\\u00e9gion\",\"description\":\"Tourisme Grande R\\u00e9gion\",\"potentialAction\":[{\"@type\":\"SearchAction\",\"target\":{\"@type\":\"EntryPoint\",\"urlTemplate\":\"https:\/\/tourismus-grossregion.eu\/fr\/?s={search_term_string}\"},\"query-input\":\"required name=search_term_string\"}],\"inLanguage\":\"fr-FR\"},{\"@type\":\"ImageObject\",\"@id\":\"https:\/\/tourismus-grossregion.eu\/fr\/visite-architecturale-luxembourg\/#primaryimage\",\"inLanguage\":\"fr-FR\",\"url\":\"https:\/\/tourismus-grossregion.eu\/fr\/wp-content\/uploads\/sites\/3\/2021\/07\/DSC0386.jpg\",\"contentUrl\":\"https:\/\/tourismus-grossregion.eu\/fr\/wp-content\/uploads\/sites\/3\/2021\/07\/DSC0386.jpg\",\"width\":1920,\"height\":1277,\"caption\":\"L'ascenseur panoramique du Luxembourg photographi\\u00e9 du bas vers le ciel. Le ciel est bleu avec des nuages blancs. L'ascenseur est entour\\u00e9 de hautes fa\\u00e7ades de maisons.\"},{\"@type\":\"WebPage\",\"@id\":\"https:\/\/tourismus-grossregion.eu\/fr\/visite-architecturale-luxembourg\/#webpage\",\"url\":\"https:\/\/tourismus-grossregion.eu\/fr\/visite-architecturale-luxembourg\/\",\"name\":\"Story: Luxemburg: Visite architecturale du Luxembourg - Tourisme Grande R\\u00e9gion\",\"isPartOf\":{\"@id\":\"https:\/\/tourismus-grossregion.eu\/fr\/#website\"},\"primaryImageOfPage\":{\"@id\":\"https:\/\/tourismus-grossregion.eu\/fr\/visite-architecturale-luxembourg\/#primaryimage\"},\"datePublished\":\"2021-07-28T08:17:50+00:00\",\"dateModified\":\"2021-08-27T11:46:06+00:00\",\"breadcrumb\":{\"@id\":\"https:\/\/tourismus-grossregion.eu\/fr\/visite-architecturale-luxembourg\/#breadcrumb\"},\"inLanguage\":\"fr-FR\",\"potentialAction\":[{\"@type\":\"ReadAction\",\"target\":[\"https:\/\/tourismus-grossregion.eu\/fr\/visite-architecturale-luxembourg\/\"]}]},{\"@type\":\"BreadcrumbList\",\"@id\":\"https:\/\/tourismus-grossregion.eu\/fr\/visite-architecturale-luxembourg\/#breadcrumb\",\"itemListElement\":[{\"@type\":\"ListItem\",\"position\":1,\"name\":\"Story: Luxemburg: Visite architecturale du Luxembourg\"}]}]}<\/script>\n<!-- \/ Yoast SEO plugin. -->","yoast_head_json":{"robots":{"index":"index","follow":"follow","max-snippet":"max-snippet:-1","max-image-preview":"max-image-preview:large","max-video-preview":"max-video-preview:-1"},"canonical":"https:\/\/tourismus-grossregion.eu\/fr\/visite-architecturale-luxembourg\/","og_locale":"fr_FR","og_type":"article","og_title":"Story: Luxemburg: Visite architecturale du Luxembourg - Tourisme Grande R\u00e9gion","og_url":"https:\/\/tourismus-grossregion.eu\/fr\/visite-architecturale-luxembourg\/","og_site_name":"Tourisme Grande R\u00e9gion","article_modified_time":"2021-08-27T11:46:06+00:00","og_image":[{"width":1920,"height":1277,"url":"https:\/\/tourismus-grossregion.eu\/fr\/wp-content\/uploads\/sites\/3\/2021\/07\/DSC0386.jpg","path":"\/var\/www\/html\/wp-content\/uploads\/sites\/3\/2021\/07\/DSC0386.jpg","size":"full","id":504,"alt":"L'ascenseur panoramique du Luxembourg photographi\u00e9 du bas vers le ciel. Le ciel est bleu avec des nuages blancs. L'ascenseur est entour\u00e9 de hautes fa\u00e7ades de maisons.","pixels":2451840,"type":"image\/jpeg"}],"twitter_card":"summary_large_image","schema":{"@context":"https:\/\/schema.org","@graph":[{"@type":"WebSite","@id":"https:\/\/tourismus-grossregion.eu\/fr\/#website","url":"https:\/\/tourismus-grossregion.eu\/fr\/","name":"Tourisme Grande R\u00e9gion","description":"Tourisme Grande R\u00e9gion","potentialAction":[{"@type":"SearchAction","target":{"@type":"EntryPoint","urlTemplate":"https:\/\/tourismus-grossregion.eu\/fr\/?s={search_term_string}"},"query-input":"required name=search_term_string"}],"inLanguage":"fr-FR"},{"@type":"ImageObject","@id":"https:\/\/tourismus-grossregion.eu\/fr\/visite-architecturale-luxembourg\/#primaryimage","inLanguage":"fr-FR","url":"https:\/\/tourismus-grossregion.eu\/fr\/wp-content\/uploads\/sites\/3\/2021\/07\/DSC0386.jpg","contentUrl":"https:\/\/tourismus-grossregion.eu\/fr\/wp-content\/uploads\/sites\/3\/2021\/07\/DSC0386.jpg","width":1920,"height":1277,"caption":"L'ascenseur panoramique du Luxembourg photographi\u00e9 du bas vers le ciel. Le ciel est bleu avec des nuages blancs. L'ascenseur est entour\u00e9 de hautes fa\u00e7ades de maisons."},{"@type":"WebPage","@id":"https:\/\/tourismus-grossregion.eu\/fr\/visite-architecturale-luxembourg\/#webpage","url":"https:\/\/tourismus-grossregion.eu\/fr\/visite-architecturale-luxembourg\/","name":"Story: Luxemburg: Visite architecturale du Luxembourg - Tourisme Grande R\u00e9gion","isPartOf":{"@id":"https:\/\/tourismus-grossregion.eu\/fr\/#website"},"primaryImageOfPage":{"@id":"https:\/\/tourismus-grossregion.eu\/fr\/visite-architecturale-luxembourg\/#primaryimage"},"datePublished":"2021-07-28T08:17:50+00:00","dateModified":"2021-08-27T11:46:06+00:00","breadcrumb":{"@id":"https:\/\/tourismus-grossregion.eu\/fr\/visite-architecturale-luxembourg\/#breadcrumb"},"inLanguage":"fr-FR","potentialAction":[{"@type":"ReadAction","target":["https:\/\/tourismus-grossregion.eu\/fr\/visite-architecturale-luxembourg\/"]}]},{"@type":"BreadcrumbList","@id":"https:\/\/tourismus-grossregion.eu\/fr\/visite-architecturale-luxembourg\/#breadcrumb","itemListElement":[{"@type":"ListItem","position":1,"name":"Story: Luxemburg: Visite architecturale du Luxembourg"}]}]}},"acf":{"pb_acf_widgets":[{"acf_fc_layout":"widget_hero_static","widget_hero_static_background":{"widget_hero_static_background_type":false,"widget_hero_static_image":{"ID":504,"id":504,"title":"DSC0386","filename":"DSC0386.jpg","filesize":1531436,"url":"https:\/\/tourismus-grossregion.eu\/fr\/wp-content\/uploads\/sites\/3\/2021\/07\/DSC0386.jpg","link":"https:\/\/tourismus-grossregion.eu\/fr\/?attachment_id=504","alt":"L'ascenseur panoramique du Luxembourg photographi\u00e9 du bas vers le ciel. Le ciel est bleu avec des nuages blancs. L'ascenseur est entour\u00e9 de hautes fa\u00e7ades de maisons.","author":"2","description":"L'ascenseur panoramique du Luxembourg photographi\u00e9 du bas vers le ciel. Le ciel est bleu avec des nuages blancs. L'ascenseur est entour\u00e9 de hautes fa\u00e7ades de maisons.","caption":"","name":"dsc0386","status":"inherit","uploaded_to":582,"date":"2021-07-26 12:28:31","modified":"2021-08-05 11:19:23","menu_order":0,"mime_type":"image\/jpeg","type":"image","subtype":"jpeg","icon":"https:\/\/tourismus-grossregion.eu\/fr\/wp-includes\/images\/media\/default.png","width":1920,"height":1277,"sizes":{"thumbnail":"https:\/\/tourismus-grossregion.eu\/fr\/wp-content\/uploads\/sites\/3\/2021\/07\/DSC0386-150x150.jpg","thumbnail-width":150,"thumbnail-height":150,"medium":"https:\/\/tourismus-grossregion.eu\/fr\/wp-content\/uploads\/sites\/3\/2021\/07\/DSC0386-300x200.jpg","medium-width":300,"medium-height":200,"medium_large":"https:\/\/tourismus-grossregion.eu\/fr\/wp-content\/uploads\/sites\/3\/2021\/07\/DSC0386-768x511.jpg","medium_large-width":768,"medium_large-height":511,"large":"https:\/\/tourismus-grossregion.eu\/fr\/wp-content\/uploads\/sites\/3\/2021\/07\/DSC0386-1024x681.jpg","large-width":1024,"large-height":681,"1536x1536":"https:\/\/tourismus-grossregion.eu\/fr\/wp-content\/uploads\/sites\/3\/2021\/07\/DSC0386-1536x1022.jpg","1536x1536-width":1536,"1536x1536-height":1022,"2048x2048":"https:\/\/tourismus-grossregion.eu\/fr\/wp-content\/uploads\/sites\/3\/2021\/07\/DSC0386.jpg","2048x2048-width":1920,"2048x2048-height":1277,"download-thumbnail":"https:\/\/tourismus-grossregion.eu\/fr\/wp-content\/uploads\/sites\/3\/2021\/07\/DSC0386-345x229.jpg","download-thumbnail-width":345,"download-thumbnail-height":229,"paragraphimage":"https:\/\/tourismus-grossregion.eu\/fr\/wp-content\/uploads\/sites\/3\/2021\/07\/DSC0386-468x311.jpg","paragraphimage-width":468,"paragraphimage-height":311,"slider-image":"https:\/\/tourismus-grossregion.eu\/fr\/wp-content\/uploads\/sites\/3\/2021\/07\/DSC0386-901x715.jpg","slider-image-width":901,"slider-image-height":715,"quote-image":"https:\/\/tourismus-grossregion.eu\/fr\/wp-content\/uploads\/sites\/3\/2021\/07\/DSC0386-683x454.jpg","quote-image-width":683,"quote-image-height":454,"productcard-image":"https:\/\/tourismus-grossregion.eu\/fr\/wp-content\/uploads\/sites\/3\/2021\/07\/DSC0386-710x472.jpg","productcard-image-width":710,"productcard-image-height":472}},"widget_hero_static_video_type":false,"widget_hero_static_video_upload":false,"widget_hero_static_youtube_embed":"","widget_hero_static_filter":true},"widget_hero_static_content":{"widget_hero_static_headline":"Visite architecturale du Luxembourg","widget_hero_static_copy":"","widget_hero_static_link":""},"widget_hero_static_margin":"small"},{"acf_fc_layout":"widget_paragraph_headlines_image","widget_paragraph_headlines_image_orientation":false,"widget_paragraph_headlines_image_decoration":true,"widget_paragraph_headlines_image_content":{"widget_paragraph_headlines_image_preline":"","widget_paragraph_headlines_image_headline":"","widget_paragraph_headlines_image_subline":"Une ville qui rassemble","widget_paragraph_headlines_image_editor_justify":true,"widget_paragraph_headlines_image_editor":"<p>Avec ses vestiges historiques et ses b\u00e2tisses contemporaines, ses cours d\u2019eau et ses vall\u00e9es verdoyantes, la capitale du Luxembourg est fascinante et aussi diversifi\u00e9e que ses habitants issus de plus d\u2019une centaine de nationalit\u00e9s. Balade avec les architectes Arnaud de Meyer et Nico Steinmetz \u00e0 travers une ville mill\u00e9naire et r\u00e9solument tourn\u00e9e vers l\u2019avenir !<\/p>\n","widget_paragraph_headlines_image_link":""},"widget_paragraph_headlines_image_image":false,"widget_paragraph_headlines_image_image_option":false,"widget_paragraph_headlines_image_margin":"small"},{"acf_fc_layout":"widget_paragraph_headlines_image","widget_paragraph_headlines_image_orientation":true,"widget_paragraph_headlines_image_decoration":false,"widget_paragraph_headlines_image_content":{"widget_paragraph_headlines_image_preline":"","widget_paragraph_headlines_image_headline":"","widget_paragraph_headlines_image_subline":"","widget_paragraph_headlines_image_editor_justify":true,"widget_paragraph_headlines_image_editor":"<p>Elle semble avoir \u00e9t\u00e9 cr\u00e9\u00e9e par la nature et par l\u2019homme en m\u00eame temps. En contrebas, dans sa vall\u00e9e, serpente l\u2019Alzette aux abords de l\u2019ancienne abbaye. Sur ses hauteurs s\u2019accrochent les casemates historiques. Au loin, sur le plateau, se profilent des b\u00e2timents modernes. Le tout est ponctu\u00e9 d\u2019intenses feuillages et d\u2019arbres bien verts.<\/p>\n<p>Elle, c\u2019est Luxembourg. \u00ab C\u2019est une ville qui s\u2019appr\u00e9hende \u00e0 plusieurs niveaux \u00bb, comme l\u2019architecte Nico Steinmetz aime \u00e0 en parler. Ici, c\u2019est la vue depuis le parc \u00ab Dr\u00e4i Eechelen \u00bb d\u2019o\u00f9 on peut deviner le cosmopolitisme de la capitale, sa diversit\u00e9 architecturale et topographique. Ce samedi, Nico Steinmetz et son associ\u00e9 Arnaud de Meyer nous font d\u00e9couvrir leur ville \u00e0 v\u00e9lo.<\/p>\n","widget_paragraph_headlines_image_link":""},"widget_paragraph_headlines_image_image":{"ID":505,"id":505,"title":"DSC_8966","filename":"DSC_8966.jpg","filesize":1514504,"url":"https:\/\/tourismus-grossregion.eu\/fr\/wp-content\/uploads\/sites\/3\/2021\/07\/DSC_8966.jpg","link":"https:\/\/tourismus-grossregion.eu\/fr\/?attachment_id=505","alt":"Deux cyclistes sur le plateau du Kirchberg. Ils regardent vers la ville. L'un des deux cyclistes d\u00e9signe quelque chose au loin.","author":"2","description":"Deux cyclistes sur le plateau du Kirchberg. Ils regardent vers la ville. L'un des deux cyclistes d\u00e9signe quelque chose au loin.","caption":"","name":"dsc_8966","status":"inherit","uploaded_to":582,"date":"2021-07-26 12:28:43","modified":"2021-07-26 15:17:41","menu_order":0,"mime_type":"image\/jpeg","type":"image","subtype":"jpeg","icon":"https:\/\/tourismus-grossregion.eu\/fr\/wp-includes\/images\/media\/default.png","width":1920,"height":1277,"sizes":{"thumbnail":"https:\/\/tourismus-grossregion.eu\/fr\/wp-content\/uploads\/sites\/3\/2021\/07\/DSC_8966-150x150.jpg","thumbnail-width":150,"thumbnail-height":150,"medium":"https:\/\/tourismus-grossregion.eu\/fr\/wp-content\/uploads\/sites\/3\/2021\/07\/DSC_8966-300x200.jpg","medium-width":300,"medium-height":200,"medium_large":"https:\/\/tourismus-grossregion.eu\/fr\/wp-content\/uploads\/sites\/3\/2021\/07\/DSC_8966-768x511.jpg","medium_large-width":768,"medium_large-height":511,"large":"https:\/\/tourismus-grossregion.eu\/fr\/wp-content\/uploads\/sites\/3\/2021\/07\/DSC_8966-1024x681.jpg","large-width":1024,"large-height":681,"1536x1536":"https:\/\/tourismus-grossregion.eu\/fr\/wp-content\/uploads\/sites\/3\/2021\/07\/DSC_8966-1536x1022.jpg","1536x1536-width":1536,"1536x1536-height":1022,"2048x2048":"https:\/\/tourismus-grossregion.eu\/fr\/wp-content\/uploads\/sites\/3\/2021\/07\/DSC_8966.jpg","2048x2048-width":1920,"2048x2048-height":1277,"download-thumbnail":"https:\/\/tourismus-grossregion.eu\/fr\/wp-content\/uploads\/sites\/3\/2021\/07\/DSC_8966-345x229.jpg","download-thumbnail-width":345,"download-thumbnail-height":229,"paragraphimage":"https:\/\/tourismus-grossregion.eu\/fr\/wp-content\/uploads\/sites\/3\/2021\/07\/DSC_8966-468x311.jpg","paragraphimage-width":468,"paragraphimage-height":311,"slider-image":"https:\/\/tourismus-grossregion.eu\/fr\/wp-content\/uploads\/sites\/3\/2021\/07\/DSC_8966-901x715.jpg","slider-image-width":901,"slider-image-height":715,"quote-image":"https:\/\/tourismus-grossregion.eu\/fr\/wp-content\/uploads\/sites\/3\/2021\/07\/DSC_8966-683x454.jpg","quote-image-width":683,"quote-image-height":454,"productcard-image":"https:\/\/tourismus-grossregion.eu\/fr\/wp-content\/uploads\/sites\/3\/2021\/07\/DSC_8966-710x472.jpg","productcard-image-width":710,"productcard-image-height":472}},"widget_paragraph_headlines_image_image_option":false,"widget_paragraph_headlines_image_margin":"small"},{"acf_fc_layout":"widget_editor","widget_editor_justify":true,"widget_editor_editor":"<p>La visite commence sur le plateau du Kirchberg, le quartier europ\u00e9en et d\u2019affaires, offrant \u00e0 lui seul un panorama de l\u2019architecture moderne de ces 50 derni\u00e8res ann\u00e9es. Autour de la Place de l\u2019Europe, s\u2019est d\u00e9velopp\u00e9 depuis le milieu des ann\u00e9es 2000 un nouveau p\u00f4le culturel. On y retrouve des b\u00e2timents iconiques, comme la Philharmonie, une immense lentille blanche aux 823 colonnes, ou encore le Mudam, le mus\u00e9e d\u2019art contemporain, qui se dresse sur les fondations d\u2019une ancienne forteresse.<\/p>\n","widget_editor_margin":"small"},{"acf_fc_layout":"widget_slider","widget_slider_slides":[{"widget_slider_image":{"ID":506,"id":506,"title":"DSC0529","filename":"DSC0529.jpg","filesize":1043626,"url":"https:\/\/tourismus-grossregion.eu\/fr\/wp-content\/uploads\/sites\/3\/2021\/07\/DSC0529.jpg","link":"https:\/\/tourismus-grossregion.eu\/fr\/?attachment_id=506","alt":"Le quartier financier avec ses b\u00e2timents modernes en verre et en acier.","author":"2","description":"Le quartier financier avec ses b\u00e2timents modernes en verre et en acier.","caption":"","name":"dsc0529","status":"inherit","uploaded_to":582,"date":"2021-07-26 12:28:54","modified":"2021-07-26 15:18:04","menu_order":0,"mime_type":"image\/jpeg","type":"image","subtype":"jpeg","icon":"https:\/\/tourismus-grossregion.eu\/fr\/wp-includes\/images\/media\/default.png","width":1920,"height":1277,"sizes":{"thumbnail":"https:\/\/tourismus-grossregion.eu\/fr\/wp-content\/uploads\/sites\/3\/2021\/07\/DSC0529-150x150.jpg","thumbnail-width":150,"thumbnail-height":150,"medium":"https:\/\/tourismus-grossregion.eu\/fr\/wp-content\/uploads\/sites\/3\/2021\/07\/DSC0529-300x200.jpg","medium-width":300,"medium-height":200,"medium_large":"https:\/\/tourismus-grossregion.eu\/fr\/wp-content\/uploads\/sites\/3\/2021\/07\/DSC0529-768x511.jpg","medium_large-width":768,"medium_large-height":511,"large":"https:\/\/tourismus-grossregion.eu\/fr\/wp-content\/uploads\/sites\/3\/2021\/07\/DSC0529-1024x681.jpg","large-width":1024,"large-height":681,"1536x1536":"https:\/\/tourismus-grossregion.eu\/fr\/wp-content\/uploads\/sites\/3\/2021\/07\/DSC0529-1536x1022.jpg","1536x1536-width":1536,"1536x1536-height":1022,"2048x2048":"https:\/\/tourismus-grossregion.eu\/fr\/wp-content\/uploads\/sites\/3\/2021\/07\/DSC0529.jpg","2048x2048-width":1920,"2048x2048-height":1277,"download-thumbnail":"https:\/\/tourismus-grossregion.eu\/fr\/wp-content\/uploads\/sites\/3\/2021\/07\/DSC0529-345x229.jpg","download-thumbnail-width":345,"download-thumbnail-height":229,"paragraphimage":"https:\/\/tourismus-grossregion.eu\/fr\/wp-content\/uploads\/sites\/3\/2021\/07\/DSC0529-468x311.jpg","paragraphimage-width":468,"paragraphimage-height":311,"slider-image":"https:\/\/tourismus-grossregion.eu\/fr\/wp-content\/uploads\/sites\/3\/2021\/07\/DSC0529-901x715.jpg","slider-image-width":901,"slider-image-height":715,"quote-image":"https:\/\/tourismus-grossregion.eu\/fr\/wp-content\/uploads\/sites\/3\/2021\/07\/DSC0529-683x454.jpg","quote-image-width":683,"quote-image-height":454,"productcard-image":"https:\/\/tourismus-grossregion.eu\/fr\/wp-content\/uploads\/sites\/3\/2021\/07\/DSC0529-710x472.jpg","productcard-image-width":710,"productcard-image-height":472}},"widget_slider_image_vertical_position":"center","widget_slider_image_filter":false,"widget_slider_headline":""},{"widget_slider_image":{"ID":507,"id":507,"title":"DSC_8887","filename":"DSC_8887.jpg","filesize":1125307,"url":"https:\/\/tourismus-grossregion.eu\/fr\/wp-content\/uploads\/sites\/3\/2021\/07\/DSC_8887.jpg","link":"https:\/\/tourismus-grossregion.eu\/fr\/?attachment_id=507","alt":"Sur la place de l'Europe, la Philharmonie lenticulaire se d\u00e9tache toute blanche.","author":"2","description":"Sur la place de l'Europe, la Philharmonie lenticulaire se d\u00e9tache toute blanche.","caption":"","name":"dsc_8887","status":"inherit","uploaded_to":582,"date":"2021-07-26 12:29:05","modified":"2021-07-26 15:18:22","menu_order":0,"mime_type":"image\/jpeg","type":"image","subtype":"jpeg","icon":"https:\/\/tourismus-grossregion.eu\/fr\/wp-includes\/images\/media\/default.png","width":1920,"height":1277,"sizes":{"thumbnail":"https:\/\/tourismus-grossregion.eu\/fr\/wp-content\/uploads\/sites\/3\/2021\/07\/DSC_8887-150x150.jpg","thumbnail-width":150,"thumbnail-height":150,"medium":"https:\/\/tourismus-grossregion.eu\/fr\/wp-content\/uploads\/sites\/3\/2021\/07\/DSC_8887-300x200.jpg","medium-width":300,"medium-height":200,"medium_large":"https:\/\/tourismus-grossregion.eu\/fr\/wp-content\/uploads\/sites\/3\/2021\/07\/DSC_8887-768x511.jpg","medium_large-width":768,"medium_large-height":511,"large":"https:\/\/tourismus-grossregion.eu\/fr\/wp-content\/uploads\/sites\/3\/2021\/07\/DSC_8887-1024x681.jpg","large-width":1024,"large-height":681,"1536x1536":"https:\/\/tourismus-grossregion.eu\/fr\/wp-content\/uploads\/sites\/3\/2021\/07\/DSC_8887-1536x1022.jpg","1536x1536-width":1536,"1536x1536-height":1022,"2048x2048":"https:\/\/tourismus-grossregion.eu\/fr\/wp-content\/uploads\/sites\/3\/2021\/07\/DSC_8887.jpg","2048x2048-width":1920,"2048x2048-height":1277,"download-thumbnail":"https:\/\/tourismus-grossregion.eu\/fr\/wp-content\/uploads\/sites\/3\/2021\/07\/DSC_8887-345x229.jpg","download-thumbnail-width":345,"download-thumbnail-height":229,"paragraphimage":"https:\/\/tourismus-grossregion.eu\/fr\/wp-content\/uploads\/sites\/3\/2021\/07\/DSC_8887-468x311.jpg","paragraphimage-width":468,"paragraphimage-height":311,"slider-image":"https:\/\/tourismus-grossregion.eu\/fr\/wp-content\/uploads\/sites\/3\/2021\/07\/DSC_8887-901x715.jpg","slider-image-width":901,"slider-image-height":715,"quote-image":"https:\/\/tourismus-grossregion.eu\/fr\/wp-content\/uploads\/sites\/3\/2021\/07\/DSC_8887-683x454.jpg","quote-image-width":683,"quote-image-height":454,"productcard-image":"https:\/\/tourismus-grossregion.eu\/fr\/wp-content\/uploads\/sites\/3\/2021\/07\/DSC_8887-710x472.jpg","productcard-image-width":710,"productcard-image-height":472}},"widget_slider_image_vertical_position":"center","widget_slider_image_filter":false,"widget_slider_headline":""},{"widget_slider_image":{"ID":508,"id":508,"title":"DSC2426","filename":"DSC2426.jpg","filesize":1497410,"url":"https:\/\/tourismus-grossregion.eu\/fr\/wp-content\/uploads\/sites\/3\/2021\/07\/DSC2426.jpg","link":"https:\/\/tourismus-grossregion.eu\/fr\/?attachment_id=508","alt":"L'arri\u00e8re du Mus\u00e9e d'art Mudam avec le Fort Th\u00fcngen et l'Oark \"Dr\u00e4i Eechelen\". Le soleil brille et le ciel est bleu.","author":"2","description":"L'arri\u00e8re du Mus\u00e9e d'art Mudam avec le Fort Th\u00fcngen et l'Oark \"Dr\u00e4i Eechelen\". Le soleil brille et le ciel est bleu.","caption":"","name":"dsc2426","status":"inherit","uploaded_to":582,"date":"2021-07-26 12:29:17","modified":"2021-07-26 15:18:44","menu_order":0,"mime_type":"image\/jpeg","type":"image","subtype":"jpeg","icon":"https:\/\/tourismus-grossregion.eu\/fr\/wp-includes\/images\/media\/default.png","width":1920,"height":1277,"sizes":{"thumbnail":"https:\/\/tourismus-grossregion.eu\/fr\/wp-content\/uploads\/sites\/3\/2021\/07\/DSC2426-150x150.jpg","thumbnail-width":150,"thumbnail-height":150,"medium":"https:\/\/tourismus-grossregion.eu\/fr\/wp-content\/uploads\/sites\/3\/2021\/07\/DSC2426-300x200.jpg","medium-width":300,"medium-height":200,"medium_large":"https:\/\/tourismus-grossregion.eu\/fr\/wp-content\/uploads\/sites\/3\/2021\/07\/DSC2426-768x511.jpg","medium_large-width":768,"medium_large-height":511,"large":"https:\/\/tourismus-grossregion.eu\/fr\/wp-content\/uploads\/sites\/3\/2021\/07\/DSC2426-1024x681.jpg","large-width":1024,"large-height":681,"1536x1536":"https:\/\/tourismus-grossregion.eu\/fr\/wp-content\/uploads\/sites\/3\/2021\/07\/DSC2426-1536x1022.jpg","1536x1536-width":1536,"1536x1536-height":1022,"2048x2048":"https:\/\/tourismus-grossregion.eu\/fr\/wp-content\/uploads\/sites\/3\/2021\/07\/DSC2426.jpg","2048x2048-width":1920,"2048x2048-height":1277,"download-thumbnail":"https:\/\/tourismus-grossregion.eu\/fr\/wp-content\/uploads\/sites\/3\/2021\/07\/DSC2426-345x229.jpg","download-thumbnail-width":345,"download-thumbnail-height":229,"paragraphimage":"https:\/\/tourismus-grossregion.eu\/fr\/wp-content\/uploads\/sites\/3\/2021\/07\/DSC2426-468x311.jpg","paragraphimage-width":468,"paragraphimage-height":311,"slider-image":"https:\/\/tourismus-grossregion.eu\/fr\/wp-content\/uploads\/sites\/3\/2021\/07\/DSC2426-901x715.jpg","slider-image-width":901,"slider-image-height":715,"quote-image":"https:\/\/tourismus-grossregion.eu\/fr\/wp-content\/uploads\/sites\/3\/2021\/07\/DSC2426-683x454.jpg","quote-image-width":683,"quote-image-height":454,"productcard-image":"https:\/\/tourismus-grossregion.eu\/fr\/wp-content\/uploads\/sites\/3\/2021\/07\/DSC2426-710x472.jpg","productcard-image-width":710,"productcard-image-height":472}},"widget_slider_image_vertical_position":"center","widget_slider_image_filter":false,"widget_slider_headline":""}],"widget_slider_margin":"small"},{"acf_fc_layout":"widget_editor","widget_editor_justify":true,"widget_editor_editor":"<p>De l\u00e0, un sentier escarp\u00e9 et arbor\u00e9 m\u00e8ne au Pfaffenthal dans la ville basse. Arnaud et Nico aiment fl\u00e2ner dans cet ancien quartier ouvrier des bords de l\u2019Alzette, dans la jolie vall\u00e9e. Ce quartier a \u00e9norm\u00e9ment chang\u00e9 ces derni\u00e8res ann\u00e9es. \u00ab De malfam\u00e9 et un peu \u00e0 l\u2019\u00e9cart \u00bb, dit Nico, \u00ab il est devenu l\u2019un des plus convoit\u00e9s du moment \u00bb. On y entend les oiseaux, on y voit des enfants s\u2019amuser sur les aires de jeux. \u00c0 mi-chemin entre le viaduc et l\u2019Alzette, Nico nous montre un b\u00e2timent en bois qui ressemble \u00e0 quatre pav\u00e9s em\u00acpil\u00e9s. C\u2019est l\u2019\u00ab Oekozenter Pafendall \u00bb, si\u00e8ge du \u00ab Mouvement \u00c9cologique \u00bb, une organisation qui milite en faveur de l\u2019environnement. \u00ab C\u2019est un projet pilote au Luxembourg \u00bb, explique Nico.<\/p>\n","widget_editor_margin":"small"},{"acf_fc_layout":"widget_paragraph_headlines_image","widget_paragraph_headlines_image_orientation":false,"widget_paragraph_headlines_image_decoration":false,"widget_paragraph_headlines_image_content":{"widget_paragraph_headlines_image_preline":"","widget_paragraph_headlines_image_headline":"","widget_paragraph_headlines_image_subline":"Ascenseur panoramique : la vie est une sc\u00e8ne","widget_paragraph_headlines_image_editor_justify":true,"widget_paragraph_headlines_image_editor":"<p>\u00ab D\u00e9couvrir Luxembourg-ville, c\u2019est aussi se perdre dans les nom\u00acbreuses ruelles pav\u00e9es qui la sillonnent \u00bb, explique Arnaud. On fera par exemple un d\u00e9tour par le \u00ab Muerbelsmillen \u00bb, dernier moulin \u00e0 eau encore en \u00e9tat de fonctionnement au Pfaffenthal, de l\u2019autre c\u00f4t\u00e9 de l\u2019Alzette. Un panneau de couleur jaune portant l\u2019inscription \u00ab Moutarderie Hart\u00acmann \u00bb indique qu\u2019autrefois, on y fabriquait de la moutarde.<\/p>\n<p>\u00ab L\u2019architecture influe sur la vie quotidienne et nous voulons am\u00e9liorer la qualit\u00e9 de vie de chacun \u00bb, confie Arnaud, devant l\u2019ascenseur panoramique du Pfaffenthal. Depuis 2016, cet ascenseur qu\u2019il a con\u00e7u avec Nico transporte en 30 secondes les passagers de la vall\u00e9e de l\u2019Alzette vers la ville haute. Pendant le trajet, dans la cabine de verre, la perspective \u00e9volue : les maisons historiques du Pfaffenthal disparaissent peu \u00e0 peu et l\u2019on aper\u00e7oit la for\u00eat sur le versant du plateau. Ensuite, c\u2019est la \u00ab skyline \u00bb du Kirchberg qui se r\u00e9v\u00e8le \u00e0 l\u2019horizon. En arrivant au sommet, on admire enfin le marquant \u00ab Pont Rouge \u00bb qui enjambe le Pfaffenthal sur 355 m\u00e8tres.<\/p>\n","widget_paragraph_headlines_image_link":""},"widget_paragraph_headlines_image_image":{"ID":512,"id":512,"title":"DSC_8757","filename":"DSC_8757.jpg","filesize":1484183,"url":"https:\/\/tourismus-grossregion.eu\/fr\/wp-content\/uploads\/sites\/3\/2021\/07\/DSC_8757.jpg","link":"https:\/\/tourismus-grossregion.eu\/fr\/visite-architecturale-luxembourg\/dsc_8757-2\/","alt":"L'ascenseur panoramique du Luxembourg photographi\u00e9 du bas vers le ciel. Le ciel est bleu avec des nuages blancs. L'ascenseur est entour\u00e9 de hautes fa\u00e7ades de maisons.","author":"2","description":"L'ascenseur panoramique du Luxembourg photographi\u00e9 du bas vers le ciel. Le ciel est bleu avec des nuages blancs. L'ascenseur est entour\u00e9 de hautes fa\u00e7ades de maisons.","caption":"","name":"dsc_8757-2","status":"inherit","uploaded_to":511,"date":"2021-07-26 12:36:19","modified":"2021-07-26 15:19:07","menu_order":0,"mime_type":"image\/jpeg","type":"image","subtype":"jpeg","icon":"https:\/\/tourismus-grossregion.eu\/fr\/wp-includes\/images\/media\/default.png","width":1920,"height":1277,"sizes":{"thumbnail":"https:\/\/tourismus-grossregion.eu\/fr\/wp-content\/uploads\/sites\/3\/2021\/07\/DSC_8757-150x150.jpg","thumbnail-width":150,"thumbnail-height":150,"medium":"https:\/\/tourismus-grossregion.eu\/fr\/wp-content\/uploads\/sites\/3\/2021\/07\/DSC_8757-300x200.jpg","medium-width":300,"medium-height":200,"medium_large":"https:\/\/tourismus-grossregion.eu\/fr\/wp-content\/uploads\/sites\/3\/2021\/07\/DSC_8757-768x511.jpg","medium_large-width":768,"medium_large-height":511,"large":"https:\/\/tourismus-grossregion.eu\/fr\/wp-content\/uploads\/sites\/3\/2021\/07\/DSC_8757-1024x681.jpg","large-width":1024,"large-height":681,"1536x1536":"https:\/\/tourismus-grossregion.eu\/fr\/wp-content\/uploads\/sites\/3\/2021\/07\/DSC_8757-1536x1022.jpg","1536x1536-width":1536,"1536x1536-height":1022,"2048x2048":"https:\/\/tourismus-grossregion.eu\/fr\/wp-content\/uploads\/sites\/3\/2021\/07\/DSC_8757.jpg","2048x2048-width":1920,"2048x2048-height":1277,"download-thumbnail":"https:\/\/tourismus-grossregion.eu\/fr\/wp-content\/uploads\/sites\/3\/2021\/07\/DSC_8757-345x229.jpg","download-thumbnail-width":345,"download-thumbnail-height":229,"paragraphimage":"https:\/\/tourismus-grossregion.eu\/fr\/wp-content\/uploads\/sites\/3\/2021\/07\/DSC_8757-468x311.jpg","paragraphimage-width":468,"paragraphimage-height":311,"slider-image":"https:\/\/tourismus-grossregion.eu\/fr\/wp-content\/uploads\/sites\/3\/2021\/07\/DSC_8757-901x715.jpg","slider-image-width":901,"slider-image-height":715,"quote-image":"https:\/\/tourismus-grossregion.eu\/fr\/wp-content\/uploads\/sites\/3\/2021\/07\/DSC_8757-683x454.jpg","quote-image-width":683,"quote-image-height":454,"productcard-image":"https:\/\/tourismus-grossregion.eu\/fr\/wp-content\/uploads\/sites\/3\/2021\/07\/DSC_8757-710x472.jpg","productcard-image-width":710,"productcard-image-height":472}},"widget_paragraph_headlines_image_image_option":false,"widget_paragraph_headlines_image_margin":"small"},{"acf_fc_layout":"widget_editor","widget_editor_justify":true,"widget_editor_editor":"<p>Du point de vue de Nico, l\u2019ascenseur symbolise la vie en ville. \u00ab Les passagers regardent la vall\u00e9e et peuvent y voir quelqu\u2019un assis sur une terrasse ou pench\u00e9 \u00e0 une fen\u00eatre, et ils peuvent \u00e9galement \u00eatre vus. Si les rencontres ne se font que par le regard, elles relient quand m\u00eame les personnes le temps d\u2019une course \u00bb. L\u2019ascenseur devient ainsi le symbole et un point de r\u00e9f\u00e9rence pour ses visiteurs.<\/p>\n","widget_editor_margin":"small"},{"acf_fc_layout":"widget_image","widget_image_image":{"ID":513,"id":513,"title":"DSC_8795","filename":"DSC_8795.jpg","filesize":1410927,"url":"https:\/\/tourismus-grossregion.eu\/fr\/wp-content\/uploads\/sites\/3\/2021\/07\/DSC_8795.jpg","link":"https:\/\/tourismus-grossregion.eu\/fr\/visite-architecturale-luxembourg\/dsc_8795\/","alt":"Deux cyclistes se trouvant au point de vue de l'ascenseur et regardant la ville.","author":"2","description":"Deux cyclistes se trouvant au point de vue de l'ascenseur et regardant la ville.","caption":"","name":"dsc_8795","status":"inherit","uploaded_to":511,"date":"2021-07-26 12:36:31","modified":"2021-07-26 15:19:38","menu_order":0,"mime_type":"image\/jpeg","type":"image","subtype":"jpeg","icon":"https:\/\/tourismus-grossregion.eu\/fr\/wp-includes\/images\/media\/default.png","width":1920,"height":1277,"sizes":{"thumbnail":"https:\/\/tourismus-grossregion.eu\/fr\/wp-content\/uploads\/sites\/3\/2021\/07\/DSC_8795-150x150.jpg","thumbnail-width":150,"thumbnail-height":150,"medium":"https:\/\/tourismus-grossregion.eu\/fr\/wp-content\/uploads\/sites\/3\/2021\/07\/DSC_8795-300x200.jpg","medium-width":300,"medium-height":200,"medium_large":"https:\/\/tourismus-grossregion.eu\/fr\/wp-content\/uploads\/sites\/3\/2021\/07\/DSC_8795-768x511.jpg","medium_large-width":768,"medium_large-height":511,"large":"https:\/\/tourismus-grossregion.eu\/fr\/wp-content\/uploads\/sites\/3\/2021\/07\/DSC_8795-1024x681.jpg","large-width":1024,"large-height":681,"1536x1536":"https:\/\/tourismus-grossregion.eu\/fr\/wp-content\/uploads\/sites\/3\/2021\/07\/DSC_8795-1536x1022.jpg","1536x1536-width":1536,"1536x1536-height":1022,"2048x2048":"https:\/\/tourismus-grossregion.eu\/fr\/wp-content\/uploads\/sites\/3\/2021\/07\/DSC_8795.jpg","2048x2048-width":1920,"2048x2048-height":1277,"download-thumbnail":"https:\/\/tourismus-grossregion.eu\/fr\/wp-content\/uploads\/sites\/3\/2021\/07\/DSC_8795-345x229.jpg","download-thumbnail-width":345,"download-thumbnail-height":229,"paragraphimage":"https:\/\/tourismus-grossregion.eu\/fr\/wp-content\/uploads\/sites\/3\/2021\/07\/DSC_8795-468x311.jpg","paragraphimage-width":468,"paragraphimage-height":311,"slider-image":"https:\/\/tourismus-grossregion.eu\/fr\/wp-content\/uploads\/sites\/3\/2021\/07\/DSC_8795-901x715.jpg","slider-image-width":901,"slider-image-height":715,"quote-image":"https:\/\/tourismus-grossregion.eu\/fr\/wp-content\/uploads\/sites\/3\/2021\/07\/DSC_8795-683x454.jpg","quote-image-width":683,"quote-image-height":454,"productcard-image":"https:\/\/tourismus-grossregion.eu\/fr\/wp-content\/uploads\/sites\/3\/2021\/07\/DSC_8795-710x472.jpg","productcard-image-width":710,"productcard-image-height":472}},"widget_image_caption":"","widget_image_margin":"small"},{"acf_fc_layout":"widget_paragraph_headlines_image","widget_paragraph_headlines_image_orientation":true,"widget_paragraph_headlines_image_decoration":false,"widget_paragraph_headlines_image_content":{"widget_paragraph_headlines_image_preline":"","widget_paragraph_headlines_image_headline":"","widget_paragraph_headlines_image_subline":"Rue du Nord : fa\u00e7ades et caf\u00e9s color\u00e9s, et esprit UNESCO","widget_paragraph_headlines_image_editor_justify":true,"widget_paragraph_headlines_image_editor":"<p>Changement de lieu. Des tables de couleurs sont align\u00e9es le long de la rue. Des jeunes sirotent un \u00ab latte \u00bb ou une limonade au sureau. On discute, on \u00e9change des regards de part et d\u2019autre de la rue \u00e9troite, on fl\u00e2ne sur les pav\u00e9s en admirant les fa\u00e7ades jaunes, vertes et violettes. Des signes de bonjour se font entre passants et clients des caf\u00e9s. La rue du Nord, dans la vieille ville, dont la r\u00e9novation des fa\u00e7ades historiques marque l\u2019un des premiers projets communs entre Arnaud et Nico, s\u2019impose aussi comme une autre sc\u00e8ne urbaine.<\/p>\n<p>\u00ab Ici, nous avons tous des origines diff\u00e9rentes \u00bb, raconte Nico. Environ 70 % des habitants de Luxembourg-ville n\u2019ont pas de passeport luxembourgeois, et plus de 180 000 personnes font chaque jour la navette depuis les pays frontaliers. \u00ab Mais nous nous retrouvons dans les caf\u00e9s et sur les places de la ville. Ce sont des lieux qui nous unissent, et ce sont justement nos diff\u00e9rences qui cr\u00e9ent son atmosph\u00e8re si singuli\u00e8re. Pour moi, Luxembourg est un village global \u00bb, poursuit Nico.<\/p>\n<p>En plus de l\u2019omnipr\u00e9sence de b\u00e2timents class\u00e9s dans la ville, cette coexistence multiculturelle correspond parfaitement aux valeurs de l\u2019UNESCO.<\/p>\n","widget_paragraph_headlines_image_link":""},"widget_paragraph_headlines_image_image":{"ID":514,"id":514,"title":"DSC_9122-1","filename":"DSC_9122-1.jpg","filesize":998916,"url":"https:\/\/tourismus-grossregion.eu\/fr\/wp-content\/uploads\/sites\/3\/2021\/07\/DSC_9122-1.jpg","link":"https:\/\/tourismus-grossregion.eu\/fr\/visite-architecturale-luxembourg\/dsc_9122-1\/","alt":"Une ruelle dans la vieille ville de Luxembourg avec des maisons et des caf\u00e9s color\u00e9s. Deux hommes traversent la ruelle. Un homme est assis devant un caf\u00e9.","author":"2","description":"Une ruelle dans la vieille ville de Luxembourg avec des maisons et des caf\u00e9s color\u00e9s. Deux hommes traversent la ruelle. Un homme est assis devant un caf\u00e9.","caption":"","name":"dsc_9122-1","status":"inherit","uploaded_to":511,"date":"2021-07-26 12:36:43","modified":"2021-07-26 15:20:03","menu_order":0,"mime_type":"image\/jpeg","type":"image","subtype":"jpeg","icon":"https:\/\/tourismus-grossregion.eu\/fr\/wp-includes\/images\/media\/default.png","width":1224,"height":1476,"sizes":{"thumbnail":"https:\/\/tourismus-grossregion.eu\/fr\/wp-content\/uploads\/sites\/3\/2021\/07\/DSC_9122-1-150x150.jpg","thumbnail-width":150,"thumbnail-height":150,"medium":"https:\/\/tourismus-grossregion.eu\/fr\/wp-content\/uploads\/sites\/3\/2021\/07\/DSC_9122-1-249x300.jpg","medium-width":249,"medium-height":300,"medium_large":"https:\/\/tourismus-grossregion.eu\/fr\/wp-content\/uploads\/sites\/3\/2021\/07\/DSC_9122-1-768x926.jpg","medium_large-width":768,"medium_large-height":926,"large":"https:\/\/tourismus-grossregion.eu\/fr\/wp-content\/uploads\/sites\/3\/2021\/07\/DSC_9122-1-849x1024.jpg","large-width":849,"large-height":1024,"1536x1536":"https:\/\/tourismus-grossregion.eu\/fr\/wp-content\/uploads\/sites\/3\/2021\/07\/DSC_9122-1.jpg","1536x1536-width":1224,"1536x1536-height":1476,"2048x2048":"https:\/\/tourismus-grossregion.eu\/fr\/wp-content\/uploads\/sites\/3\/2021\/07\/DSC_9122-1.jpg","2048x2048-width":1224,"2048x2048-height":1476,"download-thumbnail":"https:\/\/tourismus-grossregion.eu\/fr\/wp-content\/uploads\/sites\/3\/2021\/07\/DSC_9122-1-286x345.jpg","download-thumbnail-width":286,"download-thumbnail-height":345,"paragraphimage":"https:\/\/tourismus-grossregion.eu\/fr\/wp-content\/uploads\/sites\/3\/2021\/07\/DSC_9122-1-468x564.jpg","paragraphimage-width":468,"paragraphimage-height":564,"slider-image":"https:\/\/tourismus-grossregion.eu\/fr\/wp-content\/uploads\/sites\/3\/2021\/07\/DSC_9122-1-901x715.jpg","slider-image-width":901,"slider-image-height":715,"quote-image":"https:\/\/tourismus-grossregion.eu\/fr\/wp-content\/uploads\/sites\/3\/2021\/07\/DSC_9122-1-683x824.jpg","quote-image-width":683,"quote-image-height":824,"productcard-image":"https:\/\/tourismus-grossregion.eu\/fr\/wp-content\/uploads\/sites\/3\/2021\/07\/DSC_9122-1-710x856.jpg","productcard-image-width":710,"productcard-image-height":856}},"widget_paragraph_headlines_image_image_option":false,"widget_paragraph_headlines_image_margin":"small"},{"acf_fc_layout":"widget_paragraph_headlines","widget_paragraph_headlines_width":"100","widget_paragraph_headlines_preline":"","widget_paragraph_headlines_headline":"","widget_paragraph_headlines_subline":"Vall\u00e9e de la P\u00e9trusse : un jardin en ville","widget_paragraph_headlines_editor_justify":true,"widget_paragraph_headlines_editor":"<p>Apr\u00e8s avoir long\u00e9 le Mus\u00e9e National d\u2019Histoire et d\u2019Art, dont le nouveau b\u00e2timent est en forme de parall\u00e9l\u00e9pip\u00e8de, les deux architectes d\u00e9valent \u00e0 v\u00e9lo une \u00e9troite ruelle escarp\u00e9e en direction de la P\u00e9trusse. L\u00e0, entre la ville haute et le Plateau Bourbon du quartier de la Gare, cet affluent de l\u2019Alzette se fraye tranquillement un chemin dans la vall\u00e9e verte. Les ruines des forteresses et des bastions sur les pentes raides bordent les grands espaces des parcs. Soudain, l\u2019agitation de la ville a compl\u00e8tement disparu. Et c\u2019est pr\u00e9cis\u00e9ment ce qui rend Luxembourg si agr\u00e9able \u00e0 vivre : en un instant seulement, on passe de ville \u00e0 campagne, de sommet \u00e0 vall\u00e9e. En ascenseur ou \u00e0 v\u00e9lo.<\/p>\n","widget_paragraph_headlines_margin":"small"},{"acf_fc_layout":"widget_paragraph_headlines_image","widget_paragraph_headlines_image_orientation":false,"widget_paragraph_headlines_image_decoration":false,"widget_paragraph_headlines_image_content":{"widget_paragraph_headlines_image_preline":"","widget_paragraph_headlines_image_headline":"","widget_paragraph_headlines_image_subline":"Urban Sketching","widget_paragraph_headlines_image_editor_justify":true,"widget_paragraph_headlines_image_editor":"<p>Arnaud de Meyer est assis sur un muret devant la cl\u00f4ture qui s\u00e9pare le centre culturel Rotondes des voies ferr\u00e9es. Sur ses genoux, un petit carnet de croquis. D\u2019une main s\u00fbre, au feutre noir tr\u00e8s fin, Arnaud trace d\u2019infimes traits. Rapidement, on voit surgir sur le papier l\u2019ancien portail par o\u00f9 passaient les locomotives, puis, d\u00e9tail apr\u00e8s d\u00e9tail, une lampe sur un pignon, des murs d\u2019enceinte, de longs bancs de \u00ab Biergarten \u00bb, des parasols ferm\u00e9s, les fa\u00e7ades d\u2019autres b\u00e2timents, une vol\u00e9e d\u2019oiseaux, une vigne sauvage grimpant sur un mur.<\/p>\n<p>En une demi-heure, une sc\u00e8ne enti\u00e8re est n\u00e9e dans son carnet. Enfin, un dernier regard scrupuleux par-dessus ses lunettes, et, satisfait, Arnaud appose sa signature, la date, et le nom de ceux qui \u00e9taient pr\u00e9sents quand il a dessin\u00e9. Cela s\u2019appelle \u00ab Urban Sketching \u00bb. Et c\u2019est ainsi qu\u2019Arnaud aime d\u00e9couvrir sa ville. \u00ab Dessiner signifie regarder de pr\u00e8s \u00bb, confie-t-il.<\/p>\n<p>\u00ab Luxembourg est vraiment une belle ville. Avec toute cette verdure, tous ces points de vue, de bas en haut et de haut en bas, ces b\u00e2timents de diff\u00e9rentes \u00e9poques\u2026 \u00bb, s\u2019enthousiasme l\u2019architecte d\u2019origine belge. M\u00eame apr\u00e8s vingt-cinq ans pass\u00e9s \u00e0 vivre et travailler dans la capitale luxembourgeoise, son engouement pour cette atmosph\u00e8re si particuli\u00e8re ne tarit pas. Et, il aimerait le partager artistiquement avec le plus grand nombre.<\/p>\n<p>\u00ab \u2018Urban Sketching\u2019, c\u2019est le fait de dessiner dans l\u2019espace public, seul ou en groupe, de capturer la vie urbaine \u00bb, explique-t-il. \u00ab Et tout d\u2019un coup, les gens qui passent et qui observent per\u00e7oivent l\u2019espace d\u2019un oeil nouveau. Ils regardent de plus pr\u00e8s, pr\u00eatent attention aux b\u00e2timents et aux compositions, se mettent \u00e0 poser des questions \u00bb, ajoute l\u2019architecte.<\/p>\n","widget_paragraph_headlines_image_link":""},"widget_paragraph_headlines_image_image":{"ID":515,"id":515,"title":"DSC0588","filename":"DSC0588.jpg","filesize":857086,"url":"https:\/\/tourismus-grossregion.eu\/fr\/wp-content\/uploads\/sites\/3\/2021\/07\/DSC0588.jpg","link":"https:\/\/tourismus-grossregion.eu\/fr\/visite-architecturale-luxembourg\/dsc0588\/","alt":"Arnaud de Meyer dessine une partie de la ville de Luxembourg sur son carnet de croquis.","author":"2","description":"Arnaud de Meyer dessine une partie de la ville de Luxembourg sur son carnet de croquis.","caption":"","name":"dsc0588","status":"inherit","uploaded_to":511,"date":"2021-07-26 12:36:53","modified":"2021-07-26 15:20:32","menu_order":0,"mime_type":"image\/jpeg","type":"image","subtype":"jpeg","icon":"https:\/\/tourismus-grossregion.eu\/fr\/wp-includes\/images\/media\/default.png","width":1277,"height":1920,"sizes":{"thumbnail":"https:\/\/tourismus-grossregion.eu\/fr\/wp-content\/uploads\/sites\/3\/2021\/07\/DSC0588-150x150.jpg","thumbnail-width":150,"thumbnail-height":150,"medium":"https:\/\/tourismus-grossregion.eu\/fr\/wp-content\/uploads\/sites\/3\/2021\/07\/DSC0588-200x300.jpg","medium-width":200,"medium-height":300,"medium_large":"https:\/\/tourismus-grossregion.eu\/fr\/wp-content\/uploads\/sites\/3\/2021\/07\/DSC0588-768x1155.jpg","medium_large-width":768,"medium_large-height":1155,"large":"https:\/\/tourismus-grossregion.eu\/fr\/wp-content\/uploads\/sites\/3\/2021\/07\/DSC0588-681x1024.jpg","large-width":681,"large-height":1024,"1536x1536":"https:\/\/tourismus-grossregion.eu\/fr\/wp-content\/uploads\/sites\/3\/2021\/07\/DSC0588-1022x1536.jpg","1536x1536-width":1022,"1536x1536-height":1536,"2048x2048":"https:\/\/tourismus-grossregion.eu\/fr\/wp-content\/uploads\/sites\/3\/2021\/07\/DSC0588.jpg","2048x2048-width":1277,"2048x2048-height":1920,"download-thumbnail":"https:\/\/tourismus-grossregion.eu\/fr\/wp-content\/uploads\/sites\/3\/2021\/07\/DSC0588-229x345.jpg","download-thumbnail-width":229,"download-thumbnail-height":345,"paragraphimage":"https:\/\/tourismus-grossregion.eu\/fr\/wp-content\/uploads\/sites\/3\/2021\/07\/DSC0588-468x704.jpg","paragraphimage-width":468,"paragraphimage-height":704,"slider-image":"https:\/\/tourismus-grossregion.eu\/fr\/wp-content\/uploads\/sites\/3\/2021\/07\/DSC0588-901x715.jpg","slider-image-width":901,"slider-image-height":715,"quote-image":"https:\/\/tourismus-grossregion.eu\/fr\/wp-content\/uploads\/sites\/3\/2021\/07\/DSC0588-683x1027.jpg","quote-image-width":683,"quote-image-height":1027,"productcard-image":"https:\/\/tourismus-grossregion.eu\/fr\/wp-content\/uploads\/sites\/3\/2021\/07\/DSC0588-710x1068.jpg","productcard-image-width":710,"productcard-image-height":1068}},"widget_paragraph_headlines_image_image_option":false,"widget_paragraph_headlines_image_margin":"small"},{"acf_fc_layout":"widget_paragraph_headlines","widget_paragraph_headlines_width":"100","widget_paragraph_headlines_preline":"","widget_paragraph_headlines_headline":"","widget_paragraph_headlines_subline":"Percevoir la ville autrement","widget_paragraph_headlines_editor_justify":true,"widget_paragraph_headlines_editor":"<p>&#8211; Les <strong>Urban Sketchers<\/strong> se r\u00e9unissent chaque premier dimanche du mois pour dessiner ensemble, toujours dans un lieu dif\u00acf\u00e9rent, m\u00eame en dehors de la ville : <strong><a href=\"http:\/\/usk-luxembourg.blogspot.com\" target=\"_blank\" rel=\"noopener\">https:\/\/usk-luxembourg.blogspot.com<\/a><\/strong><\/p>\n<p>&#8211; L\u2019architecture dans les expositions et au cours de visites guid\u00e9es organis\u00e9es par <strong>LUCA<\/strong>-Luxembourg Center for Architecture : <strong><a href=\"http:\/\/www.luca.lu\" target=\"_blank\" rel=\"noopener\">https:\/\/www.luca.lu<\/a><\/strong><\/p>\n<p>&#8211; Promenades architecturales \u00e0 Luxembourg-ville et en r\u00e9gions propos\u00e9es par l\u2019Ordre des Architectes et des Ing\u00e9nieurs-Conseils, <strong>OAI<\/strong> : <strong><a href=\"http:\/\/www.architectour.lu\" target=\"_blank\" rel=\"noopener\">https:\/\/www.architectour.lu<\/a><\/strong><\/p>\n","widget_paragraph_headlines_margin":"small"},{"acf_fc_layout":"widget_paragraph_headlines_image","widget_paragraph_headlines_image_orientation":false,"widget_paragraph_headlines_image_decoration":true,"widget_paragraph_headlines_image_content":{"widget_paragraph_headlines_image_preline":"","widget_paragraph_headlines_image_headline":"","widget_paragraph_headlines_image_subline":"Vous aimez ce que vous voyez ? ","widget_paragraph_headlines_image_editor_justify":true,"widget_paragraph_headlines_image_editor":"<p>La Grande R\u00e9gion a beaucoup plus \u00e0 offrir ! Jetez un coup d&rsquo;\u0153il aux histoires suivantes de la r\u00e9gion et laissez-vous inspirer.<\/p>\n","widget_paragraph_headlines_image_link":""},"widget_paragraph_headlines_image_image":false,"widget_paragraph_headlines_image_image_option":false,"widget_paragraph_headlines_image_margin":"small"},{"acf_fc_layout":"widget_content_carousel","widget_content_carousel_preline":"","widget_content_carousel_headline":"","widget_content_carousel_description_justify":false,"widget_content_carousel_entries":[{"widget_content_carousel_entries_thumbnail":{"ID":643,"id":643,"title":"55-A7_01411_1","filename":"55-A7_01411_1.jpg","filesize":306050,"url":"https:\/\/tourismus-grossregion.eu\/fr\/wp-content\/uploads\/sites\/3\/2021\/07\/55-A7_01411_1.jpg","link":"https:\/\/tourismus-grossregion.eu\/fr\/kelmis\/55-a7_01411_1\/","alt":"Un homme et deux femmes marchent sur une promenade au milieu de leur marche. Ils sont habill\u00e9s chaudement et la promenade s'\u00e9tend \u00e0 travers un champ de plantes sauvages, avec une for\u00eat en arri\u00e8re-plan.","author":"2","description":"Un homme et deux femmes marchent sur une promenade au milieu de leur marche. Ils sont habill\u00e9s chaudement et la promenade s'\u00e9tend \u00e0 travers un champ de plantes sauvages, avec une for\u00eat en arri\u00e8re-plan.","caption":"","name":"55-a7_01411_1","status":"inherit","uploaded_to":642,"date":"2021-07-27 09:40:23","modified":"2021-08-04 06:52:56","menu_order":0,"mime_type":"image\/jpeg","type":"image","subtype":"jpeg","icon":"https:\/\/tourismus-grossregion.eu\/fr\/wp-includes\/images\/media\/default.png","width":1920,"height":1280,"sizes":{"thumbnail":"https:\/\/tourismus-grossregion.eu\/fr\/wp-content\/uploads\/sites\/3\/2021\/07\/55-A7_01411_1-150x150.jpg","thumbnail-width":150,"thumbnail-height":150,"medium":"https:\/\/tourismus-grossregion.eu\/fr\/wp-content\/uploads\/sites\/3\/2021\/07\/55-A7_01411_1-300x200.jpg","medium-width":300,"medium-height":200,"medium_large":"https:\/\/tourismus-grossregion.eu\/fr\/wp-content\/uploads\/sites\/3\/2021\/07\/55-A7_01411_1-768x512.jpg","medium_large-width":768,"medium_large-height":512,"large":"https:\/\/tourismus-grossregion.eu\/fr\/wp-content\/uploads\/sites\/3\/2021\/07\/55-A7_01411_1-1024x683.jpg","large-width":1024,"large-height":683,"1536x1536":"https:\/\/tourismus-grossregion.eu\/fr\/wp-content\/uploads\/sites\/3\/2021\/07\/55-A7_01411_1-1536x1024.jpg","1536x1536-width":1536,"1536x1536-height":1024,"2048x2048":"https:\/\/tourismus-grossregion.eu\/fr\/wp-content\/uploads\/sites\/3\/2021\/07\/55-A7_01411_1.jpg","2048x2048-width":1920,"2048x2048-height":1280,"download-thumbnail":"https:\/\/tourismus-grossregion.eu\/fr\/wp-content\/uploads\/sites\/3\/2021\/07\/55-A7_01411_1-345x230.jpg","download-thumbnail-width":345,"download-thumbnail-height":230,"paragraphimage":"https:\/\/tourismus-grossregion.eu\/fr\/wp-content\/uploads\/sites\/3\/2021\/07\/55-A7_01411_1-468x312.jpg","paragraphimage-width":468,"paragraphimage-height":312,"slider-image":"https:\/\/tourismus-grossregion.eu\/fr\/wp-content\/uploads\/sites\/3\/2021\/07\/55-A7_01411_1-901x715.jpg","slider-image-width":901,"slider-image-height":715,"quote-image":"https:\/\/tourismus-grossregion.eu\/fr\/wp-content\/uploads\/sites\/3\/2021\/07\/55-A7_01411_1-683x455.jpg","quote-image-width":683,"quote-image-height":455,"productcard-image":"https:\/\/tourismus-grossregion.eu\/fr\/wp-content\/uploads\/sites\/3\/2021\/07\/55-A7_01411_1-710x473.jpg","productcard-image-width":710,"productcard-image-height":473}},"widget_content_carousel_entries_title":"Kelmis","widget_content_carousel_entries_description":"<p>Incursion en no man&rsquo;s land<\/p>\n","widget_content_carousel_entries__link":"https:\/\/tourismus-grossregion.eu\/fr\/kelmis\/"},{"widget_content_carousel_entries_thumbnail":{"ID":584,"id":584,"title":"DJI_0548","filename":"DJI_0548.jpg","filesize":1134999,"url":"https:\/\/tourismus-grossregion.eu\/fr\/wp-content\/uploads\/sites\/3\/2021\/07\/DJI_0548.jpg","link":"https:\/\/tourismus-grossregion.eu\/fr\/saarlouis\/dji_0548\/","alt":"Une vue \u00e0 vol d'oiseau de la ville de Saarlouis avec le Saarpolygon en arri\u00e8re-plan.","author":"2","description":"Une vue \u00e0 vol d'oiseau de la ville de Saarlouis avec le Saarpolygon en arri\u00e8re-plan.","caption":"","name":"dji_0548","status":"inherit","uploaded_to":583,"date":"2021-07-26 14:08:31","modified":"2021-08-04 06:55:32","menu_order":0,"mime_type":"image\/jpeg","type":"image","subtype":"jpeg","icon":"https:\/\/tourismus-grossregion.eu\/fr\/wp-includes\/images\/media\/default.png","width":1920,"height":1279,"sizes":{"thumbnail":"https:\/\/tourismus-grossregion.eu\/fr\/wp-content\/uploads\/sites\/3\/2021\/07\/DJI_0548-150x150.jpg","thumbnail-width":150,"thumbnail-height":150,"medium":"https:\/\/tourismus-grossregion.eu\/fr\/wp-content\/uploads\/sites\/3\/2021\/07\/DJI_0548-300x200.jpg","medium-width":300,"medium-height":200,"medium_large":"https:\/\/tourismus-grossregion.eu\/fr\/wp-content\/uploads\/sites\/3\/2021\/07\/DJI_0548-768x512.jpg","medium_large-width":768,"medium_large-height":512,"large":"https:\/\/tourismus-grossregion.eu\/fr\/wp-content\/uploads\/sites\/3\/2021\/07\/DJI_0548-1024x682.jpg","large-width":1024,"large-height":682,"1536x1536":"https:\/\/tourismus-grossregion.eu\/fr\/wp-content\/uploads\/sites\/3\/2021\/07\/DJI_0548-1536x1023.jpg","1536x1536-width":1536,"1536x1536-height":1023,"2048x2048":"https:\/\/tourismus-grossregion.eu\/fr\/wp-content\/uploads\/sites\/3\/2021\/07\/DJI_0548.jpg","2048x2048-width":1920,"2048x2048-height":1279,"download-thumbnail":"https:\/\/tourismus-grossregion.eu\/fr\/wp-content\/uploads\/sites\/3\/2021\/07\/DJI_0548-345x230.jpg","download-thumbnail-width":345,"download-thumbnail-height":230,"paragraphimage":"https:\/\/tourismus-grossregion.eu\/fr\/wp-content\/uploads\/sites\/3\/2021\/07\/DJI_0548-468x312.jpg","paragraphimage-width":468,"paragraphimage-height":312,"slider-image":"https:\/\/tourismus-grossregion.eu\/fr\/wp-content\/uploads\/sites\/3\/2021\/07\/DJI_0548-901x715.jpg","slider-image-width":901,"slider-image-height":715,"quote-image":"https:\/\/tourismus-grossregion.eu\/fr\/wp-content\/uploads\/sites\/3\/2021\/07\/DJI_0548-683x455.jpg","quote-image-width":683,"quote-image-height":455,"productcard-image":"https:\/\/tourismus-grossregion.eu\/fr\/wp-content\/uploads\/sites\/3\/2021\/07\/DJI_0548-710x473.jpg","productcard-image-width":710,"productcard-image-height":473}},"widget_content_carousel_entries_title":"Saarlouis","widget_content_carousel_entries_description":"<p>Le meilleur de deux mondes<\/p>\n","widget_content_carousel_entries__link":"https:\/\/tourismus-grossregion.eu\/fr\/saarlouis\/"},{"widget_content_carousel_entries_thumbnail":{"ID":803,"id":803,"title":"A7_08320_1","filename":"A7_08320_1.jpg","filesize":578011,"url":"https:\/\/tourismus-grossregion.eu\/fr\/wp-content\/uploads\/sites\/3\/2021\/07\/A7_08320_1.jpg","link":"https:\/\/tourismus-grossregion.eu\/fr\/minett-tour\/a7_08320_1\/","alt":"Une partie du complexe industriel peut \u00eatre vue d'en haut. De nombreux tuyaux et divers \u00e9l\u00e9ments de construction sont visibles.","author":"2","description":"Une partie du complexe industriel peut \u00eatre vue d'en haut. De nombreux tuyaux et divers \u00e9l\u00e9ments de construction sont visibles.","caption":"","name":"a7_08320_1","status":"inherit","uploaded_to":802,"date":"2021-07-27 12:03:22","modified":"2021-08-13 09:02:25","menu_order":0,"mime_type":"image\/jpeg","type":"image","subtype":"jpeg","icon":"https:\/\/tourismus-grossregion.eu\/fr\/wp-includes\/images\/media\/default.png","width":1920,"height":1280,"sizes":{"thumbnail":"https:\/\/tourismus-grossregion.eu\/fr\/wp-content\/uploads\/sites\/3\/2021\/07\/A7_08320_1-150x150.jpg","thumbnail-width":150,"thumbnail-height":150,"medium":"https:\/\/tourismus-grossregion.eu\/fr\/wp-content\/uploads\/sites\/3\/2021\/07\/A7_08320_1-300x200.jpg","medium-width":300,"medium-height":200,"medium_large":"https:\/\/tourismus-grossregion.eu\/fr\/wp-content\/uploads\/sites\/3\/2021\/07\/A7_08320_1-768x512.jpg","medium_large-width":768,"medium_large-height":512,"large":"https:\/\/tourismus-grossregion.eu\/fr\/wp-content\/uploads\/sites\/3\/2021\/07\/A7_08320_1-1024x683.jpg","large-width":1024,"large-height":683,"1536x1536":"https:\/\/tourismus-grossregion.eu\/fr\/wp-content\/uploads\/sites\/3\/2021\/07\/A7_08320_1-1536x1024.jpg","1536x1536-width":1536,"1536x1536-height":1024,"2048x2048":"https:\/\/tourismus-grossregion.eu\/fr\/wp-content\/uploads\/sites\/3\/2021\/07\/A7_08320_1.jpg","2048x2048-width":1920,"2048x2048-height":1280,"download-thumbnail":"https:\/\/tourismus-grossregion.eu\/fr\/wp-content\/uploads\/sites\/3\/2021\/07\/A7_08320_1-345x230.jpg","download-thumbnail-width":345,"download-thumbnail-height":230,"paragraphimage":"https:\/\/tourismus-grossregion.eu\/fr\/wp-content\/uploads\/sites\/3\/2021\/07\/A7_08320_1-468x312.jpg","paragraphimage-width":468,"paragraphimage-height":312,"slider-image":"https:\/\/tourismus-grossregion.eu\/fr\/wp-content\/uploads\/sites\/3\/2021\/07\/A7_08320_1-901x715.jpg","slider-image-width":901,"slider-image-height":715,"quote-image":"https:\/\/tourismus-grossregion.eu\/fr\/wp-content\/uploads\/sites\/3\/2021\/07\/A7_08320_1-683x455.jpg","quote-image-width":683,"quote-image-height":455,"productcard-image":"https:\/\/tourismus-grossregion.eu\/fr\/wp-content\/uploads\/sites\/3\/2021\/07\/A7_08320_1-710x473.jpg","productcard-image-width":710,"productcard-image-height":473}},"widget_content_carousel_entries_title":"Minett-Tour","widget_content_carousel_entries_description":"<p>Sur les traces de la sueur et de l\u2019acier<\/p>\n","widget_content_carousel_entries__link":"https:\/\/tourismus-grossregion.eu\/fr\/?page_id=802&preview=true"}],"widget_content_carousel_margin":"small"}],"page_fields_alternative_title":"Visite architecturale du Luxembourg"},"_links":{"self":[{"href":"https:\/\/tourismus-grossregion.eu\/fr\/wp-json\/wp\/v2\/pages\/511"}],"collection":[{"href":"https:\/\/tourismus-grossregion.eu\/fr\/wp-json\/wp\/v2\/pages"}],"about":[{"href":"https:\/\/tourismus-grossregion.eu\/fr\/wp-json\/wp\/v2\/types\/page"}],"author":[{"embeddable":true,"href":"https:\/\/tourismus-grossregion.eu\/fr\/wp-json\/wp\/v2\/users\/2"}],"replies":[{"embeddable":true,"href":"https:\/\/tourismus-grossregion.eu\/fr\/wp-json\/wp\/v2\/comments?post=511"}],"version-history":[{"count":35,"href":"https:\/\/tourismus-grossregion.eu\/fr\/wp-json\/wp\/v2\/pages\/511\/revisions"}],"predecessor-version":[{"id":1753,"href":"https:\/\/tourismus-grossregion.eu\/fr\/wp-json\/wp\/v2\/pages\/511\/revisions\/1753"}],"wp:featuredmedia":[{"embeddable":true,"href":"https:\/\/tourismus-grossregion.eu\/fr\/wp-json\/wp\/v2\/media\/504"}],"wp:attachment":[{"href":"https:\/\/tourismus-grossregion.eu\/fr\/wp-json\/wp\/v2\/media?parent=511"}],"curies":[{"name":"wp","href":"https:\/\/api.w.org\/{rel}","templated":true}]}}