{"id":518,"date":"2021-07-29T12:45:33","date_gmt":"2021-07-29T10:45:33","guid":{"rendered":"https:\/\/tgr.zeitraum.com\/fr\/?page_id=518"},"modified":"2021-08-27T14:15:00","modified_gmt":"2021-08-27T12:15:00","slug":"landgut-girtenmuhle","status":"publish","type":"page","link":"https:\/\/tourismus-grossregion.eu\/fr\/landgut-girtenmuhle\/","title":{"rendered":"Story: Saarland: Landgut Girtenm\u00fchle"},"content":{"rendered":"","protected":false},"excerpt":{"rendered":"","protected":false},"author":2,"featured_media":427,"parent":0,"menu_order":0,"comment_status":"closed","ping_status":"closed","template":"","meta":[],"yoast_head":"<!-- This site is optimized with the Yoast SEO plugin v16.9 - https:\/\/yoast.com\/wordpress\/plugins\/seo\/ -->\n<meta name=\"robots\" content=\"index, follow, max-snippet:-1, max-image-preview:large, max-video-preview:-1\" \/>\n<link rel=\"canonical\" href=\"https:\/\/tourismus-grossregion.eu\/fr\/landgut-girtenmuhle\/\" \/>\n<meta property=\"og:locale\" content=\"fr_FR\" \/>\n<meta property=\"og:type\" content=\"article\" \/>\n<meta property=\"og:title\" content=\"Story: Saarland: Landgut Girtenm\u00fchle - Tourisme Grande R\u00e9gion\" \/>\n<meta property=\"og:url\" content=\"https:\/\/tourismus-grossregion.eu\/fr\/landgut-girtenmuhle\/\" \/>\n<meta property=\"og:site_name\" content=\"Tourisme Grande R\u00e9gion\" \/>\n<meta property=\"article:modified_time\" content=\"2021-08-27T12:15:00+00:00\" \/>\n<meta property=\"og:image\" content=\"https:\/\/tourismus-grossregion.eu\/fr\/wp-content\/uploads\/sites\/3\/2021\/07\/JT-200811-189-1.jpg\" \/>\n\t<meta property=\"og:image:width\" content=\"1920\" \/>\n\t<meta property=\"og:image:height\" content=\"1280\" \/>\n<meta name=\"twitter:card\" content=\"summary_large_image\" \/>\n<script type=\"application\/ld+json\" class=\"yoast-schema-graph\">{\"@context\":\"https:\/\/schema.org\",\"@graph\":[{\"@type\":\"WebSite\",\"@id\":\"https:\/\/tourismus-grossregion.eu\/fr\/#website\",\"url\":\"https:\/\/tourismus-grossregion.eu\/fr\/\",\"name\":\"Tourisme Grande R\\u00e9gion\",\"description\":\"Tourisme Grande R\\u00e9gion\",\"potentialAction\":[{\"@type\":\"SearchAction\",\"target\":{\"@type\":\"EntryPoint\",\"urlTemplate\":\"https:\/\/tourismus-grossregion.eu\/fr\/?s={search_term_string}\"},\"query-input\":\"required name=search_term_string\"}],\"inLanguage\":\"fr-FR\"},{\"@type\":\"ImageObject\",\"@id\":\"https:\/\/tourismus-grossregion.eu\/fr\/landgut-girtenmuhle\/#primaryimage\",\"inLanguage\":\"fr-FR\",\"url\":\"https:\/\/tourismus-grossregion.eu\/fr\/wp-content\/uploads\/sites\/3\/2021\/07\/JT-200811-189-1.jpg\",\"contentUrl\":\"https:\/\/tourismus-grossregion.eu\/fr\/wp-content\/uploads\/sites\/3\/2021\/07\/JT-200811-189-1.jpg\",\"width\":1920,\"height\":1280,\"caption\":\"Quelques promenades autour du camping au soleil.\"},{\"@type\":\"WebPage\",\"@id\":\"https:\/\/tourismus-grossregion.eu\/fr\/landgut-girtenmuhle\/#webpage\",\"url\":\"https:\/\/tourismus-grossregion.eu\/fr\/landgut-girtenmuhle\/\",\"name\":\"Story: Saarland: Landgut Girtenm\\u00fchle - Tourisme Grande R\\u00e9gion\",\"isPartOf\":{\"@id\":\"https:\/\/tourismus-grossregion.eu\/fr\/#website\"},\"primaryImageOfPage\":{\"@id\":\"https:\/\/tourismus-grossregion.eu\/fr\/landgut-girtenmuhle\/#primaryimage\"},\"datePublished\":\"2021-07-29T10:45:33+00:00\",\"dateModified\":\"2021-08-27T12:15:00+00:00\",\"breadcrumb\":{\"@id\":\"https:\/\/tourismus-grossregion.eu\/fr\/landgut-girtenmuhle\/#breadcrumb\"},\"inLanguage\":\"fr-FR\",\"potentialAction\":[{\"@type\":\"ReadAction\",\"target\":[\"https:\/\/tourismus-grossregion.eu\/fr\/landgut-girtenmuhle\/\"]}]},{\"@type\":\"BreadcrumbList\",\"@id\":\"https:\/\/tourismus-grossregion.eu\/fr\/landgut-girtenmuhle\/#breadcrumb\",\"itemListElement\":[{\"@type\":\"ListItem\",\"position\":1,\"name\":\"Story: Saarland: Landgut Girtenm\\u00fchle\"}]}]}<\/script>\n<!-- \/ Yoast SEO plugin. -->","yoast_head_json":{"robots":{"index":"index","follow":"follow","max-snippet":"max-snippet:-1","max-image-preview":"max-image-preview:large","max-video-preview":"max-video-preview:-1"},"canonical":"https:\/\/tourismus-grossregion.eu\/fr\/landgut-girtenmuhle\/","og_locale":"fr_FR","og_type":"article","og_title":"Story: Saarland: Landgut Girtenm\u00fchle - Tourisme Grande R\u00e9gion","og_url":"https:\/\/tourismus-grossregion.eu\/fr\/landgut-girtenmuhle\/","og_site_name":"Tourisme Grande R\u00e9gion","article_modified_time":"2021-08-27T12:15:00+00:00","og_image":[{"width":1920,"height":1280,"url":"https:\/\/tourismus-grossregion.eu\/fr\/wp-content\/uploads\/sites\/3\/2021\/07\/JT-200811-189-1.jpg","path":"\/var\/www\/html\/wp-content\/uploads\/sites\/3\/2021\/07\/JT-200811-189-1.jpg","size":"full","id":427,"alt":"Quelques promenades autour du camping au soleil.","pixels":2457600,"type":"image\/jpeg"}],"twitter_card":"summary_large_image","schema":{"@context":"https:\/\/schema.org","@graph":[{"@type":"WebSite","@id":"https:\/\/tourismus-grossregion.eu\/fr\/#website","url":"https:\/\/tourismus-grossregion.eu\/fr\/","name":"Tourisme Grande R\u00e9gion","description":"Tourisme Grande R\u00e9gion","potentialAction":[{"@type":"SearchAction","target":{"@type":"EntryPoint","urlTemplate":"https:\/\/tourismus-grossregion.eu\/fr\/?s={search_term_string}"},"query-input":"required name=search_term_string"}],"inLanguage":"fr-FR"},{"@type":"ImageObject","@id":"https:\/\/tourismus-grossregion.eu\/fr\/landgut-girtenmuhle\/#primaryimage","inLanguage":"fr-FR","url":"https:\/\/tourismus-grossregion.eu\/fr\/wp-content\/uploads\/sites\/3\/2021\/07\/JT-200811-189-1.jpg","contentUrl":"https:\/\/tourismus-grossregion.eu\/fr\/wp-content\/uploads\/sites\/3\/2021\/07\/JT-200811-189-1.jpg","width":1920,"height":1280,"caption":"Quelques promenades autour du camping au soleil."},{"@type":"WebPage","@id":"https:\/\/tourismus-grossregion.eu\/fr\/landgut-girtenmuhle\/#webpage","url":"https:\/\/tourismus-grossregion.eu\/fr\/landgut-girtenmuhle\/","name":"Story: Saarland: Landgut Girtenm\u00fchle - Tourisme Grande R\u00e9gion","isPartOf":{"@id":"https:\/\/tourismus-grossregion.eu\/fr\/#website"},"primaryImageOfPage":{"@id":"https:\/\/tourismus-grossregion.eu\/fr\/landgut-girtenmuhle\/#primaryimage"},"datePublished":"2021-07-29T10:45:33+00:00","dateModified":"2021-08-27T12:15:00+00:00","breadcrumb":{"@id":"https:\/\/tourismus-grossregion.eu\/fr\/landgut-girtenmuhle\/#breadcrumb"},"inLanguage":"fr-FR","potentialAction":[{"@type":"ReadAction","target":["https:\/\/tourismus-grossregion.eu\/fr\/landgut-girtenmuhle\/"]}]},{"@type":"BreadcrumbList","@id":"https:\/\/tourismus-grossregion.eu\/fr\/landgut-girtenmuhle\/#breadcrumb","itemListElement":[{"@type":"ListItem","position":1,"name":"Story: Saarland: Landgut Girtenm\u00fchle"}]}]}},"acf":{"pb_acf_widgets":[{"acf_fc_layout":"widget_hero_static","widget_hero_static_background":{"widget_hero_static_background_type":false,"widget_hero_static_image":{"ID":427,"id":427,"title":"JT-200811-189-1","filename":"JT-200811-189-1.jpg","filesize":907521,"url":"https:\/\/tourismus-grossregion.eu\/fr\/wp-content\/uploads\/sites\/3\/2021\/07\/JT-200811-189-1.jpg","link":"https:\/\/tourismus-grossregion.eu\/fr\/landgut-girtenmuhle\/jt-200811-189-1\/","alt":"Quelques promenades autour du camping au soleil.","author":"2","description":"Quelques promenades autour du camping au soleil.","caption":"","name":"jt-200811-189-1","status":"inherit","uploaded_to":518,"date":"2021-07-26 10:16:32","modified":"2021-07-27 06:58:52","menu_order":0,"mime_type":"image\/jpeg","type":"image","subtype":"jpeg","icon":"https:\/\/tourismus-grossregion.eu\/fr\/wp-includes\/images\/media\/default.png","width":1920,"height":1280,"sizes":{"thumbnail":"https:\/\/tourismus-grossregion.eu\/fr\/wp-content\/uploads\/sites\/3\/2021\/07\/JT-200811-189-1-150x150.jpg","thumbnail-width":150,"thumbnail-height":150,"medium":"https:\/\/tourismus-grossregion.eu\/fr\/wp-content\/uploads\/sites\/3\/2021\/07\/JT-200811-189-1-300x200.jpg","medium-width":300,"medium-height":200,"medium_large":"https:\/\/tourismus-grossregion.eu\/fr\/wp-content\/uploads\/sites\/3\/2021\/07\/JT-200811-189-1-768x512.jpg","medium_large-width":768,"medium_large-height":512,"large":"https:\/\/tourismus-grossregion.eu\/fr\/wp-content\/uploads\/sites\/3\/2021\/07\/JT-200811-189-1-1024x683.jpg","large-width":1024,"large-height":683,"1536x1536":"https:\/\/tourismus-grossregion.eu\/fr\/wp-content\/uploads\/sites\/3\/2021\/07\/JT-200811-189-1-1536x1024.jpg","1536x1536-width":1536,"1536x1536-height":1024,"2048x2048":"https:\/\/tourismus-grossregion.eu\/fr\/wp-content\/uploads\/sites\/3\/2021\/07\/JT-200811-189-1.jpg","2048x2048-width":1920,"2048x2048-height":1280,"download-thumbnail":"https:\/\/tourismus-grossregion.eu\/fr\/wp-content\/uploads\/sites\/3\/2021\/07\/JT-200811-189-1-345x230.jpg","download-thumbnail-width":345,"download-thumbnail-height":230,"paragraphimage":"https:\/\/tourismus-grossregion.eu\/fr\/wp-content\/uploads\/sites\/3\/2021\/07\/JT-200811-189-1-468x312.jpg","paragraphimage-width":468,"paragraphimage-height":312,"slider-image":"https:\/\/tourismus-grossregion.eu\/fr\/wp-content\/uploads\/sites\/3\/2021\/07\/JT-200811-189-1-901x715.jpg","slider-image-width":901,"slider-image-height":715,"quote-image":"https:\/\/tourismus-grossregion.eu\/fr\/wp-content\/uploads\/sites\/3\/2021\/07\/JT-200811-189-1-683x455.jpg","quote-image-width":683,"quote-image-height":455,"productcard-image":"https:\/\/tourismus-grossregion.eu\/fr\/wp-content\/uploads\/sites\/3\/2021\/07\/JT-200811-189-1-710x473.jpg","productcard-image-width":710,"productcard-image-height":473}},"widget_hero_static_video_type":false,"widget_hero_static_video_upload":false,"widget_hero_static_youtube_embed":"","widget_hero_static_filter":false},"widget_hero_static_content":{"widget_hero_static_headline":"Landgut Girtenm\u00fchle","widget_hero_static_copy":"","widget_hero_static_link":""},"widget_hero_static_margin":"small"},{"acf_fc_layout":"widget_paragraph_headlines_image","widget_paragraph_headlines_image_orientation":false,"widget_paragraph_headlines_image_decoration":true,"widget_paragraph_headlines_image_content":{"widget_paragraph_headlines_image_preline":"","widget_paragraph_headlines_image_headline":"","widget_paragraph_headlines_image_subline":"LandGut Girtenm\u00fchle : un lieu pour vivre et r\u00eaver","widget_paragraph_headlines_image_editor_justify":true,"widget_paragraph_headlines_image_editor":"<p>Quatre personnes ont quitt\u00e9 la ville anim\u00e9e d&rsquo;Amsterdam pour venir s\u2019installer dans la belle r\u00e9gion de Sarre afin d\u2019y r\u00e9aliser leur r\u00eave. Sur un terrain de camping d&rsquo;un genre particulier, ils offrent d\u00e9sormais tout ce qu&rsquo;il faut pour des vacances naturelles et durables. Et pour ceux qui le souhaitent, il est m\u00eame possible de passer la nuit dans un kota finlandais ou un tonneau de vin am\u00e9nag\u00e9.<\/p>\n","widget_paragraph_headlines_image_link":""},"widget_paragraph_headlines_image_image":false,"widget_paragraph_headlines_image_image_option":false,"widget_paragraph_headlines_image_margin":"small"},{"acf_fc_layout":"widget_editor","widget_editor_justify":true,"widget_editor_editor":"<p>Le \u00ab Wunderbar \u00bb brille dans la chaude lumi\u00e8re du soir, les clients sont assis dans de confortables chaises en osier sous un arbre vert illumin\u00e9 de guirlandes.<\/p>\n","widget_editor_margin":"small"},{"acf_fc_layout":"widget_paragraph_headlines_image","widget_paragraph_headlines_image_orientation":true,"widget_paragraph_headlines_image_decoration":false,"widget_paragraph_headlines_image_content":{"widget_paragraph_headlines_image_preline":"","widget_paragraph_headlines_image_headline":"","widget_paragraph_headlines_image_subline":"","widget_paragraph_headlines_image_editor_justify":true,"widget_paragraph_headlines_image_editor":"<p>Ils vont chercher leur repas et des boissons au comptoir, Gidi apporte une grande coupe dans laquelle br\u00fble un petit feu de bois cr\u00e9pitant. L&rsquo;ambiance de la soir\u00e9e est excellente, comme l&rsquo;aime Gidi : \u00ab Nous prenons un verre avec les clients. Ils sont tr\u00e8s curieux de savoir comment tout cela a commenc\u00e9, pourquoi nous sommes venus d&rsquo;Amsterdam. Ce sont de longues conversations, et des amiti\u00e9s se tissent \u00bb.<\/p>\n<p>Tout a commenc\u00e9 il y a quatre ans, lorsque le N\u00e9erlandais Gidi van de Belt, son p\u00e8re Wim et ses amis Vincent et Dominique, ont d\u00e9cid\u00e9 d\u2019\u0153uvrer pour un monde plus accueillant. Rompre avec le sch\u00e9ma habituel et adopter un mode de vie alternatif. \u00ab J&rsquo;ai fait des \u00e9tudes de physique et j\u2019exer\u00e7ais un m\u00e9tier dans un bureau, mais j&rsquo;\u00e9tais tr\u00e8s malheureux l\u00e0-bas \u00bb, dit Gidi avec un \u00e9l\u00e9gant accent n\u00e9erlandais. Rester assis devant un ordinateur portable 60 heures par semaine ne lui correspondait plus, et Amsterdam semblait trop exigu\u00eb \u00e0 long terme. Ensemble, ils ont d\u00e9cid\u00e9 de changer compl\u00e8tement de vie.<\/p>\n","widget_paragraph_headlines_image_link":""},"widget_paragraph_headlines_image_image":{"ID":428,"id":428,"title":"JT-200811-292","filename":"JT-200811-292.jpg","filesize":621400,"url":"https:\/\/tourismus-grossregion.eu\/fr\/wp-content\/uploads\/sites\/3\/2021\/07\/JT-200811-292.jpg","link":"https:\/\/tourismus-grossregion.eu\/fr\/landgut-girtenmuhle\/jt-200811-292\/","alt":"Les gens sont assis au Wunderbar un soir d'\u00e9t\u00e9, dans une lumi\u00e8re agr\u00e9able.","author":"2","description":"Les gens sont assis au Wunderbar un soir d'\u00e9t\u00e9, dans une lumi\u00e8re agr\u00e9able.","caption":"","name":"jt-200811-292","status":"inherit","uploaded_to":518,"date":"2021-07-26 10:16:43","modified":"2021-07-27 07:01:58","menu_order":0,"mime_type":"image\/jpeg","type":"image","subtype":"jpeg","icon":"https:\/\/tourismus-grossregion.eu\/fr\/wp-includes\/images\/media\/default.png","width":1200,"height":800,"sizes":{"thumbnail":"https:\/\/tourismus-grossregion.eu\/fr\/wp-content\/uploads\/sites\/3\/2021\/07\/JT-200811-292-150x150.jpg","thumbnail-width":150,"thumbnail-height":150,"medium":"https:\/\/tourismus-grossregion.eu\/fr\/wp-content\/uploads\/sites\/3\/2021\/07\/JT-200811-292-300x200.jpg","medium-width":300,"medium-height":200,"medium_large":"https:\/\/tourismus-grossregion.eu\/fr\/wp-content\/uploads\/sites\/3\/2021\/07\/JT-200811-292-768x512.jpg","medium_large-width":768,"medium_large-height":512,"large":"https:\/\/tourismus-grossregion.eu\/fr\/wp-content\/uploads\/sites\/3\/2021\/07\/JT-200811-292-1024x683.jpg","large-width":1024,"large-height":683,"1536x1536":"https:\/\/tourismus-grossregion.eu\/fr\/wp-content\/uploads\/sites\/3\/2021\/07\/JT-200811-292.jpg","1536x1536-width":1200,"1536x1536-height":800,"2048x2048":"https:\/\/tourismus-grossregion.eu\/fr\/wp-content\/uploads\/sites\/3\/2021\/07\/JT-200811-292.jpg","2048x2048-width":1200,"2048x2048-height":800,"download-thumbnail":"https:\/\/tourismus-grossregion.eu\/fr\/wp-content\/uploads\/sites\/3\/2021\/07\/JT-200811-292-345x230.jpg","download-thumbnail-width":345,"download-thumbnail-height":230,"paragraphimage":"https:\/\/tourismus-grossregion.eu\/fr\/wp-content\/uploads\/sites\/3\/2021\/07\/JT-200811-292-468x312.jpg","paragraphimage-width":468,"paragraphimage-height":312,"slider-image":"https:\/\/tourismus-grossregion.eu\/fr\/wp-content\/uploads\/sites\/3\/2021\/07\/JT-200811-292-901x715.jpg","slider-image-width":901,"slider-image-height":715,"quote-image":"https:\/\/tourismus-grossregion.eu\/fr\/wp-content\/uploads\/sites\/3\/2021\/07\/JT-200811-292-683x455.jpg","quote-image-width":683,"quote-image-height":455,"productcard-image":"https:\/\/tourismus-grossregion.eu\/fr\/wp-content\/uploads\/sites\/3\/2021\/07\/JT-200811-292-710x473.jpg","productcard-image-width":710,"productcard-image-height":473}},"widget_paragraph_headlines_image_image_option":false,"widget_paragraph_headlines_image_margin":"small"},{"acf_fc_layout":"widget_editor","widget_editor_justify":true,"widget_editor_editor":"<p>\u00ab L&rsquo;id\u00e9e \u00e9tait de cr\u00e9er une communaut\u00e9 et de vivre en harmonie avec la nature \u00bb, dit Gidi. Un camping comme mod\u00e8le \u00e9conomique semblait bien correspondre \u00e0 ce r\u00eave. \u00c0 400 kilom\u00e8tres au sud, dans l&rsquo;idyllique r\u00e9gion de Sarre, \u00e0 mi-chemin entre Tr\u00e8ves et Sarrelouis, ils ont trouv\u00e9 la Girtenm\u00fchle qui \u00e9tait alors en vente. C&rsquo;\u00e9tait un ancien moulin \u00e0 eau sur le ruisseau Losheim, la maison principale date de 1780, et avait m\u00eame abrit\u00e9 un moment un h\u00f4tel. Les quatre sont imm\u00e9diatement tomb\u00e9s amoureux de la propri\u00e9t\u00e9 : \u00ab Waouh, la nature, l&#8217;emplacement directement dans la for\u00eat avec le ruisseau, c&rsquo;est un endroit magique o\u00f9 il fait bon vivre et travailler \u00bb, se souvient Gidi. Ici, on peut camper, faire de la randonn\u00e9e et tout simplement profiter de la vie.<\/p>\n","widget_editor_margin":"small"},{"acf_fc_layout":"widget_testimonial","widget_testimonial_color":false,"widget_testimonial_content":{"widget_testimonial_name":"Gidi van de Belt","widget_testimonial_position":"","widget_testimonial_quote_size":false,"widget_testimonial_quote":"\u00ab L'id\u00e9e \u00e9tait de cr\u00e9er une communaut\u00e9 et de vivre en harmonie avec la nature. \u00bb"},"widget_testimonial_image":{"ID":429,"id":429,"title":"JT-200811-007","filename":"JT-200811-007.jpg","filesize":527362,"url":"https:\/\/tourismus-grossregion.eu\/fr\/wp-content\/uploads\/sites\/3\/2021\/07\/JT-200811-007.jpg","link":"https:\/\/tourismus-grossregion.eu\/fr\/landgut-girtenmuhle\/jt-200811-007\/","alt":"Gidi van de Belt, cofondatrice du camping Girtenm\u00fchle, est assise sur une chaise et regarde au loin.","author":"2","description":"Gidi van de Belt, cofondatrice du camping Girtenm\u00fchle, est assise sur une chaise et regarde au loin.","caption":"","name":"jt-200811-007","status":"inherit","uploaded_to":518,"date":"2021-07-26 10:16:49","modified":"2021-07-27 07:02:58","menu_order":0,"mime_type":"image\/jpeg","type":"image","subtype":"jpeg","icon":"https:\/\/tourismus-grossregion.eu\/fr\/wp-includes\/images\/media\/default.png","width":1920,"height":1280,"sizes":{"thumbnail":"https:\/\/tourismus-grossregion.eu\/fr\/wp-content\/uploads\/sites\/3\/2021\/07\/JT-200811-007-150x150.jpg","thumbnail-width":150,"thumbnail-height":150,"medium":"https:\/\/tourismus-grossregion.eu\/fr\/wp-content\/uploads\/sites\/3\/2021\/07\/JT-200811-007-300x200.jpg","medium-width":300,"medium-height":200,"medium_large":"https:\/\/tourismus-grossregion.eu\/fr\/wp-content\/uploads\/sites\/3\/2021\/07\/JT-200811-007-768x512.jpg","medium_large-width":768,"medium_large-height":512,"large":"https:\/\/tourismus-grossregion.eu\/fr\/wp-content\/uploads\/sites\/3\/2021\/07\/JT-200811-007-1024x683.jpg","large-width":1024,"large-height":683,"1536x1536":"https:\/\/tourismus-grossregion.eu\/fr\/wp-content\/uploads\/sites\/3\/2021\/07\/JT-200811-007-1536x1024.jpg","1536x1536-width":1536,"1536x1536-height":1024,"2048x2048":"https:\/\/tourismus-grossregion.eu\/fr\/wp-content\/uploads\/sites\/3\/2021\/07\/JT-200811-007.jpg","2048x2048-width":1920,"2048x2048-height":1280,"download-thumbnail":"https:\/\/tourismus-grossregion.eu\/fr\/wp-content\/uploads\/sites\/3\/2021\/07\/JT-200811-007-345x230.jpg","download-thumbnail-width":345,"download-thumbnail-height":230,"paragraphimage":"https:\/\/tourismus-grossregion.eu\/fr\/wp-content\/uploads\/sites\/3\/2021\/07\/JT-200811-007-468x312.jpg","paragraphimage-width":468,"paragraphimage-height":312,"slider-image":"https:\/\/tourismus-grossregion.eu\/fr\/wp-content\/uploads\/sites\/3\/2021\/07\/JT-200811-007-901x715.jpg","slider-image-width":901,"slider-image-height":715,"quote-image":"https:\/\/tourismus-grossregion.eu\/fr\/wp-content\/uploads\/sites\/3\/2021\/07\/JT-200811-007-683x455.jpg","quote-image-width":683,"quote-image-height":455,"productcard-image":"https:\/\/tourismus-grossregion.eu\/fr\/wp-content\/uploads\/sites\/3\/2021\/07\/JT-200811-007-710x473.jpg","productcard-image-width":710,"productcard-image-height":473}},"widget_testimonial_margin":"small"},{"acf_fc_layout":"widget_editor","widget_editor_justify":true,"widget_editor_editor":"<p>Et c&rsquo;est ce qu&rsquo;ils ont fait. Ils ont vendu leurs maisons, quitt\u00e9 leurs emplois et l&rsquo;aventure a commenc\u00e9. Le r\u00e9sultat est un bel endroit o\u00f9 l\u2019on peut camper, se d\u00e9tendre, faire de la randonn\u00e9e, savourer de d\u00e9licieux plats et boissons et tout simplement profiter de la vie. D\u00e8s leur arriv\u00e9e, les clients se rendent compte qu&rsquo;il s&rsquo;agit d&rsquo;un camping tout particulier. Des malles de voyage anciennes sont empil\u00e9es sous le comptoir en bois et les cl\u00e9s sont suspendues \u00e0 des branches noueuses le long du mur. Gidi et Vincent accueillent personnellement chaque campeur et les accompagnent dans leur visite du site.<\/p>\n<p>&nbsp;<\/p>\n","widget_editor_margin":"small"},{"acf_fc_layout":"widget_gallery","widget_gallery_entries":[{"widget_gallery_image":{"ID":430,"id":430,"title":"JT-200811-241","filename":"JT-200811-241.jpg","filesize":1499196,"url":"https:\/\/tourismus-grossregion.eu\/fr\/wp-content\/uploads\/sites\/3\/2021\/07\/JT-200811-241.jpg","link":"https:\/\/tourismus-grossregion.eu\/fr\/landgut-girtenmuhle\/jt-200811-241\/","alt":"Le camping sous le soleil du soir.","author":"2","description":"Le camping sous le soleil du soir.","caption":"","name":"jt-200811-241","status":"inherit","uploaded_to":518,"date":"2021-07-26 10:17:00","modified":"2021-07-27 07:04:14","menu_order":0,"mime_type":"image\/jpeg","type":"image","subtype":"jpeg","icon":"https:\/\/tourismus-grossregion.eu\/fr\/wp-includes\/images\/media\/default.png","width":1920,"height":1280,"sizes":{"thumbnail":"https:\/\/tourismus-grossregion.eu\/fr\/wp-content\/uploads\/sites\/3\/2021\/07\/JT-200811-241-150x150.jpg","thumbnail-width":150,"thumbnail-height":150,"medium":"https:\/\/tourismus-grossregion.eu\/fr\/wp-content\/uploads\/sites\/3\/2021\/07\/JT-200811-241-300x200.jpg","medium-width":300,"medium-height":200,"medium_large":"https:\/\/tourismus-grossregion.eu\/fr\/wp-content\/uploads\/sites\/3\/2021\/07\/JT-200811-241-768x512.jpg","medium_large-width":768,"medium_large-height":512,"large":"https:\/\/tourismus-grossregion.eu\/fr\/wp-content\/uploads\/sites\/3\/2021\/07\/JT-200811-241-1024x683.jpg","large-width":1024,"large-height":683,"1536x1536":"https:\/\/tourismus-grossregion.eu\/fr\/wp-content\/uploads\/sites\/3\/2021\/07\/JT-200811-241-1536x1024.jpg","1536x1536-width":1536,"1536x1536-height":1024,"2048x2048":"https:\/\/tourismus-grossregion.eu\/fr\/wp-content\/uploads\/sites\/3\/2021\/07\/JT-200811-241.jpg","2048x2048-width":1920,"2048x2048-height":1280,"download-thumbnail":"https:\/\/tourismus-grossregion.eu\/fr\/wp-content\/uploads\/sites\/3\/2021\/07\/JT-200811-241-345x230.jpg","download-thumbnail-width":345,"download-thumbnail-height":230,"paragraphimage":"https:\/\/tourismus-grossregion.eu\/fr\/wp-content\/uploads\/sites\/3\/2021\/07\/JT-200811-241-468x312.jpg","paragraphimage-width":468,"paragraphimage-height":312,"slider-image":"https:\/\/tourismus-grossregion.eu\/fr\/wp-content\/uploads\/sites\/3\/2021\/07\/JT-200811-241-901x715.jpg","slider-image-width":901,"slider-image-height":715,"quote-image":"https:\/\/tourismus-grossregion.eu\/fr\/wp-content\/uploads\/sites\/3\/2021\/07\/JT-200811-241-683x455.jpg","quote-image-width":683,"quote-image-height":455,"productcard-image":"https:\/\/tourismus-grossregion.eu\/fr\/wp-content\/uploads\/sites\/3\/2021\/07\/JT-200811-241-710x473.jpg","productcard-image-width":710,"productcard-image-height":473}},"widget_gallery_caption":""},{"widget_gallery_image":{"ID":431,"id":431,"title":"JT-200811-055","filename":"JT-200811-055.jpg","filesize":654052,"url":"https:\/\/tourismus-grossregion.eu\/fr\/wp-content\/uploads\/sites\/3\/2021\/07\/JT-200811-055.jpg","link":"https:\/\/tourismus-grossregion.eu\/fr\/landgut-girtenmuhle\/jt-200811-055\/","alt":"Les amis Gidi et Vincent riant devant une kota finlandaise.","author":"2","description":"Les amis Gidi et Vincent riant devant une kota finlandaise.","caption":"","name":"jt-200811-055","status":"inherit","uploaded_to":518,"date":"2021-07-26 10:17:12","modified":"2021-07-27 07:04:34","menu_order":0,"mime_type":"image\/jpeg","type":"image","subtype":"jpeg","icon":"https:\/\/tourismus-grossregion.eu\/fr\/wp-includes\/images\/media\/default.png","width":1920,"height":1280,"sizes":{"thumbnail":"https:\/\/tourismus-grossregion.eu\/fr\/wp-content\/uploads\/sites\/3\/2021\/07\/JT-200811-055-150x150.jpg","thumbnail-width":150,"thumbnail-height":150,"medium":"https:\/\/tourismus-grossregion.eu\/fr\/wp-content\/uploads\/sites\/3\/2021\/07\/JT-200811-055-300x200.jpg","medium-width":300,"medium-height":200,"medium_large":"https:\/\/tourismus-grossregion.eu\/fr\/wp-content\/uploads\/sites\/3\/2021\/07\/JT-200811-055-768x512.jpg","medium_large-width":768,"medium_large-height":512,"large":"https:\/\/tourismus-grossregion.eu\/fr\/wp-content\/uploads\/sites\/3\/2021\/07\/JT-200811-055-1024x683.jpg","large-width":1024,"large-height":683,"1536x1536":"https:\/\/tourismus-grossregion.eu\/fr\/wp-content\/uploads\/sites\/3\/2021\/07\/JT-200811-055-1536x1024.jpg","1536x1536-width":1536,"1536x1536-height":1024,"2048x2048":"https:\/\/tourismus-grossregion.eu\/fr\/wp-content\/uploads\/sites\/3\/2021\/07\/JT-200811-055.jpg","2048x2048-width":1920,"2048x2048-height":1280,"download-thumbnail":"https:\/\/tourismus-grossregion.eu\/fr\/wp-content\/uploads\/sites\/3\/2021\/07\/JT-200811-055-345x230.jpg","download-thumbnail-width":345,"download-thumbnail-height":230,"paragraphimage":"https:\/\/tourismus-grossregion.eu\/fr\/wp-content\/uploads\/sites\/3\/2021\/07\/JT-200811-055-468x312.jpg","paragraphimage-width":468,"paragraphimage-height":312,"slider-image":"https:\/\/tourismus-grossregion.eu\/fr\/wp-content\/uploads\/sites\/3\/2021\/07\/JT-200811-055-901x715.jpg","slider-image-width":901,"slider-image-height":715,"quote-image":"https:\/\/tourismus-grossregion.eu\/fr\/wp-content\/uploads\/sites\/3\/2021\/07\/JT-200811-055-683x455.jpg","quote-image-width":683,"quote-image-height":455,"productcard-image":"https:\/\/tourismus-grossregion.eu\/fr\/wp-content\/uploads\/sites\/3\/2021\/07\/JT-200811-055-710x473.jpg","productcard-image-width":710,"productcard-image-height":473}},"widget_gallery_caption":""},{"widget_gallery_image":{"ID":519,"id":519,"title":"JT-200811-506","filename":"JT-200811-506.jpg","filesize":1374760,"url":"https:\/\/tourismus-grossregion.eu\/fr\/wp-content\/uploads\/sites\/3\/2021\/07\/JT-200811-506.jpg","link":"https:\/\/tourismus-grossregion.eu\/fr\/landgut-girtenmuhle\/jt-200811-506-2\/","alt":"Une vue a\u00e9rienne du camping avec des tentes et des campeurs.","author":"2","description":"Une vue a\u00e9rienne du camping avec des tentes et des campeurs.","caption":"","name":"jt-200811-506-2","status":"inherit","uploaded_to":518,"date":"2021-07-26 12:43:12","modified":"2021-08-13 08:47:48","menu_order":0,"mime_type":"image\/jpeg","type":"image","subtype":"jpeg","icon":"https:\/\/tourismus-grossregion.eu\/fr\/wp-includes\/images\/media\/default.png","width":1920,"height":1279,"sizes":{"thumbnail":"https:\/\/tourismus-grossregion.eu\/fr\/wp-content\/uploads\/sites\/3\/2021\/07\/JT-200811-506-150x150.jpg","thumbnail-width":150,"thumbnail-height":150,"medium":"https:\/\/tourismus-grossregion.eu\/fr\/wp-content\/uploads\/sites\/3\/2021\/07\/JT-200811-506-300x200.jpg","medium-width":300,"medium-height":200,"medium_large":"https:\/\/tourismus-grossregion.eu\/fr\/wp-content\/uploads\/sites\/3\/2021\/07\/JT-200811-506-768x512.jpg","medium_large-width":768,"medium_large-height":512,"large":"https:\/\/tourismus-grossregion.eu\/fr\/wp-content\/uploads\/sites\/3\/2021\/07\/JT-200811-506-1024x682.jpg","large-width":1024,"large-height":682,"1536x1536":"https:\/\/tourismus-grossregion.eu\/fr\/wp-content\/uploads\/sites\/3\/2021\/07\/JT-200811-506-1536x1023.jpg","1536x1536-width":1536,"1536x1536-height":1023,"2048x2048":"https:\/\/tourismus-grossregion.eu\/fr\/wp-content\/uploads\/sites\/3\/2021\/07\/JT-200811-506.jpg","2048x2048-width":1920,"2048x2048-height":1279,"download-thumbnail":"https:\/\/tourismus-grossregion.eu\/fr\/wp-content\/uploads\/sites\/3\/2021\/07\/JT-200811-506-345x230.jpg","download-thumbnail-width":345,"download-thumbnail-height":230,"paragraphimage":"https:\/\/tourismus-grossregion.eu\/fr\/wp-content\/uploads\/sites\/3\/2021\/07\/JT-200811-506-468x312.jpg","paragraphimage-width":468,"paragraphimage-height":312,"slider-image":"https:\/\/tourismus-grossregion.eu\/fr\/wp-content\/uploads\/sites\/3\/2021\/07\/JT-200811-506-901x715.jpg","slider-image-width":901,"slider-image-height":715,"quote-image":"https:\/\/tourismus-grossregion.eu\/fr\/wp-content\/uploads\/sites\/3\/2021\/07\/JT-200811-506-683x455.jpg","quote-image-width":683,"quote-image-height":455,"productcard-image":"https:\/\/tourismus-grossregion.eu\/fr\/wp-content\/uploads\/sites\/3\/2021\/07\/JT-200811-506-710x473.jpg","productcard-image-width":710,"productcard-image-height":473}},"widget_gallery_caption":""},{"widget_gallery_image":{"ID":520,"id":520,"title":"JT-200811-257","filename":"JT-200811-257.jpg","filesize":1182148,"url":"https:\/\/tourismus-grossregion.eu\/fr\/wp-content\/uploads\/sites\/3\/2021\/07\/JT-200811-257.jpg","link":"https:\/\/tourismus-grossregion.eu\/fr\/landgut-girtenmuhle\/jt-200811-257\/","alt":"Gidi van de Belt est debout devant le barbecue, une bi\u00e8re \u00e0 la main.","author":"2","description":"Gidi van de Belt est debout devant le barbecue, une bi\u00e8re \u00e0 la main.","caption":"","name":"jt-200811-257","status":"inherit","uploaded_to":518,"date":"2021-07-26 12:43:23","modified":"2021-07-27 07:05:09","menu_order":0,"mime_type":"image\/jpeg","type":"image","subtype":"jpeg","icon":"https:\/\/tourismus-grossregion.eu\/fr\/wp-includes\/images\/media\/default.png","width":1920,"height":1280,"sizes":{"thumbnail":"https:\/\/tourismus-grossregion.eu\/fr\/wp-content\/uploads\/sites\/3\/2021\/07\/JT-200811-257-150x150.jpg","thumbnail-width":150,"thumbnail-height":150,"medium":"https:\/\/tourismus-grossregion.eu\/fr\/wp-content\/uploads\/sites\/3\/2021\/07\/JT-200811-257-300x200.jpg","medium-width":300,"medium-height":200,"medium_large":"https:\/\/tourismus-grossregion.eu\/fr\/wp-content\/uploads\/sites\/3\/2021\/07\/JT-200811-257-768x512.jpg","medium_large-width":768,"medium_large-height":512,"large":"https:\/\/tourismus-grossregion.eu\/fr\/wp-content\/uploads\/sites\/3\/2021\/07\/JT-200811-257-1024x683.jpg","large-width":1024,"large-height":683,"1536x1536":"https:\/\/tourismus-grossregion.eu\/fr\/wp-content\/uploads\/sites\/3\/2021\/07\/JT-200811-257-1536x1024.jpg","1536x1536-width":1536,"1536x1536-height":1024,"2048x2048":"https:\/\/tourismus-grossregion.eu\/fr\/wp-content\/uploads\/sites\/3\/2021\/07\/JT-200811-257.jpg","2048x2048-width":1920,"2048x2048-height":1280,"download-thumbnail":"https:\/\/tourismus-grossregion.eu\/fr\/wp-content\/uploads\/sites\/3\/2021\/07\/JT-200811-257-345x230.jpg","download-thumbnail-width":345,"download-thumbnail-height":230,"paragraphimage":"https:\/\/tourismus-grossregion.eu\/fr\/wp-content\/uploads\/sites\/3\/2021\/07\/JT-200811-257-468x312.jpg","paragraphimage-width":468,"paragraphimage-height":312,"slider-image":"https:\/\/tourismus-grossregion.eu\/fr\/wp-content\/uploads\/sites\/3\/2021\/07\/JT-200811-257-901x715.jpg","slider-image-width":901,"slider-image-height":715,"quote-image":"https:\/\/tourismus-grossregion.eu\/fr\/wp-content\/uploads\/sites\/3\/2021\/07\/JT-200811-257-683x455.jpg","quote-image-width":683,"quote-image-height":455,"productcard-image":"https:\/\/tourismus-grossregion.eu\/fr\/wp-content\/uploads\/sites\/3\/2021\/07\/JT-200811-257-710x473.jpg","productcard-image-width":710,"productcard-image-height":473}},"widget_gallery_caption":""},{"widget_gallery_image":{"ID":521,"id":521,"title":"JT-200811-013","filename":"JT-200811-013.jpg","filesize":1363284,"url":"https:\/\/tourismus-grossregion.eu\/fr\/wp-content\/uploads\/sites\/3\/2021\/07\/JT-200811-013.jpg","link":"https:\/\/tourismus-grossregion.eu\/fr\/landgut-girtenmuhle\/jt-200811-013\/","alt":"Deux kota finlandais avec des cadres de fen\u00eatres et de portes jaunes. Ils servent d'h\u00e9bergement pour la nuit au camping.","author":"2","description":"Deux kota finlandais avec des cadres de fen\u00eatres et de portes jaunes. Ils servent d'h\u00e9bergement pour la nuit au camping.","caption":"","name":"jt-200811-013","status":"inherit","uploaded_to":518,"date":"2021-07-26 12:43:34","modified":"2021-07-27 07:05:34","menu_order":0,"mime_type":"image\/jpeg","type":"image","subtype":"jpeg","icon":"https:\/\/tourismus-grossregion.eu\/fr\/wp-includes\/images\/media\/default.png","width":1800,"height":1200,"sizes":{"thumbnail":"https:\/\/tourismus-grossregion.eu\/fr\/wp-content\/uploads\/sites\/3\/2021\/07\/JT-200811-013-150x150.jpg","thumbnail-width":150,"thumbnail-height":150,"medium":"https:\/\/tourismus-grossregion.eu\/fr\/wp-content\/uploads\/sites\/3\/2021\/07\/JT-200811-013-300x200.jpg","medium-width":300,"medium-height":200,"medium_large":"https:\/\/tourismus-grossregion.eu\/fr\/wp-content\/uploads\/sites\/3\/2021\/07\/JT-200811-013-768x512.jpg","medium_large-width":768,"medium_large-height":512,"large":"https:\/\/tourismus-grossregion.eu\/fr\/wp-content\/uploads\/sites\/3\/2021\/07\/JT-200811-013-1024x683.jpg","large-width":1024,"large-height":683,"1536x1536":"https:\/\/tourismus-grossregion.eu\/fr\/wp-content\/uploads\/sites\/3\/2021\/07\/JT-200811-013-1536x1024.jpg","1536x1536-width":1536,"1536x1536-height":1024,"2048x2048":"https:\/\/tourismus-grossregion.eu\/fr\/wp-content\/uploads\/sites\/3\/2021\/07\/JT-200811-013.jpg","2048x2048-width":1800,"2048x2048-height":1200,"download-thumbnail":"https:\/\/tourismus-grossregion.eu\/fr\/wp-content\/uploads\/sites\/3\/2021\/07\/JT-200811-013-345x230.jpg","download-thumbnail-width":345,"download-thumbnail-height":230,"paragraphimage":"https:\/\/tourismus-grossregion.eu\/fr\/wp-content\/uploads\/sites\/3\/2021\/07\/JT-200811-013-468x312.jpg","paragraphimage-width":468,"paragraphimage-height":312,"slider-image":"https:\/\/tourismus-grossregion.eu\/fr\/wp-content\/uploads\/sites\/3\/2021\/07\/JT-200811-013-901x715.jpg","slider-image-width":901,"slider-image-height":715,"quote-image":"https:\/\/tourismus-grossregion.eu\/fr\/wp-content\/uploads\/sites\/3\/2021\/07\/JT-200811-013-683x455.jpg","quote-image-width":683,"quote-image-height":455,"productcard-image":"https:\/\/tourismus-grossregion.eu\/fr\/wp-content\/uploads\/sites\/3\/2021\/07\/JT-200811-013-710x473.jpg","productcard-image-width":710,"productcard-image-height":473}},"widget_gallery_caption":""}],"widget_gallery_margin":"small"},{"acf_fc_layout":"widget_editor","widget_editor_justify":true,"widget_editor_editor":"<p>Le site est situ\u00e9 \u00e0 l&rsquo;\u00e9cart des circuits touristiques. Derri\u00e8re la maison principale, tentes, caravanes et camping-cars sont gar\u00e9s dans la verdure luxuriante, entour\u00e9s de conif\u00e8res et bord\u00e9s par un petit ruisseau. Impossible d\u2019\u00eatre plus au calme. Des cordes \u00e0 linge avec des maillots de bain pendent entre les arbres, le grand lac de Losheim est en effet tout proche. En plus d&rsquo;une petite caravane confortable et de tentes de luxe \u00e9quip\u00e9es d&rsquo;un lit double et d&rsquo;un r\u00e9frig\u00e9rateur, cinq autres logements locatifs atypiques sont situ\u00e9s sur une petite colline. Comme par exemple un tonneau de vin am\u00e9nag\u00e9, avec des lits confortables, des couvertures et des oreillers, et m\u00eame un chauffage. Les deux kotas finlandais (cabanes en bois) semblent encore plus confortables. Elles ont \u00e9t\u00e9 construites en six mois de travail, et offrent \u00e9galement un petit coin salon ; avec l&rsquo;odeur agr\u00e9able du bois d&rsquo;\u00e9pic\u00e9a, l\u2019ambiance est ici particuli\u00e8rement romantique.<\/p>\n<p>Leur r\u00eave est de vivre durablement et de devenir autosuffisant<\/p>\n<p>Moyennant un suppl\u00e9ment, vous pouvez \u00e9galement d\u00e9guster un d\u00e9licieux petit-d\u00e9jeuner sur place. Dans la mesure du possible, seuls des produits biologiques de qualit\u00e9 provenant de la r\u00e9gion sont utilis\u00e9s au LandGut Girtenm\u00fchle. \u00ab Mon r\u00eave est de devenir autonome \u00bb, dit Gidi. \u00ab Que nous produisions notre propre \u00e9lectricit\u00e9 et que nous allions plus loin en permaculture. \u00bb L&rsquo;id\u00e9e est de cultiver des l\u00e9gumes, des fruits et des herbes aromatiques sans pesticides et en faisant confiance \u00e0 la nature. \u00ab Elle sait elle-m\u00eame ce qui est bon, il suffit de l&rsquo;aider un peu. Nous avons commenc\u00e9 l&rsquo;ann\u00e9e derni\u00e8re, et nous avons d\u00e9j\u00e0 nos propres plants de piment \u00bb, se r\u00e9jouit Gidi.<\/p>\n<p>Chaque vendredi, il fait avec ses amis un grand feu de camp pouvant accueillir une cinquantaine de personnes, au-dessus duquel est install\u00e9 un gril pivotant de style sarrois. Ce soir, il y a des saucisses, des brochettes marin\u00e9es, avec des courgettes, des aubergines et des salades. L&rsquo;ann\u00e9e prochaine, un menu du jour sera propos\u00e9 r\u00e9guli\u00e8rement. Le concept fonctionne : ils n&rsquo;ont pas fait de publicit\u00e9 depuis quatre ans et demi, et pourtant ils sont complets. \u00ab Parce que c&rsquo;est tellement beau ici \u00bb, dit Gidi.<\/p>\n<p>&nbsp;<\/p>\n<p>De plus amples informations sur\u00a0<strong> <a href=\"https:\/\/landgutgirtenmuehle.de\/de\/\" target=\"_blank\" rel=\"noopener\">https:\/\/www.landgutgirtenmuehle.de<\/a><\/strong><\/p>\n","widget_editor_margin":"small"},{"acf_fc_layout":"widget_video","widget_video_type":false,"widget_video_youtube":"https:\/\/youtu.be\/ouJ0yLRZFCw","widget_video_youtube_poster_bool":true,"widget_video_youtube_poster":{"ID":519,"id":519,"title":"JT-200811-506","filename":"JT-200811-506.jpg","filesize":1374760,"url":"https:\/\/tourismus-grossregion.eu\/fr\/wp-content\/uploads\/sites\/3\/2021\/07\/JT-200811-506.jpg","link":"https:\/\/tourismus-grossregion.eu\/fr\/landgut-girtenmuhle\/jt-200811-506-2\/","alt":"Une vue a\u00e9rienne du camping avec des tentes et des campeurs.","author":"2","description":"Une vue a\u00e9rienne du camping avec des tentes et des campeurs.","caption":"","name":"jt-200811-506-2","status":"inherit","uploaded_to":518,"date":"2021-07-26 12:43:12","modified":"2021-08-13 08:47:48","menu_order":0,"mime_type":"image\/jpeg","type":"image","subtype":"jpeg","icon":"https:\/\/tourismus-grossregion.eu\/fr\/wp-includes\/images\/media\/default.png","width":1920,"height":1279,"sizes":{"thumbnail":"https:\/\/tourismus-grossregion.eu\/fr\/wp-content\/uploads\/sites\/3\/2021\/07\/JT-200811-506-150x150.jpg","thumbnail-width":150,"thumbnail-height":150,"medium":"https:\/\/tourismus-grossregion.eu\/fr\/wp-content\/uploads\/sites\/3\/2021\/07\/JT-200811-506-300x200.jpg","medium-width":300,"medium-height":200,"medium_large":"https:\/\/tourismus-grossregion.eu\/fr\/wp-content\/uploads\/sites\/3\/2021\/07\/JT-200811-506-768x512.jpg","medium_large-width":768,"medium_large-height":512,"large":"https:\/\/tourismus-grossregion.eu\/fr\/wp-content\/uploads\/sites\/3\/2021\/07\/JT-200811-506-1024x682.jpg","large-width":1024,"large-height":682,"1536x1536":"https:\/\/tourismus-grossregion.eu\/fr\/wp-content\/uploads\/sites\/3\/2021\/07\/JT-200811-506-1536x1023.jpg","1536x1536-width":1536,"1536x1536-height":1023,"2048x2048":"https:\/\/tourismus-grossregion.eu\/fr\/wp-content\/uploads\/sites\/3\/2021\/07\/JT-200811-506.jpg","2048x2048-width":1920,"2048x2048-height":1279,"download-thumbnail":"https:\/\/tourismus-grossregion.eu\/fr\/wp-content\/uploads\/sites\/3\/2021\/07\/JT-200811-506-345x230.jpg","download-thumbnail-width":345,"download-thumbnail-height":230,"paragraphimage":"https:\/\/tourismus-grossregion.eu\/fr\/wp-content\/uploads\/sites\/3\/2021\/07\/JT-200811-506-468x312.jpg","paragraphimage-width":468,"paragraphimage-height":312,"slider-image":"https:\/\/tourismus-grossregion.eu\/fr\/wp-content\/uploads\/sites\/3\/2021\/07\/JT-200811-506-901x715.jpg","slider-image-width":901,"slider-image-height":715,"quote-image":"https:\/\/tourismus-grossregion.eu\/fr\/wp-content\/uploads\/sites\/3\/2021\/07\/JT-200811-506-683x455.jpg","quote-image-width":683,"quote-image-height":455,"productcard-image":"https:\/\/tourismus-grossregion.eu\/fr\/wp-content\/uploads\/sites\/3\/2021\/07\/JT-200811-506-710x473.jpg","productcard-image-width":710,"productcard-image-height":473}},"widget_video_youtube_poster_filter":false,"widget_video_upload":false,"widget_video_headline":"","widget_video_duration":"03:18","widget_video_margin":"small"},{"acf_fc_layout":"widget_paragraph_headlines_image","widget_paragraph_headlines_image_orientation":false,"widget_paragraph_headlines_image_decoration":true,"widget_paragraph_headlines_image_content":{"widget_paragraph_headlines_image_preline":"","widget_paragraph_headlines_image_headline":"","widget_paragraph_headlines_image_subline":"Vous aimez ce que vous voyez ? ","widget_paragraph_headlines_image_editor_justify":true,"widget_paragraph_headlines_image_editor":"<p>La Grande R\u00e9gion a beaucoup plus \u00e0 offrir ! Jetez un coup d&rsquo;\u0153il aux histoires suivantes de la r\u00e9gion et laissez-vous inspirer.<\/p>\n","widget_paragraph_headlines_image_link":""},"widget_paragraph_headlines_image_image":false,"widget_paragraph_headlines_image_image_option":false,"widget_paragraph_headlines_image_margin":"small"},{"acf_fc_layout":"widget_content_carousel","widget_content_carousel_preline":"","widget_content_carousel_headline":"","widget_content_carousel_description_justify":false,"widget_content_carousel_entries":[{"widget_content_carousel_entries_thumbnail":{"ID":566,"id":566,"title":"Huette1_1","filename":"Huette1_1.jpeg","filesize":750889,"url":"https:\/\/tourismus-grossregion.eu\/fr\/wp-content\/uploads\/sites\/3\/2021\/07\/Huette1_1.jpeg","link":"https:\/\/tourismus-grossregion.eu\/fr\/pour-les-vacanciers-de-courte-duree\/huette1_1\/","alt":"Une vue \u00e0 vol d'oiseau du site industriel de l'usine sid\u00e9rurgique de V\u00f6lklingen montre des tuyaux de couleur rouille, de grands b\u00e2timents et une petite zone verte en arri\u00e8re-plan.","author":"2","description":"Une vue \u00e0 vol d'oiseau du site industriel de l'usine sid\u00e9rurgique de V\u00f6lklingen montre des tuyaux de couleur rouille, de grands b\u00e2timents et une petite zone verte en arri\u00e8re-plan.","caption":"","name":"huette1_1","status":"inherit","uploaded_to":851,"date":"2021-07-26 14:03:29","modified":"2021-08-27 07:31:36","menu_order":0,"mime_type":"image\/jpeg","type":"image","subtype":"jpeg","icon":"https:\/\/tourismus-grossregion.eu\/fr\/wp-includes\/images\/media\/default.png","width":1920,"height":1280,"sizes":{"thumbnail":"https:\/\/tourismus-grossregion.eu\/fr\/wp-content\/uploads\/sites\/3\/2021\/07\/Huette1_1-150x150.jpeg","thumbnail-width":150,"thumbnail-height":150,"medium":"https:\/\/tourismus-grossregion.eu\/fr\/wp-content\/uploads\/sites\/3\/2021\/07\/Huette1_1-300x200.jpeg","medium-width":300,"medium-height":200,"medium_large":"https:\/\/tourismus-grossregion.eu\/fr\/wp-content\/uploads\/sites\/3\/2021\/07\/Huette1_1-768x512.jpeg","medium_large-width":768,"medium_large-height":512,"large":"https:\/\/tourismus-grossregion.eu\/fr\/wp-content\/uploads\/sites\/3\/2021\/07\/Huette1_1-1024x683.jpeg","large-width":1024,"large-height":683,"1536x1536":"https:\/\/tourismus-grossregion.eu\/fr\/wp-content\/uploads\/sites\/3\/2021\/07\/Huette1_1-1536x1024.jpeg","1536x1536-width":1536,"1536x1536-height":1024,"2048x2048":"https:\/\/tourismus-grossregion.eu\/fr\/wp-content\/uploads\/sites\/3\/2021\/07\/Huette1_1.jpeg","2048x2048-width":1920,"2048x2048-height":1280,"download-thumbnail":"https:\/\/tourismus-grossregion.eu\/fr\/wp-content\/uploads\/sites\/3\/2021\/07\/Huette1_1-345x230.jpeg","download-thumbnail-width":345,"download-thumbnail-height":230,"paragraphimage":"https:\/\/tourismus-grossregion.eu\/fr\/wp-content\/uploads\/sites\/3\/2021\/07\/Huette1_1-468x312.jpeg","paragraphimage-width":468,"paragraphimage-height":312,"slider-image":"https:\/\/tourismus-grossregion.eu\/fr\/wp-content\/uploads\/sites\/3\/2021\/07\/Huette1_1-901x715.jpeg","slider-image-width":901,"slider-image-height":715,"quote-image":"https:\/\/tourismus-grossregion.eu\/fr\/wp-content\/uploads\/sites\/3\/2021\/07\/Huette1_1-683x455.jpeg","quote-image-width":683,"quote-image-height":455,"productcard-image":"https:\/\/tourismus-grossregion.eu\/fr\/wp-content\/uploads\/sites\/3\/2021\/07\/Huette1_1-710x473.jpeg","productcard-image-width":710,"productcard-image-height":473}},"widget_content_carousel_entries_title":"V\u00f6lklinger H\u00fctte","widget_content_carousel_entries_description":"<p>Je suis l\u00e0 &#8211; le Patrimoine Culturel Mondial de l&rsquo;UNESCO V\u00f6lklinger H\u00fctte<\/p>\n","widget_content_carousel_entries__link":"https:\/\/tourismus-grossregion.eu\/fr\/?page_id=573&preview=true"},{"widget_content_carousel_entries_thumbnail":{"ID":654,"id":654,"title":"18-A6601058","filename":"18-A6601058.jpg","filesize":490903,"url":"https:\/\/tourismus-grossregion.eu\/fr\/wp-content\/uploads\/sites\/3\/2021\/07\/18-A6601058.jpg","link":"https:\/\/tourismus-grossregion.eu\/fr\/promenade-aux-herbes-kelmis\/18-a6601058\/","alt":"Gros plan d'un bouquet de marguerites dans un panier.","author":"2","description":"Gros plan d'un bouquet de marguerites dans un panier.","caption":"","name":"18-a6601058","status":"inherit","uploaded_to":653,"date":"2021-07-27 09:51:52","modified":"2021-07-27 09:52:37","menu_order":0,"mime_type":"image\/jpeg","type":"image","subtype":"jpeg","icon":"https:\/\/tourismus-grossregion.eu\/fr\/wp-includes\/images\/media\/default.png","width":1920,"height":1280,"sizes":{"thumbnail":"https:\/\/tourismus-grossregion.eu\/fr\/wp-content\/uploads\/sites\/3\/2021\/07\/18-A6601058-150x150.jpg","thumbnail-width":150,"thumbnail-height":150,"medium":"https:\/\/tourismus-grossregion.eu\/fr\/wp-content\/uploads\/sites\/3\/2021\/07\/18-A6601058-300x200.jpg","medium-width":300,"medium-height":200,"medium_large":"https:\/\/tourismus-grossregion.eu\/fr\/wp-content\/uploads\/sites\/3\/2021\/07\/18-A6601058-768x512.jpg","medium_large-width":768,"medium_large-height":512,"large":"https:\/\/tourismus-grossregion.eu\/fr\/wp-content\/uploads\/sites\/3\/2021\/07\/18-A6601058-1024x683.jpg","large-width":1024,"large-height":683,"1536x1536":"https:\/\/tourismus-grossregion.eu\/fr\/wp-content\/uploads\/sites\/3\/2021\/07\/18-A6601058-1536x1024.jpg","1536x1536-width":1536,"1536x1536-height":1024,"2048x2048":"https:\/\/tourismus-grossregion.eu\/fr\/wp-content\/uploads\/sites\/3\/2021\/07\/18-A6601058.jpg","2048x2048-width":1920,"2048x2048-height":1280,"download-thumbnail":"https:\/\/tourismus-grossregion.eu\/fr\/wp-content\/uploads\/sites\/3\/2021\/07\/18-A6601058-345x230.jpg","download-thumbnail-width":345,"download-thumbnail-height":230,"paragraphimage":"https:\/\/tourismus-grossregion.eu\/fr\/wp-content\/uploads\/sites\/3\/2021\/07\/18-A6601058-468x312.jpg","paragraphimage-width":468,"paragraphimage-height":312,"slider-image":"https:\/\/tourismus-grossregion.eu\/fr\/wp-content\/uploads\/sites\/3\/2021\/07\/18-A6601058-901x715.jpg","slider-image-width":901,"slider-image-height":715,"quote-image":"https:\/\/tourismus-grossregion.eu\/fr\/wp-content\/uploads\/sites\/3\/2021\/07\/18-A6601058-683x455.jpg","quote-image-width":683,"quote-image-height":455,"productcard-image":"https:\/\/tourismus-grossregion.eu\/fr\/wp-content\/uploads\/sites\/3\/2021\/07\/18-A6601058-710x473.jpg","productcard-image-width":710,"productcard-image-height":473}},"widget_content_carousel_entries_title":"Promenade aux herbes \u00e0 Kelmis","widget_content_carousel_entries_description":"<p>Les joies de la cueillette sauvage<\/p>\n","widget_content_carousel_entries__link":"https:\/\/tourismus-grossregion.eu\/fr\/?page_id=653&preview=true"},{"widget_content_carousel_entries_thumbnail":{"ID":768,"id":768,"title":"DSC2134_1","filename":"DSC2134_1.jpg","filesize":376987,"url":"https:\/\/tourismus-grossregion.eu\/fr\/wp-content\/uploads\/sites\/3\/2021\/07\/DSC2134_1.jpg","link":"https:\/\/tourismus-grossregion.eu\/fr\/skateboarding-is-not-a-crime\/dsc2134_1\/","alt":"Une grande installation artistique en plein air o\u00f9 l'on peut lire le mot \"Luxembourg\" montre deux skateurs visibles en arri\u00e8re-plan, film\u00e9s \u00e0 travers l'une des lettres.","author":"2","description":"Une grande installation artistique en plein air o\u00f9 l'on peut lire le mot \"Luxembourg\" montre deux skateurs visibles en arri\u00e8re-plan, film\u00e9s \u00e0 travers l'une des lettres.","caption":"","name":"dsc2134_1","status":"inherit","uploaded_to":767,"date":"2021-07-27 12:01:18","modified":"2021-07-27 12:11:39","menu_order":0,"mime_type":"image\/jpeg","type":"image","subtype":"jpeg","icon":"https:\/\/tourismus-grossregion.eu\/fr\/wp-includes\/images\/media\/default.png","width":1920,"height":1277,"sizes":{"thumbnail":"https:\/\/tourismus-grossregion.eu\/fr\/wp-content\/uploads\/sites\/3\/2021\/07\/DSC2134_1-150x150.jpg","thumbnail-width":150,"thumbnail-height":150,"medium":"https:\/\/tourismus-grossregion.eu\/fr\/wp-content\/uploads\/sites\/3\/2021\/07\/DSC2134_1-300x200.jpg","medium-width":300,"medium-height":200,"medium_large":"https:\/\/tourismus-grossregion.eu\/fr\/wp-content\/uploads\/sites\/3\/2021\/07\/DSC2134_1-768x511.jpg","medium_large-width":768,"medium_large-height":511,"large":"https:\/\/tourismus-grossregion.eu\/fr\/wp-content\/uploads\/sites\/3\/2021\/07\/DSC2134_1-1024x681.jpg","large-width":1024,"large-height":681,"1536x1536":"https:\/\/tourismus-grossregion.eu\/fr\/wp-content\/uploads\/sites\/3\/2021\/07\/DSC2134_1-1536x1022.jpg","1536x1536-width":1536,"1536x1536-height":1022,"2048x2048":"https:\/\/tourismus-grossregion.eu\/fr\/wp-content\/uploads\/sites\/3\/2021\/07\/DSC2134_1.jpg","2048x2048-width":1920,"2048x2048-height":1277,"download-thumbnail":"https:\/\/tourismus-grossregion.eu\/fr\/wp-content\/uploads\/sites\/3\/2021\/07\/DSC2134_1-345x229.jpg","download-thumbnail-width":345,"download-thumbnail-height":229,"paragraphimage":"https:\/\/tourismus-grossregion.eu\/fr\/wp-content\/uploads\/sites\/3\/2021\/07\/DSC2134_1-468x311.jpg","paragraphimage-width":468,"paragraphimage-height":311,"slider-image":"https:\/\/tourismus-grossregion.eu\/fr\/wp-content\/uploads\/sites\/3\/2021\/07\/DSC2134_1-901x715.jpg","slider-image-width":901,"slider-image-height":715,"quote-image":"https:\/\/tourismus-grossregion.eu\/fr\/wp-content\/uploads\/sites\/3\/2021\/07\/DSC2134_1-683x454.jpg","quote-image-width":683,"quote-image-height":454,"productcard-image":"https:\/\/tourismus-grossregion.eu\/fr\/wp-content\/uploads\/sites\/3\/2021\/07\/DSC2134_1-710x472.jpg","productcard-image-width":710,"productcard-image-height":472}},"widget_content_carousel_entries_title":"Skateboarding \u00e0 Luxembourg","widget_content_carousel_entries_description":"<p>Skateboarding is not a crime !<\/p>\n","widget_content_carousel_entries__link":"https:\/\/tourismus-grossregion.eu\/fr\/skateboarding-is-not-a-crime\/"}],"widget_content_carousel_margin":"small"}],"page_fields_alternative_title":"Landgut Girtenm\u00fchle"},"_links":{"self":[{"href":"https:\/\/tourismus-grossregion.eu\/fr\/wp-json\/wp\/v2\/pages\/518"}],"collection":[{"href":"https:\/\/tourismus-grossregion.eu\/fr\/wp-json\/wp\/v2\/pages"}],"about":[{"href":"https:\/\/tourismus-grossregion.eu\/fr\/wp-json\/wp\/v2\/types\/page"}],"author":[{"embeddable":true,"href":"https:\/\/tourismus-grossregion.eu\/fr\/wp-json\/wp\/v2\/users\/2"}],"replies":[{"embeddable":true,"href":"https:\/\/tourismus-grossregion.eu\/fr\/wp-json\/wp\/v2\/comments?post=518"}],"version-history":[{"count":13,"href":"https:\/\/tourismus-grossregion.eu\/fr\/wp-json\/wp\/v2\/pages\/518\/revisions"}],"predecessor-version":[{"id":1765,"href":"https:\/\/tourismus-grossregion.eu\/fr\/wp-json\/wp\/v2\/pages\/518\/revisions\/1765"}],"wp:featuredmedia":[{"embeddable":true,"href":"https:\/\/tourismus-grossregion.eu\/fr\/wp-json\/wp\/v2\/media\/427"}],"wp:attachment":[{"href":"https:\/\/tourismus-grossregion.eu\/fr\/wp-json\/wp\/v2\/media?parent=518"}],"curies":[{"name":"wp","href":"https:\/\/api.w.org\/{rel}","templated":true}]}}