{"id":557,"date":"2021-07-29T14:38:24","date_gmt":"2021-07-29T12:38:24","guid":{"rendered":"https:\/\/tgr.zeitraum.com\/fr\/?page_id=557"},"modified":"2022-01-03T11:44:19","modified_gmt":"2022-01-03T10:44:19","slug":"saar-hunsruck-steig","status":"publish","type":"page","link":"https:\/\/tourismus-grossregion.eu\/fr\/saar-hunsruck-steig\/","title":{"rendered":"Story: Saarland: Saar-Hunsr\u00fcck-Steig"},"content":{"rendered":"","protected":false},"excerpt":{"rendered":"","protected":false},"author":2,"featured_media":550,"parent":0,"menu_order":0,"comment_status":"closed","ping_status":"closed","template":"","meta":[],"yoast_head":"<!-- This site is optimized with the Yoast SEO plugin v16.9 - https:\/\/yoast.com\/wordpress\/plugins\/seo\/ -->\n<meta name=\"robots\" content=\"index, follow, max-snippet:-1, max-image-preview:large, max-video-preview:-1\" \/>\n<link rel=\"canonical\" href=\"https:\/\/tourismus-grossregion.eu\/fr\/saar-hunsruck-steig\/\" \/>\n<meta property=\"og:locale\" content=\"fr_FR\" \/>\n<meta property=\"og:type\" content=\"article\" \/>\n<meta property=\"og:title\" content=\"Story: Saarland: Saar-Hunsr\u00fcck-Steig - Tourisme Grande R\u00e9gion\" \/>\n<meta property=\"og:url\" content=\"https:\/\/tourismus-grossregion.eu\/fr\/saar-hunsruck-steig\/\" \/>\n<meta property=\"og:site_name\" content=\"Tourisme Grande R\u00e9gion\" \/>\n<meta property=\"article:modified_time\" content=\"2022-01-03T10:44:19+00:00\" \/>\n<meta property=\"og:image\" content=\"https:\/\/tourismus-grossregion.eu\/fr\/wp-content\/uploads\/sites\/3\/2021\/07\/shs_1.jpg\" \/>\n\t<meta property=\"og:image:width\" content=\"1920\" \/>\n\t<meta property=\"og:image:height\" content=\"1277\" \/>\n<meta name=\"twitter:card\" content=\"summary_large_image\" \/>\n<script type=\"application\/ld+json\" class=\"yoast-schema-graph\">{\"@context\":\"https:\/\/schema.org\",\"@graph\":[{\"@type\":\"WebSite\",\"@id\":\"https:\/\/tourismus-grossregion.eu\/fr\/#website\",\"url\":\"https:\/\/tourismus-grossregion.eu\/fr\/\",\"name\":\"Tourisme Grande R\\u00e9gion\",\"description\":\"Tourisme Grande R\\u00e9gion\",\"potentialAction\":[{\"@type\":\"SearchAction\",\"target\":{\"@type\":\"EntryPoint\",\"urlTemplate\":\"https:\/\/tourismus-grossregion.eu\/fr\/?s={search_term_string}\"},\"query-input\":\"required name=search_term_string\"}],\"inLanguage\":\"fr-FR\"},{\"@type\":\"ImageObject\",\"@id\":\"https:\/\/tourismus-grossregion.eu\/fr\/saar-hunsruck-steig\/#primaryimage\",\"inLanguage\":\"fr-FR\",\"url\":\"https:\/\/tourismus-grossregion.eu\/fr\/wp-content\/uploads\/sites\/3\/2021\/07\/shs_1.jpg\",\"contentUrl\":\"https:\/\/tourismus-grossregion.eu\/fr\/wp-content\/uploads\/sites\/3\/2021\/07\/shs_1.jpg\",\"width\":1920,\"height\":1277,\"caption\":\"Un homme portant une chemise jaune et un \\u00e9quipement de randonn\\u00e9e marche le long d'une partie du sentier de randonn\\u00e9e. De chaque c\\u00f4t\\u00e9 de lui se trouvent de petites cl\\u00f4tures, puis des champs jaunes. Derri\\u00e8re lui, il y a plusieurs arbres.\"},{\"@type\":\"WebPage\",\"@id\":\"https:\/\/tourismus-grossregion.eu\/fr\/saar-hunsruck-steig\/#webpage\",\"url\":\"https:\/\/tourismus-grossregion.eu\/fr\/saar-hunsruck-steig\/\",\"name\":\"Story: Saarland: Saar-Hunsr\\u00fcck-Steig - Tourisme Grande R\\u00e9gion\",\"isPartOf\":{\"@id\":\"https:\/\/tourismus-grossregion.eu\/fr\/#website\"},\"primaryImageOfPage\":{\"@id\":\"https:\/\/tourismus-grossregion.eu\/fr\/saar-hunsruck-steig\/#primaryimage\"},\"datePublished\":\"2021-07-29T12:38:24+00:00\",\"dateModified\":\"2022-01-03T10:44:19+00:00\",\"breadcrumb\":{\"@id\":\"https:\/\/tourismus-grossregion.eu\/fr\/saar-hunsruck-steig\/#breadcrumb\"},\"inLanguage\":\"fr-FR\",\"potentialAction\":[{\"@type\":\"ReadAction\",\"target\":[\"https:\/\/tourismus-grossregion.eu\/fr\/saar-hunsruck-steig\/\"]}]},{\"@type\":\"BreadcrumbList\",\"@id\":\"https:\/\/tourismus-grossregion.eu\/fr\/saar-hunsruck-steig\/#breadcrumb\",\"itemListElement\":[{\"@type\":\"ListItem\",\"position\":1,\"name\":\"Story: Saarland: Saar-Hunsr\\u00fcck-Steig\"}]}]}<\/script>\n<!-- \/ Yoast SEO plugin. -->","yoast_head_json":{"robots":{"index":"index","follow":"follow","max-snippet":"max-snippet:-1","max-image-preview":"max-image-preview:large","max-video-preview":"max-video-preview:-1"},"canonical":"https:\/\/tourismus-grossregion.eu\/fr\/saar-hunsruck-steig\/","og_locale":"fr_FR","og_type":"article","og_title":"Story: Saarland: Saar-Hunsr\u00fcck-Steig - Tourisme Grande R\u00e9gion","og_url":"https:\/\/tourismus-grossregion.eu\/fr\/saar-hunsruck-steig\/","og_site_name":"Tourisme Grande R\u00e9gion","article_modified_time":"2022-01-03T10:44:19+00:00","og_image":[{"width":1920,"height":1277,"url":"https:\/\/tourismus-grossregion.eu\/fr\/wp-content\/uploads\/sites\/3\/2021\/07\/shs_1.jpg","path":"\/var\/www\/html\/wp-content\/uploads\/sites\/3\/2021\/07\/shs_1.jpg","size":"full","id":550,"alt":"Un homme portant une chemise jaune et un \u00e9quipement de randonn\u00e9e marche le long d'une partie du sentier de randonn\u00e9e. De chaque c\u00f4t\u00e9 de lui se trouvent de petites cl\u00f4tures, puis des champs jaunes. Derri\u00e8re lui, il y a plusieurs arbres.","pixels":2451840,"type":"image\/jpeg"}],"twitter_card":"summary_large_image","schema":{"@context":"https:\/\/schema.org","@graph":[{"@type":"WebSite","@id":"https:\/\/tourismus-grossregion.eu\/fr\/#website","url":"https:\/\/tourismus-grossregion.eu\/fr\/","name":"Tourisme Grande R\u00e9gion","description":"Tourisme Grande R\u00e9gion","potentialAction":[{"@type":"SearchAction","target":{"@type":"EntryPoint","urlTemplate":"https:\/\/tourismus-grossregion.eu\/fr\/?s={search_term_string}"},"query-input":"required name=search_term_string"}],"inLanguage":"fr-FR"},{"@type":"ImageObject","@id":"https:\/\/tourismus-grossregion.eu\/fr\/saar-hunsruck-steig\/#primaryimage","inLanguage":"fr-FR","url":"https:\/\/tourismus-grossregion.eu\/fr\/wp-content\/uploads\/sites\/3\/2021\/07\/shs_1.jpg","contentUrl":"https:\/\/tourismus-grossregion.eu\/fr\/wp-content\/uploads\/sites\/3\/2021\/07\/shs_1.jpg","width":1920,"height":1277,"caption":"Un homme portant une chemise jaune et un \u00e9quipement de randonn\u00e9e marche le long d'une partie du sentier de randonn\u00e9e. De chaque c\u00f4t\u00e9 de lui se trouvent de petites cl\u00f4tures, puis des champs jaunes. Derri\u00e8re lui, il y a plusieurs arbres."},{"@type":"WebPage","@id":"https:\/\/tourismus-grossregion.eu\/fr\/saar-hunsruck-steig\/#webpage","url":"https:\/\/tourismus-grossregion.eu\/fr\/saar-hunsruck-steig\/","name":"Story: Saarland: Saar-Hunsr\u00fcck-Steig - Tourisme Grande R\u00e9gion","isPartOf":{"@id":"https:\/\/tourismus-grossregion.eu\/fr\/#website"},"primaryImageOfPage":{"@id":"https:\/\/tourismus-grossregion.eu\/fr\/saar-hunsruck-steig\/#primaryimage"},"datePublished":"2021-07-29T12:38:24+00:00","dateModified":"2022-01-03T10:44:19+00:00","breadcrumb":{"@id":"https:\/\/tourismus-grossregion.eu\/fr\/saar-hunsruck-steig\/#breadcrumb"},"inLanguage":"fr-FR","potentialAction":[{"@type":"ReadAction","target":["https:\/\/tourismus-grossregion.eu\/fr\/saar-hunsruck-steig\/"]}]},{"@type":"BreadcrumbList","@id":"https:\/\/tourismus-grossregion.eu\/fr\/saar-hunsruck-steig\/#breadcrumb","itemListElement":[{"@type":"ListItem","position":1,"name":"Story: Saarland: Saar-Hunsr\u00fcck-Steig"}]}]}},"acf":{"pb_acf_widgets":[{"acf_fc_layout":"widget_hero_static","widget_hero_static_background":{"widget_hero_static_background_type":false,"widget_hero_static_image":{"ID":550,"id":550,"title":"shs_1","filename":"shs_1.jpg","filesize":590380,"url":"https:\/\/tourismus-grossregion.eu\/fr\/wp-content\/uploads\/sites\/3\/2021\/07\/shs_1.jpg","link":"https:\/\/tourismus-grossregion.eu\/fr\/story-rhenanie-palatinat-les-maars-de-leifel\/shs_1\/","alt":"Un homme portant une chemise jaune et un \u00e9quipement de randonn\u00e9e marche le long d'une partie du sentier de randonn\u00e9e. De chaque c\u00f4t\u00e9 de lui se trouvent de petites cl\u00f4tures, puis des champs jaunes. Derri\u00e8re lui, il y a plusieurs arbres.","author":"2","description":"Un homme portant une chemise jaune et un \u00e9quipement de randonn\u00e9e marche le long d'une partie du sentier de randonn\u00e9e. De chaque c\u00f4t\u00e9 de lui se trouvent de petites cl\u00f4tures, puis des champs jaunes. Derri\u00e8re lui, il y a plusieurs arbres.","caption":"","name":"shs_1","status":"inherit","uploaded_to":1686,"date":"2021-07-26 13:58:26","modified":"2021-08-27 11:29:08","menu_order":0,"mime_type":"image\/jpeg","type":"image","subtype":"jpeg","icon":"https:\/\/tourismus-grossregion.eu\/fr\/wp-includes\/images\/media\/default.png","width":1920,"height":1277,"sizes":{"thumbnail":"https:\/\/tourismus-grossregion.eu\/fr\/wp-content\/uploads\/sites\/3\/2021\/07\/shs_1-150x150.jpg","thumbnail-width":150,"thumbnail-height":150,"medium":"https:\/\/tourismus-grossregion.eu\/fr\/wp-content\/uploads\/sites\/3\/2021\/07\/shs_1-300x200.jpg","medium-width":300,"medium-height":200,"medium_large":"https:\/\/tourismus-grossregion.eu\/fr\/wp-content\/uploads\/sites\/3\/2021\/07\/shs_1-768x511.jpg","medium_large-width":768,"medium_large-height":511,"large":"https:\/\/tourismus-grossregion.eu\/fr\/wp-content\/uploads\/sites\/3\/2021\/07\/shs_1-1024x681.jpg","large-width":1024,"large-height":681,"1536x1536":"https:\/\/tourismus-grossregion.eu\/fr\/wp-content\/uploads\/sites\/3\/2021\/07\/shs_1-1536x1022.jpg","1536x1536-width":1536,"1536x1536-height":1022,"2048x2048":"https:\/\/tourismus-grossregion.eu\/fr\/wp-content\/uploads\/sites\/3\/2021\/07\/shs_1.jpg","2048x2048-width":1920,"2048x2048-height":1277,"download-thumbnail":"https:\/\/tourismus-grossregion.eu\/fr\/wp-content\/uploads\/sites\/3\/2021\/07\/shs_1-345x229.jpg","download-thumbnail-width":345,"download-thumbnail-height":229,"paragraphimage":"https:\/\/tourismus-grossregion.eu\/fr\/wp-content\/uploads\/sites\/3\/2021\/07\/shs_1-468x311.jpg","paragraphimage-width":468,"paragraphimage-height":311,"slider-image":"https:\/\/tourismus-grossregion.eu\/fr\/wp-content\/uploads\/sites\/3\/2021\/07\/shs_1-901x715.jpg","slider-image-width":901,"slider-image-height":715,"quote-image":"https:\/\/tourismus-grossregion.eu\/fr\/wp-content\/uploads\/sites\/3\/2021\/07\/shs_1-683x454.jpg","quote-image-width":683,"quote-image-height":454,"productcard-image":"https:\/\/tourismus-grossregion.eu\/fr\/wp-content\/uploads\/sites\/3\/2021\/07\/shs_1-710x472.jpg","productcard-image-width":710,"productcard-image-height":472}},"widget_hero_static_video_type":false,"widget_hero_static_video_upload":false,"widget_hero_static_youtube_embed":"","widget_hero_static_filter":true},"widget_hero_static_content":{"widget_hero_static_headline":"Saar-Hunsr\u00fcck-Steig","widget_hero_static_copy":"","widget_hero_static_link":""},"widget_hero_static_margin":"small"},{"acf_fc_layout":"widget_paragraph_headlines_image","widget_paragraph_headlines_image_orientation":false,"widget_paragraph_headlines_image_decoration":true,"widget_paragraph_headlines_image_content":{"widget_paragraph_headlines_image_preline":"","widget_paragraph_headlines_image_headline":"","widget_paragraph_headlines_image_subline":"D\u2019une boucle \u00e0 l\u2019autre \u2013 en balade le long du Saar-Hunsr\u00fcck-Steig","widget_paragraph_headlines_image_editor_justify":true,"widget_paragraph_headlines_image_editor":"<p>Un sentier de randonn\u00e9e long de 410 kilom\u00e8tres avec pas moins de 111 possibilit\u00e9s de le prolonger : l&rsquo;un des plus beaux chemins de randonn\u00e9e d&rsquo;Allemagne chemine \u00e0 travers le Land de Sarre, l\u2019endroit id\u00e9al pour s\u2019adonner \u00e0 la randonn\u00e9e au c\u0153ur d\u2019une nature sauvage.<\/p>\n","widget_paragraph_headlines_image_link":""},"widget_paragraph_headlines_image_image":false,"widget_paragraph_headlines_image_image_option":false,"widget_paragraph_headlines_image_margin":"small"},{"acf_fc_layout":"widget_paragraph_headlines_image","widget_paragraph_headlines_image_orientation":false,"widget_paragraph_headlines_image_decoration":false,"widget_paragraph_headlines_image_content":{"widget_paragraph_headlines_image_preline":"","widget_paragraph_headlines_image_headline":"","widget_paragraph_headlines_image_subline":"","widget_paragraph_headlines_image_editor_justify":true,"widget_paragraph_headlines_image_editor":"<p>Stephan plisse les yeux face au soleil. Des temp\u00e9ratures estivales sont annonc\u00e9es pour cette journ\u00e9e de septembre, alors il est parti t\u00f4t ce matin. Ici, dans la for\u00eat, il fait encore agr\u00e9ablement frais. Le sol amortit doucement ses pas. La mousse pousse le long des h\u00eatres, ch\u00eanes et sapins de Douglas surplombant les sentiers, et les rayons du soleil percent la cime des arbres. Stephan se rafra\u00eechit bri\u00e8vement \u00e0 un petit ruisseau et fait couler l\u2019eau fra\u00eeche le long de ses avant-bras avant de poursuivre sa balade.<\/p>\n<p>Les chemins herbeux idylliques et les \u00e9troits sentiers forestiers comme celui-ci sont typiques du Saar-Hunsr\u00fcck-Steig : 70 % de ce parcours unique en Europe serpente \u00e0 travers les for\u00eats, le long de sentiers herbeux ou longe le fleuve. Et, ce que Stephan appr\u00e9cie particuli\u00e8rement, c\u2019est qu\u2019\u00ab il est presque impossible de se perdre. Les panneaux de signalisation bleu-vert sont clairement visibles tous les quelques centaines de m\u00e8tres \u00bb. Le sentier de randonn\u00e9e offre un magnifique spectacle tout au long de l&rsquo;ann\u00e9e. De fait, le sentier de randonn\u00e9e labellis\u00e9 premium long de 410 kilom\u00e8tres a \u00e9t\u00e9 sacr\u00e9 \u00ab plus beau sentier de randonn\u00e9e longue distance d\u2019Allemagne \u00bb \u00e0 deux reprises. Stephan, qui a grandi dans la r\u00e9gion et la conna\u00eet mieux que quiconque, pr\u00e9f\u00e8re l&rsquo;automne, lorsque les feuilles des arbres se colorent de jaune et d\u2019orang\u00e9.<\/p>\n","widget_paragraph_headlines_image_link":""},"widget_paragraph_headlines_image_image":{"ID":551,"id":551,"title":"besser_12-e1627023169475","filename":"besser_12-e1627023169475.jpg","filesize":506145,"url":"https:\/\/tourismus-grossregion.eu\/fr\/wp-content\/uploads\/sites\/3\/2021\/07\/besser_12-e1627023169475.jpg","link":"https:\/\/tourismus-grossregion.eu\/fr\/beispiel-seite-3\/besser_12-e1627023169475\/","alt":"Un randonneur avec une chemise jaune et un sac \u00e0 dos bleu s'arr\u00eate pour se rafra\u00eechir \u00e0 un robinet d'eau.","author":"2","description":"Un randonneur avec une chemise jaune et un sac \u00e0 dos bleu s'arr\u00eate pour se rafra\u00eechir \u00e0 un robinet d'eau.","caption":"","name":"besser_12-e1627023169475","status":"inherit","uploaded_to":1631,"date":"2021-07-26 13:58:37","modified":"2021-08-26 15:35:09","menu_order":0,"mime_type":"image\/jpeg","type":"image","subtype":"jpeg","icon":"https:\/\/tourismus-grossregion.eu\/fr\/wp-includes\/images\/media\/default.png","width":1918,"height":1540,"sizes":{"thumbnail":"https:\/\/tourismus-grossregion.eu\/fr\/wp-content\/uploads\/sites\/3\/2021\/07\/besser_12-e1627023169475-150x150.jpg","thumbnail-width":150,"thumbnail-height":150,"medium":"https:\/\/tourismus-grossregion.eu\/fr\/wp-content\/uploads\/sites\/3\/2021\/07\/besser_12-e1627023169475-300x241.jpg","medium-width":300,"medium-height":241,"medium_large":"https:\/\/tourismus-grossregion.eu\/fr\/wp-content\/uploads\/sites\/3\/2021\/07\/besser_12-e1627023169475-768x617.jpg","medium_large-width":768,"medium_large-height":617,"large":"https:\/\/tourismus-grossregion.eu\/fr\/wp-content\/uploads\/sites\/3\/2021\/07\/besser_12-e1627023169475-1024x822.jpg","large-width":1024,"large-height":822,"1536x1536":"https:\/\/tourismus-grossregion.eu\/fr\/wp-content\/uploads\/sites\/3\/2021\/07\/besser_12-e1627023169475-1536x1233.jpg","1536x1536-width":1536,"1536x1536-height":1233,"2048x2048":"https:\/\/tourismus-grossregion.eu\/fr\/wp-content\/uploads\/sites\/3\/2021\/07\/besser_12-e1627023169475.jpg","2048x2048-width":1918,"2048x2048-height":1540,"download-thumbnail":"https:\/\/tourismus-grossregion.eu\/fr\/wp-content\/uploads\/sites\/3\/2021\/07\/besser_12-e1627023169475-345x277.jpg","download-thumbnail-width":345,"download-thumbnail-height":277,"paragraphimage":"https:\/\/tourismus-grossregion.eu\/fr\/wp-content\/uploads\/sites\/3\/2021\/07\/besser_12-e1627023169475-468x376.jpg","paragraphimage-width":468,"paragraphimage-height":376,"slider-image":"https:\/\/tourismus-grossregion.eu\/fr\/wp-content\/uploads\/sites\/3\/2021\/07\/besser_12-e1627023169475-901x715.jpg","slider-image-width":901,"slider-image-height":715,"quote-image":"https:\/\/tourismus-grossregion.eu\/fr\/wp-content\/uploads\/sites\/3\/2021\/07\/besser_12-e1627023169475-683x548.jpg","quote-image-width":683,"quote-image-height":548,"productcard-image":"https:\/\/tourismus-grossregion.eu\/fr\/wp-content\/uploads\/sites\/3\/2021\/07\/besser_12-e1627023169475-710x570.jpg","productcard-image-width":710,"productcard-image-height":570}},"widget_paragraph_headlines_image_image_option":false,"widget_paragraph_headlines_image_margin":"small"},{"acf_fc_layout":"widget_image","widget_image_image":{"ID":552,"id":552,"title":"Z7L4334_1","filename":"Z7L4334_1.jpg","filesize":698781,"url":"https:\/\/tourismus-grossregion.eu\/fr\/wp-content\/uploads\/sites\/3\/2021\/07\/Z7L4334_1.jpg","link":"https:\/\/tourismus-grossregion.eu\/fr\/saar-hunsruck-steig\/z7l4334_1\/","alt":"Au milieu d'une for\u00eat sombre, un homme en chemise jaune d\u00e9ambule sur un chemin de terre.","author":"2","description":"Au milieu d'une for\u00eat sombre, un homme en chemise jaune d\u00e9ambule sur un chemin de terre.","caption":"","name":"z7l4334_1","status":"inherit","uploaded_to":557,"date":"2021-07-26 13:58:51","modified":"2021-11-12 14:02:03","menu_order":0,"mime_type":"image\/jpeg","type":"image","subtype":"jpeg","icon":"https:\/\/tourismus-grossregion.eu\/fr\/wp-includes\/images\/media\/default.png","width":1920,"height":1280,"sizes":{"thumbnail":"https:\/\/tourismus-grossregion.eu\/fr\/wp-content\/uploads\/sites\/3\/2021\/07\/Z7L4334_1-150x150.jpg","thumbnail-width":150,"thumbnail-height":150,"medium":"https:\/\/tourismus-grossregion.eu\/fr\/wp-content\/uploads\/sites\/3\/2021\/07\/Z7L4334_1-300x200.jpg","medium-width":300,"medium-height":200,"medium_large":"https:\/\/tourismus-grossregion.eu\/fr\/wp-content\/uploads\/sites\/3\/2021\/07\/Z7L4334_1-768x512.jpg","medium_large-width":768,"medium_large-height":512,"large":"https:\/\/tourismus-grossregion.eu\/fr\/wp-content\/uploads\/sites\/3\/2021\/07\/Z7L4334_1-1024x683.jpg","large-width":1024,"large-height":683,"1536x1536":"https:\/\/tourismus-grossregion.eu\/fr\/wp-content\/uploads\/sites\/3\/2021\/07\/Z7L4334_1-1536x1024.jpg","1536x1536-width":1536,"1536x1536-height":1024,"2048x2048":"https:\/\/tourismus-grossregion.eu\/fr\/wp-content\/uploads\/sites\/3\/2021\/07\/Z7L4334_1.jpg","2048x2048-width":1920,"2048x2048-height":1280,"download-thumbnail":"https:\/\/tourismus-grossregion.eu\/fr\/wp-content\/uploads\/sites\/3\/2021\/07\/Z7L4334_1-345x230.jpg","download-thumbnail-width":345,"download-thumbnail-height":230,"paragraphimage":"https:\/\/tourismus-grossregion.eu\/fr\/wp-content\/uploads\/sites\/3\/2021\/07\/Z7L4334_1-468x312.jpg","paragraphimage-width":468,"paragraphimage-height":312,"slider-image":"https:\/\/tourismus-grossregion.eu\/fr\/wp-content\/uploads\/sites\/3\/2021\/07\/Z7L4334_1-901x715.jpg","slider-image-width":901,"slider-image-height":715,"quote-image":"https:\/\/tourismus-grossregion.eu\/fr\/wp-content\/uploads\/sites\/3\/2021\/07\/Z7L4334_1-683x455.jpg","quote-image-width":683,"quote-image-height":455,"productcard-image":"https:\/\/tourismus-grossregion.eu\/fr\/wp-content\/uploads\/sites\/3\/2021\/07\/Z7L4334_1-710x473.jpg","productcard-image-width":710,"productcard-image-height":473}},"widget_image_caption":"","widget_image_margin":"small"},{"acf_fc_layout":"widget_editor","widget_editor_justify":true,"widget_editor_editor":"<p>Comme le chemin passe par le Hunsr\u00fcck, on peut clairement attribuer une moiti\u00e9 de son nom au paysage. Cette moyenne montagne, dont l&rsquo;origine du nom n&rsquo;a pas encore \u00e9t\u00e9 clairement \u00e9tablie, s&rsquo;\u00e9l\u00e8ve au-dessus des vall\u00e9es de la Moselle, du Rhin et de la Sarre. Au cours de ses 27 \u00e9tapes, le sentier est r\u00e9guli\u00e8rement en contact avec diff\u00e9rentes rivi\u00e8res : Il commence \u00e0 Perl sur la Moselle, traverse deux fois la Sarre, rencontre la Prims \u00e0 Nonnweiler, se rapproche de la Nahe \u00e0 Idar-Oberstein, salue de loin le Simmerbach, traverse une fois le Hunsr\u00fcck en direction de la Moselle pour finalement se faufiler dans des virages sauvages jusqu&rsquo;\u00e0 l&rsquo;arriv\u00e9e \u00e0 Boppard sur le Rhin.<\/p>\n","widget_editor_margin":"small"},{"acf_fc_layout":"widget_paragraph_headlines","widget_paragraph_headlines_width":"100","widget_paragraph_headlines_preline":"","widget_paragraph_headlines_headline":"","widget_paragraph_headlines_subline":"","widget_paragraph_headlines_editor_justify":true,"widget_paragraph_headlines_editor":"<p>Le sentier doit probablement son nom \u00e0 sa rencontre avec l\u2019un des plus beaux points de vue sur la Sarre : le \u00ab Cloef \u00bb, \u00e0 180 m\u00e8tres au-dessus du fleuve, l\u2019un des sites touristiques les plus connus en Sarre. Stephan s\u2019est assis pour se reposer un peu \u00e0 l\u2019\u00e9cart de la terrasse o\u00f9 les touristes originaires de nombreux pays profitent de la vue. Des bribes de phrases en anglais et en fran\u00e7ais parviennent \u00e0 ses oreilles au gr\u00e9 du vent. Il per\u00e7oit \u00e9galement le dialecte typique de la Sarre. Tous sont venus admirer la Sarre qui dessine ici une boucle autour d&rsquo;une cr\u00eate bois\u00e9e au fond de la vall\u00e9e.<\/p>\n","widget_paragraph_headlines_margin":"small"},{"acf_fc_layout":"widget_image","widget_image_image":{"ID":553,"id":553,"title":"Z6L9975_1","filename":"Z6L9975_1.jpg","filesize":524467,"url":"https:\/\/tourismus-grossregion.eu\/fr\/wp-content\/uploads\/sites\/3\/2021\/07\/Z6L9975_1.jpg","link":"https:\/\/tourismus-grossregion.eu\/fr\/saar-hunsruck-steig\/z6l9975_1\/","alt":"Un homme portant une chemise jaune et un \u00e9quipement de randonn\u00e9e est assis sur un affleurement rocheux surplombant la boucle de la Sarre. Le ciel est bleu et les for\u00eats environnantes sont d'un vert \u00e9clatant.","author":"2","description":"Un homme portant une chemise jaune et un \u00e9quipement de randonn\u00e9e est assis sur un affleurement rocheux surplombant la boucle de la Sarre. Le ciel est bleu et les for\u00eats environnantes sont d'un vert \u00e9clatant.","caption":"","name":"z6l9975_1","status":"inherit","uploaded_to":557,"date":"2021-07-26 13:59:02","modified":"2021-11-12 14:02:03","menu_order":0,"mime_type":"image\/jpeg","type":"image","subtype":"jpeg","icon":"https:\/\/tourismus-grossregion.eu\/fr\/wp-includes\/images\/media\/default.png","width":1920,"height":1277,"sizes":{"thumbnail":"https:\/\/tourismus-grossregion.eu\/fr\/wp-content\/uploads\/sites\/3\/2021\/07\/Z6L9975_1-150x150.jpg","thumbnail-width":150,"thumbnail-height":150,"medium":"https:\/\/tourismus-grossregion.eu\/fr\/wp-content\/uploads\/sites\/3\/2021\/07\/Z6L9975_1-300x200.jpg","medium-width":300,"medium-height":200,"medium_large":"https:\/\/tourismus-grossregion.eu\/fr\/wp-content\/uploads\/sites\/3\/2021\/07\/Z6L9975_1-768x511.jpg","medium_large-width":768,"medium_large-height":511,"large":"https:\/\/tourismus-grossregion.eu\/fr\/wp-content\/uploads\/sites\/3\/2021\/07\/Z6L9975_1-1024x681.jpg","large-width":1024,"large-height":681,"1536x1536":"https:\/\/tourismus-grossregion.eu\/fr\/wp-content\/uploads\/sites\/3\/2021\/07\/Z6L9975_1-1536x1022.jpg","1536x1536-width":1536,"1536x1536-height":1022,"2048x2048":"https:\/\/tourismus-grossregion.eu\/fr\/wp-content\/uploads\/sites\/3\/2021\/07\/Z6L9975_1.jpg","2048x2048-width":1920,"2048x2048-height":1277,"download-thumbnail":"https:\/\/tourismus-grossregion.eu\/fr\/wp-content\/uploads\/sites\/3\/2021\/07\/Z6L9975_1-345x229.jpg","download-thumbnail-width":345,"download-thumbnail-height":229,"paragraphimage":"https:\/\/tourismus-grossregion.eu\/fr\/wp-content\/uploads\/sites\/3\/2021\/07\/Z6L9975_1-468x311.jpg","paragraphimage-width":468,"paragraphimage-height":311,"slider-image":"https:\/\/tourismus-grossregion.eu\/fr\/wp-content\/uploads\/sites\/3\/2021\/07\/Z6L9975_1-901x715.jpg","slider-image-width":901,"slider-image-height":715,"quote-image":"https:\/\/tourismus-grossregion.eu\/fr\/wp-content\/uploads\/sites\/3\/2021\/07\/Z6L9975_1-683x454.jpg","quote-image-width":683,"quote-image-height":454,"productcard-image":"https:\/\/tourismus-grossregion.eu\/fr\/wp-content\/uploads\/sites\/3\/2021\/07\/Z6L9975_1-710x472.jpg","productcard-image-width":710,"productcard-image-height":472}},"widget_image_caption":"","widget_image_margin":"small"},{"acf_fc_layout":"widget_paragraph_headlines_image","widget_paragraph_headlines_image_orientation":false,"widget_paragraph_headlines_image_decoration":false,"widget_paragraph_headlines_image_content":{"widget_paragraph_headlines_image_preline":"","widget_paragraph_headlines_image_headline":"","widget_paragraph_headlines_image_subline":"Die Begleiter des Saar-Hunsr\u00fcck-Steigs","widget_paragraph_headlines_image_editor_justify":true,"widget_paragraph_headlines_image_editor":"<p>Stephan d\u00e9sire explorer la Sarre en dehors des sentiers battus, et il a d\u00e9cid\u00e9 de diriger ses pas vers certaines des \u00ab Traumschleifen \u00bb (boucles de r\u00eave). Le \u00ab Felsenweg \u00bb, dont une grande partie longe le Saar-Hunsr\u00fcck-Steig, l\u2019attire particuli\u00e8rement. Rien d\u2019\u00e9tonnant \u00e0 cela ! Lorsque vous entrez dans la for\u00eat pr\u00e8s de Scheiden, vous avez l&rsquo;impression de p\u00e9n\u00e9trer dans un autre monde.<\/p>\n<p>Sur les premiers m\u00e8tres, des murs de jeunes feuillus et de conif\u00e8res bordent le chemin forestier au sol souple. Apr\u00e8s une courte mont\u00e9e, la for\u00eat devient moins dense et laisse appara\u00eetre le ruisseau du Lannenbach, qui serpente ici entre les arbres. De petits ponts de bois m\u00e8nent au-dessus de l&rsquo;eau qui coule lentement. Le panneau indicateur violet des Traumschleifen et celui vert-bleu du Saar-Hunsr\u00fcck-Steig sont accroch\u00e9s \u00e0 un vieux conif\u00e8re. Apr\u00e8s quelques m\u00e8tres, on comprend pourquoi ce circuit s&rsquo;appelle le Felsenweg (sentier rocheux). Un impressionnant rocher gris clair se dresse au milieu de la for\u00eat, le B\u00e4renfels (rocher de l\u2019ours). Le sentier de randonn\u00e9e y m\u00e8ne gr\u00e2ce \u00e0 des marches naturelles couvertes de mousse. C&rsquo;est l\u2019un des trois imposants rochers que les randonneurs doivent surmonter en suivant le Felsenweg.<\/p>\n","widget_paragraph_headlines_image_link":""},"widget_paragraph_headlines_image_image":{"ID":554,"id":554,"title":"Z7L4352_1","filename":"Z7L4352_1.jpg","filesize":336330,"url":"https:\/\/tourismus-grossregion.eu\/fr\/wp-content\/uploads\/sites\/3\/2021\/07\/Z7L4352_1.jpg","link":"https:\/\/tourismus-grossregion.eu\/fr\/saar-hunsruck-steig\/z7l4352_1\/","alt":"Un panneau de randonn\u00e9e donnant des informations sur la direction et la longueur des sentiers est en \u00e9vidence devant une for\u00eat.","author":"2","description":"Un panneau de randonn\u00e9e donnant des informations sur la direction et la longueur des sentiers est en \u00e9vidence devant une for\u00eat.","caption":"","name":"z7l4352_1","status":"inherit","uploaded_to":557,"date":"2021-07-26 13:59:14","modified":"2021-11-12 14:02:03","menu_order":0,"mime_type":"image\/jpeg","type":"image","subtype":"jpeg","icon":"https:\/\/tourismus-grossregion.eu\/fr\/wp-includes\/images\/media\/default.png","width":1920,"height":1280,"sizes":{"thumbnail":"https:\/\/tourismus-grossregion.eu\/fr\/wp-content\/uploads\/sites\/3\/2021\/07\/Z7L4352_1-150x150.jpg","thumbnail-width":150,"thumbnail-height":150,"medium":"https:\/\/tourismus-grossregion.eu\/fr\/wp-content\/uploads\/sites\/3\/2021\/07\/Z7L4352_1-300x200.jpg","medium-width":300,"medium-height":200,"medium_large":"https:\/\/tourismus-grossregion.eu\/fr\/wp-content\/uploads\/sites\/3\/2021\/07\/Z7L4352_1-768x512.jpg","medium_large-width":768,"medium_large-height":512,"large":"https:\/\/tourismus-grossregion.eu\/fr\/wp-content\/uploads\/sites\/3\/2021\/07\/Z7L4352_1-1024x683.jpg","large-width":1024,"large-height":683,"1536x1536":"https:\/\/tourismus-grossregion.eu\/fr\/wp-content\/uploads\/sites\/3\/2021\/07\/Z7L4352_1-1536x1024.jpg","1536x1536-width":1536,"1536x1536-height":1024,"2048x2048":"https:\/\/tourismus-grossregion.eu\/fr\/wp-content\/uploads\/sites\/3\/2021\/07\/Z7L4352_1.jpg","2048x2048-width":1920,"2048x2048-height":1280,"download-thumbnail":"https:\/\/tourismus-grossregion.eu\/fr\/wp-content\/uploads\/sites\/3\/2021\/07\/Z7L4352_1-345x230.jpg","download-thumbnail-width":345,"download-thumbnail-height":230,"paragraphimage":"https:\/\/tourismus-grossregion.eu\/fr\/wp-content\/uploads\/sites\/3\/2021\/07\/Z7L4352_1-468x312.jpg","paragraphimage-width":468,"paragraphimage-height":312,"slider-image":"https:\/\/tourismus-grossregion.eu\/fr\/wp-content\/uploads\/sites\/3\/2021\/07\/Z7L4352_1-901x715.jpg","slider-image-width":901,"slider-image-height":715,"quote-image":"https:\/\/tourismus-grossregion.eu\/fr\/wp-content\/uploads\/sites\/3\/2021\/07\/Z7L4352_1-683x455.jpg","quote-image-width":683,"quote-image-height":455,"productcard-image":"https:\/\/tourismus-grossregion.eu\/fr\/wp-content\/uploads\/sites\/3\/2021\/07\/Z7L4352_1-710x473.jpg","productcard-image-width":710,"productcard-image-height":473}},"widget_paragraph_headlines_image_image_option":false,"widget_paragraph_headlines_image_margin":"small"},{"acf_fc_layout":"widget_editor","widget_editor_justify":true,"widget_editor_editor":"<p>Au total, 111 Traumschleifen sont r\u00e9parties autour du sentier Sarre-Hunsr\u00fcck dans les L\u00e4nder de Rh\u00e9nanie-Palatinat et de Sarre. Ces circuits, tous labellis\u00e9s Premium, font entre 5 et 20 kilom\u00e8tres de long. La plupart d&rsquo;entre eux partent du sentier de grande randonn\u00e9e transfrontalier ou se trouvent \u00e0 proximit\u00e9. M\u00eame sur les Traumschleifen, il est presque impossible de se perdre gr\u00e2ce aux panneaux violets plac\u00e9s bien en vue.<\/p>\n<p>&nbsp;<\/p>\n","widget_editor_margin":"small"},{"acf_fc_layout":"widget_paragraph_headlines","widget_paragraph_headlines_width":"100","widget_paragraph_headlines_preline":"","widget_paragraph_headlines_headline":"","widget_paragraph_headlines_subline":"Passer la nuit chez les Celtes","widget_paragraph_headlines_editor_justify":true,"widget_paragraph_headlines_editor":"<p>Stephan entre dans le parc national du Hunsr\u00fcck-Hochwald au cr\u00e9puscule. L\u2019air s\u2019est maintenant rafra\u00eechi, mais ici, entre la dense canop\u00e9e et l\u2019\u00e9paisse couche de feuilles qui bruissent sur le sol de la for\u00eat, il r\u00e8gne encore une chaleur \u00e9tonnante. Plus il monte sur le sentier forestier escarp\u00e9, plus les pierres se font nombreuses. Pas plus grosses que des briques au d\u00e9but, elles ne font que d\u00e9corer les abords du chemin. Bient\u00f4t plus grandes qu\u2019un homme, elles s\u2019allongent au milieu de la piste, formant comme des marches d\u2019escalier.<\/p>\n","widget_paragraph_headlines_margin":"small"},{"acf_fc_layout":"widget_paragraph_headlines_image","widget_paragraph_headlines_image_orientation":true,"widget_paragraph_headlines_image_decoration":false,"widget_paragraph_headlines_image_content":{"widget_paragraph_headlines_image_preline":"","widget_paragraph_headlines_image_headline":"","widget_paragraph_headlines_image_subline":"","widget_paragraph_headlines_image_editor_justify":true,"widget_paragraph_headlines_image_editor":"<p>Ce sont les contreforts du mur d&rsquo;enceinte celtique qui s\u2019\u00e9l\u00e8ve sur le Dollberg au c\u0153ur du parc national. Les remparts de la forteresse celtique la plus puissante d\u2019Europe se dressaient autrefois ici. Au premier si\u00e8cle avant J.-C., les murs d\u00e9fensifs de 20 m\u00e8tres de haut et de 25 m\u00e8tres de large rendaient imprenable le site celtique situ\u00e9 derri\u00e8re. Aujourd\u2019hui, tout ce qui reste du mur des Huns, comme on l\u2019appelle commun\u00e9ment, ce sont des vestiges. Mais ils valent le d\u00e9tour : l\u2019imposante montagne de blocs rocheux forme une bande de deux kilom\u00e8tres et demi de long \u00e0 travers la cr\u00eate montagneuse bois\u00e9e.<\/p>\n<p>Pas \u00e0 pas, Stephan monte sur les remparts. Ayant atteint l\u2019autre c\u00f4t\u00e9, il sort son t\u00e9l\u00e9phone portable de son sac \u00e0 dos. Le site de bivouac, sa destination pour la nuit, doit \u00eatre tout proche. Apr\u00e8s quelques m\u00e8tres, la navigation par satellite le conduit \u00e0 travers la for\u00eat dense. La plupart des camps de bivouac ne sont pas visibles depuis les chemins forestiers, afin que les clients puissent profiter d\u2019un peu d&rsquo;intimit\u00e9 malgr\u00e9 la proximit\u00e9 du sentier de randonn\u00e9e. Sur une pente, \u00e0 quelques m\u00e8tres d\u2019altitude en dessous, Stephan d\u00e9couvre enfin la grande plate-forme en bois qui offre suffisamment de place pour accueillir deux tentes.<\/p>\n","widget_paragraph_headlines_image_link":""},"widget_paragraph_headlines_image_image":{"ID":558,"id":558,"title":"Z6L0371_1-e1626871562909","filename":"Z6L0371_1-e1626871562909.jpg","filesize":139378,"url":"https:\/\/tourismus-grossregion.eu\/fr\/wp-content\/uploads\/sites\/3\/2021\/07\/Z6L0371_1-e1626871562909.jpg","link":"https:\/\/tourismus-grossregion.eu\/fr\/saar-hunsruck-steig\/z6l0371_1-e1626871562909-2\/","alt":"Un homme en chemise jaune est assis dans une petite tente sur une plate-forme en bois, la nuit. La tente est \u00e9clair\u00e9e et lumineuse, mais le ciel et les bois environnants sont sombres.","author":"2","description":"Un homme en chemise jaune est assis dans une petite tente sur une plate-forme en bois, la nuit. La tente est \u00e9clair\u00e9e et lumineuse, mais le ciel et les bois environnants sont sombres.","caption":"","name":"z6l0371_1-e1626871562909-2","status":"inherit","uploaded_to":557,"date":"2021-07-26 14:00:49","modified":"2021-07-27 08:09:39","menu_order":0,"mime_type":"image\/jpeg","type":"image","subtype":"jpeg","icon":"https:\/\/tourismus-grossregion.eu\/fr\/wp-includes\/images\/media\/default.png","width":1199,"height":1303,"sizes":{"thumbnail":"https:\/\/tourismus-grossregion.eu\/fr\/wp-content\/uploads\/sites\/3\/2021\/07\/Z6L0371_1-e1626871562909-150x150.jpg","thumbnail-width":150,"thumbnail-height":150,"medium":"https:\/\/tourismus-grossregion.eu\/fr\/wp-content\/uploads\/sites\/3\/2021\/07\/Z6L0371_1-e1626871562909-276x300.jpg","medium-width":276,"medium-height":300,"medium_large":"https:\/\/tourismus-grossregion.eu\/fr\/wp-content\/uploads\/sites\/3\/2021\/07\/Z6L0371_1-e1626871562909-768x835.jpg","medium_large-width":768,"medium_large-height":835,"large":"https:\/\/tourismus-grossregion.eu\/fr\/wp-content\/uploads\/sites\/3\/2021\/07\/Z6L0371_1-e1626871562909-942x1024.jpg","large-width":942,"large-height":1024,"1536x1536":"https:\/\/tourismus-grossregion.eu\/fr\/wp-content\/uploads\/sites\/3\/2021\/07\/Z6L0371_1-e1626871562909.jpg","1536x1536-width":1199,"1536x1536-height":1303,"2048x2048":"https:\/\/tourismus-grossregion.eu\/fr\/wp-content\/uploads\/sites\/3\/2021\/07\/Z6L0371_1-e1626871562909.jpg","2048x2048-width":1199,"2048x2048-height":1303,"download-thumbnail":"https:\/\/tourismus-grossregion.eu\/fr\/wp-content\/uploads\/sites\/3\/2021\/07\/Z6L0371_1-e1626871562909-317x345.jpg","download-thumbnail-width":317,"download-thumbnail-height":345,"paragraphimage":"https:\/\/tourismus-grossregion.eu\/fr\/wp-content\/uploads\/sites\/3\/2021\/07\/Z6L0371_1-e1626871562909-468x509.jpg","paragraphimage-width":468,"paragraphimage-height":509,"slider-image":"https:\/\/tourismus-grossregion.eu\/fr\/wp-content\/uploads\/sites\/3\/2021\/07\/Z6L0371_1-e1626871562909-901x715.jpg","slider-image-width":901,"slider-image-height":715,"quote-image":"https:\/\/tourismus-grossregion.eu\/fr\/wp-content\/uploads\/sites\/3\/2021\/07\/Z6L0371_1-e1626871562909-683x742.jpg","quote-image-width":683,"quote-image-height":742,"productcard-image":"https:\/\/tourismus-grossregion.eu\/fr\/wp-content\/uploads\/sites\/3\/2021\/07\/Z6L0371_1-e1626871562909-710x772.jpg","productcard-image-width":710,"productcard-image-height":772}},"widget_paragraph_headlines_image_image_option":false,"widget_paragraph_headlines_image_margin":"small"},{"acf_fc_layout":"widget_editor","widget_editor_justify":true,"widget_editor_editor":"<p>Le camp de bivouac Keltenlager, o\u00f9 s\u00e9journe aujourd&rsquo;hui Stephan, n\u2019est pas le seul site de bivouac le long du Saar-Hunsr\u00fcck-Steig. Les camps sont situ\u00e9s au c\u0153ur de la for\u00eat, bien cach\u00e9s des regards indiscrets et sont des lieux de s\u00e9jour parfaits pour les randonneurs ayant \u00e0 c\u0153ur de d\u00e9couvrir une nature plus sauvage encore. Ils peuvent \u00eatre r\u00e9serv\u00e9s en ligne pour dix euros la nuit. Les donn\u00e9es GPS et une carte du \u00ab dernier mille \u00bb sont ensuite envoy\u00e9es avec la confirmation de la r\u00e9servation, ce qui permet de guider les randonneurs jusqu\u2019aux emplacements des camps.<\/p>\n","widget_editor_margin":"small"},{"acf_fc_layout":"widget_gallery","widget_gallery_entries":[{"widget_gallery_image":{"ID":559,"id":559,"title":"CMR-0920_1","filename":"CMR-0920_1.jpeg","filesize":424386,"url":"https:\/\/tourismus-grossregion.eu\/fr\/wp-content\/uploads\/sites\/3\/2021\/07\/CMR-0920_1.jpeg","link":"https:\/\/tourismus-grossregion.eu\/fr\/saar-hunsruck-steig\/cmr-0920_1\/","alt":"Le soleil se couche dans un ciel clair au-dessus d'un magnifique paysage naturel. La rivi\u00e8re est calme et sombre en dessous et entour\u00e9e de for\u00eat de tous les c\u00f4t\u00e9s.","author":"2","description":"Le soleil se couche dans un ciel clair au-dessus d'un magnifique paysage naturel. La rivi\u00e8re est calme et sombre en dessous et entour\u00e9e de for\u00eat de tous les c\u00f4t\u00e9s.","caption":"","name":"cmr-0920_1","status":"inherit","uploaded_to":557,"date":"2021-07-26 14:00:58","modified":"2021-07-27 08:10:30","menu_order":0,"mime_type":"image\/jpeg","type":"image","subtype":"jpeg","icon":"https:\/\/tourismus-grossregion.eu\/fr\/wp-includes\/images\/media\/default.png","width":1920,"height":1279,"sizes":{"thumbnail":"https:\/\/tourismus-grossregion.eu\/fr\/wp-content\/uploads\/sites\/3\/2021\/07\/CMR-0920_1-150x150.jpeg","thumbnail-width":150,"thumbnail-height":150,"medium":"https:\/\/tourismus-grossregion.eu\/fr\/wp-content\/uploads\/sites\/3\/2021\/07\/CMR-0920_1-300x200.jpeg","medium-width":300,"medium-height":200,"medium_large":"https:\/\/tourismus-grossregion.eu\/fr\/wp-content\/uploads\/sites\/3\/2021\/07\/CMR-0920_1-768x512.jpeg","medium_large-width":768,"medium_large-height":512,"large":"https:\/\/tourismus-grossregion.eu\/fr\/wp-content\/uploads\/sites\/3\/2021\/07\/CMR-0920_1-1024x682.jpeg","large-width":1024,"large-height":682,"1536x1536":"https:\/\/tourismus-grossregion.eu\/fr\/wp-content\/uploads\/sites\/3\/2021\/07\/CMR-0920_1-1536x1023.jpeg","1536x1536-width":1536,"1536x1536-height":1023,"2048x2048":"https:\/\/tourismus-grossregion.eu\/fr\/wp-content\/uploads\/sites\/3\/2021\/07\/CMR-0920_1.jpeg","2048x2048-width":1920,"2048x2048-height":1279,"download-thumbnail":"https:\/\/tourismus-grossregion.eu\/fr\/wp-content\/uploads\/sites\/3\/2021\/07\/CMR-0920_1-345x230.jpeg","download-thumbnail-width":345,"download-thumbnail-height":230,"paragraphimage":"https:\/\/tourismus-grossregion.eu\/fr\/wp-content\/uploads\/sites\/3\/2021\/07\/CMR-0920_1-468x312.jpeg","paragraphimage-width":468,"paragraphimage-height":312,"slider-image":"https:\/\/tourismus-grossregion.eu\/fr\/wp-content\/uploads\/sites\/3\/2021\/07\/CMR-0920_1-901x715.jpeg","slider-image-width":901,"slider-image-height":715,"quote-image":"https:\/\/tourismus-grossregion.eu\/fr\/wp-content\/uploads\/sites\/3\/2021\/07\/CMR-0920_1-683x455.jpeg","quote-image-width":683,"quote-image-height":455,"productcard-image":"https:\/\/tourismus-grossregion.eu\/fr\/wp-content\/uploads\/sites\/3\/2021\/07\/CMR-0920_1-710x473.jpeg","productcard-image-width":710,"productcard-image-height":473}},"widget_gallery_caption":""},{"widget_gallery_image":{"ID":560,"id":560,"title":"Z6L0057_1","filename":"Z6L0057_1.jpg","filesize":283739,"url":"https:\/\/tourismus-grossregion.eu\/fr\/wp-content\/uploads\/sites\/3\/2021\/07\/Z6L0057_1.jpg","link":"https:\/\/tourismus-grossregion.eu\/fr\/saar-hunsruck-steig\/z6l0057_1\/","alt":"Un homme en chemise jaune est assis sur un banc de randonneur et se d\u00e9tend.","author":"2","description":"Un homme en chemise jaune est assis sur un banc de randonneur et se d\u00e9tend.","caption":"","name":"z6l0057_1","status":"inherit","uploaded_to":557,"date":"2021-07-26 14:01:10","modified":"2021-07-27 08:10:57","menu_order":0,"mime_type":"image\/jpeg","type":"image","subtype":"jpeg","icon":"https:\/\/tourismus-grossregion.eu\/fr\/wp-includes\/images\/media\/default.png","width":1920,"height":1277,"sizes":{"thumbnail":"https:\/\/tourismus-grossregion.eu\/fr\/wp-content\/uploads\/sites\/3\/2021\/07\/Z6L0057_1-150x150.jpg","thumbnail-width":150,"thumbnail-height":150,"medium":"https:\/\/tourismus-grossregion.eu\/fr\/wp-content\/uploads\/sites\/3\/2021\/07\/Z6L0057_1-300x200.jpg","medium-width":300,"medium-height":200,"medium_large":"https:\/\/tourismus-grossregion.eu\/fr\/wp-content\/uploads\/sites\/3\/2021\/07\/Z6L0057_1-768x511.jpg","medium_large-width":768,"medium_large-height":511,"large":"https:\/\/tourismus-grossregion.eu\/fr\/wp-content\/uploads\/sites\/3\/2021\/07\/Z6L0057_1-1024x681.jpg","large-width":1024,"large-height":681,"1536x1536":"https:\/\/tourismus-grossregion.eu\/fr\/wp-content\/uploads\/sites\/3\/2021\/07\/Z6L0057_1-1536x1022.jpg","1536x1536-width":1536,"1536x1536-height":1022,"2048x2048":"https:\/\/tourismus-grossregion.eu\/fr\/wp-content\/uploads\/sites\/3\/2021\/07\/Z6L0057_1.jpg","2048x2048-width":1920,"2048x2048-height":1277,"download-thumbnail":"https:\/\/tourismus-grossregion.eu\/fr\/wp-content\/uploads\/sites\/3\/2021\/07\/Z6L0057_1-345x229.jpg","download-thumbnail-width":345,"download-thumbnail-height":229,"paragraphimage":"https:\/\/tourismus-grossregion.eu\/fr\/wp-content\/uploads\/sites\/3\/2021\/07\/Z6L0057_1-468x311.jpg","paragraphimage-width":468,"paragraphimage-height":311,"slider-image":"https:\/\/tourismus-grossregion.eu\/fr\/wp-content\/uploads\/sites\/3\/2021\/07\/Z6L0057_1-901x715.jpg","slider-image-width":901,"slider-image-height":715,"quote-image":"https:\/\/tourismus-grossregion.eu\/fr\/wp-content\/uploads\/sites\/3\/2021\/07\/Z6L0057_1-683x454.jpg","quote-image-width":683,"quote-image-height":454,"productcard-image":"https:\/\/tourismus-grossregion.eu\/fr\/wp-content\/uploads\/sites\/3\/2021\/07\/Z6L0057_1-710x472.jpg","productcard-image-width":710,"productcard-image-height":472}},"widget_gallery_caption":""},{"widget_gallery_image":{"ID":561,"id":561,"title":"Z6L0096_1","filename":"Z6L0096_1.jpg","filesize":1066302,"url":"https:\/\/tourismus-grossregion.eu\/fr\/wp-content\/uploads\/sites\/3\/2021\/07\/Z6L0096_1.jpg","link":"https:\/\/tourismus-grossregion.eu\/fr\/saar-hunsruck-steig\/z6l0096_1\/","alt":"Des ruines anciennes sont repr\u00e9sent\u00e9es au milieu de la for\u00eat, devant lesquelles marche un homme portant une chemise jaune et un sac \u00e0 dos bleu.","author":"2","description":"Des ruines anciennes sont repr\u00e9sent\u00e9es au milieu de la for\u00eat, devant lesquelles marche un homme portant une chemise jaune et un sac \u00e0 dos bleu.","caption":"","name":"z6l0096_1","status":"inherit","uploaded_to":557,"date":"2021-07-26 14:01:21","modified":"2021-07-27 08:11:16","menu_order":0,"mime_type":"image\/jpeg","type":"image","subtype":"jpeg","icon":"https:\/\/tourismus-grossregion.eu\/fr\/wp-includes\/images\/media\/default.png","width":1920,"height":1277,"sizes":{"thumbnail":"https:\/\/tourismus-grossregion.eu\/fr\/wp-content\/uploads\/sites\/3\/2021\/07\/Z6L0096_1-150x150.jpg","thumbnail-width":150,"thumbnail-height":150,"medium":"https:\/\/tourismus-grossregion.eu\/fr\/wp-content\/uploads\/sites\/3\/2021\/07\/Z6L0096_1-300x200.jpg","medium-width":300,"medium-height":200,"medium_large":"https:\/\/tourismus-grossregion.eu\/fr\/wp-content\/uploads\/sites\/3\/2021\/07\/Z6L0096_1-768x511.jpg","medium_large-width":768,"medium_large-height":511,"large":"https:\/\/tourismus-grossregion.eu\/fr\/wp-content\/uploads\/sites\/3\/2021\/07\/Z6L0096_1-1024x681.jpg","large-width":1024,"large-height":681,"1536x1536":"https:\/\/tourismus-grossregion.eu\/fr\/wp-content\/uploads\/sites\/3\/2021\/07\/Z6L0096_1-1536x1022.jpg","1536x1536-width":1536,"1536x1536-height":1022,"2048x2048":"https:\/\/tourismus-grossregion.eu\/fr\/wp-content\/uploads\/sites\/3\/2021\/07\/Z6L0096_1.jpg","2048x2048-width":1920,"2048x2048-height":1277,"download-thumbnail":"https:\/\/tourismus-grossregion.eu\/fr\/wp-content\/uploads\/sites\/3\/2021\/07\/Z6L0096_1-345x229.jpg","download-thumbnail-width":345,"download-thumbnail-height":229,"paragraphimage":"https:\/\/tourismus-grossregion.eu\/fr\/wp-content\/uploads\/sites\/3\/2021\/07\/Z6L0096_1-468x311.jpg","paragraphimage-width":468,"paragraphimage-height":311,"slider-image":"https:\/\/tourismus-grossregion.eu\/fr\/wp-content\/uploads\/sites\/3\/2021\/07\/Z6L0096_1-901x715.jpg","slider-image-width":901,"slider-image-height":715,"quote-image":"https:\/\/tourismus-grossregion.eu\/fr\/wp-content\/uploads\/sites\/3\/2021\/07\/Z6L0096_1-683x454.jpg","quote-image-width":683,"quote-image-height":454,"productcard-image":"https:\/\/tourismus-grossregion.eu\/fr\/wp-content\/uploads\/sites\/3\/2021\/07\/Z6L0096_1-710x472.jpg","productcard-image-width":710,"productcard-image-height":472}},"widget_gallery_caption":""},{"widget_gallery_image":{"ID":562,"id":562,"title":"Z7L4572_1","filename":"Z7L4572_1.jpg","filesize":366368,"url":"https:\/\/tourismus-grossregion.eu\/fr\/wp-content\/uploads\/sites\/3\/2021\/07\/Z7L4572_1.jpg","link":"https:\/\/tourismus-grossregion.eu\/fr\/saar-hunsruck-steig\/z7l4572_1\/","alt":"Un homme portant une chemise jaune et un \u00e9quipement de randonn\u00e9e se tient dans un champ, devant plusieurs bancs o\u00f9 les randonneurs peuvent se reposer. Au premier plan, un arbre bloque le c\u00f4t\u00e9 gauche de l'image.","author":"2","description":"Un homme portant une chemise jaune et un \u00e9quipement de randonn\u00e9e se tient dans un champ, devant plusieurs bancs o\u00f9 les randonneurs peuvent se reposer. Au premier plan, un arbre bloque le c\u00f4t\u00e9 gauche de l'image.","caption":"","name":"z7l4572_1","status":"inherit","uploaded_to":557,"date":"2021-07-26 14:01:32","modified":"2021-07-27 08:11:34","menu_order":0,"mime_type":"image\/jpeg","type":"image","subtype":"jpeg","icon":"https:\/\/tourismus-grossregion.eu\/fr\/wp-includes\/images\/media\/default.png","width":1920,"height":1280,"sizes":{"thumbnail":"https:\/\/tourismus-grossregion.eu\/fr\/wp-content\/uploads\/sites\/3\/2021\/07\/Z7L4572_1-150x150.jpg","thumbnail-width":150,"thumbnail-height":150,"medium":"https:\/\/tourismus-grossregion.eu\/fr\/wp-content\/uploads\/sites\/3\/2021\/07\/Z7L4572_1-300x200.jpg","medium-width":300,"medium-height":200,"medium_large":"https:\/\/tourismus-grossregion.eu\/fr\/wp-content\/uploads\/sites\/3\/2021\/07\/Z7L4572_1-768x512.jpg","medium_large-width":768,"medium_large-height":512,"large":"https:\/\/tourismus-grossregion.eu\/fr\/wp-content\/uploads\/sites\/3\/2021\/07\/Z7L4572_1-1024x683.jpg","large-width":1024,"large-height":683,"1536x1536":"https:\/\/tourismus-grossregion.eu\/fr\/wp-content\/uploads\/sites\/3\/2021\/07\/Z7L4572_1-1536x1024.jpg","1536x1536-width":1536,"1536x1536-height":1024,"2048x2048":"https:\/\/tourismus-grossregion.eu\/fr\/wp-content\/uploads\/sites\/3\/2021\/07\/Z7L4572_1.jpg","2048x2048-width":1920,"2048x2048-height":1280,"download-thumbnail":"https:\/\/tourismus-grossregion.eu\/fr\/wp-content\/uploads\/sites\/3\/2021\/07\/Z7L4572_1-345x230.jpg","download-thumbnail-width":345,"download-thumbnail-height":230,"paragraphimage":"https:\/\/tourismus-grossregion.eu\/fr\/wp-content\/uploads\/sites\/3\/2021\/07\/Z7L4572_1-468x312.jpg","paragraphimage-width":468,"paragraphimage-height":312,"slider-image":"https:\/\/tourismus-grossregion.eu\/fr\/wp-content\/uploads\/sites\/3\/2021\/07\/Z7L4572_1-901x715.jpg","slider-image-width":901,"slider-image-height":715,"quote-image":"https:\/\/tourismus-grossregion.eu\/fr\/wp-content\/uploads\/sites\/3\/2021\/07\/Z7L4572_1-683x455.jpg","quote-image-width":683,"quote-image-height":455,"productcard-image":"https:\/\/tourismus-grossregion.eu\/fr\/wp-content\/uploads\/sites\/3\/2021\/07\/Z7L4572_1-710x473.jpg","productcard-image-width":710,"productcard-image-height":473}},"widget_gallery_caption":""},{"widget_gallery_image":{"ID":563,"id":563,"title":"Z6L0307_1","filename":"Z6L0307_1.jpg","filesize":221668,"url":"https:\/\/tourismus-grossregion.eu\/fr\/wp-content\/uploads\/sites\/3\/2021\/07\/Z6L0307_1.jpg","link":"https:\/\/tourismus-grossregion.eu\/fr\/saar-hunsruck-steig\/z6l0307_1\/","alt":"Un homme portant une chemise jaune et un \u00e9quipement de randonn\u00e9e est photographi\u00e9 au sommet d'un tas de rochers.","author":"2","description":"Un homme portant une chemise jaune et un \u00e9quipement de randonn\u00e9e est photographi\u00e9 au sommet d'un tas de rochers.","caption":"","name":"z6l0307_1","status":"inherit","uploaded_to":557,"date":"2021-07-26 14:01:43","modified":"2021-07-27 08:11:56","menu_order":0,"mime_type":"image\/jpeg","type":"image","subtype":"jpeg","icon":"https:\/\/tourismus-grossregion.eu\/fr\/wp-includes\/images\/media\/default.png","width":1000,"height":1503,"sizes":{"thumbnail":"https:\/\/tourismus-grossregion.eu\/fr\/wp-content\/uploads\/sites\/3\/2021\/07\/Z6L0307_1-150x150.jpg","thumbnail-width":150,"thumbnail-height":150,"medium":"https:\/\/tourismus-grossregion.eu\/fr\/wp-content\/uploads\/sites\/3\/2021\/07\/Z6L0307_1-200x300.jpg","medium-width":200,"medium-height":300,"medium_large":"https:\/\/tourismus-grossregion.eu\/fr\/wp-content\/uploads\/sites\/3\/2021\/07\/Z6L0307_1-768x1154.jpg","medium_large-width":768,"medium_large-height":1154,"large":"https:\/\/tourismus-grossregion.eu\/fr\/wp-content\/uploads\/sites\/3\/2021\/07\/Z6L0307_1-681x1024.jpg","large-width":681,"large-height":1024,"1536x1536":"https:\/\/tourismus-grossregion.eu\/fr\/wp-content\/uploads\/sites\/3\/2021\/07\/Z6L0307_1.jpg","1536x1536-width":1000,"1536x1536-height":1503,"2048x2048":"https:\/\/tourismus-grossregion.eu\/fr\/wp-content\/uploads\/sites\/3\/2021\/07\/Z6L0307_1.jpg","2048x2048-width":1000,"2048x2048-height":1503,"download-thumbnail":"https:\/\/tourismus-grossregion.eu\/fr\/wp-content\/uploads\/sites\/3\/2021\/07\/Z6L0307_1-230x345.jpg","download-thumbnail-width":230,"download-thumbnail-height":345,"paragraphimage":"https:\/\/tourismus-grossregion.eu\/fr\/wp-content\/uploads\/sites\/3\/2021\/07\/Z6L0307_1-468x703.jpg","paragraphimage-width":468,"paragraphimage-height":703,"slider-image":"https:\/\/tourismus-grossregion.eu\/fr\/wp-content\/uploads\/sites\/3\/2021\/07\/Z6L0307_1.jpg","slider-image-width":476,"slider-image-height":715,"quote-image":"https:\/\/tourismus-grossregion.eu\/fr\/wp-content\/uploads\/sites\/3\/2021\/07\/Z6L0307_1.jpg","quote-image-width":683,"quote-image-height":1027,"productcard-image":"https:\/\/tourismus-grossregion.eu\/fr\/wp-content\/uploads\/sites\/3\/2021\/07\/Z6L0307_1.jpg","productcard-image-width":710,"productcard-image-height":1067}},"widget_gallery_caption":""}],"widget_gallery_margin":"small"},{"acf_fc_layout":"widget_editor","widget_editor_justify":true,"widget_editor_editor":"<p>Entre-temps, la nuit est tomb\u00e9e. Stephan s\u2019est assis \u00e0 la table en bois et prend son d\u00eener, une petite lampe de camping pos\u00e9e devant lui. Son campement pour la nuit, une tente verte avec sac de couchage et couverture, est pr\u00eat \u00e0 l\u2019accueillir derri\u00e8re lui. Des bruissements se font entendre dans les sous-bois. Peut-\u00eatre l\u2019un des timides chats sauvages qui vivent ici dans le parc national ? Stephan se r\u00e9jouit d\u00e9j\u00e0 de passer la nuit en pleine nature. Mais avant de se coucher, il \u00e9teint la lumi\u00e8re et profite de la vue du ciel clair constell\u00e9 d\u2019\u00e9toiles scintillantes.<\/p>\n<p>Plus d&rsquo;informations sur la Saar-Hunsr\u00fcck-Steig sur <a href=\"https:\/\/www.saar-hunsrueck-steig.de\/\">https:\/\/www.saar-hunsrueck-steig.de\/<\/a><\/p>\n<p>Vous pouvez trouver la description de la visite \u00e0 l&rsquo;adresse suivante<\/p>\n<p><a href=\"https:\/\/www.tourenplaner-rheinland-pfalz.de\/de\/tour\/fernwanderweg\/gesamtstrecke-saar-hunsrueck-steig-von-schengen-nach-boppard\/15247231\/\">https:\/\/www.tourenplaner-rheinland-pfalz.de\/de\/tour\/fernwanderweg\/gesamtstrecke-saar-hunsrueck-steig-von-schengen-nach-boppard\/15247231\/<\/a><\/p>\n","widget_editor_margin":"small"},{"acf_fc_layout":"widget_video","widget_video_type":false,"widget_video_youtube":"https:\/\/youtu.be\/pJZi7wX2NMk","widget_video_youtube_poster_bool":true,"widget_video_youtube_poster":{"ID":562,"id":562,"title":"Z7L4572_1","filename":"Z7L4572_1.jpg","filesize":366368,"url":"https:\/\/tourismus-grossregion.eu\/fr\/wp-content\/uploads\/sites\/3\/2021\/07\/Z7L4572_1.jpg","link":"https:\/\/tourismus-grossregion.eu\/fr\/saar-hunsruck-steig\/z7l4572_1\/","alt":"Un homme portant une chemise jaune et un \u00e9quipement de randonn\u00e9e se tient dans un champ, devant plusieurs bancs o\u00f9 les randonneurs peuvent se reposer. Au premier plan, un arbre bloque le c\u00f4t\u00e9 gauche de l'image.","author":"2","description":"Un homme portant une chemise jaune et un \u00e9quipement de randonn\u00e9e se tient dans un champ, devant plusieurs bancs o\u00f9 les randonneurs peuvent se reposer. Au premier plan, un arbre bloque le c\u00f4t\u00e9 gauche de l'image.","caption":"","name":"z7l4572_1","status":"inherit","uploaded_to":557,"date":"2021-07-26 14:01:32","modified":"2021-07-27 08:11:34","menu_order":0,"mime_type":"image\/jpeg","type":"image","subtype":"jpeg","icon":"https:\/\/tourismus-grossregion.eu\/fr\/wp-includes\/images\/media\/default.png","width":1920,"height":1280,"sizes":{"thumbnail":"https:\/\/tourismus-grossregion.eu\/fr\/wp-content\/uploads\/sites\/3\/2021\/07\/Z7L4572_1-150x150.jpg","thumbnail-width":150,"thumbnail-height":150,"medium":"https:\/\/tourismus-grossregion.eu\/fr\/wp-content\/uploads\/sites\/3\/2021\/07\/Z7L4572_1-300x200.jpg","medium-width":300,"medium-height":200,"medium_large":"https:\/\/tourismus-grossregion.eu\/fr\/wp-content\/uploads\/sites\/3\/2021\/07\/Z7L4572_1-768x512.jpg","medium_large-width":768,"medium_large-height":512,"large":"https:\/\/tourismus-grossregion.eu\/fr\/wp-content\/uploads\/sites\/3\/2021\/07\/Z7L4572_1-1024x683.jpg","large-width":1024,"large-height":683,"1536x1536":"https:\/\/tourismus-grossregion.eu\/fr\/wp-content\/uploads\/sites\/3\/2021\/07\/Z7L4572_1-1536x1024.jpg","1536x1536-width":1536,"1536x1536-height":1024,"2048x2048":"https:\/\/tourismus-grossregion.eu\/fr\/wp-content\/uploads\/sites\/3\/2021\/07\/Z7L4572_1.jpg","2048x2048-width":1920,"2048x2048-height":1280,"download-thumbnail":"https:\/\/tourismus-grossregion.eu\/fr\/wp-content\/uploads\/sites\/3\/2021\/07\/Z7L4572_1-345x230.jpg","download-thumbnail-width":345,"download-thumbnail-height":230,"paragraphimage":"https:\/\/tourismus-grossregion.eu\/fr\/wp-content\/uploads\/sites\/3\/2021\/07\/Z7L4572_1-468x312.jpg","paragraphimage-width":468,"paragraphimage-height":312,"slider-image":"https:\/\/tourismus-grossregion.eu\/fr\/wp-content\/uploads\/sites\/3\/2021\/07\/Z7L4572_1-901x715.jpg","slider-image-width":901,"slider-image-height":715,"quote-image":"https:\/\/tourismus-grossregion.eu\/fr\/wp-content\/uploads\/sites\/3\/2021\/07\/Z7L4572_1-683x455.jpg","quote-image-width":683,"quote-image-height":455,"productcard-image":"https:\/\/tourismus-grossregion.eu\/fr\/wp-content\/uploads\/sites\/3\/2021\/07\/Z7L4572_1-710x473.jpg","productcard-image-width":710,"productcard-image-height":473}},"widget_video_youtube_poster_filter":false,"widget_video_upload":false,"widget_video_headline":"","widget_video_duration":"03:02","widget_video_margin":"small"},{"acf_fc_layout":"widget_paragraph_headlines_image","widget_paragraph_headlines_image_orientation":false,"widget_paragraph_headlines_image_decoration":true,"widget_paragraph_headlines_image_content":{"widget_paragraph_headlines_image_preline":"","widget_paragraph_headlines_image_headline":"","widget_paragraph_headlines_image_subline":"Vous aimez ce que vous voyez ? ","widget_paragraph_headlines_image_editor_justify":true,"widget_paragraph_headlines_image_editor":"<p>La Grande R\u00e9gion a beaucoup plus \u00e0 offrir ! Jetez un coup d&rsquo;\u0153il aux histoires suivantes de la r\u00e9gion et laissez-vous inspirer.<\/p>\n","widget_paragraph_headlines_image_link":""},"widget_paragraph_headlines_image_image":false,"widget_paragraph_headlines_image_image_option":false,"widget_paragraph_headlines_image_margin":"small"},{"acf_fc_layout":"widget_content_carousel","widget_content_carousel_preline":"","widget_content_carousel_headline":"","widget_content_carousel_description_justify":false,"widget_content_carousel_entries":[{"widget_content_carousel_entries_thumbnail":{"ID":494,"id":494,"title":"CMR-0995-2","filename":"CMR-0995-2.jpg","filesize":838873,"url":"https:\/\/tourismus-grossregion.eu\/fr\/wp-content\/uploads\/sites\/3\/2021\/07\/CMR-0995-2.jpg","link":"https:\/\/tourismus-grossregion.eu\/fr\/vtt-perl\/cmr-0995-2\/","alt":"Sur un chemin de terre, deux adultes v\u00e9t\u00e9tistes et deux enfants sont debout sur leurs v\u00e9los. On peut voir deux arbres et une vieille cabane \u00e0 c\u00f4t\u00e9 du chemin de terre. L'image est une vue a\u00e9rienne.","author":"2","description":"Sur un chemin de terre, deux adultes v\u00e9t\u00e9tistes et deux enfants sont debout sur leurs v\u00e9los. On peut voir deux arbres et une vieille cabane \u00e0 c\u00f4t\u00e9 du chemin de terre. L'image est une vue a\u00e9rienne.","caption":"","name":"cmr-0995-2","status":"inherit","uploaded_to":493,"date":"2021-07-26 12:26:19","modified":"2021-07-26 15:01:08","menu_order":0,"mime_type":"image\/jpeg","type":"image","subtype":"jpeg","icon":"https:\/\/tourismus-grossregion.eu\/fr\/wp-includes\/images\/media\/default.png","width":1280,"height":852,"sizes":{"thumbnail":"https:\/\/tourismus-grossregion.eu\/fr\/wp-content\/uploads\/sites\/3\/2021\/07\/CMR-0995-2-150x150.jpg","thumbnail-width":150,"thumbnail-height":150,"medium":"https:\/\/tourismus-grossregion.eu\/fr\/wp-content\/uploads\/sites\/3\/2021\/07\/CMR-0995-2-300x200.jpg","medium-width":300,"medium-height":200,"medium_large":"https:\/\/tourismus-grossregion.eu\/fr\/wp-content\/uploads\/sites\/3\/2021\/07\/CMR-0995-2-768x511.jpg","medium_large-width":768,"medium_large-height":511,"large":"https:\/\/tourismus-grossregion.eu\/fr\/wp-content\/uploads\/sites\/3\/2021\/07\/CMR-0995-2-1024x682.jpg","large-width":1024,"large-height":682,"1536x1536":"https:\/\/tourismus-grossregion.eu\/fr\/wp-content\/uploads\/sites\/3\/2021\/07\/CMR-0995-2.jpg","1536x1536-width":1280,"1536x1536-height":852,"2048x2048":"https:\/\/tourismus-grossregion.eu\/fr\/wp-content\/uploads\/sites\/3\/2021\/07\/CMR-0995-2.jpg","2048x2048-width":1280,"2048x2048-height":852,"download-thumbnail":"https:\/\/tourismus-grossregion.eu\/fr\/wp-content\/uploads\/sites\/3\/2021\/07\/CMR-0995-2-345x230.jpg","download-thumbnail-width":345,"download-thumbnail-height":230,"paragraphimage":"https:\/\/tourismus-grossregion.eu\/fr\/wp-content\/uploads\/sites\/3\/2021\/07\/CMR-0995-2-468x312.jpg","paragraphimage-width":468,"paragraphimage-height":312,"slider-image":"https:\/\/tourismus-grossregion.eu\/fr\/wp-content\/uploads\/sites\/3\/2021\/07\/CMR-0995-2-901x715.jpg","slider-image-width":901,"slider-image-height":715,"quote-image":"https:\/\/tourismus-grossregion.eu\/fr\/wp-content\/uploads\/sites\/3\/2021\/07\/CMR-0995-2-683x455.jpg","quote-image-width":683,"quote-image-height":455,"productcard-image":"https:\/\/tourismus-grossregion.eu\/fr\/wp-content\/uploads\/sites\/3\/2021\/07\/CMR-0995-2-710x473.jpg","productcard-image-width":710,"productcard-image-height":473}},"widget_content_carousel_entries_title":"En VTT sur les traces des pros","widget_content_carousel_entries_description":"<p>\u00c0\u00a0deux roues au c\u0153ur du pays des trois fronti\u00e8res<\/p>\n","widget_content_carousel_entries__link":"https:\/\/tourismus-grossregion.eu\/fr\/?page_id=493&preview=true"},{"widget_content_carousel_entries_thumbnail":{"ID":403,"id":403,"title":"DJI_0794_1","filename":"DJI_0794_1.jpg","filesize":692663,"url":"https:\/\/tourismus-grossregion.eu\/fr\/wp-content\/uploads\/sites\/3\/2021\/07\/DJI_0794_1.jpg","link":"https:\/\/tourismus-grossregion.eu\/fr\/la-vennbahn\/dji_0794_1\/","alt":"Une partie de la Vennbahn est visible depuis les airs : la piste cyclable de couleur turquoise traverse les voies ferr\u00e9es.","author":"2","description":"Une partie de la Vennbahn est visible depuis les airs : la piste cyclable de couleur turquoise traverse les voies ferr\u00e9es.","caption":"","name":"dji_0794_1","status":"inherit","uploaded_to":474,"date":"2021-07-26 09:41:11","modified":"2021-07-26 15:45:30","menu_order":0,"mime_type":"image\/jpeg","type":"image","subtype":"jpeg","icon":"https:\/\/tourismus-grossregion.eu\/fr\/wp-includes\/images\/media\/default.png","width":1920,"height":1280,"sizes":{"thumbnail":"https:\/\/tourismus-grossregion.eu\/fr\/wp-content\/uploads\/sites\/3\/2021\/07\/DJI_0794_1-150x150.jpg","thumbnail-width":150,"thumbnail-height":150,"medium":"https:\/\/tourismus-grossregion.eu\/fr\/wp-content\/uploads\/sites\/3\/2021\/07\/DJI_0794_1-300x200.jpg","medium-width":300,"medium-height":200,"medium_large":"https:\/\/tourismus-grossregion.eu\/fr\/wp-content\/uploads\/sites\/3\/2021\/07\/DJI_0794_1-768x512.jpg","medium_large-width":768,"medium_large-height":512,"large":"https:\/\/tourismus-grossregion.eu\/fr\/wp-content\/uploads\/sites\/3\/2021\/07\/DJI_0794_1-1024x683.jpg","large-width":1024,"large-height":683,"1536x1536":"https:\/\/tourismus-grossregion.eu\/fr\/wp-content\/uploads\/sites\/3\/2021\/07\/DJI_0794_1-1536x1024.jpg","1536x1536-width":1536,"1536x1536-height":1024,"2048x2048":"https:\/\/tourismus-grossregion.eu\/fr\/wp-content\/uploads\/sites\/3\/2021\/07\/DJI_0794_1.jpg","2048x2048-width":1920,"2048x2048-height":1280,"download-thumbnail":"https:\/\/tourismus-grossregion.eu\/fr\/wp-content\/uploads\/sites\/3\/2021\/07\/DJI_0794_1-345x230.jpg","download-thumbnail-width":345,"download-thumbnail-height":230,"paragraphimage":"https:\/\/tourismus-grossregion.eu\/fr\/wp-content\/uploads\/sites\/3\/2021\/07\/DJI_0794_1-468x312.jpg","paragraphimage-width":468,"paragraphimage-height":312,"slider-image":"https:\/\/tourismus-grossregion.eu\/fr\/wp-content\/uploads\/sites\/3\/2021\/07\/DJI_0794_1-901x715.jpg","slider-image-width":901,"slider-image-height":715,"quote-image":"https:\/\/tourismus-grossregion.eu\/fr\/wp-content\/uploads\/sites\/3\/2021\/07\/DJI_0794_1-683x455.jpg","quote-image-width":683,"quote-image-height":455,"productcard-image":"https:\/\/tourismus-grossregion.eu\/fr\/wp-content\/uploads\/sites\/3\/2021\/07\/DJI_0794_1-710x473.jpg","productcard-image-width":710,"productcard-image-height":473}},"widget_content_carousel_entries_title":"La Vennbahn","widget_content_carousel_entries_description":"<p>Excursion transfrontali\u00e8re : en route sur la Vennbahn<\/p>\n","widget_content_carousel_entries__link":"https:\/\/tourismus-grossregion.eu\/fr\/?page_id=474&preview=true"},{"widget_content_carousel_entries_thumbnail":{"ID":443,"id":443,"title":"Image-3-3","filename":"Image-3-3.jpg","filesize":997117,"url":"https:\/\/tourismus-grossregion.eu\/fr\/wp-content\/uploads\/sites\/3\/2021\/07\/Image-3-3.jpg","link":"https:\/\/tourismus-grossregion.eu\/fr\/saar-hunsruck-steig\/image-3-3\/","alt":"Au premier plan, l'arri\u00e8re d'une voiture portant le logo de Velosedetten. Deux bicyclettes sont appuy\u00e9es contre la camionnette. En arri\u00e8re-plan, les cyclistes en maillot d'\u00e9quipe sont flous.","author":"2","description":"Au premier plan, l'arri\u00e8re d'une voiture portant le logo de Velosedetten. Deux bicyclettes sont appuy\u00e9es contre la camionnette. En arri\u00e8re-plan, les cyclistes en maillot d'\u00e9quipe sont flous.","caption":"","name":"image-3-3","status":"inherit","uploaded_to":557,"date":"2021-07-26 10:27:02","modified":"2021-11-12 14:02:03","menu_order":0,"mime_type":"image\/jpeg","type":"image","subtype":"jpeg","icon":"https:\/\/tourismus-grossregion.eu\/fr\/wp-includes\/images\/media\/default.png","width":2000,"height":1333,"sizes":{"thumbnail":"https:\/\/tourismus-grossregion.eu\/fr\/wp-content\/uploads\/sites\/3\/2021\/07\/Image-3-3-150x150.jpg","thumbnail-width":150,"thumbnail-height":150,"medium":"https:\/\/tourismus-grossregion.eu\/fr\/wp-content\/uploads\/sites\/3\/2021\/07\/Image-3-3-300x200.jpg","medium-width":300,"medium-height":200,"medium_large":"https:\/\/tourismus-grossregion.eu\/fr\/wp-content\/uploads\/sites\/3\/2021\/07\/Image-3-3-768x512.jpg","medium_large-width":768,"medium_large-height":512,"large":"https:\/\/tourismus-grossregion.eu\/fr\/wp-content\/uploads\/sites\/3\/2021\/07\/Image-3-3-1024x682.jpg","large-width":1024,"large-height":682,"1536x1536":"https:\/\/tourismus-grossregion.eu\/fr\/wp-content\/uploads\/sites\/3\/2021\/07\/Image-3-3-1536x1024.jpg","1536x1536-width":1536,"1536x1536-height":1024,"2048x2048":"https:\/\/tourismus-grossregion.eu\/fr\/wp-content\/uploads\/sites\/3\/2021\/07\/Image-3-3.jpg","2048x2048-width":2000,"2048x2048-height":1333,"download-thumbnail":"https:\/\/tourismus-grossregion.eu\/fr\/wp-content\/uploads\/sites\/3\/2021\/07\/Image-3-3-345x230.jpg","download-thumbnail-width":345,"download-thumbnail-height":230,"paragraphimage":"https:\/\/tourismus-grossregion.eu\/fr\/wp-content\/uploads\/sites\/3\/2021\/07\/Image-3-3-468x312.jpg","paragraphimage-width":468,"paragraphimage-height":312,"slider-image":"https:\/\/tourismus-grossregion.eu\/fr\/wp-content\/uploads\/sites\/3\/2021\/07\/Image-3-3-901x715.jpg","slider-image-width":901,"slider-image-height":715,"quote-image":"https:\/\/tourismus-grossregion.eu\/fr\/wp-content\/uploads\/sites\/3\/2021\/07\/Image-3-3-683x455.jpg","quote-image-width":683,"quote-image-height":455,"productcard-image":"https:\/\/tourismus-grossregion.eu\/fr\/wp-content\/uploads\/sites\/3\/2021\/07\/Image-3-3-710x473.jpg","productcard-image-width":710,"productcard-image-height":473}},"widget_content_carousel_entries_title":"Les Velosvedetten","widget_content_carousel_entries_description":"<p>Amiti\u00e9 rime avec rapidit\u00e9<\/p>\n","widget_content_carousel_entries__link":"https:\/\/tourismus-grossregion.eu\/fr\/les-velosvedetten\/"}],"widget_content_carousel_margin":"small"}],"page_fields_alternative_title":"Saar-Hunsr\u00fcck-Steig"},"_links":{"self":[{"href":"https:\/\/tourismus-grossregion.eu\/fr\/wp-json\/wp\/v2\/pages\/557"}],"collection":[{"href":"https:\/\/tourismus-grossregion.eu\/fr\/wp-json\/wp\/v2\/pages"}],"about":[{"href":"https:\/\/tourismus-grossregion.eu\/fr\/wp-json\/wp\/v2\/types\/page"}],"author":[{"embeddable":true,"href":"https:\/\/tourismus-grossregion.eu\/fr\/wp-json\/wp\/v2\/users\/2"}],"replies":[{"embeddable":true,"href":"https:\/\/tourismus-grossregion.eu\/fr\/wp-json\/wp\/v2\/comments?post=557"}],"version-history":[{"count":14,"href":"https:\/\/tourismus-grossregion.eu\/fr\/wp-json\/wp\/v2\/pages\/557\/revisions"}],"predecessor-version":[{"id":2335,"href":"https:\/\/tourismus-grossregion.eu\/fr\/wp-json\/wp\/v2\/pages\/557\/revisions\/2335"}],"wp:featuredmedia":[{"embeddable":true,"href":"https:\/\/tourismus-grossregion.eu\/fr\/wp-json\/wp\/v2\/media\/550"}],"wp:attachment":[{"href":"https:\/\/tourismus-grossregion.eu\/fr\/wp-json\/wp\/v2\/media?parent=557"}],"curies":[{"name":"wp","href":"https:\/\/api.w.org\/{rel}","templated":true}]}}