{"id":681,"date":"2021-07-29T14:56:02","date_gmt":"2021-07-29T12:56:02","guid":{"rendered":"https:\/\/tourismus-grossregion.eu\/fr\/?page_id=681"},"modified":"2021-08-27T14:10:55","modified_gmt":"2021-08-27T12:10:55","slug":"triathlon-eupen","status":"publish","type":"page","link":"https:\/\/tourismus-grossregion.eu\/fr\/triathlon-eupen\/","title":{"rendered":"Story: Ostbelgien: Triathlon au pays d&rsquo;Eupen"},"content":{"rendered":"","protected":false},"excerpt":{"rendered":"","protected":false},"author":2,"featured_media":682,"parent":0,"menu_order":0,"comment_status":"closed","ping_status":"closed","template":"","meta":[],"yoast_head":"<!-- This site is optimized with the Yoast SEO plugin v16.9 - https:\/\/yoast.com\/wordpress\/plugins\/seo\/ -->\n<meta name=\"robots\" content=\"index, follow, max-snippet:-1, max-image-preview:large, max-video-preview:-1\" \/>\n<link rel=\"canonical\" href=\"https:\/\/tourismus-grossregion.eu\/fr\/triathlon-eupen\/\" \/>\n<meta property=\"og:locale\" content=\"fr_FR\" \/>\n<meta property=\"og:type\" content=\"article\" \/>\n<meta property=\"og:title\" content=\"Story: Ostbelgien: Triathlon au pays d&#039;Eupen - Tourisme Grande R\u00e9gion\" \/>\n<meta property=\"og:url\" content=\"https:\/\/tourismus-grossregion.eu\/fr\/triathlon-eupen\/\" \/>\n<meta property=\"og:site_name\" content=\"Tourisme Grande R\u00e9gion\" \/>\n<meta property=\"article:modified_time\" content=\"2021-08-27T12:10:55+00:00\" \/>\n<meta property=\"og:image\" content=\"https:\/\/tourismus-grossregion.eu\/fr\/wp-content\/uploads\/sites\/3\/2021\/07\/Headerbild.jpg\" \/>\n\t<meta property=\"og:image:width\" content=\"1700\" \/>\n\t<meta property=\"og:image:height\" content=\"1131\" \/>\n<meta name=\"twitter:card\" content=\"summary_large_image\" \/>\n<script type=\"application\/ld+json\" class=\"yoast-schema-graph\">{\"@context\":\"https:\/\/schema.org\",\"@graph\":[{\"@type\":\"WebSite\",\"@id\":\"https:\/\/tourismus-grossregion.eu\/fr\/#website\",\"url\":\"https:\/\/tourismus-grossregion.eu\/fr\/\",\"name\":\"Tourisme Grande R\\u00e9gion\",\"description\":\"Tourisme Grande R\\u00e9gion\",\"potentialAction\":[{\"@type\":\"SearchAction\",\"target\":{\"@type\":\"EntryPoint\",\"urlTemplate\":\"https:\/\/tourismus-grossregion.eu\/fr\/?s={search_term_string}\"},\"query-input\":\"required name=search_term_string\"}],\"inLanguage\":\"fr-FR\"},{\"@type\":\"ImageObject\",\"@id\":\"https:\/\/tourismus-grossregion.eu\/fr\/triathlon-eupen\/#primaryimage\",\"inLanguage\":\"fr-FR\",\"url\":\"https:\/\/tourismus-grossregion.eu\/fr\/wp-content\/uploads\/sites\/3\/2021\/07\/Headerbild.jpg\",\"contentUrl\":\"https:\/\/tourismus-grossregion.eu\/fr\/wp-content\/uploads\/sites\/3\/2021\/07\/Headerbild.jpg\",\"width\":1700,\"height\":1131,\"caption\":\"Paysage de la Weserthalsperre aux couleurs vives\"},{\"@type\":\"WebPage\",\"@id\":\"https:\/\/tourismus-grossregion.eu\/fr\/triathlon-eupen\/#webpage\",\"url\":\"https:\/\/tourismus-grossregion.eu\/fr\/triathlon-eupen\/\",\"name\":\"Story: Ostbelgien: Triathlon au pays d'Eupen - Tourisme Grande R\\u00e9gion\",\"isPartOf\":{\"@id\":\"https:\/\/tourismus-grossregion.eu\/fr\/#website\"},\"primaryImageOfPage\":{\"@id\":\"https:\/\/tourismus-grossregion.eu\/fr\/triathlon-eupen\/#primaryimage\"},\"datePublished\":\"2021-07-29T12:56:02+00:00\",\"dateModified\":\"2021-08-27T12:10:55+00:00\",\"breadcrumb\":{\"@id\":\"https:\/\/tourismus-grossregion.eu\/fr\/triathlon-eupen\/#breadcrumb\"},\"inLanguage\":\"fr-FR\",\"potentialAction\":[{\"@type\":\"ReadAction\",\"target\":[\"https:\/\/tourismus-grossregion.eu\/fr\/triathlon-eupen\/\"]}]},{\"@type\":\"BreadcrumbList\",\"@id\":\"https:\/\/tourismus-grossregion.eu\/fr\/triathlon-eupen\/#breadcrumb\",\"itemListElement\":[{\"@type\":\"ListItem\",\"position\":1,\"name\":\"Story: Ostbelgien: Triathlon au pays d&#8217;Eupen\"}]}]}<\/script>\n<!-- \/ Yoast SEO plugin. -->","yoast_head_json":{"robots":{"index":"index","follow":"follow","max-snippet":"max-snippet:-1","max-image-preview":"max-image-preview:large","max-video-preview":"max-video-preview:-1"},"canonical":"https:\/\/tourismus-grossregion.eu\/fr\/triathlon-eupen\/","og_locale":"fr_FR","og_type":"article","og_title":"Story: Ostbelgien: Triathlon au pays d'Eupen - Tourisme Grande R\u00e9gion","og_url":"https:\/\/tourismus-grossregion.eu\/fr\/triathlon-eupen\/","og_site_name":"Tourisme Grande R\u00e9gion","article_modified_time":"2021-08-27T12:10:55+00:00","og_image":[{"width":1700,"height":1131,"url":"https:\/\/tourismus-grossregion.eu\/fr\/wp-content\/uploads\/sites\/3\/2021\/07\/Headerbild.jpg","path":"\/var\/www\/html\/wp-content\/uploads\/sites\/3\/2021\/07\/Headerbild.jpg","size":"full","id":682,"alt":"Paysage de la Weserthalsperre aux couleurs vives","pixels":1922700,"type":"image\/jpeg"}],"twitter_card":"summary_large_image","schema":{"@context":"https:\/\/schema.org","@graph":[{"@type":"WebSite","@id":"https:\/\/tourismus-grossregion.eu\/fr\/#website","url":"https:\/\/tourismus-grossregion.eu\/fr\/","name":"Tourisme Grande R\u00e9gion","description":"Tourisme Grande R\u00e9gion","potentialAction":[{"@type":"SearchAction","target":{"@type":"EntryPoint","urlTemplate":"https:\/\/tourismus-grossregion.eu\/fr\/?s={search_term_string}"},"query-input":"required name=search_term_string"}],"inLanguage":"fr-FR"},{"@type":"ImageObject","@id":"https:\/\/tourismus-grossregion.eu\/fr\/triathlon-eupen\/#primaryimage","inLanguage":"fr-FR","url":"https:\/\/tourismus-grossregion.eu\/fr\/wp-content\/uploads\/sites\/3\/2021\/07\/Headerbild.jpg","contentUrl":"https:\/\/tourismus-grossregion.eu\/fr\/wp-content\/uploads\/sites\/3\/2021\/07\/Headerbild.jpg","width":1700,"height":1131,"caption":"Paysage de la Weserthalsperre aux couleurs vives"},{"@type":"WebPage","@id":"https:\/\/tourismus-grossregion.eu\/fr\/triathlon-eupen\/#webpage","url":"https:\/\/tourismus-grossregion.eu\/fr\/triathlon-eupen\/","name":"Story: Ostbelgien: Triathlon au pays d'Eupen - Tourisme Grande R\u00e9gion","isPartOf":{"@id":"https:\/\/tourismus-grossregion.eu\/fr\/#website"},"primaryImageOfPage":{"@id":"https:\/\/tourismus-grossregion.eu\/fr\/triathlon-eupen\/#primaryimage"},"datePublished":"2021-07-29T12:56:02+00:00","dateModified":"2021-08-27T12:10:55+00:00","breadcrumb":{"@id":"https:\/\/tourismus-grossregion.eu\/fr\/triathlon-eupen\/#breadcrumb"},"inLanguage":"fr-FR","potentialAction":[{"@type":"ReadAction","target":["https:\/\/tourismus-grossregion.eu\/fr\/triathlon-eupen\/"]}]},{"@type":"BreadcrumbList","@id":"https:\/\/tourismus-grossregion.eu\/fr\/triathlon-eupen\/#breadcrumb","itemListElement":[{"@type":"ListItem","position":1,"name":"Story: Ostbelgien: Triathlon au pays d&#8217;Eupen"}]}]}},"acf":{"pb_acf_widgets":[{"acf_fc_layout":"widget_hero_static","widget_hero_static_background":{"widget_hero_static_background_type":false,"widget_hero_static_image":{"ID":682,"id":682,"title":"Headerbild","filename":"Headerbild.jpg","filesize":911728,"url":"https:\/\/tourismus-grossregion.eu\/fr\/wp-content\/uploads\/sites\/3\/2021\/07\/Headerbild.jpg","link":"https:\/\/tourismus-grossregion.eu\/fr\/triathlon-eupen\/headerbild\/","alt":"Paysage de la Weserthalsperre aux couleurs vives","author":"2","description":"Paysage de la Weserthalsperre aux couleurs vives","caption":"","name":"headerbild","status":"inherit","uploaded_to":681,"date":"2021-07-27 10:14:15","modified":"2021-07-27 10:30:19","menu_order":0,"mime_type":"image\/jpeg","type":"image","subtype":"jpeg","icon":"https:\/\/tourismus-grossregion.eu\/fr\/wp-includes\/images\/media\/default.png","width":1700,"height":1131,"sizes":{"thumbnail":"https:\/\/tourismus-grossregion.eu\/fr\/wp-content\/uploads\/sites\/3\/2021\/07\/Headerbild-150x150.jpg","thumbnail-width":150,"thumbnail-height":150,"medium":"https:\/\/tourismus-grossregion.eu\/fr\/wp-content\/uploads\/sites\/3\/2021\/07\/Headerbild-300x200.jpg","medium-width":300,"medium-height":200,"medium_large":"https:\/\/tourismus-grossregion.eu\/fr\/wp-content\/uploads\/sites\/3\/2021\/07\/Headerbild-768x511.jpg","medium_large-width":768,"medium_large-height":511,"large":"https:\/\/tourismus-grossregion.eu\/fr\/wp-content\/uploads\/sites\/3\/2021\/07\/Headerbild-1024x681.jpg","large-width":1024,"large-height":681,"1536x1536":"https:\/\/tourismus-grossregion.eu\/fr\/wp-content\/uploads\/sites\/3\/2021\/07\/Headerbild-1536x1022.jpg","1536x1536-width":1536,"1536x1536-height":1022,"2048x2048":"https:\/\/tourismus-grossregion.eu\/fr\/wp-content\/uploads\/sites\/3\/2021\/07\/Headerbild.jpg","2048x2048-width":1700,"2048x2048-height":1131,"download-thumbnail":"https:\/\/tourismus-grossregion.eu\/fr\/wp-content\/uploads\/sites\/3\/2021\/07\/Headerbild-345x230.jpg","download-thumbnail-width":345,"download-thumbnail-height":230,"paragraphimage":"https:\/\/tourismus-grossregion.eu\/fr\/wp-content\/uploads\/sites\/3\/2021\/07\/Headerbild-468x311.jpg","paragraphimage-width":468,"paragraphimage-height":311,"slider-image":"https:\/\/tourismus-grossregion.eu\/fr\/wp-content\/uploads\/sites\/3\/2021\/07\/Headerbild-901x715.jpg","slider-image-width":901,"slider-image-height":715,"quote-image":"https:\/\/tourismus-grossregion.eu\/fr\/wp-content\/uploads\/sites\/3\/2021\/07\/Headerbild-683x454.jpg","quote-image-width":683,"quote-image-height":454,"productcard-image":"https:\/\/tourismus-grossregion.eu\/fr\/wp-content\/uploads\/sites\/3\/2021\/07\/Headerbild-710x472.jpg","productcard-image-width":710,"productcard-image-height":472}},"widget_hero_static_video_type":false,"widget_hero_static_video_upload":false,"widget_hero_static_youtube_embed":"","widget_hero_static_filter":false},"widget_hero_static_content":{"widget_hero_static_headline":"Triathlon d'Eupen","widget_hero_static_copy":"","widget_hero_static_link":""},"widget_hero_static_margin":"small"},{"acf_fc_layout":"widget_paragraph_headlines_image","widget_paragraph_headlines_image_orientation":false,"widget_paragraph_headlines_image_decoration":true,"widget_paragraph_headlines_image_content":{"widget_paragraph_headlines_image_preline":"","widget_paragraph_headlines_image_headline":"","widget_paragraph_headlines_image_subline":"Sport et plaisir en communion avec la nature","widget_paragraph_headlines_image_editor_justify":false,"widget_paragraph_headlines_image_editor":"<p>La nature splendide des Cantons l&rsquo;Est, la r\u00e9serve naturelle des Hautes Fagnes, une association de passionn\u00e9s et une manifestation sportive pour tous les \u00e2ges, o\u00f9 plaisir et performance vont de pair : une journ\u00e9e d&rsquo;entra\u00eenement de l&rsquo;\u00e9quipe de triathlon d&rsquo;Eupen et ses projets d\u2019avenir.<\/p>\n","widget_paragraph_headlines_image_link":""},"widget_paragraph_headlines_image_image":false,"widget_paragraph_headlines_image_image_option":false,"widget_paragraph_headlines_image_margin":"small"},{"acf_fc_layout":"widget_editor","widget_editor_justify":false,"widget_editor_editor":"<p>V\u00eatus de leur maillot de comp\u00e9tition rouge et noir, ils forment un groupe bien assorti. Oliver, Alice, Nancy, Peter et Michael coiffent \u00e0 pr\u00e9sent leur bonnet de bain et ajustent leurs lunettes de natation. On devine \u00e0 peine leur regard dans le reflet de leurs verres. Un moment d&rsquo;intense concentration, une profonde inspiration, et les voil\u00e0 qui fendent en crawl les eaux \u00e9tincelantes. Virage apr\u00e8s virage sous l&rsquo;eau, ils encha\u00eenent inlassablement les longueurs. L&rsquo;entra\u00eenement de natation dans le bassin ext\u00e9rieur olympique de la piscine Lago Wetzlarbad \u00e0 Eupen suit son cours.<\/p>\n","widget_editor_margin":"small"},{"acf_fc_layout":"widget_gallery","widget_gallery_entries":[{"widget_gallery_image":{"ID":684,"id":684,"title":"Slider-8","filename":"Slider-8.jpg","filesize":1016632,"url":"https:\/\/tourismus-grossregion.eu\/fr\/wp-content\/uploads\/sites\/3\/2021\/07\/Slider-8.jpg","link":"https:\/\/tourismus-grossregion.eu\/fr\/triathlon-eupen\/slider-8\/","alt":"Oliver, Alice, Nancy, Peter et Michael ont mis leur bonnet de bain dans la piscine.","author":"2","description":"Oliver, Alice, Nancy, Peter et Michael ont mis leur bonnet de bain dans la piscine.","caption":"","name":"slider-8","status":"inherit","uploaded_to":681,"date":"2021-07-27 10:14:16","modified":"2021-07-27 10:31:18","menu_order":0,"mime_type":"image\/jpeg","type":"image","subtype":"jpeg","icon":"https:\/\/tourismus-grossregion.eu\/fr\/wp-includes\/images\/media\/default.png","width":2500,"height":1667,"sizes":{"thumbnail":"https:\/\/tourismus-grossregion.eu\/fr\/wp-content\/uploads\/sites\/3\/2021\/07\/Slider-8-150x150.jpg","thumbnail-width":150,"thumbnail-height":150,"medium":"https:\/\/tourismus-grossregion.eu\/fr\/wp-content\/uploads\/sites\/3\/2021\/07\/Slider-8-300x200.jpg","medium-width":300,"medium-height":200,"medium_large":"https:\/\/tourismus-grossregion.eu\/fr\/wp-content\/uploads\/sites\/3\/2021\/07\/Slider-8-768x512.jpg","medium_large-width":768,"medium_large-height":512,"large":"https:\/\/tourismus-grossregion.eu\/fr\/wp-content\/uploads\/sites\/3\/2021\/07\/Slider-8-1024x683.jpg","large-width":1024,"large-height":683,"1536x1536":"https:\/\/tourismus-grossregion.eu\/fr\/wp-content\/uploads\/sites\/3\/2021\/07\/Slider-8-1536x1024.jpg","1536x1536-width":1536,"1536x1536-height":1024,"2048x2048":"https:\/\/tourismus-grossregion.eu\/fr\/wp-content\/uploads\/sites\/3\/2021\/07\/Slider-8-2048x1366.jpg","2048x2048-width":2048,"2048x2048-height":1366,"download-thumbnail":"https:\/\/tourismus-grossregion.eu\/fr\/wp-content\/uploads\/sites\/3\/2021\/07\/Slider-8-345x230.jpg","download-thumbnail-width":345,"download-thumbnail-height":230,"paragraphimage":"https:\/\/tourismus-grossregion.eu\/fr\/wp-content\/uploads\/sites\/3\/2021\/07\/Slider-8-468x312.jpg","paragraphimage-width":468,"paragraphimage-height":312,"slider-image":"https:\/\/tourismus-grossregion.eu\/fr\/wp-content\/uploads\/sites\/3\/2021\/07\/Slider-8-901x715.jpg","slider-image-width":901,"slider-image-height":715,"quote-image":"https:\/\/tourismus-grossregion.eu\/fr\/wp-content\/uploads\/sites\/3\/2021\/07\/Slider-8-683x455.jpg","quote-image-width":683,"quote-image-height":455,"productcard-image":"https:\/\/tourismus-grossregion.eu\/fr\/wp-content\/uploads\/sites\/3\/2021\/07\/Slider-8-710x473.jpg","productcard-image-width":710,"productcard-image-height":473}},"widget_gallery_caption":""},{"widget_gallery_image":{"ID":685,"id":685,"title":"Slider-7-scaled","filename":"Slider-7-scaled.jpg","filesize":256518,"url":"https:\/\/tourismus-grossregion.eu\/fr\/wp-content\/uploads\/sites\/3\/2021\/07\/Slider-7-scaled.jpg","link":"https:\/\/tourismus-grossregion.eu\/fr\/triathlon-eupen\/slider-7-scaled\/","alt":"Une jeune triathl\u00e8te enfile son bonnet de bain. Elle sourit \u00e0 la cam\u00e9ra avec des lunettes de natation \u00e0 miroir.","author":"2","description":"Une jeune triathl\u00e8te enfile son bonnet de bain. Elle sourit \u00e0 la cam\u00e9ra avec des lunettes de natation \u00e0 miroir.","caption":"","name":"slider-7-scaled","status":"inherit","uploaded_to":681,"date":"2021-07-27 10:14:17","modified":"2021-07-27 10:31:36","menu_order":0,"mime_type":"image\/jpeg","type":"image","subtype":"jpeg","icon":"https:\/\/tourismus-grossregion.eu\/fr\/wp-includes\/images\/media\/default.png","width":2560,"height":1707,"sizes":{"thumbnail":"https:\/\/tourismus-grossregion.eu\/fr\/wp-content\/uploads\/sites\/3\/2021\/07\/Slider-7-scaled-150x150.jpg","thumbnail-width":150,"thumbnail-height":150,"medium":"https:\/\/tourismus-grossregion.eu\/fr\/wp-content\/uploads\/sites\/3\/2021\/07\/Slider-7-scaled-300x200.jpg","medium-width":300,"medium-height":200,"medium_large":"https:\/\/tourismus-grossregion.eu\/fr\/wp-content\/uploads\/sites\/3\/2021\/07\/Slider-7-scaled-768x512.jpg","medium_large-width":768,"medium_large-height":512,"large":"https:\/\/tourismus-grossregion.eu\/fr\/wp-content\/uploads\/sites\/3\/2021\/07\/Slider-7-scaled-1024x683.jpg","large-width":1024,"large-height":683,"1536x1536":"https:\/\/tourismus-grossregion.eu\/fr\/wp-content\/uploads\/sites\/3\/2021\/07\/Slider-7-scaled-1536x1024.jpg","1536x1536-width":1536,"1536x1536-height":1024,"2048x2048":"https:\/\/tourismus-grossregion.eu\/fr\/wp-content\/uploads\/sites\/3\/2021\/07\/Slider-7-scaled-2048x1366.jpg","2048x2048-width":2048,"2048x2048-height":1366,"download-thumbnail":"https:\/\/tourismus-grossregion.eu\/fr\/wp-content\/uploads\/sites\/3\/2021\/07\/Slider-7-scaled-345x230.jpg","download-thumbnail-width":345,"download-thumbnail-height":230,"paragraphimage":"https:\/\/tourismus-grossregion.eu\/fr\/wp-content\/uploads\/sites\/3\/2021\/07\/Slider-7-scaled-468x312.jpg","paragraphimage-width":468,"paragraphimage-height":312,"slider-image":"https:\/\/tourismus-grossregion.eu\/fr\/wp-content\/uploads\/sites\/3\/2021\/07\/Slider-7-scaled-901x715.jpg","slider-image-width":901,"slider-image-height":715,"quote-image":"https:\/\/tourismus-grossregion.eu\/fr\/wp-content\/uploads\/sites\/3\/2021\/07\/Slider-7-scaled-683x455.jpg","quote-image-width":683,"quote-image-height":455,"productcard-image":"https:\/\/tourismus-grossregion.eu\/fr\/wp-content\/uploads\/sites\/3\/2021\/07\/Slider-7-scaled-710x473.jpg","productcard-image-width":710,"productcard-image-height":473}},"widget_gallery_caption":""},{"widget_gallery_image":{"ID":686,"id":686,"title":"Slider-4","filename":"Slider-4.jpg","filesize":977574,"url":"https:\/\/tourismus-grossregion.eu\/fr\/wp-content\/uploads\/sites\/3\/2021\/07\/Slider-4.jpg","link":"https:\/\/tourismus-grossregion.eu\/fr\/triathlon-eupen\/slider-4\/","alt":"Trois nageurs dans la piscine faisant le crawl. Ils nagent c\u00f4te \u00e0 c\u00f4te.","author":"2","description":"Trois nageurs dans la piscine faisant le crawl. Ils nagent c\u00f4te \u00e0 c\u00f4te.","caption":"","name":"slider-4","status":"inherit","uploaded_to":681,"date":"2021-07-27 10:14:19","modified":"2021-07-27 10:31:50","menu_order":0,"mime_type":"image\/jpeg","type":"image","subtype":"jpeg","icon":"https:\/\/tourismus-grossregion.eu\/fr\/wp-includes\/images\/media\/default.png","width":2200,"height":1466,"sizes":{"thumbnail":"https:\/\/tourismus-grossregion.eu\/fr\/wp-content\/uploads\/sites\/3\/2021\/07\/Slider-4-150x150.jpg","thumbnail-width":150,"thumbnail-height":150,"medium":"https:\/\/tourismus-grossregion.eu\/fr\/wp-content\/uploads\/sites\/3\/2021\/07\/Slider-4-300x200.jpg","medium-width":300,"medium-height":200,"medium_large":"https:\/\/tourismus-grossregion.eu\/fr\/wp-content\/uploads\/sites\/3\/2021\/07\/Slider-4-768x512.jpg","medium_large-width":768,"medium_large-height":512,"large":"https:\/\/tourismus-grossregion.eu\/fr\/wp-content\/uploads\/sites\/3\/2021\/07\/Slider-4-1024x682.jpg","large-width":1024,"large-height":682,"1536x1536":"https:\/\/tourismus-grossregion.eu\/fr\/wp-content\/uploads\/sites\/3\/2021\/07\/Slider-4-1536x1024.jpg","1536x1536-width":1536,"1536x1536-height":1024,"2048x2048":"https:\/\/tourismus-grossregion.eu\/fr\/wp-content\/uploads\/sites\/3\/2021\/07\/Slider-4-2048x1365.jpg","2048x2048-width":2048,"2048x2048-height":1365,"download-thumbnail":"https:\/\/tourismus-grossregion.eu\/fr\/wp-content\/uploads\/sites\/3\/2021\/07\/Slider-4-345x230.jpg","download-thumbnail-width":345,"download-thumbnail-height":230,"paragraphimage":"https:\/\/tourismus-grossregion.eu\/fr\/wp-content\/uploads\/sites\/3\/2021\/07\/Slider-4-468x312.jpg","paragraphimage-width":468,"paragraphimage-height":312,"slider-image":"https:\/\/tourismus-grossregion.eu\/fr\/wp-content\/uploads\/sites\/3\/2021\/07\/Slider-4-901x715.jpg","slider-image-width":901,"slider-image-height":715,"quote-image":"https:\/\/tourismus-grossregion.eu\/fr\/wp-content\/uploads\/sites\/3\/2021\/07\/Slider-4-683x455.jpg","quote-image-width":683,"quote-image-height":455,"productcard-image":"https:\/\/tourismus-grossregion.eu\/fr\/wp-content\/uploads\/sites\/3\/2021\/07\/Slider-4-710x473.jpg","productcard-image-width":710,"productcard-image-height":473}},"widget_gallery_caption":""},{"widget_gallery_image":{"ID":687,"id":687,"title":"Slider-6","filename":"Slider-6.jpg","filesize":987451,"url":"https:\/\/tourismus-grossregion.eu\/fr\/wp-content\/uploads\/sites\/3\/2021\/07\/Slider-6.jpg","link":"https:\/\/tourismus-grossregion.eu\/fr\/triathlon-eupen\/slider-6\/","alt":"T\u00eates de cinq triathl\u00e8tes dans la piscine regardant hors de l'eau, souriant \u00e0 la cam\u00e9ra.","author":"2","description":"T\u00eates de cinq triathl\u00e8tes dans la piscine regardant hors de l'eau, souriant \u00e0 la cam\u00e9ra.","caption":"","name":"slider-6","status":"inherit","uploaded_to":681,"date":"2021-07-27 10:14:20","modified":"2021-07-27 10:32:10","menu_order":0,"mime_type":"image\/jpeg","type":"image","subtype":"jpeg","icon":"https:\/\/tourismus-grossregion.eu\/fr\/wp-includes\/images\/media\/default.png","width":2400,"height":1600,"sizes":{"thumbnail":"https:\/\/tourismus-grossregion.eu\/fr\/wp-content\/uploads\/sites\/3\/2021\/07\/Slider-6-150x150.jpg","thumbnail-width":150,"thumbnail-height":150,"medium":"https:\/\/tourismus-grossregion.eu\/fr\/wp-content\/uploads\/sites\/3\/2021\/07\/Slider-6-300x200.jpg","medium-width":300,"medium-height":200,"medium_large":"https:\/\/tourismus-grossregion.eu\/fr\/wp-content\/uploads\/sites\/3\/2021\/07\/Slider-6-768x512.jpg","medium_large-width":768,"medium_large-height":512,"large":"https:\/\/tourismus-grossregion.eu\/fr\/wp-content\/uploads\/sites\/3\/2021\/07\/Slider-6-1024x683.jpg","large-width":1024,"large-height":683,"1536x1536":"https:\/\/tourismus-grossregion.eu\/fr\/wp-content\/uploads\/sites\/3\/2021\/07\/Slider-6-1536x1024.jpg","1536x1536-width":1536,"1536x1536-height":1024,"2048x2048":"https:\/\/tourismus-grossregion.eu\/fr\/wp-content\/uploads\/sites\/3\/2021\/07\/Slider-6-2048x1365.jpg","2048x2048-width":2048,"2048x2048-height":1365,"download-thumbnail":"https:\/\/tourismus-grossregion.eu\/fr\/wp-content\/uploads\/sites\/3\/2021\/07\/Slider-6-345x230.jpg","download-thumbnail-width":345,"download-thumbnail-height":230,"paragraphimage":"https:\/\/tourismus-grossregion.eu\/fr\/wp-content\/uploads\/sites\/3\/2021\/07\/Slider-6-468x312.jpg","paragraphimage-width":468,"paragraphimage-height":312,"slider-image":"https:\/\/tourismus-grossregion.eu\/fr\/wp-content\/uploads\/sites\/3\/2021\/07\/Slider-6-901x715.jpg","slider-image-width":901,"slider-image-height":715,"quote-image":"https:\/\/tourismus-grossregion.eu\/fr\/wp-content\/uploads\/sites\/3\/2021\/07\/Slider-6-683x455.jpg","quote-image-width":683,"quote-image-height":455,"productcard-image":"https:\/\/tourismus-grossregion.eu\/fr\/wp-content\/uploads\/sites\/3\/2021\/07\/Slider-6-710x473.jpg","productcard-image-width":710,"productcard-image-height":473}},"widget_gallery_caption":""},{"widget_gallery_image":{"ID":688,"id":688,"title":"Slider-2","filename":"Slider-2.jpg","filesize":1016966,"url":"https:\/\/tourismus-grossregion.eu\/fr\/wp-content\/uploads\/sites\/3\/2021\/07\/Slider-2.jpg","link":"https:\/\/tourismus-grossregion.eu\/fr\/triathlon-eupen\/slider-2\/","alt":"Trois nageurs faisant le crawl dans la piscine.","author":"2","description":"Trois nageurs faisant le crawl dans la piscine.","caption":"","name":"slider-2","status":"inherit","uploaded_to":681,"date":"2021-07-27 10:14:21","modified":"2021-07-27 10:32:28","menu_order":0,"mime_type":"image\/jpeg","type":"image","subtype":"jpeg","icon":"https:\/\/tourismus-grossregion.eu\/fr\/wp-includes\/images\/media\/default.png","width":2100,"height":1399,"sizes":{"thumbnail":"https:\/\/tourismus-grossregion.eu\/fr\/wp-content\/uploads\/sites\/3\/2021\/07\/Slider-2-150x150.jpg","thumbnail-width":150,"thumbnail-height":150,"medium":"https:\/\/tourismus-grossregion.eu\/fr\/wp-content\/uploads\/sites\/3\/2021\/07\/Slider-2-300x200.jpg","medium-width":300,"medium-height":200,"medium_large":"https:\/\/tourismus-grossregion.eu\/fr\/wp-content\/uploads\/sites\/3\/2021\/07\/Slider-2-768x512.jpg","medium_large-width":768,"medium_large-height":512,"large":"https:\/\/tourismus-grossregion.eu\/fr\/wp-content\/uploads\/sites\/3\/2021\/07\/Slider-2-1024x682.jpg","large-width":1024,"large-height":682,"1536x1536":"https:\/\/tourismus-grossregion.eu\/fr\/wp-content\/uploads\/sites\/3\/2021\/07\/Slider-2-1536x1023.jpg","1536x1536-width":1536,"1536x1536-height":1023,"2048x2048":"https:\/\/tourismus-grossregion.eu\/fr\/wp-content\/uploads\/sites\/3\/2021\/07\/Slider-2-2048x1364.jpg","2048x2048-width":2048,"2048x2048-height":1364,"download-thumbnail":"https:\/\/tourismus-grossregion.eu\/fr\/wp-content\/uploads\/sites\/3\/2021\/07\/Slider-2-345x230.jpg","download-thumbnail-width":345,"download-thumbnail-height":230,"paragraphimage":"https:\/\/tourismus-grossregion.eu\/fr\/wp-content\/uploads\/sites\/3\/2021\/07\/Slider-2-468x312.jpg","paragraphimage-width":468,"paragraphimage-height":312,"slider-image":"https:\/\/tourismus-grossregion.eu\/fr\/wp-content\/uploads\/sites\/3\/2021\/07\/Slider-2-901x715.jpg","slider-image-width":901,"slider-image-height":715,"quote-image":"https:\/\/tourismus-grossregion.eu\/fr\/wp-content\/uploads\/sites\/3\/2021\/07\/Slider-2-683x455.jpg","quote-image-width":683,"quote-image-height":455,"productcard-image":"https:\/\/tourismus-grossregion.eu\/fr\/wp-content\/uploads\/sites\/3\/2021\/07\/Slider-2-710x473.jpg","productcard-image-width":710,"productcard-image-height":473}},"widget_gallery_caption":""},{"widget_gallery_image":{"ID":689,"id":689,"title":"Slider-3","filename":"Slider-3.jpg","filesize":999720,"url":"https:\/\/tourismus-grossregion.eu\/fr\/wp-content\/uploads\/sites\/3\/2021\/07\/Slider-3.jpg","link":"https:\/\/tourismus-grossregion.eu\/fr\/triathlon-eupen\/slider-3\/","alt":"Trois triathl\u00e8tes se tenant au mur de la piscine, parlant et riant.","author":"2","description":"Trois triathl\u00e8tes se tenant au mur de la piscine, parlant et riant.","caption":"","name":"slider-3","status":"inherit","uploaded_to":681,"date":"2021-07-27 10:14:22","modified":"2021-07-27 10:32:51","menu_order":0,"mime_type":"image\/jpeg","type":"image","subtype":"jpeg","icon":"https:\/\/tourismus-grossregion.eu\/fr\/wp-includes\/images\/media\/default.png","width":2280,"height":1519,"sizes":{"thumbnail":"https:\/\/tourismus-grossregion.eu\/fr\/wp-content\/uploads\/sites\/3\/2021\/07\/Slider-3-150x150.jpg","thumbnail-width":150,"thumbnail-height":150,"medium":"https:\/\/tourismus-grossregion.eu\/fr\/wp-content\/uploads\/sites\/3\/2021\/07\/Slider-3-300x200.jpg","medium-width":300,"medium-height":200,"medium_large":"https:\/\/tourismus-grossregion.eu\/fr\/wp-content\/uploads\/sites\/3\/2021\/07\/Slider-3-768x512.jpg","medium_large-width":768,"medium_large-height":512,"large":"https:\/\/tourismus-grossregion.eu\/fr\/wp-content\/uploads\/sites\/3\/2021\/07\/Slider-3-1024x682.jpg","large-width":1024,"large-height":682,"1536x1536":"https:\/\/tourismus-grossregion.eu\/fr\/wp-content\/uploads\/sites\/3\/2021\/07\/Slider-3-1536x1023.jpg","1536x1536-width":1536,"1536x1536-height":1023,"2048x2048":"https:\/\/tourismus-grossregion.eu\/fr\/wp-content\/uploads\/sites\/3\/2021\/07\/Slider-3-2048x1364.jpg","2048x2048-width":2048,"2048x2048-height":1364,"download-thumbnail":"https:\/\/tourismus-grossregion.eu\/fr\/wp-content\/uploads\/sites\/3\/2021\/07\/Slider-3-345x230.jpg","download-thumbnail-width":345,"download-thumbnail-height":230,"paragraphimage":"https:\/\/tourismus-grossregion.eu\/fr\/wp-content\/uploads\/sites\/3\/2021\/07\/Slider-3-468x312.jpg","paragraphimage-width":468,"paragraphimage-height":312,"slider-image":"https:\/\/tourismus-grossregion.eu\/fr\/wp-content\/uploads\/sites\/3\/2021\/07\/Slider-3-901x715.jpg","slider-image-width":901,"slider-image-height":715,"quote-image":"https:\/\/tourismus-grossregion.eu\/fr\/wp-content\/uploads\/sites\/3\/2021\/07\/Slider-3-683x455.jpg","quote-image-width":683,"quote-image-height":455,"productcard-image":"https:\/\/tourismus-grossregion.eu\/fr\/wp-content\/uploads\/sites\/3\/2021\/07\/Slider-3-710x473.jpg","productcard-image-width":710,"productcard-image-height":473}},"widget_gallery_caption":""},{"widget_gallery_image":{"ID":690,"id":690,"title":"Slider-5","filename":"Slider-5.jpg","filesize":997736,"url":"https:\/\/tourismus-grossregion.eu\/fr\/wp-content\/uploads\/sites\/3\/2021\/07\/Slider-5.jpg","link":"https:\/\/tourismus-grossregion.eu\/fr\/triathlon-eupen\/slider-5\/","alt":"Cinq nageurs dans la piscine faisant le crawl. Ils nagent c\u00f4te \u00e0 c\u00f4te.","author":"2","description":"Cinq nageurs dans la piscine faisant le crawl. Ils nagent c\u00f4te \u00e0 c\u00f4te.","caption":"","name":"slider-5","status":"inherit","uploaded_to":681,"date":"2021-07-27 10:14:23","modified":"2021-08-13 09:06:27","menu_order":0,"mime_type":"image\/jpeg","type":"image","subtype":"jpeg","icon":"https:\/\/tourismus-grossregion.eu\/fr\/wp-includes\/images\/media\/default.png","width":1700,"height":1132,"sizes":{"thumbnail":"https:\/\/tourismus-grossregion.eu\/fr\/wp-content\/uploads\/sites\/3\/2021\/07\/Slider-5-150x150.jpg","thumbnail-width":150,"thumbnail-height":150,"medium":"https:\/\/tourismus-grossregion.eu\/fr\/wp-content\/uploads\/sites\/3\/2021\/07\/Slider-5-300x200.jpg","medium-width":300,"medium-height":200,"medium_large":"https:\/\/tourismus-grossregion.eu\/fr\/wp-content\/uploads\/sites\/3\/2021\/07\/Slider-5-768x511.jpg","medium_large-width":768,"medium_large-height":511,"large":"https:\/\/tourismus-grossregion.eu\/fr\/wp-content\/uploads\/sites\/3\/2021\/07\/Slider-5-1024x682.jpg","large-width":1024,"large-height":682,"1536x1536":"https:\/\/tourismus-grossregion.eu\/fr\/wp-content\/uploads\/sites\/3\/2021\/07\/Slider-5-1536x1023.jpg","1536x1536-width":1536,"1536x1536-height":1023,"2048x2048":"https:\/\/tourismus-grossregion.eu\/fr\/wp-content\/uploads\/sites\/3\/2021\/07\/Slider-5.jpg","2048x2048-width":1700,"2048x2048-height":1132,"download-thumbnail":"https:\/\/tourismus-grossregion.eu\/fr\/wp-content\/uploads\/sites\/3\/2021\/07\/Slider-5-345x230.jpg","download-thumbnail-width":345,"download-thumbnail-height":230,"paragraphimage":"https:\/\/tourismus-grossregion.eu\/fr\/wp-content\/uploads\/sites\/3\/2021\/07\/Slider-5-468x312.jpg","paragraphimage-width":468,"paragraphimage-height":312,"slider-image":"https:\/\/tourismus-grossregion.eu\/fr\/wp-content\/uploads\/sites\/3\/2021\/07\/Slider-5-901x715.jpg","slider-image-width":901,"slider-image-height":715,"quote-image":"https:\/\/tourismus-grossregion.eu\/fr\/wp-content\/uploads\/sites\/3\/2021\/07\/Slider-5-683x455.jpg","quote-image-width":683,"quote-image-height":455,"productcard-image":"https:\/\/tourismus-grossregion.eu\/fr\/wp-content\/uploads\/sites\/3\/2021\/07\/Slider-5-710x473.jpg","productcard-image-width":710,"productcard-image-height":473}},"widget_gallery_caption":""},{"widget_gallery_image":{"ID":691,"id":691,"title":"Slider-1","filename":"Slider-1.jpg","filesize":977854,"url":"https:\/\/tourismus-grossregion.eu\/fr\/wp-content\/uploads\/sites\/3\/2021\/07\/Slider-1.jpg","link":"https:\/\/tourismus-grossregion.eu\/fr\/triathlon-eupen\/slider-1\/","alt":"Trois triathl\u00e8tes masculins dans leur combinaison de comp\u00e9tition sortant de la piscine.","author":"2","description":"Trois triathl\u00e8tes masculins dans leur combinaison de comp\u00e9tition sortant de la piscine.","caption":"","name":"slider-1","status":"inherit","uploaded_to":681,"date":"2021-07-27 10:14:24","modified":"2021-07-27 10:33:13","menu_order":0,"mime_type":"image\/jpeg","type":"image","subtype":"jpeg","icon":"https:\/\/tourismus-grossregion.eu\/fr\/wp-includes\/images\/media\/default.png","width":2400,"height":1600,"sizes":{"thumbnail":"https:\/\/tourismus-grossregion.eu\/fr\/wp-content\/uploads\/sites\/3\/2021\/07\/Slider-1-150x150.jpg","thumbnail-width":150,"thumbnail-height":150,"medium":"https:\/\/tourismus-grossregion.eu\/fr\/wp-content\/uploads\/sites\/3\/2021\/07\/Slider-1-300x200.jpg","medium-width":300,"medium-height":200,"medium_large":"https:\/\/tourismus-grossregion.eu\/fr\/wp-content\/uploads\/sites\/3\/2021\/07\/Slider-1-768x512.jpg","medium_large-width":768,"medium_large-height":512,"large":"https:\/\/tourismus-grossregion.eu\/fr\/wp-content\/uploads\/sites\/3\/2021\/07\/Slider-1-1024x683.jpg","large-width":1024,"large-height":683,"1536x1536":"https:\/\/tourismus-grossregion.eu\/fr\/wp-content\/uploads\/sites\/3\/2021\/07\/Slider-1-1536x1024.jpg","1536x1536-width":1536,"1536x1536-height":1024,"2048x2048":"https:\/\/tourismus-grossregion.eu\/fr\/wp-content\/uploads\/sites\/3\/2021\/07\/Slider-1-2048x1365.jpg","2048x2048-width":2048,"2048x2048-height":1365,"download-thumbnail":"https:\/\/tourismus-grossregion.eu\/fr\/wp-content\/uploads\/sites\/3\/2021\/07\/Slider-1-345x230.jpg","download-thumbnail-width":345,"download-thumbnail-height":230,"paragraphimage":"https:\/\/tourismus-grossregion.eu\/fr\/wp-content\/uploads\/sites\/3\/2021\/07\/Slider-1-468x312.jpg","paragraphimage-width":468,"paragraphimage-height":312,"slider-image":"https:\/\/tourismus-grossregion.eu\/fr\/wp-content\/uploads\/sites\/3\/2021\/07\/Slider-1-901x715.jpg","slider-image-width":901,"slider-image-height":715,"quote-image":"https:\/\/tourismus-grossregion.eu\/fr\/wp-content\/uploads\/sites\/3\/2021\/07\/Slider-1-683x455.jpg","quote-image-width":683,"quote-image-height":455,"productcard-image":"https:\/\/tourismus-grossregion.eu\/fr\/wp-content\/uploads\/sites\/3\/2021\/07\/Slider-1-710x473.jpg","productcard-image-width":710,"productcard-image-height":473}},"widget_gallery_caption":""}],"widget_gallery_margin":"small"},{"acf_fc_layout":"widget_editor","widget_editor_justify":false,"widget_editor_editor":"<p>\u00ab Au d\u00e9but, je d\u00e9testais nager. C&rsquo;\u00e9tait plut\u00f4t pour moi une question de survie, confie Olivier Henz, pr\u00e9sident de l&rsquo;\u00e9quipe de triathlon d&rsquo;Eupen. Aujourd&rsquo;hui, je consid\u00e8re \u00e7a comme une s\u00e9ance de yoga aquatique. Parcourir le bassin de part en part \u00e0 une cadence r\u00e9guli\u00e8re, \u00e7a me pla\u00eet. Pour atteindre ce niveau, il faut un entra\u00eenement technique intensif. \u00bb L&rsquo;entra\u00eenement, c\u2019est aujourd&rsquo;hui le motif des retrouvailles des cinq membres de la Triathlon Team Eupen, organisatrice du Triathlon des Cantons de l\u2019Est, dont l\u2019\u00e9dition 2021 aura lieu d\u00e9but ao\u00fbt. Depuis 35 ans, c\u2019est l&rsquo;une des principales manifestations sportives de la r\u00e9gion.<\/p>\n","widget_editor_margin":"small"},{"acf_fc_layout":"widget_testimonial","widget_testimonial_color":true,"widget_testimonial_content":{"widget_testimonial_name":"Oliver Henz","widget_testimonial_position":"Pr\u00e9sident de l'\u00e9quipe de triathlon d'Eupen","widget_testimonial_quote_size":false,"widget_testimonial_quote":"\u00ab Le paysage est tout simplement apaisant. Il permet d\u2019oublier le stress du quotidien. \u00c0 quelques kilom\u00e8tres du centre urbain, on est au beau milieu d\u2019une r\u00e9serve naturelle. \u00bb"},"widget_testimonial_image":{"ID":692,"id":692,"title":"Testimonial-2","filename":"Testimonial-2.jpg","filesize":935674,"url":"https:\/\/tourismus-grossregion.eu\/fr\/wp-content\/uploads\/sites\/3\/2021\/07\/Testimonial-2.jpg","link":"https:\/\/tourismus-grossregion.eu\/fr\/triathlon-eupen\/testimonial-2\/","alt":"Photo portrait d'Oliver Henz sur son v\u00e9lo de course. Il regarde de face la cam\u00e9ra et sourit. Il porte sa combinaison de triathlon noire et rouge et un casque noir.","author":"2","description":"Photo portrait d'Oliver Henz sur son v\u00e9lo de course. Il regarde de face la cam\u00e9ra et sourit. Il porte sa combinaison de triathlon noire et rouge et un casque noir.","caption":"","name":"testimonial-2","status":"inherit","uploaded_to":681,"date":"2021-07-27 10:14:25","modified":"2021-07-27 10:33:51","menu_order":0,"mime_type":"image\/jpeg","type":"image","subtype":"jpeg","icon":"https:\/\/tourismus-grossregion.eu\/fr\/wp-includes\/images\/media\/default.png","width":2000,"height":1562,"sizes":{"thumbnail":"https:\/\/tourismus-grossregion.eu\/fr\/wp-content\/uploads\/sites\/3\/2021\/07\/Testimonial-2-150x150.jpg","thumbnail-width":150,"thumbnail-height":150,"medium":"https:\/\/tourismus-grossregion.eu\/fr\/wp-content\/uploads\/sites\/3\/2021\/07\/Testimonial-2-300x234.jpg","medium-width":300,"medium-height":234,"medium_large":"https:\/\/tourismus-grossregion.eu\/fr\/wp-content\/uploads\/sites\/3\/2021\/07\/Testimonial-2-768x600.jpg","medium_large-width":768,"medium_large-height":600,"large":"https:\/\/tourismus-grossregion.eu\/fr\/wp-content\/uploads\/sites\/3\/2021\/07\/Testimonial-2-1024x800.jpg","large-width":1024,"large-height":800,"1536x1536":"https:\/\/tourismus-grossregion.eu\/fr\/wp-content\/uploads\/sites\/3\/2021\/07\/Testimonial-2-1536x1200.jpg","1536x1536-width":1536,"1536x1536-height":1200,"2048x2048":"https:\/\/tourismus-grossregion.eu\/fr\/wp-content\/uploads\/sites\/3\/2021\/07\/Testimonial-2.jpg","2048x2048-width":2000,"2048x2048-height":1562,"download-thumbnail":"https:\/\/tourismus-grossregion.eu\/fr\/wp-content\/uploads\/sites\/3\/2021\/07\/Testimonial-2-345x269.jpg","download-thumbnail-width":345,"download-thumbnail-height":269,"paragraphimage":"https:\/\/tourismus-grossregion.eu\/fr\/wp-content\/uploads\/sites\/3\/2021\/07\/Testimonial-2-468x366.jpg","paragraphimage-width":468,"paragraphimage-height":366,"slider-image":"https:\/\/tourismus-grossregion.eu\/fr\/wp-content\/uploads\/sites\/3\/2021\/07\/Testimonial-2-901x715.jpg","slider-image-width":901,"slider-image-height":715,"quote-image":"https:\/\/tourismus-grossregion.eu\/fr\/wp-content\/uploads\/sites\/3\/2021\/07\/Testimonial-2-683x533.jpg","quote-image-width":683,"quote-image-height":533,"productcard-image":"https:\/\/tourismus-grossregion.eu\/fr\/wp-content\/uploads\/sites\/3\/2021\/07\/Testimonial-2-710x555.jpg","productcard-image-width":710,"productcard-image-height":555}},"widget_testimonial_margin":"small"},{"acf_fc_layout":"widget_paragraph_headlines","widget_paragraph_headlines_width":"100","widget_paragraph_headlines_preline":"","widget_paragraph_headlines_headline":"","widget_paragraph_headlines_subline":"Une r\u00e9serve naturelle \u00e0 quelques encablures de la ville","widget_paragraph_headlines_editor_justify":false,"widget_paragraph_headlines_editor":"<p>La nature vari\u00e9e de la r\u00e9gion est \u00e0 peu de choses pr\u00e8s id\u00e9ale pour la pratique du triathlon. Eupen compte environ 20 000 habitants et se situe \u00e0 une cinquantaine de kilom\u00e8tres \u00e0 l&rsquo;est de Li\u00e8ge et \u00e0 20 kilom\u00e8tres au sud d&rsquo;Aix-la-Chapelle et du si\u00e8ge administratif de l&rsquo;Euregio Meuse-Rhin. La petite ville n&rsquo;est aussi qu&rsquo;\u00e0 un jet de pierre des Hautes Fagnes. \u00ab Le paysage est tout simplement apaisant. Il permet d&rsquo;oublier le stress du quotidien. \u00c0 quelques kilom\u00e8tres du centre urbain, on est au beau milieu d&rsquo;une r\u00e9serve naturelle, explique Oliver Henz, devenu adepte du triathlon apr\u00e8s avoir pratiqu\u00e9 la course \u00e0 pied, le VTT et le ski. Ce sont les disciplines vari\u00e9es qui m&rsquo;ont attir\u00e9. Je suis plus int\u00e9ress\u00e9 par l\u2019endurance que par les performances. Le triathlon s&rsquo;adresse \u00e0 tous les \u00e2ges. Nous aimons nous entra\u00eener en groupe, nous donner des conseils. \u00bb<\/p>\n","widget_paragraph_headlines_margin":"small"},{"acf_fc_layout":"widget_paragraph_headlines_image","widget_paragraph_headlines_image_orientation":true,"widget_paragraph_headlines_image_decoration":false,"widget_paragraph_headlines_image_content":{"widget_paragraph_headlines_image_preline":"","widget_paragraph_headlines_image_headline":"","widget_paragraph_headlines_image_subline":"","widget_paragraph_headlines_image_editor_justify":false,"widget_paragraph_headlines_image_editor":"<p>Par exemple lors de l&rsquo;entra\u00eenement de natation suivant au barrage de la Vesdre \u00e0 Eupen, authentique th\u00e9\u00e2tre du triathlon des Cantons de l&rsquo;Est, o\u00f9 l&rsquo;entra\u00eenement n&rsquo;est autoris\u00e9 qu\u2019\u00e0 de rares exceptions, comme aujourd&rsquo;hui. Sur la rive herbeuse, les cinq athl\u00e8tes enfilent leur combinaison \u00e9tanche en n\u00e9opr\u00e8ne. Apr\u00e8s avoir parcouru le sol caillouteux qui les s\u00e9pare du bord, les triathloniens accomplissent 200 \u00e0 300\u00a0m\u00e8tres \u00e0 la nage. Les eaux du lac de retenue de 1,5\u00a0kilom\u00e8tre de long sont immobiles, cern\u00e9es par une dense for\u00eat de r\u00e9sineux.<\/p>\n<p>Il faut ensuite encha\u00eener les premiers kilom\u00e8tres en course par la digue du barrage, avant de s\u2019enfoncer dans les bois en empruntant un sentier au faible d\u00e9nivel\u00e9 qui fait le tour du plan d\u2018eau. Dans de nombreuses trou\u00e9es, un beau panorama se d\u00e9gage sur le lac. Ensuite, il est temps de passer au cyclisme, la discipline reine d&rsquo;Oliver Henz, qui a d\u00e9j\u00e0 \u00e0 son actif une participation \u00e0 l\u2019Ironman World Championship \u00e0 Hawa\u00ef. Le petit peloton entame l\u2019ascension r\u00e9guli\u00e8re \u00e0 travers bois, longe de petits cours d\u2019eau dont le Getzbach, jusqu&rsquo;\u00e0 rallier le plateau des Hautes Fagnes (une zone partiellement prot\u00e9g\u00e9e entre l&rsquo;Allemagne et la Belgique). On n\u2019entend que le murmure du vent et le bruissement des roues. Les vastes \u00e9tendues scintillent de mille couleurs, encadr\u00e9es par les for\u00eats de r\u00e9sineux et les hauts-marais. \u00ab\u00a0En \u00e9t\u00e9, quand il fait sec, les Fagnes ont des allures de savane. On pourrait se croire en Afrique. Au printemps, c&rsquo;est tr\u00e8s vert\u00a0\u00bb, explique Oliver Henz avec enthousiasme.<\/p>\n","widget_paragraph_headlines_image_link":""},"widget_paragraph_headlines_image_image":{"ID":683,"id":683,"title":"Image-1","filename":"Image-1.jpg","filesize":980816,"url":"https:\/\/tourismus-grossregion.eu\/fr\/wp-content\/uploads\/sites\/3\/2021\/07\/Image-1.jpg","link":"https:\/\/tourismus-grossregion.eu\/fr\/triathlon-eupen\/image-1\/","alt":"La photo montre les triathl\u00e8tes lors d'un entra\u00eenement de natation \u00e0 la Weserthalsperre.","author":"2","description":"La photo montre les triathl\u00e8tes lors d'un entra\u00eenement de natation \u00e0 la Weserthalsperre.","caption":"","name":"image-1","status":"inherit","uploaded_to":681,"date":"2021-07-27 10:14:15","modified":"2021-07-27 10:35:32","menu_order":0,"mime_type":"image\/jpeg","type":"image","subtype":"jpeg","icon":"https:\/\/tourismus-grossregion.eu\/fr\/wp-includes\/images\/media\/default.png","width":1800,"height":1198,"sizes":{"thumbnail":"https:\/\/tourismus-grossregion.eu\/fr\/wp-content\/uploads\/sites\/3\/2021\/07\/Image-1-150x150.jpg","thumbnail-width":150,"thumbnail-height":150,"medium":"https:\/\/tourismus-grossregion.eu\/fr\/wp-content\/uploads\/sites\/3\/2021\/07\/Image-1-300x200.jpg","medium-width":300,"medium-height":200,"medium_large":"https:\/\/tourismus-grossregion.eu\/fr\/wp-content\/uploads\/sites\/3\/2021\/07\/Image-1-768x511.jpg","medium_large-width":768,"medium_large-height":511,"large":"https:\/\/tourismus-grossregion.eu\/fr\/wp-content\/uploads\/sites\/3\/2021\/07\/Image-1-1024x682.jpg","large-width":1024,"large-height":682,"1536x1536":"https:\/\/tourismus-grossregion.eu\/fr\/wp-content\/uploads\/sites\/3\/2021\/07\/Image-1-1536x1022.jpg","1536x1536-width":1536,"1536x1536-height":1022,"2048x2048":"https:\/\/tourismus-grossregion.eu\/fr\/wp-content\/uploads\/sites\/3\/2021\/07\/Image-1.jpg","2048x2048-width":1800,"2048x2048-height":1198,"download-thumbnail":"https:\/\/tourismus-grossregion.eu\/fr\/wp-content\/uploads\/sites\/3\/2021\/07\/Image-1-345x230.jpg","download-thumbnail-width":345,"download-thumbnail-height":230,"paragraphimage":"https:\/\/tourismus-grossregion.eu\/fr\/wp-content\/uploads\/sites\/3\/2021\/07\/Image-1-468x311.jpg","paragraphimage-width":468,"paragraphimage-height":311,"slider-image":"https:\/\/tourismus-grossregion.eu\/fr\/wp-content\/uploads\/sites\/3\/2021\/07\/Image-1-901x715.jpg","slider-image-width":901,"slider-image-height":715,"quote-image":"https:\/\/tourismus-grossregion.eu\/fr\/wp-content\/uploads\/sites\/3\/2021\/07\/Image-1-683x455.jpg","quote-image-width":683,"quote-image-height":455,"productcard-image":"https:\/\/tourismus-grossregion.eu\/fr\/wp-content\/uploads\/sites\/3\/2021\/07\/Image-1-710x473.jpg","productcard-image-width":710,"productcard-image-height":473}},"widget_paragraph_headlines_image_image_option":false,"widget_paragraph_headlines_image_margin":"small"},{"acf_fc_layout":"widget_paragraph_headlines_image","widget_paragraph_headlines_image_orientation":false,"widget_paragraph_headlines_image_decoration":false,"widget_paragraph_headlines_image_content":{"widget_paragraph_headlines_image_preline":"","widget_paragraph_headlines_image_headline":"","widget_paragraph_headlines_image_subline":"Le triathlon moyenne distance : un classique 100 % nature","widget_paragraph_headlines_image_editor_justify":false,"widget_paragraph_headlines_image_editor":"<p>Nos athl\u00e8tes s&rsquo;entra\u00eenent aussi ici, sur le parcours de comp\u00e9tition original. Le Triathlon des Cantons de l&rsquo;Est propose plusieurs distances. Le triathlon moyenne distance est une \u00e9preuve classique 100 % nature. Il faut encha\u00eener 1 900 m\u00e8tres en nage libre dans le barrage de la Vesdre, 90 kilom\u00e8tres \u00e0 v\u00e9lo dans le parc naturel des Hautes Fagnes, dont une descente rapide \u00e0 80 km\/h sur la nationale en direction d&rsquo;Eupen, et enfin un semi-marathon sur la rive du lac de retenue jusqu&rsquo;\u00e0 la maison foresti\u00e8re et retour. Le triathlon des Cantons de l\u2019Est propose d&rsquo;autres formats de comp\u00e9tition dont le triathlon sprint (500 m de natation, 24,5 km \u00e0 v\u00e9lo et 5 km de course \u00e0 pied) pour les d\u00e9butants, o\u00f9 un classement par \u00e2ge r\u00e9compense les performances exceptionnelles en tenant compte de l&rsquo;\u00e2ge de chaque participant.<\/p>\n<p>L&rsquo;\u00e9quipe de triathlon d&rsquo;Eupen compte une centaine de membres, dont la moiti\u00e9 est pr\u00e9sente r\u00e9guli\u00e8rement aux entra\u00eenements. \u00ab Nous avons un programme bien \u00e9tabli, ajoute Oliver, \u00e0 savoir une s\u00e9ance de natation trois fois par semaine, deux sorties v\u00e9lo, une s\u00e9ance de fond et une s\u00e9ance de technique. Il faut adapter sa journ\u00e9e et sa semaine en cons\u00e9quence, pour faire une activit\u00e9 tous les jours. Je veille \u00e0 respecter certains rythmes : une semaine pour se mettre en jambes, une semaine pour monter en puissance, une pour la haute intensit\u00e9 et une semaine de r\u00e9cup\u00e9ration. \u00bb Ensuite, le grand jour peut avoir lieu d\u00e9but ao\u00fbt.<\/p>\n","widget_paragraph_headlines_image_link":""},"widget_paragraph_headlines_image_image":{"ID":693,"id":693,"title":"Image-2","filename":"Image-2.jpg","filesize":1001662,"url":"https:\/\/tourismus-grossregion.eu\/fr\/wp-content\/uploads\/sites\/3\/2021\/07\/Image-2.jpg","link":"https:\/\/tourismus-grossregion.eu\/fr\/triathlon-eupen\/image-2\/","alt":"Cinq triathl\u00e8tes, dont deux jeunes filles et trois hommes plus \u00e2g\u00e9s, courent c\u00f4te \u00e0 c\u00f4te sur un chemin asphalt\u00e9 dans la for\u00eat.","author":"2","description":"Cinq triathl\u00e8tes, dont deux jeunes filles et trois hommes plus \u00e2g\u00e9s, courent c\u00f4te \u00e0 c\u00f4te sur un chemin asphalt\u00e9 dans la for\u00eat.","caption":"","name":"image-2","status":"inherit","uploaded_to":681,"date":"2021-07-27 10:14:26","modified":"2021-07-27 10:36:23","menu_order":0,"mime_type":"image\/jpeg","type":"image","subtype":"jpeg","icon":"https:\/\/tourismus-grossregion.eu\/fr\/wp-includes\/images\/media\/default.png","width":1750,"height":1165,"sizes":{"thumbnail":"https:\/\/tourismus-grossregion.eu\/fr\/wp-content\/uploads\/sites\/3\/2021\/07\/Image-2-150x150.jpg","thumbnail-width":150,"thumbnail-height":150,"medium":"https:\/\/tourismus-grossregion.eu\/fr\/wp-content\/uploads\/sites\/3\/2021\/07\/Image-2-300x200.jpg","medium-width":300,"medium-height":200,"medium_large":"https:\/\/tourismus-grossregion.eu\/fr\/wp-content\/uploads\/sites\/3\/2021\/07\/Image-2-768x511.jpg","medium_large-width":768,"medium_large-height":511,"large":"https:\/\/tourismus-grossregion.eu\/fr\/wp-content\/uploads\/sites\/3\/2021\/07\/Image-2-1024x682.jpg","large-width":1024,"large-height":682,"1536x1536":"https:\/\/tourismus-grossregion.eu\/fr\/wp-content\/uploads\/sites\/3\/2021\/07\/Image-2-1536x1023.jpg","1536x1536-width":1536,"1536x1536-height":1023,"2048x2048":"https:\/\/tourismus-grossregion.eu\/fr\/wp-content\/uploads\/sites\/3\/2021\/07\/Image-2.jpg","2048x2048-width":1750,"2048x2048-height":1165,"download-thumbnail":"https:\/\/tourismus-grossregion.eu\/fr\/wp-content\/uploads\/sites\/3\/2021\/07\/Image-2-345x230.jpg","download-thumbnail-width":345,"download-thumbnail-height":230,"paragraphimage":"https:\/\/tourismus-grossregion.eu\/fr\/wp-content\/uploads\/sites\/3\/2021\/07\/Image-2-468x312.jpg","paragraphimage-width":468,"paragraphimage-height":312,"slider-image":"https:\/\/tourismus-grossregion.eu\/fr\/wp-content\/uploads\/sites\/3\/2021\/07\/Image-2-901x715.jpg","slider-image-width":901,"slider-image-height":715,"quote-image":"https:\/\/tourismus-grossregion.eu\/fr\/wp-content\/uploads\/sites\/3\/2021\/07\/Image-2-683x455.jpg","quote-image-width":683,"quote-image-height":455,"productcard-image":"https:\/\/tourismus-grossregion.eu\/fr\/wp-content\/uploads\/sites\/3\/2021\/07\/Image-2-710x473.jpg","productcard-image-width":710,"productcard-image-height":473}},"widget_paragraph_headlines_image_image_option":false,"widget_paragraph_headlines_image_margin":"small"},{"acf_fc_layout":"widget_editor","widget_editor_justify":false,"widget_editor_editor":"<p>Le premier Triathlon des Cantons de l\u2019Est, initialement appel\u00e9 Triathlon d\u2019Eupen, a eu lieu en 1984. \u00c0 peine 117 athl\u00e8tes avaient pris le d\u00e9part de l\u2019\u00e9preuve \u00e0 la piscine Wetzlarbad d\u2019Eupen. Trente-cinq ans plus tard, plus de 1 000 inscrits de toute l\u2019Europe se donnent rendez-vous dans le chef-lieu des Cantons de l&rsquo;Est. \u00ab Les participants ont soif de nature, explique Oliver. Nous proposons un parcours vari\u00e9, assez difficile, dans un paysage vallonn\u00e9. On n\u2019est pas forc\u00e9ment assur\u00e9 de r\u00e9aliser un bon temps comme sur les parcours plats de Flandre. Mais il y a moyen de bien s\u2019amuser. Chez nous, ce qui prime, c\u2019est le plaisir, avant la performance. \u00bb<\/p>\n","widget_editor_margin":"small"},{"acf_fc_layout":"widget_image","widget_image_image":{"ID":694,"id":694,"title":"Image-4","filename":"Image-4.jpg","filesize":965583,"url":"https:\/\/tourismus-grossregion.eu\/fr\/wp-content\/uploads\/sites\/3\/2021\/07\/Image-4.jpg","link":"https:\/\/tourismus-grossregion.eu\/fr\/triathlon-eupen\/image-4\/","alt":"Paysage des Hautes Fagnes. Sur un chemin asphalt\u00e9, on peut voir les cinq triathl\u00e8tes s'entra\u00eener sur leurs v\u00e9los de course.","author":"2","description":"Paysage des Hautes Fagnes. Sur un chemin asphalt\u00e9, on peut voir les cinq triathl\u00e8tes s'entra\u00eener sur leurs v\u00e9los de course.","caption":"","name":"image-4","status":"inherit","uploaded_to":681,"date":"2021-07-27 10:14:27","modified":"2021-07-27 10:37:27","menu_order":0,"mime_type":"image\/jpeg","type":"image","subtype":"jpeg","icon":"https:\/\/tourismus-grossregion.eu\/fr\/wp-includes\/images\/media\/default.png","width":1550,"height":1030,"sizes":{"thumbnail":"https:\/\/tourismus-grossregion.eu\/fr\/wp-content\/uploads\/sites\/3\/2021\/07\/Image-4-150x150.jpg","thumbnail-width":150,"thumbnail-height":150,"medium":"https:\/\/tourismus-grossregion.eu\/fr\/wp-content\/uploads\/sites\/3\/2021\/07\/Image-4-300x199.jpg","medium-width":300,"medium-height":199,"medium_large":"https:\/\/tourismus-grossregion.eu\/fr\/wp-content\/uploads\/sites\/3\/2021\/07\/Image-4-768x510.jpg","medium_large-width":768,"medium_large-height":510,"large":"https:\/\/tourismus-grossregion.eu\/fr\/wp-content\/uploads\/sites\/3\/2021\/07\/Image-4-1024x680.jpg","large-width":1024,"large-height":680,"1536x1536":"https:\/\/tourismus-grossregion.eu\/fr\/wp-content\/uploads\/sites\/3\/2021\/07\/Image-4-1536x1021.jpg","1536x1536-width":1536,"1536x1536-height":1021,"2048x2048":"https:\/\/tourismus-grossregion.eu\/fr\/wp-content\/uploads\/sites\/3\/2021\/07\/Image-4.jpg","2048x2048-width":1550,"2048x2048-height":1030,"download-thumbnail":"https:\/\/tourismus-grossregion.eu\/fr\/wp-content\/uploads\/sites\/3\/2021\/07\/Image-4-345x229.jpg","download-thumbnail-width":345,"download-thumbnail-height":229,"paragraphimage":"https:\/\/tourismus-grossregion.eu\/fr\/wp-content\/uploads\/sites\/3\/2021\/07\/Image-4-468x311.jpg","paragraphimage-width":468,"paragraphimage-height":311,"slider-image":"https:\/\/tourismus-grossregion.eu\/fr\/wp-content\/uploads\/sites\/3\/2021\/07\/Image-4-901x715.jpg","slider-image-width":901,"slider-image-height":715,"quote-image":"https:\/\/tourismus-grossregion.eu\/fr\/wp-content\/uploads\/sites\/3\/2021\/07\/Image-4-683x454.jpg","quote-image-width":683,"quote-image-height":454,"productcard-image":"https:\/\/tourismus-grossregion.eu\/fr\/wp-content\/uploads\/sites\/3\/2021\/07\/Image-4-710x472.jpg","productcard-image-width":710,"productcard-image-height":472}},"widget_image_caption":"","widget_image_margin":"small"},{"acf_fc_layout":"widget_paragraph_headlines","widget_paragraph_headlines_width":"100","widget_paragraph_headlines_preline":"","widget_paragraph_headlines_headline":"","widget_paragraph_headlines_subline":"\u00c0 long terme, l'\u00e9v\u00e9nement devrait devenir 100 % neutre en carbone","widget_paragraph_headlines_editor_justify":false,"widget_paragraph_headlines_editor":"<p>Parlons nature et d\u00e9veloppement durable. \u00ab Nous avons fait de l&rsquo;aspect environnemental une priorit\u00e9, car les triathloniens ne font qu\u2019un avec la nature, ajoute Oliver Henz. L&rsquo;objectif \u00e0 long terme est d&rsquo;organiser une manifestation qui soit, dans la mesure du possible, 100 % neutre en CO2. Offre d&rsquo;alternatives au transport priv\u00e9 aller-retour, compensation des \u00e9missions in\u00e9vitables au travers d\u2019un projet de protection du climat, la gestion raisonn\u00e9e des d\u00e9chets, jusqu&rsquo;\u00e0 des t-shirts compostables au lieu de synth\u00e9tiques pour les athl\u00e8tes et les b\u00e9n\u00e9voles. Le triathlon des Cantons de l&rsquo;Est serait alors un pionnier mondial.<\/p>\n<p>Nous comptons d&rsquo;ailleurs sur les b\u00e9n\u00e9voles en grand nombre. Plusieurs centaines sont \u00e0 pied d&rsquo;\u0153uvre chaque ann\u00e9e. La r\u00e9gion apporte un soutien important. Les membres de nombreuses associations r\u00e9gionales apportent aussi une aide b\u00e9n\u00e9vole \u00e0 l&rsquo;organisation. Pour que le triathlon des Cantons de l\u2019Est puisse encore exister pendant 35 ans, et au-del\u00e0.<\/p>\n<p>Pour plus d&rsquo;informations, rendez-vous sur le site \u00a0<strong><a href=\"http:\/\/www.ostbelgientriathlon.be\" target=\"_blank\" rel=\"noopener\">https:\/\/www.ostbelgientriathlon.be<\/a><\/strong><\/p>\n","widget_paragraph_headlines_margin":"small"},{"acf_fc_layout":"widget_video","widget_video_type":false,"widget_video_youtube":"https:\/\/youtu.be\/dgDwWwHMe-g","widget_video_youtube_poster_bool":true,"widget_video_youtube_poster":{"ID":686,"id":686,"title":"Slider-4","filename":"Slider-4.jpg","filesize":977574,"url":"https:\/\/tourismus-grossregion.eu\/fr\/wp-content\/uploads\/sites\/3\/2021\/07\/Slider-4.jpg","link":"https:\/\/tourismus-grossregion.eu\/fr\/triathlon-eupen\/slider-4\/","alt":"Trois nageurs dans la piscine faisant le crawl. Ils nagent c\u00f4te \u00e0 c\u00f4te.","author":"2","description":"Trois nageurs dans la piscine faisant le crawl. Ils nagent c\u00f4te \u00e0 c\u00f4te.","caption":"","name":"slider-4","status":"inherit","uploaded_to":681,"date":"2021-07-27 10:14:19","modified":"2021-07-27 10:31:50","menu_order":0,"mime_type":"image\/jpeg","type":"image","subtype":"jpeg","icon":"https:\/\/tourismus-grossregion.eu\/fr\/wp-includes\/images\/media\/default.png","width":2200,"height":1466,"sizes":{"thumbnail":"https:\/\/tourismus-grossregion.eu\/fr\/wp-content\/uploads\/sites\/3\/2021\/07\/Slider-4-150x150.jpg","thumbnail-width":150,"thumbnail-height":150,"medium":"https:\/\/tourismus-grossregion.eu\/fr\/wp-content\/uploads\/sites\/3\/2021\/07\/Slider-4-300x200.jpg","medium-width":300,"medium-height":200,"medium_large":"https:\/\/tourismus-grossregion.eu\/fr\/wp-content\/uploads\/sites\/3\/2021\/07\/Slider-4-768x512.jpg","medium_large-width":768,"medium_large-height":512,"large":"https:\/\/tourismus-grossregion.eu\/fr\/wp-content\/uploads\/sites\/3\/2021\/07\/Slider-4-1024x682.jpg","large-width":1024,"large-height":682,"1536x1536":"https:\/\/tourismus-grossregion.eu\/fr\/wp-content\/uploads\/sites\/3\/2021\/07\/Slider-4-1536x1024.jpg","1536x1536-width":1536,"1536x1536-height":1024,"2048x2048":"https:\/\/tourismus-grossregion.eu\/fr\/wp-content\/uploads\/sites\/3\/2021\/07\/Slider-4-2048x1365.jpg","2048x2048-width":2048,"2048x2048-height":1365,"download-thumbnail":"https:\/\/tourismus-grossregion.eu\/fr\/wp-content\/uploads\/sites\/3\/2021\/07\/Slider-4-345x230.jpg","download-thumbnail-width":345,"download-thumbnail-height":230,"paragraphimage":"https:\/\/tourismus-grossregion.eu\/fr\/wp-content\/uploads\/sites\/3\/2021\/07\/Slider-4-468x312.jpg","paragraphimage-width":468,"paragraphimage-height":312,"slider-image":"https:\/\/tourismus-grossregion.eu\/fr\/wp-content\/uploads\/sites\/3\/2021\/07\/Slider-4-901x715.jpg","slider-image-width":901,"slider-image-height":715,"quote-image":"https:\/\/tourismus-grossregion.eu\/fr\/wp-content\/uploads\/sites\/3\/2021\/07\/Slider-4-683x455.jpg","quote-image-width":683,"quote-image-height":455,"productcard-image":"https:\/\/tourismus-grossregion.eu\/fr\/wp-content\/uploads\/sites\/3\/2021\/07\/Slider-4-710x473.jpg","productcard-image-width":710,"productcard-image-height":473}},"widget_video_youtube_poster_filter":false,"widget_video_upload":false,"widget_video_headline":"","widget_video_duration":"03:09","widget_video_margin":"small"},{"acf_fc_layout":"widget_paragraph_headlines_image","widget_paragraph_headlines_image_orientation":false,"widget_paragraph_headlines_image_decoration":true,"widget_paragraph_headlines_image_content":{"widget_paragraph_headlines_image_preline":"","widget_paragraph_headlines_image_headline":"","widget_paragraph_headlines_image_subline":"Vous aimez ce que vous voyez ? ","widget_paragraph_headlines_image_editor_justify":true,"widget_paragraph_headlines_image_editor":"<p>La Grande R\u00e9gion a beaucoup plus \u00e0 offrir ! Jetez un coup d&rsquo;\u0153il aux histoires suivantes de la r\u00e9gion et laissez-vous inspirer.<\/p>\n","widget_paragraph_headlines_image_link":""},"widget_paragraph_headlines_image_image":false,"widget_paragraph_headlines_image_image_option":false,"widget_paragraph_headlines_image_margin":"small"},{"acf_fc_layout":"widget_content_carousel","widget_content_carousel_preline":"","widget_content_carousel_headline":"","widget_content_carousel_description_justify":false,"widget_content_carousel_entries":[{"widget_content_carousel_entries_thumbnail":{"ID":550,"id":550,"title":"shs_1","filename":"shs_1.jpg","filesize":590380,"url":"https:\/\/tourismus-grossregion.eu\/fr\/wp-content\/uploads\/sites\/3\/2021\/07\/shs_1.jpg","link":"https:\/\/tourismus-grossregion.eu\/fr\/story-rhenanie-palatinat-les-maars-de-leifel\/shs_1\/","alt":"Un homme portant une chemise jaune et un \u00e9quipement de randonn\u00e9e marche le long d'une partie du sentier de randonn\u00e9e. De chaque c\u00f4t\u00e9 de lui se trouvent de petites cl\u00f4tures, puis des champs jaunes. Derri\u00e8re lui, il y a plusieurs arbres.","author":"2","description":"Un homme portant une chemise jaune et un \u00e9quipement de randonn\u00e9e marche le long d'une partie du sentier de randonn\u00e9e. De chaque c\u00f4t\u00e9 de lui se trouvent de petites cl\u00f4tures, puis des champs jaunes. Derri\u00e8re lui, il y a plusieurs arbres.","caption":"","name":"shs_1","status":"inherit","uploaded_to":1686,"date":"2021-07-26 13:58:26","modified":"2021-08-27 11:29:08","menu_order":0,"mime_type":"image\/jpeg","type":"image","subtype":"jpeg","icon":"https:\/\/tourismus-grossregion.eu\/fr\/wp-includes\/images\/media\/default.png","width":1920,"height":1277,"sizes":{"thumbnail":"https:\/\/tourismus-grossregion.eu\/fr\/wp-content\/uploads\/sites\/3\/2021\/07\/shs_1-150x150.jpg","thumbnail-width":150,"thumbnail-height":150,"medium":"https:\/\/tourismus-grossregion.eu\/fr\/wp-content\/uploads\/sites\/3\/2021\/07\/shs_1-300x200.jpg","medium-width":300,"medium-height":200,"medium_large":"https:\/\/tourismus-grossregion.eu\/fr\/wp-content\/uploads\/sites\/3\/2021\/07\/shs_1-768x511.jpg","medium_large-width":768,"medium_large-height":511,"large":"https:\/\/tourismus-grossregion.eu\/fr\/wp-content\/uploads\/sites\/3\/2021\/07\/shs_1-1024x681.jpg","large-width":1024,"large-height":681,"1536x1536":"https:\/\/tourismus-grossregion.eu\/fr\/wp-content\/uploads\/sites\/3\/2021\/07\/shs_1-1536x1022.jpg","1536x1536-width":1536,"1536x1536-height":1022,"2048x2048":"https:\/\/tourismus-grossregion.eu\/fr\/wp-content\/uploads\/sites\/3\/2021\/07\/shs_1.jpg","2048x2048-width":1920,"2048x2048-height":1277,"download-thumbnail":"https:\/\/tourismus-grossregion.eu\/fr\/wp-content\/uploads\/sites\/3\/2021\/07\/shs_1-345x229.jpg","download-thumbnail-width":345,"download-thumbnail-height":229,"paragraphimage":"https:\/\/tourismus-grossregion.eu\/fr\/wp-content\/uploads\/sites\/3\/2021\/07\/shs_1-468x311.jpg","paragraphimage-width":468,"paragraphimage-height":311,"slider-image":"https:\/\/tourismus-grossregion.eu\/fr\/wp-content\/uploads\/sites\/3\/2021\/07\/shs_1-901x715.jpg","slider-image-width":901,"slider-image-height":715,"quote-image":"https:\/\/tourismus-grossregion.eu\/fr\/wp-content\/uploads\/sites\/3\/2021\/07\/shs_1-683x454.jpg","quote-image-width":683,"quote-image-height":454,"productcard-image":"https:\/\/tourismus-grossregion.eu\/fr\/wp-content\/uploads\/sites\/3\/2021\/07\/shs_1-710x472.jpg","productcard-image-width":710,"productcard-image-height":472}},"widget_content_carousel_entries_title":"Saar-Hunsr\u00fcck-Steig","widget_content_carousel_entries_description":"<p>D\u2019une boucle \u00e0 l\u2019autre \u2013 en balade le long du Saar-Hunsr\u00fcck-Steig<\/p>\n","widget_content_carousel_entries__link":"https:\/\/tourismus-grossregion.eu\/fr\/saar-hunsruck-steig\/"},{"widget_content_carousel_entries_thumbnail":{"ID":494,"id":494,"title":"CMR-0995-2","filename":"CMR-0995-2.jpg","filesize":838873,"url":"https:\/\/tourismus-grossregion.eu\/fr\/wp-content\/uploads\/sites\/3\/2021\/07\/CMR-0995-2.jpg","link":"https:\/\/tourismus-grossregion.eu\/fr\/vtt-perl\/cmr-0995-2\/","alt":"Sur un chemin de terre, deux adultes v\u00e9t\u00e9tistes et deux enfants sont debout sur leurs v\u00e9los. On peut voir deux arbres et une vieille cabane \u00e0 c\u00f4t\u00e9 du chemin de terre. L'image est une vue a\u00e9rienne.","author":"2","description":"Sur un chemin de terre, deux adultes v\u00e9t\u00e9tistes et deux enfants sont debout sur leurs v\u00e9los. On peut voir deux arbres et une vieille cabane \u00e0 c\u00f4t\u00e9 du chemin de terre. L'image est une vue a\u00e9rienne.","caption":"","name":"cmr-0995-2","status":"inherit","uploaded_to":493,"date":"2021-07-26 12:26:19","modified":"2021-07-26 15:01:08","menu_order":0,"mime_type":"image\/jpeg","type":"image","subtype":"jpeg","icon":"https:\/\/tourismus-grossregion.eu\/fr\/wp-includes\/images\/media\/default.png","width":1280,"height":852,"sizes":{"thumbnail":"https:\/\/tourismus-grossregion.eu\/fr\/wp-content\/uploads\/sites\/3\/2021\/07\/CMR-0995-2-150x150.jpg","thumbnail-width":150,"thumbnail-height":150,"medium":"https:\/\/tourismus-grossregion.eu\/fr\/wp-content\/uploads\/sites\/3\/2021\/07\/CMR-0995-2-300x200.jpg","medium-width":300,"medium-height":200,"medium_large":"https:\/\/tourismus-grossregion.eu\/fr\/wp-content\/uploads\/sites\/3\/2021\/07\/CMR-0995-2-768x511.jpg","medium_large-width":768,"medium_large-height":511,"large":"https:\/\/tourismus-grossregion.eu\/fr\/wp-content\/uploads\/sites\/3\/2021\/07\/CMR-0995-2-1024x682.jpg","large-width":1024,"large-height":682,"1536x1536":"https:\/\/tourismus-grossregion.eu\/fr\/wp-content\/uploads\/sites\/3\/2021\/07\/CMR-0995-2.jpg","1536x1536-width":1280,"1536x1536-height":852,"2048x2048":"https:\/\/tourismus-grossregion.eu\/fr\/wp-content\/uploads\/sites\/3\/2021\/07\/CMR-0995-2.jpg","2048x2048-width":1280,"2048x2048-height":852,"download-thumbnail":"https:\/\/tourismus-grossregion.eu\/fr\/wp-content\/uploads\/sites\/3\/2021\/07\/CMR-0995-2-345x230.jpg","download-thumbnail-width":345,"download-thumbnail-height":230,"paragraphimage":"https:\/\/tourismus-grossregion.eu\/fr\/wp-content\/uploads\/sites\/3\/2021\/07\/CMR-0995-2-468x312.jpg","paragraphimage-width":468,"paragraphimage-height":312,"slider-image":"https:\/\/tourismus-grossregion.eu\/fr\/wp-content\/uploads\/sites\/3\/2021\/07\/CMR-0995-2-901x715.jpg","slider-image-width":901,"slider-image-height":715,"quote-image":"https:\/\/tourismus-grossregion.eu\/fr\/wp-content\/uploads\/sites\/3\/2021\/07\/CMR-0995-2-683x455.jpg","quote-image-width":683,"quote-image-height":455,"productcard-image":"https:\/\/tourismus-grossregion.eu\/fr\/wp-content\/uploads\/sites\/3\/2021\/07\/CMR-0995-2-710x473.jpg","productcard-image-width":710,"productcard-image-height":473}},"widget_content_carousel_entries_title":"En VTT sur les traces des pros","widget_content_carousel_entries_description":"<p>\u00c0 deux roues au c\u0153ur du pays des trois fronti\u00e8res<\/p>\n","widget_content_carousel_entries__link":"https:\/\/tourismus-grossregion.eu\/fr\/vtt-perl\/"},{"widget_content_carousel_entries_thumbnail":{"ID":462,"id":462,"title":"DJI_0005_1_1","filename":"DJI_0005_1_1.jpg","filesize":979168,"url":"https:\/\/tourismus-grossregion.eu\/fr\/wp-content\/uploads\/sites\/3\/2021\/07\/DJI_0005_1_1.jpg","link":"https:\/\/tourismus-grossregion.eu\/fr\/vallee-de-la-holzwarche\/dji_0005_1_1\/","alt":"La vall\u00e9e de Holzwarche est repr\u00e9sent\u00e9e depuis une perspective de drone. Un ruisseau serpente \u00e0 travers une prairie verte.","author":"2","description":"La vall\u00e9e de Holzwarche est repr\u00e9sent\u00e9e depuis une perspective de drone. Un ruisseau serpente \u00e0 travers une prairie verte.","caption":"","name":"dji_0005_1_1","status":"inherit","uploaded_to":484,"date":"2021-07-26 11:15:00","modified":"2021-07-26 15:56:23","menu_order":0,"mime_type":"image\/jpeg","type":"image","subtype":"jpeg","icon":"https:\/\/tourismus-grossregion.eu\/fr\/wp-includes\/images\/media\/default.png","width":1920,"height":1440,"sizes":{"thumbnail":"https:\/\/tourismus-grossregion.eu\/fr\/wp-content\/uploads\/sites\/3\/2021\/07\/DJI_0005_1_1-150x150.jpg","thumbnail-width":150,"thumbnail-height":150,"medium":"https:\/\/tourismus-grossregion.eu\/fr\/wp-content\/uploads\/sites\/3\/2021\/07\/DJI_0005_1_1-300x225.jpg","medium-width":300,"medium-height":225,"medium_large":"https:\/\/tourismus-grossregion.eu\/fr\/wp-content\/uploads\/sites\/3\/2021\/07\/DJI_0005_1_1-768x576.jpg","medium_large-width":768,"medium_large-height":576,"large":"https:\/\/tourismus-grossregion.eu\/fr\/wp-content\/uploads\/sites\/3\/2021\/07\/DJI_0005_1_1-1024x768.jpg","large-width":1024,"large-height":768,"1536x1536":"https:\/\/tourismus-grossregion.eu\/fr\/wp-content\/uploads\/sites\/3\/2021\/07\/DJI_0005_1_1-1536x1152.jpg","1536x1536-width":1536,"1536x1536-height":1152,"2048x2048":"https:\/\/tourismus-grossregion.eu\/fr\/wp-content\/uploads\/sites\/3\/2021\/07\/DJI_0005_1_1.jpg","2048x2048-width":1920,"2048x2048-height":1440,"download-thumbnail":"https:\/\/tourismus-grossregion.eu\/fr\/wp-content\/uploads\/sites\/3\/2021\/07\/DJI_0005_1_1-345x259.jpg","download-thumbnail-width":345,"download-thumbnail-height":259,"paragraphimage":"https:\/\/tourismus-grossregion.eu\/fr\/wp-content\/uploads\/sites\/3\/2021\/07\/DJI_0005_1_1-468x351.jpg","paragraphimage-width":468,"paragraphimage-height":351,"slider-image":"https:\/\/tourismus-grossregion.eu\/fr\/wp-content\/uploads\/sites\/3\/2021\/07\/DJI_0005_1_1-901x715.jpg","slider-image-width":901,"slider-image-height":715,"quote-image":"https:\/\/tourismus-grossregion.eu\/fr\/wp-content\/uploads\/sites\/3\/2021\/07\/DJI_0005_1_1-683x512.jpg","quote-image-width":683,"quote-image-height":512,"productcard-image":"https:\/\/tourismus-grossregion.eu\/fr\/wp-content\/uploads\/sites\/3\/2021\/07\/DJI_0005_1_1-710x533.jpg","productcard-image-width":710,"productcard-image-height":533}},"widget_content_carousel_entries_title":"La vall\u00e9e de la Holzwarche","widget_content_carousel_entries_description":"<p>Balade dans la vall\u00e9e de la Holzwarche<\/p>\n","widget_content_carousel_entries__link":"https:\/\/tourismus-grossregion.eu\/fr\/vallee-de-la-holzwarche\/"}],"widget_content_carousel_margin":"small"}],"page_fields_alternative_title":"Triathlon d'Eupen"},"_links":{"self":[{"href":"https:\/\/tourismus-grossregion.eu\/fr\/wp-json\/wp\/v2\/pages\/681"}],"collection":[{"href":"https:\/\/tourismus-grossregion.eu\/fr\/wp-json\/wp\/v2\/pages"}],"about":[{"href":"https:\/\/tourismus-grossregion.eu\/fr\/wp-json\/wp\/v2\/types\/page"}],"author":[{"embeddable":true,"href":"https:\/\/tourismus-grossregion.eu\/fr\/wp-json\/wp\/v2\/users\/2"}],"replies":[{"embeddable":true,"href":"https:\/\/tourismus-grossregion.eu\/fr\/wp-json\/wp\/v2\/comments?post=681"}],"version-history":[{"count":14,"href":"https:\/\/tourismus-grossregion.eu\/fr\/wp-json\/wp\/v2\/pages\/681\/revisions"}],"predecessor-version":[{"id":1762,"href":"https:\/\/tourismus-grossregion.eu\/fr\/wp-json\/wp\/v2\/pages\/681\/revisions\/1762"}],"wp:featuredmedia":[{"embeddable":true,"href":"https:\/\/tourismus-grossregion.eu\/fr\/wp-json\/wp\/v2\/media\/682"}],"wp:attachment":[{"href":"https:\/\/tourismus-grossregion.eu\/fr\/wp-json\/wp\/v2\/media?parent=681"}],"curies":[{"name":"wp","href":"https:\/\/api.w.org\/{rel}","templated":true}]}}