{"id":695,"date":"2021-07-29T14:47:10","date_gmt":"2021-07-29T12:47:10","guid":{"rendered":"https:\/\/tourismus-grossregion.eu\/fr\/?page_id=695"},"modified":"2021-08-27T13:47:03","modified_gmt":"2021-08-27T11:47:03","slug":"dans-le-wolfsbusch","status":"publish","type":"page","link":"https:\/\/tourismus-grossregion.eu\/fr\/dans-le-wolfsbusch\/","title":{"rendered":"Story: Ostbelgien: Dans le Wolfsbusch"},"content":{"rendered":"","protected":false},"excerpt":{"rendered":"","protected":false},"author":2,"featured_media":696,"parent":0,"menu_order":0,"comment_status":"closed","ping_status":"closed","template":"","meta":[],"yoast_head":"<!-- This site is optimized with the Yoast SEO plugin v16.9 - https:\/\/yoast.com\/wordpress\/plugins\/seo\/ -->\n<meta name=\"robots\" content=\"index, follow, max-snippet:-1, max-image-preview:large, max-video-preview:-1\" \/>\n<link rel=\"canonical\" href=\"https:\/\/tourismus-grossregion.eu\/fr\/dans-le-wolfsbusch\/\" \/>\n<meta property=\"og:locale\" content=\"fr_FR\" \/>\n<meta property=\"og:type\" content=\"article\" \/>\n<meta property=\"og:title\" content=\"Story: Ostbelgien: Dans le Wolfsbusch - Tourisme Grande R\u00e9gion\" \/>\n<meta property=\"og:url\" content=\"https:\/\/tourismus-grossregion.eu\/fr\/dans-le-wolfsbusch\/\" \/>\n<meta property=\"og:site_name\" content=\"Tourisme Grande R\u00e9gion\" \/>\n<meta property=\"article:modified_time\" content=\"2021-08-27T11:47:03+00:00\" \/>\n<meta property=\"og:image\" content=\"https:\/\/tourismus-grossregion.eu\/fr\/wp-content\/uploads\/sites\/3\/2021\/07\/DJI_0775_1.jpg\" \/>\n\t<meta property=\"og:image:width\" content=\"1920\" \/>\n\t<meta property=\"og:image:height\" content=\"1280\" \/>\n<meta name=\"twitter:card\" content=\"summary_large_image\" \/>\n<script type=\"application\/ld+json\" class=\"yoast-schema-graph\">{\"@context\":\"https:\/\/schema.org\",\"@graph\":[{\"@type\":\"WebSite\",\"@id\":\"https:\/\/tourismus-grossregion.eu\/fr\/#website\",\"url\":\"https:\/\/tourismus-grossregion.eu\/fr\/\",\"name\":\"Tourisme Grande R\\u00e9gion\",\"description\":\"Tourisme Grande R\\u00e9gion\",\"potentialAction\":[{\"@type\":\"SearchAction\",\"target\":{\"@type\":\"EntryPoint\",\"urlTemplate\":\"https:\/\/tourismus-grossregion.eu\/fr\/?s={search_term_string}\"},\"query-input\":\"required name=search_term_string\"}],\"inLanguage\":\"fr-FR\"},{\"@type\":\"ImageObject\",\"@id\":\"https:\/\/tourismus-grossregion.eu\/fr\/dans-le-wolfsbusch\/#primaryimage\",\"inLanguage\":\"fr-FR\",\"url\":\"https:\/\/tourismus-grossregion.eu\/fr\/wp-content\/uploads\/sites\/3\/2021\/07\/DJI_0775_1.jpg\",\"contentUrl\":\"https:\/\/tourismus-grossregion.eu\/fr\/wp-content\/uploads\/sites\/3\/2021\/07\/DJI_0775_1.jpg\",\"width\":1920,\"height\":1280,\"caption\":\"Une vue \\u00e0 vol d'oiseau d'une partie d'un sentier de randonn\\u00e9e dans le Wolfsbusch. Un champ et une for\\u00eat sont s\\u00e9par\\u00e9s par une route.\"},{\"@type\":\"WebPage\",\"@id\":\"https:\/\/tourismus-grossregion.eu\/fr\/dans-le-wolfsbusch\/#webpage\",\"url\":\"https:\/\/tourismus-grossregion.eu\/fr\/dans-le-wolfsbusch\/\",\"name\":\"Story: Ostbelgien: Dans le Wolfsbusch - Tourisme Grande R\\u00e9gion\",\"isPartOf\":{\"@id\":\"https:\/\/tourismus-grossregion.eu\/fr\/#website\"},\"primaryImageOfPage\":{\"@id\":\"https:\/\/tourismus-grossregion.eu\/fr\/dans-le-wolfsbusch\/#primaryimage\"},\"datePublished\":\"2021-07-29T12:47:10+00:00\",\"dateModified\":\"2021-08-27T11:47:03+00:00\",\"breadcrumb\":{\"@id\":\"https:\/\/tourismus-grossregion.eu\/fr\/dans-le-wolfsbusch\/#breadcrumb\"},\"inLanguage\":\"fr-FR\",\"potentialAction\":[{\"@type\":\"ReadAction\",\"target\":[\"https:\/\/tourismus-grossregion.eu\/fr\/dans-le-wolfsbusch\/\"]}]},{\"@type\":\"BreadcrumbList\",\"@id\":\"https:\/\/tourismus-grossregion.eu\/fr\/dans-le-wolfsbusch\/#breadcrumb\",\"itemListElement\":[{\"@type\":\"ListItem\",\"position\":1,\"name\":\"Story: Ostbelgien: Dans le Wolfsbusch\"}]}]}<\/script>\n<!-- \/ Yoast SEO plugin. -->","yoast_head_json":{"robots":{"index":"index","follow":"follow","max-snippet":"max-snippet:-1","max-image-preview":"max-image-preview:large","max-video-preview":"max-video-preview:-1"},"canonical":"https:\/\/tourismus-grossregion.eu\/fr\/dans-le-wolfsbusch\/","og_locale":"fr_FR","og_type":"article","og_title":"Story: Ostbelgien: Dans le Wolfsbusch - Tourisme Grande R\u00e9gion","og_url":"https:\/\/tourismus-grossregion.eu\/fr\/dans-le-wolfsbusch\/","og_site_name":"Tourisme Grande R\u00e9gion","article_modified_time":"2021-08-27T11:47:03+00:00","og_image":[{"width":1920,"height":1280,"url":"https:\/\/tourismus-grossregion.eu\/fr\/wp-content\/uploads\/sites\/3\/2021\/07\/DJI_0775_1.jpg","path":"\/var\/www\/html\/wp-content\/uploads\/sites\/3\/2021\/07\/DJI_0775_1.jpg","size":"full","id":696,"alt":"Une vue \u00e0 vol d'oiseau d'une partie d'un sentier de randonn\u00e9e dans le Wolfsbusch. Un champ et une for\u00eat sont s\u00e9par\u00e9s par une route.","pixels":2457600,"type":"image\/jpeg"}],"twitter_card":"summary_large_image","schema":{"@context":"https:\/\/schema.org","@graph":[{"@type":"WebSite","@id":"https:\/\/tourismus-grossregion.eu\/fr\/#website","url":"https:\/\/tourismus-grossregion.eu\/fr\/","name":"Tourisme Grande R\u00e9gion","description":"Tourisme Grande R\u00e9gion","potentialAction":[{"@type":"SearchAction","target":{"@type":"EntryPoint","urlTemplate":"https:\/\/tourismus-grossregion.eu\/fr\/?s={search_term_string}"},"query-input":"required name=search_term_string"}],"inLanguage":"fr-FR"},{"@type":"ImageObject","@id":"https:\/\/tourismus-grossregion.eu\/fr\/dans-le-wolfsbusch\/#primaryimage","inLanguage":"fr-FR","url":"https:\/\/tourismus-grossregion.eu\/fr\/wp-content\/uploads\/sites\/3\/2021\/07\/DJI_0775_1.jpg","contentUrl":"https:\/\/tourismus-grossregion.eu\/fr\/wp-content\/uploads\/sites\/3\/2021\/07\/DJI_0775_1.jpg","width":1920,"height":1280,"caption":"Une vue \u00e0 vol d'oiseau d'une partie d'un sentier de randonn\u00e9e dans le Wolfsbusch. Un champ et une for\u00eat sont s\u00e9par\u00e9s par une route."},{"@type":"WebPage","@id":"https:\/\/tourismus-grossregion.eu\/fr\/dans-le-wolfsbusch\/#webpage","url":"https:\/\/tourismus-grossregion.eu\/fr\/dans-le-wolfsbusch\/","name":"Story: Ostbelgien: Dans le Wolfsbusch - Tourisme Grande R\u00e9gion","isPartOf":{"@id":"https:\/\/tourismus-grossregion.eu\/fr\/#website"},"primaryImageOfPage":{"@id":"https:\/\/tourismus-grossregion.eu\/fr\/dans-le-wolfsbusch\/#primaryimage"},"datePublished":"2021-07-29T12:47:10+00:00","dateModified":"2021-08-27T11:47:03+00:00","breadcrumb":{"@id":"https:\/\/tourismus-grossregion.eu\/fr\/dans-le-wolfsbusch\/#breadcrumb"},"inLanguage":"fr-FR","potentialAction":[{"@type":"ReadAction","target":["https:\/\/tourismus-grossregion.eu\/fr\/dans-le-wolfsbusch\/"]}]},{"@type":"BreadcrumbList","@id":"https:\/\/tourismus-grossregion.eu\/fr\/dans-le-wolfsbusch\/#breadcrumb","itemListElement":[{"@type":"ListItem","position":1,"name":"Story: Ostbelgien: Dans le Wolfsbusch"}]}]}},"acf":{"pb_acf_widgets":[{"acf_fc_layout":"widget_hero_static","widget_hero_static_background":{"widget_hero_static_background_type":false,"widget_hero_static_image":{"ID":696,"id":696,"title":"DJI_0775_1","filename":"DJI_0775_1.jpg","filesize":856121,"url":"https:\/\/tourismus-grossregion.eu\/fr\/wp-content\/uploads\/sites\/3\/2021\/07\/DJI_0775_1.jpg","link":"https:\/\/tourismus-grossregion.eu\/fr\/dans-le-wolfsbusch\/dji_0775_1\/","alt":"Une vue \u00e0 vol d'oiseau d'une partie d'un sentier de randonn\u00e9e dans le Wolfsbusch. Un champ et une for\u00eat sont s\u00e9par\u00e9s par une route.","author":"2","description":"Une vue \u00e0 vol d'oiseau d'une partie d'un sentier de randonn\u00e9e dans le Wolfsbusch. Un champ et une for\u00eat sont s\u00e9par\u00e9s par une route.","caption":"","name":"dji_0775_1","status":"inherit","uploaded_to":695,"date":"2021-07-27 10:24:42","modified":"2021-08-13 09:09:25","menu_order":0,"mime_type":"image\/jpeg","type":"image","subtype":"jpeg","icon":"https:\/\/tourismus-grossregion.eu\/fr\/wp-includes\/images\/media\/default.png","width":1920,"height":1280,"sizes":{"thumbnail":"https:\/\/tourismus-grossregion.eu\/fr\/wp-content\/uploads\/sites\/3\/2021\/07\/DJI_0775_1-150x150.jpg","thumbnail-width":150,"thumbnail-height":150,"medium":"https:\/\/tourismus-grossregion.eu\/fr\/wp-content\/uploads\/sites\/3\/2021\/07\/DJI_0775_1-300x200.jpg","medium-width":300,"medium-height":200,"medium_large":"https:\/\/tourismus-grossregion.eu\/fr\/wp-content\/uploads\/sites\/3\/2021\/07\/DJI_0775_1-768x512.jpg","medium_large-width":768,"medium_large-height":512,"large":"https:\/\/tourismus-grossregion.eu\/fr\/wp-content\/uploads\/sites\/3\/2021\/07\/DJI_0775_1-1024x683.jpg","large-width":1024,"large-height":683,"1536x1536":"https:\/\/tourismus-grossregion.eu\/fr\/wp-content\/uploads\/sites\/3\/2021\/07\/DJI_0775_1-1536x1024.jpg","1536x1536-width":1536,"1536x1536-height":1024,"2048x2048":"https:\/\/tourismus-grossregion.eu\/fr\/wp-content\/uploads\/sites\/3\/2021\/07\/DJI_0775_1.jpg","2048x2048-width":1920,"2048x2048-height":1280,"download-thumbnail":"https:\/\/tourismus-grossregion.eu\/fr\/wp-content\/uploads\/sites\/3\/2021\/07\/DJI_0775_1-345x230.jpg","download-thumbnail-width":345,"download-thumbnail-height":230,"paragraphimage":"https:\/\/tourismus-grossregion.eu\/fr\/wp-content\/uploads\/sites\/3\/2021\/07\/DJI_0775_1-468x312.jpg","paragraphimage-width":468,"paragraphimage-height":312,"slider-image":"https:\/\/tourismus-grossregion.eu\/fr\/wp-content\/uploads\/sites\/3\/2021\/07\/DJI_0775_1-901x715.jpg","slider-image-width":901,"slider-image-height":715,"quote-image":"https:\/\/tourismus-grossregion.eu\/fr\/wp-content\/uploads\/sites\/3\/2021\/07\/DJI_0775_1-683x455.jpg","quote-image-width":683,"quote-image-height":455,"productcard-image":"https:\/\/tourismus-grossregion.eu\/fr\/wp-content\/uploads\/sites\/3\/2021\/07\/DJI_0775_1-710x473.jpg","productcard-image-width":710,"productcard-image-height":473}},"widget_hero_static_video_type":false,"widget_hero_static_video_upload":false,"widget_hero_static_youtube_embed":"","widget_hero_static_filter":true},"widget_hero_static_content":{"widget_hero_static_headline":"Dans le Wolfsbusch","widget_hero_static_copy":"","widget_hero_static_link":""},"widget_hero_static_margin":"small"},{"acf_fc_layout":"widget_paragraph_headlines_image","widget_paragraph_headlines_image_orientation":false,"widget_paragraph_headlines_image_decoration":true,"widget_paragraph_headlines_image_content":{"widget_paragraph_headlines_image_preline":"","widget_paragraph_headlines_image_headline":"","widget_paragraph_headlines_image_subline":"Des Celtes aux chercheurs d\u2019or : randonn\u00e9e dans la for\u00eat du loup ","widget_paragraph_headlines_image_editor_justify":true,"widget_paragraph_headlines_image_editor":"<p>Aux alentours de Montenau, cela fait bien longtemps que le Wolfsbusch, la for\u00eat du loup, ne r\u00e9sonne plus des hurlements de ces b\u00eates. Longue de presque dix kilom\u00e8tres, la \u00ab Balade de r\u00eave \u2013 La rivi\u00e8re d&rsquo;or \u00bb tiendrait alors plus du sprint que de la promenade de sant\u00e9. Et ce serait vraiment dommage, car il y a tant \u00e0 d\u00e9couvrir aux alentours de cette for\u00eat myst\u00e9rieuse.<\/p>\n","widget_paragraph_headlines_image_link":""},"widget_paragraph_headlines_image_image":false,"widget_paragraph_headlines_image_image_option":false,"widget_paragraph_headlines_image_margin":"small"},{"acf_fc_layout":"widget_paragraph_headlines_image","widget_paragraph_headlines_image_orientation":false,"widget_paragraph_headlines_image_decoration":false,"widget_paragraph_headlines_image_content":{"widget_paragraph_headlines_image_preline":"","widget_paragraph_headlines_image_headline":"","widget_paragraph_headlines_image_subline":"","widget_paragraph_headlines_image_editor_justify":true,"widget_paragraph_headlines_image_editor":"<p>\u00ab \u00c7a va commencer \u00e0 grimper \u00bb, pr\u00e9vient Eric d&rsquo;une voix si forte que les oiseaux des environs, effarouch\u00e9s, suspendent leur chant. Nous nous trouvons sur la cr\u00eate du Wolfsbusch, une zone foresti\u00e8re d&rsquo;environ 1 000 hectares dans les Cantons de l\u2019Est. Autour de nous, des troncs d&rsquo;\u00e9pic\u00e9a nus, leurs branches craquant au vent au-dessus de nos t\u00eates, des fruits sauvages et un silence assourdissant apr\u00e8s le concert interrompu des oiseaux. Apr\u00e8s ce bref interm\u00e8de, les oiseaux reprennent leurs bruyants gazouillis et Eric baisse d&rsquo;un ton. Il faut dire que nous ne sommes ici que des invit\u00e9s.<\/p>\n<p>Aujourd&rsquo;hui, nous faisons la \u00ab Balade de r\u00eave \u2013 La rivi\u00e8re d&rsquo;or \u00bb, une boucle de dix kilom\u00e8tres qui part de Montenau et traverse le Wolfsbusch. Elle longe le cours de l\u2019Ambl\u00e8ve avant de revenir \u00e0 son point de d\u00e9part. Le village d&rsquo;un peu moins de 350 \u00e2mes est des plus charmants avec ses fa\u00e7ades blanchies \u00e0 la chaux, ses toits d\u2019ardoises de l&rsquo;Eifel et ses jardinets bien entretenus. Quand le vent est favorable, on peut sentir les d\u00e9licieux effluves de jambon des Ardennes, produit ici.<\/p>\n","widget_paragraph_headlines_image_link":""},"widget_paragraph_headlines_image_image":{"ID":697,"id":697,"title":"GROB_0271_1","filename":"GROB_0271_1.jpg","filesize":693623,"url":"https:\/\/tourismus-grossregion.eu\/fr\/wp-content\/uploads\/sites\/3\/2021\/07\/GROB_0271_1.jpg","link":"https:\/\/tourismus-grossregion.eu\/fr\/dans-le-wolfsbusch\/grob_0271_1\/","alt":"Trois randonneurs sont visibles de loin, ils portent des v\u00eatements clairs. Ils traversent une for\u00eat avec des arbres immenses et des plantes vertes basses.","author":"2","description":"Trois randonneurs sont visibles de loin, ils portent des v\u00eatements clairs. Ils traversent une for\u00eat avec des arbres immenses et des plantes vertes basses.","caption":"","name":"grob_0271_1","status":"inherit","uploaded_to":695,"date":"2021-07-27 10:24:43","modified":"2021-08-13 09:09:21","menu_order":0,"mime_type":"image\/jpeg","type":"image","subtype":"jpeg","icon":"https:\/\/tourismus-grossregion.eu\/fr\/wp-includes\/images\/media\/default.png","width":1920,"height":1282,"sizes":{"thumbnail":"https:\/\/tourismus-grossregion.eu\/fr\/wp-content\/uploads\/sites\/3\/2021\/07\/GROB_0271_1-150x150.jpg","thumbnail-width":150,"thumbnail-height":150,"medium":"https:\/\/tourismus-grossregion.eu\/fr\/wp-content\/uploads\/sites\/3\/2021\/07\/GROB_0271_1-300x200.jpg","medium-width":300,"medium-height":200,"medium_large":"https:\/\/tourismus-grossregion.eu\/fr\/wp-content\/uploads\/sites\/3\/2021\/07\/GROB_0271_1-768x513.jpg","medium_large-width":768,"medium_large-height":513,"large":"https:\/\/tourismus-grossregion.eu\/fr\/wp-content\/uploads\/sites\/3\/2021\/07\/GROB_0271_1-1024x684.jpg","large-width":1024,"large-height":684,"1536x1536":"https:\/\/tourismus-grossregion.eu\/fr\/wp-content\/uploads\/sites\/3\/2021\/07\/GROB_0271_1-1536x1026.jpg","1536x1536-width":1536,"1536x1536-height":1026,"2048x2048":"https:\/\/tourismus-grossregion.eu\/fr\/wp-content\/uploads\/sites\/3\/2021\/07\/GROB_0271_1.jpg","2048x2048-width":1920,"2048x2048-height":1282,"download-thumbnail":"https:\/\/tourismus-grossregion.eu\/fr\/wp-content\/uploads\/sites\/3\/2021\/07\/GROB_0271_1-345x230.jpg","download-thumbnail-width":345,"download-thumbnail-height":230,"paragraphimage":"https:\/\/tourismus-grossregion.eu\/fr\/wp-content\/uploads\/sites\/3\/2021\/07\/GROB_0271_1-468x312.jpg","paragraphimage-width":468,"paragraphimage-height":312,"slider-image":"https:\/\/tourismus-grossregion.eu\/fr\/wp-content\/uploads\/sites\/3\/2021\/07\/GROB_0271_1-901x715.jpg","slider-image-width":901,"slider-image-height":715,"quote-image":"https:\/\/tourismus-grossregion.eu\/fr\/wp-content\/uploads\/sites\/3\/2021\/07\/GROB_0271_1-683x456.jpg","quote-image-width":683,"quote-image-height":456,"productcard-image":"https:\/\/tourismus-grossregion.eu\/fr\/wp-content\/uploads\/sites\/3\/2021\/07\/GROB_0271_1-710x474.jpg","productcard-image-width":710,"productcard-image-height":474}},"widget_paragraph_headlines_image_image_option":false,"widget_paragraph_headlines_image_margin":"small"},{"acf_fc_layout":"widget_editor","widget_editor_justify":true,"widget_editor_editor":"<p>Eric Wiesemes, bourgmestre de l\u2019entit\u00e9 d&rsquo;Ambl\u00e8ve, dont Montenau fait partie, parle de tourisme vert. Selon lui, sa commune est le lieu incontournable pour d\u00e9couvrir les Cantons de l\u2019Est authentiques. Il vit \u00e0 Montenau et, \u00e0 ses heures perdues, il aime faire de la randonn\u00e9e et du VTT dans le Wolfsbusch. L\u2019\u00e9tymologie de Wolfsbusch (for\u00eat du loup) ne doit rien au hasard, explique Eric. Jusqu&rsquo;au XIXe si\u00e8cle, ce noble animal arpentait ces vastes for\u00eats. Aujourd&rsquo;hui, seuls quelques cerfs et sangliers farouches viennent encore s&rsquo;\u00e9battre ici.<\/p>\n","widget_editor_margin":"small"},{"acf_fc_layout":"widget_image","widget_image_image":{"ID":699,"id":699,"title":"GROB_0061_1","filename":"GROB_0061_1.jpg","filesize":726284,"url":"https:\/\/tourismus-grossregion.eu\/fr\/wp-content\/uploads\/sites\/3\/2021\/07\/GROB_0061_1.jpg","link":"https:\/\/tourismus-grossregion.eu\/fr\/dans-le-wolfsbusch\/grob_0061_1\/","alt":"Trois randonneurs marchant \u00e0 travers le wolfbush.","author":"2","description":"Trois randonneurs marchant \u00e0 travers le wolfbush.","caption":"","name":"grob_0061_1","status":"inherit","uploaded_to":695,"date":"2021-07-27 10:24:44","modified":"2021-08-13 09:09:13","menu_order":0,"mime_type":"image\/jpeg","type":"image","subtype":"jpeg","icon":"https:\/\/tourismus-grossregion.eu\/fr\/wp-includes\/images\/media\/default.png","width":1920,"height":1282,"sizes":{"thumbnail":"https:\/\/tourismus-grossregion.eu\/fr\/wp-content\/uploads\/sites\/3\/2021\/07\/GROB_0061_1-150x150.jpg","thumbnail-width":150,"thumbnail-height":150,"medium":"https:\/\/tourismus-grossregion.eu\/fr\/wp-content\/uploads\/sites\/3\/2021\/07\/GROB_0061_1-300x200.jpg","medium-width":300,"medium-height":200,"medium_large":"https:\/\/tourismus-grossregion.eu\/fr\/wp-content\/uploads\/sites\/3\/2021\/07\/GROB_0061_1-768x513.jpg","medium_large-width":768,"medium_large-height":513,"large":"https:\/\/tourismus-grossregion.eu\/fr\/wp-content\/uploads\/sites\/3\/2021\/07\/GROB_0061_1-1024x684.jpg","large-width":1024,"large-height":684,"1536x1536":"https:\/\/tourismus-grossregion.eu\/fr\/wp-content\/uploads\/sites\/3\/2021\/07\/GROB_0061_1-1536x1026.jpg","1536x1536-width":1536,"1536x1536-height":1026,"2048x2048":"https:\/\/tourismus-grossregion.eu\/fr\/wp-content\/uploads\/sites\/3\/2021\/07\/GROB_0061_1.jpg","2048x2048-width":1920,"2048x2048-height":1282,"download-thumbnail":"https:\/\/tourismus-grossregion.eu\/fr\/wp-content\/uploads\/sites\/3\/2021\/07\/GROB_0061_1-345x230.jpg","download-thumbnail-width":345,"download-thumbnail-height":230,"paragraphimage":"https:\/\/tourismus-grossregion.eu\/fr\/wp-content\/uploads\/sites\/3\/2021\/07\/GROB_0061_1-468x312.jpg","paragraphimage-width":468,"paragraphimage-height":312,"slider-image":"https:\/\/tourismus-grossregion.eu\/fr\/wp-content\/uploads\/sites\/3\/2021\/07\/GROB_0061_1-901x715.jpg","slider-image-width":901,"slider-image-height":715,"quote-image":"https:\/\/tourismus-grossregion.eu\/fr\/wp-content\/uploads\/sites\/3\/2021\/07\/GROB_0061_1-683x456.jpg","quote-image-width":683,"quote-image-height":456,"productcard-image":"https:\/\/tourismus-grossregion.eu\/fr\/wp-content\/uploads\/sites\/3\/2021\/07\/GROB_0061_1-710x474.jpg","productcard-image-width":710,"productcard-image-height":474}},"widget_image_caption":"","widget_image_margin":"small"},{"acf_fc_layout":"widget_paragraph_headlines","widget_paragraph_headlines_width":"100","widget_paragraph_headlines_preline":"","widget_paragraph_headlines_headline":"","widget_paragraph_headlines_subline":"Sur la piste des Celtes","widget_paragraph_headlines_editor_justify":true,"widget_paragraph_headlines_editor":"<p>Le Wolfsbusch est un lieu \u00e0 la fois magique et singulier. Les histoires qui ont pour th\u00e9\u00e2tre cette for\u00eat sont aussi vari\u00e9es que la nature que nous traversons aujourd&rsquo;hui. L&rsquo;une d&rsquo;elles raconte que les carri\u00e8res qui pars\u00e8ment encore aujourd&rsquo;hui la r\u00e9gion ont \u00e9t\u00e9 creus\u00e9es par des nains. Cependant, on n&rsquo;a jamais retrouv\u00e9 de traces du \u00ab petit peuple \u00bb.<\/p>\n","widget_paragraph_headlines_margin":"small"},{"acf_fc_layout":"widget_paragraph_headlines_image","widget_paragraph_headlines_image_orientation":false,"widget_paragraph_headlines_image_decoration":false,"widget_paragraph_headlines_image_content":{"widget_paragraph_headlines_image_preline":"","widget_paragraph_headlines_image_headline":"","widget_paragraph_headlines_image_subline":"","widget_paragraph_headlines_image_editor_justify":true,"widget_paragraph_headlines_image_editor":"<p>C&rsquo;est une de ces carri\u00e8res que nous visitons ensuite. \u00c0 peine Eric veut-il nous mettre en garde qu\u2019un tonitruant \u00ab ATTENTION ! \u00bb retentit derri\u00e8re nous. Un v\u00e9t\u00e9tiste d\u00e9boule comme une fl\u00e8che du sous-bois, emprunte une petite rampe, dispara\u00eet derri\u00e8re un talus avant d&rsquo;\u00e9merger quelques m\u00e8tres plus loin. Il d\u00e9rape en freinant, nous fait signe de l\u2019excuser et poursuit sa route. Les parcours de VTT et de randonn\u00e9e convergent aux pierres celtes, explique Eric. Il faut donc \u00eatre prudent avant de descendre dans les carri\u00e8res. Apr\u00e8s avoir bien regard\u00e9 \u00e0 gauche et \u00e0 droite, nous descendons dans le gouffre par lequel le v\u00e9t\u00e9tiste vient de filer.<\/p>\n<p>Eric prend appui sur un rocher bien rond. \u00ab Il y a pr\u00e8s de 2 000 ans, c\u2019est ici que les Celtes venaient d\u00e9gager les meuli\u00e8res avant de les transporter dans les environs \u00bb. Quelques pierres sont encore visibles dans le Wolfsbusch. Les vestiges circulaires de cette fosse dateraient de l\u2019\u00e9poque romaine. Les Romains, qui ont occup\u00e9 la r\u00e9gion apr\u00e8s les Celtes, ont continu\u00e9 \u00e0 exploiter les carri\u00e8res. Ils ont aussi repris \u00e0 leur compte les gisements d&rsquo;or des Celtes dans les rivi\u00e8res environnantes.<\/p>\n","widget_paragraph_headlines_image_link":""},"widget_paragraph_headlines_image_image":{"ID":700,"id":700,"title":"GROB_0246_1","filename":"GROB_0246_1.jpg","filesize":908903,"url":"https:\/\/tourismus-grossregion.eu\/fr\/wp-content\/uploads\/sites\/3\/2021\/07\/GROB_0246_1.jpg","link":"https:\/\/tourismus-grossregion.eu\/fr\/dans-le-wolfsbusch\/grob_0246_1\/","alt":"Le guide touristique appuie sa main sur une pierre ancienne qui a \u00e9t\u00e9 fa\u00e7onn\u00e9e en cercle par les Romains.","author":"2","description":"Le guide touristique appuie sa main sur une pierre ancienne qui a \u00e9t\u00e9 fa\u00e7onn\u00e9e en cercle par les Romains.","caption":"","name":"grob_0246_1","status":"inherit","uploaded_to":695,"date":"2021-07-27 10:24:45","modified":"2021-08-13 09:09:10","menu_order":0,"mime_type":"image\/jpeg","type":"image","subtype":"jpeg","icon":"https:\/\/tourismus-grossregion.eu\/fr\/wp-includes\/images\/media\/default.png","width":1920,"height":1282,"sizes":{"thumbnail":"https:\/\/tourismus-grossregion.eu\/fr\/wp-content\/uploads\/sites\/3\/2021\/07\/GROB_0246_1-150x150.jpg","thumbnail-width":150,"thumbnail-height":150,"medium":"https:\/\/tourismus-grossregion.eu\/fr\/wp-content\/uploads\/sites\/3\/2021\/07\/GROB_0246_1-300x200.jpg","medium-width":300,"medium-height":200,"medium_large":"https:\/\/tourismus-grossregion.eu\/fr\/wp-content\/uploads\/sites\/3\/2021\/07\/GROB_0246_1-768x513.jpg","medium_large-width":768,"medium_large-height":513,"large":"https:\/\/tourismus-grossregion.eu\/fr\/wp-content\/uploads\/sites\/3\/2021\/07\/GROB_0246_1-1024x684.jpg","large-width":1024,"large-height":684,"1536x1536":"https:\/\/tourismus-grossregion.eu\/fr\/wp-content\/uploads\/sites\/3\/2021\/07\/GROB_0246_1-1536x1026.jpg","1536x1536-width":1536,"1536x1536-height":1026,"2048x2048":"https:\/\/tourismus-grossregion.eu\/fr\/wp-content\/uploads\/sites\/3\/2021\/07\/GROB_0246_1.jpg","2048x2048-width":1920,"2048x2048-height":1282,"download-thumbnail":"https:\/\/tourismus-grossregion.eu\/fr\/wp-content\/uploads\/sites\/3\/2021\/07\/GROB_0246_1-345x230.jpg","download-thumbnail-width":345,"download-thumbnail-height":230,"paragraphimage":"https:\/\/tourismus-grossregion.eu\/fr\/wp-content\/uploads\/sites\/3\/2021\/07\/GROB_0246_1-468x312.jpg","paragraphimage-width":468,"paragraphimage-height":312,"slider-image":"https:\/\/tourismus-grossregion.eu\/fr\/wp-content\/uploads\/sites\/3\/2021\/07\/GROB_0246_1-901x715.jpg","slider-image-width":901,"slider-image-height":715,"quote-image":"https:\/\/tourismus-grossregion.eu\/fr\/wp-content\/uploads\/sites\/3\/2021\/07\/GROB_0246_1-683x456.jpg","quote-image-width":683,"quote-image-height":456,"productcard-image":"https:\/\/tourismus-grossregion.eu\/fr\/wp-content\/uploads\/sites\/3\/2021\/07\/GROB_0246_1-710x474.jpg","productcard-image-width":710,"productcard-image-height":474}},"widget_paragraph_headlines_image_image_option":false,"widget_paragraph_headlines_image_margin":"small"},{"acf_fc_layout":"widget_paragraph_headlines_image","widget_paragraph_headlines_image_orientation":true,"widget_paragraph_headlines_image_decoration":false,"widget_paragraph_headlines_image_content":{"widget_paragraph_headlines_image_preline":"","widget_paragraph_headlines_image_headline":"","widget_paragraph_headlines_image_subline":"Points-n\u0153uds : tertres d\u2019orpaillage ","widget_paragraph_headlines_image_editor_justify":true,"widget_paragraph_headlines_image_editor":"<p>En traversant la route entre le Wolfsbusch et l\u2019Ambl\u00e8ve, nous laissons les \u00e9pic\u00e9as derri\u00e8re nous et entrons dans un autre monde. C\u2019est le royaume des hautes herbes, des jeunes fr\u00eanes et h\u00eatres, des buissons de gen\u00eats et des chardons \u00e9pineux. Le sentier \u00e9troit est stri\u00e9 d&rsquo;\u00e9paisses racines s\u00e8ches ; la rivi\u00e8re coule \u00e0 notre gauche. \u00ab C\u2019est un bras secondaire de l\u2019Ambl\u00e8ve, pr\u00e9cise Eric. C\u2019est un \u00e9levage de truites. \u00bb Nous retrouvons rapidement le cours principal de la rivi\u00e8re. Tout comme les \u00e9pic\u00e9as, qui contrastent magnifiquement avec les fleurs sauvages roses, blanches et jaunes.<\/p>\n<p>Eric, qui ouvre la marche quelques m\u00e8tres devant nous, s&rsquo;arr\u00eate tout \u00e0 coup, l\u2019attention attir\u00e9e par un chevreuil \u00e0 la robe rousse, aux aguets dans une petite clairi\u00e8re. Le jeune brocard toise calmement notre petit groupe, h\u00e9sitant entre Eric et nous, ce qui nous laisse le temps de prendre une photo et une vid\u00e9o un peu floue, histoire de convaincre les incr\u00e9dules. Ravis de cette rencontre fortuite, nous continuons vers l\u2019amont, par les collines en pente douce, pour rallier Montenau.<\/p>\n","widget_paragraph_headlines_image_link":""},"widget_paragraph_headlines_image_image":{"ID":698,"id":698,"title":"GROB_0360_1","filename":"GROB_0360_1.jpg","filesize":633695,"url":"https:\/\/tourismus-grossregion.eu\/fr\/wp-content\/uploads\/sites\/3\/2021\/07\/GROB_0360_1.jpg","link":"https:\/\/tourismus-grossregion.eu\/fr\/dans-le-wolfsbusch\/grob_0360_1\/","alt":"Un petit cerf brun clair au milieu de la photo est entour\u00e9 de vert.","author":"2","description":"Un petit cerf brun clair au milieu de la photo est entour\u00e9 de vert.","caption":"","name":"grob_0360_1","status":"inherit","uploaded_to":695,"date":"2021-07-27 10:24:43","modified":"2021-08-13 09:09:18","menu_order":0,"mime_type":"image\/jpeg","type":"image","subtype":"jpeg","icon":"https:\/\/tourismus-grossregion.eu\/fr\/wp-includes\/images\/media\/default.png","width":1920,"height":1282,"sizes":{"thumbnail":"https:\/\/tourismus-grossregion.eu\/fr\/wp-content\/uploads\/sites\/3\/2021\/07\/GROB_0360_1-150x150.jpg","thumbnail-width":150,"thumbnail-height":150,"medium":"https:\/\/tourismus-grossregion.eu\/fr\/wp-content\/uploads\/sites\/3\/2021\/07\/GROB_0360_1-300x200.jpg","medium-width":300,"medium-height":200,"medium_large":"https:\/\/tourismus-grossregion.eu\/fr\/wp-content\/uploads\/sites\/3\/2021\/07\/GROB_0360_1-768x513.jpg","medium_large-width":768,"medium_large-height":513,"large":"https:\/\/tourismus-grossregion.eu\/fr\/wp-content\/uploads\/sites\/3\/2021\/07\/GROB_0360_1-1024x684.jpg","large-width":1024,"large-height":684,"1536x1536":"https:\/\/tourismus-grossregion.eu\/fr\/wp-content\/uploads\/sites\/3\/2021\/07\/GROB_0360_1-1536x1026.jpg","1536x1536-width":1536,"1536x1536-height":1026,"2048x2048":"https:\/\/tourismus-grossregion.eu\/fr\/wp-content\/uploads\/sites\/3\/2021\/07\/GROB_0360_1.jpg","2048x2048-width":1920,"2048x2048-height":1282,"download-thumbnail":"https:\/\/tourismus-grossregion.eu\/fr\/wp-content\/uploads\/sites\/3\/2021\/07\/GROB_0360_1-345x230.jpg","download-thumbnail-width":345,"download-thumbnail-height":230,"paragraphimage":"https:\/\/tourismus-grossregion.eu\/fr\/wp-content\/uploads\/sites\/3\/2021\/07\/GROB_0360_1-468x312.jpg","paragraphimage-width":468,"paragraphimage-height":312,"slider-image":"https:\/\/tourismus-grossregion.eu\/fr\/wp-content\/uploads\/sites\/3\/2021\/07\/GROB_0360_1-901x715.jpg","slider-image-width":901,"slider-image-height":715,"quote-image":"https:\/\/tourismus-grossregion.eu\/fr\/wp-content\/uploads\/sites\/3\/2021\/07\/GROB_0360_1-683x456.jpg","quote-image-width":683,"quote-image-height":456,"productcard-image":"https:\/\/tourismus-grossregion.eu\/fr\/wp-content\/uploads\/sites\/3\/2021\/07\/GROB_0360_1-710x474.jpg","productcard-image-width":710,"productcard-image-height":474}},"widget_paragraph_headlines_image_image_option":false,"widget_paragraph_headlines_image_margin":"small"},{"acf_fc_layout":"widget_paragraph_headlines","widget_paragraph_headlines_width":"100","widget_paragraph_headlines_preline":"","widget_paragraph_headlines_headline":"","widget_paragraph_headlines_subline":"Chute du prix de l'or \u00e0 Rome ","widget_paragraph_headlines_editor_justify":true,"widget_paragraph_headlines_editor":"<p>Ces collines n&rsquo;ont pas toujours \u00e9t\u00e9 l\u00e0. Elles ont \u00e9t\u00e9 \u00e9rig\u00e9es, centim\u00e8tre par centim\u00e8tre, avec les alluvions retir\u00e9es de la rivi\u00e8re par les Celtes et apr\u00e8s eux les Romains lors de la fi\u00e8vre de l\u2019or. \u00ab Sous l&rsquo;occupation romaine, on raconte qu\u2019on avait trouv\u00e9 tant d&rsquo;or en Gaule, dont faisaient partie les Cantons de l\u2019Est, que Jules C\u00e9sar se plaignit de la chute du prix de l&rsquo;or dans l&rsquo;Empire romain \u00bb, lance Eric en riant. Et d&rsquo;ajouter que cela n&rsquo;est probablement pas exact d&rsquo;un point de vue historique.<\/p>\n","widget_paragraph_headlines_margin":"small"},{"acf_fc_layout":"widget_gallery","widget_gallery_entries":[{"widget_gallery_image":{"ID":701,"id":701,"title":"GROB_0656_1","filename":"GROB_0656_1.jpg","filesize":384898,"url":"https:\/\/tourismus-grossregion.eu\/fr\/wp-content\/uploads\/sites\/3\/2021\/07\/GROB_0656_1.jpg","link":"https:\/\/tourismus-grossregion.eu\/fr\/dans-le-wolfsbusch\/grob_0656_1\/","alt":"On peut voir sur cette photo des fleurs sauvages de couleur violette et jaune.","author":"2","description":"On peut voir sur cette photo des fleurs sauvages de couleur violette et jaune.","caption":"","name":"grob_0656_1","status":"inherit","uploaded_to":695,"date":"2021-07-27 10:24:46","modified":"2021-08-13 09:09:07","menu_order":0,"mime_type":"image\/jpeg","type":"image","subtype":"jpeg","icon":"https:\/\/tourismus-grossregion.eu\/fr\/wp-includes\/images\/media\/default.png","width":1920,"height":1282,"sizes":{"thumbnail":"https:\/\/tourismus-grossregion.eu\/fr\/wp-content\/uploads\/sites\/3\/2021\/07\/GROB_0656_1-150x150.jpg","thumbnail-width":150,"thumbnail-height":150,"medium":"https:\/\/tourismus-grossregion.eu\/fr\/wp-content\/uploads\/sites\/3\/2021\/07\/GROB_0656_1-300x200.jpg","medium-width":300,"medium-height":200,"medium_large":"https:\/\/tourismus-grossregion.eu\/fr\/wp-content\/uploads\/sites\/3\/2021\/07\/GROB_0656_1-768x513.jpg","medium_large-width":768,"medium_large-height":513,"large":"https:\/\/tourismus-grossregion.eu\/fr\/wp-content\/uploads\/sites\/3\/2021\/07\/GROB_0656_1-1024x684.jpg","large-width":1024,"large-height":684,"1536x1536":"https:\/\/tourismus-grossregion.eu\/fr\/wp-content\/uploads\/sites\/3\/2021\/07\/GROB_0656_1-1536x1026.jpg","1536x1536-width":1536,"1536x1536-height":1026,"2048x2048":"https:\/\/tourismus-grossregion.eu\/fr\/wp-content\/uploads\/sites\/3\/2021\/07\/GROB_0656_1.jpg","2048x2048-width":1920,"2048x2048-height":1282,"download-thumbnail":"https:\/\/tourismus-grossregion.eu\/fr\/wp-content\/uploads\/sites\/3\/2021\/07\/GROB_0656_1-345x230.jpg","download-thumbnail-width":345,"download-thumbnail-height":230,"paragraphimage":"https:\/\/tourismus-grossregion.eu\/fr\/wp-content\/uploads\/sites\/3\/2021\/07\/GROB_0656_1-468x312.jpg","paragraphimage-width":468,"paragraphimage-height":312,"slider-image":"https:\/\/tourismus-grossregion.eu\/fr\/wp-content\/uploads\/sites\/3\/2021\/07\/GROB_0656_1-901x715.jpg","slider-image-width":901,"slider-image-height":715,"quote-image":"https:\/\/tourismus-grossregion.eu\/fr\/wp-content\/uploads\/sites\/3\/2021\/07\/GROB_0656_1-683x456.jpg","quote-image-width":683,"quote-image-height":456,"productcard-image":"https:\/\/tourismus-grossregion.eu\/fr\/wp-content\/uploads\/sites\/3\/2021\/07\/GROB_0656_1-710x474.jpg","productcard-image-width":710,"productcard-image-height":474}},"widget_gallery_caption":""},{"widget_gallery_image":{"ID":702,"id":702,"title":"GROB_0634_1","filename":"GROB_0634_1.jpg","filesize":464367,"url":"https:\/\/tourismus-grossregion.eu\/fr\/wp-content\/uploads\/sites\/3\/2021\/07\/GROB_0634_1.jpg","link":"https:\/\/tourismus-grossregion.eu\/fr\/dans-le-wolfsbusch\/grob_0634_1\/","alt":"On peut voir de loin un village pr\u00e8s du Buisson du loup, avec une nature verte et un ciel bleu dans l'image.","author":"2","description":"On peut voir de loin un village pr\u00e8s du Buisson du loup, avec une nature verte et un ciel bleu dans l'image.","caption":"","name":"grob_0634_1","status":"inherit","uploaded_to":695,"date":"2021-07-27 10:24:46","modified":"2021-08-13 09:09:02","menu_order":0,"mime_type":"image\/jpeg","type":"image","subtype":"jpeg","icon":"https:\/\/tourismus-grossregion.eu\/fr\/wp-includes\/images\/media\/default.png","width":1920,"height":1282,"sizes":{"thumbnail":"https:\/\/tourismus-grossregion.eu\/fr\/wp-content\/uploads\/sites\/3\/2021\/07\/GROB_0634_1-150x150.jpg","thumbnail-width":150,"thumbnail-height":150,"medium":"https:\/\/tourismus-grossregion.eu\/fr\/wp-content\/uploads\/sites\/3\/2021\/07\/GROB_0634_1-300x200.jpg","medium-width":300,"medium-height":200,"medium_large":"https:\/\/tourismus-grossregion.eu\/fr\/wp-content\/uploads\/sites\/3\/2021\/07\/GROB_0634_1-768x513.jpg","medium_large-width":768,"medium_large-height":513,"large":"https:\/\/tourismus-grossregion.eu\/fr\/wp-content\/uploads\/sites\/3\/2021\/07\/GROB_0634_1-1024x684.jpg","large-width":1024,"large-height":684,"1536x1536":"https:\/\/tourismus-grossregion.eu\/fr\/wp-content\/uploads\/sites\/3\/2021\/07\/GROB_0634_1-1536x1026.jpg","1536x1536-width":1536,"1536x1536-height":1026,"2048x2048":"https:\/\/tourismus-grossregion.eu\/fr\/wp-content\/uploads\/sites\/3\/2021\/07\/GROB_0634_1.jpg","2048x2048-width":1920,"2048x2048-height":1282,"download-thumbnail":"https:\/\/tourismus-grossregion.eu\/fr\/wp-content\/uploads\/sites\/3\/2021\/07\/GROB_0634_1-345x230.jpg","download-thumbnail-width":345,"download-thumbnail-height":230,"paragraphimage":"https:\/\/tourismus-grossregion.eu\/fr\/wp-content\/uploads\/sites\/3\/2021\/07\/GROB_0634_1-468x312.jpg","paragraphimage-width":468,"paragraphimage-height":312,"slider-image":"https:\/\/tourismus-grossregion.eu\/fr\/wp-content\/uploads\/sites\/3\/2021\/07\/GROB_0634_1-901x715.jpg","slider-image-width":901,"slider-image-height":715,"quote-image":"https:\/\/tourismus-grossregion.eu\/fr\/wp-content\/uploads\/sites\/3\/2021\/07\/GROB_0634_1-683x456.jpg","quote-image-width":683,"quote-image-height":456,"productcard-image":"https:\/\/tourismus-grossregion.eu\/fr\/wp-content\/uploads\/sites\/3\/2021\/07\/GROB_0634_1-710x474.jpg","productcard-image-width":710,"productcard-image-height":474}},"widget_gallery_caption":""},{"widget_gallery_image":{"ID":703,"id":703,"title":"GROB_0502_1","filename":"GROB_0502_1.jpg","filesize":316089,"url":"https:\/\/tourismus-grossregion.eu\/fr\/wp-content\/uploads\/sites\/3\/2021\/07\/GROB_0502_1.jpg","link":"https:\/\/tourismus-grossregion.eu\/fr\/dans-le-wolfsbusch\/grob_0502_1\/","alt":"L'accent est mis sur une plante verte de la r\u00e9gion du Wolfsbusch.","author":"2","description":"L'accent est mis sur une plante verte de la r\u00e9gion du Wolfsbusch.","caption":"","name":"grob_0502_1","status":"inherit","uploaded_to":695,"date":"2021-07-27 10:24:47","modified":"2021-08-13 09:09:00","menu_order":0,"mime_type":"image\/jpeg","type":"image","subtype":"jpeg","icon":"https:\/\/tourismus-grossregion.eu\/fr\/wp-includes\/images\/media\/default.png","width":1920,"height":1282,"sizes":{"thumbnail":"https:\/\/tourismus-grossregion.eu\/fr\/wp-content\/uploads\/sites\/3\/2021\/07\/GROB_0502_1-150x150.jpg","thumbnail-width":150,"thumbnail-height":150,"medium":"https:\/\/tourismus-grossregion.eu\/fr\/wp-content\/uploads\/sites\/3\/2021\/07\/GROB_0502_1-300x200.jpg","medium-width":300,"medium-height":200,"medium_large":"https:\/\/tourismus-grossregion.eu\/fr\/wp-content\/uploads\/sites\/3\/2021\/07\/GROB_0502_1-768x513.jpg","medium_large-width":768,"medium_large-height":513,"large":"https:\/\/tourismus-grossregion.eu\/fr\/wp-content\/uploads\/sites\/3\/2021\/07\/GROB_0502_1-1024x684.jpg","large-width":1024,"large-height":684,"1536x1536":"https:\/\/tourismus-grossregion.eu\/fr\/wp-content\/uploads\/sites\/3\/2021\/07\/GROB_0502_1-1536x1026.jpg","1536x1536-width":1536,"1536x1536-height":1026,"2048x2048":"https:\/\/tourismus-grossregion.eu\/fr\/wp-content\/uploads\/sites\/3\/2021\/07\/GROB_0502_1.jpg","2048x2048-width":1920,"2048x2048-height":1282,"download-thumbnail":"https:\/\/tourismus-grossregion.eu\/fr\/wp-content\/uploads\/sites\/3\/2021\/07\/GROB_0502_1-345x230.jpg","download-thumbnail-width":345,"download-thumbnail-height":230,"paragraphimage":"https:\/\/tourismus-grossregion.eu\/fr\/wp-content\/uploads\/sites\/3\/2021\/07\/GROB_0502_1-468x312.jpg","paragraphimage-width":468,"paragraphimage-height":312,"slider-image":"https:\/\/tourismus-grossregion.eu\/fr\/wp-content\/uploads\/sites\/3\/2021\/07\/GROB_0502_1-901x715.jpg","slider-image-width":901,"slider-image-height":715,"quote-image":"https:\/\/tourismus-grossregion.eu\/fr\/wp-content\/uploads\/sites\/3\/2021\/07\/GROB_0502_1-683x456.jpg","quote-image-width":683,"quote-image-height":456,"productcard-image":"https:\/\/tourismus-grossregion.eu\/fr\/wp-content\/uploads\/sites\/3\/2021\/07\/GROB_0502_1-710x474.jpg","productcard-image-width":710,"productcard-image-height":474}},"widget_gallery_caption":""},{"widget_gallery_image":{"ID":704,"id":704,"title":"GROB_0453_1","filename":"GROB_0453_1.jpg","filesize":620228,"url":"https:\/\/tourismus-grossregion.eu\/fr\/wp-content\/uploads\/sites\/3\/2021\/07\/GROB_0453_1.jpg","link":"https:\/\/tourismus-grossregion.eu\/fr\/dans-le-wolfsbusch\/grob_0453_1\/","alt":"Deux hommes et deux femmes marchent sur un sentier au milieu d'une v\u00e9g\u00e9tation luxuriante.","author":"2","description":"Deux hommes et deux femmes marchent sur un sentier au milieu d'une v\u00e9g\u00e9tation luxuriante.","caption":"","name":"grob_0453_1","status":"inherit","uploaded_to":695,"date":"2021-07-27 10:24:48","modified":"2021-08-13 09:08:57","menu_order":0,"mime_type":"image\/jpeg","type":"image","subtype":"jpeg","icon":"https:\/\/tourismus-grossregion.eu\/fr\/wp-includes\/images\/media\/default.png","width":1920,"height":1282,"sizes":{"thumbnail":"https:\/\/tourismus-grossregion.eu\/fr\/wp-content\/uploads\/sites\/3\/2021\/07\/GROB_0453_1-150x150.jpg","thumbnail-width":150,"thumbnail-height":150,"medium":"https:\/\/tourismus-grossregion.eu\/fr\/wp-content\/uploads\/sites\/3\/2021\/07\/GROB_0453_1-300x200.jpg","medium-width":300,"medium-height":200,"medium_large":"https:\/\/tourismus-grossregion.eu\/fr\/wp-content\/uploads\/sites\/3\/2021\/07\/GROB_0453_1-768x513.jpg","medium_large-width":768,"medium_large-height":513,"large":"https:\/\/tourismus-grossregion.eu\/fr\/wp-content\/uploads\/sites\/3\/2021\/07\/GROB_0453_1-1024x684.jpg","large-width":1024,"large-height":684,"1536x1536":"https:\/\/tourismus-grossregion.eu\/fr\/wp-content\/uploads\/sites\/3\/2021\/07\/GROB_0453_1-1536x1026.jpg","1536x1536-width":1536,"1536x1536-height":1026,"2048x2048":"https:\/\/tourismus-grossregion.eu\/fr\/wp-content\/uploads\/sites\/3\/2021\/07\/GROB_0453_1.jpg","2048x2048-width":1920,"2048x2048-height":1282,"download-thumbnail":"https:\/\/tourismus-grossregion.eu\/fr\/wp-content\/uploads\/sites\/3\/2021\/07\/GROB_0453_1-345x230.jpg","download-thumbnail-width":345,"download-thumbnail-height":230,"paragraphimage":"https:\/\/tourismus-grossregion.eu\/fr\/wp-content\/uploads\/sites\/3\/2021\/07\/GROB_0453_1-468x312.jpg","paragraphimage-width":468,"paragraphimage-height":312,"slider-image":"https:\/\/tourismus-grossregion.eu\/fr\/wp-content\/uploads\/sites\/3\/2021\/07\/GROB_0453_1-901x715.jpg","slider-image-width":901,"slider-image-height":715,"quote-image":"https:\/\/tourismus-grossregion.eu\/fr\/wp-content\/uploads\/sites\/3\/2021\/07\/GROB_0453_1-683x456.jpg","quote-image-width":683,"quote-image-height":456,"productcard-image":"https:\/\/tourismus-grossregion.eu\/fr\/wp-content\/uploads\/sites\/3\/2021\/07\/GROB_0453_1-710x474.jpg","productcard-image-width":710,"productcard-image-height":474}},"widget_gallery_caption":""},{"widget_gallery_image":{"ID":705,"id":705,"title":"GROB_0674_1","filename":"GROB_0674_1.jpg","filesize":411221,"url":"https:\/\/tourismus-grossregion.eu\/fr\/wp-content\/uploads\/sites\/3\/2021\/07\/GROB_0674_1.jpg","link":"https:\/\/tourismus-grossregion.eu\/fr\/dans-le-wolfsbusch\/grob_0674_1\/","alt":"Deux anciennes pi\u00e8ces romaines expos\u00e9es dans un mus\u00e9e sont mises au point sur un fond sombre.","author":"2","description":"Deux anciennes pi\u00e8ces romaines expos\u00e9es dans un mus\u00e9e sont mises au point sur un fond sombre.","caption":"","name":"grob_0674_1","status":"inherit","uploaded_to":695,"date":"2021-07-27 10:24:49","modified":"2021-08-13 09:08:55","menu_order":0,"mime_type":"image\/jpeg","type":"image","subtype":"jpeg","icon":"https:\/\/tourismus-grossregion.eu\/fr\/wp-includes\/images\/media\/default.png","width":1920,"height":1282,"sizes":{"thumbnail":"https:\/\/tourismus-grossregion.eu\/fr\/wp-content\/uploads\/sites\/3\/2021\/07\/GROB_0674_1-150x150.jpg","thumbnail-width":150,"thumbnail-height":150,"medium":"https:\/\/tourismus-grossregion.eu\/fr\/wp-content\/uploads\/sites\/3\/2021\/07\/GROB_0674_1-300x200.jpg","medium-width":300,"medium-height":200,"medium_large":"https:\/\/tourismus-grossregion.eu\/fr\/wp-content\/uploads\/sites\/3\/2021\/07\/GROB_0674_1-768x513.jpg","medium_large-width":768,"medium_large-height":513,"large":"https:\/\/tourismus-grossregion.eu\/fr\/wp-content\/uploads\/sites\/3\/2021\/07\/GROB_0674_1-1024x684.jpg","large-width":1024,"large-height":684,"1536x1536":"https:\/\/tourismus-grossregion.eu\/fr\/wp-content\/uploads\/sites\/3\/2021\/07\/GROB_0674_1-1536x1026.jpg","1536x1536-width":1536,"1536x1536-height":1026,"2048x2048":"https:\/\/tourismus-grossregion.eu\/fr\/wp-content\/uploads\/sites\/3\/2021\/07\/GROB_0674_1.jpg","2048x2048-width":1920,"2048x2048-height":1282,"download-thumbnail":"https:\/\/tourismus-grossregion.eu\/fr\/wp-content\/uploads\/sites\/3\/2021\/07\/GROB_0674_1-345x230.jpg","download-thumbnail-width":345,"download-thumbnail-height":230,"paragraphimage":"https:\/\/tourismus-grossregion.eu\/fr\/wp-content\/uploads\/sites\/3\/2021\/07\/GROB_0674_1-468x312.jpg","paragraphimage-width":468,"paragraphimage-height":312,"slider-image":"https:\/\/tourismus-grossregion.eu\/fr\/wp-content\/uploads\/sites\/3\/2021\/07\/GROB_0674_1-901x715.jpg","slider-image-width":901,"slider-image-height":715,"quote-image":"https:\/\/tourismus-grossregion.eu\/fr\/wp-content\/uploads\/sites\/3\/2021\/07\/GROB_0674_1-683x456.jpg","quote-image-width":683,"quote-image-height":456,"productcard-image":"https:\/\/tourismus-grossregion.eu\/fr\/wp-content\/uploads\/sites\/3\/2021\/07\/GROB_0674_1-710x474.jpg","productcard-image-width":710,"productcard-image-height":474}},"widget_gallery_caption":""}],"widget_gallery_margin":"small"},{"acf_fc_layout":"widget_editor","widget_editor_justify":true,"widget_editor_editor":"<p>Il y a une centaine d&rsquo;ann\u00e9es, Montenau attira encore les orpailleurs. Il y eut m\u00eame une petite ru\u00e9e vers l&rsquo;or. Aucun gros filon ne fut cependant d\u00e9couvert. \u00ab On dit qu&rsquo;un homme d\u00fbt creuser dix ans pour offrir une alliance en or de l&rsquo;Eifel \u00e0 sa femme, lance Eric en riant. Il devait vraiment en \u00eatre amoureux \u00bb.<\/p>\n<p>Aujourd&rsquo;hui, l&rsquo;orpaillage n&rsquo;est plus autoris\u00e9 ici. Pour se mettre dans la peau d&rsquo;un chercheur d\u2019or de jadis, une rampe d&rsquo;orpaillage a \u00e9t\u00e9 reconstitu\u00e9e \u00e0 Montenau. On peut chercher de l\u2019or dans les \u00e9boulis environnants. C&rsquo;est une chouette activit\u00e9 pour les enfants, mais Eric n\u2019est pas en reste. Il remplit un seau de d\u00e9bris, le vide sur le gros tamis de la rampe et y fait couler de l&rsquo;eau avec une pompe \u00e0 main.<br \/>\nIci, sur le site d&rsquo;orpaillage, on se demande o\u00f9 sont pass\u00e9s les oiseaux. Ils pr\u00e9f\u00e8rent sans doute la qui\u00e9tude de leurs cr\u00eates du Wolfsbusch.<\/p>\n<p>Plus d&rsquo;informations sur la randonn\u00e9e dans le Wolfsbusch :<br \/>\n<strong><a href=\"https:\/\/www.ostbelgien.eu\/fr\/fiche\/hiking\/balades-de-reve-01-montenau\" target=\"_blank\" rel=\"noopener\">https:\/\/www.ostbelgien.eu\/fr\/fiche\/hiking\/balades-de-reve-01-montenau<\/a><\/strong><\/p>\n","widget_editor_margin":"small"},{"acf_fc_layout":"widget_video","widget_video_type":false,"widget_video_youtube":"https:\/\/youtu.be\/lA2XbFxv1Fs","widget_video_youtube_poster_bool":true,"widget_video_youtube_poster":{"ID":704,"id":704,"title":"GROB_0453_1","filename":"GROB_0453_1.jpg","filesize":620228,"url":"https:\/\/tourismus-grossregion.eu\/fr\/wp-content\/uploads\/sites\/3\/2021\/07\/GROB_0453_1.jpg","link":"https:\/\/tourismus-grossregion.eu\/fr\/dans-le-wolfsbusch\/grob_0453_1\/","alt":"Deux hommes et deux femmes marchent sur un sentier au milieu d'une v\u00e9g\u00e9tation luxuriante.","author":"2","description":"Deux hommes et deux femmes marchent sur un sentier au milieu d'une v\u00e9g\u00e9tation luxuriante.","caption":"","name":"grob_0453_1","status":"inherit","uploaded_to":695,"date":"2021-07-27 10:24:48","modified":"2021-08-13 09:08:57","menu_order":0,"mime_type":"image\/jpeg","type":"image","subtype":"jpeg","icon":"https:\/\/tourismus-grossregion.eu\/fr\/wp-includes\/images\/media\/default.png","width":1920,"height":1282,"sizes":{"thumbnail":"https:\/\/tourismus-grossregion.eu\/fr\/wp-content\/uploads\/sites\/3\/2021\/07\/GROB_0453_1-150x150.jpg","thumbnail-width":150,"thumbnail-height":150,"medium":"https:\/\/tourismus-grossregion.eu\/fr\/wp-content\/uploads\/sites\/3\/2021\/07\/GROB_0453_1-300x200.jpg","medium-width":300,"medium-height":200,"medium_large":"https:\/\/tourismus-grossregion.eu\/fr\/wp-content\/uploads\/sites\/3\/2021\/07\/GROB_0453_1-768x513.jpg","medium_large-width":768,"medium_large-height":513,"large":"https:\/\/tourismus-grossregion.eu\/fr\/wp-content\/uploads\/sites\/3\/2021\/07\/GROB_0453_1-1024x684.jpg","large-width":1024,"large-height":684,"1536x1536":"https:\/\/tourismus-grossregion.eu\/fr\/wp-content\/uploads\/sites\/3\/2021\/07\/GROB_0453_1-1536x1026.jpg","1536x1536-width":1536,"1536x1536-height":1026,"2048x2048":"https:\/\/tourismus-grossregion.eu\/fr\/wp-content\/uploads\/sites\/3\/2021\/07\/GROB_0453_1.jpg","2048x2048-width":1920,"2048x2048-height":1282,"download-thumbnail":"https:\/\/tourismus-grossregion.eu\/fr\/wp-content\/uploads\/sites\/3\/2021\/07\/GROB_0453_1-345x230.jpg","download-thumbnail-width":345,"download-thumbnail-height":230,"paragraphimage":"https:\/\/tourismus-grossregion.eu\/fr\/wp-content\/uploads\/sites\/3\/2021\/07\/GROB_0453_1-468x312.jpg","paragraphimage-width":468,"paragraphimage-height":312,"slider-image":"https:\/\/tourismus-grossregion.eu\/fr\/wp-content\/uploads\/sites\/3\/2021\/07\/GROB_0453_1-901x715.jpg","slider-image-width":901,"slider-image-height":715,"quote-image":"https:\/\/tourismus-grossregion.eu\/fr\/wp-content\/uploads\/sites\/3\/2021\/07\/GROB_0453_1-683x456.jpg","quote-image-width":683,"quote-image-height":456,"productcard-image":"https:\/\/tourismus-grossregion.eu\/fr\/wp-content\/uploads\/sites\/3\/2021\/07\/GROB_0453_1-710x474.jpg","productcard-image-width":710,"productcard-image-height":474}},"widget_video_youtube_poster_filter":false,"widget_video_upload":false,"widget_video_headline":"","widget_video_duration":"02:36","widget_video_margin":"small"},{"acf_fc_layout":"widget_paragraph_headlines_image","widget_paragraph_headlines_image_orientation":false,"widget_paragraph_headlines_image_decoration":true,"widget_paragraph_headlines_image_content":{"widget_paragraph_headlines_image_preline":"","widget_paragraph_headlines_image_headline":"","widget_paragraph_headlines_image_subline":"Vous aimez ce que vous voyez ? ","widget_paragraph_headlines_image_editor_justify":true,"widget_paragraph_headlines_image_editor":"<p>La Grande R\u00e9gion a beaucoup plus \u00e0 offrir ! Jetez un coup d&rsquo;\u0153il aux histoires suivantes de la r\u00e9gion et laissez-vous inspirer.<\/p>\n","widget_paragraph_headlines_image_link":""},"widget_paragraph_headlines_image_image":false,"widget_paragraph_headlines_image_image_option":false,"widget_paragraph_headlines_image_margin":"small"},{"acf_fc_layout":"widget_content_carousel","widget_content_carousel_preline":"","widget_content_carousel_headline":"","widget_content_carousel_description_justify":false,"widget_content_carousel_entries":[{"widget_content_carousel_entries_thumbnail":{"ID":462,"id":462,"title":"DJI_0005_1_1","filename":"DJI_0005_1_1.jpg","filesize":979168,"url":"https:\/\/tourismus-grossregion.eu\/fr\/wp-content\/uploads\/sites\/3\/2021\/07\/DJI_0005_1_1.jpg","link":"https:\/\/tourismus-grossregion.eu\/fr\/vallee-de-la-holzwarche\/dji_0005_1_1\/","alt":"La vall\u00e9e de Holzwarche est repr\u00e9sent\u00e9e depuis une perspective de drone. Un ruisseau serpente \u00e0 travers une prairie verte.","author":"2","description":"La vall\u00e9e de Holzwarche est repr\u00e9sent\u00e9e depuis une perspective de drone. Un ruisseau serpente \u00e0 travers une prairie verte.","caption":"","name":"dji_0005_1_1","status":"inherit","uploaded_to":484,"date":"2021-07-26 11:15:00","modified":"2021-07-26 15:56:23","menu_order":0,"mime_type":"image\/jpeg","type":"image","subtype":"jpeg","icon":"https:\/\/tourismus-grossregion.eu\/fr\/wp-includes\/images\/media\/default.png","width":1920,"height":1440,"sizes":{"thumbnail":"https:\/\/tourismus-grossregion.eu\/fr\/wp-content\/uploads\/sites\/3\/2021\/07\/DJI_0005_1_1-150x150.jpg","thumbnail-width":150,"thumbnail-height":150,"medium":"https:\/\/tourismus-grossregion.eu\/fr\/wp-content\/uploads\/sites\/3\/2021\/07\/DJI_0005_1_1-300x225.jpg","medium-width":300,"medium-height":225,"medium_large":"https:\/\/tourismus-grossregion.eu\/fr\/wp-content\/uploads\/sites\/3\/2021\/07\/DJI_0005_1_1-768x576.jpg","medium_large-width":768,"medium_large-height":576,"large":"https:\/\/tourismus-grossregion.eu\/fr\/wp-content\/uploads\/sites\/3\/2021\/07\/DJI_0005_1_1-1024x768.jpg","large-width":1024,"large-height":768,"1536x1536":"https:\/\/tourismus-grossregion.eu\/fr\/wp-content\/uploads\/sites\/3\/2021\/07\/DJI_0005_1_1-1536x1152.jpg","1536x1536-width":1536,"1536x1536-height":1152,"2048x2048":"https:\/\/tourismus-grossregion.eu\/fr\/wp-content\/uploads\/sites\/3\/2021\/07\/DJI_0005_1_1.jpg","2048x2048-width":1920,"2048x2048-height":1440,"download-thumbnail":"https:\/\/tourismus-grossregion.eu\/fr\/wp-content\/uploads\/sites\/3\/2021\/07\/DJI_0005_1_1-345x259.jpg","download-thumbnail-width":345,"download-thumbnail-height":259,"paragraphimage":"https:\/\/tourismus-grossregion.eu\/fr\/wp-content\/uploads\/sites\/3\/2021\/07\/DJI_0005_1_1-468x351.jpg","paragraphimage-width":468,"paragraphimage-height":351,"slider-image":"https:\/\/tourismus-grossregion.eu\/fr\/wp-content\/uploads\/sites\/3\/2021\/07\/DJI_0005_1_1-901x715.jpg","slider-image-width":901,"slider-image-height":715,"quote-image":"https:\/\/tourismus-grossregion.eu\/fr\/wp-content\/uploads\/sites\/3\/2021\/07\/DJI_0005_1_1-683x512.jpg","quote-image-width":683,"quote-image-height":512,"productcard-image":"https:\/\/tourismus-grossregion.eu\/fr\/wp-content\/uploads\/sites\/3\/2021\/07\/DJI_0005_1_1-710x533.jpg","productcard-image-width":710,"productcard-image-height":533}},"widget_content_carousel_entries_title":"La vall\u00e9e de la Holzwarche","widget_content_carousel_entries_description":"<p>Balade dans la vall\u00e9e de la Holzwarche<\/p>\n","widget_content_carousel_entries__link":"https:\/\/tourismus-grossregion.eu\/fr\/?page_id=484&preview=true"},{"widget_content_carousel_entries_thumbnail":{"ID":411,"id":411,"title":"DJI_0852_1","filename":"DJI_0852_1.jpg","filesize":503198,"url":"https:\/\/tourismus-grossregion.eu\/fr\/wp-content\/uploads\/sites\/3\/2021\/07\/DJI_0852_1.jpg","link":"https:\/\/tourismus-grossregion.eu\/fr\/?attachment_id=411","alt":"Une vue dans la for\u00eat se concentre sur le dessous des arbres \u00e0 plusieurs m\u00e8tres de la cam\u00e9ra. Des herbes et de la verdure entourent les grands arbres.","author":"2","description":"Une vue dans la for\u00eat se concentre sur le dessous des arbres \u00e0 plusieurs m\u00e8tres de la cam\u00e9ra. Des herbes et de la verdure entourent les grands arbres.","caption":"","name":"dji_0852_1","status":"inherit","uploaded_to":516,"date":"2021-07-26 09:46:50","modified":"2021-07-26 12:39:14","menu_order":0,"mime_type":"image\/jpeg","type":"image","subtype":"jpeg","icon":"https:\/\/tourismus-grossregion.eu\/fr\/wp-includes\/images\/media\/default.png","width":1920,"height":1280,"sizes":{"thumbnail":"https:\/\/tourismus-grossregion.eu\/fr\/wp-content\/uploads\/sites\/3\/2021\/07\/DJI_0852_1-150x150.jpg","thumbnail-width":150,"thumbnail-height":150,"medium":"https:\/\/tourismus-grossregion.eu\/fr\/wp-content\/uploads\/sites\/3\/2021\/07\/DJI_0852_1-300x200.jpg","medium-width":300,"medium-height":200,"medium_large":"https:\/\/tourismus-grossregion.eu\/fr\/wp-content\/uploads\/sites\/3\/2021\/07\/DJI_0852_1-768x512.jpg","medium_large-width":768,"medium_large-height":512,"large":"https:\/\/tourismus-grossregion.eu\/fr\/wp-content\/uploads\/sites\/3\/2021\/07\/DJI_0852_1-1024x683.jpg","large-width":1024,"large-height":683,"1536x1536":"https:\/\/tourismus-grossregion.eu\/fr\/wp-content\/uploads\/sites\/3\/2021\/07\/DJI_0852_1-1536x1024.jpg","1536x1536-width":1536,"1536x1536-height":1024,"2048x2048":"https:\/\/tourismus-grossregion.eu\/fr\/wp-content\/uploads\/sites\/3\/2021\/07\/DJI_0852_1.jpg","2048x2048-width":1920,"2048x2048-height":1280,"download-thumbnail":"https:\/\/tourismus-grossregion.eu\/fr\/wp-content\/uploads\/sites\/3\/2021\/07\/DJI_0852_1-345x230.jpg","download-thumbnail-width":345,"download-thumbnail-height":230,"paragraphimage":"https:\/\/tourismus-grossregion.eu\/fr\/wp-content\/uploads\/sites\/3\/2021\/07\/DJI_0852_1-468x312.jpg","paragraphimage-width":468,"paragraphimage-height":312,"slider-image":"https:\/\/tourismus-grossregion.eu\/fr\/wp-content\/uploads\/sites\/3\/2021\/07\/DJI_0852_1-901x715.jpg","slider-image-width":901,"slider-image-height":715,"quote-image":"https:\/\/tourismus-grossregion.eu\/fr\/wp-content\/uploads\/sites\/3\/2021\/07\/DJI_0852_1-683x455.jpg","quote-image-width":683,"quote-image-height":455,"productcard-image":"https:\/\/tourismus-grossregion.eu\/fr\/wp-content\/uploads\/sites\/3\/2021\/07\/DJI_0852_1-710x473.jpg","productcard-image-width":710,"productcard-image-height":473}},"widget_content_carousel_entries_title":"Les Hautes Fagnes","widget_content_carousel_entries_description":"<p>Focus sur les Hautes Fagnes \u2013 Suivez le guide !<\/p>\n","widget_content_carousel_entries__link":"https:\/\/tourismus-grossregion.eu\/fr\/?page_id=490&preview=true"},{"widget_content_carousel_entries_thumbnail":{"ID":654,"id":654,"title":"18-A6601058","filename":"18-A6601058.jpg","filesize":490903,"url":"https:\/\/tourismus-grossregion.eu\/fr\/wp-content\/uploads\/sites\/3\/2021\/07\/18-A6601058.jpg","link":"https:\/\/tourismus-grossregion.eu\/fr\/promenade-aux-herbes-kelmis\/18-a6601058\/","alt":"Gros plan d'un bouquet de marguerites dans un panier.","author":"2","description":"Gros plan d'un bouquet de marguerites dans un panier.","caption":"","name":"18-a6601058","status":"inherit","uploaded_to":653,"date":"2021-07-27 09:51:52","modified":"2021-07-27 09:52:37","menu_order":0,"mime_type":"image\/jpeg","type":"image","subtype":"jpeg","icon":"https:\/\/tourismus-grossregion.eu\/fr\/wp-includes\/images\/media\/default.png","width":1920,"height":1280,"sizes":{"thumbnail":"https:\/\/tourismus-grossregion.eu\/fr\/wp-content\/uploads\/sites\/3\/2021\/07\/18-A6601058-150x150.jpg","thumbnail-width":150,"thumbnail-height":150,"medium":"https:\/\/tourismus-grossregion.eu\/fr\/wp-content\/uploads\/sites\/3\/2021\/07\/18-A6601058-300x200.jpg","medium-width":300,"medium-height":200,"medium_large":"https:\/\/tourismus-grossregion.eu\/fr\/wp-content\/uploads\/sites\/3\/2021\/07\/18-A6601058-768x512.jpg","medium_large-width":768,"medium_large-height":512,"large":"https:\/\/tourismus-grossregion.eu\/fr\/wp-content\/uploads\/sites\/3\/2021\/07\/18-A6601058-1024x683.jpg","large-width":1024,"large-height":683,"1536x1536":"https:\/\/tourismus-grossregion.eu\/fr\/wp-content\/uploads\/sites\/3\/2021\/07\/18-A6601058-1536x1024.jpg","1536x1536-width":1536,"1536x1536-height":1024,"2048x2048":"https:\/\/tourismus-grossregion.eu\/fr\/wp-content\/uploads\/sites\/3\/2021\/07\/18-A6601058.jpg","2048x2048-width":1920,"2048x2048-height":1280,"download-thumbnail":"https:\/\/tourismus-grossregion.eu\/fr\/wp-content\/uploads\/sites\/3\/2021\/07\/18-A6601058-345x230.jpg","download-thumbnail-width":345,"download-thumbnail-height":230,"paragraphimage":"https:\/\/tourismus-grossregion.eu\/fr\/wp-content\/uploads\/sites\/3\/2021\/07\/18-A6601058-468x312.jpg","paragraphimage-width":468,"paragraphimage-height":312,"slider-image":"https:\/\/tourismus-grossregion.eu\/fr\/wp-content\/uploads\/sites\/3\/2021\/07\/18-A6601058-901x715.jpg","slider-image-width":901,"slider-image-height":715,"quote-image":"https:\/\/tourismus-grossregion.eu\/fr\/wp-content\/uploads\/sites\/3\/2021\/07\/18-A6601058-683x455.jpg","quote-image-width":683,"quote-image-height":455,"productcard-image":"https:\/\/tourismus-grossregion.eu\/fr\/wp-content\/uploads\/sites\/3\/2021\/07\/18-A6601058-710x473.jpg","productcard-image-width":710,"productcard-image-height":473}},"widget_content_carousel_entries_title":"Promenade aux herbes \u00e0 Kelmis","widget_content_carousel_entries_description":"<p>Les joies de la cueillette sauvage<\/p>\n","widget_content_carousel_entries__link":"https:\/\/tourismus-grossregion.eu\/fr\/promenade-aux-herbes-kelmis\/"}],"widget_content_carousel_margin":"small"}],"page_fields_alternative_title":"Dans le Wolfsbusch"},"_links":{"self":[{"href":"https:\/\/tourismus-grossregion.eu\/fr\/wp-json\/wp\/v2\/pages\/695"}],"collection":[{"href":"https:\/\/tourismus-grossregion.eu\/fr\/wp-json\/wp\/v2\/pages"}],"about":[{"href":"https:\/\/tourismus-grossregion.eu\/fr\/wp-json\/wp\/v2\/types\/page"}],"author":[{"embeddable":true,"href":"https:\/\/tourismus-grossregion.eu\/fr\/wp-json\/wp\/v2\/users\/2"}],"replies":[{"embeddable":true,"href":"https:\/\/tourismus-grossregion.eu\/fr\/wp-json\/wp\/v2\/comments?post=695"}],"version-history":[{"count":12,"href":"https:\/\/tourismus-grossregion.eu\/fr\/wp-json\/wp\/v2\/pages\/695\/revisions"}],"predecessor-version":[{"id":1755,"href":"https:\/\/tourismus-grossregion.eu\/fr\/wp-json\/wp\/v2\/pages\/695\/revisions\/1755"}],"wp:featuredmedia":[{"embeddable":true,"href":"https:\/\/tourismus-grossregion.eu\/fr\/wp-json\/wp\/v2\/media\/696"}],"wp:attachment":[{"href":"https:\/\/tourismus-grossregion.eu\/fr\/wp-json\/wp\/v2\/media?parent=695"}],"curies":[{"name":"wp","href":"https:\/\/api.w.org\/{rel}","templated":true}]}}