{"id":795,"date":"2021-08-06T10:16:40","date_gmt":"2021-08-06T08:16:40","guid":{"rendered":"https:\/\/tourismus-grossregion.eu\/fr\/?page_id=795"},"modified":"2021-08-27T13:38:57","modified_gmt":"2021-08-27T11:38:57","slug":"schengen-et-francois-valentiny","status":"publish","type":"page","link":"https:\/\/tourismus-grossregion.eu\/fr\/schengen-et-francois-valentiny\/","title":{"rendered":"Story: Luxemburg: Schengen et Fran\u00e7ois Valentiny"},"content":{"rendered":"","protected":false},"excerpt":{"rendered":"","protected":false},"author":2,"featured_media":796,"parent":0,"menu_order":0,"comment_status":"closed","ping_status":"closed","template":"","meta":[],"yoast_head":"<!-- This site is optimized with the Yoast SEO plugin v16.9 - https:\/\/yoast.com\/wordpress\/plugins\/seo\/ -->\n<meta name=\"robots\" content=\"index, follow, max-snippet:-1, max-image-preview:large, max-video-preview:-1\" \/>\n<link rel=\"canonical\" href=\"https:\/\/tourismus-grossregion.eu\/fr\/schengen-et-francois-valentiny\/\" \/>\n<meta property=\"og:locale\" content=\"fr_FR\" \/>\n<meta property=\"og:type\" content=\"article\" \/>\n<meta property=\"og:title\" content=\"Story: Luxemburg: Schengen et Fran\u00e7ois Valentiny - Tourisme Grande R\u00e9gion\" \/>\n<meta property=\"og:url\" content=\"https:\/\/tourismus-grossregion.eu\/fr\/schengen-et-francois-valentiny\/\" \/>\n<meta property=\"og:site_name\" content=\"Tourisme Grande R\u00e9gion\" \/>\n<meta property=\"article:modified_time\" content=\"2021-08-27T11:38:57+00:00\" \/>\n<meta property=\"og:image\" content=\"https:\/\/tourismus-grossregion.eu\/fr\/wp-content\/uploads\/sites\/3\/2021\/07\/A7_08611_1.jpg\" \/>\n\t<meta property=\"og:image:width\" content=\"1920\" \/>\n\t<meta property=\"og:image:height\" content=\"1280\" \/>\n<meta name=\"twitter:card\" content=\"summary_large_image\" \/>\n<script type=\"application\/ld+json\" class=\"yoast-schema-graph\">{\"@context\":\"https:\/\/schema.org\",\"@graph\":[{\"@type\":\"WebSite\",\"@id\":\"https:\/\/tourismus-grossregion.eu\/fr\/#website\",\"url\":\"https:\/\/tourismus-grossregion.eu\/fr\/\",\"name\":\"Tourisme Grande R\\u00e9gion\",\"description\":\"Tourisme Grande R\\u00e9gion\",\"potentialAction\":[{\"@type\":\"SearchAction\",\"target\":{\"@type\":\"EntryPoint\",\"urlTemplate\":\"https:\/\/tourismus-grossregion.eu\/fr\/?s={search_term_string}\"},\"query-input\":\"required name=search_term_string\"}],\"inLanguage\":\"fr-FR\"},{\"@type\":\"ImageObject\",\"@id\":\"https:\/\/tourismus-grossregion.eu\/fr\/schengen-et-francois-valentiny\/#primaryimage\",\"inLanguage\":\"fr-FR\",\"url\":\"https:\/\/tourismus-grossregion.eu\/fr\/wp-content\/uploads\/sites\/3\/2021\/07\/A7_08611_1.jpg\",\"contentUrl\":\"https:\/\/tourismus-grossregion.eu\/fr\/wp-content\/uploads\/sites\/3\/2021\/07\/A7_08611_1.jpg\",\"width\":1920,\"height\":1280,\"caption\":\"Valentiny marche devant une exposition d'art architectural dans une salle enti\\u00e8rement blanche d'un mus\\u00e9e. Il porte une veste de costume grise, une chemise blanche et un pantalon fonc\\u00e9.\"},{\"@type\":\"WebPage\",\"@id\":\"https:\/\/tourismus-grossregion.eu\/fr\/schengen-et-francois-valentiny\/#webpage\",\"url\":\"https:\/\/tourismus-grossregion.eu\/fr\/schengen-et-francois-valentiny\/\",\"name\":\"Story: Luxemburg: Schengen et Fran\\u00e7ois Valentiny - Tourisme Grande R\\u00e9gion\",\"isPartOf\":{\"@id\":\"https:\/\/tourismus-grossregion.eu\/fr\/#website\"},\"primaryImageOfPage\":{\"@id\":\"https:\/\/tourismus-grossregion.eu\/fr\/schengen-et-francois-valentiny\/#primaryimage\"},\"datePublished\":\"2021-08-06T08:16:40+00:00\",\"dateModified\":\"2021-08-27T11:38:57+00:00\",\"breadcrumb\":{\"@id\":\"https:\/\/tourismus-grossregion.eu\/fr\/schengen-et-francois-valentiny\/#breadcrumb\"},\"inLanguage\":\"fr-FR\",\"potentialAction\":[{\"@type\":\"ReadAction\",\"target\":[\"https:\/\/tourismus-grossregion.eu\/fr\/schengen-et-francois-valentiny\/\"]}]},{\"@type\":\"BreadcrumbList\",\"@id\":\"https:\/\/tourismus-grossregion.eu\/fr\/schengen-et-francois-valentiny\/#breadcrumb\",\"itemListElement\":[{\"@type\":\"ListItem\",\"position\":1,\"name\":\"Story: Luxemburg: Schengen et Fran\\u00e7ois Valentiny\"}]}]}<\/script>\n<!-- \/ Yoast SEO plugin. -->","yoast_head_json":{"robots":{"index":"index","follow":"follow","max-snippet":"max-snippet:-1","max-image-preview":"max-image-preview:large","max-video-preview":"max-video-preview:-1"},"canonical":"https:\/\/tourismus-grossregion.eu\/fr\/schengen-et-francois-valentiny\/","og_locale":"fr_FR","og_type":"article","og_title":"Story: Luxemburg: Schengen et Fran\u00e7ois Valentiny - Tourisme Grande R\u00e9gion","og_url":"https:\/\/tourismus-grossregion.eu\/fr\/schengen-et-francois-valentiny\/","og_site_name":"Tourisme Grande R\u00e9gion","article_modified_time":"2021-08-27T11:38:57+00:00","og_image":[{"width":1920,"height":1280,"url":"https:\/\/tourismus-grossregion.eu\/fr\/wp-content\/uploads\/sites\/3\/2021\/07\/A7_08611_1.jpg","path":"\/var\/www\/html\/wp-content\/uploads\/sites\/3\/2021\/07\/A7_08611_1.jpg","size":"full","id":796,"alt":"Valentiny marche devant une exposition d'art architectural dans une salle enti\u00e8rement blanche d'un mus\u00e9e. Il porte une veste de costume grise, une chemise blanche et un pantalon fonc\u00e9.","pixels":2457600,"type":"image\/jpeg"}],"twitter_card":"summary_large_image","schema":{"@context":"https:\/\/schema.org","@graph":[{"@type":"WebSite","@id":"https:\/\/tourismus-grossregion.eu\/fr\/#website","url":"https:\/\/tourismus-grossregion.eu\/fr\/","name":"Tourisme Grande R\u00e9gion","description":"Tourisme Grande R\u00e9gion","potentialAction":[{"@type":"SearchAction","target":{"@type":"EntryPoint","urlTemplate":"https:\/\/tourismus-grossregion.eu\/fr\/?s={search_term_string}"},"query-input":"required name=search_term_string"}],"inLanguage":"fr-FR"},{"@type":"ImageObject","@id":"https:\/\/tourismus-grossregion.eu\/fr\/schengen-et-francois-valentiny\/#primaryimage","inLanguage":"fr-FR","url":"https:\/\/tourismus-grossregion.eu\/fr\/wp-content\/uploads\/sites\/3\/2021\/07\/A7_08611_1.jpg","contentUrl":"https:\/\/tourismus-grossregion.eu\/fr\/wp-content\/uploads\/sites\/3\/2021\/07\/A7_08611_1.jpg","width":1920,"height":1280,"caption":"Valentiny marche devant une exposition d'art architectural dans une salle enti\u00e8rement blanche d'un mus\u00e9e. Il porte une veste de costume grise, une chemise blanche et un pantalon fonc\u00e9."},{"@type":"WebPage","@id":"https:\/\/tourismus-grossregion.eu\/fr\/schengen-et-francois-valentiny\/#webpage","url":"https:\/\/tourismus-grossregion.eu\/fr\/schengen-et-francois-valentiny\/","name":"Story: Luxemburg: Schengen et Fran\u00e7ois Valentiny - Tourisme Grande R\u00e9gion","isPartOf":{"@id":"https:\/\/tourismus-grossregion.eu\/fr\/#website"},"primaryImageOfPage":{"@id":"https:\/\/tourismus-grossregion.eu\/fr\/schengen-et-francois-valentiny\/#primaryimage"},"datePublished":"2021-08-06T08:16:40+00:00","dateModified":"2021-08-27T11:38:57+00:00","breadcrumb":{"@id":"https:\/\/tourismus-grossregion.eu\/fr\/schengen-et-francois-valentiny\/#breadcrumb"},"inLanguage":"fr-FR","potentialAction":[{"@type":"ReadAction","target":["https:\/\/tourismus-grossregion.eu\/fr\/schengen-et-francois-valentiny\/"]}]},{"@type":"BreadcrumbList","@id":"https:\/\/tourismus-grossregion.eu\/fr\/schengen-et-francois-valentiny\/#breadcrumb","itemListElement":[{"@type":"ListItem","position":1,"name":"Story: Luxemburg: Schengen et Fran\u00e7ois Valentiny"}]}]}},"acf":{"pb_acf_widgets":[{"acf_fc_layout":"widget_hero_static","widget_hero_static_background":{"widget_hero_static_background_type":false,"widget_hero_static_image":{"ID":796,"id":796,"title":"A7_08611_1","filename":"A7_08611_1.jpg","filesize":181624,"url":"https:\/\/tourismus-grossregion.eu\/fr\/wp-content\/uploads\/sites\/3\/2021\/07\/A7_08611_1.jpg","link":"https:\/\/tourismus-grossregion.eu\/fr\/schengen-et-francois-valentiny\/a7_08611_1\/","alt":"Valentiny marche devant une exposition d'art architectural dans une salle enti\u00e8rement blanche d'un mus\u00e9e. Il porte une veste de costume grise, une chemise blanche et un pantalon fonc\u00e9.","author":"2","description":"Valentiny marche devant une exposition d'art architectural dans une salle enti\u00e8rement blanche d'un mus\u00e9e. Il porte une veste de costume grise, une chemise blanche et un pantalon fonc\u00e9.","caption":"","name":"a7_08611_1","status":"inherit","uploaded_to":795,"date":"2021-07-27 12:02:59","modified":"2021-08-13 09:06:53","menu_order":0,"mime_type":"image\/jpeg","type":"image","subtype":"jpeg","icon":"https:\/\/tourismus-grossregion.eu\/fr\/wp-includes\/images\/media\/default.png","width":1920,"height":1280,"sizes":{"thumbnail":"https:\/\/tourismus-grossregion.eu\/fr\/wp-content\/uploads\/sites\/3\/2021\/07\/A7_08611_1-150x150.jpg","thumbnail-width":150,"thumbnail-height":150,"medium":"https:\/\/tourismus-grossregion.eu\/fr\/wp-content\/uploads\/sites\/3\/2021\/07\/A7_08611_1-300x200.jpg","medium-width":300,"medium-height":200,"medium_large":"https:\/\/tourismus-grossregion.eu\/fr\/wp-content\/uploads\/sites\/3\/2021\/07\/A7_08611_1-768x512.jpg","medium_large-width":768,"medium_large-height":512,"large":"https:\/\/tourismus-grossregion.eu\/fr\/wp-content\/uploads\/sites\/3\/2021\/07\/A7_08611_1-1024x683.jpg","large-width":1024,"large-height":683,"1536x1536":"https:\/\/tourismus-grossregion.eu\/fr\/wp-content\/uploads\/sites\/3\/2021\/07\/A7_08611_1-1536x1024.jpg","1536x1536-width":1536,"1536x1536-height":1024,"2048x2048":"https:\/\/tourismus-grossregion.eu\/fr\/wp-content\/uploads\/sites\/3\/2021\/07\/A7_08611_1.jpg","2048x2048-width":1920,"2048x2048-height":1280,"download-thumbnail":"https:\/\/tourismus-grossregion.eu\/fr\/wp-content\/uploads\/sites\/3\/2021\/07\/A7_08611_1-345x230.jpg","download-thumbnail-width":345,"download-thumbnail-height":230,"paragraphimage":"https:\/\/tourismus-grossregion.eu\/fr\/wp-content\/uploads\/sites\/3\/2021\/07\/A7_08611_1-468x312.jpg","paragraphimage-width":468,"paragraphimage-height":312,"slider-image":"https:\/\/tourismus-grossregion.eu\/fr\/wp-content\/uploads\/sites\/3\/2021\/07\/A7_08611_1-901x715.jpg","slider-image-width":901,"slider-image-height":715,"quote-image":"https:\/\/tourismus-grossregion.eu\/fr\/wp-content\/uploads\/sites\/3\/2021\/07\/A7_08611_1-683x455.jpg","quote-image-width":683,"quote-image-height":455,"productcard-image":"https:\/\/tourismus-grossregion.eu\/fr\/wp-content\/uploads\/sites\/3\/2021\/07\/A7_08611_1-710x473.jpg","productcard-image-width":710,"productcard-image-height":473}},"widget_hero_static_video_type":false,"widget_hero_static_video_upload":false,"widget_hero_static_youtube_embed":"","widget_hero_static_filter":false},"widget_hero_static_content":{"widget_hero_static_headline":"Schengen et Fran\u00e7ois Valentiny","widget_hero_static_copy":"","widget_hero_static_link":""},"widget_hero_static_margin":"small"},{"acf_fc_layout":"widget_paragraph_headlines_image","widget_paragraph_headlines_image_orientation":false,"widget_paragraph_headlines_image_decoration":true,"widget_paragraph_headlines_image_content":{"widget_paragraph_headlines_image_preline":"","widget_paragraph_headlines_image_headline":"","widget_paragraph_headlines_image_subline":"\u00ab Les fronti\u00e8res n\u2019ont jamais travers\u00e9 nos esprits \u00bb","widget_paragraph_headlines_image_editor_justify":true,"widget_paragraph_headlines_image_editor":"<p>L\u2019architecte star Fran\u00e7ois Valentiny est un natif de Schengen. S\u2019il parcourt le monde pour son travail, son petit village du \u00ab Dr\u00e4il\u00e4nnereck \u00bb, \u00ab la r\u00e9gion des trois pays \u00bb, aux confins de l\u2019Allemagne et de la France, l\u2019a profond\u00e9ment impr\u00e9gn\u00e9. Dans cette r\u00e9gion de la Moselle, sa signature est omnipr\u00e9sente. Et son architecture sans fronti\u00e8res.<\/p>\n","widget_paragraph_headlines_image_link":""},"widget_paragraph_headlines_image_image":false,"widget_paragraph_headlines_image_image_option":false,"widget_paragraph_headlines_image_margin":"small"},{"acf_fc_layout":"widget_paragraph_headlines","widget_paragraph_headlines_width":"100","widget_paragraph_headlines_preline":"","widget_paragraph_headlines_headline":"","widget_paragraph_headlines_subline":"","widget_paragraph_headlines_editor_justify":true,"widget_paragraph_headlines_editor":"<p>\u00ab Lorsque l\u2019on con\u00e7oit un b\u00e2timent, il faut prendre en compte le paysage, mais aussi le soleil, la culture, les gens \u00bb, confie Fran\u00e7ois Valentiny. Cet architecte star a pass\u00e9 les dix premi\u00e8res ann\u00e9es de sa vie \u00e0 Remerschen, un village appartenant \u00e0 la commune de Schengen, dans le \u00ab Dr\u00e4il\u00e4nnereck \u00bb, la r\u00e9gion o\u00f9 se touchent trois pays, le Luxembourg, l\u2019Allemagne et la France. C\u2019est d\u2019ailleurs l\u00e0, sur un bateau flottant sur la Moselle, devant des vignobles en coteaux, qu\u2019a \u00e9t\u00e9 sign\u00e9, en 1985, le c\u00e9l\u00e8bre accord de Schengen, v\u00e9ritable symbole de l\u2019ouverture des fronti\u00e8res en Europe.<\/p>\n<p>Mais que signifie la notion de fronti\u00e8re pour un Luxembourgeois n\u00e9 \u00e0 Schengen ? \u00ab Nous vivons dans un petit pays entour\u00e9 de fronti\u00e8res. Quand je prends ma voiture, mon r\u00e9seau t\u00e9l\u00e9phonique mobile change en permanence. Et pourtant, ici, nous ne nous pr\u00e9occupons pas vraiment des fronti\u00e8res. Beaucoup de vignerons du coin ont des vignobles sur les trois pays. Et on trouve des familles r\u00e9parties de part et d\u2019autre des fronti\u00e8res \u00bb, s\u2019amuse Valentiny. Pourtant, ou du moins r\u00e9trospectivement, l\u2019architecte se sent tr\u00e8s li\u00e9 \u00e0 l\u2019accord de Schengen. Car c\u2019est lui qui a con\u00e7u le b\u00e2timent du Mus\u00e9e europ\u00e9en, sur les bords de la Moselle, un mus\u00e9e pr\u00e9cis\u00e9ment d\u00e9di\u00e9 \u00e0 l\u2019histoire de l\u2019ouverture des fronti\u00e8res.<\/p>\n","widget_paragraph_headlines_margin":"small"},{"acf_fc_layout":"widget_image","widget_image_image":{"ID":797,"id":797,"title":"DJI_0619_1","filename":"DJI_0619_1.jpg","filesize":519734,"url":"https:\/\/tourismus-grossregion.eu\/fr\/wp-content\/uploads\/sites\/3\/2021\/07\/DJI_0619_1.jpg","link":"https:\/\/tourismus-grossregion.eu\/fr\/schengen-et-francois-valentiny\/dji_0619_1\/","alt":"Le Mus\u00e9e europ\u00e9en de Schengen, con\u00e7u par Valentiny, est photographi\u00e9 ici \u00e0 son emplacement sur la Moselle. Un ciel nuageux et une for\u00eat verte forment l'arri\u00e8re-plan.","author":"2","description":"Le Mus\u00e9e europ\u00e9en de Schengen, con\u00e7u par Valentiny, est photographi\u00e9 ici \u00e0 son emplacement sur la Moselle. Un ciel nuageux et une for\u00eat verte forment l'arri\u00e8re-plan.","caption":"","name":"dji_0619_1","status":"inherit","uploaded_to":795,"date":"2021-07-27 12:03:00","modified":"2021-08-13 09:06:49","menu_order":0,"mime_type":"image\/jpeg","type":"image","subtype":"jpeg","icon":"https:\/\/tourismus-grossregion.eu\/fr\/wp-includes\/images\/media\/default.png","width":1920,"height":1279,"sizes":{"thumbnail":"https:\/\/tourismus-grossregion.eu\/fr\/wp-content\/uploads\/sites\/3\/2021\/07\/DJI_0619_1-150x150.jpg","thumbnail-width":150,"thumbnail-height":150,"medium":"https:\/\/tourismus-grossregion.eu\/fr\/wp-content\/uploads\/sites\/3\/2021\/07\/DJI_0619_1-300x200.jpg","medium-width":300,"medium-height":200,"medium_large":"https:\/\/tourismus-grossregion.eu\/fr\/wp-content\/uploads\/sites\/3\/2021\/07\/DJI_0619_1-768x512.jpg","medium_large-width":768,"medium_large-height":512,"large":"https:\/\/tourismus-grossregion.eu\/fr\/wp-content\/uploads\/sites\/3\/2021\/07\/DJI_0619_1-1024x682.jpg","large-width":1024,"large-height":682,"1536x1536":"https:\/\/tourismus-grossregion.eu\/fr\/wp-content\/uploads\/sites\/3\/2021\/07\/DJI_0619_1-1536x1023.jpg","1536x1536-width":1536,"1536x1536-height":1023,"2048x2048":"https:\/\/tourismus-grossregion.eu\/fr\/wp-content\/uploads\/sites\/3\/2021\/07\/DJI_0619_1.jpg","2048x2048-width":1920,"2048x2048-height":1279,"download-thumbnail":"https:\/\/tourismus-grossregion.eu\/fr\/wp-content\/uploads\/sites\/3\/2021\/07\/DJI_0619_1-345x230.jpg","download-thumbnail-width":345,"download-thumbnail-height":230,"paragraphimage":"https:\/\/tourismus-grossregion.eu\/fr\/wp-content\/uploads\/sites\/3\/2021\/07\/DJI_0619_1-468x312.jpg","paragraphimage-width":468,"paragraphimage-height":312,"slider-image":"https:\/\/tourismus-grossregion.eu\/fr\/wp-content\/uploads\/sites\/3\/2021\/07\/DJI_0619_1-901x715.jpg","slider-image-width":901,"slider-image-height":715,"quote-image":"https:\/\/tourismus-grossregion.eu\/fr\/wp-content\/uploads\/sites\/3\/2021\/07\/DJI_0619_1-683x455.jpg","quote-image-width":683,"quote-image-height":455,"productcard-image":"https:\/\/tourismus-grossregion.eu\/fr\/wp-content\/uploads\/sites\/3\/2021\/07\/DJI_0619_1-710x473.jpg","productcard-image-width":710,"productcard-image-height":473}},"widget_image_caption":"","widget_image_margin":"small"},{"acf_fc_layout":"widget_paragraph_headlines","widget_paragraph_headlines_width":"100","widget_paragraph_headlines_preline":"","widget_paragraph_headlines_headline":"","widget_paragraph_headlines_subline":"Le lit de la Moselle","widget_paragraph_headlines_editor_justify":true,"widget_paragraph_headlines_editor":"<p>Qui vient visiter le mus\u00e9e ne peut s\u2019emp\u00eacher de rester un instant devant le b\u00e2timent rectangulaire aux lignes pures, dont l\u2019entr\u00e9e ressemble \u00e0 une fen\u00eatre ouverte sur le monde. Pourtant, le cr\u00e9pi beige, grossier, qui para\u00eet sale, irrite un peu l\u2019\u0153il. Mais ce n\u2019est pas de la \u00ab salet\u00e9 \u00bb : c\u2019est de la terre du pays, un v\u00e9ritable patrimoine. En effet, Valentiny a pour ainsi dire invent\u00e9 \u00ab le cr\u00e9pi de Schengen \u00bb, compos\u00e9 en partie de sable de la Moselle. Laisser appara\u00eetre les traces du temps, le processus d\u2019\u00e9rosion sur le bois et la fa\u00e7ade, voil\u00e0 ce qui int\u00e9resse l\u2019architecte. \u00ab Dans les r\u00e9gions pauvres et rurales, les fa\u00e7ades des maisons \u00e9taient toujours recouvertes de cr\u00e9pi, jamais peintes \u00bb, explique-t-il. \u00ab Pour moi, ce cr\u00e9pi a plus d\u2019\u00e2me et de profondeur qu\u2019un coup de peinture synth\u00e9tique. Mais je suis d\u2019accord, quand j\u2019inaugure un b\u00e2timent, il n\u2019a pas toujours l\u2019air tout \u00e0 fait neuf \u00bb.<\/p>\n","widget_paragraph_headlines_margin":"small"},{"acf_fc_layout":"widget_paragraph_headlines_image","widget_paragraph_headlines_image_orientation":true,"widget_paragraph_headlines_image_decoration":false,"widget_paragraph_headlines_image_content":{"widget_paragraph_headlines_image_preline":"","widget_paragraph_headlines_image_headline":"","widget_paragraph_headlines_image_subline":"\u00ab Faites le plein quand vous \u00eates jeunes ! \u00bb","widget_paragraph_headlines_image_editor_justify":true,"widget_paragraph_headlines_image_editor":"<p>Fl\u00e2ner dans l\u2019espace lumineux et ouvert qu\u2019est la Fondation Valentiny permet de d\u00e9couvrir ses plans et esquisses souvent sculpturaux. \u00ab Parfois, quand je con\u00e7ois un b\u00e2timent, je me rends compte avec le recul que j\u2019ai d\u00e9j\u00e0 dessin\u00e9 presque les m\u00eames esquisses vingt ans plus t\u00f4t \u00bb, confie Valentiny. Ph\u00e9nom\u00e8ne pour le moins troublant\u2026<\/p>\n<p>Selon Fran\u00e7ois Valentiny, c\u2019est quand on est jeune qu\u2019on doit \u00ab remplir ses tiroirs \u00bb d\u2019id\u00e9es et de cr\u00e9ativit\u00e9. Plus tard, on met de l\u2019ordre dans tout cela, on transpose, on r\u00e9alise. On y injecte son exp\u00e9rience de la vie. Du moins en a-t-il \u00e9t\u00e9 ainsi pour lui : \u00ab Les vignobles de la Moselle, les gens d\u2019ici qui, pour la plupart, gagnent leur vie de leurs mains, tout cela m\u2019a fa\u00e7onn\u00e9. Et mes r\u00e9f\u00e9rences sont toujours rest\u00e9es les m\u00eames. Bien qu\u2019au fil du temps, j\u2019aie d\u00e9velopp\u00e9 un nouveau langage formel, mon influence premi\u00e8re est li\u00e9e \u00e0 ce que j\u2019ai v\u00e9cu et vu ici, au Luxembourg, dans ma jeunesse \u00bb.<\/p>\n","widget_paragraph_headlines_image_link":""},"widget_paragraph_headlines_image_image":{"ID":798,"id":798,"title":"A7R06774_1","filename":"A7R06774_1.jpg","filesize":499615,"url":"https:\/\/tourismus-grossregion.eu\/fr\/wp-content\/uploads\/sites\/3\/2021\/07\/A7R06774_1.jpg","link":"https:\/\/tourismus-grossregion.eu\/fr\/schengen-et-francois-valentiny\/a7r06774_1\/","alt":"Le b\u00e2timent de la Valentiny Foundation est photographi\u00e9 depuis l'entr\u00e9e principale. Le b\u00e2timent est blanc et structur\u00e9.","author":"2","description":"Le b\u00e2timent de la Valentiny Foundation est photographi\u00e9 depuis l'entr\u00e9e principale. Le b\u00e2timent est blanc et structur\u00e9.","caption":"","name":"a7r06774_1","status":"inherit","uploaded_to":795,"date":"2021-07-27 12:03:01","modified":"2021-08-13 09:06:46","menu_order":0,"mime_type":"image\/jpeg","type":"image","subtype":"jpeg","icon":"https:\/\/tourismus-grossregion.eu\/fr\/wp-includes\/images\/media\/default.png","width":1920,"height":1281,"sizes":{"thumbnail":"https:\/\/tourismus-grossregion.eu\/fr\/wp-content\/uploads\/sites\/3\/2021\/07\/A7R06774_1-150x150.jpg","thumbnail-width":150,"thumbnail-height":150,"medium":"https:\/\/tourismus-grossregion.eu\/fr\/wp-content\/uploads\/sites\/3\/2021\/07\/A7R06774_1-300x200.jpg","medium-width":300,"medium-height":200,"medium_large":"https:\/\/tourismus-grossregion.eu\/fr\/wp-content\/uploads\/sites\/3\/2021\/07\/A7R06774_1-768x512.jpg","medium_large-width":768,"medium_large-height":512,"large":"https:\/\/tourismus-grossregion.eu\/fr\/wp-content\/uploads\/sites\/3\/2021\/07\/A7R06774_1-1024x683.jpg","large-width":1024,"large-height":683,"1536x1536":"https:\/\/tourismus-grossregion.eu\/fr\/wp-content\/uploads\/sites\/3\/2021\/07\/A7R06774_1-1536x1025.jpg","1536x1536-width":1536,"1536x1536-height":1025,"2048x2048":"https:\/\/tourismus-grossregion.eu\/fr\/wp-content\/uploads\/sites\/3\/2021\/07\/A7R06774_1.jpg","2048x2048-width":1920,"2048x2048-height":1281,"download-thumbnail":"https:\/\/tourismus-grossregion.eu\/fr\/wp-content\/uploads\/sites\/3\/2021\/07\/A7R06774_1-345x230.jpg","download-thumbnail-width":345,"download-thumbnail-height":230,"paragraphimage":"https:\/\/tourismus-grossregion.eu\/fr\/wp-content\/uploads\/sites\/3\/2021\/07\/A7R06774_1-468x312.jpg","paragraphimage-width":468,"paragraphimage-height":312,"slider-image":"https:\/\/tourismus-grossregion.eu\/fr\/wp-content\/uploads\/sites\/3\/2021\/07\/A7R06774_1-901x715.jpg","slider-image-width":901,"slider-image-height":715,"quote-image":"https:\/\/tourismus-grossregion.eu\/fr\/wp-content\/uploads\/sites\/3\/2021\/07\/A7R06774_1-683x456.jpg","quote-image-width":683,"quote-image-height":456,"productcard-image":"https:\/\/tourismus-grossregion.eu\/fr\/wp-content\/uploads\/sites\/3\/2021\/07\/A7R06774_1-710x474.jpg","productcard-image-width":710,"productcard-image-height":474}},"widget_paragraph_headlines_image_image_option":false,"widget_paragraph_headlines_image_margin":"small"},{"acf_fc_layout":"widget_testimonial","widget_testimonial_color":true,"widget_testimonial_content":{"widget_testimonial_name":"Fran\u00e7ois Valentiny","widget_testimonial_position":"Architecte star de Schengen","widget_testimonial_quote_size":false,"widget_testimonial_quote":"\u00ab Les vignobles de la Moselle, les gens d\u2019ici qui, pour la plupart, gagnent leur vie de leurs mains, tout cela m\u2019a fa\u00e7onn\u00e9. \u00bb"},"widget_testimonial_image":{"ID":799,"id":799,"title":"A7_08659_1","filename":"A7_08659_1.jpg","filesize":342789,"url":"https:\/\/tourismus-grossregion.eu\/fr\/wp-content\/uploads\/sites\/3\/2021\/07\/A7_08659_1.jpg","link":"https:\/\/tourismus-grossregion.eu\/fr\/schengen-et-francois-valentiny\/a7_08659_1\/","alt":"Fran\u00e7ois Valentiny sourit \u00e0 la cam\u00e9ra, il porte une veste de costume grise et une chemise blanche. Il a des cheveux blancs et des sourcils fonc\u00e9s.","author":"2","description":"Fran\u00e7ois Valentiny sourit \u00e0 la cam\u00e9ra, il porte une veste de costume grise et une chemise blanche. Il a des cheveux blancs et des sourcils fonc\u00e9s.","caption":"","name":"a7_08659_1","status":"inherit","uploaded_to":795,"date":"2021-07-27 12:03:02","modified":"2021-08-13 09:06:43","menu_order":0,"mime_type":"image\/jpeg","type":"image","subtype":"jpeg","icon":"https:\/\/tourismus-grossregion.eu\/fr\/wp-includes\/images\/media\/default.png","width":1700,"height":1481,"sizes":{"thumbnail":"https:\/\/tourismus-grossregion.eu\/fr\/wp-content\/uploads\/sites\/3\/2021\/07\/A7_08659_1-150x150.jpg","thumbnail-width":150,"thumbnail-height":150,"medium":"https:\/\/tourismus-grossregion.eu\/fr\/wp-content\/uploads\/sites\/3\/2021\/07\/A7_08659_1-300x261.jpg","medium-width":300,"medium-height":261,"medium_large":"https:\/\/tourismus-grossregion.eu\/fr\/wp-content\/uploads\/sites\/3\/2021\/07\/A7_08659_1-768x669.jpg","medium_large-width":768,"medium_large-height":669,"large":"https:\/\/tourismus-grossregion.eu\/fr\/wp-content\/uploads\/sites\/3\/2021\/07\/A7_08659_1-1024x892.jpg","large-width":1024,"large-height":892,"1536x1536":"https:\/\/tourismus-grossregion.eu\/fr\/wp-content\/uploads\/sites\/3\/2021\/07\/A7_08659_1-1536x1338.jpg","1536x1536-width":1536,"1536x1536-height":1338,"2048x2048":"https:\/\/tourismus-grossregion.eu\/fr\/wp-content\/uploads\/sites\/3\/2021\/07\/A7_08659_1.jpg","2048x2048-width":1700,"2048x2048-height":1481,"download-thumbnail":"https:\/\/tourismus-grossregion.eu\/fr\/wp-content\/uploads\/sites\/3\/2021\/07\/A7_08659_1-345x301.jpg","download-thumbnail-width":345,"download-thumbnail-height":301,"paragraphimage":"https:\/\/tourismus-grossregion.eu\/fr\/wp-content\/uploads\/sites\/3\/2021\/07\/A7_08659_1-468x408.jpg","paragraphimage-width":468,"paragraphimage-height":408,"slider-image":"https:\/\/tourismus-grossregion.eu\/fr\/wp-content\/uploads\/sites\/3\/2021\/07\/A7_08659_1-901x715.jpg","slider-image-width":901,"slider-image-height":715,"quote-image":"https:\/\/tourismus-grossregion.eu\/fr\/wp-content\/uploads\/sites\/3\/2021\/07\/A7_08659_1-683x595.jpg","quote-image-width":683,"quote-image-height":595,"productcard-image":"https:\/\/tourismus-grossregion.eu\/fr\/wp-content\/uploads\/sites\/3\/2021\/07\/A7_08659_1-710x619.jpg","productcard-image-width":710,"productcard-image-height":619}},"widget_testimonial_margin":"small"},{"acf_fc_layout":"widget_paragraph_headlines","widget_paragraph_headlines_width":"100","widget_paragraph_headlines_preline":"","widget_paragraph_headlines_headline":"","widget_paragraph_headlines_subline":"Prendre conscience des fronti\u00e8res","widget_paragraph_headlines_editor_justify":true,"widget_paragraph_headlines_editor":"<p>Fran\u00e7ois Valentiny attache aussi beaucoup d\u2019importance aux influences rapport\u00e9es au Luxembourg par ceux qui voyagent et reviennent. \u00ab C\u2019est l\u00e0 que r\u00e9side notre richesse intellectuelle. Beaucoup de jeunes gens partent, pour \u00e9tudier, pour voir le monde. Et ils reviennent remplis de nouvelles exp\u00e9riences. Mais ils se construisent \u00e0 partir de ce qu\u2019ils ont v\u00e9cu ici quand ils \u00e9taient enfants \u00bb. Pour Valentiny, ce substrat de l\u2019enfance luxembourgeoise, c\u2019est donc la Moselle, les gens qui travaillent de leurs mains, les vignobles, mais aussi les fronti\u00e8res : celles dont on a conscience mais que l\u2019on franchit pourtant. Physiquement et int\u00e9rieurement.<\/p>\n","widget_paragraph_headlines_margin":"small"},{"acf_fc_layout":"widget_image","widget_image_image":{"ID":800,"id":800,"title":"DJI_0607_1","filename":"DJI_0607_1.jpg","filesize":627547,"url":"https:\/\/tourismus-grossregion.eu\/fr\/wp-content\/uploads\/sites\/3\/2021\/07\/DJI_0607_1.jpg","link":"https:\/\/tourismus-grossregion.eu\/fr\/schengen-et-francois-valentiny\/dji_0607_1\/","alt":"La Fondation Valentiny est repr\u00e9sent\u00e9e d'une vue d'oiseau. Le b\u00e2timent blanc est entour\u00e9 d'arbres verts, d'autres b\u00e2timents sont \u00e0 proximit\u00e9.","author":"2","description":"La Fondation Valentiny est repr\u00e9sent\u00e9e d'une vue d'oiseau. Le b\u00e2timent blanc est entour\u00e9 d'arbres verts, d'autres b\u00e2timents sont \u00e0 proximit\u00e9.","caption":"","name":"dji_0607_1","status":"inherit","uploaded_to":795,"date":"2021-07-27 12:03:02","modified":"2021-08-13 09:06:40","menu_order":0,"mime_type":"image\/jpeg","type":"image","subtype":"jpeg","icon":"https:\/\/tourismus-grossregion.eu\/fr\/wp-includes\/images\/media\/default.png","width":1920,"height":1279,"sizes":{"thumbnail":"https:\/\/tourismus-grossregion.eu\/fr\/wp-content\/uploads\/sites\/3\/2021\/07\/DJI_0607_1-150x150.jpg","thumbnail-width":150,"thumbnail-height":150,"medium":"https:\/\/tourismus-grossregion.eu\/fr\/wp-content\/uploads\/sites\/3\/2021\/07\/DJI_0607_1-300x200.jpg","medium-width":300,"medium-height":200,"medium_large":"https:\/\/tourismus-grossregion.eu\/fr\/wp-content\/uploads\/sites\/3\/2021\/07\/DJI_0607_1-768x512.jpg","medium_large-width":768,"medium_large-height":512,"large":"https:\/\/tourismus-grossregion.eu\/fr\/wp-content\/uploads\/sites\/3\/2021\/07\/DJI_0607_1-1024x682.jpg","large-width":1024,"large-height":682,"1536x1536":"https:\/\/tourismus-grossregion.eu\/fr\/wp-content\/uploads\/sites\/3\/2021\/07\/DJI_0607_1-1536x1023.jpg","1536x1536-width":1536,"1536x1536-height":1023,"2048x2048":"https:\/\/tourismus-grossregion.eu\/fr\/wp-content\/uploads\/sites\/3\/2021\/07\/DJI_0607_1.jpg","2048x2048-width":1920,"2048x2048-height":1279,"download-thumbnail":"https:\/\/tourismus-grossregion.eu\/fr\/wp-content\/uploads\/sites\/3\/2021\/07\/DJI_0607_1-345x230.jpg","download-thumbnail-width":345,"download-thumbnail-height":230,"paragraphimage":"https:\/\/tourismus-grossregion.eu\/fr\/wp-content\/uploads\/sites\/3\/2021\/07\/DJI_0607_1-468x312.jpg","paragraphimage-width":468,"paragraphimage-height":312,"slider-image":"https:\/\/tourismus-grossregion.eu\/fr\/wp-content\/uploads\/sites\/3\/2021\/07\/DJI_0607_1-901x715.jpg","slider-image-width":901,"slider-image-height":715,"quote-image":"https:\/\/tourismus-grossregion.eu\/fr\/wp-content\/uploads\/sites\/3\/2021\/07\/DJI_0607_1-683x455.jpg","quote-image-width":683,"quote-image-height":455,"productcard-image":"https:\/\/tourismus-grossregion.eu\/fr\/wp-content\/uploads\/sites\/3\/2021\/07\/DJI_0607_1-710x473.jpg","productcard-image-width":710,"productcard-image-height":473}},"widget_image_caption":"","widget_image_margin":"small"},{"acf_fc_layout":"widget_paragraph_headlines","widget_paragraph_headlines_width":"100","widget_paragraph_headlines_preline":"","widget_paragraph_headlines_headline":"","widget_paragraph_headlines_subline":"Les \u0153uvres de Valentiny \u00e0 la Moselle","widget_paragraph_headlines_editor_justify":true,"widget_paragraph_headlines_editor":"<p>\u00c0 la <strong>Fondation Valentiny<\/strong>, dans son village natal de Re\u00admerschen, on retrouve dans les maquettes, les esquisses et les peintures une sorte de portrait vivant de l\u2019\u0153uvre de l\u2019architecte. Par ailleurs, des artistes amis de Valentiny sont expos\u00e9s en alternance.<\/p>\n<p>En savoir plus : <strong><a href=\"http:\/\/www.valentiny-foundation.com\" target=\"_blank\" rel=\"noopener\">https:\/\/www.valentiny-foundation.com<\/a><\/strong><\/p>\n<p>Le <strong>Biodiversum<\/strong> est un centre d\u2019information situ\u00e9 au c\u0153ur de la r\u00e9serve naturelle du \u00ab Haff R\u00e9imech \u00bb. Dans un b\u00e2timent totalement futuriste, qui \u00e9voque une tente gonfl\u00e9e par le vent, sont pr\u00e9sent\u00e9s, entre autres, l\u2019histoire de la r\u00e9serve naturelle, le monde aquatique, la faune, la flore, les oiseaux du Luxembourg. On peut aussi poursuivre sa visite par une balade ornithologique, et en \u00e9t\u00e9, la terminer par un petit plongeon dans les \u00e9tangs avoisinants pour se rafra\u00eechir.<\/p>\n<p>En savoir plus : <strong><a href=\"http:\/\/www.biodiversum.lu\" target=\"_blank\" rel=\"noopener\">https:\/\/www.biodiversum.lu<\/a><\/strong><\/p>\n","widget_paragraph_headlines_margin":"small"},{"acf_fc_layout":"widget_paragraph_headlines_image","widget_paragraph_headlines_image_orientation":true,"widget_paragraph_headlines_image_decoration":false,"widget_paragraph_headlines_image_content":{"widget_paragraph_headlines_image_preline":"","widget_paragraph_headlines_image_headline":"","widget_paragraph_headlines_image_subline":"L\u2019histoire et la gastronomie \u00e0 Schengen","widget_paragraph_headlines_image_editor_justify":true,"widget_paragraph_headlines_image_editor":"<p>A l\u2019ext\u00e9rieur du Mus\u00e9e europ\u00e9en de Schengen flottent tous les jours les drapeaux des 27 pays membres de l\u2019Union europ\u00e9enne. C\u2019est le symbole d\u2019un continent qui comprend aujourd\u2019hui 420 millions d\u2019habitants partageant un m\u00eame espace et les visions d\u2019un monde uni. Si cet accord crucial a \u00e9t\u00e9 sign\u00e9 \u00e0 Schengen, c\u2019est que la petite ville luxembourgeoise a une port\u00e9e symbolique : elle est situ\u00e9e aux confins de l\u2019Allemagne et la France. Dans le Mus\u00e9e europ\u00e9en de Schengen, les visiteurs peuvent voir un facsimile du c\u00e9l\u00e8bre accord, ainsi que des uniformes de douaniers et des passeports europ\u00e9ens. Et gr\u00e2ce \u00e0 de nombreux \u00e9crans multim\u00e9dia, ils peuvent mesurer ce que repr\u00e9sente l\u2019accord concr\u00e8tement. \u00ab Ce que nous voulons, c\u2019est que les visiteurs du mus\u00e9e repartent avec un peu de cet \u2018esprit de Schengen\u2019. Qu\u2019ils sachent que l\u2019ouverture des fronti\u00e8res est quelque chose de crucial, et que leur sentiment d\u2019appartenir \u00e0 une communaut\u00e9 soit renforc\u00e9 \u00bb, explique Martina Kneip, la directrice du mus\u00e9e.<\/p>\n<p>En savoir plus: <strong><a href=\"http:\/\/www.visitschengen.lu\" target=\"_blank\" rel=\"noopener\">https:\/\/www.visitschengen.lu<\/a><\/strong><\/p>\n<p>\u00c0 Schengen, la visite des vignobles, suivie d\u2019une d\u00e9gustation, par exemple dans la Tour Saint Marc, sur le Markusberg, vaut vraiment la peine. De nombreux viticulteurs et acteurs du tourisme proposent des visites.<\/p>\n<p>En savoir plus: <strong><a href=\"http:\/\/www.vins-cremants.lu\" target=\"_blank\" rel=\"noopener\">https:\/\/www.vins-cremants.lu<\/a><\/strong><\/p>\n<p>Ce n\u2019est ni un restaurant ni un bar mais les deux en m\u00eame temps, et sur un bateau. La \u00ab P\u00e9niche VINtage \u00bb invite \u00e0 d\u00e9guster des vins et produits r\u00e9gionaux directement sur la Moselle.<\/p>\n<p>En savoir plus: <strong><a href=\"http:\/\/www.visitmoselle.lu\" target=\"_blank\" rel=\"noopener\">https:\/\/www.visitmoselle.lu<\/a><\/strong><\/p>\n","widget_paragraph_headlines_image_link":""},"widget_paragraph_headlines_image_image":{"ID":801,"id":801,"title":"DJI_0612_1","filename":"DJI_0612_1.jpg","filesize":478882,"url":"https:\/\/tourismus-grossregion.eu\/fr\/wp-content\/uploads\/sites\/3\/2021\/07\/DJI_0612_1.jpg","link":"https:\/\/tourismus-grossregion.eu\/fr\/schengen-et-francois-valentiny\/dji_0612_1\/","alt":"Le village de Schengen est repr\u00e9sent\u00e9 \u00e0 partir d'une vue d'ensemble.","author":"2","description":"Le village de Schengen est repr\u00e9sent\u00e9 \u00e0 partir d'une vue d'ensemble.","caption":"","name":"dji_0612_1","status":"inherit","uploaded_to":795,"date":"2021-07-27 12:03:03","modified":"2021-08-13 09:06:36","menu_order":0,"mime_type":"image\/jpeg","type":"image","subtype":"jpeg","icon":"https:\/\/tourismus-grossregion.eu\/fr\/wp-includes\/images\/media\/default.png","width":1920,"height":1279,"sizes":{"thumbnail":"https:\/\/tourismus-grossregion.eu\/fr\/wp-content\/uploads\/sites\/3\/2021\/07\/DJI_0612_1-150x150.jpg","thumbnail-width":150,"thumbnail-height":150,"medium":"https:\/\/tourismus-grossregion.eu\/fr\/wp-content\/uploads\/sites\/3\/2021\/07\/DJI_0612_1-300x200.jpg","medium-width":300,"medium-height":200,"medium_large":"https:\/\/tourismus-grossregion.eu\/fr\/wp-content\/uploads\/sites\/3\/2021\/07\/DJI_0612_1-768x512.jpg","medium_large-width":768,"medium_large-height":512,"large":"https:\/\/tourismus-grossregion.eu\/fr\/wp-content\/uploads\/sites\/3\/2021\/07\/DJI_0612_1-1024x682.jpg","large-width":1024,"large-height":682,"1536x1536":"https:\/\/tourismus-grossregion.eu\/fr\/wp-content\/uploads\/sites\/3\/2021\/07\/DJI_0612_1-1536x1023.jpg","1536x1536-width":1536,"1536x1536-height":1023,"2048x2048":"https:\/\/tourismus-grossregion.eu\/fr\/wp-content\/uploads\/sites\/3\/2021\/07\/DJI_0612_1.jpg","2048x2048-width":1920,"2048x2048-height":1279,"download-thumbnail":"https:\/\/tourismus-grossregion.eu\/fr\/wp-content\/uploads\/sites\/3\/2021\/07\/DJI_0612_1-345x230.jpg","download-thumbnail-width":345,"download-thumbnail-height":230,"paragraphimage":"https:\/\/tourismus-grossregion.eu\/fr\/wp-content\/uploads\/sites\/3\/2021\/07\/DJI_0612_1-468x312.jpg","paragraphimage-width":468,"paragraphimage-height":312,"slider-image":"https:\/\/tourismus-grossregion.eu\/fr\/wp-content\/uploads\/sites\/3\/2021\/07\/DJI_0612_1-901x715.jpg","slider-image-width":901,"slider-image-height":715,"quote-image":"https:\/\/tourismus-grossregion.eu\/fr\/wp-content\/uploads\/sites\/3\/2021\/07\/DJI_0612_1-683x455.jpg","quote-image-width":683,"quote-image-height":455,"productcard-image":"https:\/\/tourismus-grossregion.eu\/fr\/wp-content\/uploads\/sites\/3\/2021\/07\/DJI_0612_1-710x473.jpg","productcard-image-width":710,"productcard-image-height":473}},"widget_paragraph_headlines_image_image_option":false,"widget_paragraph_headlines_image_margin":"small"},{"acf_fc_layout":"widget_paragraph_headlines_image","widget_paragraph_headlines_image_orientation":false,"widget_paragraph_headlines_image_decoration":true,"widget_paragraph_headlines_image_content":{"widget_paragraph_headlines_image_preline":"","widget_paragraph_headlines_image_headline":"","widget_paragraph_headlines_image_subline":"Vous aimez ce que vous voyez ? ","widget_paragraph_headlines_image_editor_justify":true,"widget_paragraph_headlines_image_editor":"<p>La Grande R\u00e9gion a beaucoup plus \u00e0 offrir ! Jetez un coup d&rsquo;\u0153il aux histoires suivantes de la r\u00e9gion et laissez-vous inspirer.<\/p>\n","widget_paragraph_headlines_image_link":""},"widget_paragraph_headlines_image_image":false,"widget_paragraph_headlines_image_image_option":false,"widget_paragraph_headlines_image_margin":"small"},{"acf_fc_layout":"widget_content_carousel","widget_content_carousel_preline":"","widget_content_carousel_headline":"","widget_content_carousel_description_justify":false,"widget_content_carousel_entries":[{"widget_content_carousel_entries_thumbnail":{"ID":671,"id":671,"title":"DSC3003_1","filename":"DSC3003_1.jpg","filesize":594745,"url":"https:\/\/tourismus-grossregion.eu\/fr\/wp-content\/uploads\/sites\/3\/2021\/07\/DSC3003_1.jpg","link":"https:\/\/tourismus-grossregion.eu\/fr\/schieferstollen-recht\/dsc3003_1\/","alt":"Au fond de la mine, un visiteur du mus\u00e9e portant un casque observe les formations rocheuses de couleur rouille.","author":"2","description":"Au fond de la mine, un visiteur du mus\u00e9e portant un casque observe les formations rocheuses de couleur rouille.","caption":"","name":"dsc3003_1","status":"inherit","uploaded_to":670,"date":"2021-07-27 10:03:59","modified":"2021-07-27 10:05:10","menu_order":0,"mime_type":"image\/jpeg","type":"image","subtype":"jpeg","icon":"https:\/\/tourismus-grossregion.eu\/fr\/wp-includes\/images\/media\/default.png","width":1920,"height":1277,"sizes":{"thumbnail":"https:\/\/tourismus-grossregion.eu\/fr\/wp-content\/uploads\/sites\/3\/2021\/07\/DSC3003_1-150x150.jpg","thumbnail-width":150,"thumbnail-height":150,"medium":"https:\/\/tourismus-grossregion.eu\/fr\/wp-content\/uploads\/sites\/3\/2021\/07\/DSC3003_1-300x200.jpg","medium-width":300,"medium-height":200,"medium_large":"https:\/\/tourismus-grossregion.eu\/fr\/wp-content\/uploads\/sites\/3\/2021\/07\/DSC3003_1-768x511.jpg","medium_large-width":768,"medium_large-height":511,"large":"https:\/\/tourismus-grossregion.eu\/fr\/wp-content\/uploads\/sites\/3\/2021\/07\/DSC3003_1-1024x681.jpg","large-width":1024,"large-height":681,"1536x1536":"https:\/\/tourismus-grossregion.eu\/fr\/wp-content\/uploads\/sites\/3\/2021\/07\/DSC3003_1-1536x1022.jpg","1536x1536-width":1536,"1536x1536-height":1022,"2048x2048":"https:\/\/tourismus-grossregion.eu\/fr\/wp-content\/uploads\/sites\/3\/2021\/07\/DSC3003_1.jpg","2048x2048-width":1920,"2048x2048-height":1277,"download-thumbnail":"https:\/\/tourismus-grossregion.eu\/fr\/wp-content\/uploads\/sites\/3\/2021\/07\/DSC3003_1-345x229.jpg","download-thumbnail-width":345,"download-thumbnail-height":229,"paragraphimage":"https:\/\/tourismus-grossregion.eu\/fr\/wp-content\/uploads\/sites\/3\/2021\/07\/DSC3003_1-468x311.jpg","paragraphimage-width":468,"paragraphimage-height":311,"slider-image":"https:\/\/tourismus-grossregion.eu\/fr\/wp-content\/uploads\/sites\/3\/2021\/07\/DSC3003_1-901x715.jpg","slider-image-width":901,"slider-image-height":715,"quote-image":"https:\/\/tourismus-grossregion.eu\/fr\/wp-content\/uploads\/sites\/3\/2021\/07\/DSC3003_1-683x454.jpg","quote-image-width":683,"quote-image-height":454,"productcard-image":"https:\/\/tourismus-grossregion.eu\/fr\/wp-content\/uploads\/sites\/3\/2021\/07\/DSC3003_1-710x472.jpg","productcard-image-width":710,"productcard-image-height":472}},"widget_content_carousel_entries_title":"L'ardoisi\u00e8re de Recht","widget_content_carousel_entries_description":"<p>Voyage au centre de la Terre<\/p>\n","widget_content_carousel_entries__link":"https:\/\/tourismus-grossregion.eu\/fr\/schieferstollen-recht\/"},{"widget_content_carousel_entries_thumbnail":{"ID":777,"id":777,"title":"DSC_1209_1","filename":"DSC_1209_1.jpg","filesize":395727,"url":"https:\/\/tourismus-grossregion.eu\/fr\/wp-content\/uploads\/sites\/3\/2021\/07\/DSC_1209_1.jpg","link":"https:\/\/tourismus-grossregion.eu\/fr\/minett-tour\/dsc_1209_1\/","alt":"Sur le c\u00f4t\u00e9 d'une galerie d'art, de grandes lettres annoncent qu'elle abrite les collections de photos d'Edward Steichen.","author":"2","description":"Sur le c\u00f4t\u00e9 d'une galerie d'art, de grandes lettres annoncent qu'elle abrite les collections de photos d'Edward Steichen.","caption":"","name":"dsc_1209_1","status":"inherit","uploaded_to":802,"date":"2021-07-27 12:01:53","modified":"2021-08-27 11:37:33","menu_order":0,"mime_type":"image\/jpeg","type":"image","subtype":"jpeg","icon":"https:\/\/tourismus-grossregion.eu\/fr\/wp-includes\/images\/media\/default.png","width":1920,"height":1277,"sizes":{"thumbnail":"https:\/\/tourismus-grossregion.eu\/fr\/wp-content\/uploads\/sites\/3\/2021\/07\/DSC_1209_1-150x150.jpg","thumbnail-width":150,"thumbnail-height":150,"medium":"https:\/\/tourismus-grossregion.eu\/fr\/wp-content\/uploads\/sites\/3\/2021\/07\/DSC_1209_1-300x200.jpg","medium-width":300,"medium-height":200,"medium_large":"https:\/\/tourismus-grossregion.eu\/fr\/wp-content\/uploads\/sites\/3\/2021\/07\/DSC_1209_1-768x511.jpg","medium_large-width":768,"medium_large-height":511,"large":"https:\/\/tourismus-grossregion.eu\/fr\/wp-content\/uploads\/sites\/3\/2021\/07\/DSC_1209_1-1024x681.jpg","large-width":1024,"large-height":681,"1536x1536":"https:\/\/tourismus-grossregion.eu\/fr\/wp-content\/uploads\/sites\/3\/2021\/07\/DSC_1209_1-1536x1022.jpg","1536x1536-width":1536,"1536x1536-height":1022,"2048x2048":"https:\/\/tourismus-grossregion.eu\/fr\/wp-content\/uploads\/sites\/3\/2021\/07\/DSC_1209_1.jpg","2048x2048-width":1920,"2048x2048-height":1277,"download-thumbnail":"https:\/\/tourismus-grossregion.eu\/fr\/wp-content\/uploads\/sites\/3\/2021\/07\/DSC_1209_1-345x229.jpg","download-thumbnail-width":345,"download-thumbnail-height":229,"paragraphimage":"https:\/\/tourismus-grossregion.eu\/fr\/wp-content\/uploads\/sites\/3\/2021\/07\/DSC_1209_1-468x311.jpg","paragraphimage-width":468,"paragraphimage-height":311,"slider-image":"https:\/\/tourismus-grossregion.eu\/fr\/wp-content\/uploads\/sites\/3\/2021\/07\/DSC_1209_1-901x715.jpg","slider-image-width":901,"slider-image-height":715,"quote-image":"https:\/\/tourismus-grossregion.eu\/fr\/wp-content\/uploads\/sites\/3\/2021\/07\/DSC_1209_1-683x454.jpg","quote-image-width":683,"quote-image-height":454,"productcard-image":"https:\/\/tourismus-grossregion.eu\/fr\/wp-content\/uploads\/sites\/3\/2021\/07\/DSC_1209_1-710x472.jpg","productcard-image-width":710,"productcard-image-height":472}},"widget_content_carousel_entries_title":"Steichen Collections","widget_content_carousel_entries_description":"<p>Moi, humain<\/p>\n","widget_content_carousel_entries__link":"https:\/\/tourismus-grossregion.eu\/fr\/?page_id=823&preview=true"},{"widget_content_carousel_entries_thumbnail":{"ID":566,"id":566,"title":"Huette1_1","filename":"Huette1_1.jpeg","filesize":750889,"url":"https:\/\/tourismus-grossregion.eu\/fr\/wp-content\/uploads\/sites\/3\/2021\/07\/Huette1_1.jpeg","link":"https:\/\/tourismus-grossregion.eu\/fr\/pour-les-vacanciers-de-courte-duree\/huette1_1\/","alt":"Une vue \u00e0 vol d'oiseau du site industriel de l'usine sid\u00e9rurgique de V\u00f6lklingen montre des tuyaux de couleur rouille, de grands b\u00e2timents et une petite zone verte en arri\u00e8re-plan.","author":"2","description":"Une vue \u00e0 vol d'oiseau du site industriel de l'usine sid\u00e9rurgique de V\u00f6lklingen montre des tuyaux de couleur rouille, de grands b\u00e2timents et une petite zone verte en arri\u00e8re-plan.","caption":"","name":"huette1_1","status":"inherit","uploaded_to":851,"date":"2021-07-26 14:03:29","modified":"2021-08-27 07:31:36","menu_order":0,"mime_type":"image\/jpeg","type":"image","subtype":"jpeg","icon":"https:\/\/tourismus-grossregion.eu\/fr\/wp-includes\/images\/media\/default.png","width":1920,"height":1280,"sizes":{"thumbnail":"https:\/\/tourismus-grossregion.eu\/fr\/wp-content\/uploads\/sites\/3\/2021\/07\/Huette1_1-150x150.jpeg","thumbnail-width":150,"thumbnail-height":150,"medium":"https:\/\/tourismus-grossregion.eu\/fr\/wp-content\/uploads\/sites\/3\/2021\/07\/Huette1_1-300x200.jpeg","medium-width":300,"medium-height":200,"medium_large":"https:\/\/tourismus-grossregion.eu\/fr\/wp-content\/uploads\/sites\/3\/2021\/07\/Huette1_1-768x512.jpeg","medium_large-width":768,"medium_large-height":512,"large":"https:\/\/tourismus-grossregion.eu\/fr\/wp-content\/uploads\/sites\/3\/2021\/07\/Huette1_1-1024x683.jpeg","large-width":1024,"large-height":683,"1536x1536":"https:\/\/tourismus-grossregion.eu\/fr\/wp-content\/uploads\/sites\/3\/2021\/07\/Huette1_1-1536x1024.jpeg","1536x1536-width":1536,"1536x1536-height":1024,"2048x2048":"https:\/\/tourismus-grossregion.eu\/fr\/wp-content\/uploads\/sites\/3\/2021\/07\/Huette1_1.jpeg","2048x2048-width":1920,"2048x2048-height":1280,"download-thumbnail":"https:\/\/tourismus-grossregion.eu\/fr\/wp-content\/uploads\/sites\/3\/2021\/07\/Huette1_1-345x230.jpeg","download-thumbnail-width":345,"download-thumbnail-height":230,"paragraphimage":"https:\/\/tourismus-grossregion.eu\/fr\/wp-content\/uploads\/sites\/3\/2021\/07\/Huette1_1-468x312.jpeg","paragraphimage-width":468,"paragraphimage-height":312,"slider-image":"https:\/\/tourismus-grossregion.eu\/fr\/wp-content\/uploads\/sites\/3\/2021\/07\/Huette1_1-901x715.jpeg","slider-image-width":901,"slider-image-height":715,"quote-image":"https:\/\/tourismus-grossregion.eu\/fr\/wp-content\/uploads\/sites\/3\/2021\/07\/Huette1_1-683x455.jpeg","quote-image-width":683,"quote-image-height":455,"productcard-image":"https:\/\/tourismus-grossregion.eu\/fr\/wp-content\/uploads\/sites\/3\/2021\/07\/Huette1_1-710x473.jpeg","productcard-image-width":710,"productcard-image-height":473}},"widget_content_carousel_entries_title":"V\u00f6lklinger H\u00fctte","widget_content_carousel_entries_description":"<p>Je suis l\u00e0 &#8211; le Patrimoine Culturel Mondial de l&rsquo;UNESCO V\u00f6lklinger H\u00fctte<\/p>\n","widget_content_carousel_entries__link":"https:\/\/tourismus-grossregion.eu\/fr\/volklinger-huette\/"}],"widget_content_carousel_margin":"small"}],"page_fields_alternative_title":"Schengen et Fran\u00e7ois Valentiny"},"_links":{"self":[{"href":"https:\/\/tourismus-grossregion.eu\/fr\/wp-json\/wp\/v2\/pages\/795"}],"collection":[{"href":"https:\/\/tourismus-grossregion.eu\/fr\/wp-json\/wp\/v2\/pages"}],"about":[{"href":"https:\/\/tourismus-grossregion.eu\/fr\/wp-json\/wp\/v2\/types\/page"}],"author":[{"embeddable":true,"href":"https:\/\/tourismus-grossregion.eu\/fr\/wp-json\/wp\/v2\/users\/2"}],"replies":[{"embeddable":true,"href":"https:\/\/tourismus-grossregion.eu\/fr\/wp-json\/wp\/v2\/comments?post=795"}],"version-history":[{"count":11,"href":"https:\/\/tourismus-grossregion.eu\/fr\/wp-json\/wp\/v2\/pages\/795\/revisions"}],"predecessor-version":[{"id":1750,"href":"https:\/\/tourismus-grossregion.eu\/fr\/wp-json\/wp\/v2\/pages\/795\/revisions\/1750"}],"wp:featuredmedia":[{"embeddable":true,"href":"https:\/\/tourismus-grossregion.eu\/fr\/wp-json\/wp\/v2\/media\/796"}],"wp:attachment":[{"href":"https:\/\/tourismus-grossregion.eu\/fr\/wp-json\/wp\/v2\/media?parent=795"}],"curies":[{"name":"wp","href":"https:\/\/api.w.org\/{rel}","templated":true}]}}