{"id":802,"date":"2021-07-27T15:21:27","date_gmt":"2021-07-27T13:21:27","guid":{"rendered":"https:\/\/tourismus-grossregion.eu\/fr\/?page_id=802"},"modified":"2021-08-27T13:37:32","modified_gmt":"2021-08-27T11:37:32","slug":"minett-tour","status":"publish","type":"page","link":"https:\/\/tourismus-grossregion.eu\/fr\/minett-tour\/","title":{"rendered":"Story: Luxemburg: Minett-Tour"},"content":{"rendered":"","protected":false},"excerpt":{"rendered":"","protected":false},"author":2,"featured_media":803,"parent":0,"menu_order":0,"comment_status":"closed","ping_status":"closed","template":"","meta":[],"yoast_head":"<!-- This site is optimized with the Yoast SEO plugin v16.9 - https:\/\/yoast.com\/wordpress\/plugins\/seo\/ -->\n<meta name=\"robots\" content=\"index, follow, max-snippet:-1, max-image-preview:large, max-video-preview:-1\" \/>\n<link rel=\"canonical\" href=\"https:\/\/tourismus-grossregion.eu\/fr\/minett-tour\/\" \/>\n<meta property=\"og:locale\" content=\"fr_FR\" \/>\n<meta property=\"og:type\" content=\"article\" \/>\n<meta property=\"og:title\" content=\"Story: Luxemburg: Minett-Tour - Tourisme Grande R\u00e9gion\" \/>\n<meta property=\"og:url\" content=\"https:\/\/tourismus-grossregion.eu\/fr\/minett-tour\/\" \/>\n<meta property=\"og:site_name\" content=\"Tourisme Grande R\u00e9gion\" \/>\n<meta property=\"article:modified_time\" content=\"2021-08-27T11:37:32+00:00\" \/>\n<meta property=\"og:image\" content=\"https:\/\/tourismus-grossregion.eu\/fr\/wp-content\/uploads\/sites\/3\/2021\/07\/A7_08320_1.jpg\" \/>\n\t<meta property=\"og:image:width\" content=\"1920\" \/>\n\t<meta property=\"og:image:height\" content=\"1280\" \/>\n<meta name=\"twitter:card\" content=\"summary_large_image\" \/>\n<script type=\"application\/ld+json\" class=\"yoast-schema-graph\">{\"@context\":\"https:\/\/schema.org\",\"@graph\":[{\"@type\":\"WebSite\",\"@id\":\"https:\/\/tourismus-grossregion.eu\/fr\/#website\",\"url\":\"https:\/\/tourismus-grossregion.eu\/fr\/\",\"name\":\"Tourisme Grande R\\u00e9gion\",\"description\":\"Tourisme Grande R\\u00e9gion\",\"potentialAction\":[{\"@type\":\"SearchAction\",\"target\":{\"@type\":\"EntryPoint\",\"urlTemplate\":\"https:\/\/tourismus-grossregion.eu\/fr\/?s={search_term_string}\"},\"query-input\":\"required name=search_term_string\"}],\"inLanguage\":\"fr-FR\"},{\"@type\":\"ImageObject\",\"@id\":\"https:\/\/tourismus-grossregion.eu\/fr\/minett-tour\/#primaryimage\",\"inLanguage\":\"fr-FR\",\"url\":\"https:\/\/tourismus-grossregion.eu\/fr\/wp-content\/uploads\/sites\/3\/2021\/07\/A7_08320_1.jpg\",\"contentUrl\":\"https:\/\/tourismus-grossregion.eu\/fr\/wp-content\/uploads\/sites\/3\/2021\/07\/A7_08320_1.jpg\",\"width\":1920,\"height\":1280,\"caption\":\"Une partie du complexe industriel peut \\u00eatre vue d'en haut. De nombreux tuyaux et divers \\u00e9l\\u00e9ments de construction sont visibles.\"},{\"@type\":\"WebPage\",\"@id\":\"https:\/\/tourismus-grossregion.eu\/fr\/minett-tour\/#webpage\",\"url\":\"https:\/\/tourismus-grossregion.eu\/fr\/minett-tour\/\",\"name\":\"Story: Luxemburg: Minett-Tour - Tourisme Grande R\\u00e9gion\",\"isPartOf\":{\"@id\":\"https:\/\/tourismus-grossregion.eu\/fr\/#website\"},\"primaryImageOfPage\":{\"@id\":\"https:\/\/tourismus-grossregion.eu\/fr\/minett-tour\/#primaryimage\"},\"datePublished\":\"2021-07-27T13:21:27+00:00\",\"dateModified\":\"2021-08-27T11:37:32+00:00\",\"breadcrumb\":{\"@id\":\"https:\/\/tourismus-grossregion.eu\/fr\/minett-tour\/#breadcrumb\"},\"inLanguage\":\"fr-FR\",\"potentialAction\":[{\"@type\":\"ReadAction\",\"target\":[\"https:\/\/tourismus-grossregion.eu\/fr\/minett-tour\/\"]}]},{\"@type\":\"BreadcrumbList\",\"@id\":\"https:\/\/tourismus-grossregion.eu\/fr\/minett-tour\/#breadcrumb\",\"itemListElement\":[{\"@type\":\"ListItem\",\"position\":1,\"name\":\"Story: Luxemburg: Minett-Tour\"}]}]}<\/script>\n<!-- \/ Yoast SEO plugin. -->","yoast_head_json":{"robots":{"index":"index","follow":"follow","max-snippet":"max-snippet:-1","max-image-preview":"max-image-preview:large","max-video-preview":"max-video-preview:-1"},"canonical":"https:\/\/tourismus-grossregion.eu\/fr\/minett-tour\/","og_locale":"fr_FR","og_type":"article","og_title":"Story: Luxemburg: Minett-Tour - Tourisme Grande R\u00e9gion","og_url":"https:\/\/tourismus-grossregion.eu\/fr\/minett-tour\/","og_site_name":"Tourisme Grande R\u00e9gion","article_modified_time":"2021-08-27T11:37:32+00:00","og_image":[{"width":1920,"height":1280,"url":"https:\/\/tourismus-grossregion.eu\/fr\/wp-content\/uploads\/sites\/3\/2021\/07\/A7_08320_1.jpg","path":"\/var\/www\/html\/wp-content\/uploads\/sites\/3\/2021\/07\/A7_08320_1.jpg","size":"full","id":803,"alt":"Une partie du complexe industriel peut \u00eatre vue d'en haut. De nombreux tuyaux et divers \u00e9l\u00e9ments de construction sont visibles.","pixels":2457600,"type":"image\/jpeg"}],"twitter_card":"summary_large_image","schema":{"@context":"https:\/\/schema.org","@graph":[{"@type":"WebSite","@id":"https:\/\/tourismus-grossregion.eu\/fr\/#website","url":"https:\/\/tourismus-grossregion.eu\/fr\/","name":"Tourisme Grande R\u00e9gion","description":"Tourisme Grande R\u00e9gion","potentialAction":[{"@type":"SearchAction","target":{"@type":"EntryPoint","urlTemplate":"https:\/\/tourismus-grossregion.eu\/fr\/?s={search_term_string}"},"query-input":"required name=search_term_string"}],"inLanguage":"fr-FR"},{"@type":"ImageObject","@id":"https:\/\/tourismus-grossregion.eu\/fr\/minett-tour\/#primaryimage","inLanguage":"fr-FR","url":"https:\/\/tourismus-grossregion.eu\/fr\/wp-content\/uploads\/sites\/3\/2021\/07\/A7_08320_1.jpg","contentUrl":"https:\/\/tourismus-grossregion.eu\/fr\/wp-content\/uploads\/sites\/3\/2021\/07\/A7_08320_1.jpg","width":1920,"height":1280,"caption":"Une partie du complexe industriel peut \u00eatre vue d'en haut. De nombreux tuyaux et divers \u00e9l\u00e9ments de construction sont visibles."},{"@type":"WebPage","@id":"https:\/\/tourismus-grossregion.eu\/fr\/minett-tour\/#webpage","url":"https:\/\/tourismus-grossregion.eu\/fr\/minett-tour\/","name":"Story: Luxemburg: Minett-Tour - Tourisme Grande R\u00e9gion","isPartOf":{"@id":"https:\/\/tourismus-grossregion.eu\/fr\/#website"},"primaryImageOfPage":{"@id":"https:\/\/tourismus-grossregion.eu\/fr\/minett-tour\/#primaryimage"},"datePublished":"2021-07-27T13:21:27+00:00","dateModified":"2021-08-27T11:37:32+00:00","breadcrumb":{"@id":"https:\/\/tourismus-grossregion.eu\/fr\/minett-tour\/#breadcrumb"},"inLanguage":"fr-FR","potentialAction":[{"@type":"ReadAction","target":["https:\/\/tourismus-grossregion.eu\/fr\/minett-tour\/"]}]},{"@type":"BreadcrumbList","@id":"https:\/\/tourismus-grossregion.eu\/fr\/minett-tour\/#breadcrumb","itemListElement":[{"@type":"ListItem","position":1,"name":"Story: Luxemburg: Minett-Tour"}]}]}},"acf":{"pb_acf_widgets":[{"acf_fc_layout":"widget_hero_static","widget_hero_static_background":{"widget_hero_static_background_type":false,"widget_hero_static_image":{"ID":803,"id":803,"title":"A7_08320_1","filename":"A7_08320_1.jpg","filesize":578011,"url":"https:\/\/tourismus-grossregion.eu\/fr\/wp-content\/uploads\/sites\/3\/2021\/07\/A7_08320_1.jpg","link":"https:\/\/tourismus-grossregion.eu\/fr\/minett-tour\/a7_08320_1\/","alt":"Une partie du complexe industriel peut \u00eatre vue d'en haut. De nombreux tuyaux et divers \u00e9l\u00e9ments de construction sont visibles.","author":"2","description":"Une partie du complexe industriel peut \u00eatre vue d'en haut. De nombreux tuyaux et divers \u00e9l\u00e9ments de construction sont visibles.","caption":"","name":"a7_08320_1","status":"inherit","uploaded_to":802,"date":"2021-07-27 12:03:22","modified":"2021-08-13 09:02:25","menu_order":0,"mime_type":"image\/jpeg","type":"image","subtype":"jpeg","icon":"https:\/\/tourismus-grossregion.eu\/fr\/wp-includes\/images\/media\/default.png","width":1920,"height":1280,"sizes":{"thumbnail":"https:\/\/tourismus-grossregion.eu\/fr\/wp-content\/uploads\/sites\/3\/2021\/07\/A7_08320_1-150x150.jpg","thumbnail-width":150,"thumbnail-height":150,"medium":"https:\/\/tourismus-grossregion.eu\/fr\/wp-content\/uploads\/sites\/3\/2021\/07\/A7_08320_1-300x200.jpg","medium-width":300,"medium-height":200,"medium_large":"https:\/\/tourismus-grossregion.eu\/fr\/wp-content\/uploads\/sites\/3\/2021\/07\/A7_08320_1-768x512.jpg","medium_large-width":768,"medium_large-height":512,"large":"https:\/\/tourismus-grossregion.eu\/fr\/wp-content\/uploads\/sites\/3\/2021\/07\/A7_08320_1-1024x683.jpg","large-width":1024,"large-height":683,"1536x1536":"https:\/\/tourismus-grossregion.eu\/fr\/wp-content\/uploads\/sites\/3\/2021\/07\/A7_08320_1-1536x1024.jpg","1536x1536-width":1536,"1536x1536-height":1024,"2048x2048":"https:\/\/tourismus-grossregion.eu\/fr\/wp-content\/uploads\/sites\/3\/2021\/07\/A7_08320_1.jpg","2048x2048-width":1920,"2048x2048-height":1280,"download-thumbnail":"https:\/\/tourismus-grossregion.eu\/fr\/wp-content\/uploads\/sites\/3\/2021\/07\/A7_08320_1-345x230.jpg","download-thumbnail-width":345,"download-thumbnail-height":230,"paragraphimage":"https:\/\/tourismus-grossregion.eu\/fr\/wp-content\/uploads\/sites\/3\/2021\/07\/A7_08320_1-468x312.jpg","paragraphimage-width":468,"paragraphimage-height":312,"slider-image":"https:\/\/tourismus-grossregion.eu\/fr\/wp-content\/uploads\/sites\/3\/2021\/07\/A7_08320_1-901x715.jpg","slider-image-width":901,"slider-image-height":715,"quote-image":"https:\/\/tourismus-grossregion.eu\/fr\/wp-content\/uploads\/sites\/3\/2021\/07\/A7_08320_1-683x455.jpg","quote-image-width":683,"quote-image-height":455,"productcard-image":"https:\/\/tourismus-grossregion.eu\/fr\/wp-content\/uploads\/sites\/3\/2021\/07\/A7_08320_1-710x473.jpg","productcard-image-width":710,"productcard-image-height":473}},"widget_hero_static_video_type":false,"widget_hero_static_video_upload":false,"widget_hero_static_youtube_embed":"","widget_hero_static_filter":true},"widget_hero_static_content":{"widget_hero_static_headline":"Le \u00ab Minett-Tour \u00bb ","widget_hero_static_copy":"","widget_hero_static_link":""},"widget_hero_static_margin":"small"},{"acf_fc_layout":"widget_paragraph_headlines_image","widget_paragraph_headlines_image_orientation":false,"widget_paragraph_headlines_image_decoration":true,"widget_paragraph_headlines_image_content":{"widget_paragraph_headlines_image_preline":"","widget_paragraph_headlines_image_headline":"","widget_paragraph_headlines_image_subline":"Sur les traces de la sueur et de l\u2019acier","widget_paragraph_headlines_image_editor_justify":true,"widget_paragraph_headlines_image_editor":"<p>Du train \u00e0 vapeur aux mines obscures en passant par les hauts fourneaux, le \u00ab Minett-Tour \u00bb replonge dans l\u2019ambiance du pass\u00e9 sid\u00e9rurgique.<\/p>\n","widget_paragraph_headlines_image_link":""},"widget_paragraph_headlines_image_image":false,"widget_paragraph_headlines_image_image_option":false,"widget_paragraph_headlines_image_margin":"small"},{"acf_fc_layout":"widget_editor","widget_editor_justify":true,"widget_editor_editor":"<p>Les hommes travaillaient dur au \u00ab Pays des Terres Rouges \u00bb. Ils extrayaient le minerai de fer, ou \u00ab Minett \u00bb en luxembourgeois, en creusant des galeries dans la roche, en circulant au c\u0153ur de la colline dans le vacarme des trains miniers et en sortant la pierre sur des wagonnets. Le minerai de fer \u00e9tait ensuite lav\u00e9, m\u00e9lang\u00e9, chauff\u00e9 et transform\u00e9 en acier. La suie, la sueur, le charbon, la chaleur et l\u2019acier ont \u00e9t\u00e9 les ingr\u00e9dients du succ\u00e8s \u00e9conomique du Grand-Duch\u00e9.<\/p>\n<p>L\u2019acier luxembourgeois a \u00e9t\u00e9 export\u00e9 dans le monde entier d\u00e8s la moiti\u00e9 du 19e si\u00e8cle et on le retrouve aujourd\u2019hui encore dans des \u00e9difices de bon nombre de pays, que ce soit dans les fondations du \u00ab One World Trade Center \u00bb \u00e0 New York ou dans le plus grand gratte-ciel du monde \u00e0 Duba\u00ef.<\/p>\n","widget_editor_margin":"small"},{"acf_fc_layout":"widget_image","widget_image_image":{"ID":806,"id":806,"title":"DJI_0571_1","filename":"DJI_0571_1.jpg","filesize":590433,"url":"https:\/\/tourismus-grossregion.eu\/fr\/wp-content\/uploads\/sites\/3\/2021\/07\/DJI_0571_1.jpg","link":"https:\/\/tourismus-grossregion.eu\/fr\/minett-tour\/dji_0571_1\/","alt":"Ici, les b\u00e2timents universitaires autour du complexe Minett sont clairement visibles. Les nouveaux b\u00e2timents universitaires rouges et blancs au premier plan contrastent avec le b\u00e2timent industriel \u00e0 l'arri\u00e8re-plan.","author":"2","description":"Ici, les b\u00e2timents universitaires autour du complexe Minett sont clairement visibles. Les nouveaux b\u00e2timents universitaires rouges et blancs au premier plan contrastent avec le b\u00e2timent industriel \u00e0 l'arri\u00e8re-plan.","caption":"","name":"dji_0571_1","status":"inherit","uploaded_to":802,"date":"2021-07-27 12:03:24","modified":"2021-08-13 09:02:15","menu_order":0,"mime_type":"image\/jpeg","type":"image","subtype":"jpeg","icon":"https:\/\/tourismus-grossregion.eu\/fr\/wp-includes\/images\/media\/default.png","width":1920,"height":1279,"sizes":{"thumbnail":"https:\/\/tourismus-grossregion.eu\/fr\/wp-content\/uploads\/sites\/3\/2021\/07\/DJI_0571_1-150x150.jpg","thumbnail-width":150,"thumbnail-height":150,"medium":"https:\/\/tourismus-grossregion.eu\/fr\/wp-content\/uploads\/sites\/3\/2021\/07\/DJI_0571_1-300x200.jpg","medium-width":300,"medium-height":200,"medium_large":"https:\/\/tourismus-grossregion.eu\/fr\/wp-content\/uploads\/sites\/3\/2021\/07\/DJI_0571_1-768x512.jpg","medium_large-width":768,"medium_large-height":512,"large":"https:\/\/tourismus-grossregion.eu\/fr\/wp-content\/uploads\/sites\/3\/2021\/07\/DJI_0571_1-1024x682.jpg","large-width":1024,"large-height":682,"1536x1536":"https:\/\/tourismus-grossregion.eu\/fr\/wp-content\/uploads\/sites\/3\/2021\/07\/DJI_0571_1-1536x1023.jpg","1536x1536-width":1536,"1536x1536-height":1023,"2048x2048":"https:\/\/tourismus-grossregion.eu\/fr\/wp-content\/uploads\/sites\/3\/2021\/07\/DJI_0571_1.jpg","2048x2048-width":1920,"2048x2048-height":1279,"download-thumbnail":"https:\/\/tourismus-grossregion.eu\/fr\/wp-content\/uploads\/sites\/3\/2021\/07\/DJI_0571_1-345x230.jpg","download-thumbnail-width":345,"download-thumbnail-height":230,"paragraphimage":"https:\/\/tourismus-grossregion.eu\/fr\/wp-content\/uploads\/sites\/3\/2021\/07\/DJI_0571_1-468x312.jpg","paragraphimage-width":468,"paragraphimage-height":312,"slider-image":"https:\/\/tourismus-grossregion.eu\/fr\/wp-content\/uploads\/sites\/3\/2021\/07\/DJI_0571_1-901x715.jpg","slider-image-width":901,"slider-image-height":715,"quote-image":"https:\/\/tourismus-grossregion.eu\/fr\/wp-content\/uploads\/sites\/3\/2021\/07\/DJI_0571_1-683x455.jpg","quote-image-width":683,"quote-image-height":455,"productcard-image":"https:\/\/tourismus-grossregion.eu\/fr\/wp-content\/uploads\/sites\/3\/2021\/07\/DJI_0571_1-710x473.jpg","productcard-image-width":710,"productcard-image-height":473}},"widget_image_caption":"","widget_image_margin":"small"},{"acf_fc_layout":"widget_paragraph_headlines_image","widget_paragraph_headlines_image_orientation":true,"widget_paragraph_headlines_image_decoration":false,"widget_paragraph_headlines_image_content":{"widget_paragraph_headlines_image_preline":"","widget_paragraph_headlines_image_headline":"","widget_paragraph_headlines_image_subline":"Pass\u00e9 et avenir","widget_paragraph_headlines_image_editor_justify":true,"widget_paragraph_headlines_image_editor":"<p>Les hauts fourneaux sont \u00e9teints depuis 1997. Mais les visiteurs peuvent encore d\u00e9couvrir cet univers dans le cadre du \u00ab Minett-Tour \u00bb. On peut faire cet itin\u00e9raire en partant par exemple d\u2019Esch-Belval. L\u00e0 o\u00f9 les hauts fourneaux d\u00e9gageaient leur fum\u00e9e, c\u2019est maintenant l\u2019universit\u00e9 qui g\u00e9n\u00e8re un nouveau dynamisme. Les b\u00e2timents modernes abritent les disciplines scientifiques qui s\u2019enrichissent de toujours plus de facult\u00e9s du domaine de la m\u00e9decine, des sciences humaines ou de l\u2019informatique. Cependant, entre les tours \u00e0 l\u2019architecture d\u00e9pouill\u00e9e de l\u2019universit\u00e9, les hauts fourneaux affichent encore leur pr\u00e9sence marqu\u00e9e par la rouille et la patine. Ils ont \u00e9t\u00e9 conserv\u00e9s avec soin pour les g\u00e9n\u00e9rations futures. Et ils cr\u00e9ent une atmosph\u00e8re tr\u00e8s sp\u00e9cifique. Des visites guid\u00e9es permettent de monter sur le haut fourneau A et de profiter de la vue sur le campus. C\u2019est l\u00e0 que le quartier g\u00e9n\u00e9ral d\u2019\u00ab Esch 2022 \u00bb prendra aussi bient\u00f4t place. Car Esch-sur-Alzette sera Capitale europ\u00e9enne de la culture en 2022.<\/p>\n","widget_paragraph_headlines_image_link":""},"widget_paragraph_headlines_image_image":{"ID":804,"id":804,"title":"DJI_0568_1","filename":"DJI_0568_1.jpg","filesize":607514,"url":"https:\/\/tourismus-grossregion.eu\/fr\/wp-content\/uploads\/sites\/3\/2021\/07\/DJI_0568_1.jpg","link":"https:\/\/tourismus-grossregion.eu\/fr\/minett-tour\/dji_0568_1\/","alt":"Une vue \u00e0 vol d'oiseau du haut du haut fourneau de la zone industrielle de Minett, avec vue sur le reste du complexe.","author":"2","description":"Une vue \u00e0 vol d'oiseau du haut du haut fourneau de la zone industrielle de Minett, avec vue sur le reste du complexe.","caption":"","name":"dji_0568_1","status":"inherit","uploaded_to":802,"date":"2021-07-27 12:03:22","modified":"2021-08-13 09:02:22","menu_order":0,"mime_type":"image\/jpeg","type":"image","subtype":"jpeg","icon":"https:\/\/tourismus-grossregion.eu\/fr\/wp-includes\/images\/media\/default.png","width":1920,"height":1279,"sizes":{"thumbnail":"https:\/\/tourismus-grossregion.eu\/fr\/wp-content\/uploads\/sites\/3\/2021\/07\/DJI_0568_1-150x150.jpg","thumbnail-width":150,"thumbnail-height":150,"medium":"https:\/\/tourismus-grossregion.eu\/fr\/wp-content\/uploads\/sites\/3\/2021\/07\/DJI_0568_1-300x200.jpg","medium-width":300,"medium-height":200,"medium_large":"https:\/\/tourismus-grossregion.eu\/fr\/wp-content\/uploads\/sites\/3\/2021\/07\/DJI_0568_1-768x512.jpg","medium_large-width":768,"medium_large-height":512,"large":"https:\/\/tourismus-grossregion.eu\/fr\/wp-content\/uploads\/sites\/3\/2021\/07\/DJI_0568_1-1024x682.jpg","large-width":1024,"large-height":682,"1536x1536":"https:\/\/tourismus-grossregion.eu\/fr\/wp-content\/uploads\/sites\/3\/2021\/07\/DJI_0568_1-1536x1023.jpg","1536x1536-width":1536,"1536x1536-height":1023,"2048x2048":"https:\/\/tourismus-grossregion.eu\/fr\/wp-content\/uploads\/sites\/3\/2021\/07\/DJI_0568_1.jpg","2048x2048-width":1920,"2048x2048-height":1279,"download-thumbnail":"https:\/\/tourismus-grossregion.eu\/fr\/wp-content\/uploads\/sites\/3\/2021\/07\/DJI_0568_1-345x230.jpg","download-thumbnail-width":345,"download-thumbnail-height":230,"paragraphimage":"https:\/\/tourismus-grossregion.eu\/fr\/wp-content\/uploads\/sites\/3\/2021\/07\/DJI_0568_1-468x312.jpg","paragraphimage-width":468,"paragraphimage-height":312,"slider-image":"https:\/\/tourismus-grossregion.eu\/fr\/wp-content\/uploads\/sites\/3\/2021\/07\/DJI_0568_1-901x715.jpg","slider-image-width":901,"slider-image-height":715,"quote-image":"https:\/\/tourismus-grossregion.eu\/fr\/wp-content\/uploads\/sites\/3\/2021\/07\/DJI_0568_1-683x455.jpg","quote-image-width":683,"quote-image-height":455,"productcard-image":"https:\/\/tourismus-grossregion.eu\/fr\/wp-content\/uploads\/sites\/3\/2021\/07\/DJI_0568_1-710x473.jpg","productcard-image-width":710,"productcard-image-height":473}},"widget_paragraph_headlines_image_image_option":false,"widget_paragraph_headlines_image_margin":"small"},{"acf_fc_layout":"widget_paragraph_headlines_image","widget_paragraph_headlines_image_orientation":false,"widget_paragraph_headlines_image_decoration":false,"widget_paragraph_headlines_image_content":{"widget_paragraph_headlines_image_preline":"","widget_paragraph_headlines_image_headline":"","widget_paragraph_headlines_image_subline":"Une aventure en plusieurs \u00e9tapes","widget_paragraph_headlines_image_editor_justify":true,"widget_paragraph_headlines_image_editor":"<p>Esch-Belval est un eldorado pour les passionn\u00e9s d\u2019architecture et l\u2019une des cinq \u00e9tapes du parcours de 35 kilom\u00e8tres du \u00ab Minett-Tour \u00bb. Dans l\u2019ancien grand centre d\u2019exploitation mini\u00e8re du Fond-de-Gras, plusieurs endroits invitent \u00e0 la d\u00e9tente et \u00e0 l\u2019aventure durant le week-end. En y faisant une excursion, on fait un v\u00e9ritable voyage \u00e0 travers le pass\u00e9.<\/p>\n<p>Le \u00ab Train 1900 \u00bb avec sa locomotive \u00e0 vapeur emm\u00e8ne petits et grands de P\u00e9tange au Fond-de-Gras en traversant le c\u0153ur des \u00ab Terres Rouges \u00bb. Depuis 1973, des b\u00e9n\u00e9voles font vivre cette ligne de train. \u00ab Je suis r\u00e9guli\u00e8rement ici le week-end depuis mon enfance, \u00e0 l\u2019\u00e9poque je venais avec mon p\u00e8re. J\u2019adore bricoler sur les trains \u00bb, dit Romain Baumann. \u00c2g\u00e9 de 36 ans, il est pr\u00e9sident de l\u2019Association des Mus\u00e9e et Tourisme ferroviaires et circule, soit comme chauffeur, soit comme m\u00e9canicien conducteur de locomotive sur le \u00ab Train 1900 \u00bb.<\/p>\n<p>Par le pass\u00e9, ce train transportait au Fond-de-Gras les chargements de minerai de fer des environs et non pas les personnes. Mais tout ne doit pas \u00eatre historique au sens strict du terme.<\/p>\n<p>En savoir plus: <strong><a href=\"https:\/\/minettpark.lu\/fra\" target=\"_blank\" rel=\"noopener\">https:\/\/minettpark.lu\/fra<\/a><\/strong><\/p>\n<p>Trouvez ici des informations sur les cinq stations du Minett-Tour: <strong><a href=\"https:\/\/www.minetttour.lu\/fr\" target=\"_blank\" rel=\"noopener\">https:\/\/www.minetttour.lu\/fr<\/a><\/strong><\/p>\n","widget_paragraph_headlines_image_link":""},"widget_paragraph_headlines_image_image":{"ID":809,"id":809,"title":"A7_08395_1-e1626959356424","filename":"A7_08395_1-e1626959356424.jpg","filesize":229104,"url":"https:\/\/tourismus-grossregion.eu\/fr\/wp-content\/uploads\/sites\/3\/2021\/07\/A7_08395_1-e1626959356424.jpg","link":"https:\/\/tourismus-grossregion.eu\/fr\/minett-tour\/a7_08395_1-e1626959356424\/","alt":"Un homme habill\u00e9 en conducteur de train s'accroche au flanc d'un train historique. Le train semble \u00eatre en mouvement.","author":"2","description":"Un homme habill\u00e9 en conducteur de train s'accroche au flanc d'un train historique. Le train semble \u00eatre en mouvement.","caption":"","name":"a7_08395_1-e1626959356424","status":"inherit","uploaded_to":802,"date":"2021-07-27 12:03:26","modified":"2021-08-13 09:02:06","menu_order":0,"mime_type":"image\/jpeg","type":"image","subtype":"jpeg","icon":"https:\/\/tourismus-grossregion.eu\/fr\/wp-includes\/images\/media\/default.png","width":1299,"height":1490,"sizes":{"thumbnail":"https:\/\/tourismus-grossregion.eu\/fr\/wp-content\/uploads\/sites\/3\/2021\/07\/A7_08395_1-e1626959356424-150x150.jpg","thumbnail-width":150,"thumbnail-height":150,"medium":"https:\/\/tourismus-grossregion.eu\/fr\/wp-content\/uploads\/sites\/3\/2021\/07\/A7_08395_1-e1626959356424-262x300.jpg","medium-width":262,"medium-height":300,"medium_large":"https:\/\/tourismus-grossregion.eu\/fr\/wp-content\/uploads\/sites\/3\/2021\/07\/A7_08395_1-e1626959356424-768x881.jpg","medium_large-width":768,"medium_large-height":881,"large":"https:\/\/tourismus-grossregion.eu\/fr\/wp-content\/uploads\/sites\/3\/2021\/07\/A7_08395_1-e1626959356424-893x1024.jpg","large-width":893,"large-height":1024,"1536x1536":"https:\/\/tourismus-grossregion.eu\/fr\/wp-content\/uploads\/sites\/3\/2021\/07\/A7_08395_1-e1626959356424.jpg","1536x1536-width":1299,"1536x1536-height":1490,"2048x2048":"https:\/\/tourismus-grossregion.eu\/fr\/wp-content\/uploads\/sites\/3\/2021\/07\/A7_08395_1-e1626959356424.jpg","2048x2048-width":1299,"2048x2048-height":1490,"download-thumbnail":"https:\/\/tourismus-grossregion.eu\/fr\/wp-content\/uploads\/sites\/3\/2021\/07\/A7_08395_1-e1626959356424-301x345.jpg","download-thumbnail-width":301,"download-thumbnail-height":345,"paragraphimage":"https:\/\/tourismus-grossregion.eu\/fr\/wp-content\/uploads\/sites\/3\/2021\/07\/A7_08395_1-e1626959356424-468x537.jpg","paragraphimage-width":468,"paragraphimage-height":537,"slider-image":"https:\/\/tourismus-grossregion.eu\/fr\/wp-content\/uploads\/sites\/3\/2021\/07\/A7_08395_1-e1626959356424-901x715.jpg","slider-image-width":901,"slider-image-height":715,"quote-image":"https:\/\/tourismus-grossregion.eu\/fr\/wp-content\/uploads\/sites\/3\/2021\/07\/A7_08395_1-e1626959356424-683x783.jpg","quote-image-width":683,"quote-image-height":783,"productcard-image":"https:\/\/tourismus-grossregion.eu\/fr\/wp-content\/uploads\/sites\/3\/2021\/07\/A7_08395_1-e1626959356424-710x814.jpg","productcard-image-width":710,"productcard-image-height":814}},"widget_paragraph_headlines_image_image_option":false,"widget_paragraph_headlines_image_margin":"small"},{"acf_fc_layout":"widget_paragraph_headlines_image","widget_paragraph_headlines_image_orientation":false,"widget_paragraph_headlines_image_decoration":true,"widget_paragraph_headlines_image_content":{"widget_paragraph_headlines_image_preline":"","widget_paragraph_headlines_image_headline":"","widget_paragraph_headlines_image_subline":"Vous aimez ce que vous voyez ? ","widget_paragraph_headlines_image_editor_justify":true,"widget_paragraph_headlines_image_editor":"<p>La Grande R\u00e9gion a beaucoup plus \u00e0 offrir ! Jetez un coup d&rsquo;\u0153il aux histoires suivantes de la r\u00e9gion et laissez-vous inspirer.<\/p>\n","widget_paragraph_headlines_image_link":""},"widget_paragraph_headlines_image_image":false,"widget_paragraph_headlines_image_image_option":false,"widget_paragraph_headlines_image_margin":"small"},{"acf_fc_layout":"widget_content_carousel","widget_content_carousel_preline":"","widget_content_carousel_headline":"","widget_content_carousel_description_justify":false,"widget_content_carousel_entries":[{"widget_content_carousel_entries_thumbnail":{"ID":796,"id":796,"title":"A7_08611_1","filename":"A7_08611_1.jpg","filesize":181624,"url":"https:\/\/tourismus-grossregion.eu\/fr\/wp-content\/uploads\/sites\/3\/2021\/07\/A7_08611_1.jpg","link":"https:\/\/tourismus-grossregion.eu\/fr\/schengen-et-francois-valentiny\/a7_08611_1\/","alt":"Valentiny marche devant une exposition d'art architectural dans une salle enti\u00e8rement blanche d'un mus\u00e9e. Il porte une veste de costume grise, une chemise blanche et un pantalon fonc\u00e9.","author":"2","description":"Valentiny marche devant une exposition d'art architectural dans une salle enti\u00e8rement blanche d'un mus\u00e9e. Il porte une veste de costume grise, une chemise blanche et un pantalon fonc\u00e9.","caption":"","name":"a7_08611_1","status":"inherit","uploaded_to":795,"date":"2021-07-27 12:02:59","modified":"2021-08-13 09:06:53","menu_order":0,"mime_type":"image\/jpeg","type":"image","subtype":"jpeg","icon":"https:\/\/tourismus-grossregion.eu\/fr\/wp-includes\/images\/media\/default.png","width":1920,"height":1280,"sizes":{"thumbnail":"https:\/\/tourismus-grossregion.eu\/fr\/wp-content\/uploads\/sites\/3\/2021\/07\/A7_08611_1-150x150.jpg","thumbnail-width":150,"thumbnail-height":150,"medium":"https:\/\/tourismus-grossregion.eu\/fr\/wp-content\/uploads\/sites\/3\/2021\/07\/A7_08611_1-300x200.jpg","medium-width":300,"medium-height":200,"medium_large":"https:\/\/tourismus-grossregion.eu\/fr\/wp-content\/uploads\/sites\/3\/2021\/07\/A7_08611_1-768x512.jpg","medium_large-width":768,"medium_large-height":512,"large":"https:\/\/tourismus-grossregion.eu\/fr\/wp-content\/uploads\/sites\/3\/2021\/07\/A7_08611_1-1024x683.jpg","large-width":1024,"large-height":683,"1536x1536":"https:\/\/tourismus-grossregion.eu\/fr\/wp-content\/uploads\/sites\/3\/2021\/07\/A7_08611_1-1536x1024.jpg","1536x1536-width":1536,"1536x1536-height":1024,"2048x2048":"https:\/\/tourismus-grossregion.eu\/fr\/wp-content\/uploads\/sites\/3\/2021\/07\/A7_08611_1.jpg","2048x2048-width":1920,"2048x2048-height":1280,"download-thumbnail":"https:\/\/tourismus-grossregion.eu\/fr\/wp-content\/uploads\/sites\/3\/2021\/07\/A7_08611_1-345x230.jpg","download-thumbnail-width":345,"download-thumbnail-height":230,"paragraphimage":"https:\/\/tourismus-grossregion.eu\/fr\/wp-content\/uploads\/sites\/3\/2021\/07\/A7_08611_1-468x312.jpg","paragraphimage-width":468,"paragraphimage-height":312,"slider-image":"https:\/\/tourismus-grossregion.eu\/fr\/wp-content\/uploads\/sites\/3\/2021\/07\/A7_08611_1-901x715.jpg","slider-image-width":901,"slider-image-height":715,"quote-image":"https:\/\/tourismus-grossregion.eu\/fr\/wp-content\/uploads\/sites\/3\/2021\/07\/A7_08611_1-683x455.jpg","quote-image-width":683,"quote-image-height":455,"productcard-image":"https:\/\/tourismus-grossregion.eu\/fr\/wp-content\/uploads\/sites\/3\/2021\/07\/A7_08611_1-710x473.jpg","productcard-image-width":710,"productcard-image-height":473}},"widget_content_carousel_entries_title":"Schengen et Fran\u00e7ois Valentiny","widget_content_carousel_entries_description":"<p>\u00ab Les fronti\u00e8res n\u2019ont jamais travers\u00e9 nos esprits \u00bb<\/p>\n","widget_content_carousel_entries__link":"https:\/\/tourismus-grossregion.eu\/fr\/?page_id=795&preview=true"},{"widget_content_carousel_entries_thumbnail":{"ID":671,"id":671,"title":"DSC3003_1","filename":"DSC3003_1.jpg","filesize":594745,"url":"https:\/\/tourismus-grossregion.eu\/fr\/wp-content\/uploads\/sites\/3\/2021\/07\/DSC3003_1.jpg","link":"https:\/\/tourismus-grossregion.eu\/fr\/schieferstollen-recht\/dsc3003_1\/","alt":"Au fond de la mine, un visiteur du mus\u00e9e portant un casque observe les formations rocheuses de couleur rouille.","author":"2","description":"Au fond de la mine, un visiteur du mus\u00e9e portant un casque observe les formations rocheuses de couleur rouille.","caption":"","name":"dsc3003_1","status":"inherit","uploaded_to":670,"date":"2021-07-27 10:03:59","modified":"2021-07-27 10:05:10","menu_order":0,"mime_type":"image\/jpeg","type":"image","subtype":"jpeg","icon":"https:\/\/tourismus-grossregion.eu\/fr\/wp-includes\/images\/media\/default.png","width":1920,"height":1277,"sizes":{"thumbnail":"https:\/\/tourismus-grossregion.eu\/fr\/wp-content\/uploads\/sites\/3\/2021\/07\/DSC3003_1-150x150.jpg","thumbnail-width":150,"thumbnail-height":150,"medium":"https:\/\/tourismus-grossregion.eu\/fr\/wp-content\/uploads\/sites\/3\/2021\/07\/DSC3003_1-300x200.jpg","medium-width":300,"medium-height":200,"medium_large":"https:\/\/tourismus-grossregion.eu\/fr\/wp-content\/uploads\/sites\/3\/2021\/07\/DSC3003_1-768x511.jpg","medium_large-width":768,"medium_large-height":511,"large":"https:\/\/tourismus-grossregion.eu\/fr\/wp-content\/uploads\/sites\/3\/2021\/07\/DSC3003_1-1024x681.jpg","large-width":1024,"large-height":681,"1536x1536":"https:\/\/tourismus-grossregion.eu\/fr\/wp-content\/uploads\/sites\/3\/2021\/07\/DSC3003_1-1536x1022.jpg","1536x1536-width":1536,"1536x1536-height":1022,"2048x2048":"https:\/\/tourismus-grossregion.eu\/fr\/wp-content\/uploads\/sites\/3\/2021\/07\/DSC3003_1.jpg","2048x2048-width":1920,"2048x2048-height":1277,"download-thumbnail":"https:\/\/tourismus-grossregion.eu\/fr\/wp-content\/uploads\/sites\/3\/2021\/07\/DSC3003_1-345x229.jpg","download-thumbnail-width":345,"download-thumbnail-height":229,"paragraphimage":"https:\/\/tourismus-grossregion.eu\/fr\/wp-content\/uploads\/sites\/3\/2021\/07\/DSC3003_1-468x311.jpg","paragraphimage-width":468,"paragraphimage-height":311,"slider-image":"https:\/\/tourismus-grossregion.eu\/fr\/wp-content\/uploads\/sites\/3\/2021\/07\/DSC3003_1-901x715.jpg","slider-image-width":901,"slider-image-height":715,"quote-image":"https:\/\/tourismus-grossregion.eu\/fr\/wp-content\/uploads\/sites\/3\/2021\/07\/DSC3003_1-683x454.jpg","quote-image-width":683,"quote-image-height":454,"productcard-image":"https:\/\/tourismus-grossregion.eu\/fr\/wp-content\/uploads\/sites\/3\/2021\/07\/DSC3003_1-710x472.jpg","productcard-image-width":710,"productcard-image-height":472}},"widget_content_carousel_entries_title":"L'ardoisi\u00e8re de Recht","widget_content_carousel_entries_description":"<p>Voyage au centre de la Terre<\/p>\n","widget_content_carousel_entries__link":"https:\/\/tourismus-grossregion.eu\/fr\/schieferstollen-recht\/"},{"widget_content_carousel_entries_thumbnail":{"ID":777,"id":777,"title":"DSC_1209_1","filename":"DSC_1209_1.jpg","filesize":395727,"url":"https:\/\/tourismus-grossregion.eu\/fr\/wp-content\/uploads\/sites\/3\/2021\/07\/DSC_1209_1.jpg","link":"https:\/\/tourismus-grossregion.eu\/fr\/minett-tour\/dsc_1209_1\/","alt":"Sur le c\u00f4t\u00e9 d'une galerie d'art, de grandes lettres annoncent qu'elle abrite les collections de photos d'Edward Steichen.","author":"2","description":"Sur le c\u00f4t\u00e9 d'une galerie d'art, de grandes lettres annoncent qu'elle abrite les collections de photos d'Edward Steichen.","caption":"","name":"dsc_1209_1","status":"inherit","uploaded_to":802,"date":"2021-07-27 12:01:53","modified":"2021-08-27 11:37:33","menu_order":0,"mime_type":"image\/jpeg","type":"image","subtype":"jpeg","icon":"https:\/\/tourismus-grossregion.eu\/fr\/wp-includes\/images\/media\/default.png","width":1920,"height":1277,"sizes":{"thumbnail":"https:\/\/tourismus-grossregion.eu\/fr\/wp-content\/uploads\/sites\/3\/2021\/07\/DSC_1209_1-150x150.jpg","thumbnail-width":150,"thumbnail-height":150,"medium":"https:\/\/tourismus-grossregion.eu\/fr\/wp-content\/uploads\/sites\/3\/2021\/07\/DSC_1209_1-300x200.jpg","medium-width":300,"medium-height":200,"medium_large":"https:\/\/tourismus-grossregion.eu\/fr\/wp-content\/uploads\/sites\/3\/2021\/07\/DSC_1209_1-768x511.jpg","medium_large-width":768,"medium_large-height":511,"large":"https:\/\/tourismus-grossregion.eu\/fr\/wp-content\/uploads\/sites\/3\/2021\/07\/DSC_1209_1-1024x681.jpg","large-width":1024,"large-height":681,"1536x1536":"https:\/\/tourismus-grossregion.eu\/fr\/wp-content\/uploads\/sites\/3\/2021\/07\/DSC_1209_1-1536x1022.jpg","1536x1536-width":1536,"1536x1536-height":1022,"2048x2048":"https:\/\/tourismus-grossregion.eu\/fr\/wp-content\/uploads\/sites\/3\/2021\/07\/DSC_1209_1.jpg","2048x2048-width":1920,"2048x2048-height":1277,"download-thumbnail":"https:\/\/tourismus-grossregion.eu\/fr\/wp-content\/uploads\/sites\/3\/2021\/07\/DSC_1209_1-345x229.jpg","download-thumbnail-width":345,"download-thumbnail-height":229,"paragraphimage":"https:\/\/tourismus-grossregion.eu\/fr\/wp-content\/uploads\/sites\/3\/2021\/07\/DSC_1209_1-468x311.jpg","paragraphimage-width":468,"paragraphimage-height":311,"slider-image":"https:\/\/tourismus-grossregion.eu\/fr\/wp-content\/uploads\/sites\/3\/2021\/07\/DSC_1209_1-901x715.jpg","slider-image-width":901,"slider-image-height":715,"quote-image":"https:\/\/tourismus-grossregion.eu\/fr\/wp-content\/uploads\/sites\/3\/2021\/07\/DSC_1209_1-683x454.jpg","quote-image-width":683,"quote-image-height":454,"productcard-image":"https:\/\/tourismus-grossregion.eu\/fr\/wp-content\/uploads\/sites\/3\/2021\/07\/DSC_1209_1-710x472.jpg","productcard-image-width":710,"productcard-image-height":472}},"widget_content_carousel_entries_title":"Steichen Collections","widget_content_carousel_entries_description":"<p>Moi, humain<\/p>\n","widget_content_carousel_entries__link":"https:\/\/tourismus-grossregion.eu\/fr\/?page_id=823&preview=true"}],"widget_content_carousel_margin":"small"}],"page_fields_alternative_title":"Le \u00ab Minett-Tour \u00bb "},"_links":{"self":[{"href":"https:\/\/tourismus-grossregion.eu\/fr\/wp-json\/wp\/v2\/pages\/802"}],"collection":[{"href":"https:\/\/tourismus-grossregion.eu\/fr\/wp-json\/wp\/v2\/pages"}],"about":[{"href":"https:\/\/tourismus-grossregion.eu\/fr\/wp-json\/wp\/v2\/types\/page"}],"author":[{"embeddable":true,"href":"https:\/\/tourismus-grossregion.eu\/fr\/wp-json\/wp\/v2\/users\/2"}],"replies":[{"embeddable":true,"href":"https:\/\/tourismus-grossregion.eu\/fr\/wp-json\/wp\/v2\/comments?post=802"}],"version-history":[{"count":16,"href":"https:\/\/tourismus-grossregion.eu\/fr\/wp-json\/wp\/v2\/pages\/802\/revisions"}],"predecessor-version":[{"id":1749,"href":"https:\/\/tourismus-grossregion.eu\/fr\/wp-json\/wp\/v2\/pages\/802\/revisions\/1749"}],"wp:featuredmedia":[{"embeddable":true,"href":"https:\/\/tourismus-grossregion.eu\/fr\/wp-json\/wp\/v2\/media\/803"}],"wp:attachment":[{"href":"https:\/\/tourismus-grossregion.eu\/fr\/wp-json\/wp\/v2\/media?parent=802"}],"curies":[{"name":"wp","href":"https:\/\/api.w.org\/{rel}","templated":true}]}}