{"id":811,"date":"2021-07-27T15:26:54","date_gmt":"2021-07-27T13:26:54","guid":{"rendered":"https:\/\/tourismus-grossregion.eu\/fr\/?page_id=811"},"modified":"2021-08-30T09:38:17","modified_gmt":"2021-08-30T07:38:17","slug":"du-sang-neuf-dans-les-vignes","status":"publish","type":"page","link":"https:\/\/tourismus-grossregion.eu\/fr\/du-sang-neuf-dans-les-vignes\/","title":{"rendered":"Story: Luxemburg: Du sang neuf dans les vignes"},"content":{"rendered":"","protected":false},"excerpt":{"rendered":"","protected":false},"author":2,"featured_media":812,"parent":0,"menu_order":0,"comment_status":"closed","ping_status":"closed","template":"","meta":[],"yoast_head":"<!-- This site is optimized with the Yoast SEO plugin v16.9 - https:\/\/yoast.com\/wordpress\/plugins\/seo\/ -->\n<meta name=\"robots\" content=\"index, follow, max-snippet:-1, max-image-preview:large, max-video-preview:-1\" \/>\n<link rel=\"canonical\" href=\"https:\/\/tourismus-grossregion.eu\/fr\/du-sang-neuf-dans-les-vignes\/\" \/>\n<meta property=\"og:locale\" content=\"fr_FR\" \/>\n<meta property=\"og:type\" content=\"article\" \/>\n<meta property=\"og:title\" content=\"Story: Luxemburg: Du sang neuf dans les vignes - Tourisme Grande R\u00e9gion\" \/>\n<meta property=\"og:url\" content=\"https:\/\/tourismus-grossregion.eu\/fr\/du-sang-neuf-dans-les-vignes\/\" \/>\n<meta property=\"og:site_name\" content=\"Tourisme Grande R\u00e9gion\" \/>\n<meta property=\"article:modified_time\" content=\"2021-08-30T07:38:17+00:00\" \/>\n<meta property=\"og:image\" content=\"https:\/\/tourismus-grossregion.eu\/fr\/wp-content\/uploads\/sites\/3\/2021\/07\/Z6L1408.jpg\" \/>\n\t<meta property=\"og:image:width\" content=\"1920\" \/>\n\t<meta property=\"og:image:height\" content=\"1277\" \/>\n<meta name=\"twitter:card\" content=\"summary_large_image\" \/>\n<script type=\"application\/ld+json\" class=\"yoast-schema-graph\">{\"@context\":\"https:\/\/schema.org\",\"@graph\":[{\"@type\":\"WebSite\",\"@id\":\"https:\/\/tourismus-grossregion.eu\/fr\/#website\",\"url\":\"https:\/\/tourismus-grossregion.eu\/fr\/\",\"name\":\"Tourisme Grande R\\u00e9gion\",\"description\":\"Tourisme Grande R\\u00e9gion\",\"potentialAction\":[{\"@type\":\"SearchAction\",\"target\":{\"@type\":\"EntryPoint\",\"urlTemplate\":\"https:\/\/tourismus-grossregion.eu\/fr\/?s={search_term_string}\"},\"query-input\":\"required name=search_term_string\"}],\"inLanguage\":\"fr-FR\"},{\"@type\":\"ImageObject\",\"@id\":\"https:\/\/tourismus-grossregion.eu\/fr\/du-sang-neuf-dans-les-vignes\/#primaryimage\",\"inLanguage\":\"fr-FR\",\"url\":\"https:\/\/tourismus-grossregion.eu\/fr\/wp-content\/uploads\/sites\/3\/2021\/07\/Z6L1408.jpg\",\"contentUrl\":\"https:\/\/tourismus-grossregion.eu\/fr\/wp-content\/uploads\/sites\/3\/2021\/07\/Z6L1408.jpg\",\"width\":1920,\"height\":1277,\"caption\":\"Trois barils de vin align\\u00e9s les uns \\u00e0 c\\u00f4t\\u00e9 des autres.\"},{\"@type\":\"WebPage\",\"@id\":\"https:\/\/tourismus-grossregion.eu\/fr\/du-sang-neuf-dans-les-vignes\/#webpage\",\"url\":\"https:\/\/tourismus-grossregion.eu\/fr\/du-sang-neuf-dans-les-vignes\/\",\"name\":\"Story: Luxemburg: Du sang neuf dans les vignes - Tourisme Grande R\\u00e9gion\",\"isPartOf\":{\"@id\":\"https:\/\/tourismus-grossregion.eu\/fr\/#website\"},\"primaryImageOfPage\":{\"@id\":\"https:\/\/tourismus-grossregion.eu\/fr\/du-sang-neuf-dans-les-vignes\/#primaryimage\"},\"datePublished\":\"2021-07-27T13:26:54+00:00\",\"dateModified\":\"2021-08-30T07:38:17+00:00\",\"breadcrumb\":{\"@id\":\"https:\/\/tourismus-grossregion.eu\/fr\/du-sang-neuf-dans-les-vignes\/#breadcrumb\"},\"inLanguage\":\"fr-FR\",\"potentialAction\":[{\"@type\":\"ReadAction\",\"target\":[\"https:\/\/tourismus-grossregion.eu\/fr\/du-sang-neuf-dans-les-vignes\/\"]}]},{\"@type\":\"BreadcrumbList\",\"@id\":\"https:\/\/tourismus-grossregion.eu\/fr\/du-sang-neuf-dans-les-vignes\/#breadcrumb\",\"itemListElement\":[{\"@type\":\"ListItem\",\"position\":1,\"name\":\"Story: Luxemburg: Du sang neuf dans les vignes\"}]}]}<\/script>\n<!-- \/ Yoast SEO plugin. -->","yoast_head_json":{"robots":{"index":"index","follow":"follow","max-snippet":"max-snippet:-1","max-image-preview":"max-image-preview:large","max-video-preview":"max-video-preview:-1"},"canonical":"https:\/\/tourismus-grossregion.eu\/fr\/du-sang-neuf-dans-les-vignes\/","og_locale":"fr_FR","og_type":"article","og_title":"Story: Luxemburg: Du sang neuf dans les vignes - Tourisme Grande R\u00e9gion","og_url":"https:\/\/tourismus-grossregion.eu\/fr\/du-sang-neuf-dans-les-vignes\/","og_site_name":"Tourisme Grande R\u00e9gion","article_modified_time":"2021-08-30T07:38:17+00:00","og_image":[{"width":1920,"height":1277,"url":"https:\/\/tourismus-grossregion.eu\/fr\/wp-content\/uploads\/sites\/3\/2021\/07\/Z6L1408.jpg","path":"\/var\/www\/html\/wp-content\/uploads\/sites\/3\/2021\/07\/Z6L1408.jpg","size":"full","id":812,"alt":"Trois barils de vin align\u00e9s les uns \u00e0 c\u00f4t\u00e9 des autres.","pixels":2451840,"type":"image\/jpeg"}],"twitter_card":"summary_large_image","schema":{"@context":"https:\/\/schema.org","@graph":[{"@type":"WebSite","@id":"https:\/\/tourismus-grossregion.eu\/fr\/#website","url":"https:\/\/tourismus-grossregion.eu\/fr\/","name":"Tourisme Grande R\u00e9gion","description":"Tourisme Grande R\u00e9gion","potentialAction":[{"@type":"SearchAction","target":{"@type":"EntryPoint","urlTemplate":"https:\/\/tourismus-grossregion.eu\/fr\/?s={search_term_string}"},"query-input":"required name=search_term_string"}],"inLanguage":"fr-FR"},{"@type":"ImageObject","@id":"https:\/\/tourismus-grossregion.eu\/fr\/du-sang-neuf-dans-les-vignes\/#primaryimage","inLanguage":"fr-FR","url":"https:\/\/tourismus-grossregion.eu\/fr\/wp-content\/uploads\/sites\/3\/2021\/07\/Z6L1408.jpg","contentUrl":"https:\/\/tourismus-grossregion.eu\/fr\/wp-content\/uploads\/sites\/3\/2021\/07\/Z6L1408.jpg","width":1920,"height":1277,"caption":"Trois barils de vin align\u00e9s les uns \u00e0 c\u00f4t\u00e9 des autres."},{"@type":"WebPage","@id":"https:\/\/tourismus-grossregion.eu\/fr\/du-sang-neuf-dans-les-vignes\/#webpage","url":"https:\/\/tourismus-grossregion.eu\/fr\/du-sang-neuf-dans-les-vignes\/","name":"Story: Luxemburg: Du sang neuf dans les vignes - Tourisme Grande R\u00e9gion","isPartOf":{"@id":"https:\/\/tourismus-grossregion.eu\/fr\/#website"},"primaryImageOfPage":{"@id":"https:\/\/tourismus-grossregion.eu\/fr\/du-sang-neuf-dans-les-vignes\/#primaryimage"},"datePublished":"2021-07-27T13:26:54+00:00","dateModified":"2021-08-30T07:38:17+00:00","breadcrumb":{"@id":"https:\/\/tourismus-grossregion.eu\/fr\/du-sang-neuf-dans-les-vignes\/#breadcrumb"},"inLanguage":"fr-FR","potentialAction":[{"@type":"ReadAction","target":["https:\/\/tourismus-grossregion.eu\/fr\/du-sang-neuf-dans-les-vignes\/"]}]},{"@type":"BreadcrumbList","@id":"https:\/\/tourismus-grossregion.eu\/fr\/du-sang-neuf-dans-les-vignes\/#breadcrumb","itemListElement":[{"@type":"ListItem","position":1,"name":"Story: Luxemburg: Du sang neuf dans les vignes"}]}]}},"acf":{"pb_acf_widgets":[{"acf_fc_layout":"widget_hero_static","widget_hero_static_background":{"widget_hero_static_background_type":false,"widget_hero_static_image":{"ID":812,"id":812,"title":"Z6L1408","filename":"Z6L1408.jpg","filesize":736575,"url":"https:\/\/tourismus-grossregion.eu\/fr\/wp-content\/uploads\/sites\/3\/2021\/07\/Z6L1408.jpg","link":"https:\/\/tourismus-grossregion.eu\/fr\/du-sang-neuf-dans-les-vignes\/z6l1408\/","alt":"Trois barils de vin align\u00e9s les uns \u00e0 c\u00f4t\u00e9 des autres.","author":"2","description":"Trois barils de vin align\u00e9s les uns \u00e0 c\u00f4t\u00e9 des autres.","caption":"","name":"z6l1408","status":"inherit","uploaded_to":811,"date":"2021-07-27 12:03:44","modified":"2021-08-13 09:08:48","menu_order":0,"mime_type":"image\/jpeg","type":"image","subtype":"jpeg","icon":"https:\/\/tourismus-grossregion.eu\/fr\/wp-includes\/images\/media\/default.png","width":1920,"height":1277,"sizes":{"thumbnail":"https:\/\/tourismus-grossregion.eu\/fr\/wp-content\/uploads\/sites\/3\/2021\/07\/Z6L1408-150x150.jpg","thumbnail-width":150,"thumbnail-height":150,"medium":"https:\/\/tourismus-grossregion.eu\/fr\/wp-content\/uploads\/sites\/3\/2021\/07\/Z6L1408-300x200.jpg","medium-width":300,"medium-height":200,"medium_large":"https:\/\/tourismus-grossregion.eu\/fr\/wp-content\/uploads\/sites\/3\/2021\/07\/Z6L1408-768x511.jpg","medium_large-width":768,"medium_large-height":511,"large":"https:\/\/tourismus-grossregion.eu\/fr\/wp-content\/uploads\/sites\/3\/2021\/07\/Z6L1408-1024x681.jpg","large-width":1024,"large-height":681,"1536x1536":"https:\/\/tourismus-grossregion.eu\/fr\/wp-content\/uploads\/sites\/3\/2021\/07\/Z6L1408-1536x1022.jpg","1536x1536-width":1536,"1536x1536-height":1022,"2048x2048":"https:\/\/tourismus-grossregion.eu\/fr\/wp-content\/uploads\/sites\/3\/2021\/07\/Z6L1408.jpg","2048x2048-width":1920,"2048x2048-height":1277,"download-thumbnail":"https:\/\/tourismus-grossregion.eu\/fr\/wp-content\/uploads\/sites\/3\/2021\/07\/Z6L1408-345x229.jpg","download-thumbnail-width":345,"download-thumbnail-height":229,"paragraphimage":"https:\/\/tourismus-grossregion.eu\/fr\/wp-content\/uploads\/sites\/3\/2021\/07\/Z6L1408-468x311.jpg","paragraphimage-width":468,"paragraphimage-height":311,"slider-image":"https:\/\/tourismus-grossregion.eu\/fr\/wp-content\/uploads\/sites\/3\/2021\/07\/Z6L1408-901x715.jpg","slider-image-width":901,"slider-image-height":715,"quote-image":"https:\/\/tourismus-grossregion.eu\/fr\/wp-content\/uploads\/sites\/3\/2021\/07\/Z6L1408-683x454.jpg","quote-image-width":683,"quote-image-height":454,"productcard-image":"https:\/\/tourismus-grossregion.eu\/fr\/wp-content\/uploads\/sites\/3\/2021\/07\/Z6L1408-710x472.jpg","productcard-image-width":710,"productcard-image-height":472}},"widget_hero_static_video_type":false,"widget_hero_static_video_upload":false,"widget_hero_static_youtube_embed":"","widget_hero_static_filter":false},"widget_hero_static_content":{"widget_hero_static_headline":"Du sang neuf dans les vignes ","widget_hero_static_copy":"","widget_hero_static_link":""},"widget_hero_static_margin":"small"},{"acf_fc_layout":"widget_paragraph_headlines_image","widget_paragraph_headlines_image_orientation":false,"widget_paragraph_headlines_image_decoration":true,"widget_paragraph_headlines_image_content":{"widget_paragraph_headlines_image_preline":"","widget_paragraph_headlines_image_headline":"","widget_paragraph_headlines_image_subline":"Une nouvelle g\u00e9n\u00e9ration","widget_paragraph_headlines_image_editor_justify":true,"widget_paragraph_headlines_image_editor":"<p>Aujourd\u2019hui, la nouvelle g\u00e9n\u00e9ration de vignerons de la Moselle luxembourgeoise avance avec de nouvelles id\u00e9es et un objectif commun : \u00e9laborer des vins irr\u00e9prochables.<\/p>\n","widget_paragraph_headlines_image_link":""},"widget_paragraph_headlines_image_image":false,"widget_paragraph_headlines_image_image_option":false,"widget_paragraph_headlines_image_margin":"small"},{"acf_fc_layout":"widget_paragraph_headlines_image","widget_paragraph_headlines_image_orientation":true,"widget_paragraph_headlines_image_decoration":false,"widget_paragraph_headlines_image_content":{"widget_paragraph_headlines_image_preline":"","widget_paragraph_headlines_image_headline":"","widget_paragraph_headlines_image_subline":"","widget_paragraph_headlines_image_editor_justify":true,"widget_paragraph_headlines_image_editor":"<p>Ahn est un charmant village pos\u00e9 entre la confluence d\u2019un ruisseau, le Donverbach, avec la Moselle et des coteaux tr\u00e8s photog\u00e9niques. Il est domin\u00e9 par le Palmberg, un des grands terroirs du pays qui est aussi une r\u00e9serve naturelle que l\u2019on peut d\u00e9couvrir gr\u00e2ce \u00e0 la Boucle de r\u00eave \u00ab Sentier Vin et Nature, Ahn Palmberg \u00bb, un sentier de randonn\u00e9e tr\u00e8s pris\u00e9.<\/p>\n<p>Au c\u0153ur de la localit\u00e9 se trouve un domaine d\u00e9sormais dirig\u00e9 par deux jeunes hommes : Nicolas et Mathieu Schmit (27 et 26 ans) g\u00e8rent la Maison Viticole Schmit-Fohl. Le p\u00e8re des gar\u00e7ons, Armand, n\u2019est toutefois jamais tr\u00e8s loin et ses conseils sont pr\u00e9cieux. La maison a \u00e9t\u00e9 fond\u00e9e au 18e si\u00e8cle, mais elle vit avec son \u00e9poque.<\/p>\n<p>En 2017, Armand et Nicolas d\u00e9cident de lancer la conversion de la totalit\u00e9 du domaine au bio. Ils ont la conviction qu\u2019en bannissant les produits chimiques de synth\u00e8se, la nature leur offrira de meilleurs vins. \u00ab Nous ne sommes pas des fondamentalistes du bio ! \u00bb rigole Nicolas. \u00ab Nous sommes simplement persuad\u00e9s qu\u2019en permettant \u00e0 la vigne de cro\u00eetre dans un \u00e9cosyst\u00e8me plus riche, elle s\u2019\u00e9panouira mieux, ce qui ne peut \u00eatre que b\u00e9n\u00e9fique pour nos vins \u00bb. Apr\u00e8s les trois ann\u00e9es de conversion de rigueur, leurs premi\u00e8res bouteilles certifi\u00e9es bios seront issues de la r\u00e9colte 2020.<\/p>\n","widget_paragraph_headlines_image_link":""},"widget_paragraph_headlines_image_image":{"ID":1167,"id":1167,"title":"Gro\u00dfregion 2","filename":"Z7L5556.jpg","filesize":1991017,"url":"https:\/\/tourismus-grossregion.eu\/fr\/wp-content\/uploads\/sites\/3\/2021\/08\/Z7L5556.jpg","link":"https:\/\/tourismus-grossregion.eu\/fr\/du-sang-neuf-dans-les-vignes\/grosregion-2\/","alt":"Photo d'un vigneron","author":"2","description":"","caption":"Europa, Luxemburg, Winzer, Kox","name":"grosregion-2","status":"inherit","uploaded_to":811,"date":"2021-08-05 11:33:04","modified":"2021-08-05 11:33:26","menu_order":0,"mime_type":"image\/jpeg","type":"image","subtype":"jpeg","icon":"https:\/\/tourismus-grossregion.eu\/fr\/wp-includes\/images\/media\/default.png","width":2500,"height":1666,"sizes":{"thumbnail":"https:\/\/tourismus-grossregion.eu\/fr\/wp-content\/uploads\/sites\/3\/2021\/08\/Z7L5556-150x150.jpg","thumbnail-width":150,"thumbnail-height":150,"medium":"https:\/\/tourismus-grossregion.eu\/fr\/wp-content\/uploads\/sites\/3\/2021\/08\/Z7L5556-300x200.jpg","medium-width":300,"medium-height":200,"medium_large":"https:\/\/tourismus-grossregion.eu\/fr\/wp-content\/uploads\/sites\/3\/2021\/08\/Z7L5556-768x512.jpg","medium_large-width":768,"medium_large-height":512,"large":"https:\/\/tourismus-grossregion.eu\/fr\/wp-content\/uploads\/sites\/3\/2021\/08\/Z7L5556-1024x682.jpg","large-width":1024,"large-height":682,"1536x1536":"https:\/\/tourismus-grossregion.eu\/fr\/wp-content\/uploads\/sites\/3\/2021\/08\/Z7L5556-1536x1024.jpg","1536x1536-width":1536,"1536x1536-height":1024,"2048x2048":"https:\/\/tourismus-grossregion.eu\/fr\/wp-content\/uploads\/sites\/3\/2021\/08\/Z7L5556-2048x1365.jpg","2048x2048-width":2048,"2048x2048-height":1365,"download-thumbnail":"https:\/\/tourismus-grossregion.eu\/fr\/wp-content\/uploads\/sites\/3\/2021\/08\/Z7L5556-345x230.jpg","download-thumbnail-width":345,"download-thumbnail-height":230,"paragraphimage":"https:\/\/tourismus-grossregion.eu\/fr\/wp-content\/uploads\/sites\/3\/2021\/08\/Z7L5556-468x312.jpg","paragraphimage-width":468,"paragraphimage-height":312,"slider-image":"https:\/\/tourismus-grossregion.eu\/fr\/wp-content\/uploads\/sites\/3\/2021\/08\/Z7L5556-901x715.jpg","slider-image-width":901,"slider-image-height":715,"quote-image":"https:\/\/tourismus-grossregion.eu\/fr\/wp-content\/uploads\/sites\/3\/2021\/08\/Z7L5556-683x455.jpg","quote-image-width":683,"quote-image-height":455,"productcard-image":"https:\/\/tourismus-grossregion.eu\/fr\/wp-content\/uploads\/sites\/3\/2021\/08\/Z7L5556-710x473.jpg","productcard-image-width":710,"productcard-image-height":473}},"widget_paragraph_headlines_image_image_option":false,"widget_paragraph_headlines_image_margin":"small"},{"acf_fc_layout":"widget_editor","widget_editor_justify":true,"widget_editor_editor":"<p>Un peu plus haut dans le village, Jeff Konsbr\u00fcck (31 ans) a d\u00e9cid\u00e9 de franchir un pas \u00e9norme en 2012. Jusque-l\u00e0, son p\u00e8re, Guy, vendait ses raisins \u00e0 d\u2019autres vignerons mais \u00e0 l\u2019heure de prendre la main, Jeff a d\u00e9cid\u00e9 de produire ses propres vins. Il poss\u00e9dait d\u00e9j\u00e0 de tr\u00e8s belles parcelles dans des terroirs r\u00e9put\u00e9s (comme le Palmberg ou le G\u00f6llebour) mais pas de cave. Un nouveau b\u00e2timent moderne et bien balanc\u00e9 est donc sorti de terre en face des terrasses du Palmberg.<\/p>\n<p>Le d\u00e9fi est \u00e9norme mais sa r\u00e9ussite ind\u00e9niable. En cave, Jeff a trouv\u00e9 son style en produisant des vins qui font parler leurs belles origines. Les crus sont modernes, vifs et toujours \u00e9quilibr\u00e9s. Le jeune vigneron a \u00e9galement eu le nez creux en misant sur l\u2019\u0153notourisme pour se faire conna\u00eetre. En plus, la cave longe un sentier de randonn\u00e9e de la \u00ab Boucle de R\u00eave \u00bb : \u00ab Lorsqu\u2019il fait beau, plus d\u2019une centaine de promeneurs passent devant chez moi et beaucoup s\u2019arr\u00eatent pour boire un verre de vin qui vient des vignes qu\u2019ils ont travers\u00e9es \u00bb, sourit Jeff.<\/p>\n","widget_editor_margin":"small"},{"acf_fc_layout":"widget_image","widget_image_image":{"ID":818,"id":818,"title":"Z6L1217","filename":"Z6L1217.jpg","filesize":565739,"url":"https:\/\/tourismus-grossregion.eu\/fr\/wp-content\/uploads\/sites\/3\/2021\/07\/Z6L1217.jpg","link":"https:\/\/tourismus-grossregion.eu\/fr\/du-sang-neuf-dans-les-vignes\/z6l1217\/","alt":"Gros plan d'une vigne dans la lumi\u00e8re du soleil.","author":"2","description":"Gros plan d'une vigne dans la lumi\u00e8re du soleil.","caption":"","name":"z6l1217","status":"inherit","uploaded_to":811,"date":"2021-07-27 12:03:48","modified":"2021-08-13 09:08:33","menu_order":0,"mime_type":"image\/jpeg","type":"image","subtype":"jpeg","icon":"https:\/\/tourismus-grossregion.eu\/fr\/wp-includes\/images\/media\/default.png","width":1920,"height":1277,"sizes":{"thumbnail":"https:\/\/tourismus-grossregion.eu\/fr\/wp-content\/uploads\/sites\/3\/2021\/07\/Z6L1217-150x150.jpg","thumbnail-width":150,"thumbnail-height":150,"medium":"https:\/\/tourismus-grossregion.eu\/fr\/wp-content\/uploads\/sites\/3\/2021\/07\/Z6L1217-300x200.jpg","medium-width":300,"medium-height":200,"medium_large":"https:\/\/tourismus-grossregion.eu\/fr\/wp-content\/uploads\/sites\/3\/2021\/07\/Z6L1217-768x511.jpg","medium_large-width":768,"medium_large-height":511,"large":"https:\/\/tourismus-grossregion.eu\/fr\/wp-content\/uploads\/sites\/3\/2021\/07\/Z6L1217-1024x681.jpg","large-width":1024,"large-height":681,"1536x1536":"https:\/\/tourismus-grossregion.eu\/fr\/wp-content\/uploads\/sites\/3\/2021\/07\/Z6L1217-1536x1022.jpg","1536x1536-width":1536,"1536x1536-height":1022,"2048x2048":"https:\/\/tourismus-grossregion.eu\/fr\/wp-content\/uploads\/sites\/3\/2021\/07\/Z6L1217.jpg","2048x2048-width":1920,"2048x2048-height":1277,"download-thumbnail":"https:\/\/tourismus-grossregion.eu\/fr\/wp-content\/uploads\/sites\/3\/2021\/07\/Z6L1217-345x229.jpg","download-thumbnail-width":345,"download-thumbnail-height":229,"paragraphimage":"https:\/\/tourismus-grossregion.eu\/fr\/wp-content\/uploads\/sites\/3\/2021\/07\/Z6L1217-468x311.jpg","paragraphimage-width":468,"paragraphimage-height":311,"slider-image":"https:\/\/tourismus-grossregion.eu\/fr\/wp-content\/uploads\/sites\/3\/2021\/07\/Z6L1217-901x715.jpg","slider-image-width":901,"slider-image-height":715,"quote-image":"https:\/\/tourismus-grossregion.eu\/fr\/wp-content\/uploads\/sites\/3\/2021\/07\/Z6L1217-683x454.jpg","quote-image-width":683,"quote-image-height":454,"productcard-image":"https:\/\/tourismus-grossregion.eu\/fr\/wp-content\/uploads\/sites\/3\/2021\/07\/Z6L1217-710x472.jpg","productcard-image-width":710,"productcard-image-height":472}},"widget_image_caption":"","widget_image_margin":"small"},{"acf_fc_layout":"widget_editor","widget_editor_justify":true,"widget_editor_editor":"<p>Un peu plus au sud, \u00e0 Remich, Corinne Kox a \u00e9galement d\u00e9cid\u00e9 de revenir au domaine familial apr\u00e8s de longues \u00e9tudes de biologie. Elle accompagne donc son p\u00e8re, Laurent, une personnalit\u00e9 de la Moselle et l\u2019un des pr\u00e9curseurs de la production de cr\u00e9mant au Grand-Duch\u00e9. Jamais en retard d\u2019une innovation, Laurent a trouv\u00e9 en sa fille une digne h\u00e9riti\u00e8re ! En 2014, une des premi\u00e8res id\u00e9es de Corinne a \u00e9t\u00e9 d\u2019enfouir dans le jardin du domaine deux authentiques amphores g\u00e9orgiennes en terre cuite : des kvevris, r\u00e9cipients de 800 litres identiques \u00e0 ceux dans lesquels on produisait les premiers vins il y a 7000 ans. Simplement \u00e9grapp\u00e9s, les raisins ont \u00e9t\u00e9 plac\u00e9s \u00e0 l\u2019int\u00e9rieur et, il n\u2019y avait plus qu\u2019\u00e0 attendre : \u00ab C\u2019est la nature qui fait le vin ! \u00bb.<\/p>\n","widget_editor_margin":"small"},{"acf_fc_layout":"widget_paragraph_headlines_image","widget_paragraph_headlines_image_orientation":true,"widget_paragraph_headlines_image_decoration":false,"widget_paragraph_headlines_image_content":{"widget_paragraph_headlines_image_preline":"","widget_paragraph_headlines_image_headline":"","widget_paragraph_headlines_image_subline":"","widget_paragraph_headlines_image_editor_justify":true,"widget_paragraph_headlines_image_editor":"<p>Aromatiques et complexes, ces vins \u00e9tonnants n\u00e9cessitent d\u2019\u00eatre servis \u00e0 table, sur un magret de canard par exemple. Yohan Nguyen, meilleur sommelier du Luxembourg en 2018, \u00e9voque le Kvevri Riesling 2015 avec des termes \u00e9logieux : \u00ab La mac\u00e9ration pelliculaire apporte de la complexit\u00e9, de la puissance et une l\u00e9g\u00e8re tannicit\u00e9. Avec sa trame, sa puret\u00e9 et sa min\u00e9ralit\u00e9 \u00e9clatante, la long\u00e9vit\u00e9 de ce vin est \u00e9norme : au moins dix ans, et sans doute bien plus. Un grand riesling, de gastronomie ! \u00bb.<\/p>\n<p>Si Corinne Kox a un pied dans le pass\u00e9, elle a aussi le regard tourn\u00e9 vers le futur ! En 2018, elle a \u00e9t\u00e9 la premi\u00e8re vigneronne priv\u00e9e \u00e0 tester l\u2019utilisation de drones pour traiter ses vignes. L\u2019essai, r\u00e9alis\u00e9 sur quelques parcelles, a \u00e9t\u00e9 concluant. L\u2019int\u00e9r\u00eat des drones dans les vignes est multiple, mais la motivation premi\u00e8re \u00e9tait de \u00ab diminuer les applications et les doses de produits phytosanitaires \u00bb. Puisque l\u2019engin vole plus bas que l\u2019h\u00e9licopt\u00e8re, les traitements (en bio) ne se dispersent pas \u00e0 l\u2019ext\u00e9rieur des parcelles. Sans compter qu\u2019en passant par la voie des airs, le tracteur ne vient plus tasser les sols et nuire \u00e0 la microfaune.<\/p>\n","widget_paragraph_headlines_image_link":""},"widget_paragraph_headlines_image_image":{"ID":816,"id":816,"title":"Gro\u00dfregion 2","filename":"Z7L5671.jpg","filesize":916078,"url":"https:\/\/tourismus-grossregion.eu\/fr\/wp-content\/uploads\/sites\/3\/2021\/07\/Z7L5671.jpg","link":"https:\/\/tourismus-grossregion.eu\/fr\/culture\/grossregion-2-9\/","alt":"Gros plan sur la viticultrice Corinne Kox, qui teste un vin.","author":"2","description":"","caption":"Europa, Luxemburg, Winzer, Kox","name":"grossregion-2-9","status":"inherit","uploaded_to":855,"date":"2021-07-28 15:35:46","modified":"2021-07-28 15:35:46","menu_order":0,"mime_type":"image\/jpeg","type":"image","subtype":"jpeg","icon":"https:\/\/tourismus-grossregion.eu\/fr\/wp-includes\/images\/media\/default.png","width":1920,"height":1280,"sizes":{"thumbnail":"https:\/\/tourismus-grossregion.eu\/fr\/wp-content\/uploads\/sites\/3\/2021\/07\/Z7L5671-150x150.jpg","thumbnail-width":150,"thumbnail-height":150,"medium":"https:\/\/tourismus-grossregion.eu\/fr\/wp-content\/uploads\/sites\/3\/2021\/07\/Z7L5671-300x200.jpg","medium-width":300,"medium-height":200,"medium_large":"https:\/\/tourismus-grossregion.eu\/fr\/wp-content\/uploads\/sites\/3\/2021\/07\/Z7L5671-768x512.jpg","medium_large-width":768,"medium_large-height":512,"large":"https:\/\/tourismus-grossregion.eu\/fr\/wp-content\/uploads\/sites\/3\/2021\/07\/Z7L5671-1024x683.jpg","large-width":1024,"large-height":683,"1536x1536":"https:\/\/tourismus-grossregion.eu\/fr\/wp-content\/uploads\/sites\/3\/2021\/07\/Z7L5671-1536x1024.jpg","1536x1536-width":1536,"1536x1536-height":1024,"2048x2048":"https:\/\/tourismus-grossregion.eu\/fr\/wp-content\/uploads\/sites\/3\/2021\/07\/Z7L5671.jpg","2048x2048-width":1920,"2048x2048-height":1280,"download-thumbnail":"https:\/\/tourismus-grossregion.eu\/fr\/wp-content\/uploads\/sites\/3\/2021\/07\/Z7L5671-345x230.jpg","download-thumbnail-width":345,"download-thumbnail-height":230,"paragraphimage":"https:\/\/tourismus-grossregion.eu\/fr\/wp-content\/uploads\/sites\/3\/2021\/07\/Z7L5671-468x312.jpg","paragraphimage-width":468,"paragraphimage-height":312,"slider-image":"https:\/\/tourismus-grossregion.eu\/fr\/wp-content\/uploads\/sites\/3\/2021\/07\/Z7L5671-901x715.jpg","slider-image-width":901,"slider-image-height":715,"quote-image":"https:\/\/tourismus-grossregion.eu\/fr\/wp-content\/uploads\/sites\/3\/2021\/07\/Z7L5671-683x455.jpg","quote-image-width":683,"quote-image-height":455,"productcard-image":"https:\/\/tourismus-grossregion.eu\/fr\/wp-content\/uploads\/sites\/3\/2021\/07\/Z7L5671-710x473.jpg","productcard-image-width":710,"productcard-image-height":473}},"widget_paragraph_headlines_image_image_option":false,"widget_paragraph_headlines_image_margin":"small"},{"acf_fc_layout":"widget_paragraph_headlines_image","widget_paragraph_headlines_image_orientation":false,"widget_paragraph_headlines_image_decoration":false,"widget_paragraph_headlines_image_content":{"widget_paragraph_headlines_image_preline":"","widget_paragraph_headlines_image_headline":"","widget_paragraph_headlines_image_subline":"","widget_paragraph_headlines_image_editor_justify":true,"widget_paragraph_headlines_image_editor":"<p>Du c\u00f4t\u00e9 de Mertert, tout au nord de la Moselle luxembourgeoise, Pit Leonardy est membre des Domaines Vinsmoselle. Il est m\u00eame le pr\u00e9sident des jeunes vignerons de la coop\u00e9rative, les \u00ab Jongw\u00ebnzer \u00bb. \u00c0 28 ans, il prend la succession de son p\u00e8re, Aly, une figure de l\u2019institution, dont l\u2019aide est cependant toujours la bienvenue car g\u00e9rer un domaine de 29 hectares et 200 t\u00eates de b\u00e9tail est un tour de force !<\/p>\n<p>La famille Leonardy a \u00e9t\u00e9 la premi\u00e8re, en 2014, \u00e0 cultiver pour la coop\u00e9rative des parcelles en bio. \u00ab Nous avons eu l\u2019opportunit\u00e9 de replanter un terroir \u00e0 l\u2019abandon depuis des d\u00e9cennies : le H\u00e4renberg, \u00e0 Mertert \u00bb, explique Pit. Ces terrasses orient\u00e9es plein sud sur de fortes pentes sont parfaites mais sont tr\u00e8s difficiles \u00e0 travailler. Situ\u00e9es dans une zone Natura 2000, la seule possibilit\u00e9 de les exploiter \u00e9tait le bio et les Leonardy n\u2019ont pas h\u00e9sit\u00e9. \u00ab Ici, il faut \u00e9couter la nature plus qu\u2019ailleurs, souligne-t-il. Le travail est plus compliqu\u00e9 mais aussi beaucoup plus int\u00e9ressant puisqu\u2019il faut r\u00e9fl\u00e9chir tout le temps ! \u00bb<\/p>\n<p>Depuis, plusieurs autres vignerons de Vinsmoselle se sont d\u00e9cid\u00e9s \u00e0 cultiver des parcelles en bio. Pour mettre ces vins en valeur, la coop\u00e9rative a lanc\u00e9 une nouvelle gamme au succ\u00e8s commercial imm\u00e9diat. De l\u00e0 \u00e0 augmenter les surfaces travaill\u00e9es ? \u00ab Pour l\u2019instant, nous gardons nos deux hectares mais il est \u00e9vident que nous r\u00e9fl\u00e9chissons \u00e0 d\u00e9velopper davantage le bio \u00bb, affirme Pit.<\/p>\n<p>&nbsp;<\/p>\n","widget_paragraph_headlines_image_link":""},"widget_paragraph_headlines_image_image":{"ID":1198,"id":1198,"title":"Gro\u00dfregion 2","filename":"Z7L5550-2.jpg","filesize":1992337,"url":"https:\/\/tourismus-grossregion.eu\/fr\/wp-content\/uploads\/sites\/3\/2021\/08\/Z7L5550-2.jpg","link":"https:\/\/tourismus-grossregion.eu\/fr\/du-sang-neuf-dans-les-vignes\/grosregion-2-11\/","alt":"Plan gros d'un vignoble","author":"2","description":"","caption":"Europa, Luxemburg, Winzer, Kox","name":"grosregion-2-11","status":"inherit","uploaded_to":811,"date":"2021-08-06 06:53:24","modified":"2021-08-06 06:53:37","menu_order":0,"mime_type":"image\/jpeg","type":"image","subtype":"jpeg","icon":"https:\/\/tourismus-grossregion.eu\/fr\/wp-includes\/images\/media\/default.png","width":2498,"height":2149,"sizes":{"thumbnail":"https:\/\/tourismus-grossregion.eu\/fr\/wp-content\/uploads\/sites\/3\/2021\/08\/Z7L5550-2-150x150.jpg","thumbnail-width":150,"thumbnail-height":150,"medium":"https:\/\/tourismus-grossregion.eu\/fr\/wp-content\/uploads\/sites\/3\/2021\/08\/Z7L5550-2-300x258.jpg","medium-width":300,"medium-height":258,"medium_large":"https:\/\/tourismus-grossregion.eu\/fr\/wp-content\/uploads\/sites\/3\/2021\/08\/Z7L5550-2-768x661.jpg","medium_large-width":768,"medium_large-height":661,"large":"https:\/\/tourismus-grossregion.eu\/fr\/wp-content\/uploads\/sites\/3\/2021\/08\/Z7L5550-2-1024x881.jpg","large-width":1024,"large-height":881,"1536x1536":"https:\/\/tourismus-grossregion.eu\/fr\/wp-content\/uploads\/sites\/3\/2021\/08\/Z7L5550-2-1536x1321.jpg","1536x1536-width":1536,"1536x1536-height":1321,"2048x2048":"https:\/\/tourismus-grossregion.eu\/fr\/wp-content\/uploads\/sites\/3\/2021\/08\/Z7L5550-2-2048x1762.jpg","2048x2048-width":2048,"2048x2048-height":1762,"download-thumbnail":"https:\/\/tourismus-grossregion.eu\/fr\/wp-content\/uploads\/sites\/3\/2021\/08\/Z7L5550-2-345x297.jpg","download-thumbnail-width":345,"download-thumbnail-height":297,"paragraphimage":"https:\/\/tourismus-grossregion.eu\/fr\/wp-content\/uploads\/sites\/3\/2021\/08\/Z7L5550-2-468x403.jpg","paragraphimage-width":468,"paragraphimage-height":403,"slider-image":"https:\/\/tourismus-grossregion.eu\/fr\/wp-content\/uploads\/sites\/3\/2021\/08\/Z7L5550-2-901x715.jpg","slider-image-width":901,"slider-image-height":715,"quote-image":"https:\/\/tourismus-grossregion.eu\/fr\/wp-content\/uploads\/sites\/3\/2021\/08\/Z7L5550-2-683x588.jpg","quote-image-width":683,"quote-image-height":588,"productcard-image":"https:\/\/tourismus-grossregion.eu\/fr\/wp-content\/uploads\/sites\/3\/2021\/08\/Z7L5550-2-710x611.jpg","productcard-image-width":710,"productcard-image-height":611}},"widget_paragraph_headlines_image_image_option":false,"widget_paragraph_headlines_image_margin":"small"},{"acf_fc_layout":"widget_editor","widget_editor_justify":true,"widget_editor_editor":"<p>Sur la Moselle luxembourgeoise, c\u2019est ainsi que la jeune g\u00e9n\u00e9ration voit son m\u00e9tier. Pas question de r\u00e9p\u00e9ter les m\u00eames gestes saison apr\u00e8s saison, bien au contraire. Mathieu et Nicolas Schmit, Jeff Konsbruck, Corinne Kox et Pit Leonardy intellectualisent continuellement tous leurs actes avec l\u2019id\u00e9e de faire mieux \u00e0 chaque mill\u00e9sime.<\/p>\n","widget_editor_margin":"small"},{"acf_fc_layout":"widget_gallery","widget_gallery_entries":[{"widget_gallery_image":{"ID":1194,"id":1194,"title":"Gro\u00dfregion 2","filename":"Gallery-3.jpg","filesize":776754,"url":"https:\/\/tourismus-grossregion.eu\/fr\/wp-content\/uploads\/sites\/3\/2021\/08\/Gallery-3.jpg","link":"https:\/\/tourismus-grossregion.eu\/fr\/du-sang-neuf-dans-les-vignes\/grosregion-2-8\/","alt":"Cave de Corinne Kox et sa famille","author":"2","description":"","caption":"Europa, Luxemburg, Winzer, Kox","name":"grosregion-2-8","status":"inherit","uploaded_to":811,"date":"2021-08-06 06:48:28","modified":"2021-08-06 06:50:21","menu_order":0,"mime_type":"image\/jpeg","type":"image","subtype":"jpeg","icon":"https:\/\/tourismus-grossregion.eu\/fr\/wp-includes\/images\/media\/default.png","width":1500,"height":999,"sizes":{"thumbnail":"https:\/\/tourismus-grossregion.eu\/fr\/wp-content\/uploads\/sites\/3\/2021\/08\/Gallery-3-150x150.jpg","thumbnail-width":150,"thumbnail-height":150,"medium":"https:\/\/tourismus-grossregion.eu\/fr\/wp-content\/uploads\/sites\/3\/2021\/08\/Gallery-3-300x200.jpg","medium-width":300,"medium-height":200,"medium_large":"https:\/\/tourismus-grossregion.eu\/fr\/wp-content\/uploads\/sites\/3\/2021\/08\/Gallery-3-768x511.jpg","medium_large-width":768,"medium_large-height":511,"large":"https:\/\/tourismus-grossregion.eu\/fr\/wp-content\/uploads\/sites\/3\/2021\/08\/Gallery-3-1024x682.jpg","large-width":1024,"large-height":682,"1536x1536":"https:\/\/tourismus-grossregion.eu\/fr\/wp-content\/uploads\/sites\/3\/2021\/08\/Gallery-3.jpg","1536x1536-width":1500,"1536x1536-height":999,"2048x2048":"https:\/\/tourismus-grossregion.eu\/fr\/wp-content\/uploads\/sites\/3\/2021\/08\/Gallery-3.jpg","2048x2048-width":1500,"2048x2048-height":999,"download-thumbnail":"https:\/\/tourismus-grossregion.eu\/fr\/wp-content\/uploads\/sites\/3\/2021\/08\/Gallery-3-345x230.jpg","download-thumbnail-width":345,"download-thumbnail-height":230,"paragraphimage":"https:\/\/tourismus-grossregion.eu\/fr\/wp-content\/uploads\/sites\/3\/2021\/08\/Gallery-3-468x312.jpg","paragraphimage-width":468,"paragraphimage-height":312,"slider-image":"https:\/\/tourismus-grossregion.eu\/fr\/wp-content\/uploads\/sites\/3\/2021\/08\/Gallery-3-901x715.jpg","slider-image-width":901,"slider-image-height":715,"quote-image":"https:\/\/tourismus-grossregion.eu\/fr\/wp-content\/uploads\/sites\/3\/2021\/08\/Gallery-3-683x455.jpg","quote-image-width":683,"quote-image-height":455,"productcard-image":"https:\/\/tourismus-grossregion.eu\/fr\/wp-content\/uploads\/sites\/3\/2021\/08\/Gallery-3-710x473.jpg","productcard-image-width":710,"productcard-image-height":473}},"widget_gallery_caption":""},{"widget_gallery_image":{"ID":1195,"id":1195,"title":"Gro\u00dfregion 2","filename":"Gallery-4.jpg","filesize":479289,"url":"https:\/\/tourismus-grossregion.eu\/fr\/wp-content\/uploads\/sites\/3\/2021\/08\/Gallery-4.jpg","link":"https:\/\/tourismus-grossregion.eu\/fr\/du-sang-neuf-dans-les-vignes\/grosregion-2-9\/","alt":"Gros plan d'une bouteille de vin et d'un verre \u00e0 vin sur une table en bois","author":"2","description":"","caption":"Europa, Luxemburg, Winzer, Kox","name":"grosregion-2-9","status":"inherit","uploaded_to":811,"date":"2021-08-06 06:48:29","modified":"2021-08-06 06:50:03","menu_order":0,"mime_type":"image\/jpeg","type":"image","subtype":"jpeg","icon":"https:\/\/tourismus-grossregion.eu\/fr\/wp-includes\/images\/media\/default.png","width":1500,"height":999,"sizes":{"thumbnail":"https:\/\/tourismus-grossregion.eu\/fr\/wp-content\/uploads\/sites\/3\/2021\/08\/Gallery-4-150x150.jpg","thumbnail-width":150,"thumbnail-height":150,"medium":"https:\/\/tourismus-grossregion.eu\/fr\/wp-content\/uploads\/sites\/3\/2021\/08\/Gallery-4-300x200.jpg","medium-width":300,"medium-height":200,"medium_large":"https:\/\/tourismus-grossregion.eu\/fr\/wp-content\/uploads\/sites\/3\/2021\/08\/Gallery-4-768x511.jpg","medium_large-width":768,"medium_large-height":511,"large":"https:\/\/tourismus-grossregion.eu\/fr\/wp-content\/uploads\/sites\/3\/2021\/08\/Gallery-4-1024x682.jpg","large-width":1024,"large-height":682,"1536x1536":"https:\/\/tourismus-grossregion.eu\/fr\/wp-content\/uploads\/sites\/3\/2021\/08\/Gallery-4.jpg","1536x1536-width":1500,"1536x1536-height":999,"2048x2048":"https:\/\/tourismus-grossregion.eu\/fr\/wp-content\/uploads\/sites\/3\/2021\/08\/Gallery-4.jpg","2048x2048-width":1500,"2048x2048-height":999,"download-thumbnail":"https:\/\/tourismus-grossregion.eu\/fr\/wp-content\/uploads\/sites\/3\/2021\/08\/Gallery-4-345x230.jpg","download-thumbnail-width":345,"download-thumbnail-height":230,"paragraphimage":"https:\/\/tourismus-grossregion.eu\/fr\/wp-content\/uploads\/sites\/3\/2021\/08\/Gallery-4-468x312.jpg","paragraphimage-width":468,"paragraphimage-height":312,"slider-image":"https:\/\/tourismus-grossregion.eu\/fr\/wp-content\/uploads\/sites\/3\/2021\/08\/Gallery-4-901x715.jpg","slider-image-width":901,"slider-image-height":715,"quote-image":"https:\/\/tourismus-grossregion.eu\/fr\/wp-content\/uploads\/sites\/3\/2021\/08\/Gallery-4-683x455.jpg","quote-image-width":683,"quote-image-height":455,"productcard-image":"https:\/\/tourismus-grossregion.eu\/fr\/wp-content\/uploads\/sites\/3\/2021\/08\/Gallery-4-710x473.jpg","productcard-image-width":710,"productcard-image-height":473}},"widget_gallery_caption":""},{"widget_gallery_image":{"ID":1196,"id":1196,"title":"Gro\u00dfregion 2","filename":"Gallery-5.jpg","filesize":609884,"url":"https:\/\/tourismus-grossregion.eu\/fr\/wp-content\/uploads\/sites\/3\/2021\/08\/Gallery-5.jpg","link":"https:\/\/tourismus-grossregion.eu\/fr\/du-sang-neuf-dans-les-vignes\/grosregion-2-10\/","alt":"Gros plan de Corinne Kox lors de la d\u00e9gustation de vin","author":"2","description":"","caption":"Europa, Luxemburg, Winzer, Kox","name":"grosregion-2-10","status":"inherit","uploaded_to":811,"date":"2021-08-06 06:48:30","modified":"2021-08-06 06:49:40","menu_order":0,"mime_type":"image\/jpeg","type":"image","subtype":"jpeg","icon":"https:\/\/tourismus-grossregion.eu\/fr\/wp-includes\/images\/media\/default.png","width":2000,"height":1332,"sizes":{"thumbnail":"https:\/\/tourismus-grossregion.eu\/fr\/wp-content\/uploads\/sites\/3\/2021\/08\/Gallery-5-150x150.jpg","thumbnail-width":150,"thumbnail-height":150,"medium":"https:\/\/tourismus-grossregion.eu\/fr\/wp-content\/uploads\/sites\/3\/2021\/08\/Gallery-5-300x200.jpg","medium-width":300,"medium-height":200,"medium_large":"https:\/\/tourismus-grossregion.eu\/fr\/wp-content\/uploads\/sites\/3\/2021\/08\/Gallery-5-768x511.jpg","medium_large-width":768,"medium_large-height":511,"large":"https:\/\/tourismus-grossregion.eu\/fr\/wp-content\/uploads\/sites\/3\/2021\/08\/Gallery-5-1024x682.jpg","large-width":1024,"large-height":682,"1536x1536":"https:\/\/tourismus-grossregion.eu\/fr\/wp-content\/uploads\/sites\/3\/2021\/08\/Gallery-5-1536x1023.jpg","1536x1536-width":1536,"1536x1536-height":1023,"2048x2048":"https:\/\/tourismus-grossregion.eu\/fr\/wp-content\/uploads\/sites\/3\/2021\/08\/Gallery-5.jpg","2048x2048-width":2000,"2048x2048-height":1332,"download-thumbnail":"https:\/\/tourismus-grossregion.eu\/fr\/wp-content\/uploads\/sites\/3\/2021\/08\/Gallery-5-345x230.jpg","download-thumbnail-width":345,"download-thumbnail-height":230,"paragraphimage":"https:\/\/tourismus-grossregion.eu\/fr\/wp-content\/uploads\/sites\/3\/2021\/08\/Gallery-5-468x312.jpg","paragraphimage-width":468,"paragraphimage-height":312,"slider-image":"https:\/\/tourismus-grossregion.eu\/fr\/wp-content\/uploads\/sites\/3\/2021\/08\/Gallery-5-901x715.jpg","slider-image-width":901,"slider-image-height":715,"quote-image":"https:\/\/tourismus-grossregion.eu\/fr\/wp-content\/uploads\/sites\/3\/2021\/08\/Gallery-5-683x455.jpg","quote-image-width":683,"quote-image-height":455,"productcard-image":"https:\/\/tourismus-grossregion.eu\/fr\/wp-content\/uploads\/sites\/3\/2021\/08\/Gallery-5-710x473.jpg","productcard-image-width":710,"productcard-image-height":473}},"widget_gallery_caption":""},{"widget_gallery_image":{"ID":1193,"id":1193,"title":"Gro\u00dfregion 2","filename":"Gallery-2.jpg","filesize":432739,"url":"https:\/\/tourismus-grossregion.eu\/fr\/wp-content\/uploads\/sites\/3\/2021\/08\/Gallery-2.jpg","link":"https:\/\/tourismus-grossregion.eu\/fr\/du-sang-neuf-dans-les-vignes\/grosregion-2-7\/","alt":"Ouvrier r\u00e9coltant des raisins dans le vignoble","author":"2","description":"","caption":"Europa, Luxemburg, Winzer, Kox","name":"grosregion-2-7","status":"inherit","uploaded_to":811,"date":"2021-08-06 06:48:27","modified":"2021-08-06 06:49:02","menu_order":0,"mime_type":"image\/jpeg","type":"image","subtype":"jpeg","icon":"https:\/\/tourismus-grossregion.eu\/fr\/wp-includes\/images\/media\/default.png","width":1500,"height":1000,"sizes":{"thumbnail":"https:\/\/tourismus-grossregion.eu\/fr\/wp-content\/uploads\/sites\/3\/2021\/08\/Gallery-2-150x150.jpg","thumbnail-width":150,"thumbnail-height":150,"medium":"https:\/\/tourismus-grossregion.eu\/fr\/wp-content\/uploads\/sites\/3\/2021\/08\/Gallery-2-300x200.jpg","medium-width":300,"medium-height":200,"medium_large":"https:\/\/tourismus-grossregion.eu\/fr\/wp-content\/uploads\/sites\/3\/2021\/08\/Gallery-2-768x512.jpg","medium_large-width":768,"medium_large-height":512,"large":"https:\/\/tourismus-grossregion.eu\/fr\/wp-content\/uploads\/sites\/3\/2021\/08\/Gallery-2-1024x683.jpg","large-width":1024,"large-height":683,"1536x1536":"https:\/\/tourismus-grossregion.eu\/fr\/wp-content\/uploads\/sites\/3\/2021\/08\/Gallery-2.jpg","1536x1536-width":1500,"1536x1536-height":1000,"2048x2048":"https:\/\/tourismus-grossregion.eu\/fr\/wp-content\/uploads\/sites\/3\/2021\/08\/Gallery-2.jpg","2048x2048-width":1500,"2048x2048-height":1000,"download-thumbnail":"https:\/\/tourismus-grossregion.eu\/fr\/wp-content\/uploads\/sites\/3\/2021\/08\/Gallery-2-345x230.jpg","download-thumbnail-width":345,"download-thumbnail-height":230,"paragraphimage":"https:\/\/tourismus-grossregion.eu\/fr\/wp-content\/uploads\/sites\/3\/2021\/08\/Gallery-2-468x312.jpg","paragraphimage-width":468,"paragraphimage-height":312,"slider-image":"https:\/\/tourismus-grossregion.eu\/fr\/wp-content\/uploads\/sites\/3\/2021\/08\/Gallery-2-901x715.jpg","slider-image-width":901,"slider-image-height":715,"quote-image":"https:\/\/tourismus-grossregion.eu\/fr\/wp-content\/uploads\/sites\/3\/2021\/08\/Gallery-2-683x455.jpg","quote-image-width":683,"quote-image-height":455,"productcard-image":"https:\/\/tourismus-grossregion.eu\/fr\/wp-content\/uploads\/sites\/3\/2021\/08\/Gallery-2-710x473.jpg","productcard-image-width":710,"productcard-image-height":473}},"widget_gallery_caption":""},{"widget_gallery_image":{"ID":1192,"id":1192,"title":"Gro\u00dfregion 2","filename":"Gallery-1.jpg","filesize":469820,"url":"https:\/\/tourismus-grossregion.eu\/fr\/wp-content\/uploads\/sites\/3\/2021\/08\/Gallery-1.jpg","link":"https:\/\/tourismus-grossregion.eu\/fr\/du-sang-neuf-dans-les-vignes\/grosregion-2-6\/","alt":"Des vendangeurs r\u00e9coltent des raisins dans le vignoble avec un tracteur.","author":"2","description":"","caption":"Europa, Luxemburg, Winzer, Kox","name":"grosregion-2-6","status":"inherit","uploaded_to":811,"date":"2021-08-06 06:48:27","modified":"2021-08-06 06:50:44","menu_order":0,"mime_type":"image\/jpeg","type":"image","subtype":"jpeg","icon":"https:\/\/tourismus-grossregion.eu\/fr\/wp-includes\/images\/media\/default.png","width":1000,"height":666,"sizes":{"thumbnail":"https:\/\/tourismus-grossregion.eu\/fr\/wp-content\/uploads\/sites\/3\/2021\/08\/Gallery-1-150x150.jpg","thumbnail-width":150,"thumbnail-height":150,"medium":"https:\/\/tourismus-grossregion.eu\/fr\/wp-content\/uploads\/sites\/3\/2021\/08\/Gallery-1-300x200.jpg","medium-width":300,"medium-height":200,"medium_large":"https:\/\/tourismus-grossregion.eu\/fr\/wp-content\/uploads\/sites\/3\/2021\/08\/Gallery-1-768x511.jpg","medium_large-width":768,"medium_large-height":511,"large":"https:\/\/tourismus-grossregion.eu\/fr\/wp-content\/uploads\/sites\/3\/2021\/08\/Gallery-1.jpg","large-width":1000,"large-height":666,"1536x1536":"https:\/\/tourismus-grossregion.eu\/fr\/wp-content\/uploads\/sites\/3\/2021\/08\/Gallery-1.jpg","1536x1536-width":1000,"1536x1536-height":666,"2048x2048":"https:\/\/tourismus-grossregion.eu\/fr\/wp-content\/uploads\/sites\/3\/2021\/08\/Gallery-1.jpg","2048x2048-width":1000,"2048x2048-height":666,"download-thumbnail":"https:\/\/tourismus-grossregion.eu\/fr\/wp-content\/uploads\/sites\/3\/2021\/08\/Gallery-1-345x230.jpg","download-thumbnail-width":345,"download-thumbnail-height":230,"paragraphimage":"https:\/\/tourismus-grossregion.eu\/fr\/wp-content\/uploads\/sites\/3\/2021\/08\/Gallery-1-468x312.jpg","paragraphimage-width":468,"paragraphimage-height":312,"slider-image":"https:\/\/tourismus-grossregion.eu\/fr\/wp-content\/uploads\/sites\/3\/2021\/08\/Gallery-1-901x666.jpg","slider-image-width":901,"slider-image-height":666,"quote-image":"https:\/\/tourismus-grossregion.eu\/fr\/wp-content\/uploads\/sites\/3\/2021\/08\/Gallery-1-683x455.jpg","quote-image-width":683,"quote-image-height":455,"productcard-image":"https:\/\/tourismus-grossregion.eu\/fr\/wp-content\/uploads\/sites\/3\/2021\/08\/Gallery-1-710x473.jpg","productcard-image-width":710,"productcard-image-height":473}},"widget_gallery_caption":""}],"widget_gallery_margin":"small"},{"acf_fc_layout":"widget_paragraph_headlines","widget_paragraph_headlines_width":"100","widget_paragraph_headlines_preline":"","widget_paragraph_headlines_headline":"","widget_paragraph_headlines_subline":"Une belle r\u00e9gion touristique","widget_paragraph_headlines_editor_justify":true,"widget_paragraph_headlines_editor":"<p>La Route du Vin longe une grande partie de la Moselle. Les possibilit\u00e9s de s\u2019arr\u00eater pour d\u00e9guster de bonnes bouteilles ne manquent pas. Neuf c\u00e9pages y sont cultiv\u00e9s : riesling, pinot noir, pinot blanc, pinot gris, gewurztraminer, auxerrois, rivaner, elbling et chardonnay.<\/p>\n<p>La f\u00eate au village : La \u00ab Schw\u00e9idsbenger W\u00e4ifescht \u00bb, la F\u00eate du raisin et du vin de Grevenmacher, le \u00ab Riesling Open \u00bb de Wormeldange et la \u00ab Hunnefeier \u00bb de Schengen sont autant d\u2019invitations \u00e0 s\u2019immiscer dans la culture locale.<\/p>\n<p>Les Boucles de r\u00eave : C\u2019est ainsi que s\u2019appellent les trois beaux sentiers de randonn\u00e9e certifi\u00e9s : \u00ab Sentier Vin &amp; Nature Palmberg Ahn \u00bb ; \u00ab Manternacher Fiels \u00bb et \u00ab Schengen sans fronti\u00e8res \u00bb.<\/p>\n<p>En savoir plus: <a href=\"https:\/\/www.visitmoselle.lu\" target=\"_blank\" rel=\"noopener\"><strong>https:\/\/www.visitmoselle.lu<\/strong><\/a><\/p>\n","widget_paragraph_headlines_margin":"small"},{"acf_fc_layout":"widget_paragraph_headlines_image","widget_paragraph_headlines_image_orientation":false,"widget_paragraph_headlines_image_decoration":true,"widget_paragraph_headlines_image_content":{"widget_paragraph_headlines_image_preline":"","widget_paragraph_headlines_image_headline":"","widget_paragraph_headlines_image_subline":"Vous aimez ce que vous voyez ?","widget_paragraph_headlines_image_editor_justify":true,"widget_paragraph_headlines_image_editor":"<p>La Grande R\u00e9gion a beaucoup plus \u00e0 offrir ! Jetez un coup d&rsquo;\u0153il aux histoires suivantes de la r\u00e9gion et laissez-vous inspirer.<\/p>\n","widget_paragraph_headlines_image_link":""},"widget_paragraph_headlines_image_image":false,"widget_paragraph_headlines_image_image_option":false,"widget_paragraph_headlines_image_margin":"small"},{"acf_fc_layout":"widget_content_carousel","widget_content_carousel_preline":"","widget_content_carousel_headline":"","widget_content_carousel_description_justify":false,"widget_content_carousel_entries":[{"widget_content_carousel_entries_thumbnail":{"ID":504,"id":504,"title":"DSC0386","filename":"DSC0386.jpg","filesize":1531436,"url":"https:\/\/tourismus-grossregion.eu\/fr\/wp-content\/uploads\/sites\/3\/2021\/07\/DSC0386.jpg","link":"https:\/\/tourismus-grossregion.eu\/fr\/?attachment_id=504","alt":"L'ascenseur panoramique du Luxembourg photographi\u00e9 du bas vers le ciel. Le ciel est bleu avec des nuages blancs. L'ascenseur est entour\u00e9 de hautes fa\u00e7ades de maisons.","author":"2","description":"L'ascenseur panoramique du Luxembourg photographi\u00e9 du bas vers le ciel. Le ciel est bleu avec des nuages blancs. L'ascenseur est entour\u00e9 de hautes fa\u00e7ades de maisons.","caption":"","name":"dsc0386","status":"inherit","uploaded_to":582,"date":"2021-07-26 12:28:31","modified":"2021-08-05 11:19:23","menu_order":0,"mime_type":"image\/jpeg","type":"image","subtype":"jpeg","icon":"https:\/\/tourismus-grossregion.eu\/fr\/wp-includes\/images\/media\/default.png","width":1920,"height":1277,"sizes":{"thumbnail":"https:\/\/tourismus-grossregion.eu\/fr\/wp-content\/uploads\/sites\/3\/2021\/07\/DSC0386-150x150.jpg","thumbnail-width":150,"thumbnail-height":150,"medium":"https:\/\/tourismus-grossregion.eu\/fr\/wp-content\/uploads\/sites\/3\/2021\/07\/DSC0386-300x200.jpg","medium-width":300,"medium-height":200,"medium_large":"https:\/\/tourismus-grossregion.eu\/fr\/wp-content\/uploads\/sites\/3\/2021\/07\/DSC0386-768x511.jpg","medium_large-width":768,"medium_large-height":511,"large":"https:\/\/tourismus-grossregion.eu\/fr\/wp-content\/uploads\/sites\/3\/2021\/07\/DSC0386-1024x681.jpg","large-width":1024,"large-height":681,"1536x1536":"https:\/\/tourismus-grossregion.eu\/fr\/wp-content\/uploads\/sites\/3\/2021\/07\/DSC0386-1536x1022.jpg","1536x1536-width":1536,"1536x1536-height":1022,"2048x2048":"https:\/\/tourismus-grossregion.eu\/fr\/wp-content\/uploads\/sites\/3\/2021\/07\/DSC0386.jpg","2048x2048-width":1920,"2048x2048-height":1277,"download-thumbnail":"https:\/\/tourismus-grossregion.eu\/fr\/wp-content\/uploads\/sites\/3\/2021\/07\/DSC0386-345x229.jpg","download-thumbnail-width":345,"download-thumbnail-height":229,"paragraphimage":"https:\/\/tourismus-grossregion.eu\/fr\/wp-content\/uploads\/sites\/3\/2021\/07\/DSC0386-468x311.jpg","paragraphimage-width":468,"paragraphimage-height":311,"slider-image":"https:\/\/tourismus-grossregion.eu\/fr\/wp-content\/uploads\/sites\/3\/2021\/07\/DSC0386-901x715.jpg","slider-image-width":901,"slider-image-height":715,"quote-image":"https:\/\/tourismus-grossregion.eu\/fr\/wp-content\/uploads\/sites\/3\/2021\/07\/DSC0386-683x454.jpg","quote-image-width":683,"quote-image-height":454,"productcard-image":"https:\/\/tourismus-grossregion.eu\/fr\/wp-content\/uploads\/sites\/3\/2021\/07\/DSC0386-710x472.jpg","productcard-image-width":710,"productcard-image-height":472}},"widget_content_carousel_entries_title":"Visite architecturale du Luxembourg","widget_content_carousel_entries_description":"<p>Une ville qui rassemble<\/p>\n","widget_content_carousel_entries__link":"https:\/\/tourismus-grossregion.eu\/fr\/?page_id=511&preview=true"},{"widget_content_carousel_entries_thumbnail":{"ID":643,"id":643,"title":"55-A7_01411_1","filename":"55-A7_01411_1.jpg","filesize":306050,"url":"https:\/\/tourismus-grossregion.eu\/fr\/wp-content\/uploads\/sites\/3\/2021\/07\/55-A7_01411_1.jpg","link":"https:\/\/tourismus-grossregion.eu\/fr\/kelmis\/55-a7_01411_1\/","alt":"Un homme et deux femmes marchent sur une promenade au milieu de leur marche. Ils sont habill\u00e9s chaudement et la promenade s'\u00e9tend \u00e0 travers un champ de plantes sauvages, avec une for\u00eat en arri\u00e8re-plan.","author":"2","description":"Un homme et deux femmes marchent sur une promenade au milieu de leur marche. Ils sont habill\u00e9s chaudement et la promenade s'\u00e9tend \u00e0 travers un champ de plantes sauvages, avec une for\u00eat en arri\u00e8re-plan.","caption":"","name":"55-a7_01411_1","status":"inherit","uploaded_to":642,"date":"2021-07-27 09:40:23","modified":"2021-08-04 06:52:56","menu_order":0,"mime_type":"image\/jpeg","type":"image","subtype":"jpeg","icon":"https:\/\/tourismus-grossregion.eu\/fr\/wp-includes\/images\/media\/default.png","width":1920,"height":1280,"sizes":{"thumbnail":"https:\/\/tourismus-grossregion.eu\/fr\/wp-content\/uploads\/sites\/3\/2021\/07\/55-A7_01411_1-150x150.jpg","thumbnail-width":150,"thumbnail-height":150,"medium":"https:\/\/tourismus-grossregion.eu\/fr\/wp-content\/uploads\/sites\/3\/2021\/07\/55-A7_01411_1-300x200.jpg","medium-width":300,"medium-height":200,"medium_large":"https:\/\/tourismus-grossregion.eu\/fr\/wp-content\/uploads\/sites\/3\/2021\/07\/55-A7_01411_1-768x512.jpg","medium_large-width":768,"medium_large-height":512,"large":"https:\/\/tourismus-grossregion.eu\/fr\/wp-content\/uploads\/sites\/3\/2021\/07\/55-A7_01411_1-1024x683.jpg","large-width":1024,"large-height":683,"1536x1536":"https:\/\/tourismus-grossregion.eu\/fr\/wp-content\/uploads\/sites\/3\/2021\/07\/55-A7_01411_1-1536x1024.jpg","1536x1536-width":1536,"1536x1536-height":1024,"2048x2048":"https:\/\/tourismus-grossregion.eu\/fr\/wp-content\/uploads\/sites\/3\/2021\/07\/55-A7_01411_1.jpg","2048x2048-width":1920,"2048x2048-height":1280,"download-thumbnail":"https:\/\/tourismus-grossregion.eu\/fr\/wp-content\/uploads\/sites\/3\/2021\/07\/55-A7_01411_1-345x230.jpg","download-thumbnail-width":345,"download-thumbnail-height":230,"paragraphimage":"https:\/\/tourismus-grossregion.eu\/fr\/wp-content\/uploads\/sites\/3\/2021\/07\/55-A7_01411_1-468x312.jpg","paragraphimage-width":468,"paragraphimage-height":312,"slider-image":"https:\/\/tourismus-grossregion.eu\/fr\/wp-content\/uploads\/sites\/3\/2021\/07\/55-A7_01411_1-901x715.jpg","slider-image-width":901,"slider-image-height":715,"quote-image":"https:\/\/tourismus-grossregion.eu\/fr\/wp-content\/uploads\/sites\/3\/2021\/07\/55-A7_01411_1-683x455.jpg","quote-image-width":683,"quote-image-height":455,"productcard-image":"https:\/\/tourismus-grossregion.eu\/fr\/wp-content\/uploads\/sites\/3\/2021\/07\/55-A7_01411_1-710x473.jpg","productcard-image-width":710,"productcard-image-height":473}},"widget_content_carousel_entries_title":"Kelmis","widget_content_carousel_entries_description":"<p>Incursion en no man&rsquo;s land<\/p>\n","widget_content_carousel_entries__link":"https:\/\/tourismus-grossregion.eu\/fr\/kelmis\/"},{"widget_content_carousel_entries_thumbnail":{"ID":584,"id":584,"title":"DJI_0548","filename":"DJI_0548.jpg","filesize":1134999,"url":"https:\/\/tourismus-grossregion.eu\/fr\/wp-content\/uploads\/sites\/3\/2021\/07\/DJI_0548.jpg","link":"https:\/\/tourismus-grossregion.eu\/fr\/saarlouis\/dji_0548\/","alt":"Une vue \u00e0 vol d'oiseau de la ville de Saarlouis avec le Saarpolygon en arri\u00e8re-plan.","author":"2","description":"Une vue \u00e0 vol d'oiseau de la ville de Saarlouis avec le Saarpolygon en arri\u00e8re-plan.","caption":"","name":"dji_0548","status":"inherit","uploaded_to":583,"date":"2021-07-26 14:08:31","modified":"2021-08-04 06:55:32","menu_order":0,"mime_type":"image\/jpeg","type":"image","subtype":"jpeg","icon":"https:\/\/tourismus-grossregion.eu\/fr\/wp-includes\/images\/media\/default.png","width":1920,"height":1279,"sizes":{"thumbnail":"https:\/\/tourismus-grossregion.eu\/fr\/wp-content\/uploads\/sites\/3\/2021\/07\/DJI_0548-150x150.jpg","thumbnail-width":150,"thumbnail-height":150,"medium":"https:\/\/tourismus-grossregion.eu\/fr\/wp-content\/uploads\/sites\/3\/2021\/07\/DJI_0548-300x200.jpg","medium-width":300,"medium-height":200,"medium_large":"https:\/\/tourismus-grossregion.eu\/fr\/wp-content\/uploads\/sites\/3\/2021\/07\/DJI_0548-768x512.jpg","medium_large-width":768,"medium_large-height":512,"large":"https:\/\/tourismus-grossregion.eu\/fr\/wp-content\/uploads\/sites\/3\/2021\/07\/DJI_0548-1024x682.jpg","large-width":1024,"large-height":682,"1536x1536":"https:\/\/tourismus-grossregion.eu\/fr\/wp-content\/uploads\/sites\/3\/2021\/07\/DJI_0548-1536x1023.jpg","1536x1536-width":1536,"1536x1536-height":1023,"2048x2048":"https:\/\/tourismus-grossregion.eu\/fr\/wp-content\/uploads\/sites\/3\/2021\/07\/DJI_0548.jpg","2048x2048-width":1920,"2048x2048-height":1279,"download-thumbnail":"https:\/\/tourismus-grossregion.eu\/fr\/wp-content\/uploads\/sites\/3\/2021\/07\/DJI_0548-345x230.jpg","download-thumbnail-width":345,"download-thumbnail-height":230,"paragraphimage":"https:\/\/tourismus-grossregion.eu\/fr\/wp-content\/uploads\/sites\/3\/2021\/07\/DJI_0548-468x312.jpg","paragraphimage-width":468,"paragraphimage-height":312,"slider-image":"https:\/\/tourismus-grossregion.eu\/fr\/wp-content\/uploads\/sites\/3\/2021\/07\/DJI_0548-901x715.jpg","slider-image-width":901,"slider-image-height":715,"quote-image":"https:\/\/tourismus-grossregion.eu\/fr\/wp-content\/uploads\/sites\/3\/2021\/07\/DJI_0548-683x455.jpg","quote-image-width":683,"quote-image-height":455,"productcard-image":"https:\/\/tourismus-grossregion.eu\/fr\/wp-content\/uploads\/sites\/3\/2021\/07\/DJI_0548-710x473.jpg","productcard-image-width":710,"productcard-image-height":473}},"widget_content_carousel_entries_title":"Saarlouis","widget_content_carousel_entries_description":"<p>Le meilleur de deux mondes<\/p>\n","widget_content_carousel_entries__link":"https:\/\/tourismus-grossregion.eu\/fr\/saarlouis\/"}],"widget_content_carousel_margin":"small"}],"page_fields_alternative_title":"Du sang neuf dans les vignes "},"_links":{"self":[{"href":"https:\/\/tourismus-grossregion.eu\/fr\/wp-json\/wp\/v2\/pages\/811"}],"collection":[{"href":"https:\/\/tourismus-grossregion.eu\/fr\/wp-json\/wp\/v2\/pages"}],"about":[{"href":"https:\/\/tourismus-grossregion.eu\/fr\/wp-json\/wp\/v2\/types\/page"}],"author":[{"embeddable":true,"href":"https:\/\/tourismus-grossregion.eu\/fr\/wp-json\/wp\/v2\/users\/2"}],"replies":[{"embeddable":true,"href":"https:\/\/tourismus-grossregion.eu\/fr\/wp-json\/wp\/v2\/comments?post=811"}],"version-history":[{"count":44,"href":"https:\/\/tourismus-grossregion.eu\/fr\/wp-json\/wp\/v2\/pages\/811\/revisions"}],"predecessor-version":[{"id":1777,"href":"https:\/\/tourismus-grossregion.eu\/fr\/wp-json\/wp\/v2\/pages\/811\/revisions\/1777"}],"wp:featuredmedia":[{"embeddable":true,"href":"https:\/\/tourismus-grossregion.eu\/fr\/wp-json\/wp\/v2\/media\/812"}],"wp:attachment":[{"href":"https:\/\/tourismus-grossregion.eu\/fr\/wp-json\/wp\/v2\/media?parent=811"}],"curies":[{"name":"wp","href":"https:\/\/api.w.org\/{rel}","templated":true}]}}